{"id":4796,"date":"2026-08-18T17:07:09","date_gmt":"2026-08-18T17:07:09","guid":{"rendered":"https:\/\/myntwork.com\/de-at\/product\/frezza-alplus-modularer-bench-schreibtisch\/"},"modified":"2026-08-18T17:07:09","modified_gmt":"2026-08-18T17:07:09","slug":"frezza-alplus-modularer-bench-schreibtisch","status":"publish","type":"product","link":"https:\/\/myntwork.com\/de-at\/produkt\/frezza-alplus-modularer-bench-schreibtisch\/","title":{"rendered":"Frezza Alplus Modularer Bench-Schreibtisch"},"content":{"rendered":"<h2>Frezza Alplus Modularer Bench-Schreibtisch<\/h2>\n<p>Der Frezza Alplus modulare Bench-Schreibtisch mit Schreibtisch ist ein gerader Arbeitsplatz f\u00fcr eine Person, der f\u00fcr professionelle B\u00fcros, Homeoffices und gemeinsam genutzte Arbeitsumgebungen konzipiert wurde. Das modulare Alplus-Format kombiniert eine rechteckige Melamin-Tischplatte, ein Stahlgestell mit geraden Beinen und eine Schreibtischblende zu einem klar definierten Einzelarbeitsplatz. Diese Konfiguration bietet eine praktische Grundlage f\u00fcr die t\u00e4gliche Computerarbeit, Verwaltungsaufgaben und konzentriertes Arbeiten und sorgt zugleich f\u00fcr eine klare, moderne Optik.<\/p>\n<p>Die rechteckige Melamin-Tischplatte bietet eine vertraute und langlebig wirkende Oberfl\u00e4che f\u00fcr den t\u00e4glichen Einsatz im B\u00fcro. Darunter verleiht das Stahlgestell dem Schreibtisch eine strukturierte Optik und unterst\u00fctzt die klare Geometrie des geraden Schreibtischdesigns. Die geraden Beine sorgen f\u00fcr ein aufger\u00e4umtes Erscheinungsbild und erleichtern die Kombination des Schreibtischs mit einer Vielzahl von B\u00fcrom\u00f6beln und Einrichtungskonzepten.<\/p>\n<p>Die Tischplatte ist in den Farbfamilien Wei\u00df, Grau, Beige, Braun, Schwarz und Holz erh\u00e4ltlich, w\u00e4hrend das Gestell in Wei\u00df, Schwarz, Beige oder Transparent verf\u00fcgbar ist. Dadurch eignet sich der Schreibtisch sowohl f\u00fcr zur\u00fcckhaltende monochrome R\u00e4ume als auch f\u00fcr w\u00e4rmere B\u00fcroumgebungen mit einem ausgepr\u00e4gten Materialkonzept. Mehrere Breitenoptionen stehen zur Verf\u00fcgung, sodass Planer eine Arbeitsfl\u00e4che ausw\u00e4hlen k\u00f6nnen, die zum verf\u00fcgbaren Raum und zur vorgesehenen T\u00e4tigkeit passt.<\/p>\n<p><strong>Die integrierte Schreibtischblende<\/strong> hilft dabei, den Arbeitsbereich des Nutzers in einem Gro\u00dfraumb\u00fcro oder einer anderen gemeinsam genutzten Umgebung abzugrenzen. Sie kann f\u00fcr ein gr\u00f6\u00dferes Gef\u00fchl von Privatsph\u00e4re sorgen, ohne die geradlinige Ausrichtung als Arbeitsplatz f\u00fcr eine Person zu ver\u00e4ndern. Dadurch eignet sich der Schreibtisch besonders f\u00fcr Situationen, in denen innerhalb eines gr\u00f6\u00dferen Raums individuell zugewiesene Arbeitspl\u00e4tze ben\u00f6tigt werden.<\/p>\n<p>Der Schreibtisch ist f\u00fcr die Verwendung mit einer Kabelwanne geeignet, wenn ein Kabelmanagement erforderlich ist, und unterst\u00fctzt dadurch eine aufger\u00e4umtere Installation. Eine Kabelwanne ist nicht im Lieferumfang enthalten und kann bei Bedarf separat ausgew\u00e4hlt werden. Der Schreibtisch verf\u00fcgt nicht \u00fcber eine Bluetooth-Steuerung, eine Klappe oder eine Funktion f\u00fcr den Zugang von oben. Er ist nicht verkettbar und enth\u00e4lt kein Zusatzmodul. Diese Version ist daher als klar definierter Einzelarbeitsplatz und nicht als erweiterbare, verbundene L\u00f6sung vorgesehen.<\/p>\n<p>Der Frezza Alplus modulare Bench-Schreibtisch mit Schreibtisch eignet sich f\u00fcr ein Einzelb\u00fcro, ein Homeoffice oder einen gemeinsam genutzten Arbeitsplatz, an dem eine Person einen eigenen geraden Schreibtisch ben\u00f6tigt. Die kreisf\u00f6rmige Bezeichnung und die angegebene zweij\u00e4hrige Garantie liefern zus\u00e4tzliche Informationen f\u00fcr Unternehmen, die den Schreibtisch in ihre M\u00f6belauswahl aufnehmen m\u00f6chten.<\/p>\n","protected":false},"excerpt":{"rendered":"<p>Frezza Alplus Modularer Bench-Schreibtisch Der Frezza Alplus modulare Bench-Schreibtisch mit Schreibtisch ist ein rechteckiger Melamin-Schreibtisch f\u00fcr eine Person mit Stahlgestell, der in mehreren Breiten und Ausf\u00fchrungen erh\u00e4ltlich ist.<\/p>\n","protected":false},"featured_media":4795,"comment_status":"open","ping_status":"closed","template":"","meta":{"_acf_changed":false},"product_brand":[2680],"product_cat":[2726,2693],"product_tag":[],"class_list":["post-4796","product","type-product","status-publish","has-post-thumbnail","product_brand-frezza","product_cat-bench-schreibtische","product_cat-schreibtische","pa_anzahl-personen-1-person","pa_bluetooth-steuerung-no","pa_breite-2343","pa_breite-2363","pa_breite-2382","pa_garantie-2-year","pa_geeignet-fur-kabelwanne-yes","pa_gestellfarbe-beige","pa_gestellfarbe-black","pa_gestellfarbe-transparent","pa_gestellfarbe-white","pa_gestellmaterial-steel","pa_inklusive-kabelkanal-no","pa_kollektion-alplus","pa_marke-frezza","pa_oberflachenfarbe-beige","pa_oberflachenfarbe-brown","pa_oberflachenfarbe-grey","pa_oberflachenfarbe-wood","pa_oberflachenfarbe-black","pa_oberflachenfarbe-white","pa_rahmentyp-straight-legs","pa_schreibtischtyp-straight-desk","pa_tischplattenform-rectangular","pa_tischplattenmaterial-melamine","pa_verbindbar-no","first","instock","shipping-taxable","purchasable","product-type-simple"],"acf":[],"yoast_head":"<!-- This site is optimized with the Yoast SEO Premium plugin v25.6 (Yoast SEO v28.3) - https:\/\/yoast.com\/product\/yoast-seo-premium-wordpress\/ -->\n<title>Frezza Alplus Modularer Bench-Schreibtisch | Myntwork \u00d6sterreich<\/title>\n<meta name=\"description\" content=\"Frezza Alplus Modularer Bench-Schreibtisch wertet den Arbeitsplatz mit durchdachtem Design und zuverl\u00e4ssiger Funktionalit\u00e4t f\u00fcr den t\u00e4glichen Gebrauch auf.\" \/>\n<meta name=\"robots\" content=\"index, follow, max-snippet:-1, max-image-preview:large, max-video-preview:-1\" \/>\n<link rel=\"canonical\" href=\"https:\/\/myntwork.com\/de-at\/produkt\/frezza-alplus-modularer-bench-schreibtisch\/\" \/>\n<meta property=\"og:locale\" content=\"en_US\" \/>\n<meta property=\"og:type\" content=\"article\" \/>\n<meta property=\"og:title\" content=\"Frezza Alplus Modularer Bench-Schreibtisch\" \/>\n<meta property=\"og:description\" content=\"Frezza Alplus Modularer Bench-Schreibtisch wertet den Arbeitsplatz mit durchdachtem Design und zuverl\u00e4ssiger Funktionalit\u00e4t f\u00fcr den t\u00e4glichen Gebrauch auf. Alle Spezifikationen und Optionen anzeigen.\" \/>\n<meta property=\"og:url\" content=\"https:\/\/myntwork.com\/de-at\/produkt\/frezza-alplus-modularer-bench-schreibtisch\/\" \/>\n<meta property=\"og:site_name\" content=\"Myntwork \u00d6sterreich\" \/>\n<meta property=\"og:image\" content=\"https:\/\/myntwork.com\/wp-content\/uploads\/2026\/08\/4b7f9adddb0e4818af6034dc16767125.jpg\" \/>\n\t<meta property=\"og:image:width\" content=\"1200\" \/>\n\t<meta property=\"og:image:height\" content=\"1200\" \/>\n\t<meta property=\"og:image:type\" content=\"image\/jpeg\" \/>\n<meta name=\"twitter:card\" content=\"summary_large_image\" \/>\n<meta name=\"twitter:label1\" content=\"Price\" \/>\n\t<meta name=\"twitter:data1\" content=\"&euro;1,520.00\" \/>\n\t<meta name=\"twitter:label2\" content=\"Availability\" \/>\n\t<meta name=\"twitter:data2\" content=\"In stock\" \/>\n<script type=\"application\/ld+json\" class=\"yoast-schema-graph\">{\"@context\":\"https:\\\/\\\/schema.org\",\"@graph\":[{\"@type\":\"WebPage\",\"@id\":\"https:\\\/\\\/myntwork.com\\\/de-at\\\/produkt\\\/frezza-alplus-modularer-bench-schreibtisch\\\/\",\"url\":\"https:\\\/\\\/myntwork.com\\\/de-at\\\/produkt\\\/frezza-alplus-modularer-bench-schreibtisch\\\/\",\"name\":\"Frezza Alplus Modularer Bench-Schreibtisch | Myntwork \u00d6sterreich\",\"isPartOf\":{\"@id\":\"https:\\\/\\\/myntwork.com\\\/de-at\\\/#website\"},\"primaryImageOfPage\":{\"@id\":\"https:\\\/\\\/myntwork.com\\\/de-at\\\/produkt\\\/frezza-alplus-modularer-bench-schreibtisch\\\/#primaryimage\"},\"image\":{\"@id\":\"https:\\\/\\\/myntwork.com\\\/de-at\\\/produkt\\\/frezza-alplus-modularer-bench-schreibtisch\\\/#primaryimage\"},\"thumbnailUrl\":\"https:\\\/\\\/myntwork.com\\\/wp-content\\\/uploads\\\/2026\\\/08\\\/4b7f9adddb0e4818af6034dc16767125.jpg\",\"datePublished\":\"2026-08-18T17:07:09+00:00\",\"description\":\"Frezza Alplus Modularer Bench-Schreibtisch wertet den Arbeitsplatz mit durchdachtem Design und zuverl\u00e4ssiger Funktionalit\u00e4t f\u00fcr den t\u00e4glichen Gebrauch auf. Alle Spezifikationen und Optionen anzeigen.\",\"breadcrumb\":{\"@id\":\"https:\\\/\\\/myntwork.com\\\/de-at\\\/produkt\\\/frezza-alplus-modularer-bench-schreibtisch\\\/#breadcrumb\"},\"inLanguage\":\"en-US\",\"potentialAction\":[{\"@type\":\"ReadAction\",\"target\":[\"https:\\\/\\\/myntwork.com\\\/de-at\\\/produkt\\\/frezza-alplus-modularer-bench-schreibtisch\\\/\"]}]},{\"@type\":\"ImageObject\",\"inLanguage\":\"en-US\",\"@id\":\"https:\\\/\\\/myntwork.com\\\/de-at\\\/produkt\\\/frezza-alplus-modularer-bench-schreibtisch\\\/#primaryimage\",\"url\":\"https:\\\/\\\/myntwork.com\\\/wp-content\\\/uploads\\\/2026\\\/08\\\/4b7f9adddb0e4818af6034dc16767125.jpg\",\"contentUrl\":\"https:\\\/\\\/myntwork.com\\\/wp-content\\\/uploads\\\/2026\\\/08\\\/4b7f9adddb0e4818af6034dc16767125.jpg\",\"caption\":\"Frezza Alplus Bench Desk Modular With Desk\"},{\"@type\":\"BreadcrumbList\",\"@id\":\"https:\\\/\\\/myntwork.com\\\/de-at\\\/produkt\\\/frezza-alplus-modularer-bench-schreibtisch\\\/#breadcrumb\",\"itemListElement\":[{\"@type\":\"ListItem\",\"position\":1,\"name\":\"Home\",\"item\":\"https:\\\/\\\/myntwork.com\\\/de-at\\\/\"},{\"@type\":\"ListItem\",\"position\":2,\"name\":\"Kategorien\",\"item\":\"https:\\\/\\\/myntwork.com\\\/de-at\\\/kategorien\\\/\"},{\"@type\":\"ListItem\",\"position\":3,\"name\":\"Frezza Alplus Modularer Bench-Schreibtisch\"}]},{\"@type\":\"WebSite\",\"@id\":\"https:\\\/\\\/myntwork.com\\\/de-at\\\/#website\",\"url\":\"https:\\\/\\\/myntwork.com\\\/de-at\\\/\",\"name\":\"Myntwork\",\"description\":\"Lease neue B\u00fcrom\u00f6bel | Ab 3.95 pro Arbeitsplatz\",\"publisher\":{\"@id\":\"https:\\\/\\\/myntwork.com\\\/de-at\\\/#organization\"},\"potentialAction\":[{\"@type\":\"SearchAction\",\"target\":{\"@type\":\"EntryPoint\",\"urlTemplate\":\"https:\\\/\\\/myntwork.com\\\/de-at\\\/?s={search_term_string}\"},\"query-input\":{\"@type\":\"PropertyValueSpecification\",\"valueRequired\":true,\"valueName\":\"search_term_string\"}}],\"inLanguage\":\"en-US\"},{\"@type\":\"Organization\",\"@id\":\"https:\\\/\\\/myntwork.com\\\/de-at\\\/#organization\",\"name\":\"Myntwork\",\"url\":\"https:\\\/\\\/myntwork.com\\\/de-at\\\/\",\"logo\":{\"@type\":\"ImageObject\",\"inLanguage\":\"en-US\",\"@id\":\"https:\\\/\\\/myntwork.com\\\/de-at\\\/#\\\/schema\\\/logo\\\/image\\\/\",\"url\":\"https:\\\/\\\/myntwork.com\\\/wp-content\\\/uploads\\\/2025\\\/08\\\/myntwork.png\",\"contentUrl\":\"https:\\\/\\\/myntwork.com\\\/wp-content\\\/uploads\\\/2025\\\/08\\\/myntwork.png\",\"width\":696,\"height\":696,\"caption\":\"Myntwork\"},\"image\":{\"@id\":\"https:\\\/\\\/myntwork.com\\\/de-at\\\/#\\\/schema\\\/logo\\\/image\\\/\"},\"description\":\"Myntwork is een Nederlands bedrijf, gespecialiseerd in het leasen van kantoormeubilair. Het concept draait om flexibiliteit, eenvoud en duurzaamheid, waarbij bedrijven hoogwaardige meubels kunnen huren zonder grote upfront investeringen.\",\"email\":\"contact@myntwork.com\",\"telephone\":\"+31854017823\",\"legalName\":\"Myntwork B.V.\",\"foundingDate\":\"2024-01-26\",\"vatID\":\"NL861015290B01\",\"numberOfEmployees\":{\"@type\":\"QuantitativeValue\",\"minValue\":\"1\",\"maxValue\":\"10\"}}]}<\/script>\n<meta property=\"product:brand\" content=\"Frezza\" \/>\n<meta property=\"product:price:amount\" content=\"1520.00\" \/>\n<meta property=\"product:price:currency\" content=\"EUR\" \/>\n<meta property=\"og:availability\" content=\"instock\" \/>\n<meta property=\"product:availability\" content=\"instock\" \/>\n<meta property=\"product:retailer_item_id\" content=\"AL1666B\" \/>\n<meta property=\"product:condition\" content=\"new\" \/>\n<!-- \/ Yoast SEO Premium plugin. -->","yoast_head_json":{"title":"Frezza Alplus Modularer Bench-Schreibtisch | Myntwork \u00d6sterreich","description":"Frezza Alplus Modularer Bench-Schreibtisch wertet den Arbeitsplatz mit durchdachtem Design und zuverl\u00e4ssiger Funktionalit\u00e4t f\u00fcr den t\u00e4glichen Gebrauch auf.","robots":{"index":"index","follow":"follow","max-snippet":"max-snippet:-1","max-image-preview":"max-image-preview:large","max-video-preview":"max-video-preview:-1"},"canonical":"https:\/\/myntwork.com\/de-at\/produkt\/frezza-alplus-modularer-bench-schreibtisch\/","og_locale":"en_US","og_type":"article","og_title":"Frezza Alplus Modularer Bench-Schreibtisch","og_description":"Frezza Alplus Modularer Bench-Schreibtisch wertet den Arbeitsplatz mit durchdachtem Design und zuverl\u00e4ssiger Funktionalit\u00e4t f\u00fcr den t\u00e4glichen Gebrauch auf. Alle Spezifikationen und Optionen anzeigen.","og_url":"https:\/\/myntwork.com\/de-at\/produkt\/frezza-alplus-modularer-bench-schreibtisch\/","og_site_name":"Myntwork \u00d6sterreich","og_image":[{"url":"https:\/\/myntwork.com\/wp-content\/uploads\/2026\/08\/4b7f9adddb0e4818af6034dc16767125.jpg","width":1200,"height":1200,"type":"image\/jpeg"}],"twitter_card":"summary_large_image","twitter_misc":{"Price":"&euro;1,520.00","Availability":"In stock"},"schema":{"@context":"https:\/\/schema.org","@graph":[{"@type":"WebPage","@id":"https:\/\/myntwork.com\/de-at\/produkt\/frezza-alplus-modularer-bench-schreibtisch\/","url":"https:\/\/myntwork.com\/de-at\/produkt\/frezza-alplus-modularer-bench-schreibtisch\/","name":"Frezza Alplus Modularer Bench-Schreibtisch | Myntwork \u00d6sterreich","isPartOf":{"@id":"https:\/\/myntwork.com\/de-at\/#website"},"primaryImageOfPage":{"@id":"https:\/\/myntwork.com\/de-at\/produkt\/frezza-alplus-modularer-bench-schreibtisch\/#primaryimage"},"image":{"@id":"https:\/\/myntwork.com\/de-at\/produkt\/frezza-alplus-modularer-bench-schreibtisch\/#primaryimage"},"thumbnailUrl":"https:\/\/myntwork.com\/wp-content\/uploads\/2026\/08\/4b7f9adddb0e4818af6034dc16767125.jpg","datePublished":"2026-08-18T17:07:09+00:00","description":"Frezza Alplus Modularer Bench-Schreibtisch wertet den Arbeitsplatz mit durchdachtem Design und zuverl\u00e4ssiger Funktionalit\u00e4t f\u00fcr den t\u00e4glichen Gebrauch auf. Alle Spezifikationen und Optionen anzeigen.","breadcrumb":{"@id":"https:\/\/myntwork.com\/de-at\/produkt\/frezza-alplus-modularer-bench-schreibtisch\/#breadcrumb"},"inLanguage":"en-US","potentialAction":[{"@type":"ReadAction","target":["https:\/\/myntwork.com\/de-at\/produkt\/frezza-alplus-modularer-bench-schreibtisch\/"]}]},{"@type":"ImageObject","inLanguage":"en-US","@id":"https:\/\/myntwork.com\/de-at\/produkt\/frezza-alplus-modularer-bench-schreibtisch\/#primaryimage","url":"https:\/\/myntwork.com\/wp-content\/uploads\/2026\/08\/4b7f9adddb0e4818af6034dc16767125.jpg","contentUrl":"https:\/\/myntwork.com\/wp-content\/uploads\/2026\/08\/4b7f9adddb0e4818af6034dc16767125.jpg","caption":"Frezza Alplus Bench Desk Modular With Desk"},{"@type":"BreadcrumbList","@id":"https:\/\/myntwork.com\/de-at\/produkt\/frezza-alplus-modularer-bench-schreibtisch\/#breadcrumb","itemListElement":[{"@type":"ListItem","position":1,"name":"Home","item":"https:\/\/myntwork.com\/de-at\/"},{"@type":"ListItem","position":2,"name":"Kategorien","item":"https:\/\/myntwork.com\/de-at\/kategorien\/"},{"@type":"ListItem","position":3,"name":"Frezza Alplus Modularer Bench-Schreibtisch"}]},{"@type":"WebSite","@id":"https:\/\/myntwork.com\/de-at\/#website","url":"https:\/\/myntwork.com\/de-at\/","name":"Myntwork","description":"Lease neue B\u00fcrom\u00f6bel | Ab 3.95 pro Arbeitsplatz","publisher":{"@id":"https:\/\/myntwork.com\/de-at\/#organization"},"potentialAction":[{"@type":"SearchAction","target":{"@type":"EntryPoint","urlTemplate":"https:\/\/myntwork.com\/de-at\/?s={search_term_string}"},"query-input":{"@type":"PropertyValueSpecification","valueRequired":true,"valueName":"search_term_string"}}],"inLanguage":"en-US"},{"@type":"Organization","@id":"https:\/\/myntwork.com\/de-at\/#organization","name":"Myntwork","url":"https:\/\/myntwork.com\/de-at\/","logo":{"@type":"ImageObject","inLanguage":"en-US","@id":"https:\/\/myntwork.com\/de-at\/#\/schema\/logo\/image\/","url":"https:\/\/myntwork.com\/wp-content\/uploads\/2025\/08\/myntwork.png","contentUrl":"https:\/\/myntwork.com\/wp-content\/uploads\/2025\/08\/myntwork.png","width":696,"height":696,"caption":"Myntwork"},"image":{"@id":"https:\/\/myntwork.com\/de-at\/#\/schema\/logo\/image\/"},"description":"Myntwork is een Nederlands bedrijf, gespecialiseerd in het leasen van kantoormeubilair. Het concept draait om flexibiliteit, eenvoud en duurzaamheid, waarbij bedrijven hoogwaardige meubels kunnen huren zonder grote upfront investeringen.","email":"contact@myntwork.com","telephone":"+31854017823","legalName":"Myntwork B.V.","foundingDate":"2024-01-26","vatID":"NL861015290B01","numberOfEmployees":{"@type":"QuantitativeValue","minValue":"1","maxValue":"10"}}]},"product_brand":"Frezza","product_price_amount":"1520.00","product_price_currency":"EUR","og_availability":"instock","product_availability":"instock","product_retailer_item_id":"AL1666B","product_condition":"new"},"_links":{"self":[{"href":"https:\/\/myntwork.com\/de-at\/wp-json\/wp\/v2\/product\/4796","targetHints":{"allow":["GET"]}}],"collection":[{"href":"https:\/\/myntwork.com\/de-at\/wp-json\/wp\/v2\/product"}],"about":[{"href":"https:\/\/myntwork.com\/de-at\/wp-json\/wp\/v2\/types\/product"}],"replies":[{"embeddable":true,"href":"https:\/\/myntwork.com\/de-at\/wp-json\/wp\/v2\/comments?post=4796"}],"wp:featuredmedia":[{"embeddable":true,"href":"https:\/\/myntwork.com\/de-at\/wp-json\/wp\/v2\/media\/4795"}],"wp:attachment":[{"href":"https:\/\/myntwork.com\/de-at\/wp-json\/wp\/v2\/media?parent=4796"}],"wp:term":[{"taxonomy":"product_brand","embeddable":true,"href":"https:\/\/myntwork.com\/de-at\/wp-json\/wp\/v2\/product_brand?post=4796"},{"taxonomy":"product_cat","embeddable":true,"href":"https:\/\/myntwork.com\/de-at\/wp-json\/wp\/v2\/product_cat?post=4796"},{"taxonomy":"product_tag","embeddable":true,"href":"https:\/\/myntwork.com\/de-at\/wp-json\/wp\/v2\/product_tag?post=4796"}],"curies":[{"name":"wp","href":"https:\/\/api.w.org\/{rel}","templated":true}]}}