{"id":28294,"date":"2026-08-26T02:12:07","date_gmt":"2026-08-26T02:12:07","guid":{"rendered":"https:\/\/myntwork.com\/de-ch\/product\/bralco-schranktur-5\/"},"modified":"2026-08-26T02:12:07","modified_gmt":"2026-08-26T02:12:07","slug":"bralco-schranktur-5","status":"publish","type":"product","link":"https:\/\/myntwork.com\/de-ch\/produkt\/bralco-schranktur-5\/","title":{"rendered":"Bralco Schrankt\u00fcr"},"content":{"rendered":"<h2>T\u00fcren f\u00fcr integrierte Bralco-Staurauml\u00f6sungen<\/h2>\n<p>Diese Kollektion umfasst einzelne, rechts \u00f6ffnende T\u00fcren f\u00fcr Bralco-Schrankkonfigurationen. Die Modelle sind f\u00fcr die Integration in Stauraumsysteme und nicht f\u00fcr die Verwendung als eigenst\u00e4ndige Schr\u00e4nke vorgesehen. Damit eignen sie sich f\u00fcr B\u00fcros, gemeinsam genutzte Arbeitsbereiche und andere Umgebungen, in denen ein abgestimmtes Stauraumkonzept erforderlich ist.<\/p>\n<p>Mehrere Optionen verf\u00fcgen \u00fcber ein Zylinderschloss und einen Kunststoffgriff und bieten damit eine unkomplizierte M\u00f6glichkeit, ein Schrankfach zu schlie\u00dfen und zu sichern. Das Sortiment umfasst T\u00fcren f\u00fcr Unterschrankmodule sowie eine Option f\u00fcr ein Oberelement. Daher sind die richtige H\u00f6he und die vorgesehene Position bei der Auswahl eines Modells besonders wichtig.<\/p>\n<h2>Ausf\u00fchrungen, H\u00f6hen und T\u00fcrformate vergleichen<\/h2>\n<p>Die Produktfamilie kombiniert melaminharzbeschichtete und laminierte T\u00fcroptionen. Zur Auswahl stehen Beige, Schwarz, Grau, Braun, Rot, Silber, Transparent, Wei\u00df und Holz. Je nach Modell und Schrankkonfiguration sind H\u00f6hen von etwa 117 cm, 153 cm, 154 cm, 155 cm und 78\u201379 cm verf\u00fcgbar.<\/p>\n<p>Alle aufgef\u00fchrten T\u00fcren sind 50 cm breit. Diese T\u00fcrprodukte enthalten weder Fachb\u00f6den noch H\u00e4ngeregistraturrahmen. Bei der Auswahl sollten daher der Schrankstandort, die \u00d6ffnungsrichtung, der Bedarf an einer Verriegelung, die Ausf\u00fchrung und die f\u00fcr die Integration erforderliche H\u00f6he im Mittelpunkt stehen.<\/p>\n","protected":false},"excerpt":{"rendered":"<p>Alle Modelle der Bralco Schrankt\u00fcr anzeigen.<\/p>\n","protected":false},"featured_media":1889,"comment_status":"open","ping_status":"closed","template":"","meta":{"_acf_changed":false},"product_brand":[690],"product_cat":[385,388],"product_tag":[],"class_list":["post-28294","product","type-product","status-publish","has-post-thumbnail","product_brand-bralco","product_cat-buroschranke","product_cat-zubehor","pa_akustisch-no","pa_anzahl-hangeregistraturrahme-no-hang-folder-frames","pa_anzahl-regalboden-no-legboards","pa_farbe-beige","pa_farbe-brown","pa_farbe-grey","pa_farbe-wood","pa_farbe-red","pa_farbe-black","pa_farbe-silver","pa_farbe-transparent","pa_farbe-white","pa_garantie-on-request","pa_marke-bralco","pa_schloss-cylinder-lock","pa_schrankhohe-125","pa_schrankhohe-126","pa_schrankhohe-127","pa_schranktyp-for-integration","first","instock","virtual","sold-individually","product-type-mynt_group"],"acf":[],"yoast_head":"<!-- This site is optimized with the Yoast SEO Premium plugin v25.6 (Yoast SEO v28.3) - https:\/\/yoast.com\/product\/yoast-seo-premium-wordpress\/ -->\n<title>Bralco Schrankt\u00fcr | T\u00fcren f\u00fcr integrierten Stauraum<\/title>\n<meta name=\"description\" content=\"Entdecken Sie Bralco-Schrankt\u00fcren f\u00fcr integrierten Stauraum: rechts \u00f6ffnende, abschlie\u00dfbare T\u00fcren aus Laminat und Melamin in praktischen H\u00f6hen und\u2026\" \/>\n<meta name=\"robots\" content=\"index, follow, max-snippet:-1, max-image-preview:large, max-video-preview:-1\" \/>\n<link rel=\"canonical\" href=\"https:\/\/myntwork.com\/de-ch\/produkt\/bralco-schranktur-5\/\" \/>\n<meta property=\"og:locale\" content=\"en_US\" \/>\n<meta property=\"og:type\" content=\"article\" \/>\n<meta property=\"og:title\" content=\"Bralco Schrankt\u00fcr\" \/>\n<meta property=\"og:description\" content=\"Entdecken Sie Bralco-Schrankt\u00fcren f\u00fcr integrierten Stauraum: rechts \u00f6ffnende, abschlie\u00dfbare T\u00fcren aus Laminat und Melamin in praktischen H\u00f6hen und Ausf\u00fchrungen f\u00fcr B\u00fcros.\" \/>\n<meta property=\"og:url\" content=\"https:\/\/myntwork.com\/de-ch\/produkt\/bralco-schranktur-5\/\" \/>\n<meta property=\"og:site_name\" content=\"Myntwork Schweiz\" \/>\n<meta property=\"og:image\" content=\"https:\/\/myntwork.com\/wp-content\/uploads\/2026\/08\/f367f4957d6e43bc8d64ba504df60165.jpg\" \/>\n\t<meta property=\"og:image:width\" content=\"1200\" \/>\n\t<meta property=\"og:image:height\" content=\"1200\" \/>\n\t<meta property=\"og:image:type\" content=\"image\/jpeg\" \/>\n<meta name=\"twitter:card\" content=\"summary_large_image\" \/>\n<meta name=\"twitter:label1\" content=\"Price\" \/>\n\t<meta name=\"twitter:data1\" content=\"&#067;&#072;&#070;&nbsp;73.00\" \/>\n\t<meta name=\"twitter:label2\" content=\"Availability\" \/>\n\t<meta name=\"twitter:data2\" content=\"In stock\" \/>\n<script type=\"application\/ld+json\" class=\"yoast-schema-graph\">{\"@context\":\"https:\\\/\\\/schema.org\",\"@graph\":[{\"@type\":\"WebPage\",\"@id\":\"https:\\\/\\\/myntwork.com\\\/de-ch\\\/produkt\\\/bralco-schranktur-5\\\/\",\"url\":\"https:\\\/\\\/myntwork.com\\\/de-ch\\\/produkt\\\/bralco-schranktur-5\\\/\",\"name\":\"Bralco Schrankt\u00fcr | T\u00fcren f\u00fcr integrierten Stauraum\",\"isPartOf\":{\"@id\":\"https:\\\/\\\/myntwork.com\\\/de-ch\\\/#website\"},\"primaryImageOfPage\":{\"@id\":\"https:\\\/\\\/myntwork.com\\\/de-ch\\\/produkt\\\/bralco-schranktur-5\\\/#primaryimage\"},\"image\":{\"@id\":\"https:\\\/\\\/myntwork.com\\\/de-ch\\\/produkt\\\/bralco-schranktur-5\\\/#primaryimage\"},\"thumbnailUrl\":\"https:\\\/\\\/myntwork.com\\\/wp-content\\\/uploads\\\/2026\\\/08\\\/f367f4957d6e43bc8d64ba504df60165.jpg\",\"datePublished\":\"2026-08-26T02:12:07+00:00\",\"description\":\"Entdecken Sie Bralco-Schrankt\u00fcren f\u00fcr integrierten Stauraum: rechts \u00f6ffnende, abschlie\u00dfbare T\u00fcren aus Laminat und Melamin in praktischen H\u00f6hen und Ausf\u00fchrungen f\u00fcr B\u00fcros.\",\"breadcrumb\":{\"@id\":\"https:\\\/\\\/myntwork.com\\\/de-ch\\\/produkt\\\/bralco-schranktur-5\\\/#breadcrumb\"},\"inLanguage\":\"en-US\",\"potentialAction\":[{\"@type\":\"ReadAction\",\"target\":[\"https:\\\/\\\/myntwork.com\\\/de-ch\\\/produkt\\\/bralco-schranktur-5\\\/\"]}]},{\"@type\":\"ImageObject\",\"inLanguage\":\"en-US\",\"@id\":\"https:\\\/\\\/myntwork.com\\\/de-ch\\\/produkt\\\/bralco-schranktur-5\\\/#primaryimage\",\"url\":\"https:\\\/\\\/myntwork.com\\\/wp-content\\\/uploads\\\/2026\\\/08\\\/f367f4957d6e43bc8d64ba504df60165.jpg\",\"contentUrl\":\"https:\\\/\\\/myntwork.com\\\/wp-content\\\/uploads\\\/2026\\\/08\\\/f367f4957d6e43bc8d64ba504df60165.jpg\",\"caption\":\"Bralco Right-Hand Lockable For Cabinet Door\"},{\"@type\":\"BreadcrumbList\",\"@id\":\"https:\\\/\\\/myntwork.com\\\/de-ch\\\/produkt\\\/bralco-schranktur-5\\\/#breadcrumb\",\"itemListElement\":[{\"@type\":\"ListItem\",\"position\":1,\"name\":\"Home\",\"item\":\"https:\\\/\\\/myntwork.com\\\/de-ch\\\/\"},{\"@type\":\"ListItem\",\"position\":2,\"name\":\"Kategorien\",\"item\":\"https:\\\/\\\/myntwork.com\\\/de-ch\\\/kategorien\\\/\"},{\"@type\":\"ListItem\",\"position\":3,\"name\":\"Bralco Schrankt\u00fcr\"}]},{\"@type\":\"WebSite\",\"@id\":\"https:\\\/\\\/myntwork.com\\\/de-ch\\\/#website\",\"url\":\"https:\\\/\\\/myntwork.com\\\/de-ch\\\/\",\"name\":\"Myntwork\",\"description\":\"Lease neue B\u00fcrom\u00f6bel | Ab 3.95 pro Arbeitsplatz\",\"publisher\":{\"@id\":\"https:\\\/\\\/myntwork.com\\\/de-ch\\\/#organization\"},\"potentialAction\":[{\"@type\":\"SearchAction\",\"target\":{\"@type\":\"EntryPoint\",\"urlTemplate\":\"https:\\\/\\\/myntwork.com\\\/de-ch\\\/?s={search_term_string}\"},\"query-input\":{\"@type\":\"PropertyValueSpecification\",\"valueRequired\":true,\"valueName\":\"search_term_string\"}}],\"inLanguage\":\"en-US\"},{\"@type\":\"Organization\",\"@id\":\"https:\\\/\\\/myntwork.com\\\/de-ch\\\/#organization\",\"name\":\"Myntwork\",\"url\":\"https:\\\/\\\/myntwork.com\\\/de-ch\\\/\",\"logo\":{\"@type\":\"ImageObject\",\"inLanguage\":\"en-US\",\"@id\":\"https:\\\/\\\/myntwork.com\\\/de-ch\\\/#\\\/schema\\\/logo\\\/image\\\/\",\"url\":\"https:\\\/\\\/myntwork.com\\\/wp-content\\\/uploads\\\/2025\\\/08\\\/myntwork.png\",\"contentUrl\":\"https:\\\/\\\/myntwork.com\\\/wp-content\\\/uploads\\\/2025\\\/08\\\/myntwork.png\",\"width\":696,\"height\":696,\"caption\":\"Myntwork\"},\"image\":{\"@id\":\"https:\\\/\\\/myntwork.com\\\/de-ch\\\/#\\\/schema\\\/logo\\\/image\\\/\"},\"description\":\"Myntwork is een Nederlands bedrijf, gespecialiseerd in het leasen van kantoormeubilair. Het concept draait om flexibiliteit, eenvoud en duurzaamheid, waarbij bedrijven hoogwaardige meubels kunnen huren zonder grote upfront investeringen.\",\"email\":\"contact@myntwork.com\",\"telephone\":\"+31854017823\",\"legalName\":\"Myntwork B.V.\",\"foundingDate\":\"2024-01-26\",\"vatID\":\"NL861015290B01\",\"numberOfEmployees\":{\"@type\":\"QuantitativeValue\",\"minValue\":\"1\",\"maxValue\":\"10\"}}]}<\/script>\n<meta property=\"product:brand\" content=\"Bralco\" \/>\n<meta property=\"product:price:amount\" content=\"73.00\" \/>\n<meta property=\"product:price:currency\" content=\"CHF\" \/>\n<meta property=\"og:availability\" content=\"instock\" \/>\n<meta property=\"product:availability\" content=\"instock\" \/>\n<meta property=\"product:retailer_item_id\" content=\"GROUP-CF42314679CF\" \/>\n<meta property=\"product:condition\" content=\"new\" \/>\n<!-- \/ Yoast SEO Premium plugin. -->","yoast_head_json":{"title":"Bralco Schrankt\u00fcr | T\u00fcren f\u00fcr integrierten Stauraum","description":"Entdecken Sie Bralco-Schrankt\u00fcren f\u00fcr integrierten Stauraum: rechts \u00f6ffnende, abschlie\u00dfbare T\u00fcren aus Laminat und Melamin in praktischen H\u00f6hen und\u2026","robots":{"index":"index","follow":"follow","max-snippet":"max-snippet:-1","max-image-preview":"max-image-preview:large","max-video-preview":"max-video-preview:-1"},"canonical":"https:\/\/myntwork.com\/de-ch\/produkt\/bralco-schranktur-5\/","og_locale":"en_US","og_type":"article","og_title":"Bralco Schrankt\u00fcr","og_description":"Entdecken Sie Bralco-Schrankt\u00fcren f\u00fcr integrierten Stauraum: rechts \u00f6ffnende, abschlie\u00dfbare T\u00fcren aus Laminat und Melamin in praktischen H\u00f6hen und Ausf\u00fchrungen f\u00fcr B\u00fcros.","og_url":"https:\/\/myntwork.com\/de-ch\/produkt\/bralco-schranktur-5\/","og_site_name":"Myntwork Schweiz","og_image":[{"url":"https:\/\/myntwork.com\/wp-content\/uploads\/2026\/08\/f367f4957d6e43bc8d64ba504df60165.jpg","width":1200,"height":1200,"type":"image\/jpeg"}],"twitter_card":"summary_large_image","twitter_misc":{"Price":"&#67;&#72;&#70;&nbsp;73.00","Availability":"In stock"},"schema":{"@context":"https:\/\/schema.org","@graph":[{"@type":"WebPage","@id":"https:\/\/myntwork.com\/de-ch\/produkt\/bralco-schranktur-5\/","url":"https:\/\/myntwork.com\/de-ch\/produkt\/bralco-schranktur-5\/","name":"Bralco Schrankt\u00fcr | T\u00fcren f\u00fcr integrierten Stauraum","isPartOf":{"@id":"https:\/\/myntwork.com\/de-ch\/#website"},"primaryImageOfPage":{"@id":"https:\/\/myntwork.com\/de-ch\/produkt\/bralco-schranktur-5\/#primaryimage"},"image":{"@id":"https:\/\/myntwork.com\/de-ch\/produkt\/bralco-schranktur-5\/#primaryimage"},"thumbnailUrl":"https:\/\/myntwork.com\/wp-content\/uploads\/2026\/08\/f367f4957d6e43bc8d64ba504df60165.jpg","datePublished":"2026-08-26T02:12:07+00:00","description":"Entdecken Sie Bralco-Schrankt\u00fcren f\u00fcr integrierten Stauraum: rechts \u00f6ffnende, abschlie\u00dfbare T\u00fcren aus Laminat und Melamin in praktischen H\u00f6hen und Ausf\u00fchrungen f\u00fcr B\u00fcros.","breadcrumb":{"@id":"https:\/\/myntwork.com\/de-ch\/produkt\/bralco-schranktur-5\/#breadcrumb"},"inLanguage":"en-US","potentialAction":[{"@type":"ReadAction","target":["https:\/\/myntwork.com\/de-ch\/produkt\/bralco-schranktur-5\/"]}]},{"@type":"ImageObject","inLanguage":"en-US","@id":"https:\/\/myntwork.com\/de-ch\/produkt\/bralco-schranktur-5\/#primaryimage","url":"https:\/\/myntwork.com\/wp-content\/uploads\/2026\/08\/f367f4957d6e43bc8d64ba504df60165.jpg","contentUrl":"https:\/\/myntwork.com\/wp-content\/uploads\/2026\/08\/f367f4957d6e43bc8d64ba504df60165.jpg","caption":"Bralco Right-Hand Lockable For Cabinet Door"},{"@type":"BreadcrumbList","@id":"https:\/\/myntwork.com\/de-ch\/produkt\/bralco-schranktur-5\/#breadcrumb","itemListElement":[{"@type":"ListItem","position":1,"name":"Home","item":"https:\/\/myntwork.com\/de-ch\/"},{"@type":"ListItem","position":2,"name":"Kategorien","item":"https:\/\/myntwork.com\/de-ch\/kategorien\/"},{"@type":"ListItem","position":3,"name":"Bralco Schrankt\u00fcr"}]},{"@type":"WebSite","@id":"https:\/\/myntwork.com\/de-ch\/#website","url":"https:\/\/myntwork.com\/de-ch\/","name":"Myntwork","description":"Lease neue B\u00fcrom\u00f6bel | Ab 3.95 pro Arbeitsplatz","publisher":{"@id":"https:\/\/myntwork.com\/de-ch\/#organization"},"potentialAction":[{"@type":"SearchAction","target":{"@type":"EntryPoint","urlTemplate":"https:\/\/myntwork.com\/de-ch\/?s={search_term_string}"},"query-input":{"@type":"PropertyValueSpecification","valueRequired":true,"valueName":"search_term_string"}}],"inLanguage":"en-US"},{"@type":"Organization","@id":"https:\/\/myntwork.com\/de-ch\/#organization","name":"Myntwork","url":"https:\/\/myntwork.com\/de-ch\/","logo":{"@type":"ImageObject","inLanguage":"en-US","@id":"https:\/\/myntwork.com\/de-ch\/#\/schema\/logo\/image\/","url":"https:\/\/myntwork.com\/wp-content\/uploads\/2025\/08\/myntwork.png","contentUrl":"https:\/\/myntwork.com\/wp-content\/uploads\/2025\/08\/myntwork.png","width":696,"height":696,"caption":"Myntwork"},"image":{"@id":"https:\/\/myntwork.com\/de-ch\/#\/schema\/logo\/image\/"},"description":"Myntwork is een Nederlands bedrijf, gespecialiseerd in het leasen van kantoormeubilair. Het concept draait om flexibiliteit, eenvoud en duurzaamheid, waarbij bedrijven hoogwaardige meubels kunnen huren zonder grote upfront investeringen.","email":"contact@myntwork.com","telephone":"+31854017823","legalName":"Myntwork B.V.","foundingDate":"2024-01-26","vatID":"NL861015290B01","numberOfEmployees":{"@type":"QuantitativeValue","minValue":"1","maxValue":"10"}}]},"product_brand":"Bralco","product_price_amount":"73.00","product_price_currency":"CHF","og_availability":"instock","product_availability":"instock","product_retailer_item_id":"GROUP-CF42314679CF","product_condition":"new"},"_links":{"self":[{"href":"https:\/\/myntwork.com\/de-ch\/wp-json\/wp\/v2\/product\/28294","targetHints":{"allow":["GET"]}}],"collection":[{"href":"https:\/\/myntwork.com\/de-ch\/wp-json\/wp\/v2\/product"}],"about":[{"href":"https:\/\/myntwork.com\/de-ch\/wp-json\/wp\/v2\/types\/product"}],"replies":[{"embeddable":true,"href":"https:\/\/myntwork.com\/de-ch\/wp-json\/wp\/v2\/comments?post=28294"}],"wp:featuredmedia":[{"embeddable":true,"href":"https:\/\/myntwork.com\/de-ch\/wp-json\/wp\/v2\/media\/1889"}],"wp:attachment":[{"href":"https:\/\/myntwork.com\/de-ch\/wp-json\/wp\/v2\/media?parent=28294"}],"wp:term":[{"taxonomy":"product_brand","embeddable":true,"href":"https:\/\/myntwork.com\/de-ch\/wp-json\/wp\/v2\/product_brand?post=28294"},{"taxonomy":"product_cat","embeddable":true,"href":"https:\/\/myntwork.com\/de-ch\/wp-json\/wp\/v2\/product_cat?post=28294"},{"taxonomy":"product_tag","embeddable":true,"href":"https:\/\/myntwork.com\/de-ch\/wp-json\/wp\/v2\/product_tag?post=28294"}],"curies":[{"name":"wp","href":"https:\/\/api.w.org\/{rel}","templated":true}]}}