{"id":28584,"date":"2026-08-26T08:12:29","date_gmt":"2026-08-26T08:12:29","guid":{"rendered":"https:\/\/myntwork.com\/de-ch\/product\/bralco-bench-desk-3\/"},"modified":"2026-08-26T08:12:29","modified_gmt":"2026-08-26T08:12:29","slug":"bralco-bench-desk-3","status":"publish","type":"product","link":"https:\/\/myntwork.com\/de-ch\/produkt\/bralco-bench-desk-3\/","title":{"rendered":"Bralco Bench-Desk"},"content":{"rendered":"<h2>Bench-Desks f\u00fcr Einzel- und Gemeinschaftsarbeitspl\u00e4tze<\/h2>\n<p>Bralco Bench-Desks sind f\u00fcr B\u00fcros konzipiert, die unkomplizierte und anpassungsf\u00e4hige Arbeitspl\u00e4tze ben\u00f6tigen. Die Kollektion umfasst kompakte Schreibtische f\u00fcr eine Person, einen Arbeitsplatz f\u00fcr zwei Personen und eine Desk-Insel f\u00fcr drei Personen. Damit eignet sie sich f\u00fcr separate Arbeitsbereiche, Teamzonen und effiziente Open-Space-Grundrisse.<\/p>\n<p>Jedes Modell verf\u00fcgt \u00fcber eine rechteckige Tischplatte und ist f\u00fcr eine Kabelwanne geeignet, sodass Kabel unterhalb der Arbeitsfl\u00e4che ordentlich gef\u00fchrt werden k\u00f6nnen. Kabelwannen sind mit den Schreibtischen kompatibel, jedoch nicht im Lieferumfang enthalten. Pr\u00fcfen Sie daher bei der Planung Ihrer Einrichtung die Details des jeweiligen Produkts.<\/p>\n<h2>Vergleichen Sie Anordnungen, Gestelle und Ausf\u00fchrungen<\/h2>\n<p>Die Produktreihe unterscheidet sich darin, f\u00fcr wie viele Personen die einzelnen Arbeitspl\u00e4tze ausgelegt sind, sowie in der Konstruktion des Untergestells. Zur Auswahl stehen Gestelle mit vier Beinen, geraden Beinen oder T-Fu\u00df, gefertigt aus Stahl, Metall, Aluminium oder Holz. Die Schreibtische sind nicht h\u00f6henverstellbar. Ber\u00fccksichtigen Sie daher vor der Auswahl die vorgesehenen Nutzer und die Arbeitshaltung.<\/p>\n<p>Bei den Tischplatten stehen Melamin und Eiche zur Auswahl. \u00dcber die gesamte Kollektion hinweg gibt es eine gro\u00dfe Auswahl an Tischplatten- und Untergestellfarben. Vergleichen Sie anhand der Produktkarten die genaue Ausf\u00fchrung, das Gestell und die Kapazit\u00e4t des jeweiligen Bralco Bench-Desks.<\/p>\n","protected":false},"excerpt":{"rendered":"<p>Alle Modelle des Bralco Bench-Desks ansehen.<\/p>\n","protected":false},"featured_media":7637,"comment_status":"open","ping_status":"closed","template":"","meta":{"_acf_changed":false},"product_brand":[690],"product_cat":[416,383],"product_tag":[],"class_list":["post-28584","product","type-product","status-publish","has-post-thumbnail","product_brand-bralco","product_cat-bench-schreibtische","product_cat-schreibtische","pa_anzahl-personen-1-person","pa_anzahl-personen-2-people","pa_anzahl-personen-3-people","pa_bluetooth-steuerung-no","pa_garantie-2-year","pa_geeignet-fur-kabelwanne-yes","pa_gestellfarbe-beige","pa_gestellfarbe-brown","pa_gestellfarbe-grey","pa_gestellfarbe-green","pa_gestellfarbe-pink","pa_gestellfarbe-black","pa_gestellfarbe-silver","pa_gestellfarbe-white","pa_gestellmaterial-aluminum","pa_gestellmaterial-wood","pa_gestellmaterial-metal","pa_gestellmaterial-steel","pa_inklusive-kabelkanal-no","pa_marke-bralco","pa_oberflachenfarbe-beige","pa_oberflachenfarbe-brown","pa_oberflachenfarbe-grey","pa_oberflachenfarbe-wood","pa_oberflachenfarbe-red","pa_oberflachenfarbe-black","pa_oberflachenfarbe-white","pa_rahmentyp-4-leg","pa_rahmentyp-straight-legs","pa_rahmentyp-t-leg","pa_schreibtischtyp-straight-desk","pa_schreibtischtyp-desk-island","pa_standardisierung-not-specified","pa_tischplattenform-rectangular","pa_tischplattenmaterial-oak","pa_tischplattenmaterial-melamine","pa_verbindbar-no","pa_verstellbar-no","first","instock","virtual","sold-individually","product-type-mynt_group"],"acf":[],"yoast_head":"<!-- This site is optimized with the Yoast SEO Premium plugin v25.6 (Yoast SEO v28.3) - https:\/\/yoast.com\/product\/yoast-seo-premium-wordpress\/ -->\n<title>Bralco Bench-Desk | Arbeitsplatz-Bench<\/title>\n<meta name=\"description\" content=\"Entdecken Sie Bralco Bench-Desks f\u00fcr eine, zwei oder drei Personen mit rechteckigen Melamin- oder Eichentischplatten, Untergestellen aus Stahl, Aluminium oder\u2026\" \/>\n<meta name=\"robots\" content=\"index, follow, max-snippet:-1, max-image-preview:large, max-video-preview:-1\" \/>\n<link rel=\"canonical\" href=\"https:\/\/myntwork.com\/de-ch\/produkt\/bralco-bench-desk-3\/\" \/>\n<meta property=\"og:locale\" content=\"en_US\" \/>\n<meta property=\"og:type\" content=\"article\" \/>\n<meta property=\"og:title\" content=\"Bralco Bench-Desk\" \/>\n<meta property=\"og:description\" content=\"Entdecken Sie Bralco Bench-Desks f\u00fcr eine, zwei oder drei Personen mit rechteckigen Melamin- oder Eichentischplatten, Untergestellen aus Stahl, Aluminium oder Holz sowie Kabelwannen-Kompatibilit\u00e4t.\" \/>\n<meta property=\"og:url\" content=\"https:\/\/myntwork.com\/de-ch\/produkt\/bralco-bench-desk-3\/\" \/>\n<meta property=\"og:site_name\" content=\"Myntwork Schweiz\" \/>\n<meta property=\"og:image\" content=\"https:\/\/myntwork.com\/wp-content\/uploads\/2026\/08\/01bc779133744ccd93c5488eb34695fb.jpg\" \/>\n\t<meta property=\"og:image:width\" content=\"1200\" \/>\n\t<meta property=\"og:image:height\" content=\"1200\" \/>\n\t<meta property=\"og:image:type\" content=\"image\/jpeg\" \/>\n<meta name=\"twitter:card\" content=\"summary_large_image\" \/>\n<meta name=\"twitter:label1\" content=\"Price\" \/>\n\t<meta name=\"twitter:data1\" content=\"&#067;&#072;&#070;&nbsp;382.00\" \/>\n\t<meta name=\"twitter:label2\" content=\"Availability\" \/>\n\t<meta name=\"twitter:data2\" content=\"In stock\" \/>\n<script type=\"application\/ld+json\" class=\"yoast-schema-graph\">{\"@context\":\"https:\\\/\\\/schema.org\",\"@graph\":[{\"@type\":\"WebPage\",\"@id\":\"https:\\\/\\\/myntwork.com\\\/de-ch\\\/produkt\\\/bralco-bench-desk-3\\\/\",\"url\":\"https:\\\/\\\/myntwork.com\\\/de-ch\\\/produkt\\\/bralco-bench-desk-3\\\/\",\"name\":\"Bralco Bench-Desk | Arbeitsplatz-Bench\",\"isPartOf\":{\"@id\":\"https:\\\/\\\/myntwork.com\\\/de-ch\\\/#website\"},\"primaryImageOfPage\":{\"@id\":\"https:\\\/\\\/myntwork.com\\\/de-ch\\\/produkt\\\/bralco-bench-desk-3\\\/#primaryimage\"},\"image\":{\"@id\":\"https:\\\/\\\/myntwork.com\\\/de-ch\\\/produkt\\\/bralco-bench-desk-3\\\/#primaryimage\"},\"thumbnailUrl\":\"https:\\\/\\\/myntwork.com\\\/wp-content\\\/uploads\\\/2026\\\/08\\\/01bc779133744ccd93c5488eb34695fb.jpg\",\"datePublished\":\"2026-08-26T08:12:29+00:00\",\"description\":\"Entdecken Sie Bralco Bench-Desks f\u00fcr eine, zwei oder drei Personen mit rechteckigen Melamin- oder Eichentischplatten, Untergestellen aus Stahl, Aluminium oder Holz sowie Kabelwannen-Kompatibilit\u00e4t.\",\"breadcrumb\":{\"@id\":\"https:\\\/\\\/myntwork.com\\\/de-ch\\\/produkt\\\/bralco-bench-desk-3\\\/#breadcrumb\"},\"inLanguage\":\"en-US\",\"potentialAction\":[{\"@type\":\"ReadAction\",\"target\":[\"https:\\\/\\\/myntwork.com\\\/de-ch\\\/produkt\\\/bralco-bench-desk-3\\\/\"]}]},{\"@type\":\"ImageObject\",\"inLanguage\":\"en-US\",\"@id\":\"https:\\\/\\\/myntwork.com\\\/de-ch\\\/produkt\\\/bralco-bench-desk-3\\\/#primaryimage\",\"url\":\"https:\\\/\\\/myntwork.com\\\/wp-content\\\/uploads\\\/2026\\\/08\\\/01bc779133744ccd93c5488eb34695fb.jpg\",\"contentUrl\":\"https:\\\/\\\/myntwork.com\\\/wp-content\\\/uploads\\\/2026\\\/08\\\/01bc779133744ccd93c5488eb34695fb.jpg\",\"caption\":\"Bralco Workstation Bench Desk\"},{\"@type\":\"BreadcrumbList\",\"@id\":\"https:\\\/\\\/myntwork.com\\\/de-ch\\\/produkt\\\/bralco-bench-desk-3\\\/#breadcrumb\",\"itemListElement\":[{\"@type\":\"ListItem\",\"position\":1,\"name\":\"Home\",\"item\":\"https:\\\/\\\/myntwork.com\\\/de-ch\\\/\"},{\"@type\":\"ListItem\",\"position\":2,\"name\":\"Kategorien\",\"item\":\"https:\\\/\\\/myntwork.com\\\/de-ch\\\/kategorien\\\/\"},{\"@type\":\"ListItem\",\"position\":3,\"name\":\"Bralco Bench-Desk\"}]},{\"@type\":\"WebSite\",\"@id\":\"https:\\\/\\\/myntwork.com\\\/de-ch\\\/#website\",\"url\":\"https:\\\/\\\/myntwork.com\\\/de-ch\\\/\",\"name\":\"Myntwork\",\"description\":\"Lease neue B\u00fcrom\u00f6bel | Ab 3.95 pro Arbeitsplatz\",\"publisher\":{\"@id\":\"https:\\\/\\\/myntwork.com\\\/de-ch\\\/#organization\"},\"potentialAction\":[{\"@type\":\"SearchAction\",\"target\":{\"@type\":\"EntryPoint\",\"urlTemplate\":\"https:\\\/\\\/myntwork.com\\\/de-ch\\\/?s={search_term_string}\"},\"query-input\":{\"@type\":\"PropertyValueSpecification\",\"valueRequired\":true,\"valueName\":\"search_term_string\"}}],\"inLanguage\":\"en-US\"},{\"@type\":\"Organization\",\"@id\":\"https:\\\/\\\/myntwork.com\\\/de-ch\\\/#organization\",\"name\":\"Myntwork\",\"url\":\"https:\\\/\\\/myntwork.com\\\/de-ch\\\/\",\"logo\":{\"@type\":\"ImageObject\",\"inLanguage\":\"en-US\",\"@id\":\"https:\\\/\\\/myntwork.com\\\/de-ch\\\/#\\\/schema\\\/logo\\\/image\\\/\",\"url\":\"https:\\\/\\\/myntwork.com\\\/wp-content\\\/uploads\\\/2025\\\/08\\\/myntwork.png\",\"contentUrl\":\"https:\\\/\\\/myntwork.com\\\/wp-content\\\/uploads\\\/2025\\\/08\\\/myntwork.png\",\"width\":696,\"height\":696,\"caption\":\"Myntwork\"},\"image\":{\"@id\":\"https:\\\/\\\/myntwork.com\\\/de-ch\\\/#\\\/schema\\\/logo\\\/image\\\/\"},\"description\":\"Myntwork is een Nederlands bedrijf, gespecialiseerd in het leasen van kantoormeubilair. Het concept draait om flexibiliteit, eenvoud en duurzaamheid, waarbij bedrijven hoogwaardige meubels kunnen huren zonder grote upfront investeringen.\",\"email\":\"contact@myntwork.com\",\"telephone\":\"+31854017823\",\"legalName\":\"Myntwork B.V.\",\"foundingDate\":\"2024-01-26\",\"vatID\":\"NL861015290B01\",\"numberOfEmployees\":{\"@type\":\"QuantitativeValue\",\"minValue\":\"1\",\"maxValue\":\"10\"}}]}<\/script>\n<meta property=\"product:brand\" content=\"Bralco\" \/>\n<meta property=\"product:price:amount\" content=\"382.00\" \/>\n<meta property=\"product:price:currency\" content=\"CHF\" \/>\n<meta property=\"og:availability\" content=\"instock\" \/>\n<meta property=\"product:availability\" content=\"instock\" \/>\n<meta property=\"product:retailer_item_id\" content=\"GROUP-461A94482B7F\" \/>\n<meta property=\"product:condition\" content=\"new\" \/>\n<!-- \/ Yoast SEO Premium plugin. -->","yoast_head_json":{"title":"Bralco Bench-Desk | Arbeitsplatz-Bench","description":"Entdecken Sie Bralco Bench-Desks f\u00fcr eine, zwei oder drei Personen mit rechteckigen Melamin- oder Eichentischplatten, Untergestellen aus Stahl, Aluminium oder\u2026","robots":{"index":"index","follow":"follow","max-snippet":"max-snippet:-1","max-image-preview":"max-image-preview:large","max-video-preview":"max-video-preview:-1"},"canonical":"https:\/\/myntwork.com\/de-ch\/produkt\/bralco-bench-desk-3\/","og_locale":"en_US","og_type":"article","og_title":"Bralco Bench-Desk","og_description":"Entdecken Sie Bralco Bench-Desks f\u00fcr eine, zwei oder drei Personen mit rechteckigen Melamin- oder Eichentischplatten, Untergestellen aus Stahl, Aluminium oder Holz sowie Kabelwannen-Kompatibilit\u00e4t.","og_url":"https:\/\/myntwork.com\/de-ch\/produkt\/bralco-bench-desk-3\/","og_site_name":"Myntwork Schweiz","og_image":[{"url":"https:\/\/myntwork.com\/wp-content\/uploads\/2026\/08\/01bc779133744ccd93c5488eb34695fb.jpg","width":1200,"height":1200,"type":"image\/jpeg"}],"twitter_card":"summary_large_image","twitter_misc":{"Price":"&#67;&#72;&#70;&nbsp;382.00","Availability":"In stock"},"schema":{"@context":"https:\/\/schema.org","@graph":[{"@type":"WebPage","@id":"https:\/\/myntwork.com\/de-ch\/produkt\/bralco-bench-desk-3\/","url":"https:\/\/myntwork.com\/de-ch\/produkt\/bralco-bench-desk-3\/","name":"Bralco Bench-Desk | Arbeitsplatz-Bench","isPartOf":{"@id":"https:\/\/myntwork.com\/de-ch\/#website"},"primaryImageOfPage":{"@id":"https:\/\/myntwork.com\/de-ch\/produkt\/bralco-bench-desk-3\/#primaryimage"},"image":{"@id":"https:\/\/myntwork.com\/de-ch\/produkt\/bralco-bench-desk-3\/#primaryimage"},"thumbnailUrl":"https:\/\/myntwork.com\/wp-content\/uploads\/2026\/08\/01bc779133744ccd93c5488eb34695fb.jpg","datePublished":"2026-08-26T08:12:29+00:00","description":"Entdecken Sie Bralco Bench-Desks f\u00fcr eine, zwei oder drei Personen mit rechteckigen Melamin- oder Eichentischplatten, Untergestellen aus Stahl, Aluminium oder Holz sowie Kabelwannen-Kompatibilit\u00e4t.","breadcrumb":{"@id":"https:\/\/myntwork.com\/de-ch\/produkt\/bralco-bench-desk-3\/#breadcrumb"},"inLanguage":"en-US","potentialAction":[{"@type":"ReadAction","target":["https:\/\/myntwork.com\/de-ch\/produkt\/bralco-bench-desk-3\/"]}]},{"@type":"ImageObject","inLanguage":"en-US","@id":"https:\/\/myntwork.com\/de-ch\/produkt\/bralco-bench-desk-3\/#primaryimage","url":"https:\/\/myntwork.com\/wp-content\/uploads\/2026\/08\/01bc779133744ccd93c5488eb34695fb.jpg","contentUrl":"https:\/\/myntwork.com\/wp-content\/uploads\/2026\/08\/01bc779133744ccd93c5488eb34695fb.jpg","caption":"Bralco Workstation Bench Desk"},{"@type":"BreadcrumbList","@id":"https:\/\/myntwork.com\/de-ch\/produkt\/bralco-bench-desk-3\/#breadcrumb","itemListElement":[{"@type":"ListItem","position":1,"name":"Home","item":"https:\/\/myntwork.com\/de-ch\/"},{"@type":"ListItem","position":2,"name":"Kategorien","item":"https:\/\/myntwork.com\/de-ch\/kategorien\/"},{"@type":"ListItem","position":3,"name":"Bralco Bench-Desk"}]},{"@type":"WebSite","@id":"https:\/\/myntwork.com\/de-ch\/#website","url":"https:\/\/myntwork.com\/de-ch\/","name":"Myntwork","description":"Lease neue B\u00fcrom\u00f6bel | Ab 3.95 pro Arbeitsplatz","publisher":{"@id":"https:\/\/myntwork.com\/de-ch\/#organization"},"potentialAction":[{"@type":"SearchAction","target":{"@type":"EntryPoint","urlTemplate":"https:\/\/myntwork.com\/de-ch\/?s={search_term_string}"},"query-input":{"@type":"PropertyValueSpecification","valueRequired":true,"valueName":"search_term_string"}}],"inLanguage":"en-US"},{"@type":"Organization","@id":"https:\/\/myntwork.com\/de-ch\/#organization","name":"Myntwork","url":"https:\/\/myntwork.com\/de-ch\/","logo":{"@type":"ImageObject","inLanguage":"en-US","@id":"https:\/\/myntwork.com\/de-ch\/#\/schema\/logo\/image\/","url":"https:\/\/myntwork.com\/wp-content\/uploads\/2025\/08\/myntwork.png","contentUrl":"https:\/\/myntwork.com\/wp-content\/uploads\/2025\/08\/myntwork.png","width":696,"height":696,"caption":"Myntwork"},"image":{"@id":"https:\/\/myntwork.com\/de-ch\/#\/schema\/logo\/image\/"},"description":"Myntwork is een Nederlands bedrijf, gespecialiseerd in het leasen van kantoormeubilair. Het concept draait om flexibiliteit, eenvoud en duurzaamheid, waarbij bedrijven hoogwaardige meubels kunnen huren zonder grote upfront investeringen.","email":"contact@myntwork.com","telephone":"+31854017823","legalName":"Myntwork B.V.","foundingDate":"2024-01-26","vatID":"NL861015290B01","numberOfEmployees":{"@type":"QuantitativeValue","minValue":"1","maxValue":"10"}}]},"product_brand":"Bralco","product_price_amount":"382.00","product_price_currency":"CHF","og_availability":"instock","product_availability":"instock","product_retailer_item_id":"GROUP-461A94482B7F","product_condition":"new"},"_links":{"self":[{"href":"https:\/\/myntwork.com\/de-ch\/wp-json\/wp\/v2\/product\/28584","targetHints":{"allow":["GET"]}}],"collection":[{"href":"https:\/\/myntwork.com\/de-ch\/wp-json\/wp\/v2\/product"}],"about":[{"href":"https:\/\/myntwork.com\/de-ch\/wp-json\/wp\/v2\/types\/product"}],"replies":[{"embeddable":true,"href":"https:\/\/myntwork.com\/de-ch\/wp-json\/wp\/v2\/comments?post=28584"}],"wp:featuredmedia":[{"embeddable":true,"href":"https:\/\/myntwork.com\/de-ch\/wp-json\/wp\/v2\/media\/7637"}],"wp:attachment":[{"href":"https:\/\/myntwork.com\/de-ch\/wp-json\/wp\/v2\/media?parent=28584"}],"wp:term":[{"taxonomy":"product_brand","embeddable":true,"href":"https:\/\/myntwork.com\/de-ch\/wp-json\/wp\/v2\/product_brand?post=28584"},{"taxonomy":"product_cat","embeddable":true,"href":"https:\/\/myntwork.com\/de-ch\/wp-json\/wp\/v2\/product_cat?post=28584"},{"taxonomy":"product_tag","embeddable":true,"href":"https:\/\/myntwork.com\/de-ch\/wp-json\/wp\/v2\/product_tag?post=28584"}],"curies":[{"name":"wp","href":"https:\/\/api.w.org\/{rel}","templated":true}]}}