{"id":28607,"date":"2026-08-26T08:28:42","date_gmt":"2026-08-26T08:28:42","guid":{"rendered":"https:\/\/myntwork.com\/de-ch\/product\/bralco-schreibtisch-25\/"},"modified":"2026-08-26T08:28:42","modified_gmt":"2026-08-26T08:28:42","slug":"bralco-schreibtisch-25","status":"publish","type":"product","link":"https:\/\/myntwork.com\/de-ch\/produkt\/bralco-schreibtisch-25\/","title":{"rendered":"Bralco Schreibtisch"},"content":{"rendered":"<h2>Schreibtische f\u00fcr konzentriertes Arbeiten allein<\/h2>\n<p>Der Bralco Schreibtisch ist eine Kollektion gerader, rechteckiger Schreibtische f\u00fcr eine Person. Die Produktreihe eignet sich f\u00fcr Einzelb\u00fcros, Gro\u00dfraumb\u00fcros, Homeoffice-Arbeitspl\u00e4tze und Projektbereiche, in denen eine praktische Arbeitsfl\u00e4che f\u00fcr eine Person im Mittelpunkt steht.<\/p>\n<p>Jedes Modell verf\u00fcgt \u00fcber eine Melamin-Tischplatte und eine Konstruktion auf Metallbasis, wobei die Produktfamilie Varianten aus Stahl und Aluminium umfasst. Die Schreibtische sind nicht h\u00f6henverstellbar und daher eine unkomplizierte Wahl, wenn eine feste Arbeitsh\u00f6he zum Arbeitsplatzkonzept passt.<\/p>\n<h2>Rahmen, Oberfl\u00e4chen und Kabeloptionen vergleichen<\/h2>\n<p>Die sechs Schreibtische haben ein klares Arbeitstisch-Design, unterscheiden sich jedoch in der Konstruktion des Untergestells und bei den Details zur Kabelf\u00fchrung. Zu den verf\u00fcgbaren Rahmenvarianten z\u00e4hlen Vierbein-, Geradbein- und durchgehende Bein-Konstruktionen. Die Farben von Tischplatten und Untergestellen reichen von neutralen und holz\u00e4hnlichen T\u00f6nen bis hin zu ausgew\u00e4hlten Akzentfarben.<\/p>\n<p>Die Kabelf\u00fchrung variiert je nach Modell: Einige Schreibtische sind f\u00fcr eine Kabelwanne geeignet, ein Modell enth\u00e4lt eine Kabelwanne und der Cable Access Desk bietet einen Kabelzugang. Pr\u00fcfen Sie die einzelnen Spezifikationen, um die passende Konfiguration f\u00fcr Ihre Ger\u00e4te und Installationsanforderungen zu finden.<\/p>\n","protected":false},"excerpt":{"rendered":"<p>Alle Modelle von Bralco Schreibtisch anzeigen.<\/p>\n","protected":false},"featured_media":7888,"comment_status":"open","ping_status":"closed","template":"","meta":{"_acf_changed":false},"product_brand":[690],"product_cat":[383],"product_tag":[],"class_list":["post-28607","product","type-product","status-publish","has-post-thumbnail","product_brand-bralco","product_cat-schreibtische","pa_anzahl-personen-1-person","pa_bluetooth-steuerung-no","pa_garantie-2-year","pa_geeignet-fur-kabelwanne-yes","pa_geeignet-fur-kabelwanne-no","pa_gestellfarbe-beige","pa_gestellfarbe-brown","pa_gestellfarbe-grey","pa_gestellfarbe-green","pa_gestellfarbe-pink","pa_gestellfarbe-black","pa_gestellfarbe-silver","pa_gestellfarbe-white","pa_gestellmaterial-aluminum","pa_gestellmaterial-metal","pa_gestellmaterial-steel","pa_inklusive-kabelkanal-yes","pa_inklusive-kabelkanal-no","pa_marke-bralco","pa_oberflachenfarbe-beige","pa_oberflachenfarbe-brown","pa_oberflachenfarbe-grey","pa_oberflachenfarbe-wood","pa_oberflachenfarbe-red","pa_oberflachenfarbe-black","pa_oberflachenfarbe-white","pa_rahmentyp-4-leg","pa_rahmentyp-continuous-leg","pa_rahmentyp-straight-legs","pa_schreibtischtyp-straight-desk","pa_standardisierung-not-specified","pa_tischplattenform-rectangular","pa_tischplattenmaterial-melamine","pa_verbindbar-no","pa_verstellbar-no","first","instock","virtual","sold-individually","product-type-mynt_group"],"acf":[],"yoast_head":"<!-- This site is optimized with the Yoast SEO Premium plugin v25.6 (Yoast SEO v28.3) - https:\/\/yoast.com\/product\/yoast-seo-premium-wordpress\/ -->\n<title>Bralco Schreibtisch | Bralco Kollektion von Arbeitstischen<\/title>\n<meta name=\"description\" content=\"Entdecken Sie Bralco Schreibtische f\u00fcr konzentrierte Arbeitspl\u00e4tze f\u00fcr eine Person \u2013 mit Melamin-Tischplatten, Gestellen aus Metall oder Aluminium und\u2026\" \/>\n<meta name=\"robots\" content=\"index, follow, max-snippet:-1, max-image-preview:large, max-video-preview:-1\" \/>\n<link rel=\"canonical\" href=\"https:\/\/myntwork.com\/de-ch\/produkt\/bralco-schreibtisch-25\/\" \/>\n<meta property=\"og:locale\" content=\"en_US\" \/>\n<meta property=\"og:type\" content=\"article\" \/>\n<meta property=\"og:title\" content=\"Bralco Schreibtisch\" \/>\n<meta property=\"og:description\" content=\"Entdecken Sie Bralco Schreibtische f\u00fcr konzentrierte Arbeitspl\u00e4tze f\u00fcr eine Person \u2013 mit Melamin-Tischplatten, Gestellen aus Metall oder Aluminium und Optionen f\u00fcr Kabelzugang bei der B\u00fcroplanung.\" \/>\n<meta property=\"og:url\" content=\"https:\/\/myntwork.com\/de-ch\/produkt\/bralco-schreibtisch-25\/\" \/>\n<meta property=\"og:site_name\" content=\"Myntwork Schweiz\" \/>\n<meta property=\"og:image\" content=\"https:\/\/myntwork.com\/wp-content\/uploads\/2026\/08\/ce3102b8388b455ab7bc37fab65db82a.jpg\" \/>\n\t<meta property=\"og:image:width\" content=\"1200\" \/>\n\t<meta property=\"og:image:height\" content=\"1200\" \/>\n\t<meta property=\"og:image:type\" content=\"image\/jpeg\" \/>\n<meta name=\"twitter:card\" content=\"summary_large_image\" \/>\n<meta name=\"twitter:label1\" content=\"Price\" \/>\n\t<meta name=\"twitter:data1\" content=\"&#067;&#072;&#070;&nbsp;397.00\" \/>\n\t<meta name=\"twitter:label2\" content=\"Availability\" \/>\n\t<meta name=\"twitter:data2\" content=\"In stock\" \/>\n<script type=\"application\/ld+json\" class=\"yoast-schema-graph\">{\"@context\":\"https:\\\/\\\/schema.org\",\"@graph\":[{\"@type\":\"WebPage\",\"@id\":\"https:\\\/\\\/myntwork.com\\\/de-ch\\\/produkt\\\/bralco-schreibtisch-25\\\/\",\"url\":\"https:\\\/\\\/myntwork.com\\\/de-ch\\\/produkt\\\/bralco-schreibtisch-25\\\/\",\"name\":\"Bralco Schreibtisch | Bralco Kollektion von Arbeitstischen\",\"isPartOf\":{\"@id\":\"https:\\\/\\\/myntwork.com\\\/de-ch\\\/#website\"},\"primaryImageOfPage\":{\"@id\":\"https:\\\/\\\/myntwork.com\\\/de-ch\\\/produkt\\\/bralco-schreibtisch-25\\\/#primaryimage\"},\"image\":{\"@id\":\"https:\\\/\\\/myntwork.com\\\/de-ch\\\/produkt\\\/bralco-schreibtisch-25\\\/#primaryimage\"},\"thumbnailUrl\":\"https:\\\/\\\/myntwork.com\\\/wp-content\\\/uploads\\\/2026\\\/08\\\/ce3102b8388b455ab7bc37fab65db82a.jpg\",\"datePublished\":\"2026-08-26T08:28:42+00:00\",\"description\":\"Entdecken Sie Bralco Schreibtische f\u00fcr konzentrierte Arbeitspl\u00e4tze f\u00fcr eine Person \u2013 mit Melamin-Tischplatten, Gestellen aus Metall oder Aluminium und Optionen f\u00fcr Kabelzugang bei der B\u00fcroplanung.\",\"breadcrumb\":{\"@id\":\"https:\\\/\\\/myntwork.com\\\/de-ch\\\/produkt\\\/bralco-schreibtisch-25\\\/#breadcrumb\"},\"inLanguage\":\"en-US\",\"potentialAction\":[{\"@type\":\"ReadAction\",\"target\":[\"https:\\\/\\\/myntwork.com\\\/de-ch\\\/produkt\\\/bralco-schreibtisch-25\\\/\"]}]},{\"@type\":\"ImageObject\",\"inLanguage\":\"en-US\",\"@id\":\"https:\\\/\\\/myntwork.com\\\/de-ch\\\/produkt\\\/bralco-schreibtisch-25\\\/#primaryimage\",\"url\":\"https:\\\/\\\/myntwork.com\\\/wp-content\\\/uploads\\\/2026\\\/08\\\/ce3102b8388b455ab7bc37fab65db82a.jpg\",\"contentUrl\":\"https:\\\/\\\/myntwork.com\\\/wp-content\\\/uploads\\\/2026\\\/08\\\/ce3102b8388b455ab7bc37fab65db82a.jpg\",\"caption\":\"Bralco Work Desk\"},{\"@type\":\"BreadcrumbList\",\"@id\":\"https:\\\/\\\/myntwork.com\\\/de-ch\\\/produkt\\\/bralco-schreibtisch-25\\\/#breadcrumb\",\"itemListElement\":[{\"@type\":\"ListItem\",\"position\":1,\"name\":\"Home\",\"item\":\"https:\\\/\\\/myntwork.com\\\/de-ch\\\/\"},{\"@type\":\"ListItem\",\"position\":2,\"name\":\"Kategorien\",\"item\":\"https:\\\/\\\/myntwork.com\\\/de-ch\\\/kategorien\\\/\"},{\"@type\":\"ListItem\",\"position\":3,\"name\":\"Bralco Schreibtisch\"}]},{\"@type\":\"WebSite\",\"@id\":\"https:\\\/\\\/myntwork.com\\\/de-ch\\\/#website\",\"url\":\"https:\\\/\\\/myntwork.com\\\/de-ch\\\/\",\"name\":\"Myntwork\",\"description\":\"Lease neue B\u00fcrom\u00f6bel | Ab 3.95 pro Arbeitsplatz\",\"publisher\":{\"@id\":\"https:\\\/\\\/myntwork.com\\\/de-ch\\\/#organization\"},\"potentialAction\":[{\"@type\":\"SearchAction\",\"target\":{\"@type\":\"EntryPoint\",\"urlTemplate\":\"https:\\\/\\\/myntwork.com\\\/de-ch\\\/?s={search_term_string}\"},\"query-input\":{\"@type\":\"PropertyValueSpecification\",\"valueRequired\":true,\"valueName\":\"search_term_string\"}}],\"inLanguage\":\"en-US\"},{\"@type\":\"Organization\",\"@id\":\"https:\\\/\\\/myntwork.com\\\/de-ch\\\/#organization\",\"name\":\"Myntwork\",\"url\":\"https:\\\/\\\/myntwork.com\\\/de-ch\\\/\",\"logo\":{\"@type\":\"ImageObject\",\"inLanguage\":\"en-US\",\"@id\":\"https:\\\/\\\/myntwork.com\\\/de-ch\\\/#\\\/schema\\\/logo\\\/image\\\/\",\"url\":\"https:\\\/\\\/myntwork.com\\\/wp-content\\\/uploads\\\/2025\\\/08\\\/myntwork.png\",\"contentUrl\":\"https:\\\/\\\/myntwork.com\\\/wp-content\\\/uploads\\\/2025\\\/08\\\/myntwork.png\",\"width\":696,\"height\":696,\"caption\":\"Myntwork\"},\"image\":{\"@id\":\"https:\\\/\\\/myntwork.com\\\/de-ch\\\/#\\\/schema\\\/logo\\\/image\\\/\"},\"description\":\"Myntwork is een Nederlands bedrijf, gespecialiseerd in het leasen van kantoormeubilair. Het concept draait om flexibiliteit, eenvoud en duurzaamheid, waarbij bedrijven hoogwaardige meubels kunnen huren zonder grote upfront investeringen.\",\"email\":\"contact@myntwork.com\",\"telephone\":\"+31854017823\",\"legalName\":\"Myntwork B.V.\",\"foundingDate\":\"2024-01-26\",\"vatID\":\"NL861015290B01\",\"numberOfEmployees\":{\"@type\":\"QuantitativeValue\",\"minValue\":\"1\",\"maxValue\":\"10\"}}]}<\/script>\n<meta property=\"product:brand\" content=\"Bralco\" \/>\n<meta property=\"product:price:amount\" content=\"397.00\" \/>\n<meta property=\"product:price:currency\" content=\"CHF\" \/>\n<meta property=\"og:availability\" content=\"instock\" \/>\n<meta property=\"product:availability\" content=\"instock\" \/>\n<meta property=\"product:retailer_item_id\" content=\"GROUP-A37243C3DA28\" \/>\n<meta property=\"product:condition\" content=\"new\" \/>\n<!-- \/ Yoast SEO Premium plugin. -->","yoast_head_json":{"title":"Bralco Schreibtisch | Bralco Kollektion von Arbeitstischen","description":"Entdecken Sie Bralco Schreibtische f\u00fcr konzentrierte Arbeitspl\u00e4tze f\u00fcr eine Person \u2013 mit Melamin-Tischplatten, Gestellen aus Metall oder Aluminium und\u2026","robots":{"index":"index","follow":"follow","max-snippet":"max-snippet:-1","max-image-preview":"max-image-preview:large","max-video-preview":"max-video-preview:-1"},"canonical":"https:\/\/myntwork.com\/de-ch\/produkt\/bralco-schreibtisch-25\/","og_locale":"en_US","og_type":"article","og_title":"Bralco Schreibtisch","og_description":"Entdecken Sie Bralco Schreibtische f\u00fcr konzentrierte Arbeitspl\u00e4tze f\u00fcr eine Person \u2013 mit Melamin-Tischplatten, Gestellen aus Metall oder Aluminium und Optionen f\u00fcr Kabelzugang bei der B\u00fcroplanung.","og_url":"https:\/\/myntwork.com\/de-ch\/produkt\/bralco-schreibtisch-25\/","og_site_name":"Myntwork Schweiz","og_image":[{"url":"https:\/\/myntwork.com\/wp-content\/uploads\/2026\/08\/ce3102b8388b455ab7bc37fab65db82a.jpg","width":1200,"height":1200,"type":"image\/jpeg"}],"twitter_card":"summary_large_image","twitter_misc":{"Price":"&#67;&#72;&#70;&nbsp;397.00","Availability":"In stock"},"schema":{"@context":"https:\/\/schema.org","@graph":[{"@type":"WebPage","@id":"https:\/\/myntwork.com\/de-ch\/produkt\/bralco-schreibtisch-25\/","url":"https:\/\/myntwork.com\/de-ch\/produkt\/bralco-schreibtisch-25\/","name":"Bralco Schreibtisch | Bralco Kollektion von Arbeitstischen","isPartOf":{"@id":"https:\/\/myntwork.com\/de-ch\/#website"},"primaryImageOfPage":{"@id":"https:\/\/myntwork.com\/de-ch\/produkt\/bralco-schreibtisch-25\/#primaryimage"},"image":{"@id":"https:\/\/myntwork.com\/de-ch\/produkt\/bralco-schreibtisch-25\/#primaryimage"},"thumbnailUrl":"https:\/\/myntwork.com\/wp-content\/uploads\/2026\/08\/ce3102b8388b455ab7bc37fab65db82a.jpg","datePublished":"2026-08-26T08:28:42+00:00","description":"Entdecken Sie Bralco Schreibtische f\u00fcr konzentrierte Arbeitspl\u00e4tze f\u00fcr eine Person \u2013 mit Melamin-Tischplatten, Gestellen aus Metall oder Aluminium und Optionen f\u00fcr Kabelzugang bei der B\u00fcroplanung.","breadcrumb":{"@id":"https:\/\/myntwork.com\/de-ch\/produkt\/bralco-schreibtisch-25\/#breadcrumb"},"inLanguage":"en-US","potentialAction":[{"@type":"ReadAction","target":["https:\/\/myntwork.com\/de-ch\/produkt\/bralco-schreibtisch-25\/"]}]},{"@type":"ImageObject","inLanguage":"en-US","@id":"https:\/\/myntwork.com\/de-ch\/produkt\/bralco-schreibtisch-25\/#primaryimage","url":"https:\/\/myntwork.com\/wp-content\/uploads\/2026\/08\/ce3102b8388b455ab7bc37fab65db82a.jpg","contentUrl":"https:\/\/myntwork.com\/wp-content\/uploads\/2026\/08\/ce3102b8388b455ab7bc37fab65db82a.jpg","caption":"Bralco Work Desk"},{"@type":"BreadcrumbList","@id":"https:\/\/myntwork.com\/de-ch\/produkt\/bralco-schreibtisch-25\/#breadcrumb","itemListElement":[{"@type":"ListItem","position":1,"name":"Home","item":"https:\/\/myntwork.com\/de-ch\/"},{"@type":"ListItem","position":2,"name":"Kategorien","item":"https:\/\/myntwork.com\/de-ch\/kategorien\/"},{"@type":"ListItem","position":3,"name":"Bralco Schreibtisch"}]},{"@type":"WebSite","@id":"https:\/\/myntwork.com\/de-ch\/#website","url":"https:\/\/myntwork.com\/de-ch\/","name":"Myntwork","description":"Lease neue B\u00fcrom\u00f6bel | Ab 3.95 pro Arbeitsplatz","publisher":{"@id":"https:\/\/myntwork.com\/de-ch\/#organization"},"potentialAction":[{"@type":"SearchAction","target":{"@type":"EntryPoint","urlTemplate":"https:\/\/myntwork.com\/de-ch\/?s={search_term_string}"},"query-input":{"@type":"PropertyValueSpecification","valueRequired":true,"valueName":"search_term_string"}}],"inLanguage":"en-US"},{"@type":"Organization","@id":"https:\/\/myntwork.com\/de-ch\/#organization","name":"Myntwork","url":"https:\/\/myntwork.com\/de-ch\/","logo":{"@type":"ImageObject","inLanguage":"en-US","@id":"https:\/\/myntwork.com\/de-ch\/#\/schema\/logo\/image\/","url":"https:\/\/myntwork.com\/wp-content\/uploads\/2025\/08\/myntwork.png","contentUrl":"https:\/\/myntwork.com\/wp-content\/uploads\/2025\/08\/myntwork.png","width":696,"height":696,"caption":"Myntwork"},"image":{"@id":"https:\/\/myntwork.com\/de-ch\/#\/schema\/logo\/image\/"},"description":"Myntwork is een Nederlands bedrijf, gespecialiseerd in het leasen van kantoormeubilair. Het concept draait om flexibiliteit, eenvoud en duurzaamheid, waarbij bedrijven hoogwaardige meubels kunnen huren zonder grote upfront investeringen.","email":"contact@myntwork.com","telephone":"+31854017823","legalName":"Myntwork B.V.","foundingDate":"2024-01-26","vatID":"NL861015290B01","numberOfEmployees":{"@type":"QuantitativeValue","minValue":"1","maxValue":"10"}}]},"product_brand":"Bralco","product_price_amount":"397.00","product_price_currency":"CHF","og_availability":"instock","product_availability":"instock","product_retailer_item_id":"GROUP-A37243C3DA28","product_condition":"new"},"_links":{"self":[{"href":"https:\/\/myntwork.com\/de-ch\/wp-json\/wp\/v2\/product\/28607","targetHints":{"allow":["GET"]}}],"collection":[{"href":"https:\/\/myntwork.com\/de-ch\/wp-json\/wp\/v2\/product"}],"about":[{"href":"https:\/\/myntwork.com\/de-ch\/wp-json\/wp\/v2\/types\/product"}],"replies":[{"embeddable":true,"href":"https:\/\/myntwork.com\/de-ch\/wp-json\/wp\/v2\/comments?post=28607"}],"wp:featuredmedia":[{"embeddable":true,"href":"https:\/\/myntwork.com\/de-ch\/wp-json\/wp\/v2\/media\/7888"}],"wp:attachment":[{"href":"https:\/\/myntwork.com\/de-ch\/wp-json\/wp\/v2\/media?parent=28607"}],"wp:term":[{"taxonomy":"product_brand","embeddable":true,"href":"https:\/\/myntwork.com\/de-ch\/wp-json\/wp\/v2\/product_brand?post=28607"},{"taxonomy":"product_cat","embeddable":true,"href":"https:\/\/myntwork.com\/de-ch\/wp-json\/wp\/v2\/product_cat?post=28607"},{"taxonomy":"product_tag","embeddable":true,"href":"https:\/\/myntwork.com\/de-ch\/wp-json\/wp\/v2\/product_tag?post=28607"}],"curies":[{"name":"wp","href":"https:\/\/api.w.org\/{rel}","templated":true}]}}