{"id":28638,"date":"2026-08-26T08:59:16","date_gmt":"2026-08-26T08:59:16","guid":{"rendered":"https:\/\/myntwork.com\/de-ch\/product\/frezza-beam-sitzgestell-alplus-seating\/"},"modified":"2026-08-26T08:59:16","modified_gmt":"2026-08-26T08:59:16","slug":"frezza-beam-sitzgestell-alplus-seating","status":"publish","type":"product","link":"https:\/\/myntwork.com\/de-ch\/produkt\/frezza-beam-sitzgestell-alplus-seating\/","title":{"rendered":"Frezza Beam-Sitzgestell Alplus Seating"},"content":{"rendered":"<h2>Beam-Sitzm\u00f6bel f\u00fcr gemeinsam genutzte Gewerber\u00e4ume<\/h2>\n<p>Die Beam-Gestelle von Frezza Alplus Seating wurden f\u00fcr Unternehmen entwickelt, die organisierte Sitzbereiche in Empfangszonen, Wartezimmern, Breakout-Bereichen und anderen gemeinsam genutzten Innenr\u00e4umen ben\u00f6tigen. Die Kollektion umfasst Tragstrukturen f\u00fcr Zwei- und Dreisitzer-Anordnungen und unterst\u00fctzt Sie dabei, eine einheitliche Sitzanordnung passend zur verf\u00fcgbaren Bodenfl\u00e4che zu planen.<\/p>\n<p>Als gestellorientierte Kollektion bieten diese Produkte die strukturelle Grundlage f\u00fcr Beam-Sitzm\u00f6bel und keinen eigenst\u00e4ndigen losen Stuhl. Dadurch eignen sie sich f\u00fcr die Planung verbundener Sitzreihen und eine abgestimmte Konfiguration von Frezza Alplus.<\/p>\n<h2>W\u00e4hlen Sie die Struktur, die zu Ihrer Raumplanung passt<\/h2>\n<p>Die Kollektion umfasst eine 2-Sitzer-Struktur und eine 3-Sitzer-Tragstruktur. Die verf\u00fcgbaren Produkte bieten Breiten von 120, 140, 160, 180 und 240 cm, w\u00e4hrend die angegebenen Tiefen 44 und 60 cm betragen. Pr\u00fcfen Sie die jeweilige Konfiguration sorgf\u00e4ltig, da die Abmessungen innerhalb der Kollektion variieren.<\/p>\n<p>Als Farboptionen sind Schwarz, Grau und Wei\u00df aufgef\u00fchrt. Diese Auswahl erleichtert die Abstimmung des Gestells auf ein bestehendes Einrichtungskonzept und sorgt zugleich f\u00fcr ein visuell einheitliches Sitzsystem.<\/p>\n","protected":false},"excerpt":{"rendered":"<p>Alle Modelle der Frezza Beam-Sitzgestelle Alplus Seating anzeigen.<\/p>\n","protected":false},"featured_media":8146,"comment_status":"open","ping_status":"closed","template":"","meta":{"_acf_changed":false},"product_brand":[620],"product_cat":[388],"product_tag":[],"class_list":["post-28638","product","type-product","status-publish","has-post-thumbnail","product_brand-frezza","product_cat-zubehor","pa_farbe-grey","pa_farbe-black","pa_farbe-white","pa_kollektion-beam","pa_marke-frezza","first","instock","virtual","sold-individually","product-type-mynt_group"],"acf":[],"yoast_head":"<!-- This site is optimized with the Yoast SEO Premium plugin v25.6 (Yoast SEO v28.3) - https:\/\/yoast.com\/product\/yoast-seo-premium-wordpress\/ -->\n<title>Frezza Alplus Seating Beam-Sitzgestelle<\/title>\n<meta name=\"description\" content=\"Entdecken Sie Frezza Alplus Beam-Sitzgestelle f\u00fcr Zwei- und Dreisitzer-Anordnungen mit schwarzen, grauen oder wei\u00dfen Oberfl\u00e4chen und flexiblen Breiten f\u00fcr gemeinsam genutzte R\u00e4ume.\" \/>\n<meta name=\"robots\" content=\"index, follow, max-snippet:-1, max-image-preview:large, max-video-preview:-1\" \/>\n<link rel=\"canonical\" href=\"https:\/\/myntwork.com\/de-ch\/produkt\/frezza-beam-sitzgestell-alplus-seating\/\" \/>\n<meta property=\"og:locale\" content=\"en_US\" \/>\n<meta property=\"og:type\" content=\"article\" \/>\n<meta property=\"og:title\" content=\"Frezza Beam-Sitzgestell Alplus Seating\" \/>\n<meta property=\"og:description\" content=\"Entdecken Sie Frezza Alplus Beam-Sitzgestelle f\u00fcr Zwei- und Dreisitzer-Anordnungen mit schwarzen, grauen oder wei\u00dfen Oberfl\u00e4chen und flexiblen Breiten f\u00fcr gemeinsam genutzte R\u00e4ume.\" \/>\n<meta property=\"og:url\" content=\"https:\/\/myntwork.com\/de-ch\/produkt\/frezza-beam-sitzgestell-alplus-seating\/\" \/>\n<meta property=\"og:site_name\" content=\"Myntwork Schweiz\" \/>\n<meta property=\"og:image\" content=\"https:\/\/myntwork.com\/wp-content\/uploads\/2026\/08\/2159706e623c4d8b97fe31bbdd927ebf.jpg\" \/>\n\t<meta property=\"og:image:width\" content=\"1200\" \/>\n\t<meta property=\"og:image:height\" content=\"1200\" \/>\n\t<meta property=\"og:image:type\" content=\"image\/jpeg\" \/>\n<meta name=\"twitter:card\" content=\"summary_large_image\" \/>\n<meta name=\"twitter:label1\" content=\"Price\" \/>\n\t<meta name=\"twitter:data1\" content=\"&#067;&#072;&#070;&nbsp;672.00\" \/>\n\t<meta name=\"twitter:label2\" content=\"Availability\" \/>\n\t<meta name=\"twitter:data2\" content=\"In stock\" \/>\n<script type=\"application\/ld+json\" class=\"yoast-schema-graph\">{\"@context\":\"https:\\\/\\\/schema.org\",\"@graph\":[{\"@type\":\"WebPage\",\"@id\":\"https:\\\/\\\/myntwork.com\\\/de-ch\\\/produkt\\\/frezza-beam-sitzgestell-alplus-seating\\\/\",\"url\":\"https:\\\/\\\/myntwork.com\\\/de-ch\\\/produkt\\\/frezza-beam-sitzgestell-alplus-seating\\\/\",\"name\":\"Frezza Alplus Seating Beam-Sitzgestelle\",\"isPartOf\":{\"@id\":\"https:\\\/\\\/myntwork.com\\\/de-ch\\\/#website\"},\"primaryImageOfPage\":{\"@id\":\"https:\\\/\\\/myntwork.com\\\/de-ch\\\/produkt\\\/frezza-beam-sitzgestell-alplus-seating\\\/#primaryimage\"},\"image\":{\"@id\":\"https:\\\/\\\/myntwork.com\\\/de-ch\\\/produkt\\\/frezza-beam-sitzgestell-alplus-seating\\\/#primaryimage\"},\"thumbnailUrl\":\"https:\\\/\\\/myntwork.com\\\/wp-content\\\/uploads\\\/2026\\\/08\\\/2159706e623c4d8b97fe31bbdd927ebf.jpg\",\"datePublished\":\"2026-08-26T08:59:16+00:00\",\"description\":\"Entdecken Sie Frezza Alplus Beam-Sitzgestelle f\u00fcr Zwei- und Dreisitzer-Anordnungen mit schwarzen, grauen oder wei\u00dfen Oberfl\u00e4chen und flexiblen Breiten f\u00fcr gemeinsam genutzte R\u00e4ume.\",\"breadcrumb\":{\"@id\":\"https:\\\/\\\/myntwork.com\\\/de-ch\\\/produkt\\\/frezza-beam-sitzgestell-alplus-seating\\\/#breadcrumb\"},\"inLanguage\":\"en-US\",\"potentialAction\":[{\"@type\":\"ReadAction\",\"target\":[\"https:\\\/\\\/myntwork.com\\\/de-ch\\\/produkt\\\/frezza-beam-sitzgestell-alplus-seating\\\/\"]}]},{\"@type\":\"ImageObject\",\"inLanguage\":\"en-US\",\"@id\":\"https:\\\/\\\/myntwork.com\\\/de-ch\\\/produkt\\\/frezza-beam-sitzgestell-alplus-seating\\\/#primaryimage\",\"url\":\"https:\\\/\\\/myntwork.com\\\/wp-content\\\/uploads\\\/2026\\\/08\\\/2159706e623c4d8b97fe31bbdd927ebf.jpg\",\"contentUrl\":\"https:\\\/\\\/myntwork.com\\\/wp-content\\\/uploads\\\/2026\\\/08\\\/2159706e623c4d8b97fe31bbdd927ebf.jpg\",\"caption\":\"Frezza Alplus Seating Alplus 2-Seater Structure W160 D60 2-Seat Support\"},{\"@type\":\"BreadcrumbList\",\"@id\":\"https:\\\/\\\/myntwork.com\\\/de-ch\\\/produkt\\\/frezza-beam-sitzgestell-alplus-seating\\\/#breadcrumb\",\"itemListElement\":[{\"@type\":\"ListItem\",\"position\":1,\"name\":\"Home\",\"item\":\"https:\\\/\\\/myntwork.com\\\/de-ch\\\/\"},{\"@type\":\"ListItem\",\"position\":2,\"name\":\"Kategorien\",\"item\":\"https:\\\/\\\/myntwork.com\\\/de-ch\\\/kategorien\\\/\"},{\"@type\":\"ListItem\",\"position\":3,\"name\":\"Frezza Beam-Sitzgestell Alplus Seating\"}]},{\"@type\":\"WebSite\",\"@id\":\"https:\\\/\\\/myntwork.com\\\/de-ch\\\/#website\",\"url\":\"https:\\\/\\\/myntwork.com\\\/de-ch\\\/\",\"name\":\"Myntwork\",\"description\":\"Lease neue B\u00fcrom\u00f6bel | Ab 3.95 pro Arbeitsplatz\",\"publisher\":{\"@id\":\"https:\\\/\\\/myntwork.com\\\/de-ch\\\/#organization\"},\"potentialAction\":[{\"@type\":\"SearchAction\",\"target\":{\"@type\":\"EntryPoint\",\"urlTemplate\":\"https:\\\/\\\/myntwork.com\\\/de-ch\\\/?s={search_term_string}\"},\"query-input\":{\"@type\":\"PropertyValueSpecification\",\"valueRequired\":true,\"valueName\":\"search_term_string\"}}],\"inLanguage\":\"en-US\"},{\"@type\":\"Organization\",\"@id\":\"https:\\\/\\\/myntwork.com\\\/de-ch\\\/#organization\",\"name\":\"Myntwork\",\"url\":\"https:\\\/\\\/myntwork.com\\\/de-ch\\\/\",\"logo\":{\"@type\":\"ImageObject\",\"inLanguage\":\"en-US\",\"@id\":\"https:\\\/\\\/myntwork.com\\\/de-ch\\\/#\\\/schema\\\/logo\\\/image\\\/\",\"url\":\"https:\\\/\\\/myntwork.com\\\/wp-content\\\/uploads\\\/2025\\\/08\\\/myntwork.png\",\"contentUrl\":\"https:\\\/\\\/myntwork.com\\\/wp-content\\\/uploads\\\/2025\\\/08\\\/myntwork.png\",\"width\":696,\"height\":696,\"caption\":\"Myntwork\"},\"image\":{\"@id\":\"https:\\\/\\\/myntwork.com\\\/de-ch\\\/#\\\/schema\\\/logo\\\/image\\\/\"},\"description\":\"Myntwork is een Nederlands bedrijf, gespecialiseerd in het leasen van kantoormeubilair. Het concept draait om flexibiliteit, eenvoud en duurzaamheid, waarbij bedrijven hoogwaardige meubels kunnen huren zonder grote upfront investeringen.\",\"email\":\"contact@myntwork.com\",\"telephone\":\"+31854017823\",\"legalName\":\"Myntwork B.V.\",\"foundingDate\":\"2024-01-26\",\"vatID\":\"NL861015290B01\",\"numberOfEmployees\":{\"@type\":\"QuantitativeValue\",\"minValue\":\"1\",\"maxValue\":\"10\"}}]}<\/script>\n<meta property=\"product:brand\" content=\"Frezza\" \/>\n<meta property=\"product:price:amount\" content=\"672.00\" \/>\n<meta property=\"product:price:currency\" content=\"CHF\" \/>\n<meta property=\"og:availability\" content=\"instock\" \/>\n<meta property=\"product:availability\" content=\"instock\" \/>\n<meta property=\"product:retailer_item_id\" content=\"GROUP-64ED23F446C3\" \/>\n<meta property=\"product:condition\" content=\"new\" \/>\n<!-- \/ Yoast SEO Premium plugin. -->","yoast_head_json":{"title":"Frezza Alplus Seating Beam-Sitzgestelle","description":"Entdecken Sie Frezza Alplus Beam-Sitzgestelle f\u00fcr Zwei- und Dreisitzer-Anordnungen mit schwarzen, grauen oder wei\u00dfen Oberfl\u00e4chen und flexiblen Breiten f\u00fcr gemeinsam genutzte R\u00e4ume.","robots":{"index":"index","follow":"follow","max-snippet":"max-snippet:-1","max-image-preview":"max-image-preview:large","max-video-preview":"max-video-preview:-1"},"canonical":"https:\/\/myntwork.com\/de-ch\/produkt\/frezza-beam-sitzgestell-alplus-seating\/","og_locale":"en_US","og_type":"article","og_title":"Frezza Beam-Sitzgestell Alplus Seating","og_description":"Entdecken Sie Frezza Alplus Beam-Sitzgestelle f\u00fcr Zwei- und Dreisitzer-Anordnungen mit schwarzen, grauen oder wei\u00dfen Oberfl\u00e4chen und flexiblen Breiten f\u00fcr gemeinsam genutzte R\u00e4ume.","og_url":"https:\/\/myntwork.com\/de-ch\/produkt\/frezza-beam-sitzgestell-alplus-seating\/","og_site_name":"Myntwork Schweiz","og_image":[{"url":"https:\/\/myntwork.com\/wp-content\/uploads\/2026\/08\/2159706e623c4d8b97fe31bbdd927ebf.jpg","width":1200,"height":1200,"type":"image\/jpeg"}],"twitter_card":"summary_large_image","twitter_misc":{"Price":"&#67;&#72;&#70;&nbsp;672.00","Availability":"In stock"},"schema":{"@context":"https:\/\/schema.org","@graph":[{"@type":"WebPage","@id":"https:\/\/myntwork.com\/de-ch\/produkt\/frezza-beam-sitzgestell-alplus-seating\/","url":"https:\/\/myntwork.com\/de-ch\/produkt\/frezza-beam-sitzgestell-alplus-seating\/","name":"Frezza Alplus Seating Beam-Sitzgestelle","isPartOf":{"@id":"https:\/\/myntwork.com\/de-ch\/#website"},"primaryImageOfPage":{"@id":"https:\/\/myntwork.com\/de-ch\/produkt\/frezza-beam-sitzgestell-alplus-seating\/#primaryimage"},"image":{"@id":"https:\/\/myntwork.com\/de-ch\/produkt\/frezza-beam-sitzgestell-alplus-seating\/#primaryimage"},"thumbnailUrl":"https:\/\/myntwork.com\/wp-content\/uploads\/2026\/08\/2159706e623c4d8b97fe31bbdd927ebf.jpg","datePublished":"2026-08-26T08:59:16+00:00","description":"Entdecken Sie Frezza Alplus Beam-Sitzgestelle f\u00fcr Zwei- und Dreisitzer-Anordnungen mit schwarzen, grauen oder wei\u00dfen Oberfl\u00e4chen und flexiblen Breiten f\u00fcr gemeinsam genutzte R\u00e4ume.","breadcrumb":{"@id":"https:\/\/myntwork.com\/de-ch\/produkt\/frezza-beam-sitzgestell-alplus-seating\/#breadcrumb"},"inLanguage":"en-US","potentialAction":[{"@type":"ReadAction","target":["https:\/\/myntwork.com\/de-ch\/produkt\/frezza-beam-sitzgestell-alplus-seating\/"]}]},{"@type":"ImageObject","inLanguage":"en-US","@id":"https:\/\/myntwork.com\/de-ch\/produkt\/frezza-beam-sitzgestell-alplus-seating\/#primaryimage","url":"https:\/\/myntwork.com\/wp-content\/uploads\/2026\/08\/2159706e623c4d8b97fe31bbdd927ebf.jpg","contentUrl":"https:\/\/myntwork.com\/wp-content\/uploads\/2026\/08\/2159706e623c4d8b97fe31bbdd927ebf.jpg","caption":"Frezza Alplus Seating Alplus 2-Seater Structure W160 D60 2-Seat Support"},{"@type":"BreadcrumbList","@id":"https:\/\/myntwork.com\/de-ch\/produkt\/frezza-beam-sitzgestell-alplus-seating\/#breadcrumb","itemListElement":[{"@type":"ListItem","position":1,"name":"Home","item":"https:\/\/myntwork.com\/de-ch\/"},{"@type":"ListItem","position":2,"name":"Kategorien","item":"https:\/\/myntwork.com\/de-ch\/kategorien\/"},{"@type":"ListItem","position":3,"name":"Frezza Beam-Sitzgestell Alplus Seating"}]},{"@type":"WebSite","@id":"https:\/\/myntwork.com\/de-ch\/#website","url":"https:\/\/myntwork.com\/de-ch\/","name":"Myntwork","description":"Lease neue B\u00fcrom\u00f6bel | Ab 3.95 pro Arbeitsplatz","publisher":{"@id":"https:\/\/myntwork.com\/de-ch\/#organization"},"potentialAction":[{"@type":"SearchAction","target":{"@type":"EntryPoint","urlTemplate":"https:\/\/myntwork.com\/de-ch\/?s={search_term_string}"},"query-input":{"@type":"PropertyValueSpecification","valueRequired":true,"valueName":"search_term_string"}}],"inLanguage":"en-US"},{"@type":"Organization","@id":"https:\/\/myntwork.com\/de-ch\/#organization","name":"Myntwork","url":"https:\/\/myntwork.com\/de-ch\/","logo":{"@type":"ImageObject","inLanguage":"en-US","@id":"https:\/\/myntwork.com\/de-ch\/#\/schema\/logo\/image\/","url":"https:\/\/myntwork.com\/wp-content\/uploads\/2025\/08\/myntwork.png","contentUrl":"https:\/\/myntwork.com\/wp-content\/uploads\/2025\/08\/myntwork.png","width":696,"height":696,"caption":"Myntwork"},"image":{"@id":"https:\/\/myntwork.com\/de-ch\/#\/schema\/logo\/image\/"},"description":"Myntwork is een Nederlands bedrijf, gespecialiseerd in het leasen van kantoormeubilair. Het concept draait om flexibiliteit, eenvoud en duurzaamheid, waarbij bedrijven hoogwaardige meubels kunnen huren zonder grote upfront investeringen.","email":"contact@myntwork.com","telephone":"+31854017823","legalName":"Myntwork B.V.","foundingDate":"2024-01-26","vatID":"NL861015290B01","numberOfEmployees":{"@type":"QuantitativeValue","minValue":"1","maxValue":"10"}}]},"product_brand":"Frezza","product_price_amount":"672.00","product_price_currency":"CHF","og_availability":"instock","product_availability":"instock","product_retailer_item_id":"GROUP-64ED23F446C3","product_condition":"new"},"_links":{"self":[{"href":"https:\/\/myntwork.com\/de-ch\/wp-json\/wp\/v2\/product\/28638","targetHints":{"allow":["GET"]}}],"collection":[{"href":"https:\/\/myntwork.com\/de-ch\/wp-json\/wp\/v2\/product"}],"about":[{"href":"https:\/\/myntwork.com\/de-ch\/wp-json\/wp\/v2\/types\/product"}],"replies":[{"embeddable":true,"href":"https:\/\/myntwork.com\/de-ch\/wp-json\/wp\/v2\/comments?post=28638"}],"wp:featuredmedia":[{"embeddable":true,"href":"https:\/\/myntwork.com\/de-ch\/wp-json\/wp\/v2\/media\/8146"}],"wp:attachment":[{"href":"https:\/\/myntwork.com\/de-ch\/wp-json\/wp\/v2\/media?parent=28638"}],"wp:term":[{"taxonomy":"product_brand","embeddable":true,"href":"https:\/\/myntwork.com\/de-ch\/wp-json\/wp\/v2\/product_brand?post=28638"},{"taxonomy":"product_cat","embeddable":true,"href":"https:\/\/myntwork.com\/de-ch\/wp-json\/wp\/v2\/product_cat?post=28638"},{"taxonomy":"product_tag","embeddable":true,"href":"https:\/\/myntwork.com\/de-ch\/wp-json\/wp\/v2\/product_tag?post=28638"}],"curies":[{"name":"wp","href":"https:\/\/api.w.org\/{rel}","templated":true}]}}