{"id":28639,"date":"2026-08-26T08:59:17","date_gmt":"2026-08-26T08:59:17","guid":{"rendered":"https:\/\/myntwork.com\/de-ch\/product\/bralco-executive-schreibtisch\/"},"modified":"2026-08-26T08:59:17","modified_gmt":"2026-08-26T08:59:17","slug":"bralco-executive-schreibtisch","status":"publish","type":"product","link":"https:\/\/myntwork.com\/de-ch\/produkt\/bralco-executive-schreibtisch\/","title":{"rendered":"Bralco Executive-Schreibtisch"},"content":{"rendered":"<h2>F\u00fcr konzentriertes Arbeiten allein konzipiert<\/h2>\n<p>Bralco Executive-Schreibtische sind f\u00fcr eine Person vorgesehen und eignen sich f\u00fcr B\u00fcros, in denen ein gro\u00dfz\u00fcgiger, unkomplizierter Arbeitsplatz wichtig ist. Ihre gerade, rechteckige Form bietet eine \u00fcbersichtliche Arbeitsfl\u00e4che f\u00fcr die t\u00e4gliche Computernutzung, Papierarbeiten, Besprechungen mit Besuchern oder konzentrierte Projektarbeit.<\/p>\n<p>Mit ihrer Konstruktion in fester H\u00f6he und dem Gestell mit Wangengestell vermittelt die Serie einen souver\u00e4nen Executive-Charakter, ohne unn\u00f6tige Komplexit\u00e4t. Die verf\u00fcgbaren Breiten erm\u00f6glichen es, den Schreibtisch an den Raum, die ben\u00f6tigte Arbeitsfl\u00e4che und die visuelle Balance des B\u00fcros anzupassen.<\/p>\n<h2>Vergleichen Sie die verf\u00fcgbaren Bralco-Konfigurationen<\/h2>\n<p>Die beiden aufgef\u00fchrten Modelle tragen denselben Seriennamen und verf\u00fcgen \u00fcber das grundlegende Format eines Executive-Schreibtischs, w\u00e4hrend Abmessungen und Materialkombinationen die verf\u00fcgbaren Konfigurationen unterscheiden. Die Breiten betragen 180 cm und 200 cm, bei einer Tiefe von 90 cm und einer rechteckigen Tischplatte.<\/p>\n<p>Je nach gew\u00e4hltem Modell kann der Schreibtisch eine Melaminplatte mit einem Stahlgestell kombinieren oder Melamin, Furnier, Metall und einen Ledereinsatz umfassen. F\u00fcr Oberfl\u00e4che und Gestell stehen neutrale Farbt\u00f6ne, Rot und Holzt\u00f6ne zur Verf\u00fcgung. Eine Kompatibilit\u00e4t mit einer Kabelwanne ist gegeben, eine Kabelwanne ist jedoch nicht im Lieferumfang enthalten.<\/p>\n","protected":false},"excerpt":{"rendered":"<p>Alle Modelle des Bralco Executive-Schreibtischs anzeigen.<\/p>\n","protected":false},"featured_media":8181,"comment_status":"open","ping_status":"closed","template":"","meta":{"_acf_changed":false},"product_brand":[690],"product_cat":[420,383],"product_tag":[],"class_list":["post-28639","product","type-product","status-publish","has-post-thumbnail","product_brand-bralco","product_cat-chefschreibtische","product_cat-schreibtische","pa_anzahl-personen-1-person","pa_bluetooth-steuerung-no","pa_garantie-2-year","pa_geeignet-fur-kabelwanne-yes","pa_gestellfarbe-beige","pa_gestellfarbe-brown","pa_gestellfarbe-grey","pa_gestellfarbe-wood","pa_gestellfarbe-red","pa_gestellfarbe-black","pa_gestellfarbe-white","pa_gestellmaterial-wood","pa_gestellmaterial-melamine","pa_gestellmaterial-metal","pa_gestellmaterial-steel","pa_inklusive-kabelkanal-no","pa_marke-bralco","pa_oberflachenfarbe-beige","pa_oberflachenfarbe-brown","pa_oberflachenfarbe-grey","pa_oberflachenfarbe-wood","pa_oberflachenfarbe-red","pa_oberflachenfarbe-black","pa_oberflachenfarbe-white","pa_rahmentyp-panel-leg","pa_schreibtischtyp-straight-desk","pa_tischplattenform-rectangular","pa_tischplattenmaterial-oak","pa_tischplattenmaterial-melamine","pa_verbindbar-no","pa_verstellbar-no","first","instock","virtual","sold-individually","product-type-mynt_group"],"acf":[],"yoast_head":"<!-- This site is optimized with the Yoast SEO Premium plugin v25.6 (Yoast SEO v28.3) - https:\/\/yoast.com\/product\/yoast-seo-premium-wordpress\/ -->\n<title>Bralco Executive-Schreibtisch | Executive-Schreibtische<\/title>\n<meta name=\"description\" content=\"Entdecken Sie Bralco Executive-Schreibtische f\u00fcr konzentrierte Arbeitsbereiche mit rechteckigen Tischplatten, Ledereins\u00e4tzen, Kompatibilit\u00e4t mit Kabelwannen\u2026\" \/>\n<meta name=\"robots\" content=\"index, follow, max-snippet:-1, max-image-preview:large, max-video-preview:-1\" \/>\n<link rel=\"canonical\" href=\"https:\/\/myntwork.com\/de-ch\/produkt\/bralco-executive-schreibtisch\/\" \/>\n<meta property=\"og:locale\" content=\"en_US\" \/>\n<meta property=\"og:type\" content=\"article\" \/>\n<meta property=\"og:title\" content=\"Bralco Executive-Schreibtisch\" \/>\n<meta property=\"og:description\" content=\"Entdecken Sie Bralco Executive-Schreibtische f\u00fcr konzentrierte Arbeitsbereiche mit rechteckigen Tischplatten, Ledereins\u00e4tzen, Kompatibilit\u00e4t mit Kabelwannen und monatlichem Leasing von Myntwork.\" \/>\n<meta property=\"og:url\" content=\"https:\/\/myntwork.com\/de-ch\/produkt\/bralco-executive-schreibtisch\/\" \/>\n<meta property=\"og:site_name\" content=\"Myntwork Schweiz\" \/>\n<meta property=\"og:image\" content=\"https:\/\/myntwork.com\/wp-content\/uploads\/2026\/08\/bfba57df933848e28a56ed75f1482872.jpg\" \/>\n\t<meta property=\"og:image:width\" content=\"1200\" \/>\n\t<meta property=\"og:image:height\" content=\"1200\" \/>\n\t<meta property=\"og:image:type\" content=\"image\/jpeg\" \/>\n<meta name=\"twitter:card\" content=\"summary_large_image\" \/>\n<meta name=\"twitter:label1\" content=\"Price\" \/>\n\t<meta name=\"twitter:data1\" content=\"&#067;&#072;&#070;&nbsp;1,137.00\" \/>\n\t<meta name=\"twitter:label2\" content=\"Availability\" \/>\n\t<meta name=\"twitter:data2\" content=\"In stock\" \/>\n<script type=\"application\/ld+json\" class=\"yoast-schema-graph\">{\"@context\":\"https:\\\/\\\/schema.org\",\"@graph\":[{\"@type\":\"WebPage\",\"@id\":\"https:\\\/\\\/myntwork.com\\\/de-ch\\\/produkt\\\/bralco-executive-schreibtisch\\\/\",\"url\":\"https:\\\/\\\/myntwork.com\\\/de-ch\\\/produkt\\\/bralco-executive-schreibtisch\\\/\",\"name\":\"Bralco Executive-Schreibtisch | Executive-Schreibtische\",\"isPartOf\":{\"@id\":\"https:\\\/\\\/myntwork.com\\\/de-ch\\\/#website\"},\"primaryImageOfPage\":{\"@id\":\"https:\\\/\\\/myntwork.com\\\/de-ch\\\/produkt\\\/bralco-executive-schreibtisch\\\/#primaryimage\"},\"image\":{\"@id\":\"https:\\\/\\\/myntwork.com\\\/de-ch\\\/produkt\\\/bralco-executive-schreibtisch\\\/#primaryimage\"},\"thumbnailUrl\":\"https:\\\/\\\/myntwork.com\\\/wp-content\\\/uploads\\\/2026\\\/08\\\/bfba57df933848e28a56ed75f1482872.jpg\",\"datePublished\":\"2026-08-26T08:59:17+00:00\",\"description\":\"Entdecken Sie Bralco Executive-Schreibtische f\u00fcr konzentrierte Arbeitsbereiche mit rechteckigen Tischplatten, Ledereins\u00e4tzen, Kompatibilit\u00e4t mit Kabelwannen und monatlichem Leasing von Myntwork.\",\"breadcrumb\":{\"@id\":\"https:\\\/\\\/myntwork.com\\\/de-ch\\\/produkt\\\/bralco-executive-schreibtisch\\\/#breadcrumb\"},\"inLanguage\":\"en-US\",\"potentialAction\":[{\"@type\":\"ReadAction\",\"target\":[\"https:\\\/\\\/myntwork.com\\\/de-ch\\\/produkt\\\/bralco-executive-schreibtisch\\\/\"]}]},{\"@type\":\"ImageObject\",\"inLanguage\":\"en-US\",\"@id\":\"https:\\\/\\\/myntwork.com\\\/de-ch\\\/produkt\\\/bralco-executive-schreibtisch\\\/#primaryimage\",\"url\":\"https:\\\/\\\/myntwork.com\\\/wp-content\\\/uploads\\\/2026\\\/08\\\/bfba57df933848e28a56ed75f1482872.jpg\",\"contentUrl\":\"https:\\\/\\\/myntwork.com\\\/wp-content\\\/uploads\\\/2026\\\/08\\\/bfba57df933848e28a56ed75f1482872.jpg\",\"caption\":\"Bralco Fixed-Height Leather Insert Executive Desk\"},{\"@type\":\"BreadcrumbList\",\"@id\":\"https:\\\/\\\/myntwork.com\\\/de-ch\\\/produkt\\\/bralco-executive-schreibtisch\\\/#breadcrumb\",\"itemListElement\":[{\"@type\":\"ListItem\",\"position\":1,\"name\":\"Home\",\"item\":\"https:\\\/\\\/myntwork.com\\\/de-ch\\\/\"},{\"@type\":\"ListItem\",\"position\":2,\"name\":\"Kategorien\",\"item\":\"https:\\\/\\\/myntwork.com\\\/de-ch\\\/kategorien\\\/\"},{\"@type\":\"ListItem\",\"position\":3,\"name\":\"Bralco Executive-Schreibtisch\"}]},{\"@type\":\"WebSite\",\"@id\":\"https:\\\/\\\/myntwork.com\\\/de-ch\\\/#website\",\"url\":\"https:\\\/\\\/myntwork.com\\\/de-ch\\\/\",\"name\":\"Myntwork\",\"description\":\"Lease neue B\u00fcrom\u00f6bel | Ab 3.95 pro Arbeitsplatz\",\"publisher\":{\"@id\":\"https:\\\/\\\/myntwork.com\\\/de-ch\\\/#organization\"},\"potentialAction\":[{\"@type\":\"SearchAction\",\"target\":{\"@type\":\"EntryPoint\",\"urlTemplate\":\"https:\\\/\\\/myntwork.com\\\/de-ch\\\/?s={search_term_string}\"},\"query-input\":{\"@type\":\"PropertyValueSpecification\",\"valueRequired\":true,\"valueName\":\"search_term_string\"}}],\"inLanguage\":\"en-US\"},{\"@type\":\"Organization\",\"@id\":\"https:\\\/\\\/myntwork.com\\\/de-ch\\\/#organization\",\"name\":\"Myntwork\",\"url\":\"https:\\\/\\\/myntwork.com\\\/de-ch\\\/\",\"logo\":{\"@type\":\"ImageObject\",\"inLanguage\":\"en-US\",\"@id\":\"https:\\\/\\\/myntwork.com\\\/de-ch\\\/#\\\/schema\\\/logo\\\/image\\\/\",\"url\":\"https:\\\/\\\/myntwork.com\\\/wp-content\\\/uploads\\\/2025\\\/08\\\/myntwork.png\",\"contentUrl\":\"https:\\\/\\\/myntwork.com\\\/wp-content\\\/uploads\\\/2025\\\/08\\\/myntwork.png\",\"width\":696,\"height\":696,\"caption\":\"Myntwork\"},\"image\":{\"@id\":\"https:\\\/\\\/myntwork.com\\\/de-ch\\\/#\\\/schema\\\/logo\\\/image\\\/\"},\"description\":\"Myntwork is een Nederlands bedrijf, gespecialiseerd in het leasen van kantoormeubilair. Het concept draait om flexibiliteit, eenvoud en duurzaamheid, waarbij bedrijven hoogwaardige meubels kunnen huren zonder grote upfront investeringen.\",\"email\":\"contact@myntwork.com\",\"telephone\":\"+31854017823\",\"legalName\":\"Myntwork B.V.\",\"foundingDate\":\"2024-01-26\",\"vatID\":\"NL861015290B01\",\"numberOfEmployees\":{\"@type\":\"QuantitativeValue\",\"minValue\":\"1\",\"maxValue\":\"10\"}}]}<\/script>\n<meta property=\"product:brand\" content=\"Bralco\" \/>\n<meta property=\"product:price:amount\" content=\"1137.00\" \/>\n<meta property=\"product:price:currency\" content=\"CHF\" \/>\n<meta property=\"og:availability\" content=\"instock\" \/>\n<meta property=\"product:availability\" content=\"instock\" \/>\n<meta property=\"product:retailer_item_id\" content=\"GROUP-3465422A864A\" \/>\n<meta property=\"product:condition\" content=\"new\" \/>\n<!-- \/ Yoast SEO Premium plugin. -->","yoast_head_json":{"title":"Bralco Executive-Schreibtisch | Executive-Schreibtische","description":"Entdecken Sie Bralco Executive-Schreibtische f\u00fcr konzentrierte Arbeitsbereiche mit rechteckigen Tischplatten, Ledereins\u00e4tzen, Kompatibilit\u00e4t mit Kabelwannen\u2026","robots":{"index":"index","follow":"follow","max-snippet":"max-snippet:-1","max-image-preview":"max-image-preview:large","max-video-preview":"max-video-preview:-1"},"canonical":"https:\/\/myntwork.com\/de-ch\/produkt\/bralco-executive-schreibtisch\/","og_locale":"en_US","og_type":"article","og_title":"Bralco Executive-Schreibtisch","og_description":"Entdecken Sie Bralco Executive-Schreibtische f\u00fcr konzentrierte Arbeitsbereiche mit rechteckigen Tischplatten, Ledereins\u00e4tzen, Kompatibilit\u00e4t mit Kabelwannen und monatlichem Leasing von Myntwork.","og_url":"https:\/\/myntwork.com\/de-ch\/produkt\/bralco-executive-schreibtisch\/","og_site_name":"Myntwork Schweiz","og_image":[{"url":"https:\/\/myntwork.com\/wp-content\/uploads\/2026\/08\/bfba57df933848e28a56ed75f1482872.jpg","width":1200,"height":1200,"type":"image\/jpeg"}],"twitter_card":"summary_large_image","twitter_misc":{"Price":"&#67;&#72;&#70;&nbsp;1,137.00","Availability":"In stock"},"schema":{"@context":"https:\/\/schema.org","@graph":[{"@type":"WebPage","@id":"https:\/\/myntwork.com\/de-ch\/produkt\/bralco-executive-schreibtisch\/","url":"https:\/\/myntwork.com\/de-ch\/produkt\/bralco-executive-schreibtisch\/","name":"Bralco Executive-Schreibtisch | Executive-Schreibtische","isPartOf":{"@id":"https:\/\/myntwork.com\/de-ch\/#website"},"primaryImageOfPage":{"@id":"https:\/\/myntwork.com\/de-ch\/produkt\/bralco-executive-schreibtisch\/#primaryimage"},"image":{"@id":"https:\/\/myntwork.com\/de-ch\/produkt\/bralco-executive-schreibtisch\/#primaryimage"},"thumbnailUrl":"https:\/\/myntwork.com\/wp-content\/uploads\/2026\/08\/bfba57df933848e28a56ed75f1482872.jpg","datePublished":"2026-08-26T08:59:17+00:00","description":"Entdecken Sie Bralco Executive-Schreibtische f\u00fcr konzentrierte Arbeitsbereiche mit rechteckigen Tischplatten, Ledereins\u00e4tzen, Kompatibilit\u00e4t mit Kabelwannen und monatlichem Leasing von Myntwork.","breadcrumb":{"@id":"https:\/\/myntwork.com\/de-ch\/produkt\/bralco-executive-schreibtisch\/#breadcrumb"},"inLanguage":"en-US","potentialAction":[{"@type":"ReadAction","target":["https:\/\/myntwork.com\/de-ch\/produkt\/bralco-executive-schreibtisch\/"]}]},{"@type":"ImageObject","inLanguage":"en-US","@id":"https:\/\/myntwork.com\/de-ch\/produkt\/bralco-executive-schreibtisch\/#primaryimage","url":"https:\/\/myntwork.com\/wp-content\/uploads\/2026\/08\/bfba57df933848e28a56ed75f1482872.jpg","contentUrl":"https:\/\/myntwork.com\/wp-content\/uploads\/2026\/08\/bfba57df933848e28a56ed75f1482872.jpg","caption":"Bralco Fixed-Height Leather Insert Executive Desk"},{"@type":"BreadcrumbList","@id":"https:\/\/myntwork.com\/de-ch\/produkt\/bralco-executive-schreibtisch\/#breadcrumb","itemListElement":[{"@type":"ListItem","position":1,"name":"Home","item":"https:\/\/myntwork.com\/de-ch\/"},{"@type":"ListItem","position":2,"name":"Kategorien","item":"https:\/\/myntwork.com\/de-ch\/kategorien\/"},{"@type":"ListItem","position":3,"name":"Bralco Executive-Schreibtisch"}]},{"@type":"WebSite","@id":"https:\/\/myntwork.com\/de-ch\/#website","url":"https:\/\/myntwork.com\/de-ch\/","name":"Myntwork","description":"Lease neue B\u00fcrom\u00f6bel | Ab 3.95 pro Arbeitsplatz","publisher":{"@id":"https:\/\/myntwork.com\/de-ch\/#organization"},"potentialAction":[{"@type":"SearchAction","target":{"@type":"EntryPoint","urlTemplate":"https:\/\/myntwork.com\/de-ch\/?s={search_term_string}"},"query-input":{"@type":"PropertyValueSpecification","valueRequired":true,"valueName":"search_term_string"}}],"inLanguage":"en-US"},{"@type":"Organization","@id":"https:\/\/myntwork.com\/de-ch\/#organization","name":"Myntwork","url":"https:\/\/myntwork.com\/de-ch\/","logo":{"@type":"ImageObject","inLanguage":"en-US","@id":"https:\/\/myntwork.com\/de-ch\/#\/schema\/logo\/image\/","url":"https:\/\/myntwork.com\/wp-content\/uploads\/2025\/08\/myntwork.png","contentUrl":"https:\/\/myntwork.com\/wp-content\/uploads\/2025\/08\/myntwork.png","width":696,"height":696,"caption":"Myntwork"},"image":{"@id":"https:\/\/myntwork.com\/de-ch\/#\/schema\/logo\/image\/"},"description":"Myntwork is een Nederlands bedrijf, gespecialiseerd in het leasen van kantoormeubilair. Het concept draait om flexibiliteit, eenvoud en duurzaamheid, waarbij bedrijven hoogwaardige meubels kunnen huren zonder grote upfront investeringen.","email":"contact@myntwork.com","telephone":"+31854017823","legalName":"Myntwork B.V.","foundingDate":"2024-01-26","vatID":"NL861015290B01","numberOfEmployees":{"@type":"QuantitativeValue","minValue":"1","maxValue":"10"}}]},"product_brand":"Bralco","product_price_amount":"1137.00","product_price_currency":"CHF","og_availability":"instock","product_availability":"instock","product_retailer_item_id":"GROUP-3465422A864A","product_condition":"new"},"_links":{"self":[{"href":"https:\/\/myntwork.com\/de-ch\/wp-json\/wp\/v2\/product\/28639","targetHints":{"allow":["GET"]}}],"collection":[{"href":"https:\/\/myntwork.com\/de-ch\/wp-json\/wp\/v2\/product"}],"about":[{"href":"https:\/\/myntwork.com\/de-ch\/wp-json\/wp\/v2\/types\/product"}],"replies":[{"embeddable":true,"href":"https:\/\/myntwork.com\/de-ch\/wp-json\/wp\/v2\/comments?post=28639"}],"wp:featuredmedia":[{"embeddable":true,"href":"https:\/\/myntwork.com\/de-ch\/wp-json\/wp\/v2\/media\/8181"}],"wp:attachment":[{"href":"https:\/\/myntwork.com\/de-ch\/wp-json\/wp\/v2\/media?parent=28639"}],"wp:term":[{"taxonomy":"product_brand","embeddable":true,"href":"https:\/\/myntwork.com\/de-ch\/wp-json\/wp\/v2\/product_brand?post=28639"},{"taxonomy":"product_cat","embeddable":true,"href":"https:\/\/myntwork.com\/de-ch\/wp-json\/wp\/v2\/product_cat?post=28639"},{"taxonomy":"product_tag","embeddable":true,"href":"https:\/\/myntwork.com\/de-ch\/wp-json\/wp\/v2\/product_tag?post=28639"}],"curies":[{"name":"wp","href":"https:\/\/api.w.org\/{rel}","templated":true}]}}