{"id":28739,"date":"2026-08-26T11:13:25","date_gmt":"2026-08-26T11:13:25","guid":{"rendered":"https:\/\/myntwork.com\/de-ch\/product\/frezza-sofa-trennpaneel-alplus\/"},"modified":"2026-08-26T11:13:25","modified_gmt":"2026-08-26T11:13:25","slug":"frezza-sofa-trennpaneel-alplus","status":"publish","type":"product","link":"https:\/\/myntwork.com\/de-ch\/produkt\/frezza-sofa-trennpaneel-alplus\/","title":{"rendered":"Frezza Sofa-Trennpaneel Alplus"},"content":{"rendered":"<h2>F\u00fcr flexible Arbeitsumgebungen entwickelt<\/h2>\n<p>Frezza Alplus Sofa-Trennpaneele helfen dabei, Sofabereiche in B\u00fcros, Breakout-Zonen und gemeinschaftlich genutzten Innenr\u00e4umen zu definieren, ohne jede Umgebung als vollst\u00e4ndig abgetrennten Raum zu behandeln. Die Kollektion eignet sich f\u00fcr Arbeitspl\u00e4tze, die eine flexible visuelle Trennung rund um Sitzbereiche ben\u00f6tigen \u2013 sei es, um einen Lounge-Bereich von einem Verkehrsweg abzugrenzen oder einer kollaborativen Fl\u00e4che eine klarere Begrenzung zu geben.<\/p>\n<p>Mit Farboptionen wie Beige, Schwarz, Gr\u00fcn, Grau, Blau, Orange, Rot und Gelb k\u00f6nnen Alplus Paneele sowohl eine zur\u00fcckhaltende als auch eine ausdrucksst\u00e4rkere Raumgestaltung unterst\u00fctzen. Die genaue Verf\u00fcgbarkeit h\u00e4ngt vom gew\u00e4hlten Modell und der Konfiguration ab.<\/p>\n<h2>Zwei Paneelvarianten innerhalb der Alplus Familie<\/h2>\n<p>Die Kollektion umfasst den Alplus Sofa Divider f\u00fcr Sofa-Trennpaneele, ein kreisf\u00f6rmiges Design in ausgew\u00e4hlten Breiten und Tiefen, sowie das akustische, stoffbezogene Alplus Sofa-Mounted Acoustic Sofa-Trennpaneel zur Befestigung an einem Sofa. Diese unterschiedlichen Ausf\u00fchrungen erleichtern den Vergleich zwischen einem skulpturalen Raumteiler und einer st\u00e4rker integrierten Akustikl\u00f6sung.<\/p>\n<p>Die verf\u00fcgbaren Abmessungen umfassen je nach aufgef\u00fchrter Konfiguration Breiten von 80, 140 und 160 cm sowie Tiefen von 63 und 123 cm. In den jeweiligen Produktdetails k\u00f6nnen Sie pr\u00fcfen, welche Abmessungen, Farben und Oberfl\u00e4chen f\u00fcr Ihr bevorzugtes Modell gelten.<\/p>\n","protected":false},"excerpt":{"rendered":"<p>Alle Modelle der Frezza Sofa-Trennpaneele Alplus ansehen.<\/p>\n","protected":false},"featured_media":9200,"comment_status":"open","ping_status":"closed","template":"","meta":{"_acf_changed":false},"product_brand":[620],"product_cat":[390,409],"product_tag":[],"class_list":["post-28739","product","type-product","status-publish","has-post-thumbnail","product_brand-frezza","product_cat-akustik","product_cat-akustische-raumteiler","pa_farbe-beige","pa_farbe-blue","pa_farbe-yellow","pa_farbe-grey","pa_farbe-green","pa_farbe-orange","pa_farbe-red","pa_farbe-black","pa_marke-frezza","first","instock","virtual","sold-individually","product-type-mynt_group"],"acf":[],"yoast_head":"<!-- This site is optimized with the Yoast SEO Premium plugin v25.6 (Yoast SEO v28.3) - https:\/\/yoast.com\/product\/yoast-seo-premium-wordpress\/ -->\n<title>Frezza Alplus Sofa-Trennpaneele | Myntwork<\/title>\n<meta name=\"description\" content=\"Entdecken Sie Frezza Alplus Sofa-Trennpaneele von Myntwork \u2013 mit kreisf\u00f6rmigen und akustischen, am Sofa befestigten Varianten in ausgew\u00e4hlten Farben und\u2026\" \/>\n<meta name=\"robots\" content=\"index, follow, max-snippet:-1, max-image-preview:large, max-video-preview:-1\" \/>\n<link rel=\"canonical\" href=\"https:\/\/myntwork.com\/de-ch\/produkt\/frezza-sofa-trennpaneel-alplus\/\" \/>\n<meta property=\"og:locale\" content=\"en_US\" \/>\n<meta property=\"og:type\" content=\"article\" \/>\n<meta property=\"og:title\" content=\"Frezza Sofa-Trennpaneel Alplus\" \/>\n<meta property=\"og:description\" content=\"Entdecken Sie Frezza Alplus Sofa-Trennpaneele von Myntwork \u2013 mit kreisf\u00f6rmigen und akustischen, am Sofa befestigten Varianten in ausgew\u00e4hlten Farben und Gr\u00f6\u00dfen f\u00fcr Arbeitsumgebungen.\" \/>\n<meta property=\"og:url\" content=\"https:\/\/myntwork.com\/de-ch\/produkt\/frezza-sofa-trennpaneel-alplus\/\" \/>\n<meta property=\"og:site_name\" content=\"Myntwork Schweiz\" \/>\n<meta property=\"og:image\" content=\"https:\/\/myntwork.com\/wp-content\/uploads\/2026\/08\/8f0517bf61f64c9e9e5d2fe34c674bff.jpg\" \/>\n\t<meta property=\"og:image:width\" content=\"1200\" \/>\n\t<meta property=\"og:image:height\" content=\"1200\" \/>\n\t<meta property=\"og:image:type\" content=\"image\/jpeg\" \/>\n<meta name=\"twitter:card\" content=\"summary_large_image\" \/>\n<meta name=\"twitter:label1\" content=\"Price\" \/>\n\t<meta name=\"twitter:data1\" content=\"&#067;&#072;&#070;&nbsp;1,384.00\" \/>\n\t<meta name=\"twitter:label2\" content=\"Availability\" \/>\n\t<meta name=\"twitter:data2\" content=\"In stock\" \/>\n<script type=\"application\/ld+json\" class=\"yoast-schema-graph\">{\"@context\":\"https:\\\/\\\/schema.org\",\"@graph\":[{\"@type\":\"WebPage\",\"@id\":\"https:\\\/\\\/myntwork.com\\\/de-ch\\\/produkt\\\/frezza-sofa-trennpaneel-alplus\\\/\",\"url\":\"https:\\\/\\\/myntwork.com\\\/de-ch\\\/produkt\\\/frezza-sofa-trennpaneel-alplus\\\/\",\"name\":\"Frezza Alplus Sofa-Trennpaneele | Myntwork\",\"isPartOf\":{\"@id\":\"https:\\\/\\\/myntwork.com\\\/de-ch\\\/#website\"},\"primaryImageOfPage\":{\"@id\":\"https:\\\/\\\/myntwork.com\\\/de-ch\\\/produkt\\\/frezza-sofa-trennpaneel-alplus\\\/#primaryimage\"},\"image\":{\"@id\":\"https:\\\/\\\/myntwork.com\\\/de-ch\\\/produkt\\\/frezza-sofa-trennpaneel-alplus\\\/#primaryimage\"},\"thumbnailUrl\":\"https:\\\/\\\/myntwork.com\\\/wp-content\\\/uploads\\\/2026\\\/08\\\/8f0517bf61f64c9e9e5d2fe34c674bff.jpg\",\"datePublished\":\"2026-08-26T11:13:25+00:00\",\"description\":\"Entdecken Sie Frezza Alplus Sofa-Trennpaneele von Myntwork \u2013 mit kreisf\u00f6rmigen und akustischen, am Sofa befestigten Varianten in ausgew\u00e4hlten Farben und Gr\u00f6\u00dfen f\u00fcr Arbeitsumgebungen.\",\"breadcrumb\":{\"@id\":\"https:\\\/\\\/myntwork.com\\\/de-ch\\\/produkt\\\/frezza-sofa-trennpaneel-alplus\\\/#breadcrumb\"},\"inLanguage\":\"en-US\",\"potentialAction\":[{\"@type\":\"ReadAction\",\"target\":[\"https:\\\/\\\/myntwork.com\\\/de-ch\\\/produkt\\\/frezza-sofa-trennpaneel-alplus\\\/\"]}]},{\"@type\":\"ImageObject\",\"inLanguage\":\"en-US\",\"@id\":\"https:\\\/\\\/myntwork.com\\\/de-ch\\\/produkt\\\/frezza-sofa-trennpaneel-alplus\\\/#primaryimage\",\"url\":\"https:\\\/\\\/myntwork.com\\\/wp-content\\\/uploads\\\/2026\\\/08\\\/8f0517bf61f64c9e9e5d2fe34c674bff.jpg\",\"contentUrl\":\"https:\\\/\\\/myntwork.com\\\/wp-content\\\/uploads\\\/2026\\\/08\\\/8f0517bf61f64c9e9e5d2fe34c674bff.jpg\",\"caption\":\"Frezza Alplus Sofa-Mounted Acoustic Sofa Dividing Panel\"},{\"@type\":\"BreadcrumbList\",\"@id\":\"https:\\\/\\\/myntwork.com\\\/de-ch\\\/produkt\\\/frezza-sofa-trennpaneel-alplus\\\/#breadcrumb\",\"itemListElement\":[{\"@type\":\"ListItem\",\"position\":1,\"name\":\"Home\",\"item\":\"https:\\\/\\\/myntwork.com\\\/de-ch\\\/\"},{\"@type\":\"ListItem\",\"position\":2,\"name\":\"Kategorien\",\"item\":\"https:\\\/\\\/myntwork.com\\\/de-ch\\\/kategorien\\\/\"},{\"@type\":\"ListItem\",\"position\":3,\"name\":\"Frezza Sofa-Trennpaneel Alplus\"}]},{\"@type\":\"WebSite\",\"@id\":\"https:\\\/\\\/myntwork.com\\\/de-ch\\\/#website\",\"url\":\"https:\\\/\\\/myntwork.com\\\/de-ch\\\/\",\"name\":\"Myntwork\",\"description\":\"Lease neue B\u00fcrom\u00f6bel | Ab 3.95 pro Arbeitsplatz\",\"publisher\":{\"@id\":\"https:\\\/\\\/myntwork.com\\\/de-ch\\\/#organization\"},\"potentialAction\":[{\"@type\":\"SearchAction\",\"target\":{\"@type\":\"EntryPoint\",\"urlTemplate\":\"https:\\\/\\\/myntwork.com\\\/de-ch\\\/?s={search_term_string}\"},\"query-input\":{\"@type\":\"PropertyValueSpecification\",\"valueRequired\":true,\"valueName\":\"search_term_string\"}}],\"inLanguage\":\"en-US\"},{\"@type\":\"Organization\",\"@id\":\"https:\\\/\\\/myntwork.com\\\/de-ch\\\/#organization\",\"name\":\"Myntwork\",\"url\":\"https:\\\/\\\/myntwork.com\\\/de-ch\\\/\",\"logo\":{\"@type\":\"ImageObject\",\"inLanguage\":\"en-US\",\"@id\":\"https:\\\/\\\/myntwork.com\\\/de-ch\\\/#\\\/schema\\\/logo\\\/image\\\/\",\"url\":\"https:\\\/\\\/myntwork.com\\\/wp-content\\\/uploads\\\/2025\\\/08\\\/myntwork.png\",\"contentUrl\":\"https:\\\/\\\/myntwork.com\\\/wp-content\\\/uploads\\\/2025\\\/08\\\/myntwork.png\",\"width\":696,\"height\":696,\"caption\":\"Myntwork\"},\"image\":{\"@id\":\"https:\\\/\\\/myntwork.com\\\/de-ch\\\/#\\\/schema\\\/logo\\\/image\\\/\"},\"description\":\"Myntwork is een Nederlands bedrijf, gespecialiseerd in het leasen van kantoormeubilair. Het concept draait om flexibiliteit, eenvoud en duurzaamheid, waarbij bedrijven hoogwaardige meubels kunnen huren zonder grote upfront investeringen.\",\"email\":\"contact@myntwork.com\",\"telephone\":\"+31854017823\",\"legalName\":\"Myntwork B.V.\",\"foundingDate\":\"2024-01-26\",\"vatID\":\"NL861015290B01\",\"numberOfEmployees\":{\"@type\":\"QuantitativeValue\",\"minValue\":\"1\",\"maxValue\":\"10\"}}]}<\/script>\n<meta property=\"product:brand\" content=\"Frezza\" \/>\n<meta property=\"product:price:amount\" content=\"1384.00\" \/>\n<meta property=\"product:price:currency\" content=\"CHF\" \/>\n<meta property=\"og:availability\" content=\"instock\" \/>\n<meta property=\"product:availability\" content=\"instock\" \/>\n<meta property=\"product:retailer_item_id\" content=\"GROUP-B909E828FADC\" \/>\n<meta property=\"product:condition\" content=\"new\" \/>\n<!-- \/ Yoast SEO Premium plugin. -->","yoast_head_json":{"title":"Frezza Alplus Sofa-Trennpaneele | Myntwork","description":"Entdecken Sie Frezza Alplus Sofa-Trennpaneele von Myntwork \u2013 mit kreisf\u00f6rmigen und akustischen, am Sofa befestigten Varianten in ausgew\u00e4hlten Farben und\u2026","robots":{"index":"index","follow":"follow","max-snippet":"max-snippet:-1","max-image-preview":"max-image-preview:large","max-video-preview":"max-video-preview:-1"},"canonical":"https:\/\/myntwork.com\/de-ch\/produkt\/frezza-sofa-trennpaneel-alplus\/","og_locale":"en_US","og_type":"article","og_title":"Frezza Sofa-Trennpaneel Alplus","og_description":"Entdecken Sie Frezza Alplus Sofa-Trennpaneele von Myntwork \u2013 mit kreisf\u00f6rmigen und akustischen, am Sofa befestigten Varianten in ausgew\u00e4hlten Farben und Gr\u00f6\u00dfen f\u00fcr Arbeitsumgebungen.","og_url":"https:\/\/myntwork.com\/de-ch\/produkt\/frezza-sofa-trennpaneel-alplus\/","og_site_name":"Myntwork Schweiz","og_image":[{"url":"https:\/\/myntwork.com\/wp-content\/uploads\/2026\/08\/8f0517bf61f64c9e9e5d2fe34c674bff.jpg","width":1200,"height":1200,"type":"image\/jpeg"}],"twitter_card":"summary_large_image","twitter_misc":{"Price":"&#67;&#72;&#70;&nbsp;1,384.00","Availability":"In stock"},"schema":{"@context":"https:\/\/schema.org","@graph":[{"@type":"WebPage","@id":"https:\/\/myntwork.com\/de-ch\/produkt\/frezza-sofa-trennpaneel-alplus\/","url":"https:\/\/myntwork.com\/de-ch\/produkt\/frezza-sofa-trennpaneel-alplus\/","name":"Frezza Alplus Sofa-Trennpaneele | Myntwork","isPartOf":{"@id":"https:\/\/myntwork.com\/de-ch\/#website"},"primaryImageOfPage":{"@id":"https:\/\/myntwork.com\/de-ch\/produkt\/frezza-sofa-trennpaneel-alplus\/#primaryimage"},"image":{"@id":"https:\/\/myntwork.com\/de-ch\/produkt\/frezza-sofa-trennpaneel-alplus\/#primaryimage"},"thumbnailUrl":"https:\/\/myntwork.com\/wp-content\/uploads\/2026\/08\/8f0517bf61f64c9e9e5d2fe34c674bff.jpg","datePublished":"2026-08-26T11:13:25+00:00","description":"Entdecken Sie Frezza Alplus Sofa-Trennpaneele von Myntwork \u2013 mit kreisf\u00f6rmigen und akustischen, am Sofa befestigten Varianten in ausgew\u00e4hlten Farben und Gr\u00f6\u00dfen f\u00fcr Arbeitsumgebungen.","breadcrumb":{"@id":"https:\/\/myntwork.com\/de-ch\/produkt\/frezza-sofa-trennpaneel-alplus\/#breadcrumb"},"inLanguage":"en-US","potentialAction":[{"@type":"ReadAction","target":["https:\/\/myntwork.com\/de-ch\/produkt\/frezza-sofa-trennpaneel-alplus\/"]}]},{"@type":"ImageObject","inLanguage":"en-US","@id":"https:\/\/myntwork.com\/de-ch\/produkt\/frezza-sofa-trennpaneel-alplus\/#primaryimage","url":"https:\/\/myntwork.com\/wp-content\/uploads\/2026\/08\/8f0517bf61f64c9e9e5d2fe34c674bff.jpg","contentUrl":"https:\/\/myntwork.com\/wp-content\/uploads\/2026\/08\/8f0517bf61f64c9e9e5d2fe34c674bff.jpg","caption":"Frezza Alplus Sofa-Mounted Acoustic Sofa Dividing Panel"},{"@type":"BreadcrumbList","@id":"https:\/\/myntwork.com\/de-ch\/produkt\/frezza-sofa-trennpaneel-alplus\/#breadcrumb","itemListElement":[{"@type":"ListItem","position":1,"name":"Home","item":"https:\/\/myntwork.com\/de-ch\/"},{"@type":"ListItem","position":2,"name":"Kategorien","item":"https:\/\/myntwork.com\/de-ch\/kategorien\/"},{"@type":"ListItem","position":3,"name":"Frezza Sofa-Trennpaneel Alplus"}]},{"@type":"WebSite","@id":"https:\/\/myntwork.com\/de-ch\/#website","url":"https:\/\/myntwork.com\/de-ch\/","name":"Myntwork","description":"Lease neue B\u00fcrom\u00f6bel | Ab 3.95 pro Arbeitsplatz","publisher":{"@id":"https:\/\/myntwork.com\/de-ch\/#organization"},"potentialAction":[{"@type":"SearchAction","target":{"@type":"EntryPoint","urlTemplate":"https:\/\/myntwork.com\/de-ch\/?s={search_term_string}"},"query-input":{"@type":"PropertyValueSpecification","valueRequired":true,"valueName":"search_term_string"}}],"inLanguage":"en-US"},{"@type":"Organization","@id":"https:\/\/myntwork.com\/de-ch\/#organization","name":"Myntwork","url":"https:\/\/myntwork.com\/de-ch\/","logo":{"@type":"ImageObject","inLanguage":"en-US","@id":"https:\/\/myntwork.com\/de-ch\/#\/schema\/logo\/image\/","url":"https:\/\/myntwork.com\/wp-content\/uploads\/2025\/08\/myntwork.png","contentUrl":"https:\/\/myntwork.com\/wp-content\/uploads\/2025\/08\/myntwork.png","width":696,"height":696,"caption":"Myntwork"},"image":{"@id":"https:\/\/myntwork.com\/de-ch\/#\/schema\/logo\/image\/"},"description":"Myntwork is een Nederlands bedrijf, gespecialiseerd in het leasen van kantoormeubilair. Het concept draait om flexibiliteit, eenvoud en duurzaamheid, waarbij bedrijven hoogwaardige meubels kunnen huren zonder grote upfront investeringen.","email":"contact@myntwork.com","telephone":"+31854017823","legalName":"Myntwork B.V.","foundingDate":"2024-01-26","vatID":"NL861015290B01","numberOfEmployees":{"@type":"QuantitativeValue","minValue":"1","maxValue":"10"}}]},"product_brand":"Frezza","product_price_amount":"1384.00","product_price_currency":"CHF","og_availability":"instock","product_availability":"instock","product_retailer_item_id":"GROUP-B909E828FADC","product_condition":"new"},"_links":{"self":[{"href":"https:\/\/myntwork.com\/de-ch\/wp-json\/wp\/v2\/product\/28739","targetHints":{"allow":["GET"]}}],"collection":[{"href":"https:\/\/myntwork.com\/de-ch\/wp-json\/wp\/v2\/product"}],"about":[{"href":"https:\/\/myntwork.com\/de-ch\/wp-json\/wp\/v2\/types\/product"}],"replies":[{"embeddable":true,"href":"https:\/\/myntwork.com\/de-ch\/wp-json\/wp\/v2\/comments?post=28739"}],"wp:featuredmedia":[{"embeddable":true,"href":"https:\/\/myntwork.com\/de-ch\/wp-json\/wp\/v2\/media\/9200"}],"wp:attachment":[{"href":"https:\/\/myntwork.com\/de-ch\/wp-json\/wp\/v2\/media?parent=28739"}],"wp:term":[{"taxonomy":"product_brand","embeddable":true,"href":"https:\/\/myntwork.com\/de-ch\/wp-json\/wp\/v2\/product_brand?post=28739"},{"taxonomy":"product_cat","embeddable":true,"href":"https:\/\/myntwork.com\/de-ch\/wp-json\/wp\/v2\/product_cat?post=28739"},{"taxonomy":"product_tag","embeddable":true,"href":"https:\/\/myntwork.com\/de-ch\/wp-json\/wp\/v2\/product_tag?post=28739"}],"curies":[{"name":"wp","href":"https:\/\/api.w.org\/{rel}","templated":true}]}}