{"id":28840,"date":"2026-08-26T13:13:24","date_gmt":"2026-08-26T13:13:24","guid":{"rendered":"https:\/\/myntwork.com\/de-ch\/product\/bralco-bench-desk-7\/"},"modified":"2026-08-26T13:13:24","modified_gmt":"2026-08-26T13:13:24","slug":"bralco-bench-desk-7","status":"publish","type":"product","link":"https:\/\/myntwork.com\/de-ch\/produkt\/bralco-bench-desk-7\/","title":{"rendered":"Bralco Bench-Desk"},"content":{"rendered":"<h2>Bench-Desks f\u00fcr gemeinsames Arbeiten im B\u00fcro<\/h2>\n<p>Bralco Bench-Desks sind f\u00fcr zwei Personen konzipiert, die in einer abgestimmten B\u00fcroumgebung nebeneinander arbeiten. Die Produktfamilie eignet sich f\u00fcr Teambereiche, Projektr\u00e4ume und Arbeitspl\u00e4tze, bei denen ein einheitlicher Grundriss wichtig ist. Beide Modelle verf\u00fcgen \u00fcber Melaminplatten und eine stabile Konstruktion auf Metallbasis, wobei mehrere Oberfl\u00e4chen- und Gestellfarben verf\u00fcgbar sind.<\/p>\n<p>Die Breiten reichen von 120 bis 200 cm, w\u00e4hrend die verf\u00fcgbaren Tiefen 124, 164 und 169 cm umfassen. So l\u00e4sst sich der Arbeitsplatz an die verf\u00fcgbare Bodenfl\u00e4che und die Arbeitsweise des jeweiligen Teams anpassen.<\/p>\n<h2>Zwei Arbeitsplatzformate im Vergleich<\/h2>\n<p>Das fixe Modell ist ein gerader Schreibtisch mit rechteckiger Tischplatte und durchgehenden Beinen. Damit eignet es sich besonders f\u00fcr zwei miteinander verbundene Schreibtische in einer linearen Anordnung. Das h\u00f6henverstellbare Modell ist ein Eckarbeitsplatz mit Handkurbel und eignet sich f\u00fcr Nutzer, die zwischen Sitzen und Stehen wechseln m\u00f6chten.<\/p>\n<p>Innerhalb der Produktfamilie ist eine Kompatibilit\u00e4t mit Kabelwannen gegeben, allerdings ist die Kabelwanne nicht bei jeder Konfiguration enthalten. Pr\u00fcfen Sie beim Vergleich von Anordnungen und Zubeh\u00f6r die Details des jeweiligen Modells.<\/p>\n","protected":false},"excerpt":{"rendered":"<p>Alle Modelle des Bralco Bench-Desk ansehen.<\/p>\n","protected":false},"featured_media":10364,"comment_status":"open","ping_status":"closed","template":"","meta":{"_acf_changed":false},"product_brand":[690],"product_cat":[416,383],"product_tag":[],"class_list":["post-28840","product","type-product","status-publish","has-post-thumbnail","product_brand-bralco","product_cat-bench-schreibtische","product_cat-schreibtische","pa_anzahl-personen-2-people","pa_bluetooth-steuerung-no","pa_garantie-2-year","pa_geeignet-fur-kabelwanne-yes","pa_gestellfarbe-brown","pa_gestellfarbe-grey","pa_gestellfarbe-green","pa_gestellfarbe-pink","pa_gestellfarbe-black","pa_gestellfarbe-silver","pa_gestellfarbe-white","pa_gestellmaterial-aluminum","pa_gestellmaterial-metal","pa_inklusive-kabelkanal-yes","pa_inklusive-kabelkanal-no","pa_kollektion-beam","pa_marke-bralco","pa_oberflachenfarbe-beige","pa_oberflachenfarbe-brown","pa_oberflachenfarbe-grey","pa_oberflachenfarbe-black","pa_oberflachenfarbe-white","pa_rahmentyp-continuous-leg","pa_schreibtischtyp-straight-desk","pa_schreibtischtyp-sit-stand-desk","pa_tischplattenform-corner","pa_tischplattenform-rectangular","pa_tischplattenmaterial-melamine","pa_verbindbar-no","pa_verstellbar-yes","pa_verstellbar-no","first","instock","virtual","sold-individually","product-type-mynt_group"],"acf":[],"yoast_head":"<!-- This site is optimized with the Yoast SEO Premium plugin v25.6 (Yoast SEO v28.3) - https:\/\/yoast.com\/product\/yoast-seo-premium-wordpress\/ -->\n<title>Myntwork Bralco Bench-Desk | Arbeitspl\u00e4tze f\u00fcr 2 Personen<\/title>\n<meta name=\"description\" content=\"Entdecken Sie Bralco Bench-Desks f\u00fcr zwei Personen \u2013 von festen geraden Arbeitspl\u00e4tzen bis zu h\u00f6henverstellbaren Eckl\u00f6sungen, mit Melaminplatten und\u2026\" \/>\n<meta name=\"robots\" content=\"index, follow, max-snippet:-1, max-image-preview:large, max-video-preview:-1\" \/>\n<link rel=\"canonical\" href=\"https:\/\/myntwork.com\/de-ch\/produkt\/bralco-bench-desk-7\/\" \/>\n<meta property=\"og:locale\" content=\"en_US\" \/>\n<meta property=\"og:type\" content=\"article\" \/>\n<meta property=\"og:title\" content=\"Bralco Bench-Desk\" \/>\n<meta property=\"og:description\" content=\"Entdecken Sie Bralco Bench-Desks f\u00fcr zwei Personen \u2013 von festen geraden Arbeitspl\u00e4tzen bis zu h\u00f6henverstellbaren Eckl\u00f6sungen, mit Melaminplatten und Kabeloptionen auf lease.\" \/>\n<meta property=\"og:url\" content=\"https:\/\/myntwork.com\/de-ch\/produkt\/bralco-bench-desk-7\/\" \/>\n<meta property=\"og:site_name\" content=\"Myntwork Schweiz\" \/>\n<meta property=\"og:image\" content=\"https:\/\/myntwork.com\/wp-content\/uploads\/2026\/08\/fdb00ccc70d345dd986d1541e546e5ed.jpg\" \/>\n\t<meta property=\"og:image:width\" content=\"1200\" \/>\n\t<meta property=\"og:image:height\" content=\"1200\" \/>\n\t<meta property=\"og:image:type\" content=\"image\/jpeg\" \/>\n<meta name=\"twitter:card\" content=\"summary_large_image\" \/>\n<meta name=\"twitter:label1\" content=\"Price\" \/>\n\t<meta name=\"twitter:data1\" content=\"&#067;&#072;&#070;&nbsp;714.00\" \/>\n\t<meta name=\"twitter:label2\" content=\"Availability\" \/>\n\t<meta name=\"twitter:data2\" content=\"In stock\" \/>\n<script type=\"application\/ld+json\" class=\"yoast-schema-graph\">{\"@context\":\"https:\\\/\\\/schema.org\",\"@graph\":[{\"@type\":\"WebPage\",\"@id\":\"https:\\\/\\\/myntwork.com\\\/de-ch\\\/produkt\\\/bralco-bench-desk-7\\\/\",\"url\":\"https:\\\/\\\/myntwork.com\\\/de-ch\\\/produkt\\\/bralco-bench-desk-7\\\/\",\"name\":\"Myntwork Bralco Bench-Desk | Arbeitspl\u00e4tze f\u00fcr 2 Personen\",\"isPartOf\":{\"@id\":\"https:\\\/\\\/myntwork.com\\\/de-ch\\\/#website\"},\"primaryImageOfPage\":{\"@id\":\"https:\\\/\\\/myntwork.com\\\/de-ch\\\/produkt\\\/bralco-bench-desk-7\\\/#primaryimage\"},\"image\":{\"@id\":\"https:\\\/\\\/myntwork.com\\\/de-ch\\\/produkt\\\/bralco-bench-desk-7\\\/#primaryimage\"},\"thumbnailUrl\":\"https:\\\/\\\/myntwork.com\\\/wp-content\\\/uploads\\\/2026\\\/08\\\/fdb00ccc70d345dd986d1541e546e5ed.jpg\",\"datePublished\":\"2026-08-26T13:13:24+00:00\",\"description\":\"Entdecken Sie Bralco Bench-Desks f\u00fcr zwei Personen \u2013 von festen geraden Arbeitspl\u00e4tzen bis zu h\u00f6henverstellbaren Eckl\u00f6sungen, mit Melaminplatten und Kabeloptionen auf lease.\",\"breadcrumb\":{\"@id\":\"https:\\\/\\\/myntwork.com\\\/de-ch\\\/produkt\\\/bralco-bench-desk-7\\\/#breadcrumb\"},\"inLanguage\":\"en-US\",\"potentialAction\":[{\"@type\":\"ReadAction\",\"target\":[\"https:\\\/\\\/myntwork.com\\\/de-ch\\\/produkt\\\/bralco-bench-desk-7\\\/\"]}]},{\"@type\":\"ImageObject\",\"inLanguage\":\"en-US\",\"@id\":\"https:\\\/\\\/myntwork.com\\\/de-ch\\\/produkt\\\/bralco-bench-desk-7\\\/#primaryimage\",\"url\":\"https:\\\/\\\/myntwork.com\\\/wp-content\\\/uploads\\\/2026\\\/08\\\/fdb00ccc70d345dd986d1541e546e5ed.jpg\",\"contentUrl\":\"https:\\\/\\\/myntwork.com\\\/wp-content\\\/uploads\\\/2026\\\/08\\\/fdb00ccc70d345dd986d1541e546e5ed.jpg\",\"caption\":\"Bralco Double Workstation With Hand-Crank Height Adjustment Electric Bench Desk\"},{\"@type\":\"BreadcrumbList\",\"@id\":\"https:\\\/\\\/myntwork.com\\\/de-ch\\\/produkt\\\/bralco-bench-desk-7\\\/#breadcrumb\",\"itemListElement\":[{\"@type\":\"ListItem\",\"position\":1,\"name\":\"Home\",\"item\":\"https:\\\/\\\/myntwork.com\\\/de-ch\\\/\"},{\"@type\":\"ListItem\",\"position\":2,\"name\":\"Kategorien\",\"item\":\"https:\\\/\\\/myntwork.com\\\/de-ch\\\/kategorien\\\/\"},{\"@type\":\"ListItem\",\"position\":3,\"name\":\"Bralco Bench-Desk\"}]},{\"@type\":\"WebSite\",\"@id\":\"https:\\\/\\\/myntwork.com\\\/de-ch\\\/#website\",\"url\":\"https:\\\/\\\/myntwork.com\\\/de-ch\\\/\",\"name\":\"Myntwork\",\"description\":\"Lease neue B\u00fcrom\u00f6bel | Ab 3.95 pro Arbeitsplatz\",\"publisher\":{\"@id\":\"https:\\\/\\\/myntwork.com\\\/de-ch\\\/#organization\"},\"potentialAction\":[{\"@type\":\"SearchAction\",\"target\":{\"@type\":\"EntryPoint\",\"urlTemplate\":\"https:\\\/\\\/myntwork.com\\\/de-ch\\\/?s={search_term_string}\"},\"query-input\":{\"@type\":\"PropertyValueSpecification\",\"valueRequired\":true,\"valueName\":\"search_term_string\"}}],\"inLanguage\":\"en-US\"},{\"@type\":\"Organization\",\"@id\":\"https:\\\/\\\/myntwork.com\\\/de-ch\\\/#organization\",\"name\":\"Myntwork\",\"url\":\"https:\\\/\\\/myntwork.com\\\/de-ch\\\/\",\"logo\":{\"@type\":\"ImageObject\",\"inLanguage\":\"en-US\",\"@id\":\"https:\\\/\\\/myntwork.com\\\/de-ch\\\/#\\\/schema\\\/logo\\\/image\\\/\",\"url\":\"https:\\\/\\\/myntwork.com\\\/wp-content\\\/uploads\\\/2025\\\/08\\\/myntwork.png\",\"contentUrl\":\"https:\\\/\\\/myntwork.com\\\/wp-content\\\/uploads\\\/2025\\\/08\\\/myntwork.png\",\"width\":696,\"height\":696,\"caption\":\"Myntwork\"},\"image\":{\"@id\":\"https:\\\/\\\/myntwork.com\\\/de-ch\\\/#\\\/schema\\\/logo\\\/image\\\/\"},\"description\":\"Myntwork is een Nederlands bedrijf, gespecialiseerd in het leasen van kantoormeubilair. Het concept draait om flexibiliteit, eenvoud en duurzaamheid, waarbij bedrijven hoogwaardige meubels kunnen huren zonder grote upfront investeringen.\",\"email\":\"contact@myntwork.com\",\"telephone\":\"+31854017823\",\"legalName\":\"Myntwork B.V.\",\"foundingDate\":\"2024-01-26\",\"vatID\":\"NL861015290B01\",\"numberOfEmployees\":{\"@type\":\"QuantitativeValue\",\"minValue\":\"1\",\"maxValue\":\"10\"}}]}<\/script>\n<meta property=\"product:brand\" content=\"Bralco\" \/>\n<meta property=\"product:price:amount\" content=\"714.00\" \/>\n<meta property=\"product:price:currency\" content=\"CHF\" \/>\n<meta property=\"og:availability\" content=\"instock\" \/>\n<meta property=\"product:availability\" content=\"instock\" \/>\n<meta property=\"product:retailer_item_id\" content=\"GROUP-F8DE9C56EE13\" \/>\n<meta property=\"product:condition\" content=\"new\" \/>\n<!-- \/ Yoast SEO Premium plugin. -->","yoast_head_json":{"title":"Myntwork Bralco Bench-Desk | Arbeitspl\u00e4tze f\u00fcr 2 Personen","description":"Entdecken Sie Bralco Bench-Desks f\u00fcr zwei Personen \u2013 von festen geraden Arbeitspl\u00e4tzen bis zu h\u00f6henverstellbaren Eckl\u00f6sungen, mit Melaminplatten und\u2026","robots":{"index":"index","follow":"follow","max-snippet":"max-snippet:-1","max-image-preview":"max-image-preview:large","max-video-preview":"max-video-preview:-1"},"canonical":"https:\/\/myntwork.com\/de-ch\/produkt\/bralco-bench-desk-7\/","og_locale":"en_US","og_type":"article","og_title":"Bralco Bench-Desk","og_description":"Entdecken Sie Bralco Bench-Desks f\u00fcr zwei Personen \u2013 von festen geraden Arbeitspl\u00e4tzen bis zu h\u00f6henverstellbaren Eckl\u00f6sungen, mit Melaminplatten und Kabeloptionen auf lease.","og_url":"https:\/\/myntwork.com\/de-ch\/produkt\/bralco-bench-desk-7\/","og_site_name":"Myntwork Schweiz","og_image":[{"url":"https:\/\/myntwork.com\/wp-content\/uploads\/2026\/08\/fdb00ccc70d345dd986d1541e546e5ed.jpg","width":1200,"height":1200,"type":"image\/jpeg"}],"twitter_card":"summary_large_image","twitter_misc":{"Price":"&#67;&#72;&#70;&nbsp;714.00","Availability":"In stock"},"schema":{"@context":"https:\/\/schema.org","@graph":[{"@type":"WebPage","@id":"https:\/\/myntwork.com\/de-ch\/produkt\/bralco-bench-desk-7\/","url":"https:\/\/myntwork.com\/de-ch\/produkt\/bralco-bench-desk-7\/","name":"Myntwork Bralco Bench-Desk | Arbeitspl\u00e4tze f\u00fcr 2 Personen","isPartOf":{"@id":"https:\/\/myntwork.com\/de-ch\/#website"},"primaryImageOfPage":{"@id":"https:\/\/myntwork.com\/de-ch\/produkt\/bralco-bench-desk-7\/#primaryimage"},"image":{"@id":"https:\/\/myntwork.com\/de-ch\/produkt\/bralco-bench-desk-7\/#primaryimage"},"thumbnailUrl":"https:\/\/myntwork.com\/wp-content\/uploads\/2026\/08\/fdb00ccc70d345dd986d1541e546e5ed.jpg","datePublished":"2026-08-26T13:13:24+00:00","description":"Entdecken Sie Bralco Bench-Desks f\u00fcr zwei Personen \u2013 von festen geraden Arbeitspl\u00e4tzen bis zu h\u00f6henverstellbaren Eckl\u00f6sungen, mit Melaminplatten und Kabeloptionen auf lease.","breadcrumb":{"@id":"https:\/\/myntwork.com\/de-ch\/produkt\/bralco-bench-desk-7\/#breadcrumb"},"inLanguage":"en-US","potentialAction":[{"@type":"ReadAction","target":["https:\/\/myntwork.com\/de-ch\/produkt\/bralco-bench-desk-7\/"]}]},{"@type":"ImageObject","inLanguage":"en-US","@id":"https:\/\/myntwork.com\/de-ch\/produkt\/bralco-bench-desk-7\/#primaryimage","url":"https:\/\/myntwork.com\/wp-content\/uploads\/2026\/08\/fdb00ccc70d345dd986d1541e546e5ed.jpg","contentUrl":"https:\/\/myntwork.com\/wp-content\/uploads\/2026\/08\/fdb00ccc70d345dd986d1541e546e5ed.jpg","caption":"Bralco Double Workstation With Hand-Crank Height Adjustment Electric Bench Desk"},{"@type":"BreadcrumbList","@id":"https:\/\/myntwork.com\/de-ch\/produkt\/bralco-bench-desk-7\/#breadcrumb","itemListElement":[{"@type":"ListItem","position":1,"name":"Home","item":"https:\/\/myntwork.com\/de-ch\/"},{"@type":"ListItem","position":2,"name":"Kategorien","item":"https:\/\/myntwork.com\/de-ch\/kategorien\/"},{"@type":"ListItem","position":3,"name":"Bralco Bench-Desk"}]},{"@type":"WebSite","@id":"https:\/\/myntwork.com\/de-ch\/#website","url":"https:\/\/myntwork.com\/de-ch\/","name":"Myntwork","description":"Lease neue B\u00fcrom\u00f6bel | Ab 3.95 pro Arbeitsplatz","publisher":{"@id":"https:\/\/myntwork.com\/de-ch\/#organization"},"potentialAction":[{"@type":"SearchAction","target":{"@type":"EntryPoint","urlTemplate":"https:\/\/myntwork.com\/de-ch\/?s={search_term_string}"},"query-input":{"@type":"PropertyValueSpecification","valueRequired":true,"valueName":"search_term_string"}}],"inLanguage":"en-US"},{"@type":"Organization","@id":"https:\/\/myntwork.com\/de-ch\/#organization","name":"Myntwork","url":"https:\/\/myntwork.com\/de-ch\/","logo":{"@type":"ImageObject","inLanguage":"en-US","@id":"https:\/\/myntwork.com\/de-ch\/#\/schema\/logo\/image\/","url":"https:\/\/myntwork.com\/wp-content\/uploads\/2025\/08\/myntwork.png","contentUrl":"https:\/\/myntwork.com\/wp-content\/uploads\/2025\/08\/myntwork.png","width":696,"height":696,"caption":"Myntwork"},"image":{"@id":"https:\/\/myntwork.com\/de-ch\/#\/schema\/logo\/image\/"},"description":"Myntwork is een Nederlands bedrijf, gespecialiseerd in het leasen van kantoormeubilair. Het concept draait om flexibiliteit, eenvoud en duurzaamheid, waarbij bedrijven hoogwaardige meubels kunnen huren zonder grote upfront investeringen.","email":"contact@myntwork.com","telephone":"+31854017823","legalName":"Myntwork B.V.","foundingDate":"2024-01-26","vatID":"NL861015290B01","numberOfEmployees":{"@type":"QuantitativeValue","minValue":"1","maxValue":"10"}}]},"product_brand":"Bralco","product_price_amount":"714.00","product_price_currency":"CHF","og_availability":"instock","product_availability":"instock","product_retailer_item_id":"GROUP-F8DE9C56EE13","product_condition":"new"},"_links":{"self":[{"href":"https:\/\/myntwork.com\/de-ch\/wp-json\/wp\/v2\/product\/28840","targetHints":{"allow":["GET"]}}],"collection":[{"href":"https:\/\/myntwork.com\/de-ch\/wp-json\/wp\/v2\/product"}],"about":[{"href":"https:\/\/myntwork.com\/de-ch\/wp-json\/wp\/v2\/types\/product"}],"replies":[{"embeddable":true,"href":"https:\/\/myntwork.com\/de-ch\/wp-json\/wp\/v2\/comments?post=28840"}],"wp:featuredmedia":[{"embeddable":true,"href":"https:\/\/myntwork.com\/de-ch\/wp-json\/wp\/v2\/media\/10364"}],"wp:attachment":[{"href":"https:\/\/myntwork.com\/de-ch\/wp-json\/wp\/v2\/media?parent=28840"}],"wp:term":[{"taxonomy":"product_brand","embeddable":true,"href":"https:\/\/myntwork.com\/de-ch\/wp-json\/wp\/v2\/product_brand?post=28840"},{"taxonomy":"product_cat","embeddable":true,"href":"https:\/\/myntwork.com\/de-ch\/wp-json\/wp\/v2\/product_cat?post=28840"},{"taxonomy":"product_tag","embeddable":true,"href":"https:\/\/myntwork.com\/de-ch\/wp-json\/wp\/v2\/product_tag?post=28840"}],"curies":[{"name":"wp","href":"https:\/\/api.w.org\/{rel}","templated":true}]}}