{"id":28842,"date":"2026-08-26T13:13:27","date_gmt":"2026-08-26T13:13:27","guid":{"rendered":"https:\/\/myntwork.com\/de-ch\/product\/bralco-kabelwanne-2\/"},"modified":"2026-08-26T13:13:27","modified_gmt":"2026-08-26T13:13:27","slug":"bralco-kabelwanne-2","status":"publish","type":"product","link":"https:\/\/myntwork.com\/de-ch\/produkt\/bralco-kabelwanne-2\/","title":{"rendered":"Bralco-Kabelwanne"},"content":{"rendered":"<h2>Kabelmanagement am Schreibtisch f\u00fcr organisierte Arbeitspl\u00e4tze<\/h2>\n<p>Die Produktfamilie Bralco Cable Tray wurde f\u00fcr Unternehmen entwickelt, die Kabel rund um Schreibtische ordentlicher organisieren m\u00f6chten. Dieses Zubeh\u00f6r eignet sich f\u00fcr B\u00fcros, gemeinsam genutzte Arbeitsbereiche, Besprechungsr\u00e4ume und andere professionelle Umgebungen, in denen lose Kabel einen Arbeitsplatz unordentlich wirken lassen k\u00f6nnen.<\/p>\n<p>Alle drei Produkte sind schwarz und lassen sich daher einfach mit vielen Schreibtischoberfl\u00e4chen und B\u00fcroeinrichtungen kombinieren. Die Kollektion umfasst runde Kabelwannen sowie eine Kabelmanagement-Option im Schienenstil und bietet Ihnen damit bei der Planung Ihres Arbeitsplatzes die Wahl zwischen verschiedenen Formaten.<\/p>\n<h2>Vergleichen Sie die Wannen- und Schienenformate von Bralco<\/h2>\n<p>Die Produktfamilie umfasst die Bralco Desk Cable Management Cable Tray, die Desk Cable Management Rail Cable Tray und die Desk Cable Management Tray. Das Schienenmodell ist separat als KZ1790B2 gekennzeichnet, w\u00e4hrend die Wannenmodelle die SKUs KZ0990B1 und GZ0079AE verwenden.<\/p>\n<p>Eine der aufgef\u00fchrten Kabelwannen misst 101 \u00d7 26 \u00d7 3 cm und besteht aus lackiertem Metall. Die anderen Optionen sollten vor der Auswahl einzeln auf ihre verf\u00fcgbaren Spezifikationen und Kompatibilit\u00e4t gepr\u00fcft werden, insbesondere wenn ein vorhandenes Kabelmanagement-Zubeh\u00f6r ersetzt werden soll.<\/p>\n","protected":false},"excerpt":{"rendered":"<p>Alle Modelle der Bralco-Kabelwanne anzeigen.<\/p>\n","protected":false},"featured_media":10342,"comment_status":"open","ping_status":"closed","template":"","meta":{"_acf_changed":false},"product_brand":[690],"product_cat":[398,388],"product_tag":[],"class_list":["post-28842","product","type-product","status-publish","has-post-thumbnail","product_brand-bralco","product_cat-kabelmanagement","product_cat-zubehor","pa_farbe-black","pa_marke-bralco","first","instock","virtual","sold-individually","product-type-mynt_group"],"acf":[],"yoast_head":"<!-- This site is optimized with the Yoast SEO Premium plugin v25.6 (Yoast SEO v28.3) - https:\/\/yoast.com\/product\/yoast-seo-premium-wordpress\/ -->\n<title>Bralco-Kabelwanne | Kabelmanagement am Schreibtisch<\/title>\n<meta name=\"description\" content=\"Entdecken Sie schwarze Kabelwannen von Bralco f\u00fcr ordentliches Kabelmanagement am Schreibtisch. Vergleichen Sie drei Modelle und w\u00e4hlen Sie das passende\u2026\" \/>\n<meta name=\"robots\" content=\"index, follow, max-snippet:-1, max-image-preview:large, max-video-preview:-1\" \/>\n<link rel=\"canonical\" href=\"https:\/\/myntwork.com\/de-ch\/produkt\/bralco-kabelwanne-2\/\" \/>\n<meta property=\"og:locale\" content=\"en_US\" \/>\n<meta property=\"og:type\" content=\"article\" \/>\n<meta property=\"og:title\" content=\"Bralco-Kabelwanne\" \/>\n<meta property=\"og:description\" content=\"Entdecken Sie schwarze Kabelwannen von Bralco f\u00fcr ordentliches Kabelmanagement am Schreibtisch. Vergleichen Sie drei Modelle und w\u00e4hlen Sie das passende Zubeh\u00f6r f\u00fcr Ihren Arbeitsplatz mit Myntwork.\" \/>\n<meta property=\"og:url\" content=\"https:\/\/myntwork.com\/de-ch\/produkt\/bralco-kabelwanne-2\/\" \/>\n<meta property=\"og:site_name\" content=\"Myntwork Schweiz\" \/>\n<meta property=\"og:image\" content=\"https:\/\/myntwork.com\/wp-content\/uploads\/2026\/08\/0b406a12b539400280f0900c2e14dea7.jpg\" \/>\n\t<meta property=\"og:image:width\" content=\"1200\" \/>\n\t<meta property=\"og:image:height\" content=\"1200\" \/>\n\t<meta property=\"og:image:type\" content=\"image\/jpeg\" \/>\n<meta name=\"twitter:card\" content=\"summary_large_image\" \/>\n<meta name=\"twitter:label1\" content=\"Price\" \/>\n\t<meta name=\"twitter:data1\" content=\"&#067;&#072;&#070;&nbsp;158.00\" \/>\n\t<meta name=\"twitter:label2\" content=\"Availability\" \/>\n\t<meta name=\"twitter:data2\" content=\"In stock\" \/>\n<script type=\"application\/ld+json\" class=\"yoast-schema-graph\">{\"@context\":\"https:\\\/\\\/schema.org\",\"@graph\":[{\"@type\":\"WebPage\",\"@id\":\"https:\\\/\\\/myntwork.com\\\/de-ch\\\/produkt\\\/bralco-kabelwanne-2\\\/\",\"url\":\"https:\\\/\\\/myntwork.com\\\/de-ch\\\/produkt\\\/bralco-kabelwanne-2\\\/\",\"name\":\"Bralco-Kabelwanne | Kabelmanagement am Schreibtisch\",\"isPartOf\":{\"@id\":\"https:\\\/\\\/myntwork.com\\\/de-ch\\\/#website\"},\"primaryImageOfPage\":{\"@id\":\"https:\\\/\\\/myntwork.com\\\/de-ch\\\/produkt\\\/bralco-kabelwanne-2\\\/#primaryimage\"},\"image\":{\"@id\":\"https:\\\/\\\/myntwork.com\\\/de-ch\\\/produkt\\\/bralco-kabelwanne-2\\\/#primaryimage\"},\"thumbnailUrl\":\"https:\\\/\\\/myntwork.com\\\/wp-content\\\/uploads\\\/2026\\\/08\\\/0b406a12b539400280f0900c2e14dea7.jpg\",\"datePublished\":\"2026-08-26T13:13:27+00:00\",\"description\":\"Entdecken Sie schwarze Kabelwannen von Bralco f\u00fcr ordentliches Kabelmanagement am Schreibtisch. Vergleichen Sie drei Modelle und w\u00e4hlen Sie das passende Zubeh\u00f6r f\u00fcr Ihren Arbeitsplatz mit Myntwork.\",\"breadcrumb\":{\"@id\":\"https:\\\/\\\/myntwork.com\\\/de-ch\\\/produkt\\\/bralco-kabelwanne-2\\\/#breadcrumb\"},\"inLanguage\":\"en-US\",\"potentialAction\":[{\"@type\":\"ReadAction\",\"target\":[\"https:\\\/\\\/myntwork.com\\\/de-ch\\\/produkt\\\/bralco-kabelwanne-2\\\/\"]}]},{\"@type\":\"ImageObject\",\"inLanguage\":\"en-US\",\"@id\":\"https:\\\/\\\/myntwork.com\\\/de-ch\\\/produkt\\\/bralco-kabelwanne-2\\\/#primaryimage\",\"url\":\"https:\\\/\\\/myntwork.com\\\/wp-content\\\/uploads\\\/2026\\\/08\\\/0b406a12b539400280f0900c2e14dea7.jpg\",\"contentUrl\":\"https:\\\/\\\/myntwork.com\\\/wp-content\\\/uploads\\\/2026\\\/08\\\/0b406a12b539400280f0900c2e14dea7.jpg\",\"caption\":\"Bralco Desk Cable Management Tray Cable Tray\"},{\"@type\":\"BreadcrumbList\",\"@id\":\"https:\\\/\\\/myntwork.com\\\/de-ch\\\/produkt\\\/bralco-kabelwanne-2\\\/#breadcrumb\",\"itemListElement\":[{\"@type\":\"ListItem\",\"position\":1,\"name\":\"Home\",\"item\":\"https:\\\/\\\/myntwork.com\\\/de-ch\\\/\"},{\"@type\":\"ListItem\",\"position\":2,\"name\":\"Kategorien\",\"item\":\"https:\\\/\\\/myntwork.com\\\/de-ch\\\/kategorien\\\/\"},{\"@type\":\"ListItem\",\"position\":3,\"name\":\"Bralco-Kabelwanne\"}]},{\"@type\":\"WebSite\",\"@id\":\"https:\\\/\\\/myntwork.com\\\/de-ch\\\/#website\",\"url\":\"https:\\\/\\\/myntwork.com\\\/de-ch\\\/\",\"name\":\"Myntwork\",\"description\":\"Lease neue B\u00fcrom\u00f6bel | Ab 3.95 pro Arbeitsplatz\",\"publisher\":{\"@id\":\"https:\\\/\\\/myntwork.com\\\/de-ch\\\/#organization\"},\"potentialAction\":[{\"@type\":\"SearchAction\",\"target\":{\"@type\":\"EntryPoint\",\"urlTemplate\":\"https:\\\/\\\/myntwork.com\\\/de-ch\\\/?s={search_term_string}\"},\"query-input\":{\"@type\":\"PropertyValueSpecification\",\"valueRequired\":true,\"valueName\":\"search_term_string\"}}],\"inLanguage\":\"en-US\"},{\"@type\":\"Organization\",\"@id\":\"https:\\\/\\\/myntwork.com\\\/de-ch\\\/#organization\",\"name\":\"Myntwork\",\"url\":\"https:\\\/\\\/myntwork.com\\\/de-ch\\\/\",\"logo\":{\"@type\":\"ImageObject\",\"inLanguage\":\"en-US\",\"@id\":\"https:\\\/\\\/myntwork.com\\\/de-ch\\\/#\\\/schema\\\/logo\\\/image\\\/\",\"url\":\"https:\\\/\\\/myntwork.com\\\/wp-content\\\/uploads\\\/2025\\\/08\\\/myntwork.png\",\"contentUrl\":\"https:\\\/\\\/myntwork.com\\\/wp-content\\\/uploads\\\/2025\\\/08\\\/myntwork.png\",\"width\":696,\"height\":696,\"caption\":\"Myntwork\"},\"image\":{\"@id\":\"https:\\\/\\\/myntwork.com\\\/de-ch\\\/#\\\/schema\\\/logo\\\/image\\\/\"},\"description\":\"Myntwork is een Nederlands bedrijf, gespecialiseerd in het leasen van kantoormeubilair. Het concept draait om flexibiliteit, eenvoud en duurzaamheid, waarbij bedrijven hoogwaardige meubels kunnen huren zonder grote upfront investeringen.\",\"email\":\"contact@myntwork.com\",\"telephone\":\"+31854017823\",\"legalName\":\"Myntwork B.V.\",\"foundingDate\":\"2024-01-26\",\"vatID\":\"NL861015290B01\",\"numberOfEmployees\":{\"@type\":\"QuantitativeValue\",\"minValue\":\"1\",\"maxValue\":\"10\"}}]}<\/script>\n<meta property=\"product:brand\" content=\"Bralco\" \/>\n<meta property=\"product:price:amount\" content=\"158.00\" \/>\n<meta property=\"product:price:currency\" content=\"CHF\" \/>\n<meta property=\"og:availability\" content=\"instock\" \/>\n<meta property=\"product:availability\" content=\"instock\" \/>\n<meta property=\"product:retailer_item_id\" content=\"GROUP-2CA9AC8E448B\" \/>\n<meta property=\"product:condition\" content=\"new\" \/>\n<!-- \/ Yoast SEO Premium plugin. -->","yoast_head_json":{"title":"Bralco-Kabelwanne | Kabelmanagement am Schreibtisch","description":"Entdecken Sie schwarze Kabelwannen von Bralco f\u00fcr ordentliches Kabelmanagement am Schreibtisch. Vergleichen Sie drei Modelle und w\u00e4hlen Sie das passende\u2026","robots":{"index":"index","follow":"follow","max-snippet":"max-snippet:-1","max-image-preview":"max-image-preview:large","max-video-preview":"max-video-preview:-1"},"canonical":"https:\/\/myntwork.com\/de-ch\/produkt\/bralco-kabelwanne-2\/","og_locale":"en_US","og_type":"article","og_title":"Bralco-Kabelwanne","og_description":"Entdecken Sie schwarze Kabelwannen von Bralco f\u00fcr ordentliches Kabelmanagement am Schreibtisch. Vergleichen Sie drei Modelle und w\u00e4hlen Sie das passende Zubeh\u00f6r f\u00fcr Ihren Arbeitsplatz mit Myntwork.","og_url":"https:\/\/myntwork.com\/de-ch\/produkt\/bralco-kabelwanne-2\/","og_site_name":"Myntwork Schweiz","og_image":[{"url":"https:\/\/myntwork.com\/wp-content\/uploads\/2026\/08\/0b406a12b539400280f0900c2e14dea7.jpg","width":1200,"height":1200,"type":"image\/jpeg"}],"twitter_card":"summary_large_image","twitter_misc":{"Price":"&#67;&#72;&#70;&nbsp;158.00","Availability":"In stock"},"schema":{"@context":"https:\/\/schema.org","@graph":[{"@type":"WebPage","@id":"https:\/\/myntwork.com\/de-ch\/produkt\/bralco-kabelwanne-2\/","url":"https:\/\/myntwork.com\/de-ch\/produkt\/bralco-kabelwanne-2\/","name":"Bralco-Kabelwanne | Kabelmanagement am Schreibtisch","isPartOf":{"@id":"https:\/\/myntwork.com\/de-ch\/#website"},"primaryImageOfPage":{"@id":"https:\/\/myntwork.com\/de-ch\/produkt\/bralco-kabelwanne-2\/#primaryimage"},"image":{"@id":"https:\/\/myntwork.com\/de-ch\/produkt\/bralco-kabelwanne-2\/#primaryimage"},"thumbnailUrl":"https:\/\/myntwork.com\/wp-content\/uploads\/2026\/08\/0b406a12b539400280f0900c2e14dea7.jpg","datePublished":"2026-08-26T13:13:27+00:00","description":"Entdecken Sie schwarze Kabelwannen von Bralco f\u00fcr ordentliches Kabelmanagement am Schreibtisch. Vergleichen Sie drei Modelle und w\u00e4hlen Sie das passende Zubeh\u00f6r f\u00fcr Ihren Arbeitsplatz mit Myntwork.","breadcrumb":{"@id":"https:\/\/myntwork.com\/de-ch\/produkt\/bralco-kabelwanne-2\/#breadcrumb"},"inLanguage":"en-US","potentialAction":[{"@type":"ReadAction","target":["https:\/\/myntwork.com\/de-ch\/produkt\/bralco-kabelwanne-2\/"]}]},{"@type":"ImageObject","inLanguage":"en-US","@id":"https:\/\/myntwork.com\/de-ch\/produkt\/bralco-kabelwanne-2\/#primaryimage","url":"https:\/\/myntwork.com\/wp-content\/uploads\/2026\/08\/0b406a12b539400280f0900c2e14dea7.jpg","contentUrl":"https:\/\/myntwork.com\/wp-content\/uploads\/2026\/08\/0b406a12b539400280f0900c2e14dea7.jpg","caption":"Bralco Desk Cable Management Tray Cable Tray"},{"@type":"BreadcrumbList","@id":"https:\/\/myntwork.com\/de-ch\/produkt\/bralco-kabelwanne-2\/#breadcrumb","itemListElement":[{"@type":"ListItem","position":1,"name":"Home","item":"https:\/\/myntwork.com\/de-ch\/"},{"@type":"ListItem","position":2,"name":"Kategorien","item":"https:\/\/myntwork.com\/de-ch\/kategorien\/"},{"@type":"ListItem","position":3,"name":"Bralco-Kabelwanne"}]},{"@type":"WebSite","@id":"https:\/\/myntwork.com\/de-ch\/#website","url":"https:\/\/myntwork.com\/de-ch\/","name":"Myntwork","description":"Lease neue B\u00fcrom\u00f6bel | Ab 3.95 pro Arbeitsplatz","publisher":{"@id":"https:\/\/myntwork.com\/de-ch\/#organization"},"potentialAction":[{"@type":"SearchAction","target":{"@type":"EntryPoint","urlTemplate":"https:\/\/myntwork.com\/de-ch\/?s={search_term_string}"},"query-input":{"@type":"PropertyValueSpecification","valueRequired":true,"valueName":"search_term_string"}}],"inLanguage":"en-US"},{"@type":"Organization","@id":"https:\/\/myntwork.com\/de-ch\/#organization","name":"Myntwork","url":"https:\/\/myntwork.com\/de-ch\/","logo":{"@type":"ImageObject","inLanguage":"en-US","@id":"https:\/\/myntwork.com\/de-ch\/#\/schema\/logo\/image\/","url":"https:\/\/myntwork.com\/wp-content\/uploads\/2025\/08\/myntwork.png","contentUrl":"https:\/\/myntwork.com\/wp-content\/uploads\/2025\/08\/myntwork.png","width":696,"height":696,"caption":"Myntwork"},"image":{"@id":"https:\/\/myntwork.com\/de-ch\/#\/schema\/logo\/image\/"},"description":"Myntwork is een Nederlands bedrijf, gespecialiseerd in het leasen van kantoormeubilair. Het concept draait om flexibiliteit, eenvoud en duurzaamheid, waarbij bedrijven hoogwaardige meubels kunnen huren zonder grote upfront investeringen.","email":"contact@myntwork.com","telephone":"+31854017823","legalName":"Myntwork B.V.","foundingDate":"2024-01-26","vatID":"NL861015290B01","numberOfEmployees":{"@type":"QuantitativeValue","minValue":"1","maxValue":"10"}}]},"product_brand":"Bralco","product_price_amount":"158.00","product_price_currency":"CHF","og_availability":"instock","product_availability":"instock","product_retailer_item_id":"GROUP-2CA9AC8E448B","product_condition":"new"},"_links":{"self":[{"href":"https:\/\/myntwork.com\/de-ch\/wp-json\/wp\/v2\/product\/28842","targetHints":{"allow":["GET"]}}],"collection":[{"href":"https:\/\/myntwork.com\/de-ch\/wp-json\/wp\/v2\/product"}],"about":[{"href":"https:\/\/myntwork.com\/de-ch\/wp-json\/wp\/v2\/types\/product"}],"replies":[{"embeddable":true,"href":"https:\/\/myntwork.com\/de-ch\/wp-json\/wp\/v2\/comments?post=28842"}],"wp:featuredmedia":[{"embeddable":true,"href":"https:\/\/myntwork.com\/de-ch\/wp-json\/wp\/v2\/media\/10342"}],"wp:attachment":[{"href":"https:\/\/myntwork.com\/de-ch\/wp-json\/wp\/v2\/media?parent=28842"}],"wp:term":[{"taxonomy":"product_brand","embeddable":true,"href":"https:\/\/myntwork.com\/de-ch\/wp-json\/wp\/v2\/product_brand?post=28842"},{"taxonomy":"product_cat","embeddable":true,"href":"https:\/\/myntwork.com\/de-ch\/wp-json\/wp\/v2\/product_cat?post=28842"},{"taxonomy":"product_tag","embeddable":true,"href":"https:\/\/myntwork.com\/de-ch\/wp-json\/wp\/v2\/product_tag?post=28842"}],"curies":[{"name":"wp","href":"https:\/\/api.w.org\/{rel}","templated":true}]}}