{"id":29311,"date":"2026-08-26T22:13:08","date_gmt":"2026-08-26T22:13:08","guid":{"rendered":"https:\/\/myntwork.com\/de-ch\/product\/abstracta-akustikraum-plenty-pod\/"},"modified":"2026-08-26T22:13:08","modified_gmt":"2026-08-26T22:13:08","slug":"abstracta-akustikraum-plenty-pod","status":"publish","type":"product","link":"https:\/\/myntwork.com\/de-ch\/produkt\/abstracta-akustikraum-plenty-pod\/","title":{"rendered":"Abstracta Akustikraum Plenty Pod"},"content":{"rendered":"<h2>Akustikr\u00e4ume f\u00fcr flexible Arbeitspl\u00e4tze<\/h2>\n<p>Die Akustikr\u00e4ume von Abstracta Plenty Pod sind f\u00fcr B\u00fcros konzipiert, die innerhalb einer gr\u00f6\u00dferen Arbeitsumgebung klar abgegrenzte Bereiche ben\u00f6tigen. Sie eignen sich f\u00fcr konzentriertes Arbeiten, Telefonate, Gespr\u00e4che und kleine Teamaktivit\u00e4ten, bei denen eine akustisch optimierte Umgebung von Vorteil ist.<\/p>\n<p>Beide Modelle sind bodenstehend und verf\u00fcgen \u00fcber einen Boden, stoffbezogene Akustikfl\u00e4chen und einen eloxierten Rahmen. Damit eignet sich die Kollektion f\u00fcr Unternehmen, die praktische Arbeitszonen schaffen m\u00f6chten, ohne sich auf den konventionellen Ausbau eines dauerhaft installierten Raums festzulegen.<\/p>\n<h2>W\u00e4hlen Sie zwischen den Formaten Medium und Large<\/h2>\n<p>Die Plenty Pod Familie umfasst ein Medium-Modell und ein Large-Modell. Medium eignet sich f\u00fcr Arbeitspl\u00e4tze, die einen kompakteren Akustikraum ben\u00f6tigen, w\u00e4hrend Large zus\u00e4tzlichen Innenraum f\u00fcr Anwendungen bietet, die eine gro\u00dfz\u00fcgigere Umgebung erfordern.<\/p>\n<p>F\u00fcr die Kollektion sind die Ausf\u00fchrungen Beige, Schwarz, Gr\u00fcn, Grau, Blau, Braun, Orange und Wei\u00df erh\u00e4ltlich. Die angegebene H\u00f6he betr\u00e4gt 220 cm, w\u00e4hrend Breite und Tiefe je nach Modell variieren. Daher ist die Pr\u00fcfung der genauen Ma\u00dfe ein wichtiger n\u00e4chster Schritt.<\/p>\n","protected":false},"excerpt":{"rendered":"<p>Alle Modelle der Abstracta Akustikraum-Kollektion Plenty Pod ansehen.<\/p>\n","protected":false},"featured_media":21348,"comment_status":"open","ping_status":"closed","template":"","meta":{"_acf_changed":false},"product_brand":[2732],"product_cat":[390,408],"product_tag":[],"class_list":["post-29311","product","type-product","status-publish","has-post-thumbnail","product_brand-abstracta","product_cat-akustik","product_cat-akustikraume","pa_farbe-beige","pa_farbe-blue","pa_farbe-brown","pa_farbe-grey","pa_farbe-green","pa_farbe-orange","pa_farbe-black","pa_farbe-white","pa_garantie-on-request","pa_kollektion-plenty-pod","pa_marke-abstracta","first","instock","virtual","sold-individually","product-type-mynt_group"],"acf":[],"yoast_head":"<!-- This site is optimized with the Yoast SEO Premium plugin v25.6 (Yoast SEO v28.3) - https:\/\/yoast.com\/product\/yoast-seo-premium-wordpress\/ -->\n<title>Abstracta Plenty Pod Akustikr\u00e4ume | Myntwork<\/title>\n<meta name=\"description\" content=\"Entdecken Sie die Akustikr\u00e4ume von Abstracta Plenty Pod f\u00fcr konzentriertes Arbeiten \u2013 mit bodenstehenden Designs, Stoffausf\u00fchrungen und flexiblem monatlichem\u2026\" \/>\n<meta name=\"robots\" content=\"index, follow, max-snippet:-1, max-image-preview:large, max-video-preview:-1\" \/>\n<link rel=\"canonical\" href=\"https:\/\/myntwork.com\/de-ch\/produkt\/abstracta-akustikraum-plenty-pod\/\" \/>\n<meta property=\"og:locale\" content=\"en_US\" \/>\n<meta property=\"og:type\" content=\"article\" \/>\n<meta property=\"og:title\" content=\"Abstracta Akustikraum Plenty Pod\" \/>\n<meta property=\"og:description\" content=\"Entdecken Sie die Akustikr\u00e4ume von Abstracta Plenty Pod f\u00fcr konzentriertes Arbeiten \u2013 mit bodenstehenden Designs, Stoffausf\u00fchrungen und flexiblem monatlichem lease von Myntwork.\" \/>\n<meta property=\"og:url\" content=\"https:\/\/myntwork.com\/de-ch\/produkt\/abstracta-akustikraum-plenty-pod\/\" \/>\n<meta property=\"og:site_name\" content=\"Myntwork Schweiz\" \/>\n<meta property=\"og:image\" content=\"https:\/\/myntwork.com\/wp-content\/uploads\/2026\/08\/51cb34d5eaef42ebafe804e720fdc693.jpg\" \/>\n\t<meta property=\"og:image:width\" content=\"1200\" \/>\n\t<meta property=\"og:image:height\" content=\"1200\" \/>\n\t<meta property=\"og:image:type\" content=\"image\/jpeg\" \/>\n<meta name=\"twitter:card\" content=\"summary_large_image\" \/>\n<meta name=\"twitter:label1\" content=\"Price\" \/>\n\t<meta name=\"twitter:data1\" content=\"&#067;&#072;&#070;&nbsp;20,901.00\" \/>\n\t<meta name=\"twitter:label2\" content=\"Availability\" \/>\n\t<meta name=\"twitter:data2\" content=\"In stock\" \/>\n<script type=\"application\/ld+json\" class=\"yoast-schema-graph\">{\"@context\":\"https:\\\/\\\/schema.org\",\"@graph\":[{\"@type\":\"WebPage\",\"@id\":\"https:\\\/\\\/myntwork.com\\\/de-ch\\\/produkt\\\/abstracta-akustikraum-plenty-pod\\\/\",\"url\":\"https:\\\/\\\/myntwork.com\\\/de-ch\\\/produkt\\\/abstracta-akustikraum-plenty-pod\\\/\",\"name\":\"Abstracta Plenty Pod Akustikr\u00e4ume | Myntwork\",\"isPartOf\":{\"@id\":\"https:\\\/\\\/myntwork.com\\\/de-ch\\\/#website\"},\"primaryImageOfPage\":{\"@id\":\"https:\\\/\\\/myntwork.com\\\/de-ch\\\/produkt\\\/abstracta-akustikraum-plenty-pod\\\/#primaryimage\"},\"image\":{\"@id\":\"https:\\\/\\\/myntwork.com\\\/de-ch\\\/produkt\\\/abstracta-akustikraum-plenty-pod\\\/#primaryimage\"},\"thumbnailUrl\":\"https:\\\/\\\/myntwork.com\\\/wp-content\\\/uploads\\\/2026\\\/08\\\/51cb34d5eaef42ebafe804e720fdc693.jpg\",\"datePublished\":\"2026-08-26T22:13:08+00:00\",\"description\":\"Entdecken Sie die Akustikr\u00e4ume von Abstracta Plenty Pod f\u00fcr konzentriertes Arbeiten \u2013 mit bodenstehenden Designs, Stoffausf\u00fchrungen und flexiblem monatlichem lease von Myntwork.\",\"breadcrumb\":{\"@id\":\"https:\\\/\\\/myntwork.com\\\/de-ch\\\/produkt\\\/abstracta-akustikraum-plenty-pod\\\/#breadcrumb\"},\"inLanguage\":\"en-US\",\"potentialAction\":[{\"@type\":\"ReadAction\",\"target\":[\"https:\\\/\\\/myntwork.com\\\/de-ch\\\/produkt\\\/abstracta-akustikraum-plenty-pod\\\/\"]}]},{\"@type\":\"ImageObject\",\"inLanguage\":\"en-US\",\"@id\":\"https:\\\/\\\/myntwork.com\\\/de-ch\\\/produkt\\\/abstracta-akustikraum-plenty-pod\\\/#primaryimage\",\"url\":\"https:\\\/\\\/myntwork.com\\\/wp-content\\\/uploads\\\/2026\\\/08\\\/51cb34d5eaef42ebafe804e720fdc693.jpg\",\"contentUrl\":\"https:\\\/\\\/myntwork.com\\\/wp-content\\\/uploads\\\/2026\\\/08\\\/51cb34d5eaef42ebafe804e720fdc693.jpg\",\"caption\":\"Abstracta Plenty Pod Medium With Floor Floor-Standing Acoustic Room\"},{\"@type\":\"BreadcrumbList\",\"@id\":\"https:\\\/\\\/myntwork.com\\\/de-ch\\\/produkt\\\/abstracta-akustikraum-plenty-pod\\\/#breadcrumb\",\"itemListElement\":[{\"@type\":\"ListItem\",\"position\":1,\"name\":\"Home\",\"item\":\"https:\\\/\\\/myntwork.com\\\/de-ch\\\/\"},{\"@type\":\"ListItem\",\"position\":2,\"name\":\"Kategorien\",\"item\":\"https:\\\/\\\/myntwork.com\\\/de-ch\\\/kategorien\\\/\"},{\"@type\":\"ListItem\",\"position\":3,\"name\":\"Abstracta Akustikraum Plenty Pod\"}]},{\"@type\":\"WebSite\",\"@id\":\"https:\\\/\\\/myntwork.com\\\/de-ch\\\/#website\",\"url\":\"https:\\\/\\\/myntwork.com\\\/de-ch\\\/\",\"name\":\"Myntwork\",\"description\":\"Lease neue B\u00fcrom\u00f6bel | Ab 3.95 pro Arbeitsplatz\",\"publisher\":{\"@id\":\"https:\\\/\\\/myntwork.com\\\/de-ch\\\/#organization\"},\"potentialAction\":[{\"@type\":\"SearchAction\",\"target\":{\"@type\":\"EntryPoint\",\"urlTemplate\":\"https:\\\/\\\/myntwork.com\\\/de-ch\\\/?s={search_term_string}\"},\"query-input\":{\"@type\":\"PropertyValueSpecification\",\"valueRequired\":true,\"valueName\":\"search_term_string\"}}],\"inLanguage\":\"en-US\"},{\"@type\":\"Organization\",\"@id\":\"https:\\\/\\\/myntwork.com\\\/de-ch\\\/#organization\",\"name\":\"Myntwork\",\"url\":\"https:\\\/\\\/myntwork.com\\\/de-ch\\\/\",\"logo\":{\"@type\":\"ImageObject\",\"inLanguage\":\"en-US\",\"@id\":\"https:\\\/\\\/myntwork.com\\\/de-ch\\\/#\\\/schema\\\/logo\\\/image\\\/\",\"url\":\"https:\\\/\\\/myntwork.com\\\/wp-content\\\/uploads\\\/2025\\\/08\\\/myntwork.png\",\"contentUrl\":\"https:\\\/\\\/myntwork.com\\\/wp-content\\\/uploads\\\/2025\\\/08\\\/myntwork.png\",\"width\":696,\"height\":696,\"caption\":\"Myntwork\"},\"image\":{\"@id\":\"https:\\\/\\\/myntwork.com\\\/de-ch\\\/#\\\/schema\\\/logo\\\/image\\\/\"},\"description\":\"Myntwork is een Nederlands bedrijf, gespecialiseerd in het leasen van kantoormeubilair. Het concept draait om flexibiliteit, eenvoud en duurzaamheid, waarbij bedrijven hoogwaardige meubels kunnen huren zonder grote upfront investeringen.\",\"email\":\"contact@myntwork.com\",\"telephone\":\"+31854017823\",\"legalName\":\"Myntwork B.V.\",\"foundingDate\":\"2024-01-26\",\"vatID\":\"NL861015290B01\",\"numberOfEmployees\":{\"@type\":\"QuantitativeValue\",\"minValue\":\"1\",\"maxValue\":\"10\"}}]}<\/script>\n<meta property=\"product:brand\" content=\"Abstracta\" \/>\n<meta property=\"product:price:amount\" content=\"20901.00\" \/>\n<meta property=\"product:price:currency\" content=\"CHF\" \/>\n<meta property=\"og:availability\" content=\"instock\" \/>\n<meta property=\"product:availability\" content=\"instock\" \/>\n<meta property=\"product:retailer_item_id\" content=\"GROUP-625434B1B371\" \/>\n<meta property=\"product:condition\" content=\"new\" \/>\n<!-- \/ Yoast SEO Premium plugin. -->","yoast_head_json":{"title":"Abstracta Plenty Pod Akustikr\u00e4ume | Myntwork","description":"Entdecken Sie die Akustikr\u00e4ume von Abstracta Plenty Pod f\u00fcr konzentriertes Arbeiten \u2013 mit bodenstehenden Designs, Stoffausf\u00fchrungen und flexiblem monatlichem\u2026","robots":{"index":"index","follow":"follow","max-snippet":"max-snippet:-1","max-image-preview":"max-image-preview:large","max-video-preview":"max-video-preview:-1"},"canonical":"https:\/\/myntwork.com\/de-ch\/produkt\/abstracta-akustikraum-plenty-pod\/","og_locale":"en_US","og_type":"article","og_title":"Abstracta Akustikraum Plenty Pod","og_description":"Entdecken Sie die Akustikr\u00e4ume von Abstracta Plenty Pod f\u00fcr konzentriertes Arbeiten \u2013 mit bodenstehenden Designs, Stoffausf\u00fchrungen und flexiblem monatlichem lease von Myntwork.","og_url":"https:\/\/myntwork.com\/de-ch\/produkt\/abstracta-akustikraum-plenty-pod\/","og_site_name":"Myntwork Schweiz","og_image":[{"url":"https:\/\/myntwork.com\/wp-content\/uploads\/2026\/08\/51cb34d5eaef42ebafe804e720fdc693.jpg","width":1200,"height":1200,"type":"image\/jpeg"}],"twitter_card":"summary_large_image","twitter_misc":{"Price":"&#67;&#72;&#70;&nbsp;20,901.00","Availability":"In stock"},"schema":{"@context":"https:\/\/schema.org","@graph":[{"@type":"WebPage","@id":"https:\/\/myntwork.com\/de-ch\/produkt\/abstracta-akustikraum-plenty-pod\/","url":"https:\/\/myntwork.com\/de-ch\/produkt\/abstracta-akustikraum-plenty-pod\/","name":"Abstracta Plenty Pod Akustikr\u00e4ume | Myntwork","isPartOf":{"@id":"https:\/\/myntwork.com\/de-ch\/#website"},"primaryImageOfPage":{"@id":"https:\/\/myntwork.com\/de-ch\/produkt\/abstracta-akustikraum-plenty-pod\/#primaryimage"},"image":{"@id":"https:\/\/myntwork.com\/de-ch\/produkt\/abstracta-akustikraum-plenty-pod\/#primaryimage"},"thumbnailUrl":"https:\/\/myntwork.com\/wp-content\/uploads\/2026\/08\/51cb34d5eaef42ebafe804e720fdc693.jpg","datePublished":"2026-08-26T22:13:08+00:00","description":"Entdecken Sie die Akustikr\u00e4ume von Abstracta Plenty Pod f\u00fcr konzentriertes Arbeiten \u2013 mit bodenstehenden Designs, Stoffausf\u00fchrungen und flexiblem monatlichem lease von Myntwork.","breadcrumb":{"@id":"https:\/\/myntwork.com\/de-ch\/produkt\/abstracta-akustikraum-plenty-pod\/#breadcrumb"},"inLanguage":"en-US","potentialAction":[{"@type":"ReadAction","target":["https:\/\/myntwork.com\/de-ch\/produkt\/abstracta-akustikraum-plenty-pod\/"]}]},{"@type":"ImageObject","inLanguage":"en-US","@id":"https:\/\/myntwork.com\/de-ch\/produkt\/abstracta-akustikraum-plenty-pod\/#primaryimage","url":"https:\/\/myntwork.com\/wp-content\/uploads\/2026\/08\/51cb34d5eaef42ebafe804e720fdc693.jpg","contentUrl":"https:\/\/myntwork.com\/wp-content\/uploads\/2026\/08\/51cb34d5eaef42ebafe804e720fdc693.jpg","caption":"Abstracta Plenty Pod Medium With Floor Floor-Standing Acoustic Room"},{"@type":"BreadcrumbList","@id":"https:\/\/myntwork.com\/de-ch\/produkt\/abstracta-akustikraum-plenty-pod\/#breadcrumb","itemListElement":[{"@type":"ListItem","position":1,"name":"Home","item":"https:\/\/myntwork.com\/de-ch\/"},{"@type":"ListItem","position":2,"name":"Kategorien","item":"https:\/\/myntwork.com\/de-ch\/kategorien\/"},{"@type":"ListItem","position":3,"name":"Abstracta Akustikraum Plenty Pod"}]},{"@type":"WebSite","@id":"https:\/\/myntwork.com\/de-ch\/#website","url":"https:\/\/myntwork.com\/de-ch\/","name":"Myntwork","description":"Lease neue B\u00fcrom\u00f6bel | Ab 3.95 pro Arbeitsplatz","publisher":{"@id":"https:\/\/myntwork.com\/de-ch\/#organization"},"potentialAction":[{"@type":"SearchAction","target":{"@type":"EntryPoint","urlTemplate":"https:\/\/myntwork.com\/de-ch\/?s={search_term_string}"},"query-input":{"@type":"PropertyValueSpecification","valueRequired":true,"valueName":"search_term_string"}}],"inLanguage":"en-US"},{"@type":"Organization","@id":"https:\/\/myntwork.com\/de-ch\/#organization","name":"Myntwork","url":"https:\/\/myntwork.com\/de-ch\/","logo":{"@type":"ImageObject","inLanguage":"en-US","@id":"https:\/\/myntwork.com\/de-ch\/#\/schema\/logo\/image\/","url":"https:\/\/myntwork.com\/wp-content\/uploads\/2025\/08\/myntwork.png","contentUrl":"https:\/\/myntwork.com\/wp-content\/uploads\/2025\/08\/myntwork.png","width":696,"height":696,"caption":"Myntwork"},"image":{"@id":"https:\/\/myntwork.com\/de-ch\/#\/schema\/logo\/image\/"},"description":"Myntwork is een Nederlands bedrijf, gespecialiseerd in het leasen van kantoormeubilair. Het concept draait om flexibiliteit, eenvoud en duurzaamheid, waarbij bedrijven hoogwaardige meubels kunnen huren zonder grote upfront investeringen.","email":"contact@myntwork.com","telephone":"+31854017823","legalName":"Myntwork B.V.","foundingDate":"2024-01-26","vatID":"NL861015290B01","numberOfEmployees":{"@type":"QuantitativeValue","minValue":"1","maxValue":"10"}}]},"product_brand":"Abstracta","product_price_amount":"20901.00","product_price_currency":"CHF","og_availability":"instock","product_availability":"instock","product_retailer_item_id":"GROUP-625434B1B371","product_condition":"new"},"_links":{"self":[{"href":"https:\/\/myntwork.com\/de-ch\/wp-json\/wp\/v2\/product\/29311","targetHints":{"allow":["GET"]}}],"collection":[{"href":"https:\/\/myntwork.com\/de-ch\/wp-json\/wp\/v2\/product"}],"about":[{"href":"https:\/\/myntwork.com\/de-ch\/wp-json\/wp\/v2\/types\/product"}],"replies":[{"embeddable":true,"href":"https:\/\/myntwork.com\/de-ch\/wp-json\/wp\/v2\/comments?post=29311"}],"wp:featuredmedia":[{"embeddable":true,"href":"https:\/\/myntwork.com\/de-ch\/wp-json\/wp\/v2\/media\/21348"}],"wp:attachment":[{"href":"https:\/\/myntwork.com\/de-ch\/wp-json\/wp\/v2\/media?parent=29311"}],"wp:term":[{"taxonomy":"product_brand","embeddable":true,"href":"https:\/\/myntwork.com\/de-ch\/wp-json\/wp\/v2\/product_brand?post=29311"},{"taxonomy":"product_cat","embeddable":true,"href":"https:\/\/myntwork.com\/de-ch\/wp-json\/wp\/v2\/product_cat?post=29311"},{"taxonomy":"product_tag","embeddable":true,"href":"https:\/\/myntwork.com\/de-ch\/wp-json\/wp\/v2\/product_tag?post=29311"}],"curies":[{"name":"wp","href":"https:\/\/api.w.org\/{rel}","templated":true}]}}