{"id":29408,"date":"2026-08-27T00:10:30","date_gmt":"2026-08-27T00:10:30","guid":{"rendered":"https:\/\/myntwork.com\/de-ch\/product\/kusch-co-barhocker-arn\/"},"modified":"2026-08-27T00:10:30","modified_gmt":"2026-08-27T00:10:30","slug":"kusch-co-barhocker-arn","status":"publish","type":"product","link":"https:\/\/myntwork.com\/de-ch\/produkt\/kusch-co-barhocker-arn\/","title":{"rendered":"Kusch + Co Barhocker Arn"},"content":{"rendered":"<h2>Barhocker f\u00fcr gemeinschaftlich genutzte und professionelle Bereiche<\/h2>\n<p>Die Kusch + Co Arn Barhocker wurden f\u00fcr Bereiche entwickelt, in denen Menschen an einer erh\u00f6hten Fl\u00e4che zusammenkommen \u2013 von Touchdown-Bereichen und Projektr\u00e4umen am Arbeitsplatz bis hin zu Caf\u00e9s, Empfangsbereichen und Gastronomieinterieurs. Die feste Sitzh\u00f6he von 82 cm eignet sich f\u00fcr Anwendungen in Standard-Bartischh\u00f6he, w\u00e4hrend die integrierte Fu\u00dfst\u00fctze eine komfortablere Sitzposition unterst\u00fctzt.<\/p>\n<p>Beide Modelle sind 55 cm breit, verf\u00fcgen \u00fcber keine Armlehnen und keinen Verstellmechanismus. Dadurch l\u00e4sst sich die Produktfamilie unkompliziert planen, wenn innerhalb eines Projekts einheitliche Sitzabmessungen anstelle individuell verstellbarer St\u00fchle ben\u00f6tigt werden.<\/p>\n<h2>Zwei Arn Modelle, ein einheitliches Format<\/h2>\n<p>Die Arn Familie umfasst einen Barhocker mit Kunststoffr\u00fccken sowie einen gepolsterten Barhocker mit Kunststoffr\u00fccken. W\u00e4hlen Sie die Version mit Kunststoffr\u00fccken f\u00fcr eine schlichte, leicht kombinierbare Optik oder entscheiden Sie sich f\u00fcr die gepolsterte Variante, wenn die Stofffarbe und eine weichere visuelle Wirkung f\u00fcr das Interieur wichtig sind.<\/p>\n<p>Die verf\u00fcgbaren Polsterfarben umfassen Schwarz, Blau, Braun, Gold, Gr\u00fcn, Grau, Orange, Pink, Violett, Rot und Silber. Beide Modelle sind Vierbeingestelle mit einer angegebenen maximalen Belastbarkeit von 135 kg.<\/p>\n","protected":false},"excerpt":{"rendered":"<p>Alle Modelle der Kusch + Co Barhocker Arn ansehen.<\/p>\n","protected":false},"featured_media":23564,"comment_status":"open","ping_status":"closed","template":"","meta":{"_acf_changed":false},"product_brand":[2737],"product_cat":[397,386],"product_tag":[],"class_list":["post-29408","product","type-product","status-publish","has-post-thumbnail","product_brand-kusch-co","product_cat-barhocker","product_cat-stuhle","pa_armlehnen-no","pa_burostuhltyp-stool","pa_garantie-2-year","pa_gestellfarbe-grey","pa_gestellfarbe-green","pa_gestellfarbe-wood","pa_gestellfarbe-black","pa_gestellfarbe-silver","pa_gestellfarbe-white","pa_gestellmaterial-wood","pa_kollektion-arn","pa_marke-kusch-co","pa_maximale-belastung-135-kg","pa_mechanik-no-mechanism","pa_mit-kopfstutze-no","pa_mit-lendenstutze-no","pa_polsterfarbe-blue","pa_polsterfarbe-brown","pa_polsterfarbe-gold","pa_polsterfarbe-grey","pa_polsterfarbe-green","pa_polsterfarbe-purple","pa_polsterfarbe-orange","pa_polsterfarbe-pink","pa_polsterfarbe-red","pa_polsterfarbe-black","pa_polsterfarbe-silver","pa_polstermaterial-plastic","pa_polstermaterial-fabric","pa_verstellbare-ruckenlehnenhoh-no","pa_verstellbare-sitzhohe-no","pa_verstellbare-sitztiefe-no","pa_zertifizierungen-fsc-certified","first","instock","virtual","sold-individually","product-type-mynt_group"],"acf":[],"yoast_head":"<!-- This site is optimized with the Yoast SEO Premium plugin v25.6 (Yoast SEO v28.3) - https:\/\/yoast.com\/product\/yoast-seo-premium-wordpress\/ -->\n<title>Kusch + Co Arn Barhocker | Myntwork<\/title>\n<meta name=\"description\" content=\"Entdecken Sie die Kusch + Co Arn Barhocker f\u00fcr Arbeitspl\u00e4tze und Gastronomiebereiche mit fester Sitzh\u00f6he von 82 cm, Kunststoff- oder gepolsterten R\u00fcckenlehnen\u2026\" \/>\n<meta name=\"robots\" content=\"index, follow, max-snippet:-1, max-image-preview:large, max-video-preview:-1\" \/>\n<link rel=\"canonical\" href=\"https:\/\/myntwork.com\/de-ch\/produkt\/kusch-co-barhocker-arn\/\" \/>\n<meta property=\"og:locale\" content=\"en_US\" \/>\n<meta property=\"og:type\" content=\"article\" \/>\n<meta property=\"og:title\" content=\"Kusch + Co Barhocker Arn\" \/>\n<meta property=\"og:description\" content=\"Entdecken Sie die Kusch + Co Arn Barhocker f\u00fcr Arbeitspl\u00e4tze und Gastronomiebereiche mit fester Sitzh\u00f6he von 82 cm, Kunststoff- oder gepolsterten R\u00fcckenlehnen und stabilem Vierbeingestell.\" \/>\n<meta property=\"og:url\" content=\"https:\/\/myntwork.com\/de-ch\/produkt\/kusch-co-barhocker-arn\/\" \/>\n<meta property=\"og:site_name\" content=\"Myntwork Schweiz\" \/>\n<meta property=\"og:image\" content=\"https:\/\/myntwork.com\/wp-content\/uploads\/2026\/08\/ef9e37da70124bf1bc1dc26af0b7c7f9.jpg\" \/>\n\t<meta property=\"og:image:width\" content=\"1200\" \/>\n\t<meta property=\"og:image:height\" content=\"1200\" \/>\n\t<meta property=\"og:image:type\" content=\"image\/jpeg\" \/>\n<meta name=\"twitter:card\" content=\"summary_large_image\" \/>\n<meta name=\"twitter:label1\" content=\"Price\" \/>\n\t<meta name=\"twitter:data1\" content=\"&#067;&#072;&#070;&nbsp;520.00\" \/>\n\t<meta name=\"twitter:label2\" content=\"Availability\" \/>\n\t<meta name=\"twitter:data2\" content=\"In stock\" \/>\n<script type=\"application\/ld+json\" class=\"yoast-schema-graph\">{\"@context\":\"https:\\\/\\\/schema.org\",\"@graph\":[{\"@type\":\"WebPage\",\"@id\":\"https:\\\/\\\/myntwork.com\\\/de-ch\\\/produkt\\\/kusch-co-barhocker-arn\\\/\",\"url\":\"https:\\\/\\\/myntwork.com\\\/de-ch\\\/produkt\\\/kusch-co-barhocker-arn\\\/\",\"name\":\"Kusch + Co Arn Barhocker | Myntwork\",\"isPartOf\":{\"@id\":\"https:\\\/\\\/myntwork.com\\\/de-ch\\\/#website\"},\"primaryImageOfPage\":{\"@id\":\"https:\\\/\\\/myntwork.com\\\/de-ch\\\/produkt\\\/kusch-co-barhocker-arn\\\/#primaryimage\"},\"image\":{\"@id\":\"https:\\\/\\\/myntwork.com\\\/de-ch\\\/produkt\\\/kusch-co-barhocker-arn\\\/#primaryimage\"},\"thumbnailUrl\":\"https:\\\/\\\/myntwork.com\\\/wp-content\\\/uploads\\\/2026\\\/08\\\/ef9e37da70124bf1bc1dc26af0b7c7f9.jpg\",\"datePublished\":\"2026-08-27T00:10:30+00:00\",\"description\":\"Entdecken Sie die Kusch + Co Arn Barhocker f\u00fcr Arbeitspl\u00e4tze und Gastronomiebereiche mit fester Sitzh\u00f6he von 82 cm, Kunststoff- oder gepolsterten R\u00fcckenlehnen und stabilem Vierbeingestell.\",\"breadcrumb\":{\"@id\":\"https:\\\/\\\/myntwork.com\\\/de-ch\\\/produkt\\\/kusch-co-barhocker-arn\\\/#breadcrumb\"},\"inLanguage\":\"en-US\",\"potentialAction\":[{\"@type\":\"ReadAction\",\"target\":[\"https:\\\/\\\/myntwork.com\\\/de-ch\\\/produkt\\\/kusch-co-barhocker-arn\\\/\"]}]},{\"@type\":\"ImageObject\",\"inLanguage\":\"en-US\",\"@id\":\"https:\\\/\\\/myntwork.com\\\/de-ch\\\/produkt\\\/kusch-co-barhocker-arn\\\/#primaryimage\",\"url\":\"https:\\\/\\\/myntwork.com\\\/wp-content\\\/uploads\\\/2026\\\/08\\\/ef9e37da70124bf1bc1dc26af0b7c7f9.jpg\",\"contentUrl\":\"https:\\\/\\\/myntwork.com\\\/wp-content\\\/uploads\\\/2026\\\/08\\\/ef9e37da70124bf1bc1dc26af0b7c7f9.jpg\",\"caption\":\"Kusch + Co Arn Frame Chair Hkr 4L Lgw P 4-Leg Plastic Back Bar Stool\"},{\"@type\":\"BreadcrumbList\",\"@id\":\"https:\\\/\\\/myntwork.com\\\/de-ch\\\/produkt\\\/kusch-co-barhocker-arn\\\/#breadcrumb\",\"itemListElement\":[{\"@type\":\"ListItem\",\"position\":1,\"name\":\"Home\",\"item\":\"https:\\\/\\\/myntwork.com\\\/de-ch\\\/\"},{\"@type\":\"ListItem\",\"position\":2,\"name\":\"Kategorien\",\"item\":\"https:\\\/\\\/myntwork.com\\\/de-ch\\\/kategorien\\\/\"},{\"@type\":\"ListItem\",\"position\":3,\"name\":\"Kusch + Co Barhocker Arn\"}]},{\"@type\":\"WebSite\",\"@id\":\"https:\\\/\\\/myntwork.com\\\/de-ch\\\/#website\",\"url\":\"https:\\\/\\\/myntwork.com\\\/de-ch\\\/\",\"name\":\"Myntwork\",\"description\":\"Lease neue B\u00fcrom\u00f6bel | Ab 3.95 pro Arbeitsplatz\",\"publisher\":{\"@id\":\"https:\\\/\\\/myntwork.com\\\/de-ch\\\/#organization\"},\"potentialAction\":[{\"@type\":\"SearchAction\",\"target\":{\"@type\":\"EntryPoint\",\"urlTemplate\":\"https:\\\/\\\/myntwork.com\\\/de-ch\\\/?s={search_term_string}\"},\"query-input\":{\"@type\":\"PropertyValueSpecification\",\"valueRequired\":true,\"valueName\":\"search_term_string\"}}],\"inLanguage\":\"en-US\"},{\"@type\":\"Organization\",\"@id\":\"https:\\\/\\\/myntwork.com\\\/de-ch\\\/#organization\",\"name\":\"Myntwork\",\"url\":\"https:\\\/\\\/myntwork.com\\\/de-ch\\\/\",\"logo\":{\"@type\":\"ImageObject\",\"inLanguage\":\"en-US\",\"@id\":\"https:\\\/\\\/myntwork.com\\\/de-ch\\\/#\\\/schema\\\/logo\\\/image\\\/\",\"url\":\"https:\\\/\\\/myntwork.com\\\/wp-content\\\/uploads\\\/2025\\\/08\\\/myntwork.png\",\"contentUrl\":\"https:\\\/\\\/myntwork.com\\\/wp-content\\\/uploads\\\/2025\\\/08\\\/myntwork.png\",\"width\":696,\"height\":696,\"caption\":\"Myntwork\"},\"image\":{\"@id\":\"https:\\\/\\\/myntwork.com\\\/de-ch\\\/#\\\/schema\\\/logo\\\/image\\\/\"},\"description\":\"Myntwork is een Nederlands bedrijf, gespecialiseerd in het leasen van kantoormeubilair. Het concept draait om flexibiliteit, eenvoud en duurzaamheid, waarbij bedrijven hoogwaardige meubels kunnen huren zonder grote upfront investeringen.\",\"email\":\"contact@myntwork.com\",\"telephone\":\"+31854017823\",\"legalName\":\"Myntwork B.V.\",\"foundingDate\":\"2024-01-26\",\"vatID\":\"NL861015290B01\",\"numberOfEmployees\":{\"@type\":\"QuantitativeValue\",\"minValue\":\"1\",\"maxValue\":\"10\"}}]}<\/script>\n<meta property=\"product:brand\" content=\"Kusch + Co\" \/>\n<meta property=\"product:price:amount\" content=\"520.00\" \/>\n<meta property=\"product:price:currency\" content=\"CHF\" \/>\n<meta property=\"og:availability\" content=\"instock\" \/>\n<meta property=\"product:availability\" content=\"instock\" \/>\n<meta property=\"product:retailer_item_id\" content=\"GROUP-A734147EF160\" \/>\n<meta property=\"product:condition\" content=\"new\" \/>\n<!-- \/ Yoast SEO Premium plugin. -->","yoast_head_json":{"title":"Kusch + Co Arn Barhocker | Myntwork","description":"Entdecken Sie die Kusch + Co Arn Barhocker f\u00fcr Arbeitspl\u00e4tze und Gastronomiebereiche mit fester Sitzh\u00f6he von 82 cm, Kunststoff- oder gepolsterten R\u00fcckenlehnen\u2026","robots":{"index":"index","follow":"follow","max-snippet":"max-snippet:-1","max-image-preview":"max-image-preview:large","max-video-preview":"max-video-preview:-1"},"canonical":"https:\/\/myntwork.com\/de-ch\/produkt\/kusch-co-barhocker-arn\/","og_locale":"en_US","og_type":"article","og_title":"Kusch + Co Barhocker Arn","og_description":"Entdecken Sie die Kusch + Co Arn Barhocker f\u00fcr Arbeitspl\u00e4tze und Gastronomiebereiche mit fester Sitzh\u00f6he von 82 cm, Kunststoff- oder gepolsterten R\u00fcckenlehnen und stabilem Vierbeingestell.","og_url":"https:\/\/myntwork.com\/de-ch\/produkt\/kusch-co-barhocker-arn\/","og_site_name":"Myntwork Schweiz","og_image":[{"url":"https:\/\/myntwork.com\/wp-content\/uploads\/2026\/08\/ef9e37da70124bf1bc1dc26af0b7c7f9.jpg","width":1200,"height":1200,"type":"image\/jpeg"}],"twitter_card":"summary_large_image","twitter_misc":{"Price":"&#67;&#72;&#70;&nbsp;520.00","Availability":"In stock"},"schema":{"@context":"https:\/\/schema.org","@graph":[{"@type":"WebPage","@id":"https:\/\/myntwork.com\/de-ch\/produkt\/kusch-co-barhocker-arn\/","url":"https:\/\/myntwork.com\/de-ch\/produkt\/kusch-co-barhocker-arn\/","name":"Kusch + Co Arn Barhocker | Myntwork","isPartOf":{"@id":"https:\/\/myntwork.com\/de-ch\/#website"},"primaryImageOfPage":{"@id":"https:\/\/myntwork.com\/de-ch\/produkt\/kusch-co-barhocker-arn\/#primaryimage"},"image":{"@id":"https:\/\/myntwork.com\/de-ch\/produkt\/kusch-co-barhocker-arn\/#primaryimage"},"thumbnailUrl":"https:\/\/myntwork.com\/wp-content\/uploads\/2026\/08\/ef9e37da70124bf1bc1dc26af0b7c7f9.jpg","datePublished":"2026-08-27T00:10:30+00:00","description":"Entdecken Sie die Kusch + Co Arn Barhocker f\u00fcr Arbeitspl\u00e4tze und Gastronomiebereiche mit fester Sitzh\u00f6he von 82 cm, Kunststoff- oder gepolsterten R\u00fcckenlehnen und stabilem Vierbeingestell.","breadcrumb":{"@id":"https:\/\/myntwork.com\/de-ch\/produkt\/kusch-co-barhocker-arn\/#breadcrumb"},"inLanguage":"en-US","potentialAction":[{"@type":"ReadAction","target":["https:\/\/myntwork.com\/de-ch\/produkt\/kusch-co-barhocker-arn\/"]}]},{"@type":"ImageObject","inLanguage":"en-US","@id":"https:\/\/myntwork.com\/de-ch\/produkt\/kusch-co-barhocker-arn\/#primaryimage","url":"https:\/\/myntwork.com\/wp-content\/uploads\/2026\/08\/ef9e37da70124bf1bc1dc26af0b7c7f9.jpg","contentUrl":"https:\/\/myntwork.com\/wp-content\/uploads\/2026\/08\/ef9e37da70124bf1bc1dc26af0b7c7f9.jpg","caption":"Kusch + Co Arn Frame Chair Hkr 4L Lgw P 4-Leg Plastic Back Bar Stool"},{"@type":"BreadcrumbList","@id":"https:\/\/myntwork.com\/de-ch\/produkt\/kusch-co-barhocker-arn\/#breadcrumb","itemListElement":[{"@type":"ListItem","position":1,"name":"Home","item":"https:\/\/myntwork.com\/de-ch\/"},{"@type":"ListItem","position":2,"name":"Kategorien","item":"https:\/\/myntwork.com\/de-ch\/kategorien\/"},{"@type":"ListItem","position":3,"name":"Kusch + Co Barhocker Arn"}]},{"@type":"WebSite","@id":"https:\/\/myntwork.com\/de-ch\/#website","url":"https:\/\/myntwork.com\/de-ch\/","name":"Myntwork","description":"Lease neue B\u00fcrom\u00f6bel | Ab 3.95 pro Arbeitsplatz","publisher":{"@id":"https:\/\/myntwork.com\/de-ch\/#organization"},"potentialAction":[{"@type":"SearchAction","target":{"@type":"EntryPoint","urlTemplate":"https:\/\/myntwork.com\/de-ch\/?s={search_term_string}"},"query-input":{"@type":"PropertyValueSpecification","valueRequired":true,"valueName":"search_term_string"}}],"inLanguage":"en-US"},{"@type":"Organization","@id":"https:\/\/myntwork.com\/de-ch\/#organization","name":"Myntwork","url":"https:\/\/myntwork.com\/de-ch\/","logo":{"@type":"ImageObject","inLanguage":"en-US","@id":"https:\/\/myntwork.com\/de-ch\/#\/schema\/logo\/image\/","url":"https:\/\/myntwork.com\/wp-content\/uploads\/2025\/08\/myntwork.png","contentUrl":"https:\/\/myntwork.com\/wp-content\/uploads\/2025\/08\/myntwork.png","width":696,"height":696,"caption":"Myntwork"},"image":{"@id":"https:\/\/myntwork.com\/de-ch\/#\/schema\/logo\/image\/"},"description":"Myntwork is een Nederlands bedrijf, gespecialiseerd in het leasen van kantoormeubilair. Het concept draait om flexibiliteit, eenvoud en duurzaamheid, waarbij bedrijven hoogwaardige meubels kunnen huren zonder grote upfront investeringen.","email":"contact@myntwork.com","telephone":"+31854017823","legalName":"Myntwork B.V.","foundingDate":"2024-01-26","vatID":"NL861015290B01","numberOfEmployees":{"@type":"QuantitativeValue","minValue":"1","maxValue":"10"}}]},"product_brand":"Kusch + Co","product_price_amount":"520.00","product_price_currency":"CHF","og_availability":"instock","product_availability":"instock","product_retailer_item_id":"GROUP-A734147EF160","product_condition":"new"},"_links":{"self":[{"href":"https:\/\/myntwork.com\/de-ch\/wp-json\/wp\/v2\/product\/29408","targetHints":{"allow":["GET"]}}],"collection":[{"href":"https:\/\/myntwork.com\/de-ch\/wp-json\/wp\/v2\/product"}],"about":[{"href":"https:\/\/myntwork.com\/de-ch\/wp-json\/wp\/v2\/types\/product"}],"replies":[{"embeddable":true,"href":"https:\/\/myntwork.com\/de-ch\/wp-json\/wp\/v2\/comments?post=29408"}],"wp:featuredmedia":[{"embeddable":true,"href":"https:\/\/myntwork.com\/de-ch\/wp-json\/wp\/v2\/media\/23564"}],"wp:attachment":[{"href":"https:\/\/myntwork.com\/de-ch\/wp-json\/wp\/v2\/media?parent=29408"}],"wp:term":[{"taxonomy":"product_brand","embeddable":true,"href":"https:\/\/myntwork.com\/de-ch\/wp-json\/wp\/v2\/product_brand?post=29408"},{"taxonomy":"product_cat","embeddable":true,"href":"https:\/\/myntwork.com\/de-ch\/wp-json\/wp\/v2\/product_cat?post=29408"},{"taxonomy":"product_tag","embeddable":true,"href":"https:\/\/myntwork.com\/de-ch\/wp-json\/wp\/v2\/product_tag?post=29408"}],"curies":[{"name":"wp","href":"https:\/\/api.w.org\/{rel}","templated":true}]}}