{"id":29420,"date":"2026-08-27T00:20:36","date_gmt":"2026-08-27T00:20:36","guid":{"rendered":"https:\/\/myntwork.com\/de-ch\/product\/kusch-co-rahmenstuhl-arn\/"},"modified":"2026-08-27T00:20:36","modified_gmt":"2026-08-27T00:20:36","slug":"kusch-co-rahmenstuhl-arn","status":"publish","type":"product","link":"https:\/\/myntwork.com\/de-ch\/produkt\/kusch-co-rahmenstuhl-arn\/","title":{"rendered":"Kusch + Co Rahmenstuhl Arn"},"content":{"rendered":"<h2>Besprechungsst\u00fchle f\u00fcr flexible Arbeitsbereiche<\/h2>\n<p>Die Kusch + Co Rahmenst\u00fchle Arn sind f\u00fcr Besprechungsr\u00e4ume, Konferenzbereiche und gemeinsam genutzte Arbeitsbereiche konzipiert, in denen zuverl\u00e4ssige, einheitliche Sitzl\u00f6sungen gefragt sind. Die Kollektion umfasst acht Varianten von Rahmenst\u00fchlen, die alle auf einem Vierbein-Gestell mit einer Sitzh\u00f6he von 45 cm und einer Breite von 50 cm basieren.<\/p>\n<p>Ohne Mechanik sowie ohne verstellbare Sitzh\u00f6he, R\u00fcckenh\u00f6he oder Sitztiefe bietet die Arn-Familie eine unkomplizierte Sitzl\u00f6sung f\u00fcr R\u00e4ume, in denen St\u00fchle mit minimalem Anpassungsaufwand bewegt, angeordnet und genutzt werden sollen. Zu den Produktmerkmalen der Kollektion geh\u00f6ren au\u00dferdem die FSC-Zertifizierung, eine kreislauff\u00e4hige Konstruktion und eine zweij\u00e4hrige Garantie.<\/p>\n<h2>W\u00e4hlen Sie die Konfiguration von R\u00fccken, Gestell und Armlehnen<\/h2>\n<p>Die Arn-Modelle unterscheiden sich haupts\u00e4chlich durch ihre R\u00fcckengestaltung und Ausf\u00fchrung. Zur Auswahl stehen Kunststoffr\u00fccken, gepolsterte St\u00fchle und Varianten mit h\u00f6herem R\u00fccken. So k\u00f6nnen Sie pflegeleichte Oberfl\u00e4chen mit einer hochwertigeren Polsteroptik kombinieren. Armlehnen sind bei ausgew\u00e4hlten Modellen erh\u00e4ltlich, w\u00e4hrend andere \u00fcber eine klare, armlehnenlose Form verf\u00fcgen.<\/p>\n<p>Zu den in der Familie angebotenen Gestellmaterialien geh\u00f6ren Holz, Metall und Aluminium, erg\u00e4nzt durch eine gro\u00dfe Auswahl an Gestell- und Polsterfarben. Dadurch l\u00e4sst sich die Bestuhlung von Besprechungsr\u00e4umen leichter auf ein bestehendes B\u00fcrointerieur abstimmen, ohne auf eine andere Stuhlfamilie wechseln zu m\u00fcssen.<\/p>\n","protected":false},"excerpt":{"rendered":"<p>Alle Modelle des Kusch + Co Rahmenstuhls Arn ansehen.<\/p>\n","protected":false},"featured_media":23915,"comment_status":"open","ping_status":"closed","template":"","meta":{"_acf_changed":false},"product_brand":[2737],"product_cat":[396,386],"product_tag":[],"class_list":["post-29420","product","type-product","status-publish","has-post-thumbnail","product_brand-kusch-co","product_cat-konferenzstuhle","product_cat-stuhle","pa_armlehnen-yes","pa_armlehnen-no","pa_burostuhltyp-meeting-chair","pa_garantie-2-year","pa_gestellfarbe-beige","pa_gestellfarbe-blue","pa_gestellfarbe-brown","pa_gestellfarbe-yellow","pa_gestellfarbe-grey","pa_gestellfarbe-green","pa_gestellfarbe-wood","pa_gestellfarbe-purple","pa_gestellfarbe-red","pa_gestellfarbe-black","pa_gestellfarbe-silver","pa_gestellfarbe-white","pa_gestellmaterial-aluminum","pa_gestellmaterial-wood","pa_gestellmaterial-metal","pa_kollektion-arn","pa_marke-kusch-co","pa_maximale-belastung-135-kg","pa_mechanik-no-mechanism","pa_mit-kopfstutze-no","pa_mit-lendenstutze-no","pa_polsterfarbe-blue","pa_polsterfarbe-brown","pa_polsterfarbe-gold","pa_polsterfarbe-grey","pa_polsterfarbe-green","pa_polsterfarbe-purple","pa_polsterfarbe-orange","pa_polsterfarbe-pink","pa_polsterfarbe-red","pa_polsterfarbe-black","pa_polsterfarbe-silver","pa_polstermaterial-no-upholstery","pa_polstermaterial-plastic","pa_polstermaterial-fabric","pa_verstellbare-ruckenlehnenhoh-no","pa_verstellbare-sitzhohe-no","pa_verstellbare-sitztiefe-no","pa_zertifizierungen-fsc-certified","first","instock","virtual","sold-individually","product-type-mynt_group"],"acf":[],"yoast_head":"<!-- This site is optimized with the Yoast SEO Premium plugin v25.6 (Yoast SEO v28.3) - https:\/\/yoast.com\/product\/yoast-seo-premium-wordpress\/ -->\n<title>Kusch + Co Rahmenst\u00fchle Arn | Myntwork<\/title>\n<meta name=\"description\" content=\"Entdecken Sie Kusch + Co Rahmenst\u00fchle Arn f\u00fcr Besprechungsr\u00e4ume mit Kunststoff- oder Polsterr\u00fccken, Vierbein-Gestellen, Armlehnenoptionen und monatlichem\u2026\" \/>\n<meta name=\"robots\" content=\"index, follow, max-snippet:-1, max-image-preview:large, max-video-preview:-1\" \/>\n<link rel=\"canonical\" href=\"https:\/\/myntwork.com\/de-ch\/produkt\/kusch-co-rahmenstuhl-arn\/\" \/>\n<meta property=\"og:locale\" content=\"en_US\" \/>\n<meta property=\"og:type\" content=\"article\" \/>\n<meta property=\"og:title\" content=\"Kusch + Co Rahmenstuhl Arn\" \/>\n<meta property=\"og:description\" content=\"Entdecken Sie Kusch + Co Rahmenst\u00fchle Arn f\u00fcr Besprechungsr\u00e4ume mit Kunststoff- oder Polsterr\u00fccken, Vierbein-Gestellen, Armlehnenoptionen und monatlichem lease von Myntwork.\" \/>\n<meta property=\"og:url\" content=\"https:\/\/myntwork.com\/de-ch\/produkt\/kusch-co-rahmenstuhl-arn\/\" \/>\n<meta property=\"og:site_name\" content=\"Myntwork Schweiz\" \/>\n<meta property=\"og:image\" content=\"https:\/\/myntwork.com\/wp-content\/uploads\/2026\/08\/19103cfc94c24760aa49963803bc6414.jpg\" \/>\n\t<meta property=\"og:image:width\" content=\"1200\" \/>\n\t<meta property=\"og:image:height\" content=\"1200\" \/>\n\t<meta property=\"og:image:type\" content=\"image\/jpeg\" \/>\n<meta name=\"twitter:card\" content=\"summary_large_image\" \/>\n<meta name=\"twitter:label1\" content=\"Price\" \/>\n\t<meta name=\"twitter:data1\" content=\"&#067;&#072;&#070;&nbsp;249.00\" \/>\n\t<meta name=\"twitter:label2\" content=\"Availability\" \/>\n\t<meta name=\"twitter:data2\" content=\"In stock\" \/>\n<script type=\"application\/ld+json\" class=\"yoast-schema-graph\">{\"@context\":\"https:\\\/\\\/schema.org\",\"@graph\":[{\"@type\":\"WebPage\",\"@id\":\"https:\\\/\\\/myntwork.com\\\/de-ch\\\/produkt\\\/kusch-co-rahmenstuhl-arn\\\/\",\"url\":\"https:\\\/\\\/myntwork.com\\\/de-ch\\\/produkt\\\/kusch-co-rahmenstuhl-arn\\\/\",\"name\":\"Kusch + Co Rahmenst\u00fchle Arn | Myntwork\",\"isPartOf\":{\"@id\":\"https:\\\/\\\/myntwork.com\\\/de-ch\\\/#website\"},\"primaryImageOfPage\":{\"@id\":\"https:\\\/\\\/myntwork.com\\\/de-ch\\\/produkt\\\/kusch-co-rahmenstuhl-arn\\\/#primaryimage\"},\"image\":{\"@id\":\"https:\\\/\\\/myntwork.com\\\/de-ch\\\/produkt\\\/kusch-co-rahmenstuhl-arn\\\/#primaryimage\"},\"thumbnailUrl\":\"https:\\\/\\\/myntwork.com\\\/wp-content\\\/uploads\\\/2026\\\/08\\\/19103cfc94c24760aa49963803bc6414.jpg\",\"datePublished\":\"2026-08-27T00:20:36+00:00\",\"description\":\"Entdecken Sie Kusch + Co Rahmenst\u00fchle Arn f\u00fcr Besprechungsr\u00e4ume mit Kunststoff- oder Polsterr\u00fccken, Vierbein-Gestellen, Armlehnenoptionen und monatlichem lease von Myntwork.\",\"breadcrumb\":{\"@id\":\"https:\\\/\\\/myntwork.com\\\/de-ch\\\/produkt\\\/kusch-co-rahmenstuhl-arn\\\/#breadcrumb\"},\"inLanguage\":\"en-US\",\"potentialAction\":[{\"@type\":\"ReadAction\",\"target\":[\"https:\\\/\\\/myntwork.com\\\/de-ch\\\/produkt\\\/kusch-co-rahmenstuhl-arn\\\/\"]}]},{\"@type\":\"ImageObject\",\"inLanguage\":\"en-US\",\"@id\":\"https:\\\/\\\/myntwork.com\\\/de-ch\\\/produkt\\\/kusch-co-rahmenstuhl-arn\\\/#primaryimage\",\"url\":\"https:\\\/\\\/myntwork.com\\\/wp-content\\\/uploads\\\/2026\\\/08\\\/19103cfc94c24760aa49963803bc6414.jpg\",\"contentUrl\":\"https:\\\/\\\/myntwork.com\\\/wp-content\\\/uploads\\\/2026\\\/08\\\/19103cfc94c24760aa49963803bc6414.jpg\",\"caption\":\"Kusch + Co Arn Frame Chair 4L Lgw P 4-Leg Plastic Back Frame Chair\"},{\"@type\":\"BreadcrumbList\",\"@id\":\"https:\\\/\\\/myntwork.com\\\/de-ch\\\/produkt\\\/kusch-co-rahmenstuhl-arn\\\/#breadcrumb\",\"itemListElement\":[{\"@type\":\"ListItem\",\"position\":1,\"name\":\"Home\",\"item\":\"https:\\\/\\\/myntwork.com\\\/de-ch\\\/\"},{\"@type\":\"ListItem\",\"position\":2,\"name\":\"Kategorien\",\"item\":\"https:\\\/\\\/myntwork.com\\\/de-ch\\\/kategorien\\\/\"},{\"@type\":\"ListItem\",\"position\":3,\"name\":\"Kusch + Co Rahmenstuhl Arn\"}]},{\"@type\":\"WebSite\",\"@id\":\"https:\\\/\\\/myntwork.com\\\/de-ch\\\/#website\",\"url\":\"https:\\\/\\\/myntwork.com\\\/de-ch\\\/\",\"name\":\"Myntwork\",\"description\":\"Lease neue B\u00fcrom\u00f6bel | Ab 3.95 pro Arbeitsplatz\",\"publisher\":{\"@id\":\"https:\\\/\\\/myntwork.com\\\/de-ch\\\/#organization\"},\"potentialAction\":[{\"@type\":\"SearchAction\",\"target\":{\"@type\":\"EntryPoint\",\"urlTemplate\":\"https:\\\/\\\/myntwork.com\\\/de-ch\\\/?s={search_term_string}\"},\"query-input\":{\"@type\":\"PropertyValueSpecification\",\"valueRequired\":true,\"valueName\":\"search_term_string\"}}],\"inLanguage\":\"en-US\"},{\"@type\":\"Organization\",\"@id\":\"https:\\\/\\\/myntwork.com\\\/de-ch\\\/#organization\",\"name\":\"Myntwork\",\"url\":\"https:\\\/\\\/myntwork.com\\\/de-ch\\\/\",\"logo\":{\"@type\":\"ImageObject\",\"inLanguage\":\"en-US\",\"@id\":\"https:\\\/\\\/myntwork.com\\\/de-ch\\\/#\\\/schema\\\/logo\\\/image\\\/\",\"url\":\"https:\\\/\\\/myntwork.com\\\/wp-content\\\/uploads\\\/2025\\\/08\\\/myntwork.png\",\"contentUrl\":\"https:\\\/\\\/myntwork.com\\\/wp-content\\\/uploads\\\/2025\\\/08\\\/myntwork.png\",\"width\":696,\"height\":696,\"caption\":\"Myntwork\"},\"image\":{\"@id\":\"https:\\\/\\\/myntwork.com\\\/de-ch\\\/#\\\/schema\\\/logo\\\/image\\\/\"},\"description\":\"Myntwork is een Nederlands bedrijf, gespecialiseerd in het leasen van kantoormeubilair. Het concept draait om flexibiliteit, eenvoud en duurzaamheid, waarbij bedrijven hoogwaardige meubels kunnen huren zonder grote upfront investeringen.\",\"email\":\"contact@myntwork.com\",\"telephone\":\"+31854017823\",\"legalName\":\"Myntwork B.V.\",\"foundingDate\":\"2024-01-26\",\"vatID\":\"NL861015290B01\",\"numberOfEmployees\":{\"@type\":\"QuantitativeValue\",\"minValue\":\"1\",\"maxValue\":\"10\"}}]}<\/script>\n<meta property=\"product:brand\" content=\"Kusch + Co\" \/>\n<meta property=\"product:price:amount\" content=\"249.00\" \/>\n<meta property=\"product:price:currency\" content=\"CHF\" \/>\n<meta property=\"og:availability\" content=\"instock\" \/>\n<meta property=\"product:availability\" content=\"instock\" \/>\n<meta property=\"product:retailer_item_id\" content=\"GROUP-35B6AB757358\" \/>\n<meta property=\"product:condition\" content=\"new\" \/>\n<!-- \/ Yoast SEO Premium plugin. -->","yoast_head_json":{"title":"Kusch + Co Rahmenst\u00fchle Arn | Myntwork","description":"Entdecken Sie Kusch + Co Rahmenst\u00fchle Arn f\u00fcr Besprechungsr\u00e4ume mit Kunststoff- oder Polsterr\u00fccken, Vierbein-Gestellen, Armlehnenoptionen und monatlichem\u2026","robots":{"index":"index","follow":"follow","max-snippet":"max-snippet:-1","max-image-preview":"max-image-preview:large","max-video-preview":"max-video-preview:-1"},"canonical":"https:\/\/myntwork.com\/de-ch\/produkt\/kusch-co-rahmenstuhl-arn\/","og_locale":"en_US","og_type":"article","og_title":"Kusch + Co Rahmenstuhl Arn","og_description":"Entdecken Sie Kusch + Co Rahmenst\u00fchle Arn f\u00fcr Besprechungsr\u00e4ume mit Kunststoff- oder Polsterr\u00fccken, Vierbein-Gestellen, Armlehnenoptionen und monatlichem lease von Myntwork.","og_url":"https:\/\/myntwork.com\/de-ch\/produkt\/kusch-co-rahmenstuhl-arn\/","og_site_name":"Myntwork Schweiz","og_image":[{"url":"https:\/\/myntwork.com\/wp-content\/uploads\/2026\/08\/19103cfc94c24760aa49963803bc6414.jpg","width":1200,"height":1200,"type":"image\/jpeg"}],"twitter_card":"summary_large_image","twitter_misc":{"Price":"&#67;&#72;&#70;&nbsp;249.00","Availability":"In stock"},"schema":{"@context":"https:\/\/schema.org","@graph":[{"@type":"WebPage","@id":"https:\/\/myntwork.com\/de-ch\/produkt\/kusch-co-rahmenstuhl-arn\/","url":"https:\/\/myntwork.com\/de-ch\/produkt\/kusch-co-rahmenstuhl-arn\/","name":"Kusch + Co Rahmenst\u00fchle Arn | Myntwork","isPartOf":{"@id":"https:\/\/myntwork.com\/de-ch\/#website"},"primaryImageOfPage":{"@id":"https:\/\/myntwork.com\/de-ch\/produkt\/kusch-co-rahmenstuhl-arn\/#primaryimage"},"image":{"@id":"https:\/\/myntwork.com\/de-ch\/produkt\/kusch-co-rahmenstuhl-arn\/#primaryimage"},"thumbnailUrl":"https:\/\/myntwork.com\/wp-content\/uploads\/2026\/08\/19103cfc94c24760aa49963803bc6414.jpg","datePublished":"2026-08-27T00:20:36+00:00","description":"Entdecken Sie Kusch + Co Rahmenst\u00fchle Arn f\u00fcr Besprechungsr\u00e4ume mit Kunststoff- oder Polsterr\u00fccken, Vierbein-Gestellen, Armlehnenoptionen und monatlichem lease von Myntwork.","breadcrumb":{"@id":"https:\/\/myntwork.com\/de-ch\/produkt\/kusch-co-rahmenstuhl-arn\/#breadcrumb"},"inLanguage":"en-US","potentialAction":[{"@type":"ReadAction","target":["https:\/\/myntwork.com\/de-ch\/produkt\/kusch-co-rahmenstuhl-arn\/"]}]},{"@type":"ImageObject","inLanguage":"en-US","@id":"https:\/\/myntwork.com\/de-ch\/produkt\/kusch-co-rahmenstuhl-arn\/#primaryimage","url":"https:\/\/myntwork.com\/wp-content\/uploads\/2026\/08\/19103cfc94c24760aa49963803bc6414.jpg","contentUrl":"https:\/\/myntwork.com\/wp-content\/uploads\/2026\/08\/19103cfc94c24760aa49963803bc6414.jpg","caption":"Kusch + Co Arn Frame Chair 4L Lgw P 4-Leg Plastic Back Frame Chair"},{"@type":"BreadcrumbList","@id":"https:\/\/myntwork.com\/de-ch\/produkt\/kusch-co-rahmenstuhl-arn\/#breadcrumb","itemListElement":[{"@type":"ListItem","position":1,"name":"Home","item":"https:\/\/myntwork.com\/de-ch\/"},{"@type":"ListItem","position":2,"name":"Kategorien","item":"https:\/\/myntwork.com\/de-ch\/kategorien\/"},{"@type":"ListItem","position":3,"name":"Kusch + Co Rahmenstuhl Arn"}]},{"@type":"WebSite","@id":"https:\/\/myntwork.com\/de-ch\/#website","url":"https:\/\/myntwork.com\/de-ch\/","name":"Myntwork","description":"Lease neue B\u00fcrom\u00f6bel | Ab 3.95 pro Arbeitsplatz","publisher":{"@id":"https:\/\/myntwork.com\/de-ch\/#organization"},"potentialAction":[{"@type":"SearchAction","target":{"@type":"EntryPoint","urlTemplate":"https:\/\/myntwork.com\/de-ch\/?s={search_term_string}"},"query-input":{"@type":"PropertyValueSpecification","valueRequired":true,"valueName":"search_term_string"}}],"inLanguage":"en-US"},{"@type":"Organization","@id":"https:\/\/myntwork.com\/de-ch\/#organization","name":"Myntwork","url":"https:\/\/myntwork.com\/de-ch\/","logo":{"@type":"ImageObject","inLanguage":"en-US","@id":"https:\/\/myntwork.com\/de-ch\/#\/schema\/logo\/image\/","url":"https:\/\/myntwork.com\/wp-content\/uploads\/2025\/08\/myntwork.png","contentUrl":"https:\/\/myntwork.com\/wp-content\/uploads\/2025\/08\/myntwork.png","width":696,"height":696,"caption":"Myntwork"},"image":{"@id":"https:\/\/myntwork.com\/de-ch\/#\/schema\/logo\/image\/"},"description":"Myntwork is een Nederlands bedrijf, gespecialiseerd in het leasen van kantoormeubilair. Het concept draait om flexibiliteit, eenvoud en duurzaamheid, waarbij bedrijven hoogwaardige meubels kunnen huren zonder grote upfront investeringen.","email":"contact@myntwork.com","telephone":"+31854017823","legalName":"Myntwork B.V.","foundingDate":"2024-01-26","vatID":"NL861015290B01","numberOfEmployees":{"@type":"QuantitativeValue","minValue":"1","maxValue":"10"}}]},"product_brand":"Kusch + Co","product_price_amount":"249.00","product_price_currency":"CHF","og_availability":"instock","product_availability":"instock","product_retailer_item_id":"GROUP-35B6AB757358","product_condition":"new"},"_links":{"self":[{"href":"https:\/\/myntwork.com\/de-ch\/wp-json\/wp\/v2\/product\/29420","targetHints":{"allow":["GET"]}}],"collection":[{"href":"https:\/\/myntwork.com\/de-ch\/wp-json\/wp\/v2\/product"}],"about":[{"href":"https:\/\/myntwork.com\/de-ch\/wp-json\/wp\/v2\/types\/product"}],"replies":[{"embeddable":true,"href":"https:\/\/myntwork.com\/de-ch\/wp-json\/wp\/v2\/comments?post=29420"}],"wp:featuredmedia":[{"embeddable":true,"href":"https:\/\/myntwork.com\/de-ch\/wp-json\/wp\/v2\/media\/23915"}],"wp:attachment":[{"href":"https:\/\/myntwork.com\/de-ch\/wp-json\/wp\/v2\/media?parent=29420"}],"wp:term":[{"taxonomy":"product_brand","embeddable":true,"href":"https:\/\/myntwork.com\/de-ch\/wp-json\/wp\/v2\/product_brand?post=29420"},{"taxonomy":"product_cat","embeddable":true,"href":"https:\/\/myntwork.com\/de-ch\/wp-json\/wp\/v2\/product_cat?post=29420"},{"taxonomy":"product_tag","embeddable":true,"href":"https:\/\/myntwork.com\/de-ch\/wp-json\/wp\/v2\/product_tag?post=29420"}],"curies":[{"name":"wp","href":"https:\/\/api.w.org\/{rel}","templated":true}]}}