{"id":29603,"date":"2026-08-27T03:02:57","date_gmt":"2026-08-27T03:02:57","guid":{"rendered":"https:\/\/myntwork.com\/de-ch\/product\/icf-besprechungstisch-notable\/"},"modified":"2026-08-27T03:02:57","modified_gmt":"2026-08-27T03:02:57","slug":"icf-besprechungstisch-notable","status":"publish","type":"product","link":"https:\/\/myntwork.com\/de-ch\/produkt\/icf-besprechungstisch-notable\/","title":{"rendered":"ICF Besprechungstisch Notable"},"content":{"rendered":"<h2>Besprechungstische f\u00fcr fokussierte Zusammenarbeit<\/h2>\n<p>ICF Notable Besprechungstische sind f\u00fcr B\u00fcros konzipiert, die praktische Fl\u00e4chen f\u00fcr Meetings, Workshops und gemeinsames Projektarbeiten ben\u00f6tigen. Die Kollektion umfasst einen kompakten Tisch mit fester H\u00f6he f\u00fcr vier Personen sowie gr\u00f6\u00dfere Konfigurationen f\u00fcr sechs oder acht Personen. So k\u00f6nnen Teams den Tisch an den Raum und die jeweilige Meetingform anpassen.<\/p>\n<p>Da f\u00fcr die gesamte Produktfamilie Optionen mit Stromanschl\u00fcssen verf\u00fcgbar sind, eignen sich Notable Tische auch f\u00fcr Meetings, bei denen Laptops und andere Ger\u00e4te zum Arbeitsablauf geh\u00f6ren. Ausgew\u00e4hlte Designs k\u00f6nnen zudem Kabelwannen aufnehmen, w\u00e4hrend die hohen Meeting-Varianten eine informellere, auf das Stehen ausgerichtete Arbeitsweise erm\u00f6glichen.<\/p>\n<h2>Die passende Notable Konfiguration ausw\u00e4hlen<\/h2>\n<p>Die Produktfamilie umfasst Modelle mit fester und h\u00f6henverstellbarer H\u00f6he, darunter Sitz-Steh-Designs und einen hohen Meetingtisch mit Fu\u00dfst\u00fctze. Die Tischplattenformen umfassen quadratische und ovale Varianten, wobei die Gr\u00f6\u00dfen von kompakten Meetingformaten bis hin zu gr\u00f6\u00dferen Tischen f\u00fcr gro\u00dfz\u00fcgige Konferenz- und Kollaborationsbereiche reichen.<\/p>\n<p>Die Kollektion bietet Tischplatten aus Melamin, HPL und Eiche, Untergestelle aus Metall oder Stahl sowie schwarze, wei\u00dfe oder holzfarbene Oberfl\u00e4chen mit schwarzen, silbernen oder wei\u00dfen Untergestellfarben. Pr\u00fcfen Sie die Details jedes Modells, um die genaue Gr\u00f6\u00dfe, Ausf\u00fchrung und den enthaltenen Funktionsumfang zu best\u00e4tigen.<\/p>\n","protected":false},"excerpt":{"rendered":"<p>Alle Modelle der ICF Besprechungstische Notable ansehen.<\/p>\n","protected":false},"featured_media":26604,"comment_status":"open","ping_status":"closed","template":"","meta":{"_acf_changed":false},"product_brand":[2736],"product_cat":[422,413,387],"product_tag":[],"class_list":["post-29603","product","type-product","status-publish","has-post-thumbnail","product_brand-icf","product_cat-besprechungs-kollaborationstische","product_cat-hohe-besprechungstische","product_cat-konferenztische","pa_anzahl-personen-4-people","pa_anzahl-personen-6-people","pa_anzahl-personen-8-people","pa_bluetooth-steuerung-no","pa_garantie-2-year","pa_geeignet-fur-kabelwanne-yes","pa_gestellfarbe-black","pa_gestellfarbe-silver","pa_gestellfarbe-white","pa_gestellmaterial-metal","pa_gestellmaterial-steel","pa_inklusive-kabelkanal-no","pa_kollektion-notable","pa_marke-icf","pa_oberflachenfarbe-wood","pa_oberflachenfarbe-black","pa_oberflachenfarbe-white","pa_rahmentyp-column","pa_rahmentyp-angled-legs","pa_schreibtischtyp-sit-stand-desk","pa_standardisierung-ansi-bifma-x5-5","pa_standardisierung-en-15372","pa_tischplattenform-oval","pa_tischplattenform-square","pa_tischplattenform-round","pa_tischplattenmaterial-oak","pa_tischplattenmaterial-hpl","pa_tischplattenmaterial-melamine","pa_verbindbar-no","pa_verstellbar-yes","pa_verstellbar-no","pa_zertifizierungen-indoor-air-comfort-gold","first","instock","virtual","sold-individually","product-type-mynt_group"],"acf":[],"yoast_head":"<!-- This site is optimized with the Yoast SEO Premium plugin v25.6 (Yoast SEO v28.3) - https:\/\/yoast.com\/product\/yoast-seo-premium-wordpress\/ -->\n<title>ICF Notable Besprechungstische | Myntwork<\/title>\n<meta name=\"description\" content=\"lease ICF Notable Besprechungstische f\u00fcr kollaborative Arbeitsbereiche mit Modellen mit fester H\u00f6he und Sitz-Steh-Modellen, Optionen mit Stromanschl\u00fcssen\u2026\" \/>\n<meta name=\"robots\" content=\"index, follow, max-snippet:-1, max-image-preview:large, max-video-preview:-1\" \/>\n<link rel=\"canonical\" href=\"https:\/\/myntwork.com\/de-ch\/produkt\/icf-besprechungstisch-notable\/\" \/>\n<meta property=\"og:locale\" content=\"en_US\" \/>\n<meta property=\"og:type\" content=\"article\" \/>\n<meta property=\"og:title\" content=\"ICF Besprechungstisch Notable\" \/>\n<meta property=\"og:description\" content=\"lease ICF Notable Besprechungstische f\u00fcr kollaborative Arbeitsbereiche mit Modellen mit fester H\u00f6he und Sitz-Steh-Modellen, Optionen mit Stromanschl\u00fcssen sowie verschiedenen Gr\u00f6\u00dfen und Ausf\u00fchrungen.\" \/>\n<meta property=\"og:url\" content=\"https:\/\/myntwork.com\/de-ch\/produkt\/icf-besprechungstisch-notable\/\" \/>\n<meta property=\"og:site_name\" content=\"Myntwork Schweiz\" \/>\n<meta property=\"og:image\" content=\"https:\/\/myntwork.com\/wp-content\/uploads\/2026\/08\/0d687d85ce234c86af864686ecc3180f.jpg\" \/>\n\t<meta property=\"og:image:width\" content=\"1200\" \/>\n\t<meta property=\"og:image:height\" content=\"1200\" \/>\n\t<meta property=\"og:image:type\" content=\"image\/jpeg\" \/>\n<meta name=\"twitter:card\" content=\"summary_large_image\" \/>\n<meta name=\"twitter:label1\" content=\"Price\" \/>\n\t<meta name=\"twitter:data1\" content=\"&#067;&#072;&#070;&nbsp;2,615.00\" \/>\n\t<meta name=\"twitter:label2\" content=\"Availability\" \/>\n\t<meta name=\"twitter:data2\" content=\"In stock\" \/>\n<script type=\"application\/ld+json\" class=\"yoast-schema-graph\">{\"@context\":\"https:\\\/\\\/schema.org\",\"@graph\":[{\"@type\":\"WebPage\",\"@id\":\"https:\\\/\\\/myntwork.com\\\/de-ch\\\/produkt\\\/icf-besprechungstisch-notable\\\/\",\"url\":\"https:\\\/\\\/myntwork.com\\\/de-ch\\\/produkt\\\/icf-besprechungstisch-notable\\\/\",\"name\":\"ICF Notable Besprechungstische | Myntwork\",\"isPartOf\":{\"@id\":\"https:\\\/\\\/myntwork.com\\\/de-ch\\\/#website\"},\"primaryImageOfPage\":{\"@id\":\"https:\\\/\\\/myntwork.com\\\/de-ch\\\/produkt\\\/icf-besprechungstisch-notable\\\/#primaryimage\"},\"image\":{\"@id\":\"https:\\\/\\\/myntwork.com\\\/de-ch\\\/produkt\\\/icf-besprechungstisch-notable\\\/#primaryimage\"},\"thumbnailUrl\":\"https:\\\/\\\/myntwork.com\\\/wp-content\\\/uploads\\\/2026\\\/08\\\/0d687d85ce234c86af864686ecc3180f.jpg\",\"datePublished\":\"2026-08-27T03:02:57+00:00\",\"description\":\"lease ICF Notable Besprechungstische f\u00fcr kollaborative Arbeitsbereiche mit Modellen mit fester H\u00f6he und Sitz-Steh-Modellen, Optionen mit Stromanschl\u00fcssen sowie verschiedenen Gr\u00f6\u00dfen und Ausf\u00fchrungen.\",\"breadcrumb\":{\"@id\":\"https:\\\/\\\/myntwork.com\\\/de-ch\\\/produkt\\\/icf-besprechungstisch-notable\\\/#breadcrumb\"},\"inLanguage\":\"en-US\",\"potentialAction\":[{\"@type\":\"ReadAction\",\"target\":[\"https:\\\/\\\/myntwork.com\\\/de-ch\\\/produkt\\\/icf-besprechungstisch-notable\\\/\"]}]},{\"@type\":\"ImageObject\",\"inLanguage\":\"en-US\",\"@id\":\"https:\\\/\\\/myntwork.com\\\/de-ch\\\/produkt\\\/icf-besprechungstisch-notable\\\/#primaryimage\",\"url\":\"https:\\\/\\\/myntwork.com\\\/wp-content\\\/uploads\\\/2026\\\/08\\\/0d687d85ce234c86af864686ecc3180f.jpg\",\"contentUrl\":\"https:\\\/\\\/myntwork.com\\\/wp-content\\\/uploads\\\/2026\\\/08\\\/0d687d85ce234c86af864686ecc3180f.jpg\",\"caption\":\"ICF Notable High Meeting Electrified With Meeting Table\"},{\"@type\":\"BreadcrumbList\",\"@id\":\"https:\\\/\\\/myntwork.com\\\/de-ch\\\/produkt\\\/icf-besprechungstisch-notable\\\/#breadcrumb\",\"itemListElement\":[{\"@type\":\"ListItem\",\"position\":1,\"name\":\"Home\",\"item\":\"https:\\\/\\\/myntwork.com\\\/de-ch\\\/\"},{\"@type\":\"ListItem\",\"position\":2,\"name\":\"Kategorien\",\"item\":\"https:\\\/\\\/myntwork.com\\\/de-ch\\\/kategorien\\\/\"},{\"@type\":\"ListItem\",\"position\":3,\"name\":\"ICF Besprechungstisch Notable\"}]},{\"@type\":\"WebSite\",\"@id\":\"https:\\\/\\\/myntwork.com\\\/de-ch\\\/#website\",\"url\":\"https:\\\/\\\/myntwork.com\\\/de-ch\\\/\",\"name\":\"Myntwork\",\"description\":\"Lease neue B\u00fcrom\u00f6bel | Ab 3.95 pro Arbeitsplatz\",\"publisher\":{\"@id\":\"https:\\\/\\\/myntwork.com\\\/de-ch\\\/#organization\"},\"potentialAction\":[{\"@type\":\"SearchAction\",\"target\":{\"@type\":\"EntryPoint\",\"urlTemplate\":\"https:\\\/\\\/myntwork.com\\\/de-ch\\\/?s={search_term_string}\"},\"query-input\":{\"@type\":\"PropertyValueSpecification\",\"valueRequired\":true,\"valueName\":\"search_term_string\"}}],\"inLanguage\":\"en-US\"},{\"@type\":\"Organization\",\"@id\":\"https:\\\/\\\/myntwork.com\\\/de-ch\\\/#organization\",\"name\":\"Myntwork\",\"url\":\"https:\\\/\\\/myntwork.com\\\/de-ch\\\/\",\"logo\":{\"@type\":\"ImageObject\",\"inLanguage\":\"en-US\",\"@id\":\"https:\\\/\\\/myntwork.com\\\/de-ch\\\/#\\\/schema\\\/logo\\\/image\\\/\",\"url\":\"https:\\\/\\\/myntwork.com\\\/wp-content\\\/uploads\\\/2025\\\/08\\\/myntwork.png\",\"contentUrl\":\"https:\\\/\\\/myntwork.com\\\/wp-content\\\/uploads\\\/2025\\\/08\\\/myntwork.png\",\"width\":696,\"height\":696,\"caption\":\"Myntwork\"},\"image\":{\"@id\":\"https:\\\/\\\/myntwork.com\\\/de-ch\\\/#\\\/schema\\\/logo\\\/image\\\/\"},\"description\":\"Myntwork is een Nederlands bedrijf, gespecialiseerd in het leasen van kantoormeubilair. Het concept draait om flexibiliteit, eenvoud en duurzaamheid, waarbij bedrijven hoogwaardige meubels kunnen huren zonder grote upfront investeringen.\",\"email\":\"contact@myntwork.com\",\"telephone\":\"+31854017823\",\"legalName\":\"Myntwork B.V.\",\"foundingDate\":\"2024-01-26\",\"vatID\":\"NL861015290B01\",\"numberOfEmployees\":{\"@type\":\"QuantitativeValue\",\"minValue\":\"1\",\"maxValue\":\"10\"}}]}<\/script>\n<meta property=\"product:brand\" content=\"ICF\" \/>\n<meta property=\"product:price:amount\" content=\"2615.00\" \/>\n<meta property=\"product:price:currency\" content=\"CHF\" \/>\n<meta property=\"og:availability\" content=\"instock\" \/>\n<meta property=\"product:availability\" content=\"instock\" \/>\n<meta property=\"product:retailer_item_id\" content=\"GROUP-385FC1D69D11\" \/>\n<meta property=\"product:condition\" content=\"new\" \/>\n<!-- \/ Yoast SEO Premium plugin. -->","yoast_head_json":{"title":"ICF Notable Besprechungstische | Myntwork","description":"lease ICF Notable Besprechungstische f\u00fcr kollaborative Arbeitsbereiche mit Modellen mit fester H\u00f6he und Sitz-Steh-Modellen, Optionen mit Stromanschl\u00fcssen\u2026","robots":{"index":"index","follow":"follow","max-snippet":"max-snippet:-1","max-image-preview":"max-image-preview:large","max-video-preview":"max-video-preview:-1"},"canonical":"https:\/\/myntwork.com\/de-ch\/produkt\/icf-besprechungstisch-notable\/","og_locale":"en_US","og_type":"article","og_title":"ICF Besprechungstisch Notable","og_description":"lease ICF Notable Besprechungstische f\u00fcr kollaborative Arbeitsbereiche mit Modellen mit fester H\u00f6he und Sitz-Steh-Modellen, Optionen mit Stromanschl\u00fcssen sowie verschiedenen Gr\u00f6\u00dfen und Ausf\u00fchrungen.","og_url":"https:\/\/myntwork.com\/de-ch\/produkt\/icf-besprechungstisch-notable\/","og_site_name":"Myntwork Schweiz","og_image":[{"url":"https:\/\/myntwork.com\/wp-content\/uploads\/2026\/08\/0d687d85ce234c86af864686ecc3180f.jpg","width":1200,"height":1200,"type":"image\/jpeg"}],"twitter_card":"summary_large_image","twitter_misc":{"Price":"&#67;&#72;&#70;&nbsp;2,615.00","Availability":"In stock"},"schema":{"@context":"https:\/\/schema.org","@graph":[{"@type":"WebPage","@id":"https:\/\/myntwork.com\/de-ch\/produkt\/icf-besprechungstisch-notable\/","url":"https:\/\/myntwork.com\/de-ch\/produkt\/icf-besprechungstisch-notable\/","name":"ICF Notable Besprechungstische | Myntwork","isPartOf":{"@id":"https:\/\/myntwork.com\/de-ch\/#website"},"primaryImageOfPage":{"@id":"https:\/\/myntwork.com\/de-ch\/produkt\/icf-besprechungstisch-notable\/#primaryimage"},"image":{"@id":"https:\/\/myntwork.com\/de-ch\/produkt\/icf-besprechungstisch-notable\/#primaryimage"},"thumbnailUrl":"https:\/\/myntwork.com\/wp-content\/uploads\/2026\/08\/0d687d85ce234c86af864686ecc3180f.jpg","datePublished":"2026-08-27T03:02:57+00:00","description":"lease ICF Notable Besprechungstische f\u00fcr kollaborative Arbeitsbereiche mit Modellen mit fester H\u00f6he und Sitz-Steh-Modellen, Optionen mit Stromanschl\u00fcssen sowie verschiedenen Gr\u00f6\u00dfen und Ausf\u00fchrungen.","breadcrumb":{"@id":"https:\/\/myntwork.com\/de-ch\/produkt\/icf-besprechungstisch-notable\/#breadcrumb"},"inLanguage":"en-US","potentialAction":[{"@type":"ReadAction","target":["https:\/\/myntwork.com\/de-ch\/produkt\/icf-besprechungstisch-notable\/"]}]},{"@type":"ImageObject","inLanguage":"en-US","@id":"https:\/\/myntwork.com\/de-ch\/produkt\/icf-besprechungstisch-notable\/#primaryimage","url":"https:\/\/myntwork.com\/wp-content\/uploads\/2026\/08\/0d687d85ce234c86af864686ecc3180f.jpg","contentUrl":"https:\/\/myntwork.com\/wp-content\/uploads\/2026\/08\/0d687d85ce234c86af864686ecc3180f.jpg","caption":"ICF Notable High Meeting Electrified With Meeting Table"},{"@type":"BreadcrumbList","@id":"https:\/\/myntwork.com\/de-ch\/produkt\/icf-besprechungstisch-notable\/#breadcrumb","itemListElement":[{"@type":"ListItem","position":1,"name":"Home","item":"https:\/\/myntwork.com\/de-ch\/"},{"@type":"ListItem","position":2,"name":"Kategorien","item":"https:\/\/myntwork.com\/de-ch\/kategorien\/"},{"@type":"ListItem","position":3,"name":"ICF Besprechungstisch Notable"}]},{"@type":"WebSite","@id":"https:\/\/myntwork.com\/de-ch\/#website","url":"https:\/\/myntwork.com\/de-ch\/","name":"Myntwork","description":"Lease neue B\u00fcrom\u00f6bel | Ab 3.95 pro Arbeitsplatz","publisher":{"@id":"https:\/\/myntwork.com\/de-ch\/#organization"},"potentialAction":[{"@type":"SearchAction","target":{"@type":"EntryPoint","urlTemplate":"https:\/\/myntwork.com\/de-ch\/?s={search_term_string}"},"query-input":{"@type":"PropertyValueSpecification","valueRequired":true,"valueName":"search_term_string"}}],"inLanguage":"en-US"},{"@type":"Organization","@id":"https:\/\/myntwork.com\/de-ch\/#organization","name":"Myntwork","url":"https:\/\/myntwork.com\/de-ch\/","logo":{"@type":"ImageObject","inLanguage":"en-US","@id":"https:\/\/myntwork.com\/de-ch\/#\/schema\/logo\/image\/","url":"https:\/\/myntwork.com\/wp-content\/uploads\/2025\/08\/myntwork.png","contentUrl":"https:\/\/myntwork.com\/wp-content\/uploads\/2025\/08\/myntwork.png","width":696,"height":696,"caption":"Myntwork"},"image":{"@id":"https:\/\/myntwork.com\/de-ch\/#\/schema\/logo\/image\/"},"description":"Myntwork is een Nederlands bedrijf, gespecialiseerd in het leasen van kantoormeubilair. Het concept draait om flexibiliteit, eenvoud en duurzaamheid, waarbij bedrijven hoogwaardige meubels kunnen huren zonder grote upfront investeringen.","email":"contact@myntwork.com","telephone":"+31854017823","legalName":"Myntwork B.V.","foundingDate":"2024-01-26","vatID":"NL861015290B01","numberOfEmployees":{"@type":"QuantitativeValue","minValue":"1","maxValue":"10"}}]},"product_brand":"ICF","product_price_amount":"2615.00","product_price_currency":"CHF","og_availability":"instock","product_availability":"instock","product_retailer_item_id":"GROUP-385FC1D69D11","product_condition":"new"},"_links":{"self":[{"href":"https:\/\/myntwork.com\/de-ch\/wp-json\/wp\/v2\/product\/29603","targetHints":{"allow":["GET"]}}],"collection":[{"href":"https:\/\/myntwork.com\/de-ch\/wp-json\/wp\/v2\/product"}],"about":[{"href":"https:\/\/myntwork.com\/de-ch\/wp-json\/wp\/v2\/types\/product"}],"replies":[{"embeddable":true,"href":"https:\/\/myntwork.com\/de-ch\/wp-json\/wp\/v2\/comments?post=29603"}],"wp:featuredmedia":[{"embeddable":true,"href":"https:\/\/myntwork.com\/de-ch\/wp-json\/wp\/v2\/media\/26604"}],"wp:attachment":[{"href":"https:\/\/myntwork.com\/de-ch\/wp-json\/wp\/v2\/media?parent=29603"}],"wp:term":[{"taxonomy":"product_brand","embeddable":true,"href":"https:\/\/myntwork.com\/de-ch\/wp-json\/wp\/v2\/product_brand?post=29603"},{"taxonomy":"product_cat","embeddable":true,"href":"https:\/\/myntwork.com\/de-ch\/wp-json\/wp\/v2\/product_cat?post=29603"},{"taxonomy":"product_tag","embeddable":true,"href":"https:\/\/myntwork.com\/de-ch\/wp-json\/wp\/v2\/product_tag?post=29603"}],"curies":[{"name":"wp","href":"https:\/\/api.w.org\/{rel}","templated":true}]}}