{"id":29617,"date":"2026-08-27T03:12:17","date_gmt":"2026-08-27T03:12:17","guid":{"rendered":"https:\/\/myntwork.com\/de-ch\/product\/icf-burostuhl-3\/"},"modified":"2026-08-27T03:12:17","modified_gmt":"2026-08-27T03:12:17","slug":"icf-burostuhl-3","status":"publish","type":"product","link":"https:\/\/myntwork.com\/de-ch\/produkt\/icf-burostuhl-3\/","title":{"rendered":"ICF B\u00fcrostuhl"},"content":{"rendered":"<h2>Arbeitsst\u00fchle f\u00fcr anpassungsf\u00e4hige Arbeitsbereiche<\/h2>\n<p>ICF B\u00fcrost\u00fchle sind f\u00fcr die t\u00e4gliche Arbeit am Schreibtisch konzipiert \u2013 unabh\u00e4ngig davon, ob Sie ein dauerhaftes B\u00fcro, einen hybriden Arbeitsplatz oder einen Projektbereich mit praktischen Sitzl\u00f6sungen ausstatten. Die Kollektion konzentriert sich auf Konfigurationen von Arbeitsst\u00fchlen mit gepolsterten Sitzfl\u00e4chen und R\u00fcckenlehnen, Armlehnen sowie einer professionellen schwarzen Ausf\u00fchrung bei ausgew\u00e4hlten Gestellen.<\/p>\n<p>Diese St\u00fchle eignen sich f\u00fcr Einzelarbeitspl\u00e4tze, gemeinsam genutzte Schreibtische und kompakte Besprechungsbereiche, in denen Verstellbarkeit und ein einheitlicher visueller Stil wichtig sind. Die verf\u00fcgbaren Informationen ordnen die Produktfamilie sowohl den Arbeitsst\u00fchlen als auch den ergonomischen B\u00fcrost\u00fchlen zu. Die genauen Eigenschaften sollten jedoch anhand des jeweiligen Produkteintrags gepr\u00fcft werden.<\/p>\n<h2>Details zwischen den Modellen vergleichen<\/h2>\n<p>Die drei Mitglieder der Kollektion haben ein eng verwandtes ICF-Format f\u00fcr Arbeitsst\u00fchle, ihre Konfigurationen sind jedoch nicht identisch. DCE444 verf\u00fcgt \u00fcber eine manuelle H\u00f6henverstellung, ein schwarzes Nylonuntergestell und eine zweij\u00e4hrige Garantie. DCE464 kombiniert Elemente aus Aluminium und Nylon mit einem Stoffbezug, w\u00e4hrend DCE544 3D-Armlehnen aus Aluminium erg\u00e4nzt und eine maximale Belastung von 135 kg angibt.<\/p>\n<p>Nutzen Sie die Produktkarten, um die genauen Angaben zu Armlehnen, Verstellung, Bezug und Untergestell zu best\u00e4tigen, bevor Sie einen Stuhl ausw\u00e4hlen. Zu den Kollektionseigenschaften geh\u00f6ren Optionen aus Stoff, Mesh und PU-Leder sowie mehrere Bezugsfarben und Untergestelle in Schwarz oder Grau.<\/p>\n","protected":false},"excerpt":{"rendered":"<p>Alle Modelle der ICF B\u00fcrostuhl-Kollektion anzeigen.<\/p>\n","protected":false},"featured_media":27362,"comment_status":"open","ping_status":"closed","template":"","meta":{"_acf_changed":false},"product_brand":[2736],"product_cat":[384,424,425],"product_tag":[],"class_list":["post-29617","product","type-product","status-publish","has-post-thumbnail","product_brand-icf","product_cat-burostuhle","product_cat-drehstuhle","product_cat-ergonomische-burostuhle","pa_armlehnen-yes","pa_armlehnen-no","pa_burostuhltyp-task-chair","pa_burostuhltyp-ergonomic-office-chair","pa_garantie-2-year","pa_gestellfarbe-grey","pa_gestellfarbe-black","pa_gestellmaterial-aluminum","pa_gestellmaterial-metal","pa_gestellmaterial-plastic","pa_marke-icf","pa_maximale-belastung-135-kg","pa_mechanik-manual-height-adjustable","pa_mit-kopfstutze-no","pa_mit-lendenstutze-no","pa_polsterfarbe-beige","pa_polsterfarbe-blue","pa_polsterfarbe-brown","pa_polsterfarbe-yellow","pa_polsterfarbe-gold","pa_polsterfarbe-grey","pa_polsterfarbe-green","pa_polsterfarbe-purple","pa_polsterfarbe-orange","pa_polsterfarbe-pink","pa_polsterfarbe-red","pa_polsterfarbe-black","pa_polsterfarbe-white","pa_polstermaterial-mesh-covering","pa_polstermaterial-pu-leather","pa_polstermaterial-fabric","pa_standardisierung-not-specified","pa_verstellbare-ruckenlehnenhoh-no","pa_verstellbare-sitzhohe-yes","pa_verstellbare-sitzhohe-no","pa_verstellbare-sitztiefe-no","first","instock","virtual","sold-individually","product-type-mynt_group"],"acf":[],"yoast_head":"<!-- This site is optimized with the Yoast SEO Premium plugin v25.6 (Yoast SEO v28.3) - https:\/\/yoast.com\/product\/yoast-seo-premium-wordpress\/ -->\n<title>ICF B\u00fcrostuhl-Kollektion | Arbeitsst\u00fchle<\/title>\n<meta name=\"description\" content=\"Entdecken Sie ICF B\u00fcrost\u00fchle f\u00fcr flexible Arbeitsbereiche. Vergleichen Sie gepolsterte Arbeitsstuhlmodelle, Armlehnen, H\u00f6henverstellung und Materialien und\u2026\" \/>\n<meta name=\"robots\" content=\"index, follow, max-snippet:-1, max-image-preview:large, max-video-preview:-1\" \/>\n<link rel=\"canonical\" href=\"https:\/\/myntwork.com\/de-ch\/produkt\/icf-burostuhl-3\/\" \/>\n<meta property=\"og:locale\" content=\"en_US\" \/>\n<meta property=\"og:type\" content=\"article\" \/>\n<meta property=\"og:title\" content=\"ICF B\u00fcrostuhl\" \/>\n<meta property=\"og:description\" content=\"Entdecken Sie ICF B\u00fcrost\u00fchle f\u00fcr flexible Arbeitsbereiche. Vergleichen Sie gepolsterte Arbeitsstuhlmodelle, Armlehnen, H\u00f6henverstellung und Materialien und nutzen Sie anschlie\u00dfend den monatlichen lease mit Myntwork.\" \/>\n<meta property=\"og:url\" content=\"https:\/\/myntwork.com\/de-ch\/produkt\/icf-burostuhl-3\/\" \/>\n<meta property=\"og:site_name\" content=\"Myntwork Schweiz\" \/>\n<meta property=\"og:image\" content=\"https:\/\/myntwork.com\/wp-content\/uploads\/2026\/07\/1902b6ed67f2452ab20eba180664d089.jpg\" \/>\n\t<meta property=\"og:image:width\" content=\"1200\" \/>\n\t<meta property=\"og:image:height\" content=\"1200\" \/>\n\t<meta property=\"og:image:type\" content=\"image\/jpeg\" \/>\n<meta name=\"twitter:card\" content=\"summary_large_image\" \/>\n<meta name=\"twitter:label1\" content=\"Price\" \/>\n\t<meta name=\"twitter:data1\" content=\"&#067;&#072;&#070;&nbsp;596.00\" \/>\n\t<meta name=\"twitter:label2\" content=\"Availability\" \/>\n\t<meta name=\"twitter:data2\" content=\"In stock\" \/>\n<script type=\"application\/ld+json\" class=\"yoast-schema-graph\">{\"@context\":\"https:\\\/\\\/schema.org\",\"@graph\":[{\"@type\":\"WebPage\",\"@id\":\"https:\\\/\\\/myntwork.com\\\/de-ch\\\/produkt\\\/icf-burostuhl-3\\\/\",\"url\":\"https:\\\/\\\/myntwork.com\\\/de-ch\\\/produkt\\\/icf-burostuhl-3\\\/\",\"name\":\"ICF B\u00fcrostuhl-Kollektion | Arbeitsst\u00fchle\",\"isPartOf\":{\"@id\":\"https:\\\/\\\/myntwork.com\\\/de-ch\\\/#website\"},\"primaryImageOfPage\":{\"@id\":\"https:\\\/\\\/myntwork.com\\\/de-ch\\\/produkt\\\/icf-burostuhl-3\\\/#primaryimage\"},\"image\":{\"@id\":\"https:\\\/\\\/myntwork.com\\\/de-ch\\\/produkt\\\/icf-burostuhl-3\\\/#primaryimage\"},\"thumbnailUrl\":\"https:\\\/\\\/myntwork.com\\\/wp-content\\\/uploads\\\/2026\\\/07\\\/1902b6ed67f2452ab20eba180664d089.jpg\",\"datePublished\":\"2026-08-27T03:12:17+00:00\",\"description\":\"Entdecken Sie ICF B\u00fcrost\u00fchle f\u00fcr flexible Arbeitsbereiche. Vergleichen Sie gepolsterte Arbeitsstuhlmodelle, Armlehnen, H\u00f6henverstellung und Materialien und nutzen Sie anschlie\u00dfend den monatlichen lease mit Myntwork.\",\"breadcrumb\":{\"@id\":\"https:\\\/\\\/myntwork.com\\\/de-ch\\\/produkt\\\/icf-burostuhl-3\\\/#breadcrumb\"},\"inLanguage\":\"en-US\",\"potentialAction\":[{\"@type\":\"ReadAction\",\"target\":[\"https:\\\/\\\/myntwork.com\\\/de-ch\\\/produkt\\\/icf-burostuhl-3\\\/\"]}]},{\"@type\":\"ImageObject\",\"inLanguage\":\"en-US\",\"@id\":\"https:\\\/\\\/myntwork.com\\\/de-ch\\\/produkt\\\/icf-burostuhl-3\\\/#primaryimage\",\"url\":\"https:\\\/\\\/myntwork.com\\\/wp-content\\\/uploads\\\/2026\\\/07\\\/1902b6ed67f2452ab20eba180664d089.jpg\",\"contentUrl\":\"https:\\\/\\\/myntwork.com\\\/wp-content\\\/uploads\\\/2026\\\/07\\\/1902b6ed67f2452ab20eba180664d089.jpg\",\"caption\":\"ICF With Armrests Upholstered Office Task Chair\"},{\"@type\":\"BreadcrumbList\",\"@id\":\"https:\\\/\\\/myntwork.com\\\/de-ch\\\/produkt\\\/icf-burostuhl-3\\\/#breadcrumb\",\"itemListElement\":[{\"@type\":\"ListItem\",\"position\":1,\"name\":\"Home\",\"item\":\"https:\\\/\\\/myntwork.com\\\/de-ch\\\/\"},{\"@type\":\"ListItem\",\"position\":2,\"name\":\"Kategorien\",\"item\":\"https:\\\/\\\/myntwork.com\\\/de-ch\\\/kategorien\\\/\"},{\"@type\":\"ListItem\",\"position\":3,\"name\":\"ICF B\u00fcrostuhl\"}]},{\"@type\":\"WebSite\",\"@id\":\"https:\\\/\\\/myntwork.com\\\/de-ch\\\/#website\",\"url\":\"https:\\\/\\\/myntwork.com\\\/de-ch\\\/\",\"name\":\"Myntwork\",\"description\":\"Lease neue B\u00fcrom\u00f6bel | Ab 3.95 pro Arbeitsplatz\",\"publisher\":{\"@id\":\"https:\\\/\\\/myntwork.com\\\/de-ch\\\/#organization\"},\"potentialAction\":[{\"@type\":\"SearchAction\",\"target\":{\"@type\":\"EntryPoint\",\"urlTemplate\":\"https:\\\/\\\/myntwork.com\\\/de-ch\\\/?s={search_term_string}\"},\"query-input\":{\"@type\":\"PropertyValueSpecification\",\"valueRequired\":true,\"valueName\":\"search_term_string\"}}],\"inLanguage\":\"en-US\"},{\"@type\":\"Organization\",\"@id\":\"https:\\\/\\\/myntwork.com\\\/de-ch\\\/#organization\",\"name\":\"Myntwork\",\"url\":\"https:\\\/\\\/myntwork.com\\\/de-ch\\\/\",\"logo\":{\"@type\":\"ImageObject\",\"inLanguage\":\"en-US\",\"@id\":\"https:\\\/\\\/myntwork.com\\\/de-ch\\\/#\\\/schema\\\/logo\\\/image\\\/\",\"url\":\"https:\\\/\\\/myntwork.com\\\/wp-content\\\/uploads\\\/2025\\\/08\\\/myntwork.png\",\"contentUrl\":\"https:\\\/\\\/myntwork.com\\\/wp-content\\\/uploads\\\/2025\\\/08\\\/myntwork.png\",\"width\":696,\"height\":696,\"caption\":\"Myntwork\"},\"image\":{\"@id\":\"https:\\\/\\\/myntwork.com\\\/de-ch\\\/#\\\/schema\\\/logo\\\/image\\\/\"},\"description\":\"Myntwork is een Nederlands bedrijf, gespecialiseerd in het leasen van kantoormeubilair. Het concept draait om flexibiliteit, eenvoud en duurzaamheid, waarbij bedrijven hoogwaardige meubels kunnen huren zonder grote upfront investeringen.\",\"email\":\"contact@myntwork.com\",\"telephone\":\"+31854017823\",\"legalName\":\"Myntwork B.V.\",\"foundingDate\":\"2024-01-26\",\"vatID\":\"NL861015290B01\",\"numberOfEmployees\":{\"@type\":\"QuantitativeValue\",\"minValue\":\"1\",\"maxValue\":\"10\"}}]}<\/script>\n<meta property=\"product:brand\" content=\"ICF\" \/>\n<meta property=\"product:price:amount\" content=\"596.00\" \/>\n<meta property=\"product:price:currency\" content=\"CHF\" \/>\n<meta property=\"og:availability\" content=\"instock\" \/>\n<meta property=\"product:availability\" content=\"instock\" \/>\n<meta property=\"product:retailer_item_id\" content=\"GROUP-A01D7481A1D1\" \/>\n<meta property=\"product:condition\" content=\"new\" \/>\n<!-- \/ Yoast SEO Premium plugin. -->","yoast_head_json":{"title":"ICF B\u00fcrostuhl-Kollektion | Arbeitsst\u00fchle","description":"Entdecken Sie ICF B\u00fcrost\u00fchle f\u00fcr flexible Arbeitsbereiche. Vergleichen Sie gepolsterte Arbeitsstuhlmodelle, Armlehnen, H\u00f6henverstellung und Materialien und\u2026","robots":{"index":"index","follow":"follow","max-snippet":"max-snippet:-1","max-image-preview":"max-image-preview:large","max-video-preview":"max-video-preview:-1"},"canonical":"https:\/\/myntwork.com\/de-ch\/produkt\/icf-burostuhl-3\/","og_locale":"en_US","og_type":"article","og_title":"ICF B\u00fcrostuhl","og_description":"Entdecken Sie ICF B\u00fcrost\u00fchle f\u00fcr flexible Arbeitsbereiche. Vergleichen Sie gepolsterte Arbeitsstuhlmodelle, Armlehnen, H\u00f6henverstellung und Materialien und nutzen Sie anschlie\u00dfend den monatlichen lease mit Myntwork.","og_url":"https:\/\/myntwork.com\/de-ch\/produkt\/icf-burostuhl-3\/","og_site_name":"Myntwork Schweiz","og_image":[{"url":"https:\/\/myntwork.com\/wp-content\/uploads\/2026\/07\/1902b6ed67f2452ab20eba180664d089.jpg","width":1200,"height":1200,"type":"image\/jpeg"}],"twitter_card":"summary_large_image","twitter_misc":{"Price":"&#67;&#72;&#70;&nbsp;596.00","Availability":"In stock"},"schema":{"@context":"https:\/\/schema.org","@graph":[{"@type":"WebPage","@id":"https:\/\/myntwork.com\/de-ch\/produkt\/icf-burostuhl-3\/","url":"https:\/\/myntwork.com\/de-ch\/produkt\/icf-burostuhl-3\/","name":"ICF B\u00fcrostuhl-Kollektion | Arbeitsst\u00fchle","isPartOf":{"@id":"https:\/\/myntwork.com\/de-ch\/#website"},"primaryImageOfPage":{"@id":"https:\/\/myntwork.com\/de-ch\/produkt\/icf-burostuhl-3\/#primaryimage"},"image":{"@id":"https:\/\/myntwork.com\/de-ch\/produkt\/icf-burostuhl-3\/#primaryimage"},"thumbnailUrl":"https:\/\/myntwork.com\/wp-content\/uploads\/2026\/07\/1902b6ed67f2452ab20eba180664d089.jpg","datePublished":"2026-08-27T03:12:17+00:00","description":"Entdecken Sie ICF B\u00fcrost\u00fchle f\u00fcr flexible Arbeitsbereiche. Vergleichen Sie gepolsterte Arbeitsstuhlmodelle, Armlehnen, H\u00f6henverstellung und Materialien und nutzen Sie anschlie\u00dfend den monatlichen lease mit Myntwork.","breadcrumb":{"@id":"https:\/\/myntwork.com\/de-ch\/produkt\/icf-burostuhl-3\/#breadcrumb"},"inLanguage":"en-US","potentialAction":[{"@type":"ReadAction","target":["https:\/\/myntwork.com\/de-ch\/produkt\/icf-burostuhl-3\/"]}]},{"@type":"ImageObject","inLanguage":"en-US","@id":"https:\/\/myntwork.com\/de-ch\/produkt\/icf-burostuhl-3\/#primaryimage","url":"https:\/\/myntwork.com\/wp-content\/uploads\/2026\/07\/1902b6ed67f2452ab20eba180664d089.jpg","contentUrl":"https:\/\/myntwork.com\/wp-content\/uploads\/2026\/07\/1902b6ed67f2452ab20eba180664d089.jpg","caption":"ICF With Armrests Upholstered Office Task Chair"},{"@type":"BreadcrumbList","@id":"https:\/\/myntwork.com\/de-ch\/produkt\/icf-burostuhl-3\/#breadcrumb","itemListElement":[{"@type":"ListItem","position":1,"name":"Home","item":"https:\/\/myntwork.com\/de-ch\/"},{"@type":"ListItem","position":2,"name":"Kategorien","item":"https:\/\/myntwork.com\/de-ch\/kategorien\/"},{"@type":"ListItem","position":3,"name":"ICF B\u00fcrostuhl"}]},{"@type":"WebSite","@id":"https:\/\/myntwork.com\/de-ch\/#website","url":"https:\/\/myntwork.com\/de-ch\/","name":"Myntwork","description":"Lease neue B\u00fcrom\u00f6bel | Ab 3.95 pro Arbeitsplatz","publisher":{"@id":"https:\/\/myntwork.com\/de-ch\/#organization"},"potentialAction":[{"@type":"SearchAction","target":{"@type":"EntryPoint","urlTemplate":"https:\/\/myntwork.com\/de-ch\/?s={search_term_string}"},"query-input":{"@type":"PropertyValueSpecification","valueRequired":true,"valueName":"search_term_string"}}],"inLanguage":"en-US"},{"@type":"Organization","@id":"https:\/\/myntwork.com\/de-ch\/#organization","name":"Myntwork","url":"https:\/\/myntwork.com\/de-ch\/","logo":{"@type":"ImageObject","inLanguage":"en-US","@id":"https:\/\/myntwork.com\/de-ch\/#\/schema\/logo\/image\/","url":"https:\/\/myntwork.com\/wp-content\/uploads\/2025\/08\/myntwork.png","contentUrl":"https:\/\/myntwork.com\/wp-content\/uploads\/2025\/08\/myntwork.png","width":696,"height":696,"caption":"Myntwork"},"image":{"@id":"https:\/\/myntwork.com\/de-ch\/#\/schema\/logo\/image\/"},"description":"Myntwork is een Nederlands bedrijf, gespecialiseerd in het leasen van kantoormeubilair. Het concept draait om flexibiliteit, eenvoud en duurzaamheid, waarbij bedrijven hoogwaardige meubels kunnen huren zonder grote upfront investeringen.","email":"contact@myntwork.com","telephone":"+31854017823","legalName":"Myntwork B.V.","foundingDate":"2024-01-26","vatID":"NL861015290B01","numberOfEmployees":{"@type":"QuantitativeValue","minValue":"1","maxValue":"10"}}]},"product_brand":"ICF","product_price_amount":"596.00","product_price_currency":"CHF","og_availability":"instock","product_availability":"instock","product_retailer_item_id":"GROUP-A01D7481A1D1","product_condition":"new"},"_links":{"self":[{"href":"https:\/\/myntwork.com\/de-ch\/wp-json\/wp\/v2\/product\/29617","targetHints":{"allow":["GET"]}}],"collection":[{"href":"https:\/\/myntwork.com\/de-ch\/wp-json\/wp\/v2\/product"}],"about":[{"href":"https:\/\/myntwork.com\/de-ch\/wp-json\/wp\/v2\/types\/product"}],"replies":[{"embeddable":true,"href":"https:\/\/myntwork.com\/de-ch\/wp-json\/wp\/v2\/comments?post=29617"}],"wp:featuredmedia":[{"embeddable":true,"href":"https:\/\/myntwork.com\/de-ch\/wp-json\/wp\/v2\/media\/27362"}],"wp:attachment":[{"href":"https:\/\/myntwork.com\/de-ch\/wp-json\/wp\/v2\/media?parent=29617"}],"wp:term":[{"taxonomy":"product_brand","embeddable":true,"href":"https:\/\/myntwork.com\/de-ch\/wp-json\/wp\/v2\/product_brand?post=29617"},{"taxonomy":"product_cat","embeddable":true,"href":"https:\/\/myntwork.com\/de-ch\/wp-json\/wp\/v2\/product_cat?post=29617"},{"taxonomy":"product_tag","embeddable":true,"href":"https:\/\/myntwork.com\/de-ch\/wp-json\/wp\/v2\/product_tag?post=29617"}],"curies":[{"name":"wp","href":"https:\/\/api.w.org\/{rel}","templated":true}]}}