{"id":3335,"date":"2026-08-18T13:27:40","date_gmt":"2026-08-18T13:27:40","guid":{"rendered":"https:\/\/myntwork.com\/de-ch\/product\/bralco-konferenztisch\/"},"modified":"2026-08-26T12:21:35","modified_gmt":"2026-08-26T12:21:35","slug":"bralco-konferenztisch","status":"publish","type":"product","link":"https:\/\/myntwork.com\/de-ch\/produkt\/bralco-konferenztisch\/","title":{"rendered":"Bralco Konferenztisch"},"content":{"rendered":"<h2>Bralco Konferenztisch<\/h2>\n<p>Der Bralco Konferenztisch ist ein rechteckiger Besprechungstisch f\u00fcr professionelle Kollaborationsbereiche und Gruppen mit bis zu 10 Personen. Seine feste Ausf\u00fchrung mit vier Beinen schafft eine klar definierte gemeinsame Fl\u00e4che f\u00fcr Diskussionen, Pr\u00e4sentationen und t\u00e4gliche Teambesprechungen. Mit einer Melamin-Tischplatte und einem Holzgestell verbindet er praktische B\u00fcromaterialien zu einer geradlinigen L\u00f6sung f\u00fcr Konferenzr\u00e4ume.<\/p>\n<p>Die rechteckige Tischplatte erm\u00f6glicht eine organisierte Anordnung von Dokumenten, Laptops und gemeinsam genutzten Besprechungsunterlagen. Sie eignet sich f\u00fcr Teams, die einen festen Tisch anstelle einer modularen Anordnung ben\u00f6tigen, da der Tisch nicht mit zus\u00e4tzlichen Einheiten verbunden werden kann. Die Konstruktion mit fester H\u00f6he konzentriert sich zudem auf herk\u00f6mmliche Sitzbesprechungen und nicht auf die Nutzung als h\u00f6henverstellbarer Arbeitsplatz.<\/p>\n<p><strong>Die Melamin-Tischplatte bietet eine gleichm\u00e4\u00dfige Oberfl\u00e4che f\u00fcr den t\u00e4glichen B\u00fcrogebrauch.<\/strong> Verf\u00fcgbare Ausf\u00fchrungen in Beige und Schwarz erm\u00f6glichen eine Abstimmung des Tisches auf helle oder kontrastreiche professionelle Interieurs. Das Holzgestell erg\u00e4nzt die Tischplatte, w\u00e4hrend die Vierbein-Konstruktion eine vertraute und stabile optische Basis f\u00fcr einen dedizierten Besprechungsbereich bildet.<\/p>\n<p>Der Bralco Konferenztisch ist f\u00fcr die Verwendung mit einer Kabelwanne geeignet und unterst\u00fctzt so eine organisiertere Kabelf\u00fchrung unterhalb der Arbeitsfl\u00e4che. Eine Kabelwanne ist nicht im Lieferumfang enthalten, sodass Zubeh\u00f6r und Kabelmanagement entsprechend den Anforderungen des Raums und seiner Ausstattung gew\u00e4hlt werden k\u00f6nnen.<\/p>\n<p>F\u00fcr die Zugangsdetails an der Tischoberseite wird schwarz lackiertes Metall verwendet, und die Beinausf\u00fchrung kann schwarz lackiertes Metall mit beigefarbenen Melaminelementen kombinieren. Diese Ausf\u00fchrungen erm\u00f6glichen ein abgestimmtes Erscheinungsbild von Zugangsbereich, Oberfl\u00e4che und tragender Struktur, ohne die grundlegende Funktion des Tisches als Besprechungstisch zu ver\u00e4ndern.<\/p>\n<p>Dieser Tisch wurde f\u00fcr Besprechungsr\u00e4ume und andere professionelle Kollaborationsumgebungen entwickelt und bietet bis zu 10 Personen eine gemeinsame rechteckige Fl\u00e4che f\u00fcr konzentrierte Gespr\u00e4che und Gruppenarbeit. Er verf\u00fcgt \u00fcber keine Bluetooth-Steuerung und unterst\u00fctzt damit eine konventionelle und unkomplizierte Konfiguration als Besprechungstisch. Das Produkt ist als kreisf\u00f6rmig ausgewiesen und bietet K\u00e4ufern eine zus\u00e4tzliche Orientierung bei der Bewertung von Eigenschaften von B\u00fcrom\u00f6beln, die \u00fcber Anordnung und Ausf\u00fchrung hinausgehen.<\/p>\n<p><strong>Eine zweij\u00e4hrige Garantie ist im Lieferumfang enthalten.<\/strong> W\u00e4hlen Sie eine beige Ausf\u00fchrung f\u00fcr eine hellere Farbgebung oder Schwarz f\u00fcr einen st\u00e4rkeren Kontrast und schaffen Sie mit dem Bralco Konferenztisch einen klar definierten, praktischen Mittelpunkt f\u00fcr Teambesprechungen.<\/p>\n","protected":false},"excerpt":{"rendered":"<p>Der Bralco Konferenztisch ist ein rechteckiger Konferenztisch mit vier Beinen f\u00fcr bis zu 10 Personen, mit Melamin-Tischplatte, Holzgestell und Eignung f\u00fcr eine Kabelwanne.<\/p>\n","protected":false},"featured_media":3334,"comment_status":"open","ping_status":"closed","template":"","meta":{"_acf_changed":false},"product_brand":[690],"product_cat":[387],"product_tag":[],"class_list":["post-3335","product","type-product","status-publish","has-post-thumbnail","product_brand-bralco","product_cat-konferenztische","pa_anzahl-personen-10-people","pa_bluetooth-steuerung-no","pa_garantie-2-year","pa_geeignet-fur-kabelwanne-yes","pa_gestellfarbe-beige","pa_gestellfarbe-black","pa_gestellmaterial-wood","pa_inklusive-kabelkanal-no","pa_marke-bralco","pa_oberflachenfarbe-beige","pa_oberflachenfarbe-black","pa_rahmentyp-4-leg","pa_tischplattenform-rectangular","pa_tischplattenmaterial-melamine","pa_verbindbar-no","pa_verstellbar-no","first","instock","shipping-taxable","purchasable","product-type-simple"],"acf":[],"yoast_head":"<!-- This site is optimized with the Yoast SEO Premium plugin v25.6 (Yoast SEO v28.3) - https:\/\/yoast.com\/product\/yoast-seo-premium-wordpress\/ -->\n<title>Bralco Konferenztisch | Myntwork Schweiz<\/title>\n<meta name=\"description\" content=\"Bringen Sie Teams bequem zusammen \u2013 mit dem Bralco Konferenztisch, der f\u00fcr konzentrierte Besprechungen mit gro\u00dfz\u00fcgiger Oberfl\u00e4che und professioneller\u2026\" \/>\n<meta name=\"robots\" content=\"index, follow, max-snippet:-1, max-image-preview:large, max-video-preview:-1\" \/>\n<link rel=\"canonical\" href=\"https:\/\/myntwork.com\/de-ch\/produkt\/bralco-konferenztisch\/\" \/>\n<meta property=\"og:locale\" content=\"en_US\" \/>\n<meta property=\"og:type\" content=\"article\" \/>\n<meta property=\"og:title\" content=\"Bralco Konferenztisch\" \/>\n<meta property=\"og:description\" content=\"Bringen Sie Teams bequem zusammen \u2013 mit dem Bralco Konferenztisch, der f\u00fcr konzentrierte Besprechungen mit gro\u00dfz\u00fcgiger Oberfl\u00e4che und professioneller Ausf\u00fchrung entwickelt wurde. Entdecken Sie ihn.\" \/>\n<meta property=\"og:url\" content=\"https:\/\/myntwork.com\/de-ch\/produkt\/bralco-konferenztisch\/\" \/>\n<meta property=\"og:site_name\" content=\"Myntwork Schweiz\" \/>\n<meta property=\"article:modified_time\" content=\"2026-08-26T12:21:35+00:00\" \/>\n<meta property=\"og:image\" content=\"https:\/\/myntwork.com\/wp-content\/uploads\/2026\/08\/01fb70d99ba548bc92933734dcac3207.jpg\" \/>\n\t<meta property=\"og:image:width\" content=\"1200\" \/>\n\t<meta property=\"og:image:height\" content=\"1200\" \/>\n\t<meta property=\"og:image:type\" content=\"image\/jpeg\" \/>\n<meta name=\"twitter:card\" content=\"summary_large_image\" \/>\n<meta name=\"twitter:label1\" content=\"Price\" \/>\n\t<meta name=\"twitter:data1\" content=\"&#067;&#072;&#070;&nbsp;2,266.00\" \/>\n\t<meta name=\"twitter:label2\" content=\"Availability\" \/>\n\t<meta name=\"twitter:data2\" content=\"In stock\" \/>\n<script type=\"application\/ld+json\" class=\"yoast-schema-graph\">{\"@context\":\"https:\\\/\\\/schema.org\",\"@graph\":[{\"@type\":\"WebPage\",\"@id\":\"https:\\\/\\\/myntwork.com\\\/de-ch\\\/produkt\\\/bralco-konferenztisch\\\/\",\"url\":\"https:\\\/\\\/myntwork.com\\\/de-ch\\\/produkt\\\/bralco-konferenztisch\\\/\",\"name\":\"Bralco Konferenztisch | Myntwork Schweiz\",\"isPartOf\":{\"@id\":\"https:\\\/\\\/myntwork.com\\\/de-ch\\\/#website\"},\"primaryImageOfPage\":{\"@id\":\"https:\\\/\\\/myntwork.com\\\/de-ch\\\/produkt\\\/bralco-konferenztisch\\\/#primaryimage\"},\"image\":{\"@id\":\"https:\\\/\\\/myntwork.com\\\/de-ch\\\/produkt\\\/bralco-konferenztisch\\\/#primaryimage\"},\"thumbnailUrl\":\"https:\\\/\\\/myntwork.com\\\/wp-content\\\/uploads\\\/2026\\\/08\\\/01fb70d99ba548bc92933734dcac3207.jpg\",\"datePublished\":\"2026-08-18T13:27:40+00:00\",\"dateModified\":\"2026-08-26T12:21:35+00:00\",\"description\":\"Bringen Sie Teams bequem zusammen \u2013 mit dem Bralco Konferenztisch, der f\u00fcr konzentrierte Besprechungen mit gro\u00dfz\u00fcgiger Oberfl\u00e4che und professioneller Ausf\u00fchrung entwickelt wurde. Entdecken Sie ihn.\",\"breadcrumb\":{\"@id\":\"https:\\\/\\\/myntwork.com\\\/de-ch\\\/produkt\\\/bralco-konferenztisch\\\/#breadcrumb\"},\"inLanguage\":\"en-US\",\"potentialAction\":[{\"@type\":\"ReadAction\",\"target\":[\"https:\\\/\\\/myntwork.com\\\/de-ch\\\/produkt\\\/bralco-konferenztisch\\\/\"]}]},{\"@type\":\"ImageObject\",\"inLanguage\":\"en-US\",\"@id\":\"https:\\\/\\\/myntwork.com\\\/de-ch\\\/produkt\\\/bralco-konferenztisch\\\/#primaryimage\",\"url\":\"https:\\\/\\\/myntwork.com\\\/wp-content\\\/uploads\\\/2026\\\/08\\\/01fb70d99ba548bc92933734dcac3207.jpg\",\"contentUrl\":\"https:\\\/\\\/myntwork.com\\\/wp-content\\\/uploads\\\/2026\\\/08\\\/01fb70d99ba548bc92933734dcac3207.jpg\",\"caption\":\"Bralco Conference Table\"},{\"@type\":\"BreadcrumbList\",\"@id\":\"https:\\\/\\\/myntwork.com\\\/de-ch\\\/produkt\\\/bralco-konferenztisch\\\/#breadcrumb\",\"itemListElement\":[{\"@type\":\"ListItem\",\"position\":1,\"name\":\"Home\",\"item\":\"https:\\\/\\\/myntwork.com\\\/de-ch\\\/\"},{\"@type\":\"ListItem\",\"position\":2,\"name\":\"Kategorien\",\"item\":\"https:\\\/\\\/myntwork.com\\\/de-ch\\\/kategorien\\\/\"},{\"@type\":\"ListItem\",\"position\":3,\"name\":\"Bralco Konferenztisch\"}]},{\"@type\":\"WebSite\",\"@id\":\"https:\\\/\\\/myntwork.com\\\/de-ch\\\/#website\",\"url\":\"https:\\\/\\\/myntwork.com\\\/de-ch\\\/\",\"name\":\"Myntwork\",\"description\":\"Lease neue B\u00fcrom\u00f6bel | Ab 3.95 pro Arbeitsplatz\",\"publisher\":{\"@id\":\"https:\\\/\\\/myntwork.com\\\/de-ch\\\/#organization\"},\"potentialAction\":[{\"@type\":\"SearchAction\",\"target\":{\"@type\":\"EntryPoint\",\"urlTemplate\":\"https:\\\/\\\/myntwork.com\\\/de-ch\\\/?s={search_term_string}\"},\"query-input\":{\"@type\":\"PropertyValueSpecification\",\"valueRequired\":true,\"valueName\":\"search_term_string\"}}],\"inLanguage\":\"en-US\"},{\"@type\":\"Organization\",\"@id\":\"https:\\\/\\\/myntwork.com\\\/de-ch\\\/#organization\",\"name\":\"Myntwork\",\"url\":\"https:\\\/\\\/myntwork.com\\\/de-ch\\\/\",\"logo\":{\"@type\":\"ImageObject\",\"inLanguage\":\"en-US\",\"@id\":\"https:\\\/\\\/myntwork.com\\\/de-ch\\\/#\\\/schema\\\/logo\\\/image\\\/\",\"url\":\"https:\\\/\\\/myntwork.com\\\/wp-content\\\/uploads\\\/2025\\\/08\\\/myntwork.png\",\"contentUrl\":\"https:\\\/\\\/myntwork.com\\\/wp-content\\\/uploads\\\/2025\\\/08\\\/myntwork.png\",\"width\":696,\"height\":696,\"caption\":\"Myntwork\"},\"image\":{\"@id\":\"https:\\\/\\\/myntwork.com\\\/de-ch\\\/#\\\/schema\\\/logo\\\/image\\\/\"},\"description\":\"Myntwork is een Nederlands bedrijf, gespecialiseerd in het leasen van kantoormeubilair. Het concept draait om flexibiliteit, eenvoud en duurzaamheid, waarbij bedrijven hoogwaardige meubels kunnen huren zonder grote upfront investeringen.\",\"email\":\"contact@myntwork.com\",\"telephone\":\"+31854017823\",\"legalName\":\"Myntwork B.V.\",\"foundingDate\":\"2024-01-26\",\"vatID\":\"NL861015290B01\",\"numberOfEmployees\":{\"@type\":\"QuantitativeValue\",\"minValue\":\"1\",\"maxValue\":\"10\"}}]}<\/script>\n<meta property=\"product:brand\" content=\"Bralco\" \/>\n<meta property=\"product:price:amount\" content=\"2266.00\" \/>\n<meta property=\"product:price:currency\" content=\"CHF\" \/>\n<meta property=\"og:availability\" content=\"instock\" \/>\n<meta property=\"product:availability\" content=\"instock\" \/>\n<meta property=\"product:retailer_item_id\" content=\"KN2810YV\" \/>\n<meta property=\"product:condition\" content=\"new\" \/>\n<!-- \/ Yoast SEO Premium plugin. -->","yoast_head_json":{"title":"Bralco Konferenztisch | Myntwork Schweiz","description":"Bringen Sie Teams bequem zusammen \u2013 mit dem Bralco Konferenztisch, der f\u00fcr konzentrierte Besprechungen mit gro\u00dfz\u00fcgiger Oberfl\u00e4che und professioneller\u2026","robots":{"index":"index","follow":"follow","max-snippet":"max-snippet:-1","max-image-preview":"max-image-preview:large","max-video-preview":"max-video-preview:-1"},"canonical":"https:\/\/myntwork.com\/de-ch\/produkt\/bralco-konferenztisch\/","og_locale":"en_US","og_type":"article","og_title":"Bralco Konferenztisch","og_description":"Bringen Sie Teams bequem zusammen \u2013 mit dem Bralco Konferenztisch, der f\u00fcr konzentrierte Besprechungen mit gro\u00dfz\u00fcgiger Oberfl\u00e4che und professioneller Ausf\u00fchrung entwickelt wurde. Entdecken Sie ihn.","og_url":"https:\/\/myntwork.com\/de-ch\/produkt\/bralco-konferenztisch\/","og_site_name":"Myntwork Schweiz","article_modified_time":"2026-08-26T12:21:35+00:00","og_image":[{"url":"https:\/\/myntwork.com\/wp-content\/uploads\/2026\/08\/01fb70d99ba548bc92933734dcac3207.jpg","width":1200,"height":1200,"type":"image\/jpeg"}],"twitter_card":"summary_large_image","twitter_misc":{"Price":"&#67;&#72;&#70;&nbsp;2,266.00","Availability":"In stock"},"schema":{"@context":"https:\/\/schema.org","@graph":[{"@type":"WebPage","@id":"https:\/\/myntwork.com\/de-ch\/produkt\/bralco-konferenztisch\/","url":"https:\/\/myntwork.com\/de-ch\/produkt\/bralco-konferenztisch\/","name":"Bralco Konferenztisch | Myntwork Schweiz","isPartOf":{"@id":"https:\/\/myntwork.com\/de-ch\/#website"},"primaryImageOfPage":{"@id":"https:\/\/myntwork.com\/de-ch\/produkt\/bralco-konferenztisch\/#primaryimage"},"image":{"@id":"https:\/\/myntwork.com\/de-ch\/produkt\/bralco-konferenztisch\/#primaryimage"},"thumbnailUrl":"https:\/\/myntwork.com\/wp-content\/uploads\/2026\/08\/01fb70d99ba548bc92933734dcac3207.jpg","datePublished":"2026-08-18T13:27:40+00:00","dateModified":"2026-08-26T12:21:35+00:00","description":"Bringen Sie Teams bequem zusammen \u2013 mit dem Bralco Konferenztisch, der f\u00fcr konzentrierte Besprechungen mit gro\u00dfz\u00fcgiger Oberfl\u00e4che und professioneller Ausf\u00fchrung entwickelt wurde. Entdecken Sie ihn.","breadcrumb":{"@id":"https:\/\/myntwork.com\/de-ch\/produkt\/bralco-konferenztisch\/#breadcrumb"},"inLanguage":"en-US","potentialAction":[{"@type":"ReadAction","target":["https:\/\/myntwork.com\/de-ch\/produkt\/bralco-konferenztisch\/"]}]},{"@type":"ImageObject","inLanguage":"en-US","@id":"https:\/\/myntwork.com\/de-ch\/produkt\/bralco-konferenztisch\/#primaryimage","url":"https:\/\/myntwork.com\/wp-content\/uploads\/2026\/08\/01fb70d99ba548bc92933734dcac3207.jpg","contentUrl":"https:\/\/myntwork.com\/wp-content\/uploads\/2026\/08\/01fb70d99ba548bc92933734dcac3207.jpg","caption":"Bralco Conference Table"},{"@type":"BreadcrumbList","@id":"https:\/\/myntwork.com\/de-ch\/produkt\/bralco-konferenztisch\/#breadcrumb","itemListElement":[{"@type":"ListItem","position":1,"name":"Home","item":"https:\/\/myntwork.com\/de-ch\/"},{"@type":"ListItem","position":2,"name":"Kategorien","item":"https:\/\/myntwork.com\/de-ch\/kategorien\/"},{"@type":"ListItem","position":3,"name":"Bralco Konferenztisch"}]},{"@type":"WebSite","@id":"https:\/\/myntwork.com\/de-ch\/#website","url":"https:\/\/myntwork.com\/de-ch\/","name":"Myntwork","description":"Lease neue B\u00fcrom\u00f6bel | Ab 3.95 pro Arbeitsplatz","publisher":{"@id":"https:\/\/myntwork.com\/de-ch\/#organization"},"potentialAction":[{"@type":"SearchAction","target":{"@type":"EntryPoint","urlTemplate":"https:\/\/myntwork.com\/de-ch\/?s={search_term_string}"},"query-input":{"@type":"PropertyValueSpecification","valueRequired":true,"valueName":"search_term_string"}}],"inLanguage":"en-US"},{"@type":"Organization","@id":"https:\/\/myntwork.com\/de-ch\/#organization","name":"Myntwork","url":"https:\/\/myntwork.com\/de-ch\/","logo":{"@type":"ImageObject","inLanguage":"en-US","@id":"https:\/\/myntwork.com\/de-ch\/#\/schema\/logo\/image\/","url":"https:\/\/myntwork.com\/wp-content\/uploads\/2025\/08\/myntwork.png","contentUrl":"https:\/\/myntwork.com\/wp-content\/uploads\/2025\/08\/myntwork.png","width":696,"height":696,"caption":"Myntwork"},"image":{"@id":"https:\/\/myntwork.com\/de-ch\/#\/schema\/logo\/image\/"},"description":"Myntwork is een Nederlands bedrijf, gespecialiseerd in het leasen van kantoormeubilair. Het concept draait om flexibiliteit, eenvoud en duurzaamheid, waarbij bedrijven hoogwaardige meubels kunnen huren zonder grote upfront investeringen.","email":"contact@myntwork.com","telephone":"+31854017823","legalName":"Myntwork B.V.","foundingDate":"2024-01-26","vatID":"NL861015290B01","numberOfEmployees":{"@type":"QuantitativeValue","minValue":"1","maxValue":"10"}}]},"product_brand":"Bralco","product_price_amount":"2266.00","product_price_currency":"CHF","og_availability":"instock","product_availability":"instock","product_retailer_item_id":"KN2810YV","product_condition":"new"},"_links":{"self":[{"href":"https:\/\/myntwork.com\/de-ch\/wp-json\/wp\/v2\/product\/3335","targetHints":{"allow":["GET"]}}],"collection":[{"href":"https:\/\/myntwork.com\/de-ch\/wp-json\/wp\/v2\/product"}],"about":[{"href":"https:\/\/myntwork.com\/de-ch\/wp-json\/wp\/v2\/types\/product"}],"replies":[{"embeddable":true,"href":"https:\/\/myntwork.com\/de-ch\/wp-json\/wp\/v2\/comments?post=3335"}],"wp:featuredmedia":[{"embeddable":true,"href":"https:\/\/myntwork.com\/de-ch\/wp-json\/wp\/v2\/media\/3334"}],"wp:attachment":[{"href":"https:\/\/myntwork.com\/de-ch\/wp-json\/wp\/v2\/media?parent=3335"}],"wp:term":[{"taxonomy":"product_brand","embeddable":true,"href":"https:\/\/myntwork.com\/de-ch\/wp-json\/wp\/v2\/product_brand?post=3335"},{"taxonomy":"product_cat","embeddable":true,"href":"https:\/\/myntwork.com\/de-ch\/wp-json\/wp\/v2\/product_cat?post=3335"},{"taxonomy":"product_tag","embeddable":true,"href":"https:\/\/myntwork.com\/de-ch\/wp-json\/wp\/v2\/product_tag?post=3335"}],"curies":[{"name":"wp","href":"https:\/\/api.w.org\/{rel}","templated":true}]}}