{"id":5348,"date":"2026-08-18T15:22:55","date_gmt":"2026-08-18T15:22:55","guid":{"rendered":"https:\/\/myntwork.com\/de-ch\/product\/frezza-alplus-ecksofamodul-mit-paneel\/"},"modified":"2026-08-26T09:11:24","modified_gmt":"2026-08-26T09:11:24","slug":"frezza-alplus-ecksofamodul-mit-paneel","status":"publish","type":"product","link":"https:\/\/myntwork.com\/de-ch\/produkt\/frezza-alplus-ecksofamodul-mit-paneel\/","title":{"rendered":"Frezza Alplus Ecksofamodul mit Paneel"},"content":{"rendered":"<h2>Frezza Alplus Ecksofamodul mit Paneel<\/h2>\n<p>Das Frezza Alplus Ecksofamodul mit Paneel ist ein stoffbezogenes Ecksofamodul f\u00fcr Lounge-Bereiche im B\u00fcro und andere professionelle Sitzumgebungen. Als Konfiguration f\u00fcr die linke Seite mit Paneel konzipiert, kombiniert es eine eckige Sitzfl\u00e4che mit einer f\u00fcnften R\u00fcckenlehne in einem festen Lounge-Sessel-Format. Dadurch entsteht ein klar definiertes modulares Sitzelement anstelle eines verstellbaren Arbeitsstuhls.<\/p>\n<h2>Frezza Alplus Ecksofa-Design<\/h2>\n<p>Die <strong>Eckkonfiguration mit Paneel<\/strong> schafft ein klar strukturiertes Sitzelement f\u00fcr die Gestaltung eines B\u00fcro-Lounge- oder Gemeinschaftsbereichs. Die Ausf\u00fchrung f\u00fcr die linke Seite ist bei der Planung einer modularen Kombination wichtig, da sie dabei hilft, die Ausrichtung passend zur vorgesehenen Raumaufteilung auszuw\u00e4hlen.<\/p>\n<p>Der Stoffbezug sorgt f\u00fcr eine weiche, textilbezogene Sitzfl\u00e4che und ist in Silber, Beige, Grau, Gold, Rot, Orange, Gr\u00fcn, Blau und Schwarz erh\u00e4ltlich. Diese gro\u00dfe Farbauswahl erleichtert die Abstimmung des Frezza Alplus Ecksofamoduls mit einer bestehenden B\u00fcroeinrichtung \u2013 ganz gleich, ob ein neutrales, warmes, lebendiges oder dunkles Erscheinungsbild bevorzugt wird.<\/p>\n<p>Die Ausf\u00fchrung der Sitzfl\u00e4che ist als Jet angegeben, w\u00e4hrend der Bezug der Stoffkategorie F zugeordnet ist. Diese Produktdetails helfen K\u00e4ufern, die gew\u00fcnschte Bezugskonfiguration bei der Bestellung festzulegen. Die zweij\u00e4hrige Garantie bietet zudem einen definierten Zeitraum der Herstellergarantie.<\/p>\n<h2>Komfortables, festes Lounge-Sitzen<\/h2>\n<p>Die Sitzfl\u00e4che ist mit einer eckigen Form und einer f\u00fcnften R\u00fcckenlehne gestaltet und verleiht dem Modul ein charakteristisches Lounge-Sitzprofil anstelle der auf eine aufrechte K\u00f6rperhaltung ausgerichteten Form eines Arbeitsstuhls. Da kein Mechanismus vorhanden ist, bleibt die Sitzposition unver\u00e4ndert. Das eignet sich f\u00fcr Nutzer, die unkomplizierte Lounge-M\u00f6bel ohne Bedienelemente zur Verstellung bevorzugen.<\/p>\n<p>Da Sitzh\u00f6he, R\u00fcckenh\u00f6he und Sitztiefe nicht verstellbar sind, sollte dieses Modul f\u00fcr eine geplante Sitzanordnung ausgew\u00e4hlt werden, in der die festen Proportionen zu den vorgesehenen Nutzern passen. Es verf\u00fcgt au\u00dferdem weder \u00fcber eine Lordosenst\u00fctze noch \u00fcber eine Kopfst\u00fctze und eignet sich daher eher als entspannter Lounge-Sessel denn als ergonomischer Arbeitsplatzstuhl f\u00fcr l\u00e4ngeres Arbeiten am Schreibtisch.<\/p>\n<p>Die maximale Belastbarkeit betr\u00e4gt 135 kg. Damit steht K\u00e4ufern ein klarer Belastungsgrenzwert zur Verf\u00fcgung, der bei der Auswahl des Moduls f\u00fcr eine B\u00fcroumgebung ber\u00fccksichtigt werden sollte. Die kompakte Eckform unterst\u00fctzt eine gezielte Raumplanung, wenn ein definiertes Lounge-Sitzelement ben\u00f6tigt wird, ohne ein gr\u00f6\u00dferes eigenst\u00e4ndiges Sofa zu w\u00e4hlen.<\/p>\n<h2>B\u00fcro-Lounge-Konfiguration<\/h2>\n<p>Dieses stoffbezogene Frezza Sofamodul eignet sich f\u00fcr professionelle B\u00fcroeinrichtungen, die einen eigenen Lounge-Sessel oder ein Eckelement innerhalb einer gr\u00f6\u00dferen Sitzgruppe ben\u00f6tigen. Das Paneel verleiht dem Modul ein sichtbares Gestaltungselement, w\u00e4hrend die Ausrichtung f\u00fcr die linke Seite die Abstimmung mit angrenzenden M\u00f6beln erleichtert, wenn die Raumaufteilung eine bestimmte Richtung erfordert.<\/p>\n<p>Das Produkt ist als zirkul\u00e4r gekennzeichnet; die Herkunft ist auf Anfrage erh\u00e4ltlich. Zusammen mit der angegebenen zweij\u00e4hrigen Garantie und den klar definierten Bezugsoptionen liefern diese Angaben Beschaffungsteams n\u00fctzliche Informationen beim Vergleich von Sitzm\u00f6glichkeiten f\u00fcr eine B\u00fcro-Lounge oder eine andere geplante professionelle Umgebung.<\/p>\n","protected":false},"excerpt":{"rendered":"<p>Das Frezza Alplus Ecksofamodul mit Paneel ist ein stoffbezogenes Ecksofamodul f\u00fcr die linke Seite ohne Mechanismus, erh\u00e4ltlich in den angegebenen Farben und mit den Ma\u00dfen 80 x 60 cm.<\/p>\n","protected":false},"featured_media":5347,"comment_status":"open","ping_status":"closed","template":"","meta":{"_acf_changed":false},"product_brand":[620],"product_cat":[391,431],"product_tag":[],"class_list":["post-5348","product","type-product","status-publish","has-post-thumbnail","product_brand-frezza","product_cat-sofas-lounge","product_cat-sofas-modulare-sitzmobel","pa_garantie-2-year","pa_marke-frezza","pa_maximale-belastung-135-kg","pa_mechanik-no-mechanism","pa_mit-kopfstutze-no","pa_mit-lendenstutze-no","pa_polsterfarbe-beige","pa_polsterfarbe-blue","pa_polsterfarbe-gold","pa_polsterfarbe-grey","pa_polsterfarbe-green","pa_polsterfarbe-orange","pa_polsterfarbe-red","pa_polsterfarbe-black","pa_polsterfarbe-silver","pa_polstermaterial-fabric","pa_standardisierung-not-specified","pa_verstellbare-ruckenlehnenhoh-no","pa_verstellbare-sitzhohe-no","pa_verstellbare-sitztiefe-no","first","instock","shipping-taxable","purchasable","product-type-simple"],"acf":[],"yoast_head":"<!-- This site is optimized with the Yoast SEO Premium plugin v25.6 (Yoast SEO v28.3) - https:\/\/yoast.com\/product\/yoast-seo-premium-wordpress\/ -->\n<title>Frezza Alplus Ecksofamodul mit Paneel | Myntwork Schweiz<\/title>\n<meta name=\"description\" content=\"Schaffen Sie mit dem Frezza Alplus Ecksofamodul mit Paneel einen privateren Besprechungsbereich, der Sitzgelegenheiten und ein Sichtschutzpaneel kombiniert.\" \/>\n<meta name=\"robots\" content=\"index, follow, max-snippet:-1, max-image-preview:large, max-video-preview:-1\" \/>\n<link rel=\"canonical\" href=\"https:\/\/myntwork.com\/de-ch\/produkt\/frezza-alplus-ecksofamodul-mit-paneel\/\" \/>\n<meta property=\"og:locale\" content=\"en_US\" \/>\n<meta property=\"og:type\" content=\"article\" \/>\n<meta property=\"og:title\" content=\"Frezza Alplus Ecksofamodul mit Paneel\" \/>\n<meta property=\"og:description\" content=\"Schaffen Sie mit dem Frezza Alplus Ecksofamodul mit Paneel einen privateren Besprechungsbereich, der Sitzgelegenheiten und ein Sichtschutzpaneel kombiniert. Entdecken Sie es.\" \/>\n<meta property=\"og:url\" content=\"https:\/\/myntwork.com\/de-ch\/produkt\/frezza-alplus-ecksofamodul-mit-paneel\/\" \/>\n<meta property=\"og:site_name\" content=\"Myntwork Schweiz\" \/>\n<meta property=\"article:modified_time\" content=\"2026-08-26T09:11:24+00:00\" \/>\n<meta property=\"og:image\" content=\"https:\/\/myntwork.com\/wp-content\/uploads\/2026\/08\/a3a86123b5ee41e3aa7241df45e524da.jpg\" \/>\n\t<meta property=\"og:image:width\" content=\"1200\" \/>\n\t<meta property=\"og:image:height\" content=\"1200\" \/>\n\t<meta property=\"og:image:type\" content=\"image\/jpeg\" \/>\n<meta name=\"twitter:card\" content=\"summary_large_image\" \/>\n<meta name=\"twitter:label1\" content=\"Price\" \/>\n\t<meta name=\"twitter:data1\" content=\"&#067;&#072;&#070;&nbsp;687.00\" \/>\n\t<meta name=\"twitter:label2\" content=\"Availability\" \/>\n\t<meta name=\"twitter:data2\" content=\"In stock\" \/>\n<script type=\"application\/ld+json\" class=\"yoast-schema-graph\">{\"@context\":\"https:\\\/\\\/schema.org\",\"@graph\":[{\"@type\":\"WebPage\",\"@id\":\"https:\\\/\\\/myntwork.com\\\/de-ch\\\/produkt\\\/frezza-alplus-ecksofamodul-mit-paneel\\\/\",\"url\":\"https:\\\/\\\/myntwork.com\\\/de-ch\\\/produkt\\\/frezza-alplus-ecksofamodul-mit-paneel\\\/\",\"name\":\"Frezza Alplus Ecksofamodul mit Paneel | Myntwork Schweiz\",\"isPartOf\":{\"@id\":\"https:\\\/\\\/myntwork.com\\\/de-ch\\\/#website\"},\"primaryImageOfPage\":{\"@id\":\"https:\\\/\\\/myntwork.com\\\/de-ch\\\/produkt\\\/frezza-alplus-ecksofamodul-mit-paneel\\\/#primaryimage\"},\"image\":{\"@id\":\"https:\\\/\\\/myntwork.com\\\/de-ch\\\/produkt\\\/frezza-alplus-ecksofamodul-mit-paneel\\\/#primaryimage\"},\"thumbnailUrl\":\"https:\\\/\\\/myntwork.com\\\/wp-content\\\/uploads\\\/2026\\\/08\\\/a3a86123b5ee41e3aa7241df45e524da.jpg\",\"datePublished\":\"2026-08-18T15:22:55+00:00\",\"dateModified\":\"2026-08-26T09:11:24+00:00\",\"description\":\"Schaffen Sie mit dem Frezza Alplus Ecksofamodul mit Paneel einen privateren Besprechungsbereich, der Sitzgelegenheiten und ein Sichtschutzpaneel kombiniert. Entdecken Sie es.\",\"breadcrumb\":{\"@id\":\"https:\\\/\\\/myntwork.com\\\/de-ch\\\/produkt\\\/frezza-alplus-ecksofamodul-mit-paneel\\\/#breadcrumb\"},\"inLanguage\":\"en-US\",\"potentialAction\":[{\"@type\":\"ReadAction\",\"target\":[\"https:\\\/\\\/myntwork.com\\\/de-ch\\\/produkt\\\/frezza-alplus-ecksofamodul-mit-paneel\\\/\"]}]},{\"@type\":\"ImageObject\",\"inLanguage\":\"en-US\",\"@id\":\"https:\\\/\\\/myntwork.com\\\/de-ch\\\/produkt\\\/frezza-alplus-ecksofamodul-mit-paneel\\\/#primaryimage\",\"url\":\"https:\\\/\\\/myntwork.com\\\/wp-content\\\/uploads\\\/2026\\\/08\\\/a3a86123b5ee41e3aa7241df45e524da.jpg\",\"contentUrl\":\"https:\\\/\\\/myntwork.com\\\/wp-content\\\/uploads\\\/2026\\\/08\\\/a3a86123b5ee41e3aa7241df45e524da.jpg\",\"caption\":\"Frezza Alplus Corner With Panel Sofa Module\"},{\"@type\":\"BreadcrumbList\",\"@id\":\"https:\\\/\\\/myntwork.com\\\/de-ch\\\/produkt\\\/frezza-alplus-ecksofamodul-mit-paneel\\\/#breadcrumb\",\"itemListElement\":[{\"@type\":\"ListItem\",\"position\":1,\"name\":\"Home\",\"item\":\"https:\\\/\\\/myntwork.com\\\/de-ch\\\/\"},{\"@type\":\"ListItem\",\"position\":2,\"name\":\"Kategorien\",\"item\":\"https:\\\/\\\/myntwork.com\\\/de-ch\\\/kategorien\\\/\"},{\"@type\":\"ListItem\",\"position\":3,\"name\":\"Frezza Alplus Ecksofamodul mit Paneel\"}]},{\"@type\":\"WebSite\",\"@id\":\"https:\\\/\\\/myntwork.com\\\/de-ch\\\/#website\",\"url\":\"https:\\\/\\\/myntwork.com\\\/de-ch\\\/\",\"name\":\"Myntwork\",\"description\":\"Lease neue B\u00fcrom\u00f6bel | Ab 3.95 pro Arbeitsplatz\",\"publisher\":{\"@id\":\"https:\\\/\\\/myntwork.com\\\/de-ch\\\/#organization\"},\"potentialAction\":[{\"@type\":\"SearchAction\",\"target\":{\"@type\":\"EntryPoint\",\"urlTemplate\":\"https:\\\/\\\/myntwork.com\\\/de-ch\\\/?s={search_term_string}\"},\"query-input\":{\"@type\":\"PropertyValueSpecification\",\"valueRequired\":true,\"valueName\":\"search_term_string\"}}],\"inLanguage\":\"en-US\"},{\"@type\":\"Organization\",\"@id\":\"https:\\\/\\\/myntwork.com\\\/de-ch\\\/#organization\",\"name\":\"Myntwork\",\"url\":\"https:\\\/\\\/myntwork.com\\\/de-ch\\\/\",\"logo\":{\"@type\":\"ImageObject\",\"inLanguage\":\"en-US\",\"@id\":\"https:\\\/\\\/myntwork.com\\\/de-ch\\\/#\\\/schema\\\/logo\\\/image\\\/\",\"url\":\"https:\\\/\\\/myntwork.com\\\/wp-content\\\/uploads\\\/2025\\\/08\\\/myntwork.png\",\"contentUrl\":\"https:\\\/\\\/myntwork.com\\\/wp-content\\\/uploads\\\/2025\\\/08\\\/myntwork.png\",\"width\":696,\"height\":696,\"caption\":\"Myntwork\"},\"image\":{\"@id\":\"https:\\\/\\\/myntwork.com\\\/de-ch\\\/#\\\/schema\\\/logo\\\/image\\\/\"},\"description\":\"Myntwork is een Nederlands bedrijf, gespecialiseerd in het leasen van kantoormeubilair. Het concept draait om flexibiliteit, eenvoud en duurzaamheid, waarbij bedrijven hoogwaardige meubels kunnen huren zonder grote upfront investeringen.\",\"email\":\"contact@myntwork.com\",\"telephone\":\"+31854017823\",\"legalName\":\"Myntwork B.V.\",\"foundingDate\":\"2024-01-26\",\"vatID\":\"NL861015290B01\",\"numberOfEmployees\":{\"@type\":\"QuantitativeValue\",\"minValue\":\"1\",\"maxValue\":\"10\"}}]}<\/script>\n<meta property=\"product:brand\" content=\"Frezza\" \/>\n<meta property=\"product:price:amount\" content=\"687.00\" \/>\n<meta property=\"product:price:currency\" content=\"CHF\" \/>\n<meta property=\"og:availability\" content=\"instock\" \/>\n<meta property=\"product:availability\" content=\"instock\" \/>\n<meta property=\"product:retailer_item_id\" content=\"ALAD0806\" \/>\n<meta property=\"product:condition\" content=\"new\" \/>\n<!-- \/ Yoast SEO Premium plugin. -->","yoast_head_json":{"title":"Frezza Alplus Ecksofamodul mit Paneel | Myntwork Schweiz","description":"Schaffen Sie mit dem Frezza Alplus Ecksofamodul mit Paneel einen privateren Besprechungsbereich, der Sitzgelegenheiten und ein Sichtschutzpaneel kombiniert.","robots":{"index":"index","follow":"follow","max-snippet":"max-snippet:-1","max-image-preview":"max-image-preview:large","max-video-preview":"max-video-preview:-1"},"canonical":"https:\/\/myntwork.com\/de-ch\/produkt\/frezza-alplus-ecksofamodul-mit-paneel\/","og_locale":"en_US","og_type":"article","og_title":"Frezza Alplus Ecksofamodul mit Paneel","og_description":"Schaffen Sie mit dem Frezza Alplus Ecksofamodul mit Paneel einen privateren Besprechungsbereich, der Sitzgelegenheiten und ein Sichtschutzpaneel kombiniert. Entdecken Sie es.","og_url":"https:\/\/myntwork.com\/de-ch\/produkt\/frezza-alplus-ecksofamodul-mit-paneel\/","og_site_name":"Myntwork Schweiz","article_modified_time":"2026-08-26T09:11:24+00:00","og_image":[{"url":"https:\/\/myntwork.com\/wp-content\/uploads\/2026\/08\/a3a86123b5ee41e3aa7241df45e524da.jpg","width":1200,"height":1200,"type":"image\/jpeg"}],"twitter_card":"summary_large_image","twitter_misc":{"Price":"&#67;&#72;&#70;&nbsp;687.00","Availability":"In stock"},"schema":{"@context":"https:\/\/schema.org","@graph":[{"@type":"WebPage","@id":"https:\/\/myntwork.com\/de-ch\/produkt\/frezza-alplus-ecksofamodul-mit-paneel\/","url":"https:\/\/myntwork.com\/de-ch\/produkt\/frezza-alplus-ecksofamodul-mit-paneel\/","name":"Frezza Alplus Ecksofamodul mit Paneel | Myntwork Schweiz","isPartOf":{"@id":"https:\/\/myntwork.com\/de-ch\/#website"},"primaryImageOfPage":{"@id":"https:\/\/myntwork.com\/de-ch\/produkt\/frezza-alplus-ecksofamodul-mit-paneel\/#primaryimage"},"image":{"@id":"https:\/\/myntwork.com\/de-ch\/produkt\/frezza-alplus-ecksofamodul-mit-paneel\/#primaryimage"},"thumbnailUrl":"https:\/\/myntwork.com\/wp-content\/uploads\/2026\/08\/a3a86123b5ee41e3aa7241df45e524da.jpg","datePublished":"2026-08-18T15:22:55+00:00","dateModified":"2026-08-26T09:11:24+00:00","description":"Schaffen Sie mit dem Frezza Alplus Ecksofamodul mit Paneel einen privateren Besprechungsbereich, der Sitzgelegenheiten und ein Sichtschutzpaneel kombiniert. Entdecken Sie es.","breadcrumb":{"@id":"https:\/\/myntwork.com\/de-ch\/produkt\/frezza-alplus-ecksofamodul-mit-paneel\/#breadcrumb"},"inLanguage":"en-US","potentialAction":[{"@type":"ReadAction","target":["https:\/\/myntwork.com\/de-ch\/produkt\/frezza-alplus-ecksofamodul-mit-paneel\/"]}]},{"@type":"ImageObject","inLanguage":"en-US","@id":"https:\/\/myntwork.com\/de-ch\/produkt\/frezza-alplus-ecksofamodul-mit-paneel\/#primaryimage","url":"https:\/\/myntwork.com\/wp-content\/uploads\/2026\/08\/a3a86123b5ee41e3aa7241df45e524da.jpg","contentUrl":"https:\/\/myntwork.com\/wp-content\/uploads\/2026\/08\/a3a86123b5ee41e3aa7241df45e524da.jpg","caption":"Frezza Alplus Corner With Panel Sofa Module"},{"@type":"BreadcrumbList","@id":"https:\/\/myntwork.com\/de-ch\/produkt\/frezza-alplus-ecksofamodul-mit-paneel\/#breadcrumb","itemListElement":[{"@type":"ListItem","position":1,"name":"Home","item":"https:\/\/myntwork.com\/de-ch\/"},{"@type":"ListItem","position":2,"name":"Kategorien","item":"https:\/\/myntwork.com\/de-ch\/kategorien\/"},{"@type":"ListItem","position":3,"name":"Frezza Alplus Ecksofamodul mit Paneel"}]},{"@type":"WebSite","@id":"https:\/\/myntwork.com\/de-ch\/#website","url":"https:\/\/myntwork.com\/de-ch\/","name":"Myntwork","description":"Lease neue B\u00fcrom\u00f6bel | Ab 3.95 pro Arbeitsplatz","publisher":{"@id":"https:\/\/myntwork.com\/de-ch\/#organization"},"potentialAction":[{"@type":"SearchAction","target":{"@type":"EntryPoint","urlTemplate":"https:\/\/myntwork.com\/de-ch\/?s={search_term_string}"},"query-input":{"@type":"PropertyValueSpecification","valueRequired":true,"valueName":"search_term_string"}}],"inLanguage":"en-US"},{"@type":"Organization","@id":"https:\/\/myntwork.com\/de-ch\/#organization","name":"Myntwork","url":"https:\/\/myntwork.com\/de-ch\/","logo":{"@type":"ImageObject","inLanguage":"en-US","@id":"https:\/\/myntwork.com\/de-ch\/#\/schema\/logo\/image\/","url":"https:\/\/myntwork.com\/wp-content\/uploads\/2025\/08\/myntwork.png","contentUrl":"https:\/\/myntwork.com\/wp-content\/uploads\/2025\/08\/myntwork.png","width":696,"height":696,"caption":"Myntwork"},"image":{"@id":"https:\/\/myntwork.com\/de-ch\/#\/schema\/logo\/image\/"},"description":"Myntwork is een Nederlands bedrijf, gespecialiseerd in het leasen van kantoormeubilair. Het concept draait om flexibiliteit, eenvoud en duurzaamheid, waarbij bedrijven hoogwaardige meubels kunnen huren zonder grote upfront investeringen.","email":"contact@myntwork.com","telephone":"+31854017823","legalName":"Myntwork B.V.","foundingDate":"2024-01-26","vatID":"NL861015290B01","numberOfEmployees":{"@type":"QuantitativeValue","minValue":"1","maxValue":"10"}}]},"product_brand":"Frezza","product_price_amount":"687.00","product_price_currency":"CHF","og_availability":"instock","product_availability":"instock","product_retailer_item_id":"ALAD0806","product_condition":"new"},"_links":{"self":[{"href":"https:\/\/myntwork.com\/de-ch\/wp-json\/wp\/v2\/product\/5348","targetHints":{"allow":["GET"]}}],"collection":[{"href":"https:\/\/myntwork.com\/de-ch\/wp-json\/wp\/v2\/product"}],"about":[{"href":"https:\/\/myntwork.com\/de-ch\/wp-json\/wp\/v2\/types\/product"}],"replies":[{"embeddable":true,"href":"https:\/\/myntwork.com\/de-ch\/wp-json\/wp\/v2\/comments?post=5348"}],"wp:featuredmedia":[{"embeddable":true,"href":"https:\/\/myntwork.com\/de-ch\/wp-json\/wp\/v2\/media\/5347"}],"wp:attachment":[{"href":"https:\/\/myntwork.com\/de-ch\/wp-json\/wp\/v2\/media?parent=5348"}],"wp:term":[{"taxonomy":"product_brand","embeddable":true,"href":"https:\/\/myntwork.com\/de-ch\/wp-json\/wp\/v2\/product_brand?post=5348"},{"taxonomy":"product_cat","embeddable":true,"href":"https:\/\/myntwork.com\/de-ch\/wp-json\/wp\/v2\/product_cat?post=5348"},{"taxonomy":"product_tag","embeddable":true,"href":"https:\/\/myntwork.com\/de-ch\/wp-json\/wp\/v2\/product_tag?post=5348"}],"curies":[{"name":"wp","href":"https:\/\/api.w.org\/{rel}","templated":true}]}}