{"id":5654,"date":"2026-08-18T15:30:18","date_gmt":"2026-08-18T15:30:18","guid":{"rendered":"https:\/\/myntwork.com\/de-ch\/product\/frezza-aufbewahrungsschrank-3\/"},"modified":"2026-08-26T09:55:48","modified_gmt":"2026-08-26T09:55:48","slug":"frezza-aufbewahrungsschrank-3","status":"publish","type":"product","link":"https:\/\/myntwork.com\/de-ch\/produkt\/frezza-aufbewahrungsschrank-3\/","title":{"rendered":"Frezza Aufbewahrungsschrank"},"content":{"rendered":"<h2>Frezza Aufbewahrungsschrank<\/h2>\n<p>Der Frezza Aufbewahrungsschrank ist ein freistehendes B\u00fcroaufbewahrungsm\u00f6bel f\u00fcr Arbeitsbereiche, die eine abschlie\u00dfbare Organisation ohne akustische Funktion oder H\u00e4ngeregistraturrahmen ben\u00f6tigen. Sein Zylinderschloss, die melaminbeschichtete Konstruktion und Bodenplatte, die wei\u00dfe Innenkonstruktion sowie die Auswahl an Ausf\u00fchrungen in Wei\u00df, Silber, Schwarz, Beige, Braun, Grau oder Holz machen ihn zu einem praktischen und vielseitig einsetzbaren Schrank.<\/p>\n<h2>Freistehendes Aufbewahrungsdesign<\/h2>\n<p>Dieser Frezza Aufbewahrungsschrank verf\u00fcgt \u00fcber eine <strong>freistehende Konfiguration<\/strong>, wodurch er sich als unabh\u00e4ngiges Aufbewahrungselement innerhalb einer B\u00fcrolandschaft positionieren l\u00e4sst. Da er nicht als Akustikschrank ausgewiesen ist, sollte er zur Aufbewahrung und Organisation von Gegenst\u00e4nden ausgew\u00e4hlt werden, nicht zur Schallreduzierung in einem Gro\u00dfraumb\u00fcro oder einer anderen gemeinsam genutzten Umgebung.<\/p>\n<p>Die Konstruktion und die Bodenplatte sind melaminbeschichtet, w\u00e4hrend die Farbe der Konstruktion und der Bodenplatte Wei\u00df ist. Melamin verleiht dem Schrank eine klar definierte, strapazierf\u00e4hige Oberfl\u00e4che f\u00fcr den t\u00e4glichen B\u00fcrogebrauch, und die wei\u00dfen Innenelemente schaffen eine einheitliche optische Basis. Die Bodenplatte ist 18 mm stark und bildet ein solides, spezifiziertes Bauteil am unteren Ende des Schranks.<\/p>\n<p>Die Farbvielfalt unterst\u00fctzt unterschiedliche B\u00fcroeinrichtungen. W\u00e4hlen Sie zwischen Wei\u00df, Silber, Schwarz, Beige, Braun, Grau oder Holz und stimmen Sie das Aufbewahrungsm\u00f6bel auf verschiedenste neutrale, nat\u00fcrliche oder kontrastierende Arbeitsumgebungen ab.<\/p>\n<h2>Abschlie\u00dfbare B\u00fcroaufbewahrung<\/h2>\n<p>Das Zylinderschloss ist das zentrale funktionale Merkmal f\u00fcr Nutzer, die den Zugriff auf die aufbewahrten Inhalte kontrollieren m\u00f6chten. Der Schrank eignet sich daher, wenn Dokumente oder B\u00fcroartikel nicht frei zug\u00e4nglich bleiben sollen, w\u00e4hrend das freistehende Format eine flexible Nutzung im Raum erm\u00f6glicht.<\/p>\n<p>Dieser Aufbewahrungsschrank verf\u00fcgt \u00fcber keine H\u00e4ngeregistraturrahmen. Dieser Unterschied ist bei der Auswahl von B\u00fcroaufbewahrung wichtig: Er ist f\u00fcr die allgemeine Schrankaufbewahrung vorgesehen und nicht f\u00fcr eine spezielle H\u00e4ngeregistratur. K\u00e4ufer, die gezielt nach einer H\u00e4ngeregistratur suchen, sollten diese Konfiguration daher vor der Bestellung sorgf\u00e4ltig pr\u00fcfen.<\/p>\n<p>Der Frezza Aufbewahrungsschrank kann als gezielter Aufbewahrungspunkt im Arbeitsbereich dienen, sofern eine abschlie\u00dfbare Schrankorganisation und nicht die Ablage in H\u00e4ngemappen oder eine akustische Trennung ben\u00f6tigt wird. Sein unkompliziertes Format macht das Produkt auch f\u00fcr B\u00fcros interessant, in denen ein freistehender Schrank gegen\u00fcber einer spezielleren Aufbewahrungsl\u00f6sung bevorzugt wird.<\/p>\n<h2>Praktische Wahl f\u00fcr den Arbeitsplatz<\/h2>\n<p>Der Schrank ist als zirkul\u00e4r eingestuft und daher f\u00fcr K\u00e4ufer relevant, die bei der Beschaffung von B\u00fcrom\u00f6beln Kriterien f\u00fcr zirkul\u00e4re Produkte anwenden. Weitere zirkul\u00e4re Eigenschaften sind nicht angegeben, daher sollte diese Einstufung gemeinsam mit den individuellen Beschaffungsanforderungen des K\u00e4ufers betrachtet werden.<\/p>\n<p>F\u00fcr die t\u00e4gliche Auswahl sind die wichtigsten Fragen klar: Wird ein freistehender Schrank ben\u00f6tigt, ist ein Zylinderschloss sinnvoll und werden H\u00e4ngeregistraturrahmen oder akustische Eigenschaften ben\u00f6tigt? Wenn die Anforderungen auf eine abschlie\u00dfbare allgemeine Aufbewahrung in einer gew\u00fcnschten neutralen oder holz\u00e4hnlichen Farbe ausgerichtet sind, bietet der Frezza Aufbewahrungsschrank eine pr\u00e4zise passende L\u00f6sung.<\/p>\n<p>Als Frezza Aufbewahrungsschrank vereint er eine melaminbeschichtete Konstruktion und Bodenplatte, wei\u00dfe Strukturelemente, mehrere Farbausf\u00fchrungen und ein Zylinderschloss in einem klar definierten Produkttyp. Damit ist er eine durchdachte Option f\u00fcr die organisierte B\u00fcroaufbewahrung, bei der Konfigurations- und Ausf\u00fchrungsanforderungen wichtiger sind als akustische oder H\u00e4ngeregistraturfunktionen.<\/p>\n","protected":false},"excerpt":{"rendered":"<p>Der Frezza Aufbewahrungsschrank ist ein freistehender Aufbewahrungsschrank mit Zylinderschloss, melaminbeschichteter Konstruktion und Bodenplatte sowie einer 18 mm starken Bodenplatte.<\/p>\n","protected":false},"featured_media":5653,"comment_status":"open","ping_status":"closed","template":"","meta":{"_acf_changed":false},"product_brand":[620],"product_cat":[385],"product_tag":[],"class_list":["post-5654","product","type-product","status-publish","has-post-thumbnail","product_brand-frezza","product_cat-buroschranke","pa_akustisch-no","pa_anzahl-hangeregistraturrahme-no-hang-folder-frames","pa_farbe-beige","pa_farbe-brown","pa_farbe-grey","pa_farbe-wood","pa_farbe-black","pa_farbe-silver","pa_farbe-white","pa_marke-frezza","pa_schloss-cylinder-lock","pa_schranktyp-freestanding","first","instock","shipping-taxable","purchasable","product-type-simple"],"acf":[],"yoast_head":"<!-- This site is optimized with the Yoast SEO Premium plugin v25.6 (Yoast SEO v28.3) - https:\/\/yoast.com\/product\/yoast-seo-premium-wordpress\/ -->\n<title>Frezza Aufbewahrungsschrank | Myntwork Schweiz<\/title>\n<meta name=\"description\" content=\"Ordnen Sie Ihre Unterlagen mit dem Frezza Aufbewahrungsschrank \u00fcbersichtlich und schaffen Sie einen aufger\u00e4umten Arbeitsplatz. Entdecken Sie die Details.\" \/>\n<meta name=\"robots\" content=\"index, follow, max-snippet:-1, max-image-preview:large, max-video-preview:-1\" \/>\n<link rel=\"canonical\" href=\"https:\/\/myntwork.com\/de-ch\/produkt\/frezza-aufbewahrungsschrank-3\/\" \/>\n<meta property=\"og:locale\" content=\"en_US\" \/>\n<meta property=\"og:type\" content=\"article\" \/>\n<meta property=\"og:title\" content=\"Frezza Aufbewahrungsschrank\" \/>\n<meta property=\"og:description\" content=\"Ordnen Sie Ihre Unterlagen mit dem Frezza Aufbewahrungsschrank \u00fcbersichtlich und schaffen Sie einen aufger\u00e4umten Arbeitsplatz. Entdecken Sie die Details.\" \/>\n<meta property=\"og:url\" content=\"https:\/\/myntwork.com\/de-ch\/produkt\/frezza-aufbewahrungsschrank-3\/\" \/>\n<meta property=\"og:site_name\" content=\"Myntwork Schweiz\" \/>\n<meta property=\"article:modified_time\" content=\"2026-08-26T09:55:48+00:00\" \/>\n<meta property=\"og:image\" content=\"https:\/\/myntwork.com\/wp-content\/uploads\/2026\/08\/177080776fb248198d60d91dc940d881.jpg\" \/>\n\t<meta property=\"og:image:width\" content=\"1200\" \/>\n\t<meta property=\"og:image:height\" content=\"1200\" \/>\n\t<meta property=\"og:image:type\" content=\"image\/jpeg\" \/>\n<meta name=\"twitter:card\" content=\"summary_large_image\" \/>\n<meta name=\"twitter:label1\" content=\"Price\" \/>\n\t<meta name=\"twitter:data1\" content=\"&#067;&#072;&#070;&nbsp;150.00\" \/>\n\t<meta name=\"twitter:label2\" content=\"Availability\" \/>\n\t<meta name=\"twitter:data2\" content=\"In stock\" \/>\n<script type=\"application\/ld+json\" class=\"yoast-schema-graph\">{\"@context\":\"https:\\\/\\\/schema.org\",\"@graph\":[{\"@type\":\"WebPage\",\"@id\":\"https:\\\/\\\/myntwork.com\\\/de-ch\\\/produkt\\\/frezza-aufbewahrungsschrank-3\\\/\",\"url\":\"https:\\\/\\\/myntwork.com\\\/de-ch\\\/produkt\\\/frezza-aufbewahrungsschrank-3\\\/\",\"name\":\"Frezza Aufbewahrungsschrank | Myntwork Schweiz\",\"isPartOf\":{\"@id\":\"https:\\\/\\\/myntwork.com\\\/de-ch\\\/#website\"},\"primaryImageOfPage\":{\"@id\":\"https:\\\/\\\/myntwork.com\\\/de-ch\\\/produkt\\\/frezza-aufbewahrungsschrank-3\\\/#primaryimage\"},\"image\":{\"@id\":\"https:\\\/\\\/myntwork.com\\\/de-ch\\\/produkt\\\/frezza-aufbewahrungsschrank-3\\\/#primaryimage\"},\"thumbnailUrl\":\"https:\\\/\\\/myntwork.com\\\/wp-content\\\/uploads\\\/2026\\\/08\\\/177080776fb248198d60d91dc940d881.jpg\",\"datePublished\":\"2026-08-18T15:30:18+00:00\",\"dateModified\":\"2026-08-26T09:55:48+00:00\",\"description\":\"Ordnen Sie Ihre Unterlagen mit dem Frezza Aufbewahrungsschrank \u00fcbersichtlich und schaffen Sie einen aufger\u00e4umten Arbeitsplatz. Entdecken Sie die Details.\",\"breadcrumb\":{\"@id\":\"https:\\\/\\\/myntwork.com\\\/de-ch\\\/produkt\\\/frezza-aufbewahrungsschrank-3\\\/#breadcrumb\"},\"inLanguage\":\"en-US\",\"potentialAction\":[{\"@type\":\"ReadAction\",\"target\":[\"https:\\\/\\\/myntwork.com\\\/de-ch\\\/produkt\\\/frezza-aufbewahrungsschrank-3\\\/\"]}]},{\"@type\":\"ImageObject\",\"inLanguage\":\"en-US\",\"@id\":\"https:\\\/\\\/myntwork.com\\\/de-ch\\\/produkt\\\/frezza-aufbewahrungsschrank-3\\\/#primaryimage\",\"url\":\"https:\\\/\\\/myntwork.com\\\/wp-content\\\/uploads\\\/2026\\\/08\\\/177080776fb248198d60d91dc940d881.jpg\",\"contentUrl\":\"https:\\\/\\\/myntwork.com\\\/wp-content\\\/uploads\\\/2026\\\/08\\\/177080776fb248198d60d91dc940d881.jpg\",\"caption\":\"Frezza Storage Cabinet\"},{\"@type\":\"BreadcrumbList\",\"@id\":\"https:\\\/\\\/myntwork.com\\\/de-ch\\\/produkt\\\/frezza-aufbewahrungsschrank-3\\\/#breadcrumb\",\"itemListElement\":[{\"@type\":\"ListItem\",\"position\":1,\"name\":\"Home\",\"item\":\"https:\\\/\\\/myntwork.com\\\/de-ch\\\/\"},{\"@type\":\"ListItem\",\"position\":2,\"name\":\"Kategorien\",\"item\":\"https:\\\/\\\/myntwork.com\\\/de-ch\\\/kategorien\\\/\"},{\"@type\":\"ListItem\",\"position\":3,\"name\":\"Frezza Aufbewahrungsschrank\"}]},{\"@type\":\"WebSite\",\"@id\":\"https:\\\/\\\/myntwork.com\\\/de-ch\\\/#website\",\"url\":\"https:\\\/\\\/myntwork.com\\\/de-ch\\\/\",\"name\":\"Myntwork\",\"description\":\"Lease neue B\u00fcrom\u00f6bel | Ab 3.95 pro Arbeitsplatz\",\"publisher\":{\"@id\":\"https:\\\/\\\/myntwork.com\\\/de-ch\\\/#organization\"},\"potentialAction\":[{\"@type\":\"SearchAction\",\"target\":{\"@type\":\"EntryPoint\",\"urlTemplate\":\"https:\\\/\\\/myntwork.com\\\/de-ch\\\/?s={search_term_string}\"},\"query-input\":{\"@type\":\"PropertyValueSpecification\",\"valueRequired\":true,\"valueName\":\"search_term_string\"}}],\"inLanguage\":\"en-US\"},{\"@type\":\"Organization\",\"@id\":\"https:\\\/\\\/myntwork.com\\\/de-ch\\\/#organization\",\"name\":\"Myntwork\",\"url\":\"https:\\\/\\\/myntwork.com\\\/de-ch\\\/\",\"logo\":{\"@type\":\"ImageObject\",\"inLanguage\":\"en-US\",\"@id\":\"https:\\\/\\\/myntwork.com\\\/de-ch\\\/#\\\/schema\\\/logo\\\/image\\\/\",\"url\":\"https:\\\/\\\/myntwork.com\\\/wp-content\\\/uploads\\\/2025\\\/08\\\/myntwork.png\",\"contentUrl\":\"https:\\\/\\\/myntwork.com\\\/wp-content\\\/uploads\\\/2025\\\/08\\\/myntwork.png\",\"width\":696,\"height\":696,\"caption\":\"Myntwork\"},\"image\":{\"@id\":\"https:\\\/\\\/myntwork.com\\\/de-ch\\\/#\\\/schema\\\/logo\\\/image\\\/\"},\"description\":\"Myntwork is een Nederlands bedrijf, gespecialiseerd in het leasen van kantoormeubilair. Het concept draait om flexibiliteit, eenvoud en duurzaamheid, waarbij bedrijven hoogwaardige meubels kunnen huren zonder grote upfront investeringen.\",\"email\":\"contact@myntwork.com\",\"telephone\":\"+31854017823\",\"legalName\":\"Myntwork B.V.\",\"foundingDate\":\"2024-01-26\",\"vatID\":\"NL861015290B01\",\"numberOfEmployees\":{\"@type\":\"QuantitativeValue\",\"minValue\":\"1\",\"maxValue\":\"10\"}}]}<\/script>\n<meta property=\"product:brand\" content=\"Frezza\" \/>\n<meta property=\"product:price:amount\" content=\"150.00\" \/>\n<meta property=\"product:price:currency\" content=\"CHF\" \/>\n<meta property=\"og:availability\" content=\"instock\" \/>\n<meta property=\"product:availability\" content=\"instock\" \/>\n<meta property=\"product:retailer_item_id\" content=\"CS0938\" \/>\n<meta property=\"product:condition\" content=\"new\" \/>\n<!-- \/ Yoast SEO Premium plugin. -->","yoast_head_json":{"title":"Frezza Aufbewahrungsschrank | Myntwork Schweiz","description":"Ordnen Sie Ihre Unterlagen mit dem Frezza Aufbewahrungsschrank \u00fcbersichtlich und schaffen Sie einen aufger\u00e4umten Arbeitsplatz. Entdecken Sie die Details.","robots":{"index":"index","follow":"follow","max-snippet":"max-snippet:-1","max-image-preview":"max-image-preview:large","max-video-preview":"max-video-preview:-1"},"canonical":"https:\/\/myntwork.com\/de-ch\/produkt\/frezza-aufbewahrungsschrank-3\/","og_locale":"en_US","og_type":"article","og_title":"Frezza Aufbewahrungsschrank","og_description":"Ordnen Sie Ihre Unterlagen mit dem Frezza Aufbewahrungsschrank \u00fcbersichtlich und schaffen Sie einen aufger\u00e4umten Arbeitsplatz. Entdecken Sie die Details.","og_url":"https:\/\/myntwork.com\/de-ch\/produkt\/frezza-aufbewahrungsschrank-3\/","og_site_name":"Myntwork Schweiz","article_modified_time":"2026-08-26T09:55:48+00:00","og_image":[{"url":"https:\/\/myntwork.com\/wp-content\/uploads\/2026\/08\/177080776fb248198d60d91dc940d881.jpg","width":1200,"height":1200,"type":"image\/jpeg"}],"twitter_card":"summary_large_image","twitter_misc":{"Price":"&#67;&#72;&#70;&nbsp;150.00","Availability":"In stock"},"schema":{"@context":"https:\/\/schema.org","@graph":[{"@type":"WebPage","@id":"https:\/\/myntwork.com\/de-ch\/produkt\/frezza-aufbewahrungsschrank-3\/","url":"https:\/\/myntwork.com\/de-ch\/produkt\/frezza-aufbewahrungsschrank-3\/","name":"Frezza Aufbewahrungsschrank | Myntwork Schweiz","isPartOf":{"@id":"https:\/\/myntwork.com\/de-ch\/#website"},"primaryImageOfPage":{"@id":"https:\/\/myntwork.com\/de-ch\/produkt\/frezza-aufbewahrungsschrank-3\/#primaryimage"},"image":{"@id":"https:\/\/myntwork.com\/de-ch\/produkt\/frezza-aufbewahrungsschrank-3\/#primaryimage"},"thumbnailUrl":"https:\/\/myntwork.com\/wp-content\/uploads\/2026\/08\/177080776fb248198d60d91dc940d881.jpg","datePublished":"2026-08-18T15:30:18+00:00","dateModified":"2026-08-26T09:55:48+00:00","description":"Ordnen Sie Ihre Unterlagen mit dem Frezza Aufbewahrungsschrank \u00fcbersichtlich und schaffen Sie einen aufger\u00e4umten Arbeitsplatz. Entdecken Sie die Details.","breadcrumb":{"@id":"https:\/\/myntwork.com\/de-ch\/produkt\/frezza-aufbewahrungsschrank-3\/#breadcrumb"},"inLanguage":"en-US","potentialAction":[{"@type":"ReadAction","target":["https:\/\/myntwork.com\/de-ch\/produkt\/frezza-aufbewahrungsschrank-3\/"]}]},{"@type":"ImageObject","inLanguage":"en-US","@id":"https:\/\/myntwork.com\/de-ch\/produkt\/frezza-aufbewahrungsschrank-3\/#primaryimage","url":"https:\/\/myntwork.com\/wp-content\/uploads\/2026\/08\/177080776fb248198d60d91dc940d881.jpg","contentUrl":"https:\/\/myntwork.com\/wp-content\/uploads\/2026\/08\/177080776fb248198d60d91dc940d881.jpg","caption":"Frezza Storage Cabinet"},{"@type":"BreadcrumbList","@id":"https:\/\/myntwork.com\/de-ch\/produkt\/frezza-aufbewahrungsschrank-3\/#breadcrumb","itemListElement":[{"@type":"ListItem","position":1,"name":"Home","item":"https:\/\/myntwork.com\/de-ch\/"},{"@type":"ListItem","position":2,"name":"Kategorien","item":"https:\/\/myntwork.com\/de-ch\/kategorien\/"},{"@type":"ListItem","position":3,"name":"Frezza Aufbewahrungsschrank"}]},{"@type":"WebSite","@id":"https:\/\/myntwork.com\/de-ch\/#website","url":"https:\/\/myntwork.com\/de-ch\/","name":"Myntwork","description":"Lease neue B\u00fcrom\u00f6bel | Ab 3.95 pro Arbeitsplatz","publisher":{"@id":"https:\/\/myntwork.com\/de-ch\/#organization"},"potentialAction":[{"@type":"SearchAction","target":{"@type":"EntryPoint","urlTemplate":"https:\/\/myntwork.com\/de-ch\/?s={search_term_string}"},"query-input":{"@type":"PropertyValueSpecification","valueRequired":true,"valueName":"search_term_string"}}],"inLanguage":"en-US"},{"@type":"Organization","@id":"https:\/\/myntwork.com\/de-ch\/#organization","name":"Myntwork","url":"https:\/\/myntwork.com\/de-ch\/","logo":{"@type":"ImageObject","inLanguage":"en-US","@id":"https:\/\/myntwork.com\/de-ch\/#\/schema\/logo\/image\/","url":"https:\/\/myntwork.com\/wp-content\/uploads\/2025\/08\/myntwork.png","contentUrl":"https:\/\/myntwork.com\/wp-content\/uploads\/2025\/08\/myntwork.png","width":696,"height":696,"caption":"Myntwork"},"image":{"@id":"https:\/\/myntwork.com\/de-ch\/#\/schema\/logo\/image\/"},"description":"Myntwork is een Nederlands bedrijf, gespecialiseerd in het leasen van kantoormeubilair. Het concept draait om flexibiliteit, eenvoud en duurzaamheid, waarbij bedrijven hoogwaardige meubels kunnen huren zonder grote upfront investeringen.","email":"contact@myntwork.com","telephone":"+31854017823","legalName":"Myntwork B.V.","foundingDate":"2024-01-26","vatID":"NL861015290B01","numberOfEmployees":{"@type":"QuantitativeValue","minValue":"1","maxValue":"10"}}]},"product_brand":"Frezza","product_price_amount":"150.00","product_price_currency":"CHF","og_availability":"instock","product_availability":"instock","product_retailer_item_id":"CS0938","product_condition":"new"},"_links":{"self":[{"href":"https:\/\/myntwork.com\/de-ch\/wp-json\/wp\/v2\/product\/5654","targetHints":{"allow":["GET"]}}],"collection":[{"href":"https:\/\/myntwork.com\/de-ch\/wp-json\/wp\/v2\/product"}],"about":[{"href":"https:\/\/myntwork.com\/de-ch\/wp-json\/wp\/v2\/types\/product"}],"replies":[{"embeddable":true,"href":"https:\/\/myntwork.com\/de-ch\/wp-json\/wp\/v2\/comments?post=5654"}],"wp:featuredmedia":[{"embeddable":true,"href":"https:\/\/myntwork.com\/de-ch\/wp-json\/wp\/v2\/media\/5653"}],"wp:attachment":[{"href":"https:\/\/myntwork.com\/de-ch\/wp-json\/wp\/v2\/media?parent=5654"}],"wp:term":[{"taxonomy":"product_brand","embeddable":true,"href":"https:\/\/myntwork.com\/de-ch\/wp-json\/wp\/v2\/product_brand?post=5654"},{"taxonomy":"product_cat","embeddable":true,"href":"https:\/\/myntwork.com\/de-ch\/wp-json\/wp\/v2\/product_cat?post=5654"},{"taxonomy":"product_tag","embeddable":true,"href":"https:\/\/myntwork.com\/de-ch\/wp-json\/wp\/v2\/product_tag?post=5654"}],"curies":[{"name":"wp","href":"https:\/\/api.w.org\/{rel}","templated":true}]}}