{"id":5826,"date":"2026-08-18T15:35:08","date_gmt":"2026-08-18T15:35:08","guid":{"rendered":"https:\/\/myntwork.com\/de-ch\/product\/bralco-bench-schreibtisch-2\/"},"modified":"2026-08-26T09:56:44","modified_gmt":"2026-08-26T09:56:44","slug":"bralco-bench-schreibtisch-2","status":"publish","type":"product","link":"https:\/\/myntwork.com\/de-ch\/produkt\/bralco-bench-schreibtisch-2\/","title":{"rendered":"Bralco Bench-Schreibtisch"},"content":{"rendered":"<h2>Bralco Bench-Schreibtisch<\/h2>\n<p>Der Bralco Bench-Schreibtisch ist ein gerader Einzelarbeitsplatz, der f\u00fcr die individuelle Nutzung im B\u00fcro konzipiert wurde. Seine rechteckige Melamin-Tischplatte und das Stahlgestell mit T-F\u00fc\u00dfen bilden eine praktische Schreibtischkonfiguration f\u00fcr konzentriertes Arbeiten im Alltag. Die klare Form eignet sich f\u00fcr Arbeitspl\u00e4tze, die eine eindeutig abgegrenzte pers\u00f6nliche Arbeitsfl\u00e4che ohne verbundene Bench-Anordnung ben\u00f6tigen.<\/p>\n<p>Die <strong>Melamin-Tischplatte<\/strong> bietet eine gleichm\u00e4\u00dfige, praktische Oberfl\u00e4che f\u00fcr den B\u00fcroeinsatz, w\u00e4hrend das Stahlgestell f\u00fcr die notwendige Stabilit\u00e4t sorgt. Die verf\u00fcgbaren Oberfl\u00e4chenfarben Beige, Wei\u00df, Grau, Schwarz und Braun erm\u00f6glichen eine Abstimmung des Schreibtischs auf verschiedenste B\u00fcroumgebungen. Bei der Gestellfarbe stehen Wei\u00df, Schwarz und Silber zur Auswahl, sodass sie passend zu den umliegenden M\u00f6beln gew\u00e4hlt oder als Kontrast zur Tischplatte eingesetzt werden kann.<\/p>\n<p>Die Ausf\u00fchrung f\u00fcr eine Person bietet einem einzelnen Nutzer einen festen Arbeitsplatz. Die gerade Form und die rechteckige Arbeitsfl\u00e4che unterst\u00fctzen g\u00e4ngige Schreibtischt\u00e4tigkeiten und f\u00fcgen sich nat\u00fcrlich in lineare B\u00fcrokonzepte, separate Arbeitsbereiche und konzentrierte Arbeitsplatzanordnungen ein. Da der Schreibtisch nicht verkettbar ist, eignet er sich als eigenst\u00e4ndiges M\u00f6belst\u00fcck und nicht als Teil einer verbundenen Schreibtischreihe.<\/p>\n<p><strong>Die Kompatibilit\u00e4t mit einem Kabelkanal<\/strong> erm\u00f6glicht eine bedarfsgerechte Planung des Kabelmanagements und unterst\u00fctzt eine aufger\u00e4umtere Arbeitsplatzgestaltung. Ein Kabelkanal ist nicht im Lieferumfang des Schreibtischs enthalten und sollte bei Bedarf f\u00fcr die geplante Installation separat beschafft werden. So k\u00f6nnen K\u00e4ufer eine f\u00fcr ihren Arbeitsbereich geeignete L\u00f6sung f\u00fcr das Kabelmanagement w\u00e4hlen.<\/p>\n<p>Das Gestell mit T-F\u00fc\u00dfen verleiht dem Schreibtisch das charakteristische Erscheinungsbild eines B\u00fcrom\u00f6bels und bewahrt zugleich sein schlichtes Design. Die Kombination aus Melamin und Stahl erleichtert K\u00e4ufern die Abstimmung des Produkts auf eine bestehende M\u00f6belausstattung. Ohne Bluetooth-Steuerung bleibt der Schreibtisch ein einfach gehaltener, nicht vernetzter Arbeitsplatz, der sich auf die grundlegenden Funktionen eines Schreibtischs konzentriert.<\/p>\n<p>Der Bralco Bench-Schreibtisch ist als circular gekennzeichnet und verf\u00fcgt \u00fcber eine zweij\u00e4hrige Garantie. Sein zur\u00fcckhaltendes Design, die Ausf\u00fchrung als Einzelarbeitsplatz und die Auswahl an neutralen Oberfl\u00e4chen- und Gestellfarben machen ihn zu einer geeigneten Wahl f\u00fcr professionelle Umgebungen, die einen praktischen, unkomplizierten Schreibtisch f\u00fcr eine Person ben\u00f6tigen.<\/p>\n","protected":false},"excerpt":{"rendered":"<p>Der Bralco Bench-Schreibtisch ist ein gerader, rechteckiger Schreibtisch f\u00fcr eine Person mit Melamin-Tischplatte, Stahlgestell mit T-F\u00fc\u00dfen, Kompatibilit\u00e4t mit einem Kabelkanal und zweij\u00e4hriger Garantie.<\/p>\n","protected":false},"featured_media":5825,"comment_status":"open","ping_status":"closed","template":"","meta":{"_acf_changed":false},"product_brand":[690],"product_cat":[416,383],"product_tag":[],"class_list":["post-5826","product","type-product","status-publish","has-post-thumbnail","product_brand-bralco","product_cat-bench-schreibtische","product_cat-schreibtische","pa_anzahl-personen-1-person","pa_bluetooth-steuerung-no","pa_garantie-2-year","pa_geeignet-fur-kabelwanne-yes","pa_gestellfarbe-black","pa_gestellfarbe-silver","pa_gestellfarbe-white","pa_gestellmaterial-steel","pa_inklusive-kabelkanal-no","pa_marke-bralco","pa_oberflachenfarbe-beige","pa_oberflachenfarbe-brown","pa_oberflachenfarbe-grey","pa_oberflachenfarbe-black","pa_oberflachenfarbe-white","pa_rahmentyp-t-leg","pa_schreibtischtyp-straight-desk","pa_standardisierung-not-specified","pa_tischplattenform-rectangular","pa_tischplattenmaterial-melamine","pa_verbindbar-no","first","instock","shipping-taxable","purchasable","product-type-simple"],"acf":[],"yoast_head":"<!-- This site is optimized with the Yoast SEO Premium plugin v25.6 (Yoast SEO v28.3) - https:\/\/yoast.com\/product\/yoast-seo-premium-wordpress\/ -->\n<title>Bralco Bench-Schreibtisch | Myntwork Schweiz<\/title>\n<meta name=\"description\" content=\"Schaffen Sie mit dem Bralco Bench-Schreibtisch mehr M\u00f6glichkeiten f\u00fcr gemeinschaftliches Arbeiten \u2013 ein praktischer Arbeitsplatz f\u00fcr effiziente Teams.\" \/>\n<meta name=\"robots\" content=\"index, follow, max-snippet:-1, max-image-preview:large, max-video-preview:-1\" \/>\n<link rel=\"canonical\" href=\"https:\/\/myntwork.com\/de-ch\/produkt\/bralco-bench-schreibtisch-2\/\" \/>\n<meta property=\"og:locale\" content=\"en_US\" \/>\n<meta property=\"og:type\" content=\"article\" \/>\n<meta property=\"og:title\" content=\"Bralco Bench-Schreibtisch\" \/>\n<meta property=\"og:description\" content=\"Schaffen Sie mit dem Bralco Bench-Schreibtisch mehr M\u00f6glichkeiten f\u00fcr gemeinschaftliches Arbeiten \u2013 ein praktischer Arbeitsplatz f\u00fcr effiziente Teams. Entdecken Sie ihn.\" \/>\n<meta property=\"og:url\" content=\"https:\/\/myntwork.com\/de-ch\/produkt\/bralco-bench-schreibtisch-2\/\" \/>\n<meta property=\"og:site_name\" content=\"Myntwork Schweiz\" \/>\n<meta property=\"article:modified_time\" content=\"2026-08-26T09:56:44+00:00\" \/>\n<meta property=\"og:image\" content=\"https:\/\/myntwork.com\/wp-content\/uploads\/2026\/08\/079649efde7443708f089c4850a72e0a.jpg\" \/>\n\t<meta property=\"og:image:width\" content=\"1200\" \/>\n\t<meta property=\"og:image:height\" content=\"1200\" \/>\n\t<meta property=\"og:image:type\" content=\"image\/jpeg\" \/>\n<meta name=\"twitter:card\" content=\"summary_large_image\" \/>\n<meta name=\"twitter:label1\" content=\"Price\" \/>\n\t<meta name=\"twitter:data1\" content=\"&#067;&#072;&#070;&nbsp;1,358.00\" \/>\n\t<meta name=\"twitter:label2\" content=\"Availability\" \/>\n\t<meta name=\"twitter:data2\" content=\"In stock\" \/>\n<script type=\"application\/ld+json\" class=\"yoast-schema-graph\">{\"@context\":\"https:\\\/\\\/schema.org\",\"@graph\":[{\"@type\":\"WebPage\",\"@id\":\"https:\\\/\\\/myntwork.com\\\/de-ch\\\/produkt\\\/bralco-bench-schreibtisch-2\\\/\",\"url\":\"https:\\\/\\\/myntwork.com\\\/de-ch\\\/produkt\\\/bralco-bench-schreibtisch-2\\\/\",\"name\":\"Bralco Bench-Schreibtisch | Myntwork Schweiz\",\"isPartOf\":{\"@id\":\"https:\\\/\\\/myntwork.com\\\/de-ch\\\/#website\"},\"primaryImageOfPage\":{\"@id\":\"https:\\\/\\\/myntwork.com\\\/de-ch\\\/produkt\\\/bralco-bench-schreibtisch-2\\\/#primaryimage\"},\"image\":{\"@id\":\"https:\\\/\\\/myntwork.com\\\/de-ch\\\/produkt\\\/bralco-bench-schreibtisch-2\\\/#primaryimage\"},\"thumbnailUrl\":\"https:\\\/\\\/myntwork.com\\\/wp-content\\\/uploads\\\/2026\\\/08\\\/079649efde7443708f089c4850a72e0a.jpg\",\"datePublished\":\"2026-08-18T15:35:08+00:00\",\"dateModified\":\"2026-08-26T09:56:44+00:00\",\"description\":\"Schaffen Sie mit dem Bralco Bench-Schreibtisch mehr M\u00f6glichkeiten f\u00fcr gemeinschaftliches Arbeiten \u2013 ein praktischer Arbeitsplatz f\u00fcr effiziente Teams. Entdecken Sie ihn.\",\"breadcrumb\":{\"@id\":\"https:\\\/\\\/myntwork.com\\\/de-ch\\\/produkt\\\/bralco-bench-schreibtisch-2\\\/#breadcrumb\"},\"inLanguage\":\"en-US\",\"potentialAction\":[{\"@type\":\"ReadAction\",\"target\":[\"https:\\\/\\\/myntwork.com\\\/de-ch\\\/produkt\\\/bralco-bench-schreibtisch-2\\\/\"]}]},{\"@type\":\"ImageObject\",\"inLanguage\":\"en-US\",\"@id\":\"https:\\\/\\\/myntwork.com\\\/de-ch\\\/produkt\\\/bralco-bench-schreibtisch-2\\\/#primaryimage\",\"url\":\"https:\\\/\\\/myntwork.com\\\/wp-content\\\/uploads\\\/2026\\\/08\\\/079649efde7443708f089c4850a72e0a.jpg\",\"contentUrl\":\"https:\\\/\\\/myntwork.com\\\/wp-content\\\/uploads\\\/2026\\\/08\\\/079649efde7443708f089c4850a72e0a.jpg\",\"caption\":\"Bralco Bench Desk\"},{\"@type\":\"BreadcrumbList\",\"@id\":\"https:\\\/\\\/myntwork.com\\\/de-ch\\\/produkt\\\/bralco-bench-schreibtisch-2\\\/#breadcrumb\",\"itemListElement\":[{\"@type\":\"ListItem\",\"position\":1,\"name\":\"Home\",\"item\":\"https:\\\/\\\/myntwork.com\\\/de-ch\\\/\"},{\"@type\":\"ListItem\",\"position\":2,\"name\":\"Kategorien\",\"item\":\"https:\\\/\\\/myntwork.com\\\/de-ch\\\/kategorien\\\/\"},{\"@type\":\"ListItem\",\"position\":3,\"name\":\"Bralco Bench-Schreibtisch\"}]},{\"@type\":\"WebSite\",\"@id\":\"https:\\\/\\\/myntwork.com\\\/de-ch\\\/#website\",\"url\":\"https:\\\/\\\/myntwork.com\\\/de-ch\\\/\",\"name\":\"Myntwork\",\"description\":\"Lease neue B\u00fcrom\u00f6bel | Ab 3.95 pro Arbeitsplatz\",\"publisher\":{\"@id\":\"https:\\\/\\\/myntwork.com\\\/de-ch\\\/#organization\"},\"potentialAction\":[{\"@type\":\"SearchAction\",\"target\":{\"@type\":\"EntryPoint\",\"urlTemplate\":\"https:\\\/\\\/myntwork.com\\\/de-ch\\\/?s={search_term_string}\"},\"query-input\":{\"@type\":\"PropertyValueSpecification\",\"valueRequired\":true,\"valueName\":\"search_term_string\"}}],\"inLanguage\":\"en-US\"},{\"@type\":\"Organization\",\"@id\":\"https:\\\/\\\/myntwork.com\\\/de-ch\\\/#organization\",\"name\":\"Myntwork\",\"url\":\"https:\\\/\\\/myntwork.com\\\/de-ch\\\/\",\"logo\":{\"@type\":\"ImageObject\",\"inLanguage\":\"en-US\",\"@id\":\"https:\\\/\\\/myntwork.com\\\/de-ch\\\/#\\\/schema\\\/logo\\\/image\\\/\",\"url\":\"https:\\\/\\\/myntwork.com\\\/wp-content\\\/uploads\\\/2025\\\/08\\\/myntwork.png\",\"contentUrl\":\"https:\\\/\\\/myntwork.com\\\/wp-content\\\/uploads\\\/2025\\\/08\\\/myntwork.png\",\"width\":696,\"height\":696,\"caption\":\"Myntwork\"},\"image\":{\"@id\":\"https:\\\/\\\/myntwork.com\\\/de-ch\\\/#\\\/schema\\\/logo\\\/image\\\/\"},\"description\":\"Myntwork is een Nederlands bedrijf, gespecialiseerd in het leasen van kantoormeubilair. Het concept draait om flexibiliteit, eenvoud en duurzaamheid, waarbij bedrijven hoogwaardige meubels kunnen huren zonder grote upfront investeringen.\",\"email\":\"contact@myntwork.com\",\"telephone\":\"+31854017823\",\"legalName\":\"Myntwork B.V.\",\"foundingDate\":\"2024-01-26\",\"vatID\":\"NL861015290B01\",\"numberOfEmployees\":{\"@type\":\"QuantitativeValue\",\"minValue\":\"1\",\"maxValue\":\"10\"}}]}<\/script>\n<meta property=\"product:brand\" content=\"Bralco\" \/>\n<meta property=\"product:price:amount\" content=\"1358.00\" \/>\n<meta property=\"product:price:currency\" content=\"CHF\" \/>\n<meta property=\"og:availability\" content=\"instock\" \/>\n<meta property=\"product:availability\" content=\"instock\" \/>\n<meta property=\"product:retailer_item_id\" content=\"WU161702\" \/>\n<meta property=\"product:condition\" content=\"new\" \/>\n<!-- \/ Yoast SEO Premium plugin. -->","yoast_head_json":{"title":"Bralco Bench-Schreibtisch | Myntwork Schweiz","description":"Schaffen Sie mit dem Bralco Bench-Schreibtisch mehr M\u00f6glichkeiten f\u00fcr gemeinschaftliches Arbeiten \u2013 ein praktischer Arbeitsplatz f\u00fcr effiziente Teams.","robots":{"index":"index","follow":"follow","max-snippet":"max-snippet:-1","max-image-preview":"max-image-preview:large","max-video-preview":"max-video-preview:-1"},"canonical":"https:\/\/myntwork.com\/de-ch\/produkt\/bralco-bench-schreibtisch-2\/","og_locale":"en_US","og_type":"article","og_title":"Bralco Bench-Schreibtisch","og_description":"Schaffen Sie mit dem Bralco Bench-Schreibtisch mehr M\u00f6glichkeiten f\u00fcr gemeinschaftliches Arbeiten \u2013 ein praktischer Arbeitsplatz f\u00fcr effiziente Teams. Entdecken Sie ihn.","og_url":"https:\/\/myntwork.com\/de-ch\/produkt\/bralco-bench-schreibtisch-2\/","og_site_name":"Myntwork Schweiz","article_modified_time":"2026-08-26T09:56:44+00:00","og_image":[{"url":"https:\/\/myntwork.com\/wp-content\/uploads\/2026\/08\/079649efde7443708f089c4850a72e0a.jpg","width":1200,"height":1200,"type":"image\/jpeg"}],"twitter_card":"summary_large_image","twitter_misc":{"Price":"&#67;&#72;&#70;&nbsp;1,358.00","Availability":"In stock"},"schema":{"@context":"https:\/\/schema.org","@graph":[{"@type":"WebPage","@id":"https:\/\/myntwork.com\/de-ch\/produkt\/bralco-bench-schreibtisch-2\/","url":"https:\/\/myntwork.com\/de-ch\/produkt\/bralco-bench-schreibtisch-2\/","name":"Bralco Bench-Schreibtisch | Myntwork Schweiz","isPartOf":{"@id":"https:\/\/myntwork.com\/de-ch\/#website"},"primaryImageOfPage":{"@id":"https:\/\/myntwork.com\/de-ch\/produkt\/bralco-bench-schreibtisch-2\/#primaryimage"},"image":{"@id":"https:\/\/myntwork.com\/de-ch\/produkt\/bralco-bench-schreibtisch-2\/#primaryimage"},"thumbnailUrl":"https:\/\/myntwork.com\/wp-content\/uploads\/2026\/08\/079649efde7443708f089c4850a72e0a.jpg","datePublished":"2026-08-18T15:35:08+00:00","dateModified":"2026-08-26T09:56:44+00:00","description":"Schaffen Sie mit dem Bralco Bench-Schreibtisch mehr M\u00f6glichkeiten f\u00fcr gemeinschaftliches Arbeiten \u2013 ein praktischer Arbeitsplatz f\u00fcr effiziente Teams. Entdecken Sie ihn.","breadcrumb":{"@id":"https:\/\/myntwork.com\/de-ch\/produkt\/bralco-bench-schreibtisch-2\/#breadcrumb"},"inLanguage":"en-US","potentialAction":[{"@type":"ReadAction","target":["https:\/\/myntwork.com\/de-ch\/produkt\/bralco-bench-schreibtisch-2\/"]}]},{"@type":"ImageObject","inLanguage":"en-US","@id":"https:\/\/myntwork.com\/de-ch\/produkt\/bralco-bench-schreibtisch-2\/#primaryimage","url":"https:\/\/myntwork.com\/wp-content\/uploads\/2026\/08\/079649efde7443708f089c4850a72e0a.jpg","contentUrl":"https:\/\/myntwork.com\/wp-content\/uploads\/2026\/08\/079649efde7443708f089c4850a72e0a.jpg","caption":"Bralco Bench Desk"},{"@type":"BreadcrumbList","@id":"https:\/\/myntwork.com\/de-ch\/produkt\/bralco-bench-schreibtisch-2\/#breadcrumb","itemListElement":[{"@type":"ListItem","position":1,"name":"Home","item":"https:\/\/myntwork.com\/de-ch\/"},{"@type":"ListItem","position":2,"name":"Kategorien","item":"https:\/\/myntwork.com\/de-ch\/kategorien\/"},{"@type":"ListItem","position":3,"name":"Bralco Bench-Schreibtisch"}]},{"@type":"WebSite","@id":"https:\/\/myntwork.com\/de-ch\/#website","url":"https:\/\/myntwork.com\/de-ch\/","name":"Myntwork","description":"Lease neue B\u00fcrom\u00f6bel | Ab 3.95 pro Arbeitsplatz","publisher":{"@id":"https:\/\/myntwork.com\/de-ch\/#organization"},"potentialAction":[{"@type":"SearchAction","target":{"@type":"EntryPoint","urlTemplate":"https:\/\/myntwork.com\/de-ch\/?s={search_term_string}"},"query-input":{"@type":"PropertyValueSpecification","valueRequired":true,"valueName":"search_term_string"}}],"inLanguage":"en-US"},{"@type":"Organization","@id":"https:\/\/myntwork.com\/de-ch\/#organization","name":"Myntwork","url":"https:\/\/myntwork.com\/de-ch\/","logo":{"@type":"ImageObject","inLanguage":"en-US","@id":"https:\/\/myntwork.com\/de-ch\/#\/schema\/logo\/image\/","url":"https:\/\/myntwork.com\/wp-content\/uploads\/2025\/08\/myntwork.png","contentUrl":"https:\/\/myntwork.com\/wp-content\/uploads\/2025\/08\/myntwork.png","width":696,"height":696,"caption":"Myntwork"},"image":{"@id":"https:\/\/myntwork.com\/de-ch\/#\/schema\/logo\/image\/"},"description":"Myntwork is een Nederlands bedrijf, gespecialiseerd in het leasen van kantoormeubilair. Het concept draait om flexibiliteit, eenvoud en duurzaamheid, waarbij bedrijven hoogwaardige meubels kunnen huren zonder grote upfront investeringen.","email":"contact@myntwork.com","telephone":"+31854017823","legalName":"Myntwork B.V.","foundingDate":"2024-01-26","vatID":"NL861015290B01","numberOfEmployees":{"@type":"QuantitativeValue","minValue":"1","maxValue":"10"}}]},"product_brand":"Bralco","product_price_amount":"1358.00","product_price_currency":"CHF","og_availability":"instock","product_availability":"instock","product_retailer_item_id":"WU161702","product_condition":"new"},"_links":{"self":[{"href":"https:\/\/myntwork.com\/de-ch\/wp-json\/wp\/v2\/product\/5826","targetHints":{"allow":["GET"]}}],"collection":[{"href":"https:\/\/myntwork.com\/de-ch\/wp-json\/wp\/v2\/product"}],"about":[{"href":"https:\/\/myntwork.com\/de-ch\/wp-json\/wp\/v2\/types\/product"}],"replies":[{"embeddable":true,"href":"https:\/\/myntwork.com\/de-ch\/wp-json\/wp\/v2\/comments?post=5826"}],"wp:featuredmedia":[{"embeddable":true,"href":"https:\/\/myntwork.com\/de-ch\/wp-json\/wp\/v2\/media\/5825"}],"wp:attachment":[{"href":"https:\/\/myntwork.com\/de-ch\/wp-json\/wp\/v2\/media?parent=5826"}],"wp:term":[{"taxonomy":"product_brand","embeddable":true,"href":"https:\/\/myntwork.com\/de-ch\/wp-json\/wp\/v2\/product_brand?post=5826"},{"taxonomy":"product_cat","embeddable":true,"href":"https:\/\/myntwork.com\/de-ch\/wp-json\/wp\/v2\/product_cat?post=5826"},{"taxonomy":"product_tag","embeddable":true,"href":"https:\/\/myntwork.com\/de-ch\/wp-json\/wp\/v2\/product_tag?post=5826"}],"curies":[{"name":"wp","href":"https:\/\/api.w.org\/{rel}","templated":true}]}}