{"id":5950,"date":"2026-08-18T15:38:39","date_gmt":"2026-08-18T15:38:39","guid":{"rendered":"https:\/\/myntwork.com\/de-ch\/product\/frezza-aufbewahrungsschrank-5\/"},"modified":"2026-08-26T09:55:48","modified_gmt":"2026-08-26T09:55:48","slug":"frezza-aufbewahrungsschrank-5","status":"publish","type":"product","link":"https:\/\/myntwork.com\/de-ch\/produkt\/frezza-aufbewahrungsschrank-5\/","title":{"rendered":"Frezza Aufbewahrungsschrank"},"content":{"rendered":"<h2>Frezza Aufbewahrungsschrank<\/h2>\n<p>Der Frezza Aufbewahrungsschrank ist ein freistehender Schrank zur organisierten Aufbewahrung in Arbeitsumgebungen und anderen Bereichen, in denen geschlossene M\u00f6bel ben\u00f6tigt werden. Er kombiniert eine Melaminoberfl\u00e4che mit einem Zylinderschloss und bietet so eine klar definierte Aufbewahrungseinheit mit abschlie\u00dfbarer Front. Zu seinen besonderen Merkmalen z\u00e4hlen die freistehende Ausf\u00fchrung, die wei\u00dfe Schrankfarbe und der sichere Schlie\u00dfmechanismus.<\/p>\n<h2>Design und Oberfl\u00e4che des Frezza Schranks<\/h2>\n<p>Die freistehende Konstruktion macht diesen Frezza Aufbewahrungsschrank f\u00fcr Bereiche geeignet, in denen keine fest installierten oder eingebauten M\u00f6bel erforderlich sind. Da es sich um eine separate Schrankeinheit handelt, kann er eingesetzt werden, wenn der Stauraum von anderen M\u00f6beln getrennt bleiben soll, anstatt in eine gr\u00f6\u00dfere Einrichtung integriert zu werden.<\/p>\n<p>Die Melaminoberfl\u00e4che des Schranks sorgt f\u00fcr die angegebene Oberfl\u00e4chenbehandlung des M\u00f6bels. Die Schrankfarbe ist Wei\u00df und schafft eine neutrale Optik, die sich mit verschiedenen Stilen von B\u00fcrom\u00f6beln kombinieren l\u00e4sst, ohne einen starken Farbakzent zu setzen. Die angegebenen Farbinformationen umfassen au\u00dferdem Schwarz und Grau, sodass diese zum aufgef\u00fchrten Farbspektrum des Produkts geh\u00f6ren.<\/p>\n<p>Die klare Schrankform eignet sich f\u00fcr Nutzer, die geschlossenen statt offenen Stauraum suchen. Beim Schlie\u00dfen des Schranks bleiben die Inhalte hinter der M\u00f6belfront verborgen, wodurch eine aufger\u00e4umtere Optik als bei offenen Regalen ohne T\u00fcren entsteht. Die Daten enthalten keine Angaben zu Innenb\u00f6den, F\u00e4chern oder anderen Aufbewahrungselementen. Daher sollte der Schrank entsprechend den f\u00fcr die geplante Einrichtung best\u00e4tigten Stauraumanforderungen ausgew\u00e4hlt werden.<\/p>\n<h2>Abschlie\u00dfbarer Stauraum f\u00fcr B\u00fcros<\/h2>\n<p>Das Zylinderschloss ist das wichtigste funktionale Merkmal des Schranks f\u00fcr den kontrollierten Zugriff. Es erm\u00f6glicht, die Aufbewahrungseinheit abzuschlie\u00dfen. Damit eignet sich dieser Frezza Aufbewahrungsschrank f\u00fcr Situationen, in denen die Schrankinhalte hinter einem Schloss aufbewahrt werden sollen, anstatt frei zug\u00e4nglich zu sein. Die Produktinformationen machen keine Angaben zur Anzahl der Schl\u00fcssel oder zur genauen Schlie\u00dfanordnung. Wenn diese Details entscheidend sind, sollten sie vor dem Kauf best\u00e4tigt werden.<\/p>\n<p>Dieser Schrank verf\u00fcgt nicht \u00fcber H\u00e4ngeregistraturrahmen. Daher ist er nicht die richtige Wahl f\u00fcr K\u00e4ufer, die ausdr\u00fccklich nach integrierter H\u00e4ngeregistratur suchen. Er bleibt jedoch eine geeignete Option f\u00fcr geschlossenen Stauraum, wenn keine H\u00e4ngemappen ben\u00f6tigt werden. Das Fehlen dieses Elements macht die Produktbeschreibung eindeutig: Der Schrank sollte nicht als Aktenschrank mit Schienen f\u00fcr h\u00e4ngende Mappen betrachtet werden.<\/p>\n<h2>Hinweise zur Platzierung des Aufbewahrungsschranks<\/h2>\n<p>Als freistehender Aufbewahrungsschrank eignet sich das Produkt f\u00fcr R\u00e4ume und Arbeitsbereiche, die ein eigenst\u00e4ndiges Stauraumelement ben\u00f6tigen. Die wei\u00dfe Schrankoberfl\u00e4che unterst\u00fctzt eine zur\u00fcckhaltende Einrichtung, w\u00e4hrend die angegebenen Farben Schwarz und Grau K\u00e4ufern beim Vergleich der verf\u00fcgbaren Optik helfen k\u00f6nnen. Da keine Abmessungen angegeben sind, sollten die verf\u00fcgbare Stellfl\u00e4che und erforderliche Freir\u00e4ume separat gepr\u00fcft werden.<\/p>\n<p>Der Schrank wird nicht als akustisch wirksam beschrieben. K\u00e4ufer, die schallabsorbierenden oder akustischen Stauraum suchen, sollten daher stattdessen nach einem Produkt suchen, bei dem diese Funktion ausdr\u00fccklich angegeben ist. Ebenso enth\u00e4lt die verf\u00fcgbare Datenlage keine Angaben zu bestimmten Pflegehinweisen, Haltbarkeitswerten oder dem Innenvolumen. Diese Punkte sollten daher gepr\u00fcft werden, wenn sie f\u00fcr die Kaufentscheidung relevant sind.<\/p>\n<p>Frezza weist dieses Produkt als zirkul\u00e4r aus. Diese Kennzeichnung ist in den Produktdaten enthalten, es liegen jedoch keine weiteren Informationen zum Zirkularit\u00e4tsprozess, zu den Materialien oder zur Entsorgung am Ende der Nutzungsdauer vor. Das Ergebnis ist ein unkomplizierter Frezza Schrank f\u00fcr K\u00e4ufer, die freistehenden, abschlie\u00dfbaren Stauraum mit Melaminoberfl\u00e4che und wei\u00dfer Schrankfarbe ben\u00f6tigen.<\/p>\n","protected":false},"excerpt":{"rendered":"<p>Der Frezza Aufbewahrungsschrank ist ein freistehender Schrank mit Zylinderschloss, Melaminoberfl\u00e4che, wei\u00dfer Schrankfarbe und zirkul\u00e4rem Design.<\/p>\n","protected":false},"featured_media":5949,"comment_status":"open","ping_status":"closed","template":"","meta":{"_acf_changed":false},"product_brand":[620],"product_cat":[385],"product_tag":[],"class_list":["post-5950","product","type-product","status-publish","has-post-thumbnail","product_brand-frezza","product_cat-buroschranke","pa_akustisch-no","pa_anzahl-hangeregistraturrahme-no-hang-folder-frames","pa_farbe-grey","pa_farbe-black","pa_farbe-white","pa_marke-frezza","pa_schloss-cylinder-lock","pa_schranktyp-freestanding","first","instock","shipping-taxable","purchasable","product-type-simple"],"acf":[],"yoast_head":"<!-- This site is optimized with the Yoast SEO Premium plugin v25.6 (Yoast SEO v28.3) - https:\/\/yoast.com\/product\/yoast-seo-premium-wordpress\/ -->\n<title>Frezza Aufbewahrungsschrank | Myntwork Schweiz<\/title>\n<meta name=\"description\" content=\"Halten Sie Ihre Akten mit dem Frezza Aufbewahrungsschrank ordentlich organisiert und schaffen Sie praktischen Stauraum f\u00fcr ein aufger\u00e4umtes B\u00fcro.\" \/>\n<meta name=\"robots\" content=\"index, follow, max-snippet:-1, max-image-preview:large, max-video-preview:-1\" \/>\n<link rel=\"canonical\" href=\"https:\/\/myntwork.com\/de-ch\/produkt\/frezza-aufbewahrungsschrank-5\/\" \/>\n<meta property=\"og:locale\" content=\"en_US\" \/>\n<meta property=\"og:type\" content=\"article\" \/>\n<meta property=\"og:title\" content=\"Frezza Aufbewahrungsschrank\" \/>\n<meta property=\"og:description\" content=\"Halten Sie Ihre Akten mit dem Frezza Aufbewahrungsschrank ordentlich organisiert und schaffen Sie praktischen Stauraum f\u00fcr ein aufger\u00e4umtes B\u00fcro. Entdecken Sie die Details.\" \/>\n<meta property=\"og:url\" content=\"https:\/\/myntwork.com\/de-ch\/produkt\/frezza-aufbewahrungsschrank-5\/\" \/>\n<meta property=\"og:site_name\" content=\"Myntwork Schweiz\" \/>\n<meta property=\"article:modified_time\" content=\"2026-08-26T09:55:48+00:00\" \/>\n<meta property=\"og:image\" content=\"https:\/\/myntwork.com\/wp-content\/uploads\/2026\/08\/5d03012aaf614902a1e690ecb02f8f3f.jpg\" \/>\n\t<meta property=\"og:image:width\" content=\"1200\" \/>\n\t<meta property=\"og:image:height\" content=\"1200\" \/>\n\t<meta property=\"og:image:type\" content=\"image\/jpeg\" \/>\n<meta name=\"twitter:card\" content=\"summary_large_image\" \/>\n<meta name=\"twitter:label1\" content=\"Price\" \/>\n\t<meta name=\"twitter:data1\" content=\"&#067;&#072;&#070;&nbsp;307.00\" \/>\n\t<meta name=\"twitter:label2\" content=\"Availability\" \/>\n\t<meta name=\"twitter:data2\" content=\"In stock\" \/>\n<script type=\"application\/ld+json\" class=\"yoast-schema-graph\">{\"@context\":\"https:\\\/\\\/schema.org\",\"@graph\":[{\"@type\":\"WebPage\",\"@id\":\"https:\\\/\\\/myntwork.com\\\/de-ch\\\/produkt\\\/frezza-aufbewahrungsschrank-5\\\/\",\"url\":\"https:\\\/\\\/myntwork.com\\\/de-ch\\\/produkt\\\/frezza-aufbewahrungsschrank-5\\\/\",\"name\":\"Frezza Aufbewahrungsschrank | Myntwork Schweiz\",\"isPartOf\":{\"@id\":\"https:\\\/\\\/myntwork.com\\\/de-ch\\\/#website\"},\"primaryImageOfPage\":{\"@id\":\"https:\\\/\\\/myntwork.com\\\/de-ch\\\/produkt\\\/frezza-aufbewahrungsschrank-5\\\/#primaryimage\"},\"image\":{\"@id\":\"https:\\\/\\\/myntwork.com\\\/de-ch\\\/produkt\\\/frezza-aufbewahrungsschrank-5\\\/#primaryimage\"},\"thumbnailUrl\":\"https:\\\/\\\/myntwork.com\\\/wp-content\\\/uploads\\\/2026\\\/08\\\/5d03012aaf614902a1e690ecb02f8f3f.jpg\",\"datePublished\":\"2026-08-18T15:38:39+00:00\",\"dateModified\":\"2026-08-26T09:55:48+00:00\",\"description\":\"Halten Sie Ihre Akten mit dem Frezza Aufbewahrungsschrank ordentlich organisiert und schaffen Sie praktischen Stauraum f\u00fcr ein aufger\u00e4umtes B\u00fcro. Entdecken Sie die Details.\",\"breadcrumb\":{\"@id\":\"https:\\\/\\\/myntwork.com\\\/de-ch\\\/produkt\\\/frezza-aufbewahrungsschrank-5\\\/#breadcrumb\"},\"inLanguage\":\"en-US\",\"potentialAction\":[{\"@type\":\"ReadAction\",\"target\":[\"https:\\\/\\\/myntwork.com\\\/de-ch\\\/produkt\\\/frezza-aufbewahrungsschrank-5\\\/\"]}]},{\"@type\":\"ImageObject\",\"inLanguage\":\"en-US\",\"@id\":\"https:\\\/\\\/myntwork.com\\\/de-ch\\\/produkt\\\/frezza-aufbewahrungsschrank-5\\\/#primaryimage\",\"url\":\"https:\\\/\\\/myntwork.com\\\/wp-content\\\/uploads\\\/2026\\\/08\\\/5d03012aaf614902a1e690ecb02f8f3f.jpg\",\"contentUrl\":\"https:\\\/\\\/myntwork.com\\\/wp-content\\\/uploads\\\/2026\\\/08\\\/5d03012aaf614902a1e690ecb02f8f3f.jpg\",\"caption\":\"Frezza Storage Cabinet\"},{\"@type\":\"BreadcrumbList\",\"@id\":\"https:\\\/\\\/myntwork.com\\\/de-ch\\\/produkt\\\/frezza-aufbewahrungsschrank-5\\\/#breadcrumb\",\"itemListElement\":[{\"@type\":\"ListItem\",\"position\":1,\"name\":\"Home\",\"item\":\"https:\\\/\\\/myntwork.com\\\/de-ch\\\/\"},{\"@type\":\"ListItem\",\"position\":2,\"name\":\"Kategorien\",\"item\":\"https:\\\/\\\/myntwork.com\\\/de-ch\\\/kategorien\\\/\"},{\"@type\":\"ListItem\",\"position\":3,\"name\":\"Frezza Aufbewahrungsschrank\"}]},{\"@type\":\"WebSite\",\"@id\":\"https:\\\/\\\/myntwork.com\\\/de-ch\\\/#website\",\"url\":\"https:\\\/\\\/myntwork.com\\\/de-ch\\\/\",\"name\":\"Myntwork\",\"description\":\"Lease neue B\u00fcrom\u00f6bel | Ab 3.95 pro Arbeitsplatz\",\"publisher\":{\"@id\":\"https:\\\/\\\/myntwork.com\\\/de-ch\\\/#organization\"},\"potentialAction\":[{\"@type\":\"SearchAction\",\"target\":{\"@type\":\"EntryPoint\",\"urlTemplate\":\"https:\\\/\\\/myntwork.com\\\/de-ch\\\/?s={search_term_string}\"},\"query-input\":{\"@type\":\"PropertyValueSpecification\",\"valueRequired\":true,\"valueName\":\"search_term_string\"}}],\"inLanguage\":\"en-US\"},{\"@type\":\"Organization\",\"@id\":\"https:\\\/\\\/myntwork.com\\\/de-ch\\\/#organization\",\"name\":\"Myntwork\",\"url\":\"https:\\\/\\\/myntwork.com\\\/de-ch\\\/\",\"logo\":{\"@type\":\"ImageObject\",\"inLanguage\":\"en-US\",\"@id\":\"https:\\\/\\\/myntwork.com\\\/de-ch\\\/#\\\/schema\\\/logo\\\/image\\\/\",\"url\":\"https:\\\/\\\/myntwork.com\\\/wp-content\\\/uploads\\\/2025\\\/08\\\/myntwork.png\",\"contentUrl\":\"https:\\\/\\\/myntwork.com\\\/wp-content\\\/uploads\\\/2025\\\/08\\\/myntwork.png\",\"width\":696,\"height\":696,\"caption\":\"Myntwork\"},\"image\":{\"@id\":\"https:\\\/\\\/myntwork.com\\\/de-ch\\\/#\\\/schema\\\/logo\\\/image\\\/\"},\"description\":\"Myntwork is een Nederlands bedrijf, gespecialiseerd in het leasen van kantoormeubilair. Het concept draait om flexibiliteit, eenvoud en duurzaamheid, waarbij bedrijven hoogwaardige meubels kunnen huren zonder grote upfront investeringen.\",\"email\":\"contact@myntwork.com\",\"telephone\":\"+31854017823\",\"legalName\":\"Myntwork B.V.\",\"foundingDate\":\"2024-01-26\",\"vatID\":\"NL861015290B01\",\"numberOfEmployees\":{\"@type\":\"QuantitativeValue\",\"minValue\":\"1\",\"maxValue\":\"10\"}}]}<\/script>\n<meta property=\"product:brand\" content=\"Frezza\" \/>\n<meta property=\"product:price:amount\" content=\"307.00\" \/>\n<meta property=\"product:price:currency\" content=\"CHF\" \/>\n<meta property=\"og:availability\" content=\"instock\" \/>\n<meta property=\"product:availability\" content=\"instock\" \/>\n<meta property=\"product:retailer_item_id\" content=\"AFM02101C\" \/>\n<meta property=\"product:condition\" content=\"new\" \/>\n<!-- \/ Yoast SEO Premium plugin. -->","yoast_head_json":{"title":"Frezza Aufbewahrungsschrank | Myntwork Schweiz","description":"Halten Sie Ihre Akten mit dem Frezza Aufbewahrungsschrank ordentlich organisiert und schaffen Sie praktischen Stauraum f\u00fcr ein aufger\u00e4umtes B\u00fcro.","robots":{"index":"index","follow":"follow","max-snippet":"max-snippet:-1","max-image-preview":"max-image-preview:large","max-video-preview":"max-video-preview:-1"},"canonical":"https:\/\/myntwork.com\/de-ch\/produkt\/frezza-aufbewahrungsschrank-5\/","og_locale":"en_US","og_type":"article","og_title":"Frezza Aufbewahrungsschrank","og_description":"Halten Sie Ihre Akten mit dem Frezza Aufbewahrungsschrank ordentlich organisiert und schaffen Sie praktischen Stauraum f\u00fcr ein aufger\u00e4umtes B\u00fcro. Entdecken Sie die Details.","og_url":"https:\/\/myntwork.com\/de-ch\/produkt\/frezza-aufbewahrungsschrank-5\/","og_site_name":"Myntwork Schweiz","article_modified_time":"2026-08-26T09:55:48+00:00","og_image":[{"url":"https:\/\/myntwork.com\/wp-content\/uploads\/2026\/08\/5d03012aaf614902a1e690ecb02f8f3f.jpg","width":1200,"height":1200,"type":"image\/jpeg"}],"twitter_card":"summary_large_image","twitter_misc":{"Price":"&#67;&#72;&#70;&nbsp;307.00","Availability":"In stock"},"schema":{"@context":"https:\/\/schema.org","@graph":[{"@type":"WebPage","@id":"https:\/\/myntwork.com\/de-ch\/produkt\/frezza-aufbewahrungsschrank-5\/","url":"https:\/\/myntwork.com\/de-ch\/produkt\/frezza-aufbewahrungsschrank-5\/","name":"Frezza Aufbewahrungsschrank | Myntwork Schweiz","isPartOf":{"@id":"https:\/\/myntwork.com\/de-ch\/#website"},"primaryImageOfPage":{"@id":"https:\/\/myntwork.com\/de-ch\/produkt\/frezza-aufbewahrungsschrank-5\/#primaryimage"},"image":{"@id":"https:\/\/myntwork.com\/de-ch\/produkt\/frezza-aufbewahrungsschrank-5\/#primaryimage"},"thumbnailUrl":"https:\/\/myntwork.com\/wp-content\/uploads\/2026\/08\/5d03012aaf614902a1e690ecb02f8f3f.jpg","datePublished":"2026-08-18T15:38:39+00:00","dateModified":"2026-08-26T09:55:48+00:00","description":"Halten Sie Ihre Akten mit dem Frezza Aufbewahrungsschrank ordentlich organisiert und schaffen Sie praktischen Stauraum f\u00fcr ein aufger\u00e4umtes B\u00fcro. Entdecken Sie die Details.","breadcrumb":{"@id":"https:\/\/myntwork.com\/de-ch\/produkt\/frezza-aufbewahrungsschrank-5\/#breadcrumb"},"inLanguage":"en-US","potentialAction":[{"@type":"ReadAction","target":["https:\/\/myntwork.com\/de-ch\/produkt\/frezza-aufbewahrungsschrank-5\/"]}]},{"@type":"ImageObject","inLanguage":"en-US","@id":"https:\/\/myntwork.com\/de-ch\/produkt\/frezza-aufbewahrungsschrank-5\/#primaryimage","url":"https:\/\/myntwork.com\/wp-content\/uploads\/2026\/08\/5d03012aaf614902a1e690ecb02f8f3f.jpg","contentUrl":"https:\/\/myntwork.com\/wp-content\/uploads\/2026\/08\/5d03012aaf614902a1e690ecb02f8f3f.jpg","caption":"Frezza Storage Cabinet"},{"@type":"BreadcrumbList","@id":"https:\/\/myntwork.com\/de-ch\/produkt\/frezza-aufbewahrungsschrank-5\/#breadcrumb","itemListElement":[{"@type":"ListItem","position":1,"name":"Home","item":"https:\/\/myntwork.com\/de-ch\/"},{"@type":"ListItem","position":2,"name":"Kategorien","item":"https:\/\/myntwork.com\/de-ch\/kategorien\/"},{"@type":"ListItem","position":3,"name":"Frezza Aufbewahrungsschrank"}]},{"@type":"WebSite","@id":"https:\/\/myntwork.com\/de-ch\/#website","url":"https:\/\/myntwork.com\/de-ch\/","name":"Myntwork","description":"Lease neue B\u00fcrom\u00f6bel | Ab 3.95 pro Arbeitsplatz","publisher":{"@id":"https:\/\/myntwork.com\/de-ch\/#organization"},"potentialAction":[{"@type":"SearchAction","target":{"@type":"EntryPoint","urlTemplate":"https:\/\/myntwork.com\/de-ch\/?s={search_term_string}"},"query-input":{"@type":"PropertyValueSpecification","valueRequired":true,"valueName":"search_term_string"}}],"inLanguage":"en-US"},{"@type":"Organization","@id":"https:\/\/myntwork.com\/de-ch\/#organization","name":"Myntwork","url":"https:\/\/myntwork.com\/de-ch\/","logo":{"@type":"ImageObject","inLanguage":"en-US","@id":"https:\/\/myntwork.com\/de-ch\/#\/schema\/logo\/image\/","url":"https:\/\/myntwork.com\/wp-content\/uploads\/2025\/08\/myntwork.png","contentUrl":"https:\/\/myntwork.com\/wp-content\/uploads\/2025\/08\/myntwork.png","width":696,"height":696,"caption":"Myntwork"},"image":{"@id":"https:\/\/myntwork.com\/de-ch\/#\/schema\/logo\/image\/"},"description":"Myntwork is een Nederlands bedrijf, gespecialiseerd in het leasen van kantoormeubilair. Het concept draait om flexibiliteit, eenvoud en duurzaamheid, waarbij bedrijven hoogwaardige meubels kunnen huren zonder grote upfront investeringen.","email":"contact@myntwork.com","telephone":"+31854017823","legalName":"Myntwork B.V.","foundingDate":"2024-01-26","vatID":"NL861015290B01","numberOfEmployees":{"@type":"QuantitativeValue","minValue":"1","maxValue":"10"}}]},"product_brand":"Frezza","product_price_amount":"307.00","product_price_currency":"CHF","og_availability":"instock","product_availability":"instock","product_retailer_item_id":"AFM02101C","product_condition":"new"},"_links":{"self":[{"href":"https:\/\/myntwork.com\/de-ch\/wp-json\/wp\/v2\/product\/5950","targetHints":{"allow":["GET"]}}],"collection":[{"href":"https:\/\/myntwork.com\/de-ch\/wp-json\/wp\/v2\/product"}],"about":[{"href":"https:\/\/myntwork.com\/de-ch\/wp-json\/wp\/v2\/types\/product"}],"replies":[{"embeddable":true,"href":"https:\/\/myntwork.com\/de-ch\/wp-json\/wp\/v2\/comments?post=5950"}],"wp:featuredmedia":[{"embeddable":true,"href":"https:\/\/myntwork.com\/de-ch\/wp-json\/wp\/v2\/media\/5949"}],"wp:attachment":[{"href":"https:\/\/myntwork.com\/de-ch\/wp-json\/wp\/v2\/media?parent=5950"}],"wp:term":[{"taxonomy":"product_brand","embeddable":true,"href":"https:\/\/myntwork.com\/de-ch\/wp-json\/wp\/v2\/product_brand?post=5950"},{"taxonomy":"product_cat","embeddable":true,"href":"https:\/\/myntwork.com\/de-ch\/wp-json\/wp\/v2\/product_cat?post=5950"},{"taxonomy":"product_tag","embeddable":true,"href":"https:\/\/myntwork.com\/de-ch\/wp-json\/wp\/v2\/product_tag?post=5950"}],"curies":[{"name":"wp","href":"https:\/\/api.w.org\/{rel}","templated":true}]}}