{"id":7026,"date":"2026-08-18T16:16:32","date_gmt":"2026-08-18T16:16:32","guid":{"rendered":"https:\/\/myntwork.com\/de-ch\/product\/bralco-bench-schreibtisch-12\/"},"modified":"2026-08-26T09:56:44","modified_gmt":"2026-08-26T09:56:44","slug":"bralco-bench-schreibtisch-12","status":"publish","type":"product","link":"https:\/\/myntwork.com\/de-ch\/produkt\/bralco-bench-schreibtisch-12\/","title":{"rendered":"Bralco Bench-Schreibtisch"},"content":{"rendered":"<h2>Bralco Bench-Schreibtisch<\/h2>\n<p>Der akustische Bralco Bench-Schreibtisch ist ein gerader Einzelarbeitsplatz f\u00fcr Nutzer, die einen eigenst\u00e4ndigen Schreibtisch mit einer Auswahl an Oberfl\u00e4chen- und Gestellfarben ben\u00f6tigen. Sein besonderes Merkmal ist die Kombination aus einer Eichen- oder Melaminplatte, einem Aluminiumgestell und der Kompatibilit\u00e4t mit einer Kabelwanne f\u00fcr eine durchdachtere Kabelf\u00fchrung, wobei die Kabelwanne nicht im Lieferumfang enthalten ist.<\/p>\n<h2>Akustisches Schreibtischdesign und Materialien<\/h2>\n<p>Der Schreibtisch kombiniert eine Melamin- oder Eichenplatte mit einem Aluminiumgestell und schafft so eine praktische Materialkombination f\u00fcr einen individuellen Arbeitsplatz. Die Melaminoberfl\u00e4che in Natur-Eichenoptik sorgt f\u00fcr eine holz\u00e4hnliche Optik, w\u00e4hrend die verf\u00fcgbare Farbpalette der Oberfl\u00e4che von Beige, Wei\u00df, Grau und Schwarz bis hin zu Braun, Rot und holz\u00e4hnlichen Eichent\u00f6nen reicht.<\/p>\n<p>Die Gestellfarben umfassen Silber, Wei\u00df, Grau, Schwarz, Rosa, Gr\u00fcn und Braun. Dadurch kann das Gestell entweder mit der gew\u00e4hlten Arbeitsfl\u00e4che harmonieren oder einen bewussten Kontrast bilden. Diese Auswahl ist hilfreich, wenn der Schreibtisch auf ein bestehendes Einrichtungskonzept abgestimmt werden soll, anstatt einen festen visuellen Stil vorzugeben.<\/p>\n<p>Das Produkt ist der Kategorie Akustik zugeordnet, die bereitgestellten Spezifikationen geben jedoch nicht an, dass der Schreibtisch Akustikpaneele, Schallabsorption oder andere Elemente zur Ger\u00e4uschkontrolle umfasst. K\u00e4ufer, die gezielt akustische Eigenschaften suchen, sollten die Kategorie daher als Teil der Produktbeschreibung verstehen und zus\u00e4tzliche akustische Anforderungen separat best\u00e4tigen.<\/p>\n<h2>Funktion als Schreibtisch f\u00fcr eine Person<\/h2>\n<p>Der Bralco Bench-Schreibtisch ist f\u00fcr <strong>eine Person<\/strong> vorgesehen. Damit ist seine Konfiguration eindeutig auf einen individuellen Arbeitsplatz und nicht auf eine gemeinsam genutzte L\u00f6sung f\u00fcr mehrere Personen ausgelegt. Da es sich um einen geraden und nicht verbindbaren Schreibtisch handelt, eignet er sich f\u00fcr K\u00e4ufer, die einen klar definierten Einzelarbeitsplatz ohne Planung einer verbundenen Bench-Anordnung w\u00fcnschen.<\/p>\n<p>Die Kabelf\u00fchrung wird durch die Kompatibilit\u00e4t mit einer Kabelwanne unterst\u00fctzt. Dadurch k\u00f6nnen Arbeitsplatzkabel unter der Oberfl\u00e4che entlanggef\u00fchrt werden, anstatt lose um den Schreibtisch herumzuliegen. Die Kabelwanne ist nicht im Lieferumfang enthalten und muss separat beschafft werden, wenn eine verdeckte oder besser organisierte Kabelf\u00fchrung Teil Ihrer Einrichtung ist.<\/p>\n<p>Es gibt keine Bluetooth-Steuerung. Dieses Modell sollte daher als unkomplizierter Schreibtisch und nicht wegen elektronisch gesteuerter Funktionen ausgew\u00e4hlt werden. Die verf\u00fcgbaren Daten enthalten keine Angaben zur H\u00f6henverstellung. Das Produkt sollte daher nicht in Erwartung einer elektrisch oder per App gesteuerten ergonomischen Anpassung gew\u00e4hlt werden.<\/p>\n<h2>Farben, Konfiguration und Garantie<\/h2>\n<p>Die gro\u00dfe Farbauswahl macht diesen Bralco Schreibtisch an unterschiedliche Arbeitsplatzkonzepte anpassbar \u2013 von zur\u00fcckhaltenden Kombinationen in Grau, Wei\u00df oder Schwarz bis hin zu w\u00e4rmeren Braun-, Eichen- und Holzoptiken. Rosa und gr\u00fcne Gestelloptionen erm\u00f6glichen zudem einen markanteren Akzent, ohne das gerade Format f\u00fcr eine Person zu ver\u00e4ndern.<\/p>\n<p>Der Schreibtisch wird mit einer zweij\u00e4hrigen Garantie geliefert und bietet K\u00e4ufern damit einen definierten Zeitraum f\u00fcr die Produktabdeckung. Au\u00dferdem ist er als Circular gekennzeichnet \u2013 eine wichtige Spezifikation f\u00fcr Kunden, die Kriterien f\u00fcr kreislauforientierte Produkte in ihre M\u00f6belauswahl einbeziehen.<\/p>\n<p>W\u00e4hlen Sie dieses Modell, wenn Sie einen akustischen Bralco Bench-Schreibtisch f\u00fcr eine Person ben\u00f6tigen, eine Melaminoberfl\u00e4che oder eine Oberfl\u00e4che in Eichenoptik w\u00fcnschen und eine kompatible Option f\u00fcr die Kabelf\u00fchrung sch\u00e4tzen, ohne ein verbindbares Bench-System oder eine Bluetooth-Steuerung zu ben\u00f6tigen. Die flexible Farbgestaltung und die eigenst\u00e4ndige Konfiguration machen die Kaufentscheidung vor allem zu einer Frage der visuellen Abstimmung und der Planung der Kabelf\u00fchrung.<\/p>\n","protected":false},"excerpt":{"rendered":"<p>Der Bralco Bench-Schreibtisch ist ein gerader Schreibtisch f\u00fcr eine Person mit einer Melaminplatte in Natur-Eichenoptik, einem Aluminiumgestell und Kompatibilit\u00e4t mit einer Kabelwanne.<\/p>\n","protected":false},"featured_media":7025,"comment_status":"open","ping_status":"closed","template":"","meta":{"_acf_changed":false},"product_brand":[690],"product_cat":[416,383],"product_tag":[],"class_list":["post-7026","product","type-product","status-publish","has-post-thumbnail","product_brand-bralco","product_cat-bench-schreibtische","product_cat-schreibtische","pa_anzahl-personen-1-person","pa_bluetooth-steuerung-no","pa_garantie-2-year","pa_geeignet-fur-kabelwanne-yes","pa_gestellfarbe-brown","pa_gestellfarbe-grey","pa_gestellfarbe-green","pa_gestellfarbe-pink","pa_gestellfarbe-black","pa_gestellfarbe-silver","pa_gestellfarbe-white","pa_gestellmaterial-aluminum","pa_inklusive-kabelkanal-no","pa_marke-bralco","pa_oberflachenfarbe-beige","pa_oberflachenfarbe-brown","pa_oberflachenfarbe-grey","pa_oberflachenfarbe-wood","pa_oberflachenfarbe-red","pa_oberflachenfarbe-black","pa_oberflachenfarbe-white","pa_schreibtischtyp-straight-desk","pa_tischplattenmaterial-melamine","pa_verbindbar-no","first","instock","shipping-taxable","purchasable","product-type-simple"],"acf":[],"yoast_head":"<!-- This site is optimized with the Yoast SEO Premium plugin v25.6 (Yoast SEO v28.3) - https:\/\/yoast.com\/product\/yoast-seo-premium-wordpress\/ -->\n<title>Bralco Bench-Schreibtisch | Myntwork Schweiz<\/title>\n<meta name=\"description\" content=\"Maximieren Sie den Platz f\u00fcr Ihr Team mit dem Bralco Bench-Schreibtisch \u2013 mit gegen\u00fcberliegenden Arbeitspl\u00e4tzen, ordentlicher Kabelf\u00fchrung und einer klar\u2026\" \/>\n<meta name=\"robots\" content=\"index, follow, max-snippet:-1, max-image-preview:large, max-video-preview:-1\" \/>\n<link rel=\"canonical\" href=\"https:\/\/myntwork.com\/de-ch\/produkt\/bralco-bench-schreibtisch-12\/\" \/>\n<meta property=\"og:locale\" content=\"en_US\" \/>\n<meta property=\"og:type\" content=\"article\" \/>\n<meta property=\"og:title\" content=\"Bralco Bench-Schreibtisch\" \/>\n<meta property=\"og:description\" content=\"Maximieren Sie den Platz f\u00fcr Ihr Team mit dem Bralco Bench-Schreibtisch \u2013 mit gegen\u00fcberliegenden Arbeitspl\u00e4tzen, ordentlicher Kabelf\u00fchrung und einer klar strukturierten B\u00fcroeinrichtung. Entdecken Sie mehr.\" \/>\n<meta property=\"og:url\" content=\"https:\/\/myntwork.com\/de-ch\/produkt\/bralco-bench-schreibtisch-12\/\" \/>\n<meta property=\"og:site_name\" content=\"Myntwork Schweiz\" \/>\n<meta property=\"article:modified_time\" content=\"2026-08-26T09:56:44+00:00\" \/>\n<meta property=\"og:image\" content=\"https:\/\/myntwork.com\/wp-content\/uploads\/2026\/08\/8ad74bab4fe64090ba78af3cabc14e4e.jpg\" \/>\n\t<meta property=\"og:image:width\" content=\"1200\" \/>\n\t<meta property=\"og:image:height\" content=\"1200\" \/>\n\t<meta property=\"og:image:type\" content=\"image\/jpeg\" \/>\n<meta name=\"twitter:card\" content=\"summary_large_image\" \/>\n<meta name=\"twitter:label1\" content=\"Price\" \/>\n\t<meta name=\"twitter:data1\" content=\"&#067;&#072;&#070;&nbsp;3,269.00\" \/>\n\t<meta name=\"twitter:label2\" content=\"Availability\" \/>\n\t<meta name=\"twitter:data2\" content=\"In stock\" \/>\n<script type=\"application\/ld+json\" class=\"yoast-schema-graph\">{\"@context\":\"https:\\\/\\\/schema.org\",\"@graph\":[{\"@type\":\"WebPage\",\"@id\":\"https:\\\/\\\/myntwork.com\\\/de-ch\\\/produkt\\\/bralco-bench-schreibtisch-12\\\/\",\"url\":\"https:\\\/\\\/myntwork.com\\\/de-ch\\\/produkt\\\/bralco-bench-schreibtisch-12\\\/\",\"name\":\"Bralco Bench-Schreibtisch | Myntwork Schweiz\",\"isPartOf\":{\"@id\":\"https:\\\/\\\/myntwork.com\\\/de-ch\\\/#website\"},\"primaryImageOfPage\":{\"@id\":\"https:\\\/\\\/myntwork.com\\\/de-ch\\\/produkt\\\/bralco-bench-schreibtisch-12\\\/#primaryimage\"},\"image\":{\"@id\":\"https:\\\/\\\/myntwork.com\\\/de-ch\\\/produkt\\\/bralco-bench-schreibtisch-12\\\/#primaryimage\"},\"thumbnailUrl\":\"https:\\\/\\\/myntwork.com\\\/wp-content\\\/uploads\\\/2026\\\/08\\\/8ad74bab4fe64090ba78af3cabc14e4e.jpg\",\"datePublished\":\"2026-08-18T16:16:32+00:00\",\"dateModified\":\"2026-08-26T09:56:44+00:00\",\"description\":\"Maximieren Sie den Platz f\u00fcr Ihr Team mit dem Bralco Bench-Schreibtisch \u2013 mit gegen\u00fcberliegenden Arbeitspl\u00e4tzen, ordentlicher Kabelf\u00fchrung und einer klar strukturierten B\u00fcroeinrichtung. Entdecken Sie mehr.\",\"breadcrumb\":{\"@id\":\"https:\\\/\\\/myntwork.com\\\/de-ch\\\/produkt\\\/bralco-bench-schreibtisch-12\\\/#breadcrumb\"},\"inLanguage\":\"en-US\",\"potentialAction\":[{\"@type\":\"ReadAction\",\"target\":[\"https:\\\/\\\/myntwork.com\\\/de-ch\\\/produkt\\\/bralco-bench-schreibtisch-12\\\/\"]}]},{\"@type\":\"ImageObject\",\"inLanguage\":\"en-US\",\"@id\":\"https:\\\/\\\/myntwork.com\\\/de-ch\\\/produkt\\\/bralco-bench-schreibtisch-12\\\/#primaryimage\",\"url\":\"https:\\\/\\\/myntwork.com\\\/wp-content\\\/uploads\\\/2026\\\/08\\\/8ad74bab4fe64090ba78af3cabc14e4e.jpg\",\"contentUrl\":\"https:\\\/\\\/myntwork.com\\\/wp-content\\\/uploads\\\/2026\\\/08\\\/8ad74bab4fe64090ba78af3cabc14e4e.jpg\",\"caption\":\"Bralco Bench Desk\"},{\"@type\":\"BreadcrumbList\",\"@id\":\"https:\\\/\\\/myntwork.com\\\/de-ch\\\/produkt\\\/bralco-bench-schreibtisch-12\\\/#breadcrumb\",\"itemListElement\":[{\"@type\":\"ListItem\",\"position\":1,\"name\":\"Home\",\"item\":\"https:\\\/\\\/myntwork.com\\\/de-ch\\\/\"},{\"@type\":\"ListItem\",\"position\":2,\"name\":\"Kategorien\",\"item\":\"https:\\\/\\\/myntwork.com\\\/de-ch\\\/kategorien\\\/\"},{\"@type\":\"ListItem\",\"position\":3,\"name\":\"Bralco Bench-Schreibtisch\"}]},{\"@type\":\"WebSite\",\"@id\":\"https:\\\/\\\/myntwork.com\\\/de-ch\\\/#website\",\"url\":\"https:\\\/\\\/myntwork.com\\\/de-ch\\\/\",\"name\":\"Myntwork\",\"description\":\"Lease neue B\u00fcrom\u00f6bel | Ab 3.95 pro Arbeitsplatz\",\"publisher\":{\"@id\":\"https:\\\/\\\/myntwork.com\\\/de-ch\\\/#organization\"},\"potentialAction\":[{\"@type\":\"SearchAction\",\"target\":{\"@type\":\"EntryPoint\",\"urlTemplate\":\"https:\\\/\\\/myntwork.com\\\/de-ch\\\/?s={search_term_string}\"},\"query-input\":{\"@type\":\"PropertyValueSpecification\",\"valueRequired\":true,\"valueName\":\"search_term_string\"}}],\"inLanguage\":\"en-US\"},{\"@type\":\"Organization\",\"@id\":\"https:\\\/\\\/myntwork.com\\\/de-ch\\\/#organization\",\"name\":\"Myntwork\",\"url\":\"https:\\\/\\\/myntwork.com\\\/de-ch\\\/\",\"logo\":{\"@type\":\"ImageObject\",\"inLanguage\":\"en-US\",\"@id\":\"https:\\\/\\\/myntwork.com\\\/de-ch\\\/#\\\/schema\\\/logo\\\/image\\\/\",\"url\":\"https:\\\/\\\/myntwork.com\\\/wp-content\\\/uploads\\\/2025\\\/08\\\/myntwork.png\",\"contentUrl\":\"https:\\\/\\\/myntwork.com\\\/wp-content\\\/uploads\\\/2025\\\/08\\\/myntwork.png\",\"width\":696,\"height\":696,\"caption\":\"Myntwork\"},\"image\":{\"@id\":\"https:\\\/\\\/myntwork.com\\\/de-ch\\\/#\\\/schema\\\/logo\\\/image\\\/\"},\"description\":\"Myntwork is een Nederlands bedrijf, gespecialiseerd in het leasen van kantoormeubilair. Het concept draait om flexibiliteit, eenvoud en duurzaamheid, waarbij bedrijven hoogwaardige meubels kunnen huren zonder grote upfront investeringen.\",\"email\":\"contact@myntwork.com\",\"telephone\":\"+31854017823\",\"legalName\":\"Myntwork B.V.\",\"foundingDate\":\"2024-01-26\",\"vatID\":\"NL861015290B01\",\"numberOfEmployees\":{\"@type\":\"QuantitativeValue\",\"minValue\":\"1\",\"maxValue\":\"10\"}}]}<\/script>\n<meta property=\"product:brand\" content=\"Bralco\" \/>\n<meta property=\"product:price:amount\" content=\"3269.00\" \/>\n<meta property=\"product:price:currency\" content=\"CHF\" \/>\n<meta property=\"og:availability\" content=\"instock\" \/>\n<meta property=\"product:availability\" content=\"instock\" \/>\n<meta property=\"product:retailer_item_id\" content=\"LM3612C0\" \/>\n<meta property=\"product:condition\" content=\"new\" \/>\n<!-- \/ Yoast SEO Premium plugin. -->","yoast_head_json":{"title":"Bralco Bench-Schreibtisch | Myntwork Schweiz","description":"Maximieren Sie den Platz f\u00fcr Ihr Team mit dem Bralco Bench-Schreibtisch \u2013 mit gegen\u00fcberliegenden Arbeitspl\u00e4tzen, ordentlicher Kabelf\u00fchrung und einer klar\u2026","robots":{"index":"index","follow":"follow","max-snippet":"max-snippet:-1","max-image-preview":"max-image-preview:large","max-video-preview":"max-video-preview:-1"},"canonical":"https:\/\/myntwork.com\/de-ch\/produkt\/bralco-bench-schreibtisch-12\/","og_locale":"en_US","og_type":"article","og_title":"Bralco Bench-Schreibtisch","og_description":"Maximieren Sie den Platz f\u00fcr Ihr Team mit dem Bralco Bench-Schreibtisch \u2013 mit gegen\u00fcberliegenden Arbeitspl\u00e4tzen, ordentlicher Kabelf\u00fchrung und einer klar strukturierten B\u00fcroeinrichtung. Entdecken Sie mehr.","og_url":"https:\/\/myntwork.com\/de-ch\/produkt\/bralco-bench-schreibtisch-12\/","og_site_name":"Myntwork Schweiz","article_modified_time":"2026-08-26T09:56:44+00:00","og_image":[{"url":"https:\/\/myntwork.com\/wp-content\/uploads\/2026\/08\/8ad74bab4fe64090ba78af3cabc14e4e.jpg","width":1200,"height":1200,"type":"image\/jpeg"}],"twitter_card":"summary_large_image","twitter_misc":{"Price":"&#67;&#72;&#70;&nbsp;3,269.00","Availability":"In stock"},"schema":{"@context":"https:\/\/schema.org","@graph":[{"@type":"WebPage","@id":"https:\/\/myntwork.com\/de-ch\/produkt\/bralco-bench-schreibtisch-12\/","url":"https:\/\/myntwork.com\/de-ch\/produkt\/bralco-bench-schreibtisch-12\/","name":"Bralco Bench-Schreibtisch | Myntwork Schweiz","isPartOf":{"@id":"https:\/\/myntwork.com\/de-ch\/#website"},"primaryImageOfPage":{"@id":"https:\/\/myntwork.com\/de-ch\/produkt\/bralco-bench-schreibtisch-12\/#primaryimage"},"image":{"@id":"https:\/\/myntwork.com\/de-ch\/produkt\/bralco-bench-schreibtisch-12\/#primaryimage"},"thumbnailUrl":"https:\/\/myntwork.com\/wp-content\/uploads\/2026\/08\/8ad74bab4fe64090ba78af3cabc14e4e.jpg","datePublished":"2026-08-18T16:16:32+00:00","dateModified":"2026-08-26T09:56:44+00:00","description":"Maximieren Sie den Platz f\u00fcr Ihr Team mit dem Bralco Bench-Schreibtisch \u2013 mit gegen\u00fcberliegenden Arbeitspl\u00e4tzen, ordentlicher Kabelf\u00fchrung und einer klar strukturierten B\u00fcroeinrichtung. Entdecken Sie mehr.","breadcrumb":{"@id":"https:\/\/myntwork.com\/de-ch\/produkt\/bralco-bench-schreibtisch-12\/#breadcrumb"},"inLanguage":"en-US","potentialAction":[{"@type":"ReadAction","target":["https:\/\/myntwork.com\/de-ch\/produkt\/bralco-bench-schreibtisch-12\/"]}]},{"@type":"ImageObject","inLanguage":"en-US","@id":"https:\/\/myntwork.com\/de-ch\/produkt\/bralco-bench-schreibtisch-12\/#primaryimage","url":"https:\/\/myntwork.com\/wp-content\/uploads\/2026\/08\/8ad74bab4fe64090ba78af3cabc14e4e.jpg","contentUrl":"https:\/\/myntwork.com\/wp-content\/uploads\/2026\/08\/8ad74bab4fe64090ba78af3cabc14e4e.jpg","caption":"Bralco Bench Desk"},{"@type":"BreadcrumbList","@id":"https:\/\/myntwork.com\/de-ch\/produkt\/bralco-bench-schreibtisch-12\/#breadcrumb","itemListElement":[{"@type":"ListItem","position":1,"name":"Home","item":"https:\/\/myntwork.com\/de-ch\/"},{"@type":"ListItem","position":2,"name":"Kategorien","item":"https:\/\/myntwork.com\/de-ch\/kategorien\/"},{"@type":"ListItem","position":3,"name":"Bralco Bench-Schreibtisch"}]},{"@type":"WebSite","@id":"https:\/\/myntwork.com\/de-ch\/#website","url":"https:\/\/myntwork.com\/de-ch\/","name":"Myntwork","description":"Lease neue B\u00fcrom\u00f6bel | Ab 3.95 pro Arbeitsplatz","publisher":{"@id":"https:\/\/myntwork.com\/de-ch\/#organization"},"potentialAction":[{"@type":"SearchAction","target":{"@type":"EntryPoint","urlTemplate":"https:\/\/myntwork.com\/de-ch\/?s={search_term_string}"},"query-input":{"@type":"PropertyValueSpecification","valueRequired":true,"valueName":"search_term_string"}}],"inLanguage":"en-US"},{"@type":"Organization","@id":"https:\/\/myntwork.com\/de-ch\/#organization","name":"Myntwork","url":"https:\/\/myntwork.com\/de-ch\/","logo":{"@type":"ImageObject","inLanguage":"en-US","@id":"https:\/\/myntwork.com\/de-ch\/#\/schema\/logo\/image\/","url":"https:\/\/myntwork.com\/wp-content\/uploads\/2025\/08\/myntwork.png","contentUrl":"https:\/\/myntwork.com\/wp-content\/uploads\/2025\/08\/myntwork.png","width":696,"height":696,"caption":"Myntwork"},"image":{"@id":"https:\/\/myntwork.com\/de-ch\/#\/schema\/logo\/image\/"},"description":"Myntwork is een Nederlands bedrijf, gespecialiseerd in het leasen van kantoormeubilair. Het concept draait om flexibiliteit, eenvoud en duurzaamheid, waarbij bedrijven hoogwaardige meubels kunnen huren zonder grote upfront investeringen.","email":"contact@myntwork.com","telephone":"+31854017823","legalName":"Myntwork B.V.","foundingDate":"2024-01-26","vatID":"NL861015290B01","numberOfEmployees":{"@type":"QuantitativeValue","minValue":"1","maxValue":"10"}}]},"product_brand":"Bralco","product_price_amount":"3269.00","product_price_currency":"CHF","og_availability":"instock","product_availability":"instock","product_retailer_item_id":"LM3612C0","product_condition":"new"},"_links":{"self":[{"href":"https:\/\/myntwork.com\/de-ch\/wp-json\/wp\/v2\/product\/7026","targetHints":{"allow":["GET"]}}],"collection":[{"href":"https:\/\/myntwork.com\/de-ch\/wp-json\/wp\/v2\/product"}],"about":[{"href":"https:\/\/myntwork.com\/de-ch\/wp-json\/wp\/v2\/types\/product"}],"replies":[{"embeddable":true,"href":"https:\/\/myntwork.com\/de-ch\/wp-json\/wp\/v2\/comments?post=7026"}],"wp:featuredmedia":[{"embeddable":true,"href":"https:\/\/myntwork.com\/de-ch\/wp-json\/wp\/v2\/media\/7025"}],"wp:attachment":[{"href":"https:\/\/myntwork.com\/de-ch\/wp-json\/wp\/v2\/media?parent=7026"}],"wp:term":[{"taxonomy":"product_brand","embeddable":true,"href":"https:\/\/myntwork.com\/de-ch\/wp-json\/wp\/v2\/product_brand?post=7026"},{"taxonomy":"product_cat","embeddable":true,"href":"https:\/\/myntwork.com\/de-ch\/wp-json\/wp\/v2\/product_cat?post=7026"},{"taxonomy":"product_tag","embeddable":true,"href":"https:\/\/myntwork.com\/de-ch\/wp-json\/wp\/v2\/product_tag?post=7026"}],"curies":[{"name":"wp","href":"https:\/\/api.w.org\/{rel}","templated":true}]}}