{"id":7292,"date":"2026-08-18T16:24:12","date_gmt":"2026-08-18T16:24:12","guid":{"rendered":"https:\/\/myntwork.com\/de-ch\/product\/bralco-lt2-bench-schreibtisch\/"},"modified":"2026-08-26T07:41:22","modified_gmt":"2026-08-26T07:41:22","slug":"bralco-lt2-bench-schreibtisch","status":"publish","type":"product","link":"https:\/\/myntwork.com\/de-ch\/produkt\/bralco-lt2-bench-schreibtisch\/","title":{"rendered":"Bralco LT2 Bench-Schreibtisch"},"content":{"rendered":"<h2>Bralco LT2 Bench-Schreibtisch<\/h2>\n<p>Der Bralco LT2 Bench-Schreibtisch ist ein einpl\u00e4tziger Bench-Schreibtisch aus dem Tischsortiment von Bralco, der als eigenst\u00e4ndige Schreibtischinsel f\u00fcr individuelle Arbeitspl\u00e4tze konzipiert wurde. Die rechteckige Melamin-Arbeitsplatte, die geraden Stahlbeine und die gro\u00dfe Auswahl an Platten- und Gestellfarben erm\u00f6glichen einen konfigurierbaren Arbeitsplatz. Die Kompatibilit\u00e4t mit einer Kabelwanne unterst\u00fctzt zudem ein ordentliches Kabelmanagement.<\/p>\n<h2>Design und Materialien<\/h2>\n<p>Die rechteckige Arbeitsplatte verleiht diesem Bralco LT2 Bench-Schreibtisch eine vertraute, praktische Arbeitsfl\u00e4che f\u00fcr eine Person. Da die Oberfl\u00e4che aus Melamin besteht, bietet sie eine klar definierte Schreibtischoptik und ist in Beige, Eiche, Wei\u00df, Grau, Schwarz oder Braun erh\u00e4ltlich. Dadurch l\u00e4sst sich der Arbeitsplatz leichter auf ein bestehendes Interieur abstimmen.<\/p>\n<p><strong>Gerade Stahlbeine<\/strong> schaffen ein klares, geradliniges Untergestell anstelle einer komplexeren Rahmenkonstruktion. Das Gestell ist in Silber, Wei\u00df, Schwarz, Grau, Beige, Eiche, Pink, Gr\u00fcn oder Braun erh\u00e4ltlich. So kann der Schreibtisch entweder mit der Arbeitsplatte harmonieren oder einen kontrastierenden Farbakzent setzen.<\/p>\n<p>Die aufgef\u00fchrten Ausf\u00fchrungen bieten zus\u00e4tzliche Auswahlm\u00f6glichkeiten: Die Ausf\u00fchrung der Beine besteht aus aluminiumfarben lackiertem Metall mit Epoxidharz, w\u00e4hrend die Arbeitsplatte mit nat\u00fcrlichem Eichen-Melamin ausgef\u00fchrt ist. Diese Optionen pr\u00e4gen den visuellen Charakter des Schreibtischs, ohne seine rechteckige Konfiguration f\u00fcr eine Person zu ver\u00e4ndern.<\/p>\n<h2>Praktische Schreibtischfunktionen<\/h2>\n<p>Dieser Schreibtisch hat eine feste H\u00f6he und eignet sich daher f\u00fcr Nutzer, die eine gleichbleibende Arbeitsh\u00f6he statt einer h\u00f6henverstellbaren L\u00f6sung bevorzugen. Der Schreibtisch ist nicht verkettbar und als separater Einzelarbeitsplatz vorgesehen, nicht als Bestandteil einer Konfiguration mit angrenzenden Schreibtischen.<\/p>\n<p><strong>Kompatibilit\u00e4t mit einer Kabelwanne<\/strong> bietet die M\u00f6glichkeit, bei Bedarf eine passende Kabelwanne zur Organisation der Leitungen unter der Arbeitsplatte zu erg\u00e4nzen. Die Kabelwanne ist nicht im Lieferumfang enthalten. Dies sollte bei der Planung des Schreibtischs und des f\u00fcr die Installation ben\u00f6tigten Zubeh\u00f6rs ber\u00fccksichtigt werden.<\/p>\n<p>Der Bralco LT2 Bench-Schreibtisch verf\u00fcgt nicht \u00fcber eine Bluetooth-Steuerung. Seine Bedienung ist vollst\u00e4ndig unkompliziert und nicht elektronisch. Damit ist die Ausstattung f\u00fcr K\u00e4ufer leicht verst\u00e4ndlich, die eine einfache Schreibtischinsel ohne elektrische H\u00f6henverstellung oder appbasierte Steuerung suchen.<\/p>\n<h2>F\u00fcr welche Einsatzbereiche eignet sich dieser Bench-Schreibtisch?<\/h2>\n<p>Die Ausf\u00fchrung f\u00fcr eine Person eignet sich f\u00fcr einen individuellen Arbeitsplatz innerhalb einer Tischanordnung. Die Auswahl an neutralen und Akzentfarben passt zu verschiedenen B\u00fcrokonzepten \u2013 ganz gleich, ob Sie eine Optik in Eiche oder Braun, eine zur\u00fcckhaltende Kombination aus Wei\u00df, Grau oder Schwarz oder ein markanteres Gestell in Pink oder Gr\u00fcn bevorzugen.<\/p>\n<p>Das Produkt ist als kreislauff\u00e4hig ausgewiesen und bietet nachhaltig orientierten K\u00e4ufern neben den Materialien und der Konfiguration ein relevantes Produktmerkmal. Zus\u00e4tzlich wird eine zweij\u00e4hrige Garantie gew\u00e4hrt, die f\u00fcr diesen Bralco-Schreibtisch einen klar definierten Garantiezeitraum bietet.<\/p>\n<p>W\u00e4hlen Sie diesen Bralco LT2 Bench-Schreibtisch, wenn Sie einen nicht h\u00f6henverstellbaren, rechteckigen Arbeitsplatz f\u00fcr eine Person ben\u00f6tigen, ein Untergestell mit Stahlbeinen und flexiblen Farbauswahlm\u00f6glichkeiten w\u00fcnschen und die M\u00f6glichkeit sch\u00e4tzen, das Kabelmanagement separat zu planen. Die eigenst\u00e4ndige Schreibtischinsel ist ganz auf die Nutzung als individueller Arbeitsplatz ausgerichtet.<\/p>\n","protected":false},"excerpt":{"rendered":"<p>Der Bralco LT2 Bench-Schreibtisch ist ein rechteckiger, nicht h\u00f6henverstellbarer Bench-Schreibtisch f\u00fcr eine Person mit Melaminplatte, Stahlgestell und Kompatibilit\u00e4t mit einer Kabelwanne.<\/p>\n","protected":false},"featured_media":7291,"comment_status":"open","ping_status":"closed","template":"","meta":{"_acf_changed":false},"product_brand":[690],"product_cat":[416,383],"product_tag":[],"class_list":["post-7292","product","type-product","status-publish","has-post-thumbnail","product_brand-bralco","product_cat-bench-schreibtische","product_cat-schreibtische","pa_anzahl-personen-1-person","pa_bluetooth-steuerung-no","pa_garantie-2-year","pa_geeignet-fur-kabelwanne-yes","pa_gestellfarbe-beige","pa_gestellfarbe-brown","pa_gestellfarbe-grey","pa_gestellfarbe-green","pa_gestellfarbe-pink","pa_gestellfarbe-black","pa_gestellfarbe-silver","pa_gestellfarbe-white","pa_gestellmaterial-steel","pa_inklusive-kabelkanal-no","pa_marke-bralco","pa_oberflachenfarbe-beige","pa_oberflachenfarbe-brown","pa_oberflachenfarbe-grey","pa_oberflachenfarbe-black","pa_oberflachenfarbe-white","pa_rahmentyp-straight-legs","pa_schreibtischtyp-desk-island","pa_tischplattenform-rectangular","pa_tischplattenmaterial-melamine","pa_verbindbar-no","pa_verstellbar-no","first","instock","shipping-taxable","purchasable","product-type-simple"],"acf":[],"yoast_head":"<!-- This site is optimized with the Yoast SEO Premium plugin v25.6 (Yoast SEO v28.3) - https:\/\/yoast.com\/product\/yoast-seo-premium-wordpress\/ -->\n<title>Bralco LT2 Bench-Schreibtisch | Myntwork Schweiz<\/title>\n<meta name=\"description\" content=\"Schaffen Sie effiziente Teamaufteilungen mit dem Bralco LT2 Bench-Schreibtisch, der Kollegen gemeinsamen Arbeitsraum und eine unkomplizierte Zusammenarbeit\u2026\" \/>\n<meta name=\"robots\" content=\"index, follow, max-snippet:-1, max-image-preview:large, max-video-preview:-1\" \/>\n<link rel=\"canonical\" href=\"https:\/\/myntwork.com\/de-ch\/produkt\/bralco-lt2-bench-schreibtisch\/\" \/>\n<meta property=\"og:locale\" content=\"en_US\" \/>\n<meta property=\"og:type\" content=\"article\" \/>\n<meta property=\"og:title\" content=\"Bralco LT2 Bench-Schreibtisch\" \/>\n<meta property=\"og:description\" content=\"Schaffen Sie effiziente Teamaufteilungen mit dem Bralco LT2 Bench-Schreibtisch, der Kollegen gemeinsamen Arbeitsraum und eine unkomplizierte Zusammenarbeit bietet. Entdecken Sie ihn jetzt.\" \/>\n<meta property=\"og:url\" content=\"https:\/\/myntwork.com\/de-ch\/produkt\/bralco-lt2-bench-schreibtisch\/\" \/>\n<meta property=\"og:site_name\" content=\"Myntwork Schweiz\" \/>\n<meta property=\"article:modified_time\" content=\"2026-08-26T07:41:22+00:00\" \/>\n<meta property=\"og:image\" content=\"https:\/\/myntwork.com\/wp-content\/uploads\/2026\/08\/6b032700775b48e49f2ce42dd38d4596.jpg\" \/>\n\t<meta property=\"og:image:width\" content=\"1200\" \/>\n\t<meta property=\"og:image:height\" content=\"1200\" \/>\n\t<meta property=\"og:image:type\" content=\"image\/jpeg\" \/>\n<meta name=\"twitter:card\" content=\"summary_large_image\" \/>\n<meta name=\"twitter:label1\" content=\"Price\" \/>\n\t<meta name=\"twitter:data1\" content=\"&#067;&#072;&#070;&nbsp;1,934.00\" \/>\n\t<meta name=\"twitter:label2\" content=\"Availability\" \/>\n\t<meta name=\"twitter:data2\" content=\"In stock\" \/>\n<script type=\"application\/ld+json\" class=\"yoast-schema-graph\">{\"@context\":\"https:\\\/\\\/schema.org\",\"@graph\":[{\"@type\":\"WebPage\",\"@id\":\"https:\\\/\\\/myntwork.com\\\/de-ch\\\/produkt\\\/bralco-lt2-bench-schreibtisch\\\/\",\"url\":\"https:\\\/\\\/myntwork.com\\\/de-ch\\\/produkt\\\/bralco-lt2-bench-schreibtisch\\\/\",\"name\":\"Bralco LT2 Bench-Schreibtisch | Myntwork Schweiz\",\"isPartOf\":{\"@id\":\"https:\\\/\\\/myntwork.com\\\/de-ch\\\/#website\"},\"primaryImageOfPage\":{\"@id\":\"https:\\\/\\\/myntwork.com\\\/de-ch\\\/produkt\\\/bralco-lt2-bench-schreibtisch\\\/#primaryimage\"},\"image\":{\"@id\":\"https:\\\/\\\/myntwork.com\\\/de-ch\\\/produkt\\\/bralco-lt2-bench-schreibtisch\\\/#primaryimage\"},\"thumbnailUrl\":\"https:\\\/\\\/myntwork.com\\\/wp-content\\\/uploads\\\/2026\\\/08\\\/6b032700775b48e49f2ce42dd38d4596.jpg\",\"datePublished\":\"2026-08-18T16:24:12+00:00\",\"dateModified\":\"2026-08-26T07:41:22+00:00\",\"description\":\"Schaffen Sie effiziente Teamaufteilungen mit dem Bralco LT2 Bench-Schreibtisch, der Kollegen gemeinsamen Arbeitsraum und eine unkomplizierte Zusammenarbeit bietet. Entdecken Sie ihn jetzt.\",\"breadcrumb\":{\"@id\":\"https:\\\/\\\/myntwork.com\\\/de-ch\\\/produkt\\\/bralco-lt2-bench-schreibtisch\\\/#breadcrumb\"},\"inLanguage\":\"en-US\",\"potentialAction\":[{\"@type\":\"ReadAction\",\"target\":[\"https:\\\/\\\/myntwork.com\\\/de-ch\\\/produkt\\\/bralco-lt2-bench-schreibtisch\\\/\"]}]},{\"@type\":\"ImageObject\",\"inLanguage\":\"en-US\",\"@id\":\"https:\\\/\\\/myntwork.com\\\/de-ch\\\/produkt\\\/bralco-lt2-bench-schreibtisch\\\/#primaryimage\",\"url\":\"https:\\\/\\\/myntwork.com\\\/wp-content\\\/uploads\\\/2026\\\/08\\\/6b032700775b48e49f2ce42dd38d4596.jpg\",\"contentUrl\":\"https:\\\/\\\/myntwork.com\\\/wp-content\\\/uploads\\\/2026\\\/08\\\/6b032700775b48e49f2ce42dd38d4596.jpg\",\"caption\":\"Bralco LT2 Bench Desk\"},{\"@type\":\"BreadcrumbList\",\"@id\":\"https:\\\/\\\/myntwork.com\\\/de-ch\\\/produkt\\\/bralco-lt2-bench-schreibtisch\\\/#breadcrumb\",\"itemListElement\":[{\"@type\":\"ListItem\",\"position\":1,\"name\":\"Home\",\"item\":\"https:\\\/\\\/myntwork.com\\\/de-ch\\\/\"},{\"@type\":\"ListItem\",\"position\":2,\"name\":\"Kategorien\",\"item\":\"https:\\\/\\\/myntwork.com\\\/de-ch\\\/kategorien\\\/\"},{\"@type\":\"ListItem\",\"position\":3,\"name\":\"Bralco LT2 Bench-Schreibtisch\"}]},{\"@type\":\"WebSite\",\"@id\":\"https:\\\/\\\/myntwork.com\\\/de-ch\\\/#website\",\"url\":\"https:\\\/\\\/myntwork.com\\\/de-ch\\\/\",\"name\":\"Myntwork\",\"description\":\"Lease neue B\u00fcrom\u00f6bel | Ab 3.95 pro Arbeitsplatz\",\"publisher\":{\"@id\":\"https:\\\/\\\/myntwork.com\\\/de-ch\\\/#organization\"},\"potentialAction\":[{\"@type\":\"SearchAction\",\"target\":{\"@type\":\"EntryPoint\",\"urlTemplate\":\"https:\\\/\\\/myntwork.com\\\/de-ch\\\/?s={search_term_string}\"},\"query-input\":{\"@type\":\"PropertyValueSpecification\",\"valueRequired\":true,\"valueName\":\"search_term_string\"}}],\"inLanguage\":\"en-US\"},{\"@type\":\"Organization\",\"@id\":\"https:\\\/\\\/myntwork.com\\\/de-ch\\\/#organization\",\"name\":\"Myntwork\",\"url\":\"https:\\\/\\\/myntwork.com\\\/de-ch\\\/\",\"logo\":{\"@type\":\"ImageObject\",\"inLanguage\":\"en-US\",\"@id\":\"https:\\\/\\\/myntwork.com\\\/de-ch\\\/#\\\/schema\\\/logo\\\/image\\\/\",\"url\":\"https:\\\/\\\/myntwork.com\\\/wp-content\\\/uploads\\\/2025\\\/08\\\/myntwork.png\",\"contentUrl\":\"https:\\\/\\\/myntwork.com\\\/wp-content\\\/uploads\\\/2025\\\/08\\\/myntwork.png\",\"width\":696,\"height\":696,\"caption\":\"Myntwork\"},\"image\":{\"@id\":\"https:\\\/\\\/myntwork.com\\\/de-ch\\\/#\\\/schema\\\/logo\\\/image\\\/\"},\"description\":\"Myntwork is een Nederlands bedrijf, gespecialiseerd in het leasen van kantoormeubilair. Het concept draait om flexibiliteit, eenvoud en duurzaamheid, waarbij bedrijven hoogwaardige meubels kunnen huren zonder grote upfront investeringen.\",\"email\":\"contact@myntwork.com\",\"telephone\":\"+31854017823\",\"legalName\":\"Myntwork B.V.\",\"foundingDate\":\"2024-01-26\",\"vatID\":\"NL861015290B01\",\"numberOfEmployees\":{\"@type\":\"QuantitativeValue\",\"minValue\":\"1\",\"maxValue\":\"10\"}}]}<\/script>\n<meta property=\"product:brand\" content=\"Bralco\" \/>\n<meta property=\"product:price:amount\" content=\"1934.00\" \/>\n<meta property=\"product:price:currency\" content=\"CHF\" \/>\n<meta property=\"og:availability\" content=\"instock\" \/>\n<meta property=\"product:availability\" content=\"instock\" \/>\n<meta property=\"product:retailer_item_id\" content=\"KM181311\" \/>\n<meta property=\"product:condition\" content=\"new\" \/>\n<!-- \/ Yoast SEO Premium plugin. -->","yoast_head_json":{"title":"Bralco LT2 Bench-Schreibtisch | Myntwork Schweiz","description":"Schaffen Sie effiziente Teamaufteilungen mit dem Bralco LT2 Bench-Schreibtisch, der Kollegen gemeinsamen Arbeitsraum und eine unkomplizierte Zusammenarbeit\u2026","robots":{"index":"index","follow":"follow","max-snippet":"max-snippet:-1","max-image-preview":"max-image-preview:large","max-video-preview":"max-video-preview:-1"},"canonical":"https:\/\/myntwork.com\/de-ch\/produkt\/bralco-lt2-bench-schreibtisch\/","og_locale":"en_US","og_type":"article","og_title":"Bralco LT2 Bench-Schreibtisch","og_description":"Schaffen Sie effiziente Teamaufteilungen mit dem Bralco LT2 Bench-Schreibtisch, der Kollegen gemeinsamen Arbeitsraum und eine unkomplizierte Zusammenarbeit bietet. Entdecken Sie ihn jetzt.","og_url":"https:\/\/myntwork.com\/de-ch\/produkt\/bralco-lt2-bench-schreibtisch\/","og_site_name":"Myntwork Schweiz","article_modified_time":"2026-08-26T07:41:22+00:00","og_image":[{"url":"https:\/\/myntwork.com\/wp-content\/uploads\/2026\/08\/6b032700775b48e49f2ce42dd38d4596.jpg","width":1200,"height":1200,"type":"image\/jpeg"}],"twitter_card":"summary_large_image","twitter_misc":{"Price":"&#67;&#72;&#70;&nbsp;1,934.00","Availability":"In stock"},"schema":{"@context":"https:\/\/schema.org","@graph":[{"@type":"WebPage","@id":"https:\/\/myntwork.com\/de-ch\/produkt\/bralco-lt2-bench-schreibtisch\/","url":"https:\/\/myntwork.com\/de-ch\/produkt\/bralco-lt2-bench-schreibtisch\/","name":"Bralco LT2 Bench-Schreibtisch | Myntwork Schweiz","isPartOf":{"@id":"https:\/\/myntwork.com\/de-ch\/#website"},"primaryImageOfPage":{"@id":"https:\/\/myntwork.com\/de-ch\/produkt\/bralco-lt2-bench-schreibtisch\/#primaryimage"},"image":{"@id":"https:\/\/myntwork.com\/de-ch\/produkt\/bralco-lt2-bench-schreibtisch\/#primaryimage"},"thumbnailUrl":"https:\/\/myntwork.com\/wp-content\/uploads\/2026\/08\/6b032700775b48e49f2ce42dd38d4596.jpg","datePublished":"2026-08-18T16:24:12+00:00","dateModified":"2026-08-26T07:41:22+00:00","description":"Schaffen Sie effiziente Teamaufteilungen mit dem Bralco LT2 Bench-Schreibtisch, der Kollegen gemeinsamen Arbeitsraum und eine unkomplizierte Zusammenarbeit bietet. Entdecken Sie ihn jetzt.","breadcrumb":{"@id":"https:\/\/myntwork.com\/de-ch\/produkt\/bralco-lt2-bench-schreibtisch\/#breadcrumb"},"inLanguage":"en-US","potentialAction":[{"@type":"ReadAction","target":["https:\/\/myntwork.com\/de-ch\/produkt\/bralco-lt2-bench-schreibtisch\/"]}]},{"@type":"ImageObject","inLanguage":"en-US","@id":"https:\/\/myntwork.com\/de-ch\/produkt\/bralco-lt2-bench-schreibtisch\/#primaryimage","url":"https:\/\/myntwork.com\/wp-content\/uploads\/2026\/08\/6b032700775b48e49f2ce42dd38d4596.jpg","contentUrl":"https:\/\/myntwork.com\/wp-content\/uploads\/2026\/08\/6b032700775b48e49f2ce42dd38d4596.jpg","caption":"Bralco LT2 Bench Desk"},{"@type":"BreadcrumbList","@id":"https:\/\/myntwork.com\/de-ch\/produkt\/bralco-lt2-bench-schreibtisch\/#breadcrumb","itemListElement":[{"@type":"ListItem","position":1,"name":"Home","item":"https:\/\/myntwork.com\/de-ch\/"},{"@type":"ListItem","position":2,"name":"Kategorien","item":"https:\/\/myntwork.com\/de-ch\/kategorien\/"},{"@type":"ListItem","position":3,"name":"Bralco LT2 Bench-Schreibtisch"}]},{"@type":"WebSite","@id":"https:\/\/myntwork.com\/de-ch\/#website","url":"https:\/\/myntwork.com\/de-ch\/","name":"Myntwork","description":"Lease neue B\u00fcrom\u00f6bel | Ab 3.95 pro Arbeitsplatz","publisher":{"@id":"https:\/\/myntwork.com\/de-ch\/#organization"},"potentialAction":[{"@type":"SearchAction","target":{"@type":"EntryPoint","urlTemplate":"https:\/\/myntwork.com\/de-ch\/?s={search_term_string}"},"query-input":{"@type":"PropertyValueSpecification","valueRequired":true,"valueName":"search_term_string"}}],"inLanguage":"en-US"},{"@type":"Organization","@id":"https:\/\/myntwork.com\/de-ch\/#organization","name":"Myntwork","url":"https:\/\/myntwork.com\/de-ch\/","logo":{"@type":"ImageObject","inLanguage":"en-US","@id":"https:\/\/myntwork.com\/de-ch\/#\/schema\/logo\/image\/","url":"https:\/\/myntwork.com\/wp-content\/uploads\/2025\/08\/myntwork.png","contentUrl":"https:\/\/myntwork.com\/wp-content\/uploads\/2025\/08\/myntwork.png","width":696,"height":696,"caption":"Myntwork"},"image":{"@id":"https:\/\/myntwork.com\/de-ch\/#\/schema\/logo\/image\/"},"description":"Myntwork is een Nederlands bedrijf, gespecialiseerd in het leasen van kantoormeubilair. Het concept draait om flexibiliteit, eenvoud en duurzaamheid, waarbij bedrijven hoogwaardige meubels kunnen huren zonder grote upfront investeringen.","email":"contact@myntwork.com","telephone":"+31854017823","legalName":"Myntwork B.V.","foundingDate":"2024-01-26","vatID":"NL861015290B01","numberOfEmployees":{"@type":"QuantitativeValue","minValue":"1","maxValue":"10"}}]},"product_brand":"Bralco","product_price_amount":"1934.00","product_price_currency":"CHF","og_availability":"instock","product_availability":"instock","product_retailer_item_id":"KM181311","product_condition":"new"},"_links":{"self":[{"href":"https:\/\/myntwork.com\/de-ch\/wp-json\/wp\/v2\/product\/7292","targetHints":{"allow":["GET"]}}],"collection":[{"href":"https:\/\/myntwork.com\/de-ch\/wp-json\/wp\/v2\/product"}],"about":[{"href":"https:\/\/myntwork.com\/de-ch\/wp-json\/wp\/v2\/types\/product"}],"replies":[{"embeddable":true,"href":"https:\/\/myntwork.com\/de-ch\/wp-json\/wp\/v2\/comments?post=7292"}],"wp:featuredmedia":[{"embeddable":true,"href":"https:\/\/myntwork.com\/de-ch\/wp-json\/wp\/v2\/media\/7291"}],"wp:attachment":[{"href":"https:\/\/myntwork.com\/de-ch\/wp-json\/wp\/v2\/media?parent=7292"}],"wp:term":[{"taxonomy":"product_brand","embeddable":true,"href":"https:\/\/myntwork.com\/de-ch\/wp-json\/wp\/v2\/product_brand?post=7292"},{"taxonomy":"product_cat","embeddable":true,"href":"https:\/\/myntwork.com\/de-ch\/wp-json\/wp\/v2\/product_cat?post=7292"},{"taxonomy":"product_tag","embeddable":true,"href":"https:\/\/myntwork.com\/de-ch\/wp-json\/wp\/v2\/product_tag?post=7292"}],"curies":[{"name":"wp","href":"https:\/\/api.w.org\/{rel}","templated":true}]}}