{"id":7401,"date":"2026-08-18T16:26:59","date_gmt":"2026-08-18T16:26:59","guid":{"rendered":"https:\/\/myntwork.com\/de-ch\/product\/bralco-bench-schreibtisch-22\/"},"modified":"2026-08-26T09:56:44","modified_gmt":"2026-08-26T09:56:44","slug":"bralco-bench-schreibtisch-22","status":"publish","type":"product","link":"https:\/\/myntwork.com\/de-ch\/produkt\/bralco-bench-schreibtisch-22\/","title":{"rendered":"Bralco Bench-Schreibtisch"},"content":{"rendered":"<h2>Bralco Bench-Schreibtisch<\/h2>\n<p>Der Bralco Bench-Schreibtisch ist ein gerader Schreibtisch f\u00fcr eine Person aus dem Tischsortiment von Bralco. Er wurde f\u00fcr B\u00fcros und Arbeitsbereiche zu Hause entwickelt, die eine rechteckige Arbeitsfl\u00e4che auf einem Vierfu\u00dfgestell ben\u00f6tigen. Sein besonderes Merkmal ist die gro\u00dfe Auswahl an Arbeitsplatten- und Gestellfarben sowie die integrierte Kompatibilit\u00e4t mit einer Kabelwanne, wenn eine ordentliche Kabelf\u00fchrung erforderlich ist.<\/p>\n<h2>Melaminplatte und Metallgestell<\/h2>\n<p>Die rechteckige Arbeitsplatte besteht aus Melamin und bietet eine klar definierte, praktische Oberfl\u00e4che f\u00fcr die t\u00e4gliche individuelle Arbeit. Ihre Proportionen eignen sich f\u00fcr Nutzer, die eine herk\u00f6mmliche Anordnung mit geradem Schreibtisch bevorzugen. Die Auswahl an Arbeitsplattent\u00f6nen in Beige, Eiche, Wei\u00df, Grau, Schwarz und Braun erleichtert zudem die Abstimmung des Schreibtischs auf eine bestehende Einrichtung.<\/p>\n<p>Das Gestell kombiniert Metall und Stahl und verf\u00fcgt \u00fcber eine aluminiumfarbene, epoxidlackierte Metallbeinoberfl\u00e4che. Diese Konstruktion mit vier Beinen verleiht der Arbeitsplatte eine klare Tragstruktur. Damit ist der Bralco Bench-Schreibtisch eine unkomplizierte Wahl, wenn ein freistehender Arbeitsplatz f\u00fcr eine Person einer h\u00f6henverstellbaren L\u00f6sung vorgezogen wird.<\/p>\n<p>F\u00fcr das Gestell stehen die Farben Silber, Wei\u00df, Schwarz, Grau, Beige, Eiche, Pink, Gr\u00fcn und Braun zur Auswahl. Diese Auswahl unterst\u00fctzt eine abgestimmte B\u00fcroplanung \u2013 unabh\u00e4ngig davon, ob der Schreibtisch auf neutrale M\u00f6bel, ein w\u00e4rmeres, holzorientiertes Einrichtungskonzept oder ein ausdrucksst\u00e4rkeres Farbkonzept im Arbeitsumfeld abgestimmt werden soll.<\/p>\n<h2>Funktionalit\u00e4t f\u00fcr einen Arbeitsplatz<\/h2>\n<p>Dieser Schreibtisch hat eine feste H\u00f6he und ist nicht verstellbar. Er eignet sich daher f\u00fcr Nutzer, die bereits eine bevorzugte Arbeitsh\u00f6he haben und keine elektronische Positionierungssteuerung ben\u00f6tigen. Eine Bluetooth-Steuerung ist nicht vorhanden, sodass die Ausstattung auf eine einfache, herk\u00f6mmliche Schreibtischl\u00f6sung ausgerichtet bleibt.<\/p>\n<p>Die Arbeitsplatte ist f\u00fcr eine Kabelwanne geeignet. So kann eine kompatible Kabelwanne eingeplant werden, wenn Strom- oder Datenkabel unter dem Schreibtisch gef\u00fchrt werden sollen. Die Kabelwanne ist nicht im Lieferumfang enthalten und kann entsprechend den Anforderungen an das Kabelmanagement separat eingeplant werden.<\/p>\n<p>Als nicht verbindbarer Bench-Schreibtisch ist dieses Modell f\u00fcr die Nutzung als individueller Arbeitsplatz vorgesehen und nicht als System zum Verbinden mehrerer Schreibtische. Die Konfiguration l\u00e4sst sich daher einfach festlegen, wenn ein einzelner, dedizierter Schreibtisch ohne miteinander verbundene Bench-Anordnung ben\u00f6tigt wird.<\/p>\n<h2>F\u00fcr B\u00fcro und Homeoffice geeignet<\/h2>\n<p>Der Bralco Bench-Schreibtisch eignet sich f\u00fcr einzelne Arbeitspl\u00e4tze in professionellen B\u00fcros, privaten Arbeitsbereichen und Homeoffices, in denen eine rechteckige Arbeitsfl\u00e4che und ein unkompliziertes Gestell mit fester H\u00f6he passend sind. Die Ausf\u00fchrung f\u00fcr eine Person verdeutlicht zudem den vorgesehenen Einsatz: Der Schreibtisch ist f\u00fcr die alleinige Arbeit bestimmt und nicht daf\u00fcr, mehreren Personen Platz an einer Tischplatte zu bieten.<\/p>\n<p>Die verf\u00fcgbaren Oberfl\u00e4chen erm\u00f6glichen es, den Schreibtisch an unterschiedliche Raumstile anzupassen, ohne seine grundlegende Konfiguration zu ver\u00e4ndern. W\u00e4hlen Sie eine zur\u00fcckhaltende Kombination aus Arbeitsplatte und Gestell f\u00fcr einen harmonisch abgestimmten Arbeitsplatz oder kombinieren Sie kontrastierende Farbfamilien, wenn der Schreibtisch st\u00e4rker zur Raumgestaltung beitragen soll.<\/p>\n<p>Das Produkt ist als kreislauff\u00e4hig ausgewiesen und stellt damit einen relevanten Aspekt f\u00fcr K\u00e4ufer dar, die bei der Auswahl ihrer M\u00f6bel auf Kreislauff\u00e4higkeit achten. Eine zweij\u00e4hrige Garantie ist vorgesehen und bietet dem K\u00e4ufer einen klar definierten Garantiezeitraum f\u00fcr diesen Bralco Schreibtisch.<\/p>\n","protected":false},"excerpt":{"rendered":"<p>Der Bralco Bench-Schreibtisch ist ein gerader, rechteckiger Schreibtisch f\u00fcr eine Person mit einem Metallgestell mit vier Beinen, einer Melaminplatte und Kompatibilit\u00e4t mit einer Kabelwanne.<\/p>\n","protected":false},"featured_media":7400,"comment_status":"open","ping_status":"closed","template":"","meta":{"_acf_changed":false},"product_brand":[690],"product_cat":[416,383],"product_tag":[],"class_list":["post-7401","product","type-product","status-publish","has-post-thumbnail","product_brand-bralco","product_cat-bench-schreibtische","product_cat-schreibtische","pa_anzahl-personen-1-person","pa_bluetooth-steuerung-no","pa_garantie-2-year","pa_geeignet-fur-kabelwanne-yes","pa_gestellfarbe-beige","pa_gestellfarbe-brown","pa_gestellfarbe-grey","pa_gestellfarbe-green","pa_gestellfarbe-pink","pa_gestellfarbe-black","pa_gestellfarbe-silver","pa_gestellfarbe-white","pa_gestellmaterial-metal","pa_gestellmaterial-steel","pa_inklusive-kabelkanal-no","pa_marke-bralco","pa_oberflachenfarbe-beige","pa_oberflachenfarbe-brown","pa_oberflachenfarbe-grey","pa_oberflachenfarbe-black","pa_oberflachenfarbe-white","pa_rahmentyp-4-leg","pa_schreibtischtyp-straight-desk","pa_tischplattenform-rectangular","pa_tischplattenmaterial-melamine","pa_verbindbar-no","pa_verstellbar-no","first","instock","shipping-taxable","purchasable","product-type-simple"],"acf":[],"yoast_head":"<!-- This site is optimized with the Yoast SEO Premium plugin v25.6 (Yoast SEO v28.3) - https:\/\/yoast.com\/product\/yoast-seo-premium-wordpress\/ -->\n<title>Bralco Bench-Schreibtisch | Myntwork Schweiz<\/title>\n<meta name=\"description\" content=\"Optimieren Sie den Team-Bereich mit dem Bralco Bench-Schreibtisch \u2013 mit kombinierten Arbeitspl\u00e4tzen, ordentlichem Kabelmanagement und einer klar\u2026\" \/>\n<meta name=\"robots\" content=\"index, follow, max-snippet:-1, max-image-preview:large, max-video-preview:-1\" \/>\n<link rel=\"canonical\" href=\"https:\/\/myntwork.com\/de-ch\/produkt\/bralco-bench-schreibtisch-22\/\" \/>\n<meta property=\"og:locale\" content=\"en_US\" \/>\n<meta property=\"og:type\" content=\"article\" \/>\n<meta property=\"og:title\" content=\"Bralco Bench-Schreibtisch\" \/>\n<meta property=\"og:description\" content=\"Optimieren Sie den Team-Bereich mit dem Bralco Bench-Schreibtisch \u2013 mit kombinierten Arbeitspl\u00e4tzen, ordentlichem Kabelmanagement und einer klar strukturierten B\u00fcroeinrichtung. Entdecken Sie mehr.\" \/>\n<meta property=\"og:url\" content=\"https:\/\/myntwork.com\/de-ch\/produkt\/bralco-bench-schreibtisch-22\/\" \/>\n<meta property=\"og:site_name\" content=\"Myntwork Schweiz\" \/>\n<meta property=\"article:modified_time\" content=\"2026-08-26T09:56:44+00:00\" \/>\n<meta property=\"og:image\" content=\"https:\/\/myntwork.com\/wp-content\/uploads\/2026\/08\/df3e502db821408599b6438c7d8fb3b3.jpg\" \/>\n\t<meta property=\"og:image:width\" content=\"1200\" \/>\n\t<meta property=\"og:image:height\" content=\"1200\" \/>\n\t<meta property=\"og:image:type\" content=\"image\/jpeg\" \/>\n<meta name=\"twitter:card\" content=\"summary_large_image\" \/>\n<meta name=\"twitter:label1\" content=\"Price\" \/>\n\t<meta name=\"twitter:data1\" content=\"&#067;&#072;&#070;&nbsp;1,512.00\" \/>\n\t<meta name=\"twitter:label2\" content=\"Availability\" \/>\n\t<meta name=\"twitter:data2\" content=\"In stock\" \/>\n<script type=\"application\/ld+json\" class=\"yoast-schema-graph\">{\"@context\":\"https:\\\/\\\/schema.org\",\"@graph\":[{\"@type\":\"WebPage\",\"@id\":\"https:\\\/\\\/myntwork.com\\\/de-ch\\\/produkt\\\/bralco-bench-schreibtisch-22\\\/\",\"url\":\"https:\\\/\\\/myntwork.com\\\/de-ch\\\/produkt\\\/bralco-bench-schreibtisch-22\\\/\",\"name\":\"Bralco Bench-Schreibtisch | Myntwork Schweiz\",\"isPartOf\":{\"@id\":\"https:\\\/\\\/myntwork.com\\\/de-ch\\\/#website\"},\"primaryImageOfPage\":{\"@id\":\"https:\\\/\\\/myntwork.com\\\/de-ch\\\/produkt\\\/bralco-bench-schreibtisch-22\\\/#primaryimage\"},\"image\":{\"@id\":\"https:\\\/\\\/myntwork.com\\\/de-ch\\\/produkt\\\/bralco-bench-schreibtisch-22\\\/#primaryimage\"},\"thumbnailUrl\":\"https:\\\/\\\/myntwork.com\\\/wp-content\\\/uploads\\\/2026\\\/08\\\/df3e502db821408599b6438c7d8fb3b3.jpg\",\"datePublished\":\"2026-08-18T16:26:59+00:00\",\"dateModified\":\"2026-08-26T09:56:44+00:00\",\"description\":\"Optimieren Sie den Team-Bereich mit dem Bralco Bench-Schreibtisch \u2013 mit kombinierten Arbeitspl\u00e4tzen, ordentlichem Kabelmanagement und einer klar strukturierten B\u00fcroeinrichtung. Entdecken Sie mehr.\",\"breadcrumb\":{\"@id\":\"https:\\\/\\\/myntwork.com\\\/de-ch\\\/produkt\\\/bralco-bench-schreibtisch-22\\\/#breadcrumb\"},\"inLanguage\":\"en-US\",\"potentialAction\":[{\"@type\":\"ReadAction\",\"target\":[\"https:\\\/\\\/myntwork.com\\\/de-ch\\\/produkt\\\/bralco-bench-schreibtisch-22\\\/\"]}]},{\"@type\":\"ImageObject\",\"inLanguage\":\"en-US\",\"@id\":\"https:\\\/\\\/myntwork.com\\\/de-ch\\\/produkt\\\/bralco-bench-schreibtisch-22\\\/#primaryimage\",\"url\":\"https:\\\/\\\/myntwork.com\\\/wp-content\\\/uploads\\\/2026\\\/08\\\/df3e502db821408599b6438c7d8fb3b3.jpg\",\"contentUrl\":\"https:\\\/\\\/myntwork.com\\\/wp-content\\\/uploads\\\/2026\\\/08\\\/df3e502db821408599b6438c7d8fb3b3.jpg\",\"caption\":\"Bralco Bench Desk\"},{\"@type\":\"BreadcrumbList\",\"@id\":\"https:\\\/\\\/myntwork.com\\\/de-ch\\\/produkt\\\/bralco-bench-schreibtisch-22\\\/#breadcrumb\",\"itemListElement\":[{\"@type\":\"ListItem\",\"position\":1,\"name\":\"Home\",\"item\":\"https:\\\/\\\/myntwork.com\\\/de-ch\\\/\"},{\"@type\":\"ListItem\",\"position\":2,\"name\":\"Kategorien\",\"item\":\"https:\\\/\\\/myntwork.com\\\/de-ch\\\/kategorien\\\/\"},{\"@type\":\"ListItem\",\"position\":3,\"name\":\"Bralco Bench-Schreibtisch\"}]},{\"@type\":\"WebSite\",\"@id\":\"https:\\\/\\\/myntwork.com\\\/de-ch\\\/#website\",\"url\":\"https:\\\/\\\/myntwork.com\\\/de-ch\\\/\",\"name\":\"Myntwork\",\"description\":\"Lease neue B\u00fcrom\u00f6bel | Ab 3.95 pro Arbeitsplatz\",\"publisher\":{\"@id\":\"https:\\\/\\\/myntwork.com\\\/de-ch\\\/#organization\"},\"potentialAction\":[{\"@type\":\"SearchAction\",\"target\":{\"@type\":\"EntryPoint\",\"urlTemplate\":\"https:\\\/\\\/myntwork.com\\\/de-ch\\\/?s={search_term_string}\"},\"query-input\":{\"@type\":\"PropertyValueSpecification\",\"valueRequired\":true,\"valueName\":\"search_term_string\"}}],\"inLanguage\":\"en-US\"},{\"@type\":\"Organization\",\"@id\":\"https:\\\/\\\/myntwork.com\\\/de-ch\\\/#organization\",\"name\":\"Myntwork\",\"url\":\"https:\\\/\\\/myntwork.com\\\/de-ch\\\/\",\"logo\":{\"@type\":\"ImageObject\",\"inLanguage\":\"en-US\",\"@id\":\"https:\\\/\\\/myntwork.com\\\/de-ch\\\/#\\\/schema\\\/logo\\\/image\\\/\",\"url\":\"https:\\\/\\\/myntwork.com\\\/wp-content\\\/uploads\\\/2025\\\/08\\\/myntwork.png\",\"contentUrl\":\"https:\\\/\\\/myntwork.com\\\/wp-content\\\/uploads\\\/2025\\\/08\\\/myntwork.png\",\"width\":696,\"height\":696,\"caption\":\"Myntwork\"},\"image\":{\"@id\":\"https:\\\/\\\/myntwork.com\\\/de-ch\\\/#\\\/schema\\\/logo\\\/image\\\/\"},\"description\":\"Myntwork is een Nederlands bedrijf, gespecialiseerd in het leasen van kantoormeubilair. Het concept draait om flexibiliteit, eenvoud en duurzaamheid, waarbij bedrijven hoogwaardige meubels kunnen huren zonder grote upfront investeringen.\",\"email\":\"contact@myntwork.com\",\"telephone\":\"+31854017823\",\"legalName\":\"Myntwork B.V.\",\"foundingDate\":\"2024-01-26\",\"vatID\":\"NL861015290B01\",\"numberOfEmployees\":{\"@type\":\"QuantitativeValue\",\"minValue\":\"1\",\"maxValue\":\"10\"}}]}<\/script>\n<meta property=\"product:brand\" content=\"Bralco\" \/>\n<meta property=\"product:price:amount\" content=\"1512.00\" \/>\n<meta property=\"product:price:currency\" content=\"CHF\" \/>\n<meta property=\"og:availability\" content=\"instock\" \/>\n<meta property=\"product:availability\" content=\"instock\" \/>\n<meta property=\"product:retailer_item_id\" content=\"KN281300\" \/>\n<meta property=\"product:condition\" content=\"new\" \/>\n<!-- \/ Yoast SEO Premium plugin. -->","yoast_head_json":{"title":"Bralco Bench-Schreibtisch | Myntwork Schweiz","description":"Optimieren Sie den Team-Bereich mit dem Bralco Bench-Schreibtisch \u2013 mit kombinierten Arbeitspl\u00e4tzen, ordentlichem Kabelmanagement und einer klar\u2026","robots":{"index":"index","follow":"follow","max-snippet":"max-snippet:-1","max-image-preview":"max-image-preview:large","max-video-preview":"max-video-preview:-1"},"canonical":"https:\/\/myntwork.com\/de-ch\/produkt\/bralco-bench-schreibtisch-22\/","og_locale":"en_US","og_type":"article","og_title":"Bralco Bench-Schreibtisch","og_description":"Optimieren Sie den Team-Bereich mit dem Bralco Bench-Schreibtisch \u2013 mit kombinierten Arbeitspl\u00e4tzen, ordentlichem Kabelmanagement und einer klar strukturierten B\u00fcroeinrichtung. Entdecken Sie mehr.","og_url":"https:\/\/myntwork.com\/de-ch\/produkt\/bralco-bench-schreibtisch-22\/","og_site_name":"Myntwork Schweiz","article_modified_time":"2026-08-26T09:56:44+00:00","og_image":[{"url":"https:\/\/myntwork.com\/wp-content\/uploads\/2026\/08\/df3e502db821408599b6438c7d8fb3b3.jpg","width":1200,"height":1200,"type":"image\/jpeg"}],"twitter_card":"summary_large_image","twitter_misc":{"Price":"&#67;&#72;&#70;&nbsp;1,512.00","Availability":"In stock"},"schema":{"@context":"https:\/\/schema.org","@graph":[{"@type":"WebPage","@id":"https:\/\/myntwork.com\/de-ch\/produkt\/bralco-bench-schreibtisch-22\/","url":"https:\/\/myntwork.com\/de-ch\/produkt\/bralco-bench-schreibtisch-22\/","name":"Bralco Bench-Schreibtisch | Myntwork Schweiz","isPartOf":{"@id":"https:\/\/myntwork.com\/de-ch\/#website"},"primaryImageOfPage":{"@id":"https:\/\/myntwork.com\/de-ch\/produkt\/bralco-bench-schreibtisch-22\/#primaryimage"},"image":{"@id":"https:\/\/myntwork.com\/de-ch\/produkt\/bralco-bench-schreibtisch-22\/#primaryimage"},"thumbnailUrl":"https:\/\/myntwork.com\/wp-content\/uploads\/2026\/08\/df3e502db821408599b6438c7d8fb3b3.jpg","datePublished":"2026-08-18T16:26:59+00:00","dateModified":"2026-08-26T09:56:44+00:00","description":"Optimieren Sie den Team-Bereich mit dem Bralco Bench-Schreibtisch \u2013 mit kombinierten Arbeitspl\u00e4tzen, ordentlichem Kabelmanagement und einer klar strukturierten B\u00fcroeinrichtung. Entdecken Sie mehr.","breadcrumb":{"@id":"https:\/\/myntwork.com\/de-ch\/produkt\/bralco-bench-schreibtisch-22\/#breadcrumb"},"inLanguage":"en-US","potentialAction":[{"@type":"ReadAction","target":["https:\/\/myntwork.com\/de-ch\/produkt\/bralco-bench-schreibtisch-22\/"]}]},{"@type":"ImageObject","inLanguage":"en-US","@id":"https:\/\/myntwork.com\/de-ch\/produkt\/bralco-bench-schreibtisch-22\/#primaryimage","url":"https:\/\/myntwork.com\/wp-content\/uploads\/2026\/08\/df3e502db821408599b6438c7d8fb3b3.jpg","contentUrl":"https:\/\/myntwork.com\/wp-content\/uploads\/2026\/08\/df3e502db821408599b6438c7d8fb3b3.jpg","caption":"Bralco Bench Desk"},{"@type":"BreadcrumbList","@id":"https:\/\/myntwork.com\/de-ch\/produkt\/bralco-bench-schreibtisch-22\/#breadcrumb","itemListElement":[{"@type":"ListItem","position":1,"name":"Home","item":"https:\/\/myntwork.com\/de-ch\/"},{"@type":"ListItem","position":2,"name":"Kategorien","item":"https:\/\/myntwork.com\/de-ch\/kategorien\/"},{"@type":"ListItem","position":3,"name":"Bralco Bench-Schreibtisch"}]},{"@type":"WebSite","@id":"https:\/\/myntwork.com\/de-ch\/#website","url":"https:\/\/myntwork.com\/de-ch\/","name":"Myntwork","description":"Lease neue B\u00fcrom\u00f6bel | Ab 3.95 pro Arbeitsplatz","publisher":{"@id":"https:\/\/myntwork.com\/de-ch\/#organization"},"potentialAction":[{"@type":"SearchAction","target":{"@type":"EntryPoint","urlTemplate":"https:\/\/myntwork.com\/de-ch\/?s={search_term_string}"},"query-input":{"@type":"PropertyValueSpecification","valueRequired":true,"valueName":"search_term_string"}}],"inLanguage":"en-US"},{"@type":"Organization","@id":"https:\/\/myntwork.com\/de-ch\/#organization","name":"Myntwork","url":"https:\/\/myntwork.com\/de-ch\/","logo":{"@type":"ImageObject","inLanguage":"en-US","@id":"https:\/\/myntwork.com\/de-ch\/#\/schema\/logo\/image\/","url":"https:\/\/myntwork.com\/wp-content\/uploads\/2025\/08\/myntwork.png","contentUrl":"https:\/\/myntwork.com\/wp-content\/uploads\/2025\/08\/myntwork.png","width":696,"height":696,"caption":"Myntwork"},"image":{"@id":"https:\/\/myntwork.com\/de-ch\/#\/schema\/logo\/image\/"},"description":"Myntwork is een Nederlands bedrijf, gespecialiseerd in het leasen van kantoormeubilair. Het concept draait om flexibiliteit, eenvoud en duurzaamheid, waarbij bedrijven hoogwaardige meubels kunnen huren zonder grote upfront investeringen.","email":"contact@myntwork.com","telephone":"+31854017823","legalName":"Myntwork B.V.","foundingDate":"2024-01-26","vatID":"NL861015290B01","numberOfEmployees":{"@type":"QuantitativeValue","minValue":"1","maxValue":"10"}}]},"product_brand":"Bralco","product_price_amount":"1512.00","product_price_currency":"CHF","og_availability":"instock","product_availability":"instock","product_retailer_item_id":"KN281300","product_condition":"new"},"_links":{"self":[{"href":"https:\/\/myntwork.com\/de-ch\/wp-json\/wp\/v2\/product\/7401","targetHints":{"allow":["GET"]}}],"collection":[{"href":"https:\/\/myntwork.com\/de-ch\/wp-json\/wp\/v2\/product"}],"about":[{"href":"https:\/\/myntwork.com\/de-ch\/wp-json\/wp\/v2\/types\/product"}],"replies":[{"embeddable":true,"href":"https:\/\/myntwork.com\/de-ch\/wp-json\/wp\/v2\/comments?post=7401"}],"wp:featuredmedia":[{"embeddable":true,"href":"https:\/\/myntwork.com\/de-ch\/wp-json\/wp\/v2\/media\/7400"}],"wp:attachment":[{"href":"https:\/\/myntwork.com\/de-ch\/wp-json\/wp\/v2\/media?parent=7401"}],"wp:term":[{"taxonomy":"product_brand","embeddable":true,"href":"https:\/\/myntwork.com\/de-ch\/wp-json\/wp\/v2\/product_brand?post=7401"},{"taxonomy":"product_cat","embeddable":true,"href":"https:\/\/myntwork.com\/de-ch\/wp-json\/wp\/v2\/product_cat?post=7401"},{"taxonomy":"product_tag","embeddable":true,"href":"https:\/\/myntwork.com\/de-ch\/wp-json\/wp\/v2\/product_tag?post=7401"}],"curies":[{"name":"wp","href":"https:\/\/api.w.org\/{rel}","templated":true}]}}