{"id":7431,"date":"2026-08-18T16:27:31","date_gmt":"2026-08-18T16:27:31","guid":{"rendered":"https:\/\/myntwork.com\/de-ch\/product\/bralco-bench-schreibtisch-23\/"},"modified":"2026-08-26T09:56:44","modified_gmt":"2026-08-26T09:56:44","slug":"bralco-bench-schreibtisch-23","status":"publish","type":"product","link":"https:\/\/myntwork.com\/de-ch\/produkt\/bralco-bench-schreibtisch-23\/","title":{"rendered":"Bralco Bench-Schreibtisch"},"content":{"rendered":"<h2>Bralco Bench-Schreibtisch<\/h2>\n<p>Der Bralco Bench-Schreibtisch ist ein rechteckiger Arbeitsplatz f\u00fcr drei Personen, der f\u00fcr Gemeinschaftsb\u00fcros, Teambereiche und kollaborative Arbeitsumgebungen konzipiert wurde. Seine Konfiguration als Bench-Schreibtisch bietet eine gro\u00dfz\u00fcgige gemeinsame Arbeitsfl\u00e4che f\u00fcr Kollegen, die einen praktischen, abgestimmten Arbeitsplatz ben\u00f6tigen, an dem sie nebeneinander arbeiten k\u00f6nnen. Eine Melaminplatte wird mit einem vierbeinigen Stahlgestell kombiniert und ergibt eine unkomplizierte, h\u00f6henfeste Schreibtischl\u00f6sung.<\/p>\n<p>Die rechteckige Tischplatte eignet sich f\u00fcr allt\u00e4gliche Schreibtischarbeiten \u2013 von der Computerarbeit und dem Ausf\u00fcllen von Unterlagen bis hin zu teamorientierten Aktivit\u00e4ten. Der Schreibtisch ist nicht h\u00f6henverstellbar und eignet sich daher f\u00fcr Projekte, bei denen ein dauerhaft gleichbleibender Arbeitsplatz mit fester H\u00f6he erforderlich ist. Er ist au\u00dferdem nicht verkettbar und daher f\u00fcr die Nutzung als eigenst\u00e4ndiger Bench-Schreibtisch f\u00fcr drei Personen vorgesehen, nicht als Teil eines verbundenen Schreibtischsystems.<\/p>\n<p>Die verf\u00fcgbaren Ausf\u00fchrungen erm\u00f6glichen es, den Bralco Bench-Schreibtisch auf verschiedene B\u00fcroeinrichtungen abzustimmen. Die Arbeitsplatte ist in Beige, Wei\u00df, Grau, Schwarz und Braun erh\u00e4ltlich, w\u00e4hrend das Stahlgestell in Silber, Wei\u00df, Schwarz, Grau, Beige, Rosa, Gr\u00fcn und Braun angeboten wird. So kann der Schreibtisch sowohl in zur\u00fcckhaltende B\u00fcrokonzepte integriert als auch mit einem markanteren Farbakzent versehen werden, ohne seine funktionale Anordnung zu ver\u00e4ndern.<\/p>\n<p><strong>Geeignet f\u00fcr eine Kabelwanne<\/strong> unterst\u00fctzt dieser Schreibtisch eine ordentliche Kabelf\u00fchrung, wenn mehrere Nutzer Ger\u00e4te an derselben gemeinsamen Arbeitsfl\u00e4che anschlie\u00dfen. Eine Kabelwanne ist nicht im Lieferumfang enthalten, sodass K\u00e4ufer eine kompatible Kabelmanagementl\u00f6sung ausw\u00e4hlen k\u00f6nnen, die zur geplanten Installation passt.<\/p>\n<p>Die Melamin-Arbeitsplatte und das Stahlgestell bieten eine praktische Materialkombination f\u00fcr die regelm\u00e4\u00dfige Nutzung im B\u00fcro. Mit Platz f\u00fcr drei Personen kann der Schreibtisch dazu beitragen, in Gro\u00dfraumb\u00fcros, Projektbereichen oder kollaborativen B\u00fcrozonen einen klar definierten Gemeinschaftsarbeitsplatz zu schaffen. Das Produkt ist als kreislauforientiert gekennzeichnet und umfasst eine zweij\u00e4hrige Garantie. F\u00fcr die Reinigung und laufende Pflege beachten Sie die Hinweise des Lieferanten zur Melaminoberfl\u00e4che und zum Stahlgestell.<\/p>\n","protected":false},"excerpt":{"rendered":"<p>Der Bralco Bench-Schreibtisch ist eine rechteckige Schreibtischinsel f\u00fcr drei Personen mit Melaminplatte, vierbeinigem Stahlgestell und Eignung f\u00fcr eine Kabelwanne.<\/p>\n","protected":false},"featured_media":7430,"comment_status":"open","ping_status":"closed","template":"","meta":{"_acf_changed":false},"product_brand":[690],"product_cat":[416,383],"product_tag":[],"class_list":["post-7431","product","type-product","status-publish","has-post-thumbnail","product_brand-bralco","product_cat-bench-schreibtische","product_cat-schreibtische","pa_anzahl-personen-3-people","pa_bluetooth-steuerung-no","pa_garantie-2-year","pa_geeignet-fur-kabelwanne-yes","pa_gestellfarbe-beige","pa_gestellfarbe-brown","pa_gestellfarbe-grey","pa_gestellfarbe-green","pa_gestellfarbe-pink","pa_gestellfarbe-black","pa_gestellfarbe-silver","pa_gestellfarbe-white","pa_gestellmaterial-steel","pa_inklusive-kabelkanal-no","pa_marke-bralco","pa_oberflachenfarbe-beige","pa_oberflachenfarbe-brown","pa_oberflachenfarbe-grey","pa_oberflachenfarbe-black","pa_oberflachenfarbe-white","pa_rahmentyp-4-leg","pa_schreibtischtyp-desk-island","pa_tischplattenform-rectangular","pa_tischplattenmaterial-melamine","pa_verbindbar-no","pa_verstellbar-no","first","instock","shipping-taxable","purchasable","product-type-simple"],"acf":[],"yoast_head":"<!-- This site is optimized with the Yoast SEO Premium plugin v25.6 (Yoast SEO v28.3) - https:\/\/yoast.com\/product\/yoast-seo-premium-wordpress\/ -->\n<title>Bralco Bench-Schreibtisch | Myntwork Schweiz<\/title>\n<meta name=\"description\" content=\"Maximieren Sie den Platz f\u00fcr Ihr Team mit dem Bralco Bench-Schreibtisch \u2013 mit kombinierten Arbeitspl\u00e4tzen, ordentlichem Kabelmanagement und einer klaren\u2026\" \/>\n<meta name=\"robots\" content=\"index, follow, max-snippet:-1, max-image-preview:large, max-video-preview:-1\" \/>\n<link rel=\"canonical\" href=\"https:\/\/myntwork.com\/de-ch\/produkt\/bralco-bench-schreibtisch-23\/\" \/>\n<meta property=\"og:locale\" content=\"en_US\" \/>\n<meta property=\"og:type\" content=\"article\" \/>\n<meta property=\"og:title\" content=\"Bralco Bench-Schreibtisch\" \/>\n<meta property=\"og:description\" content=\"Maximieren Sie den Platz f\u00fcr Ihr Team mit dem Bralco Bench-Schreibtisch \u2013 mit kombinierten Arbeitspl\u00e4tzen, ordentlichem Kabelmanagement und einer klaren B\u00fcrogestaltung. Entdecken Sie mehr.\" \/>\n<meta property=\"og:url\" content=\"https:\/\/myntwork.com\/de-ch\/produkt\/bralco-bench-schreibtisch-23\/\" \/>\n<meta property=\"og:site_name\" content=\"Myntwork Schweiz\" \/>\n<meta property=\"article:modified_time\" content=\"2026-08-26T09:56:44+00:00\" \/>\n<meta property=\"og:image\" content=\"https:\/\/myntwork.com\/wp-content\/uploads\/2026\/08\/adb51279aab44fd6b67d29e4b62c6c49.jpg\" \/>\n\t<meta property=\"og:image:width\" content=\"1200\" \/>\n\t<meta property=\"og:image:height\" content=\"1200\" \/>\n\t<meta property=\"og:image:type\" content=\"image\/jpeg\" \/>\n<meta name=\"twitter:card\" content=\"summary_large_image\" \/>\n<meta name=\"twitter:label1\" content=\"Price\" \/>\n\t<meta name=\"twitter:data1\" content=\"&#067;&#072;&#070;&nbsp;2,963.00\" \/>\n\t<meta name=\"twitter:label2\" content=\"Availability\" \/>\n\t<meta name=\"twitter:data2\" content=\"In stock\" \/>\n<script type=\"application\/ld+json\" class=\"yoast-schema-graph\">{\"@context\":\"https:\\\/\\\/schema.org\",\"@graph\":[{\"@type\":\"WebPage\",\"@id\":\"https:\\\/\\\/myntwork.com\\\/de-ch\\\/produkt\\\/bralco-bench-schreibtisch-23\\\/\",\"url\":\"https:\\\/\\\/myntwork.com\\\/de-ch\\\/produkt\\\/bralco-bench-schreibtisch-23\\\/\",\"name\":\"Bralco Bench-Schreibtisch | Myntwork Schweiz\",\"isPartOf\":{\"@id\":\"https:\\\/\\\/myntwork.com\\\/de-ch\\\/#website\"},\"primaryImageOfPage\":{\"@id\":\"https:\\\/\\\/myntwork.com\\\/de-ch\\\/produkt\\\/bralco-bench-schreibtisch-23\\\/#primaryimage\"},\"image\":{\"@id\":\"https:\\\/\\\/myntwork.com\\\/de-ch\\\/produkt\\\/bralco-bench-schreibtisch-23\\\/#primaryimage\"},\"thumbnailUrl\":\"https:\\\/\\\/myntwork.com\\\/wp-content\\\/uploads\\\/2026\\\/08\\\/adb51279aab44fd6b67d29e4b62c6c49.jpg\",\"datePublished\":\"2026-08-18T16:27:31+00:00\",\"dateModified\":\"2026-08-26T09:56:44+00:00\",\"description\":\"Maximieren Sie den Platz f\u00fcr Ihr Team mit dem Bralco Bench-Schreibtisch \u2013 mit kombinierten Arbeitspl\u00e4tzen, ordentlichem Kabelmanagement und einer klaren B\u00fcrogestaltung. Entdecken Sie mehr.\",\"breadcrumb\":{\"@id\":\"https:\\\/\\\/myntwork.com\\\/de-ch\\\/produkt\\\/bralco-bench-schreibtisch-23\\\/#breadcrumb\"},\"inLanguage\":\"en-US\",\"potentialAction\":[{\"@type\":\"ReadAction\",\"target\":[\"https:\\\/\\\/myntwork.com\\\/de-ch\\\/produkt\\\/bralco-bench-schreibtisch-23\\\/\"]}]},{\"@type\":\"ImageObject\",\"inLanguage\":\"en-US\",\"@id\":\"https:\\\/\\\/myntwork.com\\\/de-ch\\\/produkt\\\/bralco-bench-schreibtisch-23\\\/#primaryimage\",\"url\":\"https:\\\/\\\/myntwork.com\\\/wp-content\\\/uploads\\\/2026\\\/08\\\/adb51279aab44fd6b67d29e4b62c6c49.jpg\",\"contentUrl\":\"https:\\\/\\\/myntwork.com\\\/wp-content\\\/uploads\\\/2026\\\/08\\\/adb51279aab44fd6b67d29e4b62c6c49.jpg\",\"caption\":\"Bralco Bench Desk\"},{\"@type\":\"BreadcrumbList\",\"@id\":\"https:\\\/\\\/myntwork.com\\\/de-ch\\\/produkt\\\/bralco-bench-schreibtisch-23\\\/#breadcrumb\",\"itemListElement\":[{\"@type\":\"ListItem\",\"position\":1,\"name\":\"Home\",\"item\":\"https:\\\/\\\/myntwork.com\\\/de-ch\\\/\"},{\"@type\":\"ListItem\",\"position\":2,\"name\":\"Kategorien\",\"item\":\"https:\\\/\\\/myntwork.com\\\/de-ch\\\/kategorien\\\/\"},{\"@type\":\"ListItem\",\"position\":3,\"name\":\"Bralco Bench-Schreibtisch\"}]},{\"@type\":\"WebSite\",\"@id\":\"https:\\\/\\\/myntwork.com\\\/de-ch\\\/#website\",\"url\":\"https:\\\/\\\/myntwork.com\\\/de-ch\\\/\",\"name\":\"Myntwork\",\"description\":\"Lease neue B\u00fcrom\u00f6bel | Ab 3.95 pro Arbeitsplatz\",\"publisher\":{\"@id\":\"https:\\\/\\\/myntwork.com\\\/de-ch\\\/#organization\"},\"potentialAction\":[{\"@type\":\"SearchAction\",\"target\":{\"@type\":\"EntryPoint\",\"urlTemplate\":\"https:\\\/\\\/myntwork.com\\\/de-ch\\\/?s={search_term_string}\"},\"query-input\":{\"@type\":\"PropertyValueSpecification\",\"valueRequired\":true,\"valueName\":\"search_term_string\"}}],\"inLanguage\":\"en-US\"},{\"@type\":\"Organization\",\"@id\":\"https:\\\/\\\/myntwork.com\\\/de-ch\\\/#organization\",\"name\":\"Myntwork\",\"url\":\"https:\\\/\\\/myntwork.com\\\/de-ch\\\/\",\"logo\":{\"@type\":\"ImageObject\",\"inLanguage\":\"en-US\",\"@id\":\"https:\\\/\\\/myntwork.com\\\/de-ch\\\/#\\\/schema\\\/logo\\\/image\\\/\",\"url\":\"https:\\\/\\\/myntwork.com\\\/wp-content\\\/uploads\\\/2025\\\/08\\\/myntwork.png\",\"contentUrl\":\"https:\\\/\\\/myntwork.com\\\/wp-content\\\/uploads\\\/2025\\\/08\\\/myntwork.png\",\"width\":696,\"height\":696,\"caption\":\"Myntwork\"},\"image\":{\"@id\":\"https:\\\/\\\/myntwork.com\\\/de-ch\\\/#\\\/schema\\\/logo\\\/image\\\/\"},\"description\":\"Myntwork is een Nederlands bedrijf, gespecialiseerd in het leasen van kantoormeubilair. Het concept draait om flexibiliteit, eenvoud en duurzaamheid, waarbij bedrijven hoogwaardige meubels kunnen huren zonder grote upfront investeringen.\",\"email\":\"contact@myntwork.com\",\"telephone\":\"+31854017823\",\"legalName\":\"Myntwork B.V.\",\"foundingDate\":\"2024-01-26\",\"vatID\":\"NL861015290B01\",\"numberOfEmployees\":{\"@type\":\"QuantitativeValue\",\"minValue\":\"1\",\"maxValue\":\"10\"}}]}<\/script>\n<meta property=\"product:brand\" content=\"Bralco\" \/>\n<meta property=\"product:price:amount\" content=\"2963.00\" \/>\n<meta property=\"product:price:currency\" content=\"CHF\" \/>\n<meta property=\"og:availability\" content=\"instock\" \/>\n<meta property=\"product:availability\" content=\"instock\" \/>\n<meta property=\"product:retailer_item_id\" content=\"KN32170P\" \/>\n<meta property=\"product:condition\" content=\"new\" \/>\n<!-- \/ Yoast SEO Premium plugin. -->","yoast_head_json":{"title":"Bralco Bench-Schreibtisch | Myntwork Schweiz","description":"Maximieren Sie den Platz f\u00fcr Ihr Team mit dem Bralco Bench-Schreibtisch \u2013 mit kombinierten Arbeitspl\u00e4tzen, ordentlichem Kabelmanagement und einer klaren\u2026","robots":{"index":"index","follow":"follow","max-snippet":"max-snippet:-1","max-image-preview":"max-image-preview:large","max-video-preview":"max-video-preview:-1"},"canonical":"https:\/\/myntwork.com\/de-ch\/produkt\/bralco-bench-schreibtisch-23\/","og_locale":"en_US","og_type":"article","og_title":"Bralco Bench-Schreibtisch","og_description":"Maximieren Sie den Platz f\u00fcr Ihr Team mit dem Bralco Bench-Schreibtisch \u2013 mit kombinierten Arbeitspl\u00e4tzen, ordentlichem Kabelmanagement und einer klaren B\u00fcrogestaltung. Entdecken Sie mehr.","og_url":"https:\/\/myntwork.com\/de-ch\/produkt\/bralco-bench-schreibtisch-23\/","og_site_name":"Myntwork Schweiz","article_modified_time":"2026-08-26T09:56:44+00:00","og_image":[{"url":"https:\/\/myntwork.com\/wp-content\/uploads\/2026\/08\/adb51279aab44fd6b67d29e4b62c6c49.jpg","width":1200,"height":1200,"type":"image\/jpeg"}],"twitter_card":"summary_large_image","twitter_misc":{"Price":"&#67;&#72;&#70;&nbsp;2,963.00","Availability":"In stock"},"schema":{"@context":"https:\/\/schema.org","@graph":[{"@type":"WebPage","@id":"https:\/\/myntwork.com\/de-ch\/produkt\/bralco-bench-schreibtisch-23\/","url":"https:\/\/myntwork.com\/de-ch\/produkt\/bralco-bench-schreibtisch-23\/","name":"Bralco Bench-Schreibtisch | Myntwork Schweiz","isPartOf":{"@id":"https:\/\/myntwork.com\/de-ch\/#website"},"primaryImageOfPage":{"@id":"https:\/\/myntwork.com\/de-ch\/produkt\/bralco-bench-schreibtisch-23\/#primaryimage"},"image":{"@id":"https:\/\/myntwork.com\/de-ch\/produkt\/bralco-bench-schreibtisch-23\/#primaryimage"},"thumbnailUrl":"https:\/\/myntwork.com\/wp-content\/uploads\/2026\/08\/adb51279aab44fd6b67d29e4b62c6c49.jpg","datePublished":"2026-08-18T16:27:31+00:00","dateModified":"2026-08-26T09:56:44+00:00","description":"Maximieren Sie den Platz f\u00fcr Ihr Team mit dem Bralco Bench-Schreibtisch \u2013 mit kombinierten Arbeitspl\u00e4tzen, ordentlichem Kabelmanagement und einer klaren B\u00fcrogestaltung. Entdecken Sie mehr.","breadcrumb":{"@id":"https:\/\/myntwork.com\/de-ch\/produkt\/bralco-bench-schreibtisch-23\/#breadcrumb"},"inLanguage":"en-US","potentialAction":[{"@type":"ReadAction","target":["https:\/\/myntwork.com\/de-ch\/produkt\/bralco-bench-schreibtisch-23\/"]}]},{"@type":"ImageObject","inLanguage":"en-US","@id":"https:\/\/myntwork.com\/de-ch\/produkt\/bralco-bench-schreibtisch-23\/#primaryimage","url":"https:\/\/myntwork.com\/wp-content\/uploads\/2026\/08\/adb51279aab44fd6b67d29e4b62c6c49.jpg","contentUrl":"https:\/\/myntwork.com\/wp-content\/uploads\/2026\/08\/adb51279aab44fd6b67d29e4b62c6c49.jpg","caption":"Bralco Bench Desk"},{"@type":"BreadcrumbList","@id":"https:\/\/myntwork.com\/de-ch\/produkt\/bralco-bench-schreibtisch-23\/#breadcrumb","itemListElement":[{"@type":"ListItem","position":1,"name":"Home","item":"https:\/\/myntwork.com\/de-ch\/"},{"@type":"ListItem","position":2,"name":"Kategorien","item":"https:\/\/myntwork.com\/de-ch\/kategorien\/"},{"@type":"ListItem","position":3,"name":"Bralco Bench-Schreibtisch"}]},{"@type":"WebSite","@id":"https:\/\/myntwork.com\/de-ch\/#website","url":"https:\/\/myntwork.com\/de-ch\/","name":"Myntwork","description":"Lease neue B\u00fcrom\u00f6bel | Ab 3.95 pro Arbeitsplatz","publisher":{"@id":"https:\/\/myntwork.com\/de-ch\/#organization"},"potentialAction":[{"@type":"SearchAction","target":{"@type":"EntryPoint","urlTemplate":"https:\/\/myntwork.com\/de-ch\/?s={search_term_string}"},"query-input":{"@type":"PropertyValueSpecification","valueRequired":true,"valueName":"search_term_string"}}],"inLanguage":"en-US"},{"@type":"Organization","@id":"https:\/\/myntwork.com\/de-ch\/#organization","name":"Myntwork","url":"https:\/\/myntwork.com\/de-ch\/","logo":{"@type":"ImageObject","inLanguage":"en-US","@id":"https:\/\/myntwork.com\/de-ch\/#\/schema\/logo\/image\/","url":"https:\/\/myntwork.com\/wp-content\/uploads\/2025\/08\/myntwork.png","contentUrl":"https:\/\/myntwork.com\/wp-content\/uploads\/2025\/08\/myntwork.png","width":696,"height":696,"caption":"Myntwork"},"image":{"@id":"https:\/\/myntwork.com\/de-ch\/#\/schema\/logo\/image\/"},"description":"Myntwork is een Nederlands bedrijf, gespecialiseerd in het leasen van kantoormeubilair. Het concept draait om flexibiliteit, eenvoud en duurzaamheid, waarbij bedrijven hoogwaardige meubels kunnen huren zonder grote upfront investeringen.","email":"contact@myntwork.com","telephone":"+31854017823","legalName":"Myntwork B.V.","foundingDate":"2024-01-26","vatID":"NL861015290B01","numberOfEmployees":{"@type":"QuantitativeValue","minValue":"1","maxValue":"10"}}]},"product_brand":"Bralco","product_price_amount":"2963.00","product_price_currency":"CHF","og_availability":"instock","product_availability":"instock","product_retailer_item_id":"KN32170P","product_condition":"new"},"_links":{"self":[{"href":"https:\/\/myntwork.com\/de-ch\/wp-json\/wp\/v2\/product\/7431","targetHints":{"allow":["GET"]}}],"collection":[{"href":"https:\/\/myntwork.com\/de-ch\/wp-json\/wp\/v2\/product"}],"about":[{"href":"https:\/\/myntwork.com\/de-ch\/wp-json\/wp\/v2\/types\/product"}],"replies":[{"embeddable":true,"href":"https:\/\/myntwork.com\/de-ch\/wp-json\/wp\/v2\/comments?post=7431"}],"wp:featuredmedia":[{"embeddable":true,"href":"https:\/\/myntwork.com\/de-ch\/wp-json\/wp\/v2\/media\/7430"}],"wp:attachment":[{"href":"https:\/\/myntwork.com\/de-ch\/wp-json\/wp\/v2\/media?parent=7431"}],"wp:term":[{"taxonomy":"product_brand","embeddable":true,"href":"https:\/\/myntwork.com\/de-ch\/wp-json\/wp\/v2\/product_brand?post=7431"},{"taxonomy":"product_cat","embeddable":true,"href":"https:\/\/myntwork.com\/de-ch\/wp-json\/wp\/v2\/product_cat?post=7431"},{"taxonomy":"product_tag","embeddable":true,"href":"https:\/\/myntwork.com\/de-ch\/wp-json\/wp\/v2\/product_tag?post=7431"}],"curies":[{"name":"wp","href":"https:\/\/api.w.org\/{rel}","templated":true}]}}