{"id":8220,"date":"2026-08-18T18:25:15","date_gmt":"2026-08-18T18:25:15","guid":{"rendered":"https:\/\/myntwork.com\/de-de\/product\/bralco-bench-schreibtisch-31\/"},"modified":"2026-08-18T18:25:15","modified_gmt":"2026-08-18T18:25:15","slug":"bralco-bench-schreibtisch-31","status":"publish","type":"product","link":"https:\/\/myntwork.com\/de-de\/produkte\/bralco-bench-schreibtisch-31\/","title":{"rendered":"Bralco Bench-Schreibtisch"},"content":{"rendered":"<h2>Bralco Bench-Schreibtisch<\/h2>\n<p>Der Bralco Bench-Schreibtisch ist ein gerader, rechteckiger Tisch f\u00fcr eine Person, der f\u00fcr individuelle Arbeitspl\u00e4tze konzipiert wurde, die eine klar definierte Arbeitsfl\u00e4che und eine praktische Kompatibilit\u00e4t mit Kabelwannen ben\u00f6tigen. Sein Stahlgestell mit vier Beinen in Eichenoptik kombiniert eine stabile Konfiguration mit fester H\u00f6he und einer Auswahl an Oberfl\u00e4chenfarben. Damit ist dieser Bralco-Schreibtisch eine vielseitige Option f\u00fcr professionelle Arbeitsbereiche.<\/p>\n<h2>Design und Materialien des Bralco-Schreibtischs<\/h2>\n<p>Die rechteckige Tischplatte bietet einer Person eine klare, eigene Arbeitsfl\u00e4che f\u00fcr allt\u00e4gliche Schreibtischt\u00e4tigkeiten. Sie besteht aus Melamin mit einer Eichenoption und bietet eine strukturierte Tischoberfl\u00e4che. Gleichzeitig l\u00e4sst sich der Schreibtisch dank Ausf\u00fchrungen in Schwarz, Wei\u00df, Beige, Eiche, Braun, Rot, Holz oder Grau an verschiedene Einrichtungskonzepte anpassen.<\/p>\n<p>Das <strong>Stahlgestell mit vier Beinen in Eichenoptik<\/strong> verleiht dem Schreibtisch eine optisch klar definierte Tragstruktur. Stahl bildet das Basismaterial, w\u00e4hrend die Eichenoptik dem Arbeitsplatz eine w\u00e4rmere Ausstrahlung verleiht. So f\u00fcgt er sich harmonisch in M\u00f6blierungen ein, die praktische Schreibtischfl\u00e4chen mit holz inspirierten Details verbinden.<\/p>\n<p>Als Bench-Schreibtisch f\u00fcr eine Person eignet sich dieses Modell f\u00fcr Nutzer, die einen eigenen geraden Arbeitsplatz anstelle einer gemeinsam genutzten Fl\u00e4che ben\u00f6tigen. Die nicht verbindbare Ausf\u00fchrung h\u00e4lt die Konfiguration eigenst\u00e4ndig, sodass der Schreibtisch als Einzelarbeitsplatz aufgestellt werden kann, ohne Verbindungselemente zwischen benachbarten Arbeitspl\u00e4tzen zu ben\u00f6tigen.<\/p>\n<h2>Kabelplanung f\u00fcr feste Arbeitspl\u00e4tze<\/h2>\n<p>Der Schreibtisch ist nicht h\u00f6henverstellbar, sodass seine Arbeitsh\u00f6he nach der Montage unver\u00e4ndert bleibt. Dadurch eignet sich die Konfiguration f\u00fcr Bereiche, in denen eine konstante Schreibtischh\u00f6he erforderlich ist. K\u00e4ufer, die eine Sitz-Steh-Verstellung w\u00fcnschen, sollten einen anderen Schreibtischtyp w\u00e4hlen.<\/p>\n<p><strong>Kompatibilit\u00e4t mit einer Kabelwanne<\/strong> unterst\u00fctzt einen aufger\u00e4umteren Arbeitsplatz, da unter der Oberfl\u00e4che eine geeignete Kabelwanne angebracht werden kann. Die Kabelwanne ist nicht im Lieferumfang enthalten und muss separat ausgew\u00e4hlt werden. So kann der K\u00e4ufer selbst entscheiden, ob f\u00fcr die geplante Einrichtung ein zus\u00e4tzliches Kabelmanagement erforderlich ist.<\/p>\n<p>Eine Bluetooth-Steuerung ist nicht vorhanden. Dadurch konzentriert sich der Schreibtisch auf sein unkompliziertes Format mit fester H\u00f6he statt auf eine elektrisch oder per App verbundene Verstellung. Die schwarz lackierte Metalloberfl\u00e4che mit Top-Access-Funktion setzt im Bereich des Kabelzugangs ein klares Detail und unterstreicht zugleich die praktische technische Funktion des Schreibtischs.<\/p>\n<h2>Wo dieser Bralco-Tisch eingesetzt werden kann<\/h2>\n<p>Der Bralco Bench-Schreibtisch eignet sich als Einzeltisch in professionellen Arbeitsbereichen, in denen eine rechteckige Oberfl\u00e4che, eine feste Konfiguration und eine optionale Planung mit Kabelwanne im Vordergrund stehen. Dank der Auswahl an Oberfl\u00e4chenfarben l\u00e4sst sich ein einzelner Arbeitsplatz leichter mit vorhandenen M\u00f6beln kombinieren \u2013 unabh\u00e4ngig davon, ob eine neutrale, holz inspirierte oder auff\u00e4lligere Optik bevorzugt wird.<\/p>\n<p>Dieser Schreibtisch ist au\u00dferdem als kreislauff\u00e4hig gekennzeichnet. Diese Produkteigenschaft kann f\u00fcr K\u00e4ufer relevant sein, die das umfassendere Material- und Lebenszyklusprofil ihrer B\u00fcrom\u00f6bel ber\u00fccksichtigen. Die verwendete Materialstruktur besteht aus Melamin und best\u00e4tigt damit die angegebene Materialzusammensetzung der Tischplatte, ohne zus\u00e4tzliche Merkmale zu nennen, die nicht Teil des Designs sind.<\/p>\n<p>Eine Garantie von zwei Jahren ist enthalten und bietet dem K\u00e4ufer einen klar definierten Garantiezeitraum f\u00fcr zus\u00e4tzliche Kaufsicherheit. W\u00e4hlen Sie diesen Bralco-Schreibtisch, wenn Sie einen geraden Arbeitsplatz f\u00fcr eine Person mit Melamin- oder Eichenarbeitsplatte, einem Stahlgestell mit vier Beinen und der M\u00f6glichkeit ben\u00f6tigen, das Kabelmanagement separat zu planen.<\/p>\n","protected":false},"excerpt":{"rendered":"<p>Der Bralco Bench-Schreibtisch ist ein gerader, rechteckiger Schreibtisch f\u00fcr eine Person mit einem Stahlgestell mit vier Beinen, einer Melamin-Tischplatte, einem Untergestell in Eiche und Kompatibilit\u00e4t mit einer Kabelwanne.<\/p>\n","protected":false},"featured_media":8219,"comment_status":"open","ping_status":"closed","template":"","meta":{"_acf_changed":false},"product_brand":[2726],"product_cat":[31,30],"product_tag":[],"class_list":["post-8220","product","type-product","status-publish","has-post-thumbnail","product_brand-bralco","product_cat-bench-schreibtische","product_cat-schreibtische","pa_anzahl-personen-1-person","pa_bluetooth-steuerung-no","pa_garantie-2-year","pa_geeignet-fur-kabelwanne-yes","pa_gestellfarbe-beige","pa_gestellmaterial-steel","pa_inklusive-kabelkanal-no","pa_marke-bralco","pa_oberflachenfarbe-beige","pa_oberflachenfarbe-brown","pa_oberflachenfarbe-grey","pa_oberflachenfarbe-wood","pa_oberflachenfarbe-red","pa_oberflachenfarbe-black","pa_oberflachenfarbe-white","pa_rahmentyp-4-leg","pa_schreibtischtyp-straight-desk","pa_tischplattenform-rectangular","pa_tischplattenmaterial-melamine","pa_verbindbar-no","pa_verstellbar-no","first","instock","shipping-taxable","purchasable","product-type-simple"],"acf":[],"yoast_head":"<!-- This site is optimized with the Yoast SEO Premium plugin v25.6 (Yoast SEO v28.3) - https:\/\/yoast.com\/product\/yoast-seo-premium-wordpress\/ -->\n<title>Bralco Bench-Schreibtisch | Myntwork Deutschland<\/title>\n<meta name=\"description\" content=\"Maximieren Sie den Raum f\u00fcr Ihr Team mit dem Bralco Bench-Schreibtisch \u2013 mit miteinander verbundenen Arbeitspl\u00e4tzen, aufger\u00e4umtem Kabelmanagement und einer\u2026\" \/>\n<meta name=\"robots\" content=\"index, follow, max-snippet:-1, max-image-preview:large, max-video-preview:-1\" \/>\n<link rel=\"canonical\" href=\"https:\/\/myntwork.com\/de-de\/produkte\/bralco-bench-schreibtisch-31\/\" \/>\n<meta property=\"og:locale\" content=\"en_US\" \/>\n<meta property=\"og:type\" content=\"article\" \/>\n<meta property=\"og:title\" content=\"Bralco Bench-Schreibtisch\" \/>\n<meta property=\"og:description\" content=\"Maximieren Sie den Raum f\u00fcr Ihr Team mit dem Bralco Bench-Schreibtisch \u2013 mit miteinander verbundenen Arbeitspl\u00e4tzen, aufger\u00e4umtem Kabelmanagement und einer klar strukturierten B\u00fcroeinrichtung. Entdecken Sie mehr.\" \/>\n<meta property=\"og:url\" content=\"https:\/\/myntwork.com\/de-de\/produkte\/bralco-bench-schreibtisch-31\/\" \/>\n<meta property=\"og:site_name\" content=\"Myntwork Deutschland\" \/>\n<meta property=\"og:image\" content=\"https:\/\/myntwork.com\/wp-content\/uploads\/2026\/08\/7c0545535954406fa97abf9549a188a9.jpg\" \/>\n\t<meta property=\"og:image:width\" content=\"1200\" \/>\n\t<meta property=\"og:image:height\" content=\"1200\" \/>\n\t<meta property=\"og:image:type\" content=\"image\/jpeg\" \/>\n<meta name=\"twitter:card\" content=\"summary_large_image\" \/>\n<meta name=\"twitter:label1\" content=\"Price\" \/>\n\t<meta name=\"twitter:data1\" content=\"&euro;2,968.00\" \/>\n\t<meta name=\"twitter:label2\" content=\"Availability\" \/>\n\t<meta name=\"twitter:data2\" content=\"In stock\" \/>\n<script type=\"application\/ld+json\" class=\"yoast-schema-graph\">{\"@context\":\"https:\\\/\\\/schema.org\",\"@graph\":[{\"@type\":\"WebPage\",\"@id\":\"https:\\\/\\\/myntwork.com\\\/de-de\\\/produkte\\\/bralco-bench-schreibtisch-31\\\/\",\"url\":\"https:\\\/\\\/myntwork.com\\\/de-de\\\/produkte\\\/bralco-bench-schreibtisch-31\\\/\",\"name\":\"Bralco Bench-Schreibtisch | Myntwork Deutschland\",\"isPartOf\":{\"@id\":\"https:\\\/\\\/myntwork.com\\\/de-de\\\/#website\"},\"primaryImageOfPage\":{\"@id\":\"https:\\\/\\\/myntwork.com\\\/de-de\\\/produkte\\\/bralco-bench-schreibtisch-31\\\/#primaryimage\"},\"image\":{\"@id\":\"https:\\\/\\\/myntwork.com\\\/de-de\\\/produkte\\\/bralco-bench-schreibtisch-31\\\/#primaryimage\"},\"thumbnailUrl\":\"https:\\\/\\\/myntwork.com\\\/wp-content\\\/uploads\\\/2026\\\/08\\\/7c0545535954406fa97abf9549a188a9.jpg\",\"datePublished\":\"2026-08-18T18:25:15+00:00\",\"description\":\"Maximieren Sie den Raum f\u00fcr Ihr Team mit dem Bralco Bench-Schreibtisch \u2013 mit miteinander verbundenen Arbeitspl\u00e4tzen, aufger\u00e4umtem Kabelmanagement und einer klar strukturierten B\u00fcroeinrichtung. Entdecken Sie mehr.\",\"breadcrumb\":{\"@id\":\"https:\\\/\\\/myntwork.com\\\/de-de\\\/produkte\\\/bralco-bench-schreibtisch-31\\\/#breadcrumb\"},\"inLanguage\":\"en-US\",\"potentialAction\":[{\"@type\":\"ReadAction\",\"target\":[\"https:\\\/\\\/myntwork.com\\\/de-de\\\/produkte\\\/bralco-bench-schreibtisch-31\\\/\"]}]},{\"@type\":\"ImageObject\",\"inLanguage\":\"en-US\",\"@id\":\"https:\\\/\\\/myntwork.com\\\/de-de\\\/produkte\\\/bralco-bench-schreibtisch-31\\\/#primaryimage\",\"url\":\"https:\\\/\\\/myntwork.com\\\/wp-content\\\/uploads\\\/2026\\\/08\\\/7c0545535954406fa97abf9549a188a9.jpg\",\"contentUrl\":\"https:\\\/\\\/myntwork.com\\\/wp-content\\\/uploads\\\/2026\\\/08\\\/7c0545535954406fa97abf9549a188a9.jpg\",\"caption\":\"Bralco Bench Desk\"},{\"@type\":\"BreadcrumbList\",\"@id\":\"https:\\\/\\\/myntwork.com\\\/de-de\\\/produkte\\\/bralco-bench-schreibtisch-31\\\/#breadcrumb\",\"itemListElement\":[{\"@type\":\"ListItem\",\"position\":1,\"name\":\"Home\",\"item\":\"https:\\\/\\\/myntwork.com\\\/de-de\\\/\"},{\"@type\":\"ListItem\",\"position\":2,\"name\":\"Kategorien\",\"item\":\"https:\\\/\\\/myntwork.com\\\/de-de\\\/kategorien\\\/\"},{\"@type\":\"ListItem\",\"position\":3,\"name\":\"Bralco Bench-Schreibtisch\"}]},{\"@type\":\"WebSite\",\"@id\":\"https:\\\/\\\/myntwork.com\\\/de-de\\\/#website\",\"url\":\"https:\\\/\\\/myntwork.com\\\/de-de\\\/\",\"name\":\"Myntwork\",\"description\":\"Lease neue B\u00fcrom\u00f6bel | Ab 3.95 pro Arbeitsplatz\",\"publisher\":{\"@id\":\"https:\\\/\\\/myntwork.com\\\/de-de\\\/#organization\"},\"potentialAction\":[{\"@type\":\"SearchAction\",\"target\":{\"@type\":\"EntryPoint\",\"urlTemplate\":\"https:\\\/\\\/myntwork.com\\\/de-de\\\/?s={search_term_string}\"},\"query-input\":{\"@type\":\"PropertyValueSpecification\",\"valueRequired\":true,\"valueName\":\"search_term_string\"}}],\"inLanguage\":\"en-US\"},{\"@type\":\"Organization\",\"@id\":\"https:\\\/\\\/myntwork.com\\\/de-de\\\/#organization\",\"name\":\"Myntwork\",\"url\":\"https:\\\/\\\/myntwork.com\\\/de-de\\\/\",\"logo\":{\"@type\":\"ImageObject\",\"inLanguage\":\"en-US\",\"@id\":\"https:\\\/\\\/myntwork.com\\\/de-de\\\/#\\\/schema\\\/logo\\\/image\\\/\",\"url\":\"https:\\\/\\\/myntwork.com\\\/wp-content\\\/uploads\\\/2025\\\/08\\\/myntwork.png\",\"contentUrl\":\"https:\\\/\\\/myntwork.com\\\/wp-content\\\/uploads\\\/2025\\\/08\\\/myntwork.png\",\"width\":696,\"height\":696,\"caption\":\"Myntwork\"},\"image\":{\"@id\":\"https:\\\/\\\/myntwork.com\\\/de-de\\\/#\\\/schema\\\/logo\\\/image\\\/\"},\"description\":\"Myntwork is een Nederlands bedrijf, gespecialiseerd in het leasen van kantoormeubilair. Het concept draait om flexibiliteit, eenvoud en duurzaamheid, waarbij bedrijven hoogwaardige meubels kunnen huren zonder grote upfront investeringen.\",\"email\":\"contact@myntwork.com\",\"telephone\":\"+31854017823\",\"legalName\":\"Myntwork B.V.\",\"foundingDate\":\"2024-01-26\",\"vatID\":\"NL861015290B01\",\"numberOfEmployees\":{\"@type\":\"QuantitativeValue\",\"minValue\":\"1\",\"maxValue\":\"10\"}}]}<\/script>\n<meta property=\"product:brand\" content=\"Bralco\" \/>\n<meta property=\"product:price:amount\" content=\"2968.00\" \/>\n<meta property=\"product:price:currency\" content=\"EUR\" \/>\n<meta property=\"og:availability\" content=\"instock\" \/>\n<meta property=\"product:availability\" content=\"instock\" \/>\n<meta property=\"product:retailer_item_id\" content=\"S42812V2\" \/>\n<meta property=\"product:condition\" content=\"new\" \/>\n<!-- \/ Yoast SEO Premium plugin. -->","yoast_head_json":{"title":"Bralco Bench-Schreibtisch | Myntwork Deutschland","description":"Maximieren Sie den Raum f\u00fcr Ihr Team mit dem Bralco Bench-Schreibtisch \u2013 mit miteinander verbundenen Arbeitspl\u00e4tzen, aufger\u00e4umtem Kabelmanagement und einer\u2026","robots":{"index":"index","follow":"follow","max-snippet":"max-snippet:-1","max-image-preview":"max-image-preview:large","max-video-preview":"max-video-preview:-1"},"canonical":"https:\/\/myntwork.com\/de-de\/produkte\/bralco-bench-schreibtisch-31\/","og_locale":"en_US","og_type":"article","og_title":"Bralco Bench-Schreibtisch","og_description":"Maximieren Sie den Raum f\u00fcr Ihr Team mit dem Bralco Bench-Schreibtisch \u2013 mit miteinander verbundenen Arbeitspl\u00e4tzen, aufger\u00e4umtem Kabelmanagement und einer klar strukturierten B\u00fcroeinrichtung. Entdecken Sie mehr.","og_url":"https:\/\/myntwork.com\/de-de\/produkte\/bralco-bench-schreibtisch-31\/","og_site_name":"Myntwork Deutschland","og_image":[{"url":"https:\/\/myntwork.com\/wp-content\/uploads\/2026\/08\/7c0545535954406fa97abf9549a188a9.jpg","width":1200,"height":1200,"type":"image\/jpeg"}],"twitter_card":"summary_large_image","twitter_misc":{"Price":"&euro;2,968.00","Availability":"In stock"},"schema":{"@context":"https:\/\/schema.org","@graph":[{"@type":"WebPage","@id":"https:\/\/myntwork.com\/de-de\/produkte\/bralco-bench-schreibtisch-31\/","url":"https:\/\/myntwork.com\/de-de\/produkte\/bralco-bench-schreibtisch-31\/","name":"Bralco Bench-Schreibtisch | Myntwork Deutschland","isPartOf":{"@id":"https:\/\/myntwork.com\/de-de\/#website"},"primaryImageOfPage":{"@id":"https:\/\/myntwork.com\/de-de\/produkte\/bralco-bench-schreibtisch-31\/#primaryimage"},"image":{"@id":"https:\/\/myntwork.com\/de-de\/produkte\/bralco-bench-schreibtisch-31\/#primaryimage"},"thumbnailUrl":"https:\/\/myntwork.com\/wp-content\/uploads\/2026\/08\/7c0545535954406fa97abf9549a188a9.jpg","datePublished":"2026-08-18T18:25:15+00:00","description":"Maximieren Sie den Raum f\u00fcr Ihr Team mit dem Bralco Bench-Schreibtisch \u2013 mit miteinander verbundenen Arbeitspl\u00e4tzen, aufger\u00e4umtem Kabelmanagement und einer klar strukturierten B\u00fcroeinrichtung. Entdecken Sie mehr.","breadcrumb":{"@id":"https:\/\/myntwork.com\/de-de\/produkte\/bralco-bench-schreibtisch-31\/#breadcrumb"},"inLanguage":"en-US","potentialAction":[{"@type":"ReadAction","target":["https:\/\/myntwork.com\/de-de\/produkte\/bralco-bench-schreibtisch-31\/"]}]},{"@type":"ImageObject","inLanguage":"en-US","@id":"https:\/\/myntwork.com\/de-de\/produkte\/bralco-bench-schreibtisch-31\/#primaryimage","url":"https:\/\/myntwork.com\/wp-content\/uploads\/2026\/08\/7c0545535954406fa97abf9549a188a9.jpg","contentUrl":"https:\/\/myntwork.com\/wp-content\/uploads\/2026\/08\/7c0545535954406fa97abf9549a188a9.jpg","caption":"Bralco Bench Desk"},{"@type":"BreadcrumbList","@id":"https:\/\/myntwork.com\/de-de\/produkte\/bralco-bench-schreibtisch-31\/#breadcrumb","itemListElement":[{"@type":"ListItem","position":1,"name":"Home","item":"https:\/\/myntwork.com\/de-de\/"},{"@type":"ListItem","position":2,"name":"Kategorien","item":"https:\/\/myntwork.com\/de-de\/kategorien\/"},{"@type":"ListItem","position":3,"name":"Bralco Bench-Schreibtisch"}]},{"@type":"WebSite","@id":"https:\/\/myntwork.com\/de-de\/#website","url":"https:\/\/myntwork.com\/de-de\/","name":"Myntwork","description":"Lease neue B\u00fcrom\u00f6bel | Ab 3.95 pro Arbeitsplatz","publisher":{"@id":"https:\/\/myntwork.com\/de-de\/#organization"},"potentialAction":[{"@type":"SearchAction","target":{"@type":"EntryPoint","urlTemplate":"https:\/\/myntwork.com\/de-de\/?s={search_term_string}"},"query-input":{"@type":"PropertyValueSpecification","valueRequired":true,"valueName":"search_term_string"}}],"inLanguage":"en-US"},{"@type":"Organization","@id":"https:\/\/myntwork.com\/de-de\/#organization","name":"Myntwork","url":"https:\/\/myntwork.com\/de-de\/","logo":{"@type":"ImageObject","inLanguage":"en-US","@id":"https:\/\/myntwork.com\/de-de\/#\/schema\/logo\/image\/","url":"https:\/\/myntwork.com\/wp-content\/uploads\/2025\/08\/myntwork.png","contentUrl":"https:\/\/myntwork.com\/wp-content\/uploads\/2025\/08\/myntwork.png","width":696,"height":696,"caption":"Myntwork"},"image":{"@id":"https:\/\/myntwork.com\/de-de\/#\/schema\/logo\/image\/"},"description":"Myntwork is een Nederlands bedrijf, gespecialiseerd in het leasen van kantoormeubilair. Het concept draait om flexibiliteit, eenvoud en duurzaamheid, waarbij bedrijven hoogwaardige meubels kunnen huren zonder grote upfront investeringen.","email":"contact@myntwork.com","telephone":"+31854017823","legalName":"Myntwork B.V.","foundingDate":"2024-01-26","vatID":"NL861015290B01","numberOfEmployees":{"@type":"QuantitativeValue","minValue":"1","maxValue":"10"}}]},"product_brand":"Bralco","product_price_amount":"2968.00","product_price_currency":"EUR","og_availability":"instock","product_availability":"instock","product_retailer_item_id":"S42812V2","product_condition":"new"},"_links":{"self":[{"href":"https:\/\/myntwork.com\/de-de\/wp-json\/wp\/v2\/product\/8220","targetHints":{"allow":["GET"]}}],"collection":[{"href":"https:\/\/myntwork.com\/de-de\/wp-json\/wp\/v2\/product"}],"about":[{"href":"https:\/\/myntwork.com\/de-de\/wp-json\/wp\/v2\/types\/product"}],"replies":[{"embeddable":true,"href":"https:\/\/myntwork.com\/de-de\/wp-json\/wp\/v2\/comments?post=8220"}],"wp:featuredmedia":[{"embeddable":true,"href":"https:\/\/myntwork.com\/de-de\/wp-json\/wp\/v2\/media\/8219"}],"wp:attachment":[{"href":"https:\/\/myntwork.com\/de-de\/wp-json\/wp\/v2\/media?parent=8220"}],"wp:term":[{"taxonomy":"product_brand","embeddable":true,"href":"https:\/\/myntwork.com\/de-de\/wp-json\/wp\/v2\/product_brand?post=8220"},{"taxonomy":"product_cat","embeddable":true,"href":"https:\/\/myntwork.com\/de-de\/wp-json\/wp\/v2\/product_cat?post=8220"},{"taxonomy":"product_tag","embeddable":true,"href":"https:\/\/myntwork.com\/de-de\/wp-json\/wp\/v2\/product_tag?post=8220"}],"curies":[{"name":"wp","href":"https:\/\/api.w.org\/{rel}","templated":true}]}}