{"id":31141,"date":"2026-08-27T12:48:18","date_gmt":"2026-08-27T12:48:18","guid":{"rendered":"https:\/\/myntwork.com\/fr-be\/product\/chaise-gaber-amitha\/"},"modified":"2026-08-27T12:48:18","modified_gmt":"2026-08-27T12:48:18","slug":"chaise-gaber-amitha","status":"publish","type":"product","link":"https:\/\/myntwork.com\/fr-be\/produit\/chaise-gaber-amitha\/","title":{"rendered":"Chaise Gaber Amitha"},"content":{"rendered":"<h2>Des si\u00e8ges polyvalents pour des espaces adaptables<\/h2>\n<p>Les chaises Gaber Amitha sont con\u00e7ues pour les environnements qui n\u00e9cessitent des si\u00e8ges simples et durables pour un usage quotidien, sans m\u00e9canismes de r\u00e9glage. Leur format polyvalent convient aux salles de r\u00e9union, espaces collaboratifs, salles de formation et autres espaces partag\u00e9s o\u00f9 les chaises sont r\u00e9guli\u00e8rement d\u00e9plac\u00e9es ou r\u00e9organis\u00e9es.<\/p>\n<p>Les deux mod\u00e8les sont dot\u00e9s d&#8217;une base m\u00e9tallique \u00e0 quatre pieds et d&#8217;une hauteur d&#8217;assise fixe de 46 cm. La collection est certifi\u00e9e GREENGUARD, affiche une charge maximale de 135 kg et b\u00e9n\u00e9ficie d&#8217;une garantie de deux ans.<\/p>\n<h2>Choisissez le format adapt\u00e9 \u00e0 votre agencement<\/h2>\n<p>La chaise Amitha B \u00e0 4 pieds avec accoudoirs est \u00e9quip\u00e9e d&#8217;accoudoirs fixes pour une position assise mieux soutenue et mesure 60 cm de largeur. La chaise Gaber \u00e0 4 pieds en m\u00e9tal est d\u00e9pourvue d&#8217;accoudoirs et de rev\u00eatement, et affiche une largeur plus r\u00e9duite de 58 cm. Elle constitue ainsi une solution pratique lorsque les chaises doivent \u00eatre rapproch\u00e9es ou rang\u00e9es efficacement.<\/p>\n<p>Les deux versions sont dot\u00e9es d&#8217;une structure m\u00e9tallique et proposent plusieurs coloris de base, notamment noir, gris, bleu, vert, rouge et blanc. Le mod\u00e8le avec accoudoirs poss\u00e8de une coque en technopolym\u00e8re, tandis que le mod\u00e8le sans accoudoirs est indiqu\u00e9 sans rev\u00eatement.<\/p>\n","protected":false},"excerpt":{"rendered":"<p>Voir tous les mod\u00e8les de la chaise Gaber Amitha.<\/p>\n","protected":false},"featured_media":17636,"comment_status":"open","ping_status":"closed","template":"","meta":{"_acf_changed":false},"product_brand":[3392],"product_cat":[129,150],"product_tag":[],"class_list":["post-31141","product","type-product","status-publish","has-post-thumbnail","product_brand-gaber","product_cat-chaises","product_cat-chaises-de-cantine","pa_accoudoirs-no","pa_accoudoirs-yes","pa_avec-appuie-tete-no","pa_avec-soutien-lombaire-no","pa_certifications-greenguard","pa_couleur-du-pietement-white","pa_couleur-du-pietement-blue","pa_couleur-du-pietement-grey","pa_couleur-du-pietement-black","pa_couleur-du-pietement-red","pa_couleur-du-pietement-green","pa_garantie-2-year","pa_hauteur-dassise-maximale-1917","pa_hauteur-dassise-minimale-2434","pa_hauteur-dassise-reglable-no","pa_hauteur-du-dossier-reglable-no","pa_largeur-maximale-2300","pa_largeur-maximale-2244","pa_largeur-minimale-2798","pa_largeur-minimale-2742","pa_lest-maximal-135-kg","pa_marque-gaber","pa_materiau-du-pietement-metal","pa_materiau-du-revetement-plastic","pa_materiau-du-revetement-no-upholstery","pa_mecanisme-no-mechanism","pa_profondeur-dassise-reglable-no","pa_type-de-chaise-de-bureau-multipurpose-chair","first","instock","virtual","sold-individually","product-type-mynt_group"],"acf":[],"yoast_head":"<!-- This site is optimized with the Yoast SEO Premium plugin v25.6 (Yoast SEO v28.3) - https:\/\/yoast.com\/product\/yoast-seo-premium-wordpress\/ -->\n<title>Collection de chaises Gaber Amitha | Myntwork<\/title>\n<meta name=\"description\" content=\"D\u00e9couvrez les chaises polyvalentes Gaber Amitha pour les bureaux, salles de r\u00e9union et espaces partag\u00e9s, avec structures m\u00e9talliques, assises fixes de 46 cm\u2026\" \/>\n<meta name=\"robots\" content=\"index, follow, max-snippet:-1, max-image-preview:large, max-video-preview:-1\" \/>\n<link rel=\"canonical\" href=\"https:\/\/myntwork.com\/fr-be\/produit\/chaise-gaber-amitha\/\" \/>\n<meta property=\"og:locale\" content=\"en_US\" \/>\n<meta property=\"og:type\" content=\"article\" \/>\n<meta property=\"og:title\" content=\"Chaise Gaber Amitha\" \/>\n<meta property=\"og:description\" content=\"D\u00e9couvrez les chaises polyvalentes Gaber Amitha pour les bureaux, salles de r\u00e9union et espaces partag\u00e9s, avec structures m\u00e9talliques, assises fixes de 46 cm et options pratiques.\" \/>\n<meta property=\"og:url\" content=\"https:\/\/myntwork.com\/fr-be\/produit\/chaise-gaber-amitha\/\" \/>\n<meta property=\"og:site_name\" content=\"Myntwork Belgique\" \/>\n<meta property=\"og:image\" content=\"https:\/\/myntwork.com\/wp-content\/uploads\/2026\/08\/0891a26c512e4633822cabd6d9ce5182.jpg\" \/>\n\t<meta property=\"og:image:width\" content=\"1200\" \/>\n\t<meta property=\"og:image:height\" content=\"1200\" \/>\n\t<meta property=\"og:image:type\" content=\"image\/jpeg\" \/>\n<meta name=\"twitter:card\" content=\"summary_large_image\" \/>\n<meta name=\"twitter:label1\" content=\"Price\" \/>\n\t<meta name=\"twitter:data1\" content=\"&euro;201.00\" \/>\n\t<meta name=\"twitter:label2\" content=\"Availability\" \/>\n\t<meta name=\"twitter:data2\" content=\"In stock\" \/>\n<script type=\"application\/ld+json\" class=\"yoast-schema-graph\">{\"@context\":\"https:\\\/\\\/schema.org\",\"@graph\":[{\"@type\":\"WebPage\",\"@id\":\"https:\\\/\\\/myntwork.com\\\/fr-be\\\/produit\\\/chaise-gaber-amitha\\\/\",\"url\":\"https:\\\/\\\/myntwork.com\\\/fr-be\\\/produit\\\/chaise-gaber-amitha\\\/\",\"name\":\"Collection de chaises Gaber Amitha | Myntwork\",\"isPartOf\":{\"@id\":\"https:\\\/\\\/myntwork.com\\\/fr-be\\\/#website\"},\"primaryImageOfPage\":{\"@id\":\"https:\\\/\\\/myntwork.com\\\/fr-be\\\/produit\\\/chaise-gaber-amitha\\\/#primaryimage\"},\"image\":{\"@id\":\"https:\\\/\\\/myntwork.com\\\/fr-be\\\/produit\\\/chaise-gaber-amitha\\\/#primaryimage\"},\"thumbnailUrl\":\"https:\\\/\\\/myntwork.com\\\/wp-content\\\/uploads\\\/2026\\\/08\\\/0891a26c512e4633822cabd6d9ce5182.jpg\",\"datePublished\":\"2026-08-27T12:48:18+00:00\",\"description\":\"D\u00e9couvrez les chaises polyvalentes Gaber Amitha pour les bureaux, salles de r\u00e9union et espaces partag\u00e9s, avec structures m\u00e9talliques, assises fixes de 46 cm et options pratiques.\",\"breadcrumb\":{\"@id\":\"https:\\\/\\\/myntwork.com\\\/fr-be\\\/produit\\\/chaise-gaber-amitha\\\/#breadcrumb\"},\"inLanguage\":\"en-US\",\"potentialAction\":[{\"@type\":\"ReadAction\",\"target\":[\"https:\\\/\\\/myntwork.com\\\/fr-be\\\/produit\\\/chaise-gaber-amitha\\\/\"]}]},{\"@type\":\"ImageObject\",\"inLanguage\":\"en-US\",\"@id\":\"https:\\\/\\\/myntwork.com\\\/fr-be\\\/produit\\\/chaise-gaber-amitha\\\/#primaryimage\",\"url\":\"https:\\\/\\\/myntwork.com\\\/wp-content\\\/uploads\\\/2026\\\/08\\\/0891a26c512e4633822cabd6d9ce5182.jpg\",\"contentUrl\":\"https:\\\/\\\/myntwork.com\\\/wp-content\\\/uploads\\\/2026\\\/08\\\/0891a26c512e4633822cabd6d9ce5182.jpg\",\"caption\":\"Gaber Metal 4-Leg Chair\"},{\"@type\":\"BreadcrumbList\",\"@id\":\"https:\\\/\\\/myntwork.com\\\/fr-be\\\/produit\\\/chaise-gaber-amitha\\\/#breadcrumb\",\"itemListElement\":[{\"@type\":\"ListItem\",\"position\":1,\"name\":\"Home\",\"item\":\"https:\\\/\\\/myntwork.com\\\/fr-be\\\/\"},{\"@type\":\"ListItem\",\"position\":2,\"name\":\"Cat\u00e9gories\",\"item\":\"https:\\\/\\\/myntwork.com\\\/fr-be\\\/categories\\\/\"},{\"@type\":\"ListItem\",\"position\":3,\"name\":\"Chaise Gaber Amitha\"}]},{\"@type\":\"WebSite\",\"@id\":\"https:\\\/\\\/myntwork.com\\\/fr-be\\\/#website\",\"url\":\"https:\\\/\\\/myntwork.com\\\/fr-be\\\/\",\"name\":\"Myntwork\",\"description\":\"Lease de mobilier de bureau neuf | \u00c0 partir de 3.95 par poste de travail\",\"publisher\":{\"@id\":\"https:\\\/\\\/myntwork.com\\\/fr-be\\\/#organization\"},\"potentialAction\":[{\"@type\":\"SearchAction\",\"target\":{\"@type\":\"EntryPoint\",\"urlTemplate\":\"https:\\\/\\\/myntwork.com\\\/fr-be\\\/?s={search_term_string}\"},\"query-input\":{\"@type\":\"PropertyValueSpecification\",\"valueRequired\":true,\"valueName\":\"search_term_string\"}}],\"inLanguage\":\"en-US\"},{\"@type\":\"Organization\",\"@id\":\"https:\\\/\\\/myntwork.com\\\/fr-be\\\/#organization\",\"name\":\"Myntwork\",\"url\":\"https:\\\/\\\/myntwork.com\\\/fr-be\\\/\",\"logo\":{\"@type\":\"ImageObject\",\"inLanguage\":\"en-US\",\"@id\":\"https:\\\/\\\/myntwork.com\\\/fr-be\\\/#\\\/schema\\\/logo\\\/image\\\/\",\"url\":\"https:\\\/\\\/myntwork.com\\\/wp-content\\\/uploads\\\/2025\\\/08\\\/myntwork.png\",\"contentUrl\":\"https:\\\/\\\/myntwork.com\\\/wp-content\\\/uploads\\\/2025\\\/08\\\/myntwork.png\",\"width\":696,\"height\":696,\"caption\":\"Myntwork\"},\"image\":{\"@id\":\"https:\\\/\\\/myntwork.com\\\/fr-be\\\/#\\\/schema\\\/logo\\\/image\\\/\"},\"description\":\"Myntwork is een Nederlands bedrijf, gespecialiseerd in het leasen van kantoormeubilair. Het concept draait om flexibiliteit, eenvoud en duurzaamheid, waarbij bedrijven hoogwaardige meubels kunnen huren zonder grote upfront investeringen.\",\"email\":\"contact@myntwork.com\",\"telephone\":\"+31854017823\",\"legalName\":\"Myntwork B.V.\",\"foundingDate\":\"2024-01-26\",\"vatID\":\"NL861015290B01\",\"numberOfEmployees\":{\"@type\":\"QuantitativeValue\",\"minValue\":\"1\",\"maxValue\":\"10\"}}]}<\/script>\n<meta property=\"product:brand\" content=\"Gaber\" \/>\n<meta property=\"product:price:amount\" content=\"201.00\" \/>\n<meta property=\"product:price:currency\" content=\"EUR\" \/>\n<meta property=\"og:availability\" content=\"instock\" \/>\n<meta property=\"product:availability\" content=\"instock\" \/>\n<meta property=\"product:retailer_item_id\" content=\"GROUP-94A4C89EBD70\" \/>\n<meta property=\"product:condition\" content=\"new\" \/>\n<!-- \/ Yoast SEO Premium plugin. -->","yoast_head_json":{"title":"Collection de chaises Gaber Amitha | Myntwork","description":"D\u00e9couvrez les chaises polyvalentes Gaber Amitha pour les bureaux, salles de r\u00e9union et espaces partag\u00e9s, avec structures m\u00e9talliques, assises fixes de 46 cm\u2026","robots":{"index":"index","follow":"follow","max-snippet":"max-snippet:-1","max-image-preview":"max-image-preview:large","max-video-preview":"max-video-preview:-1"},"canonical":"https:\/\/myntwork.com\/fr-be\/produit\/chaise-gaber-amitha\/","og_locale":"en_US","og_type":"article","og_title":"Chaise Gaber Amitha","og_description":"D\u00e9couvrez les chaises polyvalentes Gaber Amitha pour les bureaux, salles de r\u00e9union et espaces partag\u00e9s, avec structures m\u00e9talliques, assises fixes de 46 cm et options pratiques.","og_url":"https:\/\/myntwork.com\/fr-be\/produit\/chaise-gaber-amitha\/","og_site_name":"Myntwork Belgique","og_image":[{"url":"https:\/\/myntwork.com\/wp-content\/uploads\/2026\/08\/0891a26c512e4633822cabd6d9ce5182.jpg","width":1200,"height":1200,"type":"image\/jpeg"}],"twitter_card":"summary_large_image","twitter_misc":{"Price":"&euro;201.00","Availability":"In stock"},"schema":{"@context":"https:\/\/schema.org","@graph":[{"@type":"WebPage","@id":"https:\/\/myntwork.com\/fr-be\/produit\/chaise-gaber-amitha\/","url":"https:\/\/myntwork.com\/fr-be\/produit\/chaise-gaber-amitha\/","name":"Collection de chaises Gaber Amitha | Myntwork","isPartOf":{"@id":"https:\/\/myntwork.com\/fr-be\/#website"},"primaryImageOfPage":{"@id":"https:\/\/myntwork.com\/fr-be\/produit\/chaise-gaber-amitha\/#primaryimage"},"image":{"@id":"https:\/\/myntwork.com\/fr-be\/produit\/chaise-gaber-amitha\/#primaryimage"},"thumbnailUrl":"https:\/\/myntwork.com\/wp-content\/uploads\/2026\/08\/0891a26c512e4633822cabd6d9ce5182.jpg","datePublished":"2026-08-27T12:48:18+00:00","description":"D\u00e9couvrez les chaises polyvalentes Gaber Amitha pour les bureaux, salles de r\u00e9union et espaces partag\u00e9s, avec structures m\u00e9talliques, assises fixes de 46 cm et options pratiques.","breadcrumb":{"@id":"https:\/\/myntwork.com\/fr-be\/produit\/chaise-gaber-amitha\/#breadcrumb"},"inLanguage":"en-US","potentialAction":[{"@type":"ReadAction","target":["https:\/\/myntwork.com\/fr-be\/produit\/chaise-gaber-amitha\/"]}]},{"@type":"ImageObject","inLanguage":"en-US","@id":"https:\/\/myntwork.com\/fr-be\/produit\/chaise-gaber-amitha\/#primaryimage","url":"https:\/\/myntwork.com\/wp-content\/uploads\/2026\/08\/0891a26c512e4633822cabd6d9ce5182.jpg","contentUrl":"https:\/\/myntwork.com\/wp-content\/uploads\/2026\/08\/0891a26c512e4633822cabd6d9ce5182.jpg","caption":"Gaber Metal 4-Leg Chair"},{"@type":"BreadcrumbList","@id":"https:\/\/myntwork.com\/fr-be\/produit\/chaise-gaber-amitha\/#breadcrumb","itemListElement":[{"@type":"ListItem","position":1,"name":"Home","item":"https:\/\/myntwork.com\/fr-be\/"},{"@type":"ListItem","position":2,"name":"Cat\u00e9gories","item":"https:\/\/myntwork.com\/fr-be\/categories\/"},{"@type":"ListItem","position":3,"name":"Chaise Gaber Amitha"}]},{"@type":"WebSite","@id":"https:\/\/myntwork.com\/fr-be\/#website","url":"https:\/\/myntwork.com\/fr-be\/","name":"Myntwork","description":"Lease de mobilier de bureau neuf | \u00c0 partir de 3.95 par poste de travail","publisher":{"@id":"https:\/\/myntwork.com\/fr-be\/#organization"},"potentialAction":[{"@type":"SearchAction","target":{"@type":"EntryPoint","urlTemplate":"https:\/\/myntwork.com\/fr-be\/?s={search_term_string}"},"query-input":{"@type":"PropertyValueSpecification","valueRequired":true,"valueName":"search_term_string"}}],"inLanguage":"en-US"},{"@type":"Organization","@id":"https:\/\/myntwork.com\/fr-be\/#organization","name":"Myntwork","url":"https:\/\/myntwork.com\/fr-be\/","logo":{"@type":"ImageObject","inLanguage":"en-US","@id":"https:\/\/myntwork.com\/fr-be\/#\/schema\/logo\/image\/","url":"https:\/\/myntwork.com\/wp-content\/uploads\/2025\/08\/myntwork.png","contentUrl":"https:\/\/myntwork.com\/wp-content\/uploads\/2025\/08\/myntwork.png","width":696,"height":696,"caption":"Myntwork"},"image":{"@id":"https:\/\/myntwork.com\/fr-be\/#\/schema\/logo\/image\/"},"description":"Myntwork is een Nederlands bedrijf, gespecialiseerd in het leasen van kantoormeubilair. Het concept draait om flexibiliteit, eenvoud en duurzaamheid, waarbij bedrijven hoogwaardige meubels kunnen huren zonder grote upfront investeringen.","email":"contact@myntwork.com","telephone":"+31854017823","legalName":"Myntwork B.V.","foundingDate":"2024-01-26","vatID":"NL861015290B01","numberOfEmployees":{"@type":"QuantitativeValue","minValue":"1","maxValue":"10"}}]},"product_brand":"Gaber","product_price_amount":"201.00","product_price_currency":"EUR","og_availability":"instock","product_availability":"instock","product_retailer_item_id":"GROUP-94A4C89EBD70","product_condition":"new"},"_links":{"self":[{"href":"https:\/\/myntwork.com\/fr-be\/wp-json\/wp\/v2\/product\/31141","targetHints":{"allow":["GET"]}}],"collection":[{"href":"https:\/\/myntwork.com\/fr-be\/wp-json\/wp\/v2\/product"}],"about":[{"href":"https:\/\/myntwork.com\/fr-be\/wp-json\/wp\/v2\/types\/product"}],"replies":[{"embeddable":true,"href":"https:\/\/myntwork.com\/fr-be\/wp-json\/wp\/v2\/comments?post=31141"}],"wp:featuredmedia":[{"embeddable":true,"href":"https:\/\/myntwork.com\/fr-be\/wp-json\/wp\/v2\/media\/17636"}],"wp:attachment":[{"href":"https:\/\/myntwork.com\/fr-be\/wp-json\/wp\/v2\/media?parent=31141"}],"wp:term":[{"taxonomy":"product_brand","embeddable":true,"href":"https:\/\/myntwork.com\/fr-be\/wp-json\/wp\/v2\/product_brand?post=31141"},{"taxonomy":"product_cat","embeddable":true,"href":"https:\/\/myntwork.com\/fr-be\/wp-json\/wp\/v2\/product_cat?post=31141"},{"taxonomy":"product_tag","embeddable":true,"href":"https:\/\/myntwork.com\/fr-be\/wp-json\/wp\/v2\/product_tag?post=31141"}],"curies":[{"name":"wp","href":"https:\/\/api.w.org\/{rel}","templated":true}]}}