{"id":31197,"date":"2026-08-27T17:17:26","date_gmt":"2026-08-27T17:17:26","guid":{"rendered":"https:\/\/myntwork.com\/fr-be\/product\/northern-daybe-sofa\/"},"modified":"2026-08-27T17:17:26","modified_gmt":"2026-08-27T17:17:26","slug":"northern-daybe-sofa","status":"publish","type":"product","link":"https:\/\/myntwork.com\/fr-be\/produit\/northern-daybe-sofa\/","title":{"rendered":"Northern Daybe Sofa"},"content":{"rendered":"<h2>Canap\u00e9s Daybe pour espaces partag\u00e9s flexibles<\/h2>\n<p>Les canap\u00e9s Northern Daybe sont con\u00e7us pour les espaces de travail et les int\u00e9rieurs commerciaux qui n\u00e9cessitent des si\u00e8ges confortables et distinctifs, sans m\u00e9canisme complexe. La collection comprend deux formats associ\u00e9s : une banquette en textile avec dossier amovible et un canap\u00e9 modulaire avec accoudoirs fixes.<\/p>\n<p>Avec une largeur de 200 cm, une profondeur d\u2019assise de 64 cm et une hauteur d\u2019assise d\u2019environ 38\u201339 cm, cette gamme offre une emprise g\u00e9n\u00e9reuse pour les r\u00e9unions informelles, les espaces d\u2019attente, les zones de d\u00e9tente et les environnements collaboratifs. Les deux mod\u00e8les disposent d\u2019un rev\u00eatement en tissu et d\u2019un pi\u00e8tement noir en m\u00e9tal ou en acier.<\/p>\n<h2>Comparez les deux formats Daybe<\/h2>\n<p>Le Daybe Daybed Detachable Backrest est d\u00e9pourvu d\u2019accoudoirs et peut \u00eatre configur\u00e9 avec son dossier fix\u00e9 ou retir\u00e9, ce qui le rend adapt\u00e9 lorsqu\u2019un profil plus ouvert et d\u00e9contract\u00e9 est souhait\u00e9. Le Daybe Modular Sofa With Armrest offre une assise plus structur\u00e9e avec des accoudoirs fixes.<\/p>\n<p>Le rev\u00eatement est disponible dans une large palette comprenant le beige, le noir, le bleu, le marron, le vert, le gris, l\u2019orange, le violet et le rouge. Il est ainsi plus facile d\u2019associer une m\u00eame gamme \u00e0 diff\u00e9rents am\u00e9nagements int\u00e9rieurs tout en conservant un langage esth\u00e9tique Northern coh\u00e9rent.<\/p>\n","protected":false},"excerpt":{"rendered":"<p>Voir tous les mod\u00e8les de la gamme Northern Daybe Sofa.<\/p>\n","protected":false},"featured_media":20656,"comment_status":"open","ping_status":"closed","template":"","meta":{"_acf_changed":false},"product_brand":[3399],"product_cat":[16,45],"product_tag":[],"class_list":["post-31197","product","type-product","status-publish","has-post-thumbnail","product_brand-northern","product_cat-canapes-fauteuils-lounge","product_cat-canapes-et-sieges-modulaires","pa_accoudoirs-fixed-armrests","pa_accoudoirs-no","pa_avec-appuie-tete-no","pa_avec-soutien-lombaire-no","pa_certifications-epd-available","pa_couleur-du-pietement-black","pa_couleur-du-revetement-beige","pa_couleur-du-revetement-blue","pa_couleur-du-revetement-grey","pa_couleur-du-revetement-brown","pa_couleur-du-revetement-black","pa_couleur-du-revetement-orange","pa_couleur-du-revetement-red","pa_couleur-du-revetement-green","pa_couleur-du-revetement-purple","pa_garantie-2-year","pa_hauteur-dassise-maximale-1912","pa_hauteur-dassise-minimale-2428","pa_hauteur-dassise-reglable-no","pa_hauteur-du-dossier-reglable-no","pa_largeur-maximale-2085","pa_largeur-minimale-2605","pa_lest-maximal-135-kg","pa_marque-northern","pa_materiau-du-pietement-steel","pa_materiau-du-pietement-metal","pa_materiau-du-revetement-fabric","pa_mecanisme-no-mechanism","pa_profondeur-dassise-maximale-1873","pa_profondeur-dassise-minimale-2365","pa_profondeur-dassise-reglable-no","pa_standardisation-not-specified","first","instock","virtual","sold-individually","product-type-mynt_group"],"acf":[],"yoast_head":"<!-- This site is optimized with the Yoast SEO Premium plugin v25.6 (Yoast SEO v28.3) - https:\/\/yoast.com\/product\/yoast-seo-premium-wordpress\/ -->\n<title>Collection de canap\u00e9s Northern Daybe Sofa | Myntwork<\/title>\n<meta name=\"description\" content=\"D\u00e9couvrez les canap\u00e9s Northern Daybe par Myntwork : comparez une banquette \u00e0 dossier amovible et un canap\u00e9 modulaire avec rev\u00eatement en tissu, pi\u00e8tements\u2026\" \/>\n<meta name=\"robots\" content=\"index, follow, max-snippet:-1, max-image-preview:large, max-video-preview:-1\" \/>\n<link rel=\"canonical\" href=\"https:\/\/myntwork.com\/fr-be\/produit\/northern-daybe-sofa\/\" \/>\n<meta property=\"og:locale\" content=\"en_US\" \/>\n<meta property=\"og:type\" content=\"article\" \/>\n<meta property=\"og:title\" content=\"Northern Daybe Sofa\" \/>\n<meta property=\"og:description\" content=\"D\u00e9couvrez les canap\u00e9s Northern Daybe par Myntwork : comparez une banquette \u00e0 dossier amovible et un canap\u00e9 modulaire avec rev\u00eatement en tissu, pi\u00e8tements noirs en m\u00e9tal et diff\u00e9rentes options de coloris.\" \/>\n<meta property=\"og:url\" content=\"https:\/\/myntwork.com\/fr-be\/produit\/northern-daybe-sofa\/\" \/>\n<meta property=\"og:site_name\" content=\"Myntwork Belgique\" \/>\n<meta property=\"og:image\" content=\"https:\/\/myntwork.com\/wp-content\/uploads\/2026\/08\/411a795b002e47fc874d2c8e52e6970b.jpg\" \/>\n\t<meta property=\"og:image:width\" content=\"1200\" \/>\n\t<meta property=\"og:image:height\" content=\"1200\" \/>\n\t<meta property=\"og:image:type\" content=\"image\/jpeg\" \/>\n<meta name=\"twitter:card\" content=\"summary_large_image\" \/>\n<meta name=\"twitter:label1\" content=\"Price\" \/>\n\t<meta name=\"twitter:data1\" content=\"&euro;2,325.00\" \/>\n\t<meta name=\"twitter:label2\" content=\"Availability\" \/>\n\t<meta name=\"twitter:data2\" content=\"In stock\" \/>\n<script type=\"application\/ld+json\" class=\"yoast-schema-graph\">{\"@context\":\"https:\\\/\\\/schema.org\",\"@graph\":[{\"@type\":\"WebPage\",\"@id\":\"https:\\\/\\\/myntwork.com\\\/fr-be\\\/produit\\\/northern-daybe-sofa\\\/\",\"url\":\"https:\\\/\\\/myntwork.com\\\/fr-be\\\/produit\\\/northern-daybe-sofa\\\/\",\"name\":\"Collection de canap\u00e9s Northern Daybe Sofa | Myntwork\",\"isPartOf\":{\"@id\":\"https:\\\/\\\/myntwork.com\\\/fr-be\\\/#website\"},\"primaryImageOfPage\":{\"@id\":\"https:\\\/\\\/myntwork.com\\\/fr-be\\\/produit\\\/northern-daybe-sofa\\\/#primaryimage\"},\"image\":{\"@id\":\"https:\\\/\\\/myntwork.com\\\/fr-be\\\/produit\\\/northern-daybe-sofa\\\/#primaryimage\"},\"thumbnailUrl\":\"https:\\\/\\\/myntwork.com\\\/wp-content\\\/uploads\\\/2026\\\/08\\\/411a795b002e47fc874d2c8e52e6970b.jpg\",\"datePublished\":\"2026-08-27T17:17:26+00:00\",\"description\":\"D\u00e9couvrez les canap\u00e9s Northern Daybe par Myntwork : comparez une banquette \u00e0 dossier amovible et un canap\u00e9 modulaire avec rev\u00eatement en tissu, pi\u00e8tements noirs en m\u00e9tal et diff\u00e9rentes options de coloris.\",\"breadcrumb\":{\"@id\":\"https:\\\/\\\/myntwork.com\\\/fr-be\\\/produit\\\/northern-daybe-sofa\\\/#breadcrumb\"},\"inLanguage\":\"en-US\",\"potentialAction\":[{\"@type\":\"ReadAction\",\"target\":[\"https:\\\/\\\/myntwork.com\\\/fr-be\\\/produit\\\/northern-daybe-sofa\\\/\"]}]},{\"@type\":\"ImageObject\",\"inLanguage\":\"en-US\",\"@id\":\"https:\\\/\\\/myntwork.com\\\/fr-be\\\/produit\\\/northern-daybe-sofa\\\/#primaryimage\",\"url\":\"https:\\\/\\\/myntwork.com\\\/wp-content\\\/uploads\\\/2026\\\/08\\\/411a795b002e47fc874d2c8e52e6970b.jpg\",\"contentUrl\":\"https:\\\/\\\/myntwork.com\\\/wp-content\\\/uploads\\\/2026\\\/08\\\/411a795b002e47fc874d2c8e52e6970b.jpg\",\"caption\":\"Northern Daybe Sofa With Armrest Modular Sofa\"},{\"@type\":\"BreadcrumbList\",\"@id\":\"https:\\\/\\\/myntwork.com\\\/fr-be\\\/produit\\\/northern-daybe-sofa\\\/#breadcrumb\",\"itemListElement\":[{\"@type\":\"ListItem\",\"position\":1,\"name\":\"Home\",\"item\":\"https:\\\/\\\/myntwork.com\\\/fr-be\\\/\"},{\"@type\":\"ListItem\",\"position\":2,\"name\":\"Cat\u00e9gories\",\"item\":\"https:\\\/\\\/myntwork.com\\\/fr-be\\\/categories\\\/\"},{\"@type\":\"ListItem\",\"position\":3,\"name\":\"Northern Daybe Sofa\"}]},{\"@type\":\"WebSite\",\"@id\":\"https:\\\/\\\/myntwork.com\\\/fr-be\\\/#website\",\"url\":\"https:\\\/\\\/myntwork.com\\\/fr-be\\\/\",\"name\":\"Myntwork\",\"description\":\"Lease de mobilier de bureau neuf | \u00c0 partir de 3.95 par poste de travail\",\"publisher\":{\"@id\":\"https:\\\/\\\/myntwork.com\\\/fr-be\\\/#organization\"},\"potentialAction\":[{\"@type\":\"SearchAction\",\"target\":{\"@type\":\"EntryPoint\",\"urlTemplate\":\"https:\\\/\\\/myntwork.com\\\/fr-be\\\/?s={search_term_string}\"},\"query-input\":{\"@type\":\"PropertyValueSpecification\",\"valueRequired\":true,\"valueName\":\"search_term_string\"}}],\"inLanguage\":\"en-US\"},{\"@type\":\"Organization\",\"@id\":\"https:\\\/\\\/myntwork.com\\\/fr-be\\\/#organization\",\"name\":\"Myntwork\",\"url\":\"https:\\\/\\\/myntwork.com\\\/fr-be\\\/\",\"logo\":{\"@type\":\"ImageObject\",\"inLanguage\":\"en-US\",\"@id\":\"https:\\\/\\\/myntwork.com\\\/fr-be\\\/#\\\/schema\\\/logo\\\/image\\\/\",\"url\":\"https:\\\/\\\/myntwork.com\\\/wp-content\\\/uploads\\\/2025\\\/08\\\/myntwork.png\",\"contentUrl\":\"https:\\\/\\\/myntwork.com\\\/wp-content\\\/uploads\\\/2025\\\/08\\\/myntwork.png\",\"width\":696,\"height\":696,\"caption\":\"Myntwork\"},\"image\":{\"@id\":\"https:\\\/\\\/myntwork.com\\\/fr-be\\\/#\\\/schema\\\/logo\\\/image\\\/\"},\"description\":\"Myntwork is een Nederlands bedrijf, gespecialiseerd in het leasen van kantoormeubilair. Het concept draait om flexibiliteit, eenvoud en duurzaamheid, waarbij bedrijven hoogwaardige meubels kunnen huren zonder grote upfront investeringen.\",\"email\":\"contact@myntwork.com\",\"telephone\":\"+31854017823\",\"legalName\":\"Myntwork B.V.\",\"foundingDate\":\"2024-01-26\",\"vatID\":\"NL861015290B01\",\"numberOfEmployees\":{\"@type\":\"QuantitativeValue\",\"minValue\":\"1\",\"maxValue\":\"10\"}}]}<\/script>\n<meta property=\"product:brand\" content=\"Northern\" \/>\n<meta property=\"product:price:amount\" content=\"2325.00\" \/>\n<meta property=\"product:price:currency\" content=\"EUR\" \/>\n<meta property=\"og:availability\" content=\"instock\" \/>\n<meta property=\"product:availability\" content=\"instock\" \/>\n<meta property=\"product:retailer_item_id\" content=\"GROUP-A96B78D4BDDB\" \/>\n<meta property=\"product:condition\" content=\"new\" \/>\n<!-- \/ Yoast SEO Premium plugin. -->","yoast_head_json":{"title":"Collection de canap\u00e9s Northern Daybe Sofa | Myntwork","description":"D\u00e9couvrez les canap\u00e9s Northern Daybe par Myntwork : comparez une banquette \u00e0 dossier amovible et un canap\u00e9 modulaire avec rev\u00eatement en tissu, pi\u00e8tements\u2026","robots":{"index":"index","follow":"follow","max-snippet":"max-snippet:-1","max-image-preview":"max-image-preview:large","max-video-preview":"max-video-preview:-1"},"canonical":"https:\/\/myntwork.com\/fr-be\/produit\/northern-daybe-sofa\/","og_locale":"en_US","og_type":"article","og_title":"Northern Daybe Sofa","og_description":"D\u00e9couvrez les canap\u00e9s Northern Daybe par Myntwork : comparez une banquette \u00e0 dossier amovible et un canap\u00e9 modulaire avec rev\u00eatement en tissu, pi\u00e8tements noirs en m\u00e9tal et diff\u00e9rentes options de coloris.","og_url":"https:\/\/myntwork.com\/fr-be\/produit\/northern-daybe-sofa\/","og_site_name":"Myntwork Belgique","og_image":[{"url":"https:\/\/myntwork.com\/wp-content\/uploads\/2026\/08\/411a795b002e47fc874d2c8e52e6970b.jpg","width":1200,"height":1200,"type":"image\/jpeg"}],"twitter_card":"summary_large_image","twitter_misc":{"Price":"&euro;2,325.00","Availability":"In stock"},"schema":{"@context":"https:\/\/schema.org","@graph":[{"@type":"WebPage","@id":"https:\/\/myntwork.com\/fr-be\/produit\/northern-daybe-sofa\/","url":"https:\/\/myntwork.com\/fr-be\/produit\/northern-daybe-sofa\/","name":"Collection de canap\u00e9s Northern Daybe Sofa | Myntwork","isPartOf":{"@id":"https:\/\/myntwork.com\/fr-be\/#website"},"primaryImageOfPage":{"@id":"https:\/\/myntwork.com\/fr-be\/produit\/northern-daybe-sofa\/#primaryimage"},"image":{"@id":"https:\/\/myntwork.com\/fr-be\/produit\/northern-daybe-sofa\/#primaryimage"},"thumbnailUrl":"https:\/\/myntwork.com\/wp-content\/uploads\/2026\/08\/411a795b002e47fc874d2c8e52e6970b.jpg","datePublished":"2026-08-27T17:17:26+00:00","description":"D\u00e9couvrez les canap\u00e9s Northern Daybe par Myntwork : comparez une banquette \u00e0 dossier amovible et un canap\u00e9 modulaire avec rev\u00eatement en tissu, pi\u00e8tements noirs en m\u00e9tal et diff\u00e9rentes options de coloris.","breadcrumb":{"@id":"https:\/\/myntwork.com\/fr-be\/produit\/northern-daybe-sofa\/#breadcrumb"},"inLanguage":"en-US","potentialAction":[{"@type":"ReadAction","target":["https:\/\/myntwork.com\/fr-be\/produit\/northern-daybe-sofa\/"]}]},{"@type":"ImageObject","inLanguage":"en-US","@id":"https:\/\/myntwork.com\/fr-be\/produit\/northern-daybe-sofa\/#primaryimage","url":"https:\/\/myntwork.com\/wp-content\/uploads\/2026\/08\/411a795b002e47fc874d2c8e52e6970b.jpg","contentUrl":"https:\/\/myntwork.com\/wp-content\/uploads\/2026\/08\/411a795b002e47fc874d2c8e52e6970b.jpg","caption":"Northern Daybe Sofa With Armrest Modular Sofa"},{"@type":"BreadcrumbList","@id":"https:\/\/myntwork.com\/fr-be\/produit\/northern-daybe-sofa\/#breadcrumb","itemListElement":[{"@type":"ListItem","position":1,"name":"Home","item":"https:\/\/myntwork.com\/fr-be\/"},{"@type":"ListItem","position":2,"name":"Cat\u00e9gories","item":"https:\/\/myntwork.com\/fr-be\/categories\/"},{"@type":"ListItem","position":3,"name":"Northern Daybe Sofa"}]},{"@type":"WebSite","@id":"https:\/\/myntwork.com\/fr-be\/#website","url":"https:\/\/myntwork.com\/fr-be\/","name":"Myntwork","description":"Lease de mobilier de bureau neuf | \u00c0 partir de 3.95 par poste de travail","publisher":{"@id":"https:\/\/myntwork.com\/fr-be\/#organization"},"potentialAction":[{"@type":"SearchAction","target":{"@type":"EntryPoint","urlTemplate":"https:\/\/myntwork.com\/fr-be\/?s={search_term_string}"},"query-input":{"@type":"PropertyValueSpecification","valueRequired":true,"valueName":"search_term_string"}}],"inLanguage":"en-US"},{"@type":"Organization","@id":"https:\/\/myntwork.com\/fr-be\/#organization","name":"Myntwork","url":"https:\/\/myntwork.com\/fr-be\/","logo":{"@type":"ImageObject","inLanguage":"en-US","@id":"https:\/\/myntwork.com\/fr-be\/#\/schema\/logo\/image\/","url":"https:\/\/myntwork.com\/wp-content\/uploads\/2025\/08\/myntwork.png","contentUrl":"https:\/\/myntwork.com\/wp-content\/uploads\/2025\/08\/myntwork.png","width":696,"height":696,"caption":"Myntwork"},"image":{"@id":"https:\/\/myntwork.com\/fr-be\/#\/schema\/logo\/image\/"},"description":"Myntwork is een Nederlands bedrijf, gespecialiseerd in het leasen van kantoormeubilair. Het concept draait om flexibiliteit, eenvoud en duurzaamheid, waarbij bedrijven hoogwaardige meubels kunnen huren zonder grote upfront investeringen.","email":"contact@myntwork.com","telephone":"+31854017823","legalName":"Myntwork B.V.","foundingDate":"2024-01-26","vatID":"NL861015290B01","numberOfEmployees":{"@type":"QuantitativeValue","minValue":"1","maxValue":"10"}}]},"product_brand":"Northern","product_price_amount":"2325.00","product_price_currency":"EUR","og_availability":"instock","product_availability":"instock","product_retailer_item_id":"GROUP-A96B78D4BDDB","product_condition":"new"},"_links":{"self":[{"href":"https:\/\/myntwork.com\/fr-be\/wp-json\/wp\/v2\/product\/31197","targetHints":{"allow":["GET"]}}],"collection":[{"href":"https:\/\/myntwork.com\/fr-be\/wp-json\/wp\/v2\/product"}],"about":[{"href":"https:\/\/myntwork.com\/fr-be\/wp-json\/wp\/v2\/types\/product"}],"replies":[{"embeddable":true,"href":"https:\/\/myntwork.com\/fr-be\/wp-json\/wp\/v2\/comments?post=31197"}],"wp:featuredmedia":[{"embeddable":true,"href":"https:\/\/myntwork.com\/fr-be\/wp-json\/wp\/v2\/media\/20656"}],"wp:attachment":[{"href":"https:\/\/myntwork.com\/fr-be\/wp-json\/wp\/v2\/media?parent=31197"}],"wp:term":[{"taxonomy":"product_brand","embeddable":true,"href":"https:\/\/myntwork.com\/fr-be\/wp-json\/wp\/v2\/product_brand?post=31197"},{"taxonomy":"product_cat","embeddable":true,"href":"https:\/\/myntwork.com\/fr-be\/wp-json\/wp\/v2\/product_cat?post=31197"},{"taxonomy":"product_tag","embeddable":true,"href":"https:\/\/myntwork.com\/fr-be\/wp-json\/wp\/v2\/product_tag?post=31197"}],"curies":[{"name":"wp","href":"https:\/\/api.w.org\/{rel}","templated":true}]}}