{"id":31199,"date":"2026-08-27T17:29:16","date_gmt":"2026-08-27T17:29:16","guid":{"rendered":"https:\/\/myntwork.com\/fr-be\/product\/chaise-gaber-abuela\/"},"modified":"2026-08-27T17:29:16","modified_gmt":"2026-08-27T17:29:16","slug":"chaise-gaber-abuela","status":"publish","type":"product","link":"https:\/\/myntwork.com\/fr-be\/produit\/chaise-gaber-abuela\/","title":{"rendered":"Chaise Gaber Abuela"},"content":{"rendered":"<h2>Assises polyvalentes pour les espaces partag\u00e9s dynamiques<\/h2>\n<p>Les chaises Gaber Abuela sont con\u00e7ues pour les environnements qui recherchent des assises pratiques et adaptables plut\u00f4t que des r\u00e9glages propres aux si\u00e8ges de travail. La collection convient aux cantines, espaces de pause, salles de r\u00e9union, salles de formation et autres espaces partag\u00e9s o\u00f9 les chaises peuvent \u00eatre d\u00e9plac\u00e9es selon les usages.<\/p>\n<p>Les deux mod\u00e8les sont d\u00e9pourvus de rembourrage et de m\u00e9canisme, pour une configuration simple et facile \u00e0 sp\u00e9cifier. Avec une charge maximale de 135 kg et une largeur fixe de 52 cm, la collection offre une emprise au sol homog\u00e8ne.<\/p>\n<h2>Deux mod\u00e8les Abuela, pour diff\u00e9rentes pr\u00e9f\u00e9rences d&#8217;assise<\/h2>\n<p>La chaise Abuela \u00e0 4 pieds avec accoudoirs propose une configuration avec accoudoirs sur une base \u00e0 quatre pieds. La chaise de cantine Gaber constitue un choix plus adaptable, avec des accoudoirs en option et plusieurs coloris de base, notamment noir, gris, beige, bleu, vert, rouge et blanc.<\/p>\n<p>Choisissez le mod\u00e8le en fonction de la disposition de la pi\u00e8ce, du niveau de soutien souhait\u00e9 et de l&#8217;harmonie visuelle du projet. Aucun des deux mod\u00e8les ne propose de r\u00e9glage de la hauteur ou de la profondeur d&#8217;assise, ni de la hauteur du dossier : le choix porte donc principalement sur la configuration, la couleur et l&#8217;utilisation pr\u00e9vue.<\/p>\n","protected":false},"excerpt":{"rendered":"<p>D\u00e9couvrez tous les mod\u00e8les de la chaise Gaber Abuela.<\/p>\n","protected":false},"featured_media":20690,"comment_status":"open","ping_status":"closed","template":"","meta":{"_acf_changed":false},"product_brand":[3392],"product_cat":[129,150],"product_tag":[],"class_list":["post-31199","product","type-product","status-publish","has-post-thumbnail","product_brand-gaber","product_cat-chaises","product_cat-chaises-de-cantine","pa_accoudoirs-no","pa_accoudoirs-yes","pa_avec-appuie-tete-no","pa_avec-soutien-lombaire-no","pa_couleur-du-pietement-beige","pa_couleur-du-pietement-white","pa_couleur-du-pietement-blue","pa_couleur-du-pietement-grey","pa_couleur-du-pietement-black","pa_couleur-du-pietement-red","pa_couleur-du-pietement-green","pa_garantie-2-year","pa_hauteur-dassise-reglable-no","pa_hauteur-du-dossier-reglable-no","pa_largeur-maximale-2236","pa_largeur-minimale-2734","pa_lest-maximal-135-kg","pa_marque-gaber","pa_materiau-du-revetement-no-upholstery","pa_mecanisme-no-mechanism","pa_profondeur-dassise-reglable-no","pa_type-de-chaise-de-bureau-multipurpose-chair","first","instock","virtual","sold-individually","product-type-mynt_group"],"acf":[],"yoast_head":"<!-- This site is optimized with the Yoast SEO Premium plugin v25.6 (Yoast SEO v28.3) - https:\/\/yoast.com\/product\/yoast-seo-premium-wordpress\/ -->\n<title>Chaises Gaber Abuela | Myntwork<\/title>\n<meta name=\"description\" content=\"D\u00e9couvrez les chaises Gaber Abuela pour les espaces polyvalents, avec bases \u00e0 quatre pieds, accoudoirs en option, sans rembourrage et plusieurs coloris.\" \/>\n<meta name=\"robots\" content=\"index, follow, max-snippet:-1, max-image-preview:large, max-video-preview:-1\" \/>\n<link rel=\"canonical\" href=\"https:\/\/myntwork.com\/fr-be\/produit\/chaise-gaber-abuela\/\" \/>\n<meta property=\"og:locale\" content=\"en_US\" \/>\n<meta property=\"og:type\" content=\"article\" \/>\n<meta property=\"og:title\" content=\"Chaise Gaber Abuela\" \/>\n<meta property=\"og:description\" content=\"D\u00e9couvrez les chaises Gaber Abuela pour les espaces polyvalents, avec bases \u00e0 quatre pieds, accoudoirs en option, sans rembourrage et plusieurs coloris. Disponible en Lease aupr\u00e8s de Myntwork.\" \/>\n<meta property=\"og:url\" content=\"https:\/\/myntwork.com\/fr-be\/produit\/chaise-gaber-abuela\/\" \/>\n<meta property=\"og:site_name\" content=\"Myntwork Belgique\" \/>\n<meta property=\"og:image\" content=\"https:\/\/myntwork.com\/wp-content\/uploads\/2026\/08\/05097a18f77f4dbea6b7aedd14f94f86.jpg\" \/>\n\t<meta property=\"og:image:width\" content=\"1200\" \/>\n\t<meta property=\"og:image:height\" content=\"1200\" \/>\n\t<meta property=\"og:image:type\" content=\"image\/jpeg\" \/>\n<meta name=\"twitter:card\" content=\"summary_large_image\" \/>\n<meta name=\"twitter:label1\" content=\"Price\" \/>\n\t<meta name=\"twitter:data1\" content=\"&euro;105.00\" \/>\n\t<meta name=\"twitter:label2\" content=\"Availability\" \/>\n\t<meta name=\"twitter:data2\" content=\"In stock\" \/>\n<script type=\"application\/ld+json\" class=\"yoast-schema-graph\">{\"@context\":\"https:\\\/\\\/schema.org\",\"@graph\":[{\"@type\":\"WebPage\",\"@id\":\"https:\\\/\\\/myntwork.com\\\/fr-be\\\/produit\\\/chaise-gaber-abuela\\\/\",\"url\":\"https:\\\/\\\/myntwork.com\\\/fr-be\\\/produit\\\/chaise-gaber-abuela\\\/\",\"name\":\"Chaises Gaber Abuela | Myntwork\",\"isPartOf\":{\"@id\":\"https:\\\/\\\/myntwork.com\\\/fr-be\\\/#website\"},\"primaryImageOfPage\":{\"@id\":\"https:\\\/\\\/myntwork.com\\\/fr-be\\\/produit\\\/chaise-gaber-abuela\\\/#primaryimage\"},\"image\":{\"@id\":\"https:\\\/\\\/myntwork.com\\\/fr-be\\\/produit\\\/chaise-gaber-abuela\\\/#primaryimage\"},\"thumbnailUrl\":\"https:\\\/\\\/myntwork.com\\\/wp-content\\\/uploads\\\/2026\\\/08\\\/05097a18f77f4dbea6b7aedd14f94f86.jpg\",\"datePublished\":\"2026-08-27T17:29:16+00:00\",\"description\":\"D\u00e9couvrez les chaises Gaber Abuela pour les espaces polyvalents, avec bases \u00e0 quatre pieds, accoudoirs en option, sans rembourrage et plusieurs coloris. Disponible en Lease aupr\u00e8s de Myntwork.\",\"breadcrumb\":{\"@id\":\"https:\\\/\\\/myntwork.com\\\/fr-be\\\/produit\\\/chaise-gaber-abuela\\\/#breadcrumb\"},\"inLanguage\":\"en-US\",\"potentialAction\":[{\"@type\":\"ReadAction\",\"target\":[\"https:\\\/\\\/myntwork.com\\\/fr-be\\\/produit\\\/chaise-gaber-abuela\\\/\"]}]},{\"@type\":\"ImageObject\",\"inLanguage\":\"en-US\",\"@id\":\"https:\\\/\\\/myntwork.com\\\/fr-be\\\/produit\\\/chaise-gaber-abuela\\\/#primaryimage\",\"url\":\"https:\\\/\\\/myntwork.com\\\/wp-content\\\/uploads\\\/2026\\\/08\\\/05097a18f77f4dbea6b7aedd14f94f86.jpg\",\"contentUrl\":\"https:\\\/\\\/myntwork.com\\\/wp-content\\\/uploads\\\/2026\\\/08\\\/05097a18f77f4dbea6b7aedd14f94f86.jpg\",\"caption\":\"Gaber Abuela 4-Leg With Armrests Chair\"},{\"@type\":\"BreadcrumbList\",\"@id\":\"https:\\\/\\\/myntwork.com\\\/fr-be\\\/produit\\\/chaise-gaber-abuela\\\/#breadcrumb\",\"itemListElement\":[{\"@type\":\"ListItem\",\"position\":1,\"name\":\"Home\",\"item\":\"https:\\\/\\\/myntwork.com\\\/fr-be\\\/\"},{\"@type\":\"ListItem\",\"position\":2,\"name\":\"Cat\u00e9gories\",\"item\":\"https:\\\/\\\/myntwork.com\\\/fr-be\\\/categories\\\/\"},{\"@type\":\"ListItem\",\"position\":3,\"name\":\"Chaise Gaber Abuela\"}]},{\"@type\":\"WebSite\",\"@id\":\"https:\\\/\\\/myntwork.com\\\/fr-be\\\/#website\",\"url\":\"https:\\\/\\\/myntwork.com\\\/fr-be\\\/\",\"name\":\"Myntwork\",\"description\":\"Lease de mobilier de bureau neuf | \u00c0 partir de 3.95 par poste de travail\",\"publisher\":{\"@id\":\"https:\\\/\\\/myntwork.com\\\/fr-be\\\/#organization\"},\"potentialAction\":[{\"@type\":\"SearchAction\",\"target\":{\"@type\":\"EntryPoint\",\"urlTemplate\":\"https:\\\/\\\/myntwork.com\\\/fr-be\\\/?s={search_term_string}\"},\"query-input\":{\"@type\":\"PropertyValueSpecification\",\"valueRequired\":true,\"valueName\":\"search_term_string\"}}],\"inLanguage\":\"en-US\"},{\"@type\":\"Organization\",\"@id\":\"https:\\\/\\\/myntwork.com\\\/fr-be\\\/#organization\",\"name\":\"Myntwork\",\"url\":\"https:\\\/\\\/myntwork.com\\\/fr-be\\\/\",\"logo\":{\"@type\":\"ImageObject\",\"inLanguage\":\"en-US\",\"@id\":\"https:\\\/\\\/myntwork.com\\\/fr-be\\\/#\\\/schema\\\/logo\\\/image\\\/\",\"url\":\"https:\\\/\\\/myntwork.com\\\/wp-content\\\/uploads\\\/2025\\\/08\\\/myntwork.png\",\"contentUrl\":\"https:\\\/\\\/myntwork.com\\\/wp-content\\\/uploads\\\/2025\\\/08\\\/myntwork.png\",\"width\":696,\"height\":696,\"caption\":\"Myntwork\"},\"image\":{\"@id\":\"https:\\\/\\\/myntwork.com\\\/fr-be\\\/#\\\/schema\\\/logo\\\/image\\\/\"},\"description\":\"Myntwork is een Nederlands bedrijf, gespecialiseerd in het leasen van kantoormeubilair. Het concept draait om flexibiliteit, eenvoud en duurzaamheid, waarbij bedrijven hoogwaardige meubels kunnen huren zonder grote upfront investeringen.\",\"email\":\"contact@myntwork.com\",\"telephone\":\"+31854017823\",\"legalName\":\"Myntwork B.V.\",\"foundingDate\":\"2024-01-26\",\"vatID\":\"NL861015290B01\",\"numberOfEmployees\":{\"@type\":\"QuantitativeValue\",\"minValue\":\"1\",\"maxValue\":\"10\"}}]}<\/script>\n<meta property=\"product:brand\" content=\"Gaber\" \/>\n<meta property=\"product:price:amount\" content=\"105.00\" \/>\n<meta property=\"product:price:currency\" content=\"EUR\" \/>\n<meta property=\"og:availability\" content=\"instock\" \/>\n<meta property=\"product:availability\" content=\"instock\" \/>\n<meta property=\"product:retailer_item_id\" content=\"GROUP-0EE9F740D634\" \/>\n<meta property=\"product:condition\" content=\"new\" \/>\n<!-- \/ Yoast SEO Premium plugin. -->","yoast_head_json":{"title":"Chaises Gaber Abuela | Myntwork","description":"D\u00e9couvrez les chaises Gaber Abuela pour les espaces polyvalents, avec bases \u00e0 quatre pieds, accoudoirs en option, sans rembourrage et plusieurs coloris.","robots":{"index":"index","follow":"follow","max-snippet":"max-snippet:-1","max-image-preview":"max-image-preview:large","max-video-preview":"max-video-preview:-1"},"canonical":"https:\/\/myntwork.com\/fr-be\/produit\/chaise-gaber-abuela\/","og_locale":"en_US","og_type":"article","og_title":"Chaise Gaber Abuela","og_description":"D\u00e9couvrez les chaises Gaber Abuela pour les espaces polyvalents, avec bases \u00e0 quatre pieds, accoudoirs en option, sans rembourrage et plusieurs coloris. Disponible en Lease aupr\u00e8s de Myntwork.","og_url":"https:\/\/myntwork.com\/fr-be\/produit\/chaise-gaber-abuela\/","og_site_name":"Myntwork Belgique","og_image":[{"url":"https:\/\/myntwork.com\/wp-content\/uploads\/2026\/08\/05097a18f77f4dbea6b7aedd14f94f86.jpg","width":1200,"height":1200,"type":"image\/jpeg"}],"twitter_card":"summary_large_image","twitter_misc":{"Price":"&euro;105.00","Availability":"In stock"},"schema":{"@context":"https:\/\/schema.org","@graph":[{"@type":"WebPage","@id":"https:\/\/myntwork.com\/fr-be\/produit\/chaise-gaber-abuela\/","url":"https:\/\/myntwork.com\/fr-be\/produit\/chaise-gaber-abuela\/","name":"Chaises Gaber Abuela | Myntwork","isPartOf":{"@id":"https:\/\/myntwork.com\/fr-be\/#website"},"primaryImageOfPage":{"@id":"https:\/\/myntwork.com\/fr-be\/produit\/chaise-gaber-abuela\/#primaryimage"},"image":{"@id":"https:\/\/myntwork.com\/fr-be\/produit\/chaise-gaber-abuela\/#primaryimage"},"thumbnailUrl":"https:\/\/myntwork.com\/wp-content\/uploads\/2026\/08\/05097a18f77f4dbea6b7aedd14f94f86.jpg","datePublished":"2026-08-27T17:29:16+00:00","description":"D\u00e9couvrez les chaises Gaber Abuela pour les espaces polyvalents, avec bases \u00e0 quatre pieds, accoudoirs en option, sans rembourrage et plusieurs coloris. Disponible en Lease aupr\u00e8s de Myntwork.","breadcrumb":{"@id":"https:\/\/myntwork.com\/fr-be\/produit\/chaise-gaber-abuela\/#breadcrumb"},"inLanguage":"en-US","potentialAction":[{"@type":"ReadAction","target":["https:\/\/myntwork.com\/fr-be\/produit\/chaise-gaber-abuela\/"]}]},{"@type":"ImageObject","inLanguage":"en-US","@id":"https:\/\/myntwork.com\/fr-be\/produit\/chaise-gaber-abuela\/#primaryimage","url":"https:\/\/myntwork.com\/wp-content\/uploads\/2026\/08\/05097a18f77f4dbea6b7aedd14f94f86.jpg","contentUrl":"https:\/\/myntwork.com\/wp-content\/uploads\/2026\/08\/05097a18f77f4dbea6b7aedd14f94f86.jpg","caption":"Gaber Abuela 4-Leg With Armrests Chair"},{"@type":"BreadcrumbList","@id":"https:\/\/myntwork.com\/fr-be\/produit\/chaise-gaber-abuela\/#breadcrumb","itemListElement":[{"@type":"ListItem","position":1,"name":"Home","item":"https:\/\/myntwork.com\/fr-be\/"},{"@type":"ListItem","position":2,"name":"Cat\u00e9gories","item":"https:\/\/myntwork.com\/fr-be\/categories\/"},{"@type":"ListItem","position":3,"name":"Chaise Gaber Abuela"}]},{"@type":"WebSite","@id":"https:\/\/myntwork.com\/fr-be\/#website","url":"https:\/\/myntwork.com\/fr-be\/","name":"Myntwork","description":"Lease de mobilier de bureau neuf | \u00c0 partir de 3.95 par poste de travail","publisher":{"@id":"https:\/\/myntwork.com\/fr-be\/#organization"},"potentialAction":[{"@type":"SearchAction","target":{"@type":"EntryPoint","urlTemplate":"https:\/\/myntwork.com\/fr-be\/?s={search_term_string}"},"query-input":{"@type":"PropertyValueSpecification","valueRequired":true,"valueName":"search_term_string"}}],"inLanguage":"en-US"},{"@type":"Organization","@id":"https:\/\/myntwork.com\/fr-be\/#organization","name":"Myntwork","url":"https:\/\/myntwork.com\/fr-be\/","logo":{"@type":"ImageObject","inLanguage":"en-US","@id":"https:\/\/myntwork.com\/fr-be\/#\/schema\/logo\/image\/","url":"https:\/\/myntwork.com\/wp-content\/uploads\/2025\/08\/myntwork.png","contentUrl":"https:\/\/myntwork.com\/wp-content\/uploads\/2025\/08\/myntwork.png","width":696,"height":696,"caption":"Myntwork"},"image":{"@id":"https:\/\/myntwork.com\/fr-be\/#\/schema\/logo\/image\/"},"description":"Myntwork is een Nederlands bedrijf, gespecialiseerd in het leasen van kantoormeubilair. Het concept draait om flexibiliteit, eenvoud en duurzaamheid, waarbij bedrijven hoogwaardige meubels kunnen huren zonder grote upfront investeringen.","email":"contact@myntwork.com","telephone":"+31854017823","legalName":"Myntwork B.V.","foundingDate":"2024-01-26","vatID":"NL861015290B01","numberOfEmployees":{"@type":"QuantitativeValue","minValue":"1","maxValue":"10"}}]},"product_brand":"Gaber","product_price_amount":"105.00","product_price_currency":"EUR","og_availability":"instock","product_availability":"instock","product_retailer_item_id":"GROUP-0EE9F740D634","product_condition":"new"},"_links":{"self":[{"href":"https:\/\/myntwork.com\/fr-be\/wp-json\/wp\/v2\/product\/31199","targetHints":{"allow":["GET"]}}],"collection":[{"href":"https:\/\/myntwork.com\/fr-be\/wp-json\/wp\/v2\/product"}],"about":[{"href":"https:\/\/myntwork.com\/fr-be\/wp-json\/wp\/v2\/types\/product"}],"replies":[{"embeddable":true,"href":"https:\/\/myntwork.com\/fr-be\/wp-json\/wp\/v2\/comments?post=31199"}],"wp:featuredmedia":[{"embeddable":true,"href":"https:\/\/myntwork.com\/fr-be\/wp-json\/wp\/v2\/media\/20690"}],"wp:attachment":[{"href":"https:\/\/myntwork.com\/fr-be\/wp-json\/wp\/v2\/media?parent=31199"}],"wp:term":[{"taxonomy":"product_brand","embeddable":true,"href":"https:\/\/myntwork.com\/fr-be\/wp-json\/wp\/v2\/product_brand?post=31199"},{"taxonomy":"product_cat","embeddable":true,"href":"https:\/\/myntwork.com\/fr-be\/wp-json\/wp\/v2\/product_cat?post=31199"},{"taxonomy":"product_tag","embeddable":true,"href":"https:\/\/myntwork.com\/fr-be\/wp-json\/wp\/v2\/product_tag?post=31199"}],"curies":[{"name":"wp","href":"https:\/\/api.w.org\/{rel}","templated":true}]}}