{"id":9060,"date":"2026-08-14T01:00:06","date_gmt":"2026-08-14T01:00:06","guid":{"rendered":"https:\/\/myntwork.com\/fr-be\/product\/extension-de-bureau-avec-module-dextension-de-plateau-frezza\/"},"modified":"2026-08-14T01:00:06","modified_gmt":"2026-08-14T01:00:06","slug":"extension-de-bureau-avec-module-dextension-de-plateau-frezza","status":"publish","type":"product","link":"https:\/\/myntwork.com\/fr-be\/produit\/extension-de-bureau-avec-module-dextension-de-plateau-frezza\/","title":{"rendered":"Extension de bureau avec module d\u2019extension de plateau Frezza"},"content":{"rendered":"<h2>Extension de bureau avec module d\u2019extension de plateau Frezza<\/h2>\n<p>L\u2019extension de bureau avec module d\u2019extension de plateau Frezza est une extension de bureau circulaire destin\u00e9e aux utilisateurs qui souhaitent agrandir une configuration de bureaux en bench avec un module de plateau d\u00e9di\u00e9. Sa principale particularit\u00e9 r\u00e9side dans la combinaison d\u2019un plateau en m\u00e9lamine, d\u2019une structure peinte blanche emboss\u00e9e et de plusieurs coloris neutres pour cr\u00e9er un am\u00e9nagement mobilier harmonieux.<\/p>\n<h2>Design et mat\u00e9riaux de l\u2019extension de bureau<\/h2>\n<p>Le <strong>plateau en m\u00e9lamine<\/strong> offre une surface de travail parfaitement d\u00e9finie pour cette extension de bureau Frezza, tandis que le plateau blanc cr\u00e9e une apparence lumineuse et \u00e9pur\u00e9e. La structure dot\u00e9e d\u2019une finition peinte blanche emboss\u00e9e conf\u00e8re au pi\u00e8tement un aspect volontairement coordonn\u00e9, sans contraste avec la surface.<\/p>\n<p>Ce module d\u2019extension de plateau est circulaire, offrant \u00e0 l\u2019extension de bureau une alternative distinctive \u00e0 une surface de travail conventionnelle aux bords droits. Sa configuration arrondie peut contribuer \u00e0 cr\u00e9er un am\u00e9nagement visuellement plus modulable lorsqu\u2019un bench avec unit\u00e9 porteuse doit accueillir un \u00e9l\u00e9ment de plateau suppl\u00e9mentaire.<\/p>\n<p>Plusieurs familles de coloris sont disponibles, notamment blanc, noir, gris, beige, marron et bois. Cette gamme facilite le choix d\u2019une extension de plateau assortie \u00e0 un mobilier existant, que le r\u00e9sultat recherch\u00e9 soit clair et neutre, sombre et discret ou plus chaleureux.<\/p>\n<h2>Configuration de l\u2019extension de plateau<\/h2>\n<p>L\u2019extension de bureau avec module d\u2019extension de plateau Frezza est propos\u00e9e dans plusieurs options de largeur, tout en conservant sa profondeur indiqu\u00e9e et sa configuration circulaire. Les acheteurs peuvent ainsi choisir les proportions g\u00e9n\u00e9rales les mieux adapt\u00e9es \u00e0 leur projet d\u2019am\u00e9nagement, sans modifier la nature du produit.<\/p>\n<p>Son type indiqu\u00e9 est <strong>un bench avec unit\u00e9 porteuse<\/strong>, le produit \u00e9tant con\u00e7u comme un \u00e9l\u00e9ment d\u2019extension dot\u00e9 d\u2019une structure porteuse plut\u00f4t que comme un simple plateau ind\u00e9pendant. Cette distinction est importante lors du choix d\u2019une extension de bureau pour un am\u00e9nagement o\u00f9 la surface et son support doivent fonctionner comme un module coh\u00e9rent.<\/p>\n<p>Le design ne comprend ni acc\u00e8s sup\u00e9rieur, ni \u00e9cran, ni volet. La configuration propos\u00e9e reste donc visuellement \u00e9pur\u00e9e, sans ouverture d\u2019acc\u00e8s int\u00e9gr\u00e9e, panneau de confidentialit\u00e9 ou \u00e9l\u00e9ment de surface articul\u00e9 sp\u00e9cifi\u00e9 dans le module.<\/p>\n<h2>O\u00f9 installer ce module Frezza<\/h2>\n<p>Ce produit convient aux acheteurs \u00e0 la recherche d\u2019une extension de bureau ou d\u2019un module d\u2019extension de plateau Frezza plut\u00f4t que d\u2019une chaise ind\u00e9pendante, malgr\u00e9 sa cat\u00e9gorie fournie. Il r\u00e9pond aux besoins d\u2019un am\u00e9nagement mobilier bas\u00e9 sur un bench n\u00e9cessitant un \u00e9l\u00e9ment circulaire suppl\u00e9mentaire avec un plateau d\u00e9fini et une unit\u00e9 porteuse.<\/p>\n<p>La finition sobre et la palette neutre permettent au module de s\u2019int\u00e9grer \u00e0 de nombreux coloris de mobilier existants. Choisissez la famille de finitions disponible en fonction de l\u2019am\u00e9nagement environnant, puis s\u00e9lectionnez l\u2019option de largeur la mieux adapt\u00e9e aux proportions de la configuration souhait\u00e9e.<\/p>\n<p>L\u2019origine est disponible sur demande, ce qui est utile aux acheteurs souhaitant confirmer les informations d\u2019approvisionnement avant de passer commande. Le produit est identifi\u00e9 comme une extension de bureau et un module d\u2019extension de plateau Frezza, offrant une base claire pour le comparer \u00e0 d\u2019autres composants dans le cadre d\u2019un am\u00e9nagement mobilier harmonieux.<\/p>\n","protected":false},"excerpt":{"rendered":"<p>L\u2019extension de bureau avec module d\u2019extension de plateau Frezza est un bench circulaire non perfor\u00e9 avec unit\u00e9 porteuse, dot\u00e9 d\u2019un plateau blanc en m\u00e9lamine et d\u00e9pourvu d\u2019\u00e9cran ou de volet.<\/p>\n","protected":false},"featured_media":4542,"comment_status":"open","ping_status":"closed","template":"","meta":{"_acf_changed":false},"product_brand":[59],"product_cat":[144],"product_tag":[],"class_list":["post-9060","product","type-product","status-publish","has-post-thumbnail","product_brand-frezza","product_cat-accessoires","pa_couleur-beige","pa_couleur-white","pa_couleur-wood","pa_couleur-grey","pa_couleur-brown","pa_couleur-black","pa_largeur-3057","pa_largeur-3077","pa_largeur-3096","pa_marque-frezza","pa_profondeur-1351","first","instock","shipping-taxable","purchasable","product-type-simple"],"acf":[],"yoast_head":"<!-- This site is optimized with the Yoast SEO Premium plugin v25.6 (Yoast SEO v28.3) - https:\/\/yoast.com\/product\/yoast-seo-premium-wordpress\/ -->\n<title>Extension de bureau avec module d\u2019extension de plateau Frezza | Myntwork Belgique<\/title>\n<meta name=\"description\" content=\"Ajoutez un espace de travail flexible avec l\u2019extension de bureau avec module d\u2019extension de plateau Frezza, id\u00e9ale pour adapter les bureaux \u00e0 l\u2019\u00e9volution des\u2026\" \/>\n<meta name=\"robots\" content=\"index, follow, max-snippet:-1, max-image-preview:large, max-video-preview:-1\" \/>\n<link rel=\"canonical\" href=\"https:\/\/myntwork.com\/fr-be\/produit\/extension-de-bureau-avec-module-dextension-de-plateau-frezza\/\" \/>\n<meta property=\"og:locale\" content=\"en_US\" \/>\n<meta property=\"og:type\" content=\"article\" \/>\n<meta property=\"og:title\" content=\"Extension de bureau avec module d\u2019extension de plateau Frezza\" \/>\n<meta property=\"og:description\" content=\"Ajoutez un espace de travail flexible avec l\u2019extension de bureau avec module d\u2019extension de plateau Frezza, id\u00e9ale pour adapter les bureaux \u00e0 l\u2019\u00e9volution des besoins professionnels. D\u00e9couvrez-la.\" \/>\n<meta property=\"og:url\" content=\"https:\/\/myntwork.com\/fr-be\/produit\/extension-de-bureau-avec-module-dextension-de-plateau-frezza\/\" \/>\n<meta property=\"og:site_name\" content=\"Myntwork Belgique\" \/>\n<meta property=\"og:image\" content=\"https:\/\/myntwork.com\/wp-content\/uploads\/2026\/08\/2b94e2658ae94e7a9b2df763893e4d7f.jpg\" \/>\n\t<meta property=\"og:image:width\" content=\"1200\" \/>\n\t<meta property=\"og:image:height\" content=\"1200\" \/>\n\t<meta property=\"og:image:type\" content=\"image\/jpeg\" \/>\n<meta name=\"twitter:card\" content=\"summary_large_image\" \/>\n<meta name=\"twitter:label1\" content=\"Price\" \/>\n\t<meta name=\"twitter:data1\" content=\"&euro;1,264.00\" \/>\n\t<meta name=\"twitter:label2\" content=\"Availability\" \/>\n\t<meta name=\"twitter:data2\" content=\"In stock\" \/>\n<script type=\"application\/ld+json\" class=\"yoast-schema-graph\">{\"@context\":\"https:\\\/\\\/schema.org\",\"@graph\":[{\"@type\":\"WebPage\",\"@id\":\"https:\\\/\\\/myntwork.com\\\/fr-be\\\/produit\\\/extension-de-bureau-avec-module-dextension-de-plateau-frezza\\\/\",\"url\":\"https:\\\/\\\/myntwork.com\\\/fr-be\\\/produit\\\/extension-de-bureau-avec-module-dextension-de-plateau-frezza\\\/\",\"name\":\"Extension de bureau avec module d\u2019extension de plateau Frezza | Myntwork Belgique\",\"isPartOf\":{\"@id\":\"https:\\\/\\\/myntwork.com\\\/fr-be\\\/#website\"},\"primaryImageOfPage\":{\"@id\":\"https:\\\/\\\/myntwork.com\\\/fr-be\\\/produit\\\/extension-de-bureau-avec-module-dextension-de-plateau-frezza\\\/#primaryimage\"},\"image\":{\"@id\":\"https:\\\/\\\/myntwork.com\\\/fr-be\\\/produit\\\/extension-de-bureau-avec-module-dextension-de-plateau-frezza\\\/#primaryimage\"},\"thumbnailUrl\":\"https:\\\/\\\/myntwork.com\\\/wp-content\\\/uploads\\\/2026\\\/08\\\/2b94e2658ae94e7a9b2df763893e4d7f.jpg\",\"datePublished\":\"2026-08-14T01:00:06+00:00\",\"description\":\"Ajoutez un espace de travail flexible avec l\u2019extension de bureau avec module d\u2019extension de plateau Frezza, id\u00e9ale pour adapter les bureaux \u00e0 l\u2019\u00e9volution des besoins professionnels. D\u00e9couvrez-la.\",\"breadcrumb\":{\"@id\":\"https:\\\/\\\/myntwork.com\\\/fr-be\\\/produit\\\/extension-de-bureau-avec-module-dextension-de-plateau-frezza\\\/#breadcrumb\"},\"inLanguage\":\"en-US\",\"potentialAction\":[{\"@type\":\"ReadAction\",\"target\":[\"https:\\\/\\\/myntwork.com\\\/fr-be\\\/produit\\\/extension-de-bureau-avec-module-dextension-de-plateau-frezza\\\/\"]}]},{\"@type\":\"ImageObject\",\"inLanguage\":\"en-US\",\"@id\":\"https:\\\/\\\/myntwork.com\\\/fr-be\\\/produit\\\/extension-de-bureau-avec-module-dextension-de-plateau-frezza\\\/#primaryimage\",\"url\":\"https:\\\/\\\/myntwork.com\\\/wp-content\\\/uploads\\\/2026\\\/08\\\/2b94e2658ae94e7a9b2df763893e4d7f.jpg\",\"contentUrl\":\"https:\\\/\\\/myntwork.com\\\/wp-content\\\/uploads\\\/2026\\\/08\\\/2b94e2658ae94e7a9b2df763893e4d7f.jpg\",\"caption\":\"Frezza Tabletop Extension Module Desk Extension\"},{\"@type\":\"BreadcrumbList\",\"@id\":\"https:\\\/\\\/myntwork.com\\\/fr-be\\\/produit\\\/extension-de-bureau-avec-module-dextension-de-plateau-frezza\\\/#breadcrumb\",\"itemListElement\":[{\"@type\":\"ListItem\",\"position\":1,\"name\":\"Home\",\"item\":\"https:\\\/\\\/myntwork.com\\\/fr-be\\\/\"},{\"@type\":\"ListItem\",\"position\":2,\"name\":\"Cat\u00e9gories\",\"item\":\"https:\\\/\\\/myntwork.com\\\/fr-be\\\/categories\\\/\"},{\"@type\":\"ListItem\",\"position\":3,\"name\":\"Extension de bureau avec module d\u2019extension de plateau Frezza\"}]},{\"@type\":\"WebSite\",\"@id\":\"https:\\\/\\\/myntwork.com\\\/fr-be\\\/#website\",\"url\":\"https:\\\/\\\/myntwork.com\\\/fr-be\\\/\",\"name\":\"Myntwork\",\"description\":\"Lease de mobilier de bureau neuf | \u00c0 partir de 3.95 par poste de travail\",\"publisher\":{\"@id\":\"https:\\\/\\\/myntwork.com\\\/fr-be\\\/#organization\"},\"potentialAction\":[{\"@type\":\"SearchAction\",\"target\":{\"@type\":\"EntryPoint\",\"urlTemplate\":\"https:\\\/\\\/myntwork.com\\\/fr-be\\\/?s={search_term_string}\"},\"query-input\":{\"@type\":\"PropertyValueSpecification\",\"valueRequired\":true,\"valueName\":\"search_term_string\"}}],\"inLanguage\":\"en-US\"},{\"@type\":\"Organization\",\"@id\":\"https:\\\/\\\/myntwork.com\\\/fr-be\\\/#organization\",\"name\":\"Myntwork\",\"url\":\"https:\\\/\\\/myntwork.com\\\/fr-be\\\/\",\"logo\":{\"@type\":\"ImageObject\",\"inLanguage\":\"en-US\",\"@id\":\"https:\\\/\\\/myntwork.com\\\/fr-be\\\/#\\\/schema\\\/logo\\\/image\\\/\",\"url\":\"https:\\\/\\\/myntwork.com\\\/wp-content\\\/uploads\\\/2025\\\/08\\\/myntwork.png\",\"contentUrl\":\"https:\\\/\\\/myntwork.com\\\/wp-content\\\/uploads\\\/2025\\\/08\\\/myntwork.png\",\"width\":696,\"height\":696,\"caption\":\"Myntwork\"},\"image\":{\"@id\":\"https:\\\/\\\/myntwork.com\\\/fr-be\\\/#\\\/schema\\\/logo\\\/image\\\/\"},\"description\":\"Myntwork is een Nederlands bedrijf, gespecialiseerd in het leasen van kantoormeubilair. Het concept draait om flexibiliteit, eenvoud en duurzaamheid, waarbij bedrijven hoogwaardige meubels kunnen huren zonder grote upfront investeringen.\",\"email\":\"contact@myntwork.com\",\"telephone\":\"+31854017823\",\"legalName\":\"Myntwork B.V.\",\"foundingDate\":\"2024-01-26\",\"vatID\":\"NL861015290B01\",\"numberOfEmployees\":{\"@type\":\"QuantitativeValue\",\"minValue\":\"1\",\"maxValue\":\"10\"}}]}<\/script>\n<meta property=\"product:brand\" content=\"Frezza\" \/>\n<meta property=\"product:price:amount\" content=\"1264.00\" \/>\n<meta property=\"product:price:currency\" content=\"EUR\" \/>\n<meta property=\"og:availability\" content=\"instock\" \/>\n<meta property=\"product:availability\" content=\"instock\" \/>\n<meta property=\"product:retailer_item_id\" content=\"AL1678\" \/>\n<meta property=\"product:condition\" content=\"new\" \/>\n<!-- \/ Yoast SEO Premium plugin. -->","yoast_head_json":{"title":"Extension de bureau avec module d\u2019extension de plateau Frezza | Myntwork Belgique","description":"Ajoutez un espace de travail flexible avec l\u2019extension de bureau avec module d\u2019extension de plateau Frezza, id\u00e9ale pour adapter les bureaux \u00e0 l\u2019\u00e9volution des\u2026","robots":{"index":"index","follow":"follow","max-snippet":"max-snippet:-1","max-image-preview":"max-image-preview:large","max-video-preview":"max-video-preview:-1"},"canonical":"https:\/\/myntwork.com\/fr-be\/produit\/extension-de-bureau-avec-module-dextension-de-plateau-frezza\/","og_locale":"en_US","og_type":"article","og_title":"Extension de bureau avec module d\u2019extension de plateau Frezza","og_description":"Ajoutez un espace de travail flexible avec l\u2019extension de bureau avec module d\u2019extension de plateau Frezza, id\u00e9ale pour adapter les bureaux \u00e0 l\u2019\u00e9volution des besoins professionnels. D\u00e9couvrez-la.","og_url":"https:\/\/myntwork.com\/fr-be\/produit\/extension-de-bureau-avec-module-dextension-de-plateau-frezza\/","og_site_name":"Myntwork Belgique","og_image":[{"url":"https:\/\/myntwork.com\/wp-content\/uploads\/2026\/08\/2b94e2658ae94e7a9b2df763893e4d7f.jpg","width":1200,"height":1200,"type":"image\/jpeg"}],"twitter_card":"summary_large_image","twitter_misc":{"Price":"&euro;1,264.00","Availability":"In stock"},"schema":{"@context":"https:\/\/schema.org","@graph":[{"@type":"WebPage","@id":"https:\/\/myntwork.com\/fr-be\/produit\/extension-de-bureau-avec-module-dextension-de-plateau-frezza\/","url":"https:\/\/myntwork.com\/fr-be\/produit\/extension-de-bureau-avec-module-dextension-de-plateau-frezza\/","name":"Extension de bureau avec module d\u2019extension de plateau Frezza | Myntwork Belgique","isPartOf":{"@id":"https:\/\/myntwork.com\/fr-be\/#website"},"primaryImageOfPage":{"@id":"https:\/\/myntwork.com\/fr-be\/produit\/extension-de-bureau-avec-module-dextension-de-plateau-frezza\/#primaryimage"},"image":{"@id":"https:\/\/myntwork.com\/fr-be\/produit\/extension-de-bureau-avec-module-dextension-de-plateau-frezza\/#primaryimage"},"thumbnailUrl":"https:\/\/myntwork.com\/wp-content\/uploads\/2026\/08\/2b94e2658ae94e7a9b2df763893e4d7f.jpg","datePublished":"2026-08-14T01:00:06+00:00","description":"Ajoutez un espace de travail flexible avec l\u2019extension de bureau avec module d\u2019extension de plateau Frezza, id\u00e9ale pour adapter les bureaux \u00e0 l\u2019\u00e9volution des besoins professionnels. D\u00e9couvrez-la.","breadcrumb":{"@id":"https:\/\/myntwork.com\/fr-be\/produit\/extension-de-bureau-avec-module-dextension-de-plateau-frezza\/#breadcrumb"},"inLanguage":"en-US","potentialAction":[{"@type":"ReadAction","target":["https:\/\/myntwork.com\/fr-be\/produit\/extension-de-bureau-avec-module-dextension-de-plateau-frezza\/"]}]},{"@type":"ImageObject","inLanguage":"en-US","@id":"https:\/\/myntwork.com\/fr-be\/produit\/extension-de-bureau-avec-module-dextension-de-plateau-frezza\/#primaryimage","url":"https:\/\/myntwork.com\/wp-content\/uploads\/2026\/08\/2b94e2658ae94e7a9b2df763893e4d7f.jpg","contentUrl":"https:\/\/myntwork.com\/wp-content\/uploads\/2026\/08\/2b94e2658ae94e7a9b2df763893e4d7f.jpg","caption":"Frezza Tabletop Extension Module Desk Extension"},{"@type":"BreadcrumbList","@id":"https:\/\/myntwork.com\/fr-be\/produit\/extension-de-bureau-avec-module-dextension-de-plateau-frezza\/#breadcrumb","itemListElement":[{"@type":"ListItem","position":1,"name":"Home","item":"https:\/\/myntwork.com\/fr-be\/"},{"@type":"ListItem","position":2,"name":"Cat\u00e9gories","item":"https:\/\/myntwork.com\/fr-be\/categories\/"},{"@type":"ListItem","position":3,"name":"Extension de bureau avec module d\u2019extension de plateau Frezza"}]},{"@type":"WebSite","@id":"https:\/\/myntwork.com\/fr-be\/#website","url":"https:\/\/myntwork.com\/fr-be\/","name":"Myntwork","description":"Lease de mobilier de bureau neuf | \u00c0 partir de 3.95 par poste de travail","publisher":{"@id":"https:\/\/myntwork.com\/fr-be\/#organization"},"potentialAction":[{"@type":"SearchAction","target":{"@type":"EntryPoint","urlTemplate":"https:\/\/myntwork.com\/fr-be\/?s={search_term_string}"},"query-input":{"@type":"PropertyValueSpecification","valueRequired":true,"valueName":"search_term_string"}}],"inLanguage":"en-US"},{"@type":"Organization","@id":"https:\/\/myntwork.com\/fr-be\/#organization","name":"Myntwork","url":"https:\/\/myntwork.com\/fr-be\/","logo":{"@type":"ImageObject","inLanguage":"en-US","@id":"https:\/\/myntwork.com\/fr-be\/#\/schema\/logo\/image\/","url":"https:\/\/myntwork.com\/wp-content\/uploads\/2025\/08\/myntwork.png","contentUrl":"https:\/\/myntwork.com\/wp-content\/uploads\/2025\/08\/myntwork.png","width":696,"height":696,"caption":"Myntwork"},"image":{"@id":"https:\/\/myntwork.com\/fr-be\/#\/schema\/logo\/image\/"},"description":"Myntwork is een Nederlands bedrijf, gespecialiseerd in het leasen van kantoormeubilair. Het concept draait om flexibiliteit, eenvoud en duurzaamheid, waarbij bedrijven hoogwaardige meubels kunnen huren zonder grote upfront investeringen.","email":"contact@myntwork.com","telephone":"+31854017823","legalName":"Myntwork B.V.","foundingDate":"2024-01-26","vatID":"NL861015290B01","numberOfEmployees":{"@type":"QuantitativeValue","minValue":"1","maxValue":"10"}}]},"product_brand":"Frezza","product_price_amount":"1264.00","product_price_currency":"EUR","og_availability":"instock","product_availability":"instock","product_retailer_item_id":"AL1678","product_condition":"new"},"_links":{"self":[{"href":"https:\/\/myntwork.com\/fr-be\/wp-json\/wp\/v2\/product\/9060","targetHints":{"allow":["GET"]}}],"collection":[{"href":"https:\/\/myntwork.com\/fr-be\/wp-json\/wp\/v2\/product"}],"about":[{"href":"https:\/\/myntwork.com\/fr-be\/wp-json\/wp\/v2\/types\/product"}],"replies":[{"embeddable":true,"href":"https:\/\/myntwork.com\/fr-be\/wp-json\/wp\/v2\/comments?post=9060"}],"wp:featuredmedia":[{"embeddable":true,"href":"https:\/\/myntwork.com\/fr-be\/wp-json\/wp\/v2\/media\/4542"}],"wp:attachment":[{"href":"https:\/\/myntwork.com\/fr-be\/wp-json\/wp\/v2\/media?parent=9060"}],"wp:term":[{"taxonomy":"product_brand","embeddable":true,"href":"https:\/\/myntwork.com\/fr-be\/wp-json\/wp\/v2\/product_brand?post=9060"},{"taxonomy":"product_cat","embeddable":true,"href":"https:\/\/myntwork.com\/fr-be\/wp-json\/wp\/v2\/product_cat?post=9060"},{"taxonomy":"product_tag","embeddable":true,"href":"https:\/\/myntwork.com\/fr-be\/wp-json\/wp\/v2\/product_tag?post=9060"}],"curies":[{"name":"wp","href":"https:\/\/api.w.org\/{rel}","templated":true}]}}