{"id":31260,"date":"2026-08-27T21:44:21","date_gmt":"2026-08-27T21:44:21","guid":{"rendered":"https:\/\/myntwork.com\/fr-ca\/product\/chaise-a-structure-kusch-co-v-care\/"},"modified":"2026-08-27T21:44:21","modified_gmt":"2026-08-27T21:44:21","slug":"chaise-a-structure-kusch-co-v-care","status":"publish","type":"product","link":"https:\/\/myntwork.com\/fr-ca\/produit\/chaise-a-structure-kusch-co-v-care\/","title":{"rendered":"Chaise \u00e0 structure Kusch + Co V-Care"},"content":{"rendered":"<h2>Chaises \u00e0 structure pour les r\u00e9unions et les espaces polyvalents<\/h2>\n<p>V-Care est une collection de chaises de r\u00e9union et polyvalentes de Kusch + Co, con\u00e7ues pour les espaces qui n\u00e9cessitent des si\u00e8ges pratiques et homog\u00e8nes. Les quatre mod\u00e8les partagent une sp\u00e9cification simple : aucun r\u00e9glage de la hauteur d\u2019assise, de la hauteur du dossier ou de la profondeur d\u2019assise, aucun soutien lombaire ni appuie-t\u00eate, et aucun m\u00e9canisme int\u00e9gr\u00e9.<\/p>\n<p>Cette simplicit\u00e9 peut rendre la collection adapt\u00e9e aux salles de r\u00e9union, espaces de projet, environnements de formation et autres espaces partag\u00e9s o\u00f9 les chaises doivent \u00eatre faciles \u00e0 comprendre et \u00e0 utiliser. Chaque mod\u00e8le poss\u00e8de une hauteur d\u2019assise de 46 cm, tandis que les largeurs vont de 51 \u00e0 63 cm pour l\u2019ensemble de la collection.<\/p>\n<h2>Choisissez la structure et la finition adapt\u00e9es \u00e0 votre espace<\/h2>\n<p>La gamme comprend une structure en acier \u00e0 pi\u00e8tement luge double et des mod\u00e8les \u00e0 structure quatre pieds. Certaines versions sont \u00e9quip\u00e9es d\u2019accoudoirs fixes, tandis que d\u2019autres n\u2019ont pas d\u2019accoudoirs. Les options de rev\u00eatement repr\u00e9sent\u00e9es dans la collection comprennent l\u2019absence de rev\u00eatement, le plastique et le tissu, les dossiers en plastique \u00e9tant pr\u00e9sents sur les mod\u00e8les r\u00e9pertori\u00e9s.<\/p>\n<p>Les coloris disponibles comprennent le noir, le gris, le beige, le bleu, le marron, le vert, le rose, le violet, le rouge, l\u2019argent\u00e9, le blanc et le jaune. Vous pouvez ainsi conserver une palette sobre dans une salle de r\u00e9union ou introduire de la couleur dans les espaces collaboratifs et polyvalents.<\/p>\n","protected":false},"excerpt":{"rendered":"<p>Voir tous les mod\u00e8les de chaises \u00e0 structure Kusch + Co V-Care.<\/p>\n","protected":false},"featured_media":22281,"comment_status":"open","ping_status":"closed","template":"","meta":{"_acf_changed":false},"product_brand":[3394],"product_cat":[129,150,130],"product_tag":[],"class_list":["post-31260","product","type-product","status-publish","has-post-thumbnail","product_brand-kusch-co","product_cat-chaises","product_cat-chaises-de-cantine","product_cat-chaises-de-conference","pa_accoudoirs-fixed-armrests","pa_accoudoirs-no","pa_avec-appuie-tete-no","pa_avec-soutien-lombaire-no","pa_collection-v-care","pa_couleur-du-pietement-silver","pa_couleur-du-pietement-beige","pa_couleur-du-pietement-white","pa_couleur-du-pietement-blue","pa_couleur-du-pietement-grey","pa_couleur-du-pietement-yellow","pa_couleur-du-pietement-brown","pa_couleur-du-pietement-black","pa_couleur-du-pietement-pink","pa_couleur-du-pietement-red","pa_couleur-du-pietement-green","pa_couleur-du-pietement-purple","pa_garantie-2-year","pa_hauteur-dassise-maximale-1917","pa_hauteur-dassise-minimale-2434","pa_hauteur-dassise-reglable-no","pa_hauteur-du-dossier-reglable-no","pa_largeur-maximale-2234","pa_largeur-maximale-2236","pa_largeur-maximale-2301","pa_largeur-maximale-2247","pa_largeur-minimale-2732","pa_largeur-minimale-2734","pa_largeur-minimale-2799","pa_largeur-minimale-2745","pa_lest-maximal-135-kg","pa_marque-kusch-co","pa_materiau-du-pietement-steel","pa_materiau-du-pietement-metal","pa_materiau-du-revetement-plastic","pa_materiau-du-revetement-no-upholstery","pa_materiau-du-revetement-fabric","pa_mecanisme-no-mechanism","pa_profondeur-dassise-reglable-no","pa_type-de-chaise-de-bureau-meeting-chair","pa_type-de-chaise-de-bureau-multipurpose-chair","first","instock","virtual","sold-individually","product-type-mynt_group"],"acf":[],"yoast_head":"<!-- This site is optimized with the Yoast SEO Premium plugin v25.6 (Yoast SEO v28.3) - https:\/\/yoast.com\/product\/yoast-seo-premium-wordpress\/ -->\n<title>Chaises \u00e0 structure Kusch + Co V-Care | Myntwork<\/title>\n<meta name=\"description\" content=\"D\u00e9couvrez les chaises \u00e0 structure Kusch + Co V-Care pour les espaces de r\u00e9union et polyvalents. Comparez les mod\u00e8les \u00e0 pi\u00e8tement luge et quatre pieds, les\u2026\" \/>\n<meta name=\"robots\" content=\"index, follow, max-snippet:-1, max-image-preview:large, max-video-preview:-1\" \/>\n<link rel=\"canonical\" href=\"https:\/\/myntwork.com\/fr-ca\/produit\/chaise-a-structure-kusch-co-v-care\/\" \/>\n<meta property=\"og:locale\" content=\"en_US\" \/>\n<meta property=\"og:type\" content=\"article\" \/>\n<meta property=\"og:title\" content=\"Chaise \u00e0 structure Kusch + Co V-Care\" \/>\n<meta property=\"og:description\" content=\"D\u00e9couvrez les chaises \u00e0 structure Kusch + Co V-Care pour les espaces de r\u00e9union et polyvalents. Comparez les mod\u00e8les \u00e0 pi\u00e8tement luge et quatre pieds, les accoudoirs, les rev\u00eatements et les coloris.\" \/>\n<meta property=\"og:url\" content=\"https:\/\/myntwork.com\/fr-ca\/produit\/chaise-a-structure-kusch-co-v-care\/\" \/>\n<meta property=\"og:site_name\" content=\"Myntwork Canada Fran\u00e7ais\" \/>\n<meta property=\"og:image\" content=\"https:\/\/myntwork.com\/wp-content\/uploads\/2026\/08\/04e0d77f2a9546a3af5f5595645d4aca.jpg\" \/>\n\t<meta property=\"og:image:width\" content=\"1200\" \/>\n\t<meta property=\"og:image:height\" content=\"1200\" \/>\n\t<meta property=\"og:image:type\" content=\"image\/jpeg\" \/>\n<meta name=\"twitter:card\" content=\"summary_large_image\" \/>\n<meta name=\"twitter:label1\" content=\"Price\" \/>\n\t<meta name=\"twitter:data1\" content=\"&#036;649.00\" \/>\n\t<meta name=\"twitter:label2\" content=\"Availability\" \/>\n\t<meta name=\"twitter:data2\" content=\"In stock\" \/>\n<script type=\"application\/ld+json\" class=\"yoast-schema-graph\">{\"@context\":\"https:\\\/\\\/schema.org\",\"@graph\":[{\"@type\":\"WebPage\",\"@id\":\"https:\\\/\\\/myntwork.com\\\/fr-ca\\\/produit\\\/chaise-a-structure-kusch-co-v-care\\\/\",\"url\":\"https:\\\/\\\/myntwork.com\\\/fr-ca\\\/produit\\\/chaise-a-structure-kusch-co-v-care\\\/\",\"name\":\"Chaises \u00e0 structure Kusch + Co V-Care | Myntwork\",\"isPartOf\":{\"@id\":\"https:\\\/\\\/myntwork.com\\\/fr-ca\\\/#website\"},\"primaryImageOfPage\":{\"@id\":\"https:\\\/\\\/myntwork.com\\\/fr-ca\\\/produit\\\/chaise-a-structure-kusch-co-v-care\\\/#primaryimage\"},\"image\":{\"@id\":\"https:\\\/\\\/myntwork.com\\\/fr-ca\\\/produit\\\/chaise-a-structure-kusch-co-v-care\\\/#primaryimage\"},\"thumbnailUrl\":\"https:\\\/\\\/myntwork.com\\\/wp-content\\\/uploads\\\/2026\\\/08\\\/04e0d77f2a9546a3af5f5595645d4aca.jpg\",\"datePublished\":\"2026-08-27T21:44:21+00:00\",\"description\":\"D\u00e9couvrez les chaises \u00e0 structure Kusch + Co V-Care pour les espaces de r\u00e9union et polyvalents. Comparez les mod\u00e8les \u00e0 pi\u00e8tement luge et quatre pieds, les accoudoirs, les rev\u00eatements et les coloris.\",\"breadcrumb\":{\"@id\":\"https:\\\/\\\/myntwork.com\\\/fr-ca\\\/produit\\\/chaise-a-structure-kusch-co-v-care\\\/#breadcrumb\"},\"inLanguage\":\"en-US\",\"potentialAction\":[{\"@type\":\"ReadAction\",\"target\":[\"https:\\\/\\\/myntwork.com\\\/fr-ca\\\/produit\\\/chaise-a-structure-kusch-co-v-care\\\/\"]}]},{\"@type\":\"ImageObject\",\"inLanguage\":\"en-US\",\"@id\":\"https:\\\/\\\/myntwork.com\\\/fr-ca\\\/produit\\\/chaise-a-structure-kusch-co-v-care\\\/#primaryimage\",\"url\":\"https:\\\/\\\/myntwork.com\\\/wp-content\\\/uploads\\\/2026\\\/08\\\/04e0d77f2a9546a3af5f5595645d4aca.jpg\",\"contentUrl\":\"https:\\\/\\\/myntwork.com\\\/wp-content\\\/uploads\\\/2026\\\/08\\\/04e0d77f2a9546a3af5f5595645d4aca.jpg\",\"caption\":\"Kusch + Co V-Care Stationary Chair 4-Leg Stb Frame Plastic Back Frame Chair\"},{\"@type\":\"BreadcrumbList\",\"@id\":\"https:\\\/\\\/myntwork.com\\\/fr-ca\\\/produit\\\/chaise-a-structure-kusch-co-v-care\\\/#breadcrumb\",\"itemListElement\":[{\"@type\":\"ListItem\",\"position\":1,\"name\":\"Home\",\"item\":\"https:\\\/\\\/myntwork.com\\\/fr-ca\\\/\"},{\"@type\":\"ListItem\",\"position\":2,\"name\":\"Cat\u00e9gories\",\"item\":\"https:\\\/\\\/myntwork.com\\\/fr-ca\\\/categories\\\/\"},{\"@type\":\"ListItem\",\"position\":3,\"name\":\"Chaise \u00e0 structure Kusch + Co V-Care\"}]},{\"@type\":\"WebSite\",\"@id\":\"https:\\\/\\\/myntwork.com\\\/fr-ca\\\/#website\",\"url\":\"https:\\\/\\\/myntwork.com\\\/fr-ca\\\/\",\"name\":\"Myntwork\",\"description\":\"Lease de mobilier de bureau neuf | \u00c0 partir de 3.95 par poste de travail\",\"publisher\":{\"@id\":\"https:\\\/\\\/myntwork.com\\\/fr-ca\\\/#organization\"},\"potentialAction\":[{\"@type\":\"SearchAction\",\"target\":{\"@type\":\"EntryPoint\",\"urlTemplate\":\"https:\\\/\\\/myntwork.com\\\/fr-ca\\\/?s={search_term_string}\"},\"query-input\":{\"@type\":\"PropertyValueSpecification\",\"valueRequired\":true,\"valueName\":\"search_term_string\"}}],\"inLanguage\":\"en-US\"},{\"@type\":\"Organization\",\"@id\":\"https:\\\/\\\/myntwork.com\\\/fr-ca\\\/#organization\",\"name\":\"Myntwork\",\"url\":\"https:\\\/\\\/myntwork.com\\\/fr-ca\\\/\",\"logo\":{\"@type\":\"ImageObject\",\"inLanguage\":\"en-US\",\"@id\":\"https:\\\/\\\/myntwork.com\\\/fr-ca\\\/#\\\/schema\\\/logo\\\/image\\\/\",\"url\":\"https:\\\/\\\/myntwork.com\\\/wp-content\\\/uploads\\\/2025\\\/08\\\/myntwork.png\",\"contentUrl\":\"https:\\\/\\\/myntwork.com\\\/wp-content\\\/uploads\\\/2025\\\/08\\\/myntwork.png\",\"width\":696,\"height\":696,\"caption\":\"Myntwork\"},\"image\":{\"@id\":\"https:\\\/\\\/myntwork.com\\\/fr-ca\\\/#\\\/schema\\\/logo\\\/image\\\/\"},\"description\":\"Myntwork is een Nederlands bedrijf, gespecialiseerd in het leasen van kantoormeubilair. Het concept draait om flexibiliteit, eenvoud en duurzaamheid, waarbij bedrijven hoogwaardige meubels kunnen huren zonder grote upfront investeringen.\",\"email\":\"contact@myntwork.com\",\"telephone\":\"+31854017823\",\"legalName\":\"Myntwork B.V.\",\"foundingDate\":\"2024-01-26\",\"vatID\":\"NL861015290B01\",\"numberOfEmployees\":{\"@type\":\"QuantitativeValue\",\"minValue\":\"1\",\"maxValue\":\"10\"}}]}<\/script>\n<meta property=\"product:brand\" content=\"Kusch + Co\" \/>\n<meta property=\"product:price:amount\" content=\"649.00\" \/>\n<meta property=\"product:price:currency\" content=\"CAD\" \/>\n<meta property=\"og:availability\" content=\"instock\" \/>\n<meta property=\"product:availability\" content=\"instock\" \/>\n<meta property=\"product:retailer_item_id\" content=\"GROUP-025C6EAD5313\" \/>\n<meta property=\"product:condition\" content=\"new\" \/>\n<!-- \/ Yoast SEO Premium plugin. -->","yoast_head_json":{"title":"Chaises \u00e0 structure Kusch + Co V-Care | Myntwork","description":"D\u00e9couvrez les chaises \u00e0 structure Kusch + Co V-Care pour les espaces de r\u00e9union et polyvalents. Comparez les mod\u00e8les \u00e0 pi\u00e8tement luge et quatre pieds, les\u2026","robots":{"index":"index","follow":"follow","max-snippet":"max-snippet:-1","max-image-preview":"max-image-preview:large","max-video-preview":"max-video-preview:-1"},"canonical":"https:\/\/myntwork.com\/fr-ca\/produit\/chaise-a-structure-kusch-co-v-care\/","og_locale":"en_US","og_type":"article","og_title":"Chaise \u00e0 structure Kusch + Co V-Care","og_description":"D\u00e9couvrez les chaises \u00e0 structure Kusch + Co V-Care pour les espaces de r\u00e9union et polyvalents. Comparez les mod\u00e8les \u00e0 pi\u00e8tement luge et quatre pieds, les accoudoirs, les rev\u00eatements et les coloris.","og_url":"https:\/\/myntwork.com\/fr-ca\/produit\/chaise-a-structure-kusch-co-v-care\/","og_site_name":"Myntwork Canada Fran\u00e7ais","og_image":[{"url":"https:\/\/myntwork.com\/wp-content\/uploads\/2026\/08\/04e0d77f2a9546a3af5f5595645d4aca.jpg","width":1200,"height":1200,"type":"image\/jpeg"}],"twitter_card":"summary_large_image","twitter_misc":{"Price":"&#36;649.00","Availability":"In stock"},"schema":{"@context":"https:\/\/schema.org","@graph":[{"@type":"WebPage","@id":"https:\/\/myntwork.com\/fr-ca\/produit\/chaise-a-structure-kusch-co-v-care\/","url":"https:\/\/myntwork.com\/fr-ca\/produit\/chaise-a-structure-kusch-co-v-care\/","name":"Chaises \u00e0 structure Kusch + Co V-Care | Myntwork","isPartOf":{"@id":"https:\/\/myntwork.com\/fr-ca\/#website"},"primaryImageOfPage":{"@id":"https:\/\/myntwork.com\/fr-ca\/produit\/chaise-a-structure-kusch-co-v-care\/#primaryimage"},"image":{"@id":"https:\/\/myntwork.com\/fr-ca\/produit\/chaise-a-structure-kusch-co-v-care\/#primaryimage"},"thumbnailUrl":"https:\/\/myntwork.com\/wp-content\/uploads\/2026\/08\/04e0d77f2a9546a3af5f5595645d4aca.jpg","datePublished":"2026-08-27T21:44:21+00:00","description":"D\u00e9couvrez les chaises \u00e0 structure Kusch + Co V-Care pour les espaces de r\u00e9union et polyvalents. Comparez les mod\u00e8les \u00e0 pi\u00e8tement luge et quatre pieds, les accoudoirs, les rev\u00eatements et les coloris.","breadcrumb":{"@id":"https:\/\/myntwork.com\/fr-ca\/produit\/chaise-a-structure-kusch-co-v-care\/#breadcrumb"},"inLanguage":"en-US","potentialAction":[{"@type":"ReadAction","target":["https:\/\/myntwork.com\/fr-ca\/produit\/chaise-a-structure-kusch-co-v-care\/"]}]},{"@type":"ImageObject","inLanguage":"en-US","@id":"https:\/\/myntwork.com\/fr-ca\/produit\/chaise-a-structure-kusch-co-v-care\/#primaryimage","url":"https:\/\/myntwork.com\/wp-content\/uploads\/2026\/08\/04e0d77f2a9546a3af5f5595645d4aca.jpg","contentUrl":"https:\/\/myntwork.com\/wp-content\/uploads\/2026\/08\/04e0d77f2a9546a3af5f5595645d4aca.jpg","caption":"Kusch + Co V-Care Stationary Chair 4-Leg Stb Frame Plastic Back Frame Chair"},{"@type":"BreadcrumbList","@id":"https:\/\/myntwork.com\/fr-ca\/produit\/chaise-a-structure-kusch-co-v-care\/#breadcrumb","itemListElement":[{"@type":"ListItem","position":1,"name":"Home","item":"https:\/\/myntwork.com\/fr-ca\/"},{"@type":"ListItem","position":2,"name":"Cat\u00e9gories","item":"https:\/\/myntwork.com\/fr-ca\/categories\/"},{"@type":"ListItem","position":3,"name":"Chaise \u00e0 structure Kusch + Co V-Care"}]},{"@type":"WebSite","@id":"https:\/\/myntwork.com\/fr-ca\/#website","url":"https:\/\/myntwork.com\/fr-ca\/","name":"Myntwork","description":"Lease de mobilier de bureau neuf | \u00c0 partir de 3.95 par poste de travail","publisher":{"@id":"https:\/\/myntwork.com\/fr-ca\/#organization"},"potentialAction":[{"@type":"SearchAction","target":{"@type":"EntryPoint","urlTemplate":"https:\/\/myntwork.com\/fr-ca\/?s={search_term_string}"},"query-input":{"@type":"PropertyValueSpecification","valueRequired":true,"valueName":"search_term_string"}}],"inLanguage":"en-US"},{"@type":"Organization","@id":"https:\/\/myntwork.com\/fr-ca\/#organization","name":"Myntwork","url":"https:\/\/myntwork.com\/fr-ca\/","logo":{"@type":"ImageObject","inLanguage":"en-US","@id":"https:\/\/myntwork.com\/fr-ca\/#\/schema\/logo\/image\/","url":"https:\/\/myntwork.com\/wp-content\/uploads\/2025\/08\/myntwork.png","contentUrl":"https:\/\/myntwork.com\/wp-content\/uploads\/2025\/08\/myntwork.png","width":696,"height":696,"caption":"Myntwork"},"image":{"@id":"https:\/\/myntwork.com\/fr-ca\/#\/schema\/logo\/image\/"},"description":"Myntwork is een Nederlands bedrijf, gespecialiseerd in het leasen van kantoormeubilair. Het concept draait om flexibiliteit, eenvoud en duurzaamheid, waarbij bedrijven hoogwaardige meubels kunnen huren zonder grote upfront investeringen.","email":"contact@myntwork.com","telephone":"+31854017823","legalName":"Myntwork B.V.","foundingDate":"2024-01-26","vatID":"NL861015290B01","numberOfEmployees":{"@type":"QuantitativeValue","minValue":"1","maxValue":"10"}}]},"product_brand":"Kusch + Co","product_price_amount":"649.00","product_price_currency":"CAD","og_availability":"instock","product_availability":"instock","product_retailer_item_id":"GROUP-025C6EAD5313","product_condition":"new"},"_links":{"self":[{"href":"https:\/\/myntwork.com\/fr-ca\/wp-json\/wp\/v2\/product\/31260","targetHints":{"allow":["GET"]}}],"collection":[{"href":"https:\/\/myntwork.com\/fr-ca\/wp-json\/wp\/v2\/product"}],"about":[{"href":"https:\/\/myntwork.com\/fr-ca\/wp-json\/wp\/v2\/types\/product"}],"replies":[{"embeddable":true,"href":"https:\/\/myntwork.com\/fr-ca\/wp-json\/wp\/v2\/comments?post=31260"}],"wp:featuredmedia":[{"embeddable":true,"href":"https:\/\/myntwork.com\/fr-ca\/wp-json\/wp\/v2\/media\/22281"}],"wp:attachment":[{"href":"https:\/\/myntwork.com\/fr-ca\/wp-json\/wp\/v2\/media?parent=31260"}],"wp:term":[{"taxonomy":"product_brand","embeddable":true,"href":"https:\/\/myntwork.com\/fr-ca\/wp-json\/wp\/v2\/product_brand?post=31260"},{"taxonomy":"product_cat","embeddable":true,"href":"https:\/\/myntwork.com\/fr-ca\/wp-json\/wp\/v2\/product_cat?post=31260"},{"taxonomy":"product_tag","embeddable":true,"href":"https:\/\/myntwork.com\/fr-ca\/wp-json\/wp\/v2\/product_tag?post=31260"}],"curies":[{"name":"wp","href":"https:\/\/api.w.org\/{rel}","templated":true}]}}