{"id":31283,"date":"2026-08-27T23:13:50","date_gmt":"2026-08-27T23:13:50","guid":{"rendered":"https:\/\/myntwork.com\/fr-ca\/product\/fauteuil-kusch-co-palato\/"},"modified":"2026-08-27T23:13:50","modified_gmt":"2026-08-27T23:13:50","slug":"fauteuil-kusch-co-palato","status":"publish","type":"product","link":"https:\/\/myntwork.com\/fr-ca\/produit\/fauteuil-kusch-co-palato\/","title":{"rendered":"Fauteuil Kusch + Co Palato"},"content":{"rendered":"<h2>Fauteuils pour espaces professionnels propices \u00e0 la d\u00e9tente<\/h2>\n<p>Les fauteuils Palato sont con\u00e7us pour les espaces o\u00f9 l&#8217;on a besoin d&#8217;une assise confortable pour s&#8217;asseoir, \u00e9changer ou patienter. La collection convient aux espaces lounge de bureaux, aux zones d&#8217;accueil, aux coins r\u00e9union et aux autres espaces partag\u00e9s qui b\u00e9n\u00e9ficient d&#8217;une alternative plus douce aux si\u00e8ges de travail.<\/p>\n<p>Les deux mod\u00e8les disponibles sont dot\u00e9s d&#8217;un rev\u00eatement en tissu, d&#8217;accoudoirs fixes et d&#8217;une base \u00e0 quatre pieds. Ce sont des fauteuils lounge non r\u00e9glables plut\u00f4t que des si\u00e8ges de bureau ergonomiques, ce qui en fait un choix simple pour les am\u00e9nagements favorisant la d\u00e9tente.<\/p>\n<h2>Choisissez entre deux designs Palato<\/h2>\n<p>Le Palato 4LA est un fauteuil \u00e0 quatre pieds rembourr\u00e9, avec des accoudoirs fixes et une silhouette visuelle plus compacte. Le Palato 4LA HB ajoute un dossier haut, donnant au fauteuil une apparence plus enveloppante pour les espaces lounge et les zones d&#8217;attente.<\/p>\n<p>Les deux mod\u00e8les ont une hauteur d&#8217;assise indiqu\u00e9e de 45 cm et une largeur de 56 cm. Les coloris de tissu comprennent le noir, le bleu, le marron, le dor\u00e9, le vert, le gris, l&#8217;orange, le rose, le violet, le rouge et l&#8217;argent\u00e9, tandis que les coloris de la base en bois comprennent le noir, le gris, le beige, le marron, le blanc et l&#8217;aspect bois.<\/p>\n","protected":false},"excerpt":{"rendered":"<p>Voir tous les mod\u00e8les de fauteuils Kusch + Co Palato.<\/p>\n","protected":false},"featured_media":24190,"comment_status":"open","ping_status":"closed","template":"","meta":{"_acf_changed":false},"product_brand":[3394],"product_cat":[16,182],"product_tag":[],"class_list":["post-31283","product","type-product","status-publish","has-post-thumbnail","product_brand-kusch-co","product_cat-canapes-fauteuils-lounge","product_cat-fauteuils-lounge-fauteuils","pa_accoudoirs-fixed-armrests","pa_avec-appuie-tete-no","pa_avec-soutien-lombaire-no","pa_collection-palato","pa_couleur-du-pietement-beige","pa_couleur-du-pietement-white","pa_couleur-du-pietement-wood","pa_couleur-du-pietement-grey","pa_couleur-du-pietement-brown","pa_couleur-du-pietement-black","pa_couleur-du-revetement-silver","pa_couleur-du-revetement-blue","pa_couleur-du-revetement-grey","pa_couleur-du-revetement-brown","pa_couleur-du-revetement-black","pa_couleur-du-revetement-gold","pa_couleur-du-revetement-orange","pa_couleur-du-revetement-pink","pa_couleur-du-revetement-red","pa_couleur-du-revetement-green","pa_couleur-du-revetement-purple","pa_garantie-2-year","pa_hauteur-dassise-maximale-1966","pa_hauteur-dassise-minimale-2485","pa_hauteur-dassise-reglable-no","pa_hauteur-du-dossier-reglable-no","pa_largeur-maximale-2299","pa_largeur-minimale-2797","pa_lest-maximal-135-kg","pa_marque-kusch-co","pa_materiau-du-pietement-wood","pa_materiau-du-revetement-fabric","pa_mecanisme-no-mechanism","pa_profondeur-dassise-reglable-no","pa_standardisation-not-specified","pa_type-de-chaise-de-bureau-lounge-chair","first","instock","virtual","sold-individually","product-type-mynt_group"],"acf":[],"yoast_head":"<!-- This site is optimized with the Yoast SEO Premium plugin v25.6 (Yoast SEO v28.3) - https:\/\/yoast.com\/product\/yoast-seo-premium-wordpress\/ -->\n<title>Fauteuil Kusch + Co Palato | Myntwork<\/title>\n<meta name=\"description\" content=\"D\u00e9couvrez les fauteuils Kusch + Co Palato pour les espaces lounge, avec rev\u00eatement en tissu, accoudoirs fixes, bases en bois \u00e0 quatre pieds et un large choix\u2026\" \/>\n<meta name=\"robots\" content=\"index, follow, max-snippet:-1, max-image-preview:large, max-video-preview:-1\" \/>\n<link rel=\"canonical\" href=\"https:\/\/myntwork.com\/fr-ca\/produit\/fauteuil-kusch-co-palato\/\" \/>\n<meta property=\"og:locale\" content=\"en_US\" \/>\n<meta property=\"og:type\" content=\"article\" \/>\n<meta property=\"og:title\" content=\"Fauteuil Kusch + Co Palato\" \/>\n<meta property=\"og:description\" content=\"D\u00e9couvrez les fauteuils Kusch + Co Palato pour les espaces lounge, avec rev\u00eatement en tissu, accoudoirs fixes, bases en bois \u00e0 quatre pieds et un large choix de coloris disponibles en lease.\" \/>\n<meta property=\"og:url\" content=\"https:\/\/myntwork.com\/fr-ca\/produit\/fauteuil-kusch-co-palato\/\" \/>\n<meta property=\"og:site_name\" content=\"Myntwork Canada Fran\u00e7ais\" \/>\n<meta property=\"og:image\" content=\"https:\/\/myntwork.com\/wp-content\/uploads\/2026\/08\/8c1549ee78834796907d6899e7538153.jpg\" \/>\n\t<meta property=\"og:image:width\" content=\"1200\" \/>\n\t<meta property=\"og:image:height\" content=\"1200\" \/>\n\t<meta property=\"og:image:type\" content=\"image\/jpeg\" \/>\n<meta name=\"twitter:card\" content=\"summary_large_image\" \/>\n<meta name=\"twitter:label1\" content=\"Price\" \/>\n\t<meta name=\"twitter:data1\" content=\"&#036;990.00\" \/>\n\t<meta name=\"twitter:label2\" content=\"Availability\" \/>\n\t<meta name=\"twitter:data2\" content=\"In stock\" \/>\n<script type=\"application\/ld+json\" class=\"yoast-schema-graph\">{\"@context\":\"https:\\\/\\\/schema.org\",\"@graph\":[{\"@type\":\"WebPage\",\"@id\":\"https:\\\/\\\/myntwork.com\\\/fr-ca\\\/produit\\\/fauteuil-kusch-co-palato\\\/\",\"url\":\"https:\\\/\\\/myntwork.com\\\/fr-ca\\\/produit\\\/fauteuil-kusch-co-palato\\\/\",\"name\":\"Fauteuil Kusch + Co Palato | Myntwork\",\"isPartOf\":{\"@id\":\"https:\\\/\\\/myntwork.com\\\/fr-ca\\\/#website\"},\"primaryImageOfPage\":{\"@id\":\"https:\\\/\\\/myntwork.com\\\/fr-ca\\\/produit\\\/fauteuil-kusch-co-palato\\\/#primaryimage\"},\"image\":{\"@id\":\"https:\\\/\\\/myntwork.com\\\/fr-ca\\\/produit\\\/fauteuil-kusch-co-palato\\\/#primaryimage\"},\"thumbnailUrl\":\"https:\\\/\\\/myntwork.com\\\/wp-content\\\/uploads\\\/2026\\\/08\\\/8c1549ee78834796907d6899e7538153.jpg\",\"datePublished\":\"2026-08-27T23:13:50+00:00\",\"description\":\"D\u00e9couvrez les fauteuils Kusch + Co Palato pour les espaces lounge, avec rev\u00eatement en tissu, accoudoirs fixes, bases en bois \u00e0 quatre pieds et un large choix de coloris disponibles en lease.\",\"breadcrumb\":{\"@id\":\"https:\\\/\\\/myntwork.com\\\/fr-ca\\\/produit\\\/fauteuil-kusch-co-palato\\\/#breadcrumb\"},\"inLanguage\":\"en-US\",\"potentialAction\":[{\"@type\":\"ReadAction\",\"target\":[\"https:\\\/\\\/myntwork.com\\\/fr-ca\\\/produit\\\/fauteuil-kusch-co-palato\\\/\"]}]},{\"@type\":\"ImageObject\",\"inLanguage\":\"en-US\",\"@id\":\"https:\\\/\\\/myntwork.com\\\/fr-ca\\\/produit\\\/fauteuil-kusch-co-palato\\\/#primaryimage\",\"url\":\"https:\\\/\\\/myntwork.com\\\/wp-content\\\/uploads\\\/2026\\\/08\\\/8c1549ee78834796907d6899e7538153.jpg\",\"contentUrl\":\"https:\\\/\\\/myntwork.com\\\/wp-content\\\/uploads\\\/2026\\\/08\\\/8c1549ee78834796907d6899e7538153.jpg\",\"caption\":\"Kusch + Co Palato Armchair 4LA 4-Leg With Armrests Upholstered Armchair\"},{\"@type\":\"BreadcrumbList\",\"@id\":\"https:\\\/\\\/myntwork.com\\\/fr-ca\\\/produit\\\/fauteuil-kusch-co-palato\\\/#breadcrumb\",\"itemListElement\":[{\"@type\":\"ListItem\",\"position\":1,\"name\":\"Home\",\"item\":\"https:\\\/\\\/myntwork.com\\\/fr-ca\\\/\"},{\"@type\":\"ListItem\",\"position\":2,\"name\":\"Cat\u00e9gories\",\"item\":\"https:\\\/\\\/myntwork.com\\\/fr-ca\\\/categories\\\/\"},{\"@type\":\"ListItem\",\"position\":3,\"name\":\"Fauteuil Kusch + Co Palato\"}]},{\"@type\":\"WebSite\",\"@id\":\"https:\\\/\\\/myntwork.com\\\/fr-ca\\\/#website\",\"url\":\"https:\\\/\\\/myntwork.com\\\/fr-ca\\\/\",\"name\":\"Myntwork\",\"description\":\"Lease de mobilier de bureau neuf | \u00c0 partir de 3.95 par poste de travail\",\"publisher\":{\"@id\":\"https:\\\/\\\/myntwork.com\\\/fr-ca\\\/#organization\"},\"potentialAction\":[{\"@type\":\"SearchAction\",\"target\":{\"@type\":\"EntryPoint\",\"urlTemplate\":\"https:\\\/\\\/myntwork.com\\\/fr-ca\\\/?s={search_term_string}\"},\"query-input\":{\"@type\":\"PropertyValueSpecification\",\"valueRequired\":true,\"valueName\":\"search_term_string\"}}],\"inLanguage\":\"en-US\"},{\"@type\":\"Organization\",\"@id\":\"https:\\\/\\\/myntwork.com\\\/fr-ca\\\/#organization\",\"name\":\"Myntwork\",\"url\":\"https:\\\/\\\/myntwork.com\\\/fr-ca\\\/\",\"logo\":{\"@type\":\"ImageObject\",\"inLanguage\":\"en-US\",\"@id\":\"https:\\\/\\\/myntwork.com\\\/fr-ca\\\/#\\\/schema\\\/logo\\\/image\\\/\",\"url\":\"https:\\\/\\\/myntwork.com\\\/wp-content\\\/uploads\\\/2025\\\/08\\\/myntwork.png\",\"contentUrl\":\"https:\\\/\\\/myntwork.com\\\/wp-content\\\/uploads\\\/2025\\\/08\\\/myntwork.png\",\"width\":696,\"height\":696,\"caption\":\"Myntwork\"},\"image\":{\"@id\":\"https:\\\/\\\/myntwork.com\\\/fr-ca\\\/#\\\/schema\\\/logo\\\/image\\\/\"},\"description\":\"Myntwork is een Nederlands bedrijf, gespecialiseerd in het leasen van kantoormeubilair. Het concept draait om flexibiliteit, eenvoud en duurzaamheid, waarbij bedrijven hoogwaardige meubels kunnen huren zonder grote upfront investeringen.\",\"email\":\"contact@myntwork.com\",\"telephone\":\"+31854017823\",\"legalName\":\"Myntwork B.V.\",\"foundingDate\":\"2024-01-26\",\"vatID\":\"NL861015290B01\",\"numberOfEmployees\":{\"@type\":\"QuantitativeValue\",\"minValue\":\"1\",\"maxValue\":\"10\"}}]}<\/script>\n<meta property=\"product:brand\" content=\"Kusch + Co\" \/>\n<meta property=\"product:price:amount\" content=\"990.00\" \/>\n<meta property=\"product:price:currency\" content=\"CAD\" \/>\n<meta property=\"og:availability\" content=\"instock\" \/>\n<meta property=\"product:availability\" content=\"instock\" \/>\n<meta property=\"product:retailer_item_id\" content=\"GROUP-72D190735B8D\" \/>\n<meta property=\"product:condition\" content=\"new\" \/>\n<!-- \/ Yoast SEO Premium plugin. -->","yoast_head_json":{"title":"Fauteuil Kusch + Co Palato | Myntwork","description":"D\u00e9couvrez les fauteuils Kusch + Co Palato pour les espaces lounge, avec rev\u00eatement en tissu, accoudoirs fixes, bases en bois \u00e0 quatre pieds et un large choix\u2026","robots":{"index":"index","follow":"follow","max-snippet":"max-snippet:-1","max-image-preview":"max-image-preview:large","max-video-preview":"max-video-preview:-1"},"canonical":"https:\/\/myntwork.com\/fr-ca\/produit\/fauteuil-kusch-co-palato\/","og_locale":"en_US","og_type":"article","og_title":"Fauteuil Kusch + Co Palato","og_description":"D\u00e9couvrez les fauteuils Kusch + Co Palato pour les espaces lounge, avec rev\u00eatement en tissu, accoudoirs fixes, bases en bois \u00e0 quatre pieds et un large choix de coloris disponibles en lease.","og_url":"https:\/\/myntwork.com\/fr-ca\/produit\/fauteuil-kusch-co-palato\/","og_site_name":"Myntwork Canada Fran\u00e7ais","og_image":[{"url":"https:\/\/myntwork.com\/wp-content\/uploads\/2026\/08\/8c1549ee78834796907d6899e7538153.jpg","width":1200,"height":1200,"type":"image\/jpeg"}],"twitter_card":"summary_large_image","twitter_misc":{"Price":"&#36;990.00","Availability":"In stock"},"schema":{"@context":"https:\/\/schema.org","@graph":[{"@type":"WebPage","@id":"https:\/\/myntwork.com\/fr-ca\/produit\/fauteuil-kusch-co-palato\/","url":"https:\/\/myntwork.com\/fr-ca\/produit\/fauteuil-kusch-co-palato\/","name":"Fauteuil Kusch + Co Palato | Myntwork","isPartOf":{"@id":"https:\/\/myntwork.com\/fr-ca\/#website"},"primaryImageOfPage":{"@id":"https:\/\/myntwork.com\/fr-ca\/produit\/fauteuil-kusch-co-palato\/#primaryimage"},"image":{"@id":"https:\/\/myntwork.com\/fr-ca\/produit\/fauteuil-kusch-co-palato\/#primaryimage"},"thumbnailUrl":"https:\/\/myntwork.com\/wp-content\/uploads\/2026\/08\/8c1549ee78834796907d6899e7538153.jpg","datePublished":"2026-08-27T23:13:50+00:00","description":"D\u00e9couvrez les fauteuils Kusch + Co Palato pour les espaces lounge, avec rev\u00eatement en tissu, accoudoirs fixes, bases en bois \u00e0 quatre pieds et un large choix de coloris disponibles en lease.","breadcrumb":{"@id":"https:\/\/myntwork.com\/fr-ca\/produit\/fauteuil-kusch-co-palato\/#breadcrumb"},"inLanguage":"en-US","potentialAction":[{"@type":"ReadAction","target":["https:\/\/myntwork.com\/fr-ca\/produit\/fauteuil-kusch-co-palato\/"]}]},{"@type":"ImageObject","inLanguage":"en-US","@id":"https:\/\/myntwork.com\/fr-ca\/produit\/fauteuil-kusch-co-palato\/#primaryimage","url":"https:\/\/myntwork.com\/wp-content\/uploads\/2026\/08\/8c1549ee78834796907d6899e7538153.jpg","contentUrl":"https:\/\/myntwork.com\/wp-content\/uploads\/2026\/08\/8c1549ee78834796907d6899e7538153.jpg","caption":"Kusch + Co Palato Armchair 4LA 4-Leg With Armrests Upholstered Armchair"},{"@type":"BreadcrumbList","@id":"https:\/\/myntwork.com\/fr-ca\/produit\/fauteuil-kusch-co-palato\/#breadcrumb","itemListElement":[{"@type":"ListItem","position":1,"name":"Home","item":"https:\/\/myntwork.com\/fr-ca\/"},{"@type":"ListItem","position":2,"name":"Cat\u00e9gories","item":"https:\/\/myntwork.com\/fr-ca\/categories\/"},{"@type":"ListItem","position":3,"name":"Fauteuil Kusch + Co Palato"}]},{"@type":"WebSite","@id":"https:\/\/myntwork.com\/fr-ca\/#website","url":"https:\/\/myntwork.com\/fr-ca\/","name":"Myntwork","description":"Lease de mobilier de bureau neuf | \u00c0 partir de 3.95 par poste de travail","publisher":{"@id":"https:\/\/myntwork.com\/fr-ca\/#organization"},"potentialAction":[{"@type":"SearchAction","target":{"@type":"EntryPoint","urlTemplate":"https:\/\/myntwork.com\/fr-ca\/?s={search_term_string}"},"query-input":{"@type":"PropertyValueSpecification","valueRequired":true,"valueName":"search_term_string"}}],"inLanguage":"en-US"},{"@type":"Organization","@id":"https:\/\/myntwork.com\/fr-ca\/#organization","name":"Myntwork","url":"https:\/\/myntwork.com\/fr-ca\/","logo":{"@type":"ImageObject","inLanguage":"en-US","@id":"https:\/\/myntwork.com\/fr-ca\/#\/schema\/logo\/image\/","url":"https:\/\/myntwork.com\/wp-content\/uploads\/2025\/08\/myntwork.png","contentUrl":"https:\/\/myntwork.com\/wp-content\/uploads\/2025\/08\/myntwork.png","width":696,"height":696,"caption":"Myntwork"},"image":{"@id":"https:\/\/myntwork.com\/fr-ca\/#\/schema\/logo\/image\/"},"description":"Myntwork is een Nederlands bedrijf, gespecialiseerd in het leasen van kantoormeubilair. Het concept draait om flexibiliteit, eenvoud en duurzaamheid, waarbij bedrijven hoogwaardige meubels kunnen huren zonder grote upfront investeringen.","email":"contact@myntwork.com","telephone":"+31854017823","legalName":"Myntwork B.V.","foundingDate":"2024-01-26","vatID":"NL861015290B01","numberOfEmployees":{"@type":"QuantitativeValue","minValue":"1","maxValue":"10"}}]},"product_brand":"Kusch + Co","product_price_amount":"990.00","product_price_currency":"CAD","og_availability":"instock","product_availability":"instock","product_retailer_item_id":"GROUP-72D190735B8D","product_condition":"new"},"_links":{"self":[{"href":"https:\/\/myntwork.com\/fr-ca\/wp-json\/wp\/v2\/product\/31283","targetHints":{"allow":["GET"]}}],"collection":[{"href":"https:\/\/myntwork.com\/fr-ca\/wp-json\/wp\/v2\/product"}],"about":[{"href":"https:\/\/myntwork.com\/fr-ca\/wp-json\/wp\/v2\/types\/product"}],"replies":[{"embeddable":true,"href":"https:\/\/myntwork.com\/fr-ca\/wp-json\/wp\/v2\/comments?post=31283"}],"wp:featuredmedia":[{"embeddable":true,"href":"https:\/\/myntwork.com\/fr-ca\/wp-json\/wp\/v2\/media\/24190"}],"wp:attachment":[{"href":"https:\/\/myntwork.com\/fr-ca\/wp-json\/wp\/v2\/media?parent=31283"}],"wp:term":[{"taxonomy":"product_brand","embeddable":true,"href":"https:\/\/myntwork.com\/fr-ca\/wp-json\/wp\/v2\/product_brand?post=31283"},{"taxonomy":"product_cat","embeddable":true,"href":"https:\/\/myntwork.com\/fr-ca\/wp-json\/wp\/v2\/product_cat?post=31283"},{"taxonomy":"product_tag","embeddable":true,"href":"https:\/\/myntwork.com\/fr-ca\/wp-json\/wp\/v2\/product_tag?post=31283"}],"curies":[{"name":"wp","href":"https:\/\/api.w.org\/{rel}","templated":true}]}}