{"id":30982,"date":"2026-08-25T18:32:49","date_gmt":"2026-08-25T18:32:49","guid":{"rendered":"https:\/\/myntwork.com\/fr-ch\/product\/bureau-professionnel-bralco-n38\/"},"modified":"2026-08-25T18:32:49","modified_gmt":"2026-08-25T18:32:49","slug":"bureau-professionnel-bralco-n38","status":"publish","type":"product","link":"https:\/\/myntwork.com\/fr-ch\/produit\/bureau-professionnel-bralco-n38\/","title":{"rendered":"Bureau professionnel Bralco N38"},"content":{"rendered":"<h2>Bureaux pour un travail individuel concentr\u00e9<\/h2>\n<p>Les bureaux professionnels Bralco N38 sont con\u00e7us pour une personne et offrent une configuration simple pour les t\u00e2ches quotidiennes au bureau. Leur profondeur de 80 cm garantit une surface de travail pratique sans donner l\u2019impression que le bureau est trop imposant, ce qui rend la collection adapt\u00e9e aux bureaux individuels, aux espaces de travail partag\u00e9s et aux bureaux \u00e0 domicile.<\/p>\n<p>Chaque bureau poss\u00e8de un plateau en m\u00e9lamine et un pi\u00e8tement en m\u00e9tal ou en acier. Les diff\u00e9rentes couleurs de plateau et de pi\u00e8tement facilitent l\u2019harmonisation du bureau avec un int\u00e9rieur existant, qu\u2019il n\u00e9cessite une finition neutre blanche, grise ou noire, ou une option brune plus chaleureuse.<\/p>\n<h2>Choisissez le style du pi\u00e8tement et du plateau<\/h2>\n<p>La collection comprend un bureau \u00e0 quatre pieds avec un plateau aux angles arrondis, ainsi qu\u2019un mod\u00e8le \u00e0 plateau droit et \u00e0 angles droits dot\u00e9 d\u2019un pi\u00e8tement en T en acier. Tous deux sont des bureaux droits pour une personne, mais leurs pi\u00e8tements leur conf\u00e8rent une apparence diff\u00e9rente et peuvent convenir \u00e0 diff\u00e9rentes configurations de pi\u00e8ce.<\/p>\n<p>Les largeurs vont de 120 \u00e0 180 cm, avec une profondeur de 80 cm. Le mod\u00e8le avec pi\u00e8tement en T est compatible avec un passe-c\u00e2bles, mais celui-ci n\u2019est pas inclus. V\u00e9rifiez donc vos besoins en mati\u00e8re de gestion des c\u00e2bles avant de s\u00e9lectionner la configuration.<\/p>\n","protected":false},"excerpt":{"rendered":"<p>D\u00e9couvrez tous les mod\u00e8les de bureaux professionnels Bralco N38.<\/p>\n","protected":false},"featured_media":12062,"comment_status":"open","ping_status":"closed","template":"","meta":{"_acf_changed":false},"product_brand":[76],"product_cat":[84],"product_tag":[],"class_list":["post-30982","product","type-product","status-publish","has-post-thumbnail","product_brand-bralco","product_cat-bureaux","pa_adapte-au-chemin-de-cables-yes","pa_chemin-de-cables-inclus-no","pa_commande-bluetooth-no","pa_connectable-no","pa_couleur-de-surface-beige","pa_couleur-de-surface-white","pa_couleur-de-surface-grey","pa_couleur-de-surface-brown","pa_couleur-de-surface-black","pa_couleur-du-pietement-white","pa_couleur-du-pietement-grey","pa_couleur-du-pietement-brown","pa_couleur-du-pietement-black","pa_couleur-du-pietement-pink","pa_couleur-du-pietement-green","pa_forme-du-plateau-rounded-both-sides","pa_forme-du-plateau-rectangular","pa_garantie-2-year","pa_largeur-3037","pa_largeur-3057","pa_largeur-3077","pa_largeur-3096","pa_marque-bralco","pa_materiau-du-pietement-steel","pa_materiau-du-pietement-metal","pa_materiau-du-plateau-melamine","pa_nombre-de-personnes-1-person","pa_profondeur-1377","pa_reglable-no","pa_type-de-bureau-straight-desk","pa_type-de-cadre-4-leg","pa_type-de-cadre-t-leg","first","instock","virtual","sold-individually","product-type-mynt_group"],"acf":[],"yoast_head":"<!-- This site is optimized with the Yoast SEO Premium plugin v25.6 (Yoast SEO v28.3) - https:\/\/yoast.com\/product\/yoast-seo-premium-wordpress\/ -->\n<title>Collection de bureaux professionnels Bralco N38<\/title>\n<meta name=\"description\" content=\"D\u00e9couvrez les bureaux professionnels Bralco N38 pour une personne, avec plateaux en m\u00e9lamine, pi\u00e8tements en m\u00e9tal, plusieurs largeurs et une compatibilit\u00e9\u2026\" \/>\n<meta name=\"robots\" content=\"index, follow, max-snippet:-1, max-image-preview:large, max-video-preview:-1\" \/>\n<link rel=\"canonical\" href=\"https:\/\/myntwork.com\/fr-ch\/produit\/bureau-professionnel-bralco-n38\/\" \/>\n<meta property=\"og:locale\" content=\"en_US\" \/>\n<meta property=\"og:type\" content=\"article\" \/>\n<meta property=\"og:title\" content=\"Bureau professionnel Bralco N38\" \/>\n<meta property=\"og:description\" content=\"D\u00e9couvrez les bureaux professionnels Bralco N38 pour une personne, avec plateaux en m\u00e9lamine, pi\u00e8tements en m\u00e9tal, plusieurs largeurs et une compatibilit\u00e9 pratique avec un passe-c\u00e2bles.\" \/>\n<meta property=\"og:url\" content=\"https:\/\/myntwork.com\/fr-ch\/produit\/bureau-professionnel-bralco-n38\/\" \/>\n<meta property=\"og:site_name\" content=\"Myntwork Suisse\" \/>\n<meta property=\"og:image\" content=\"https:\/\/myntwork.com\/wp-content\/uploads\/2026\/08\/b8e6553b0d8c4f9497dc6320940e0c50.jpg\" \/>\n\t<meta property=\"og:image:width\" content=\"1200\" \/>\n\t<meta property=\"og:image:height\" content=\"1200\" \/>\n\t<meta property=\"og:image:type\" content=\"image\/jpeg\" \/>\n<meta name=\"twitter:card\" content=\"summary_large_image\" \/>\n<meta name=\"twitter:label1\" content=\"Price\" \/>\n\t<meta name=\"twitter:data1\" content=\"&#067;&#072;&#070;&nbsp;719.00\" \/>\n\t<meta name=\"twitter:label2\" content=\"Availability\" \/>\n\t<meta name=\"twitter:data2\" content=\"In stock\" \/>\n<script type=\"application\/ld+json\" class=\"yoast-schema-graph\">{\"@context\":\"https:\\\/\\\/schema.org\",\"@graph\":[{\"@type\":\"WebPage\",\"@id\":\"https:\\\/\\\/myntwork.com\\\/fr-ch\\\/produit\\\/bureau-professionnel-bralco-n38\\\/\",\"url\":\"https:\\\/\\\/myntwork.com\\\/fr-ch\\\/produit\\\/bureau-professionnel-bralco-n38\\\/\",\"name\":\"Collection de bureaux professionnels Bralco N38\",\"isPartOf\":{\"@id\":\"https:\\\/\\\/myntwork.com\\\/fr-ch\\\/#website\"},\"primaryImageOfPage\":{\"@id\":\"https:\\\/\\\/myntwork.com\\\/fr-ch\\\/produit\\\/bureau-professionnel-bralco-n38\\\/#primaryimage\"},\"image\":{\"@id\":\"https:\\\/\\\/myntwork.com\\\/fr-ch\\\/produit\\\/bureau-professionnel-bralco-n38\\\/#primaryimage\"},\"thumbnailUrl\":\"https:\\\/\\\/myntwork.com\\\/wp-content\\\/uploads\\\/2026\\\/08\\\/b8e6553b0d8c4f9497dc6320940e0c50.jpg\",\"datePublished\":\"2026-08-25T18:32:49+00:00\",\"description\":\"D\u00e9couvrez les bureaux professionnels Bralco N38 pour une personne, avec plateaux en m\u00e9lamine, pi\u00e8tements en m\u00e9tal, plusieurs largeurs et une compatibilit\u00e9 pratique avec un passe-c\u00e2bles.\",\"breadcrumb\":{\"@id\":\"https:\\\/\\\/myntwork.com\\\/fr-ch\\\/produit\\\/bureau-professionnel-bralco-n38\\\/#breadcrumb\"},\"inLanguage\":\"en-US\",\"potentialAction\":[{\"@type\":\"ReadAction\",\"target\":[\"https:\\\/\\\/myntwork.com\\\/fr-ch\\\/produit\\\/bureau-professionnel-bralco-n38\\\/\"]}]},{\"@type\":\"ImageObject\",\"inLanguage\":\"en-US\",\"@id\":\"https:\\\/\\\/myntwork.com\\\/fr-ch\\\/produit\\\/bureau-professionnel-bralco-n38\\\/#primaryimage\",\"url\":\"https:\\\/\\\/myntwork.com\\\/wp-content\\\/uploads\\\/2026\\\/08\\\/b8e6553b0d8c4f9497dc6320940e0c50.jpg\",\"contentUrl\":\"https:\\\/\\\/myntwork.com\\\/wp-content\\\/uploads\\\/2026\\\/08\\\/b8e6553b0d8c4f9497dc6320940e0c50.jpg\",\"caption\":\"Bralco N38 Straight Corner Top Office Desk\"},{\"@type\":\"BreadcrumbList\",\"@id\":\"https:\\\/\\\/myntwork.com\\\/fr-ch\\\/produit\\\/bureau-professionnel-bralco-n38\\\/#breadcrumb\",\"itemListElement\":[{\"@type\":\"ListItem\",\"position\":1,\"name\":\"Home\",\"item\":\"https:\\\/\\\/myntwork.com\\\/fr-ch\\\/\"},{\"@type\":\"ListItem\",\"position\":2,\"name\":\"Cat\u00e9gories\",\"item\":\"https:\\\/\\\/myntwork.com\\\/fr-ch\\\/categories\\\/\"},{\"@type\":\"ListItem\",\"position\":3,\"name\":\"Bureau professionnel Bralco N38\"}]},{\"@type\":\"WebSite\",\"@id\":\"https:\\\/\\\/myntwork.com\\\/fr-ch\\\/#website\",\"url\":\"https:\\\/\\\/myntwork.com\\\/fr-ch\\\/\",\"name\":\"Myntwork\",\"description\":\"Lease de mobilier de bureau neuf | \u00c0 partir de 3.95 par poste de travail\",\"publisher\":{\"@id\":\"https:\\\/\\\/myntwork.com\\\/fr-ch\\\/#organization\"},\"potentialAction\":[{\"@type\":\"SearchAction\",\"target\":{\"@type\":\"EntryPoint\",\"urlTemplate\":\"https:\\\/\\\/myntwork.com\\\/fr-ch\\\/?s={search_term_string}\"},\"query-input\":{\"@type\":\"PropertyValueSpecification\",\"valueRequired\":true,\"valueName\":\"search_term_string\"}}],\"inLanguage\":\"en-US\"},{\"@type\":\"Organization\",\"@id\":\"https:\\\/\\\/myntwork.com\\\/fr-ch\\\/#organization\",\"name\":\"Myntwork\",\"url\":\"https:\\\/\\\/myntwork.com\\\/fr-ch\\\/\",\"logo\":{\"@type\":\"ImageObject\",\"inLanguage\":\"en-US\",\"@id\":\"https:\\\/\\\/myntwork.com\\\/fr-ch\\\/#\\\/schema\\\/logo\\\/image\\\/\",\"url\":\"https:\\\/\\\/myntwork.com\\\/wp-content\\\/uploads\\\/2025\\\/08\\\/myntwork.png\",\"contentUrl\":\"https:\\\/\\\/myntwork.com\\\/wp-content\\\/uploads\\\/2025\\\/08\\\/myntwork.png\",\"width\":696,\"height\":696,\"caption\":\"Myntwork\"},\"image\":{\"@id\":\"https:\\\/\\\/myntwork.com\\\/fr-ch\\\/#\\\/schema\\\/logo\\\/image\\\/\"},\"description\":\"Myntwork is een Nederlands bedrijf, gespecialiseerd in het leasen van kantoormeubilair. Het concept draait om flexibiliteit, eenvoud en duurzaamheid, waarbij bedrijven hoogwaardige meubels kunnen huren zonder grote upfront investeringen.\",\"email\":\"contact@myntwork.com\",\"telephone\":\"+31854017823\",\"legalName\":\"Myntwork B.V.\",\"foundingDate\":\"2024-01-26\",\"vatID\":\"NL861015290B01\",\"numberOfEmployees\":{\"@type\":\"QuantitativeValue\",\"minValue\":\"1\",\"maxValue\":\"10\"}}]}<\/script>\n<meta property=\"product:brand\" content=\"Bralco\" \/>\n<meta property=\"product:price:amount\" content=\"719.00\" \/>\n<meta property=\"product:price:currency\" content=\"CHF\" \/>\n<meta property=\"og:availability\" content=\"instock\" \/>\n<meta property=\"product:availability\" content=\"instock\" \/>\n<meta property=\"product:retailer_item_id\" content=\"GROUP-84BBF3D20C77\" \/>\n<meta property=\"product:condition\" content=\"new\" \/>\n<!-- \/ Yoast SEO Premium plugin. -->","yoast_head_json":{"title":"Collection de bureaux professionnels Bralco N38","description":"D\u00e9couvrez les bureaux professionnels Bralco N38 pour une personne, avec plateaux en m\u00e9lamine, pi\u00e8tements en m\u00e9tal, plusieurs largeurs et une compatibilit\u00e9\u2026","robots":{"index":"index","follow":"follow","max-snippet":"max-snippet:-1","max-image-preview":"max-image-preview:large","max-video-preview":"max-video-preview:-1"},"canonical":"https:\/\/myntwork.com\/fr-ch\/produit\/bureau-professionnel-bralco-n38\/","og_locale":"en_US","og_type":"article","og_title":"Bureau professionnel Bralco N38","og_description":"D\u00e9couvrez les bureaux professionnels Bralco N38 pour une personne, avec plateaux en m\u00e9lamine, pi\u00e8tements en m\u00e9tal, plusieurs largeurs et une compatibilit\u00e9 pratique avec un passe-c\u00e2bles.","og_url":"https:\/\/myntwork.com\/fr-ch\/produit\/bureau-professionnel-bralco-n38\/","og_site_name":"Myntwork Suisse","og_image":[{"url":"https:\/\/myntwork.com\/wp-content\/uploads\/2026\/08\/b8e6553b0d8c4f9497dc6320940e0c50.jpg","width":1200,"height":1200,"type":"image\/jpeg"}],"twitter_card":"summary_large_image","twitter_misc":{"Price":"&#67;&#72;&#70;&nbsp;719.00","Availability":"In stock"},"schema":{"@context":"https:\/\/schema.org","@graph":[{"@type":"WebPage","@id":"https:\/\/myntwork.com\/fr-ch\/produit\/bureau-professionnel-bralco-n38\/","url":"https:\/\/myntwork.com\/fr-ch\/produit\/bureau-professionnel-bralco-n38\/","name":"Collection de bureaux professionnels Bralco N38","isPartOf":{"@id":"https:\/\/myntwork.com\/fr-ch\/#website"},"primaryImageOfPage":{"@id":"https:\/\/myntwork.com\/fr-ch\/produit\/bureau-professionnel-bralco-n38\/#primaryimage"},"image":{"@id":"https:\/\/myntwork.com\/fr-ch\/produit\/bureau-professionnel-bralco-n38\/#primaryimage"},"thumbnailUrl":"https:\/\/myntwork.com\/wp-content\/uploads\/2026\/08\/b8e6553b0d8c4f9497dc6320940e0c50.jpg","datePublished":"2026-08-25T18:32:49+00:00","description":"D\u00e9couvrez les bureaux professionnels Bralco N38 pour une personne, avec plateaux en m\u00e9lamine, pi\u00e8tements en m\u00e9tal, plusieurs largeurs et une compatibilit\u00e9 pratique avec un passe-c\u00e2bles.","breadcrumb":{"@id":"https:\/\/myntwork.com\/fr-ch\/produit\/bureau-professionnel-bralco-n38\/#breadcrumb"},"inLanguage":"en-US","potentialAction":[{"@type":"ReadAction","target":["https:\/\/myntwork.com\/fr-ch\/produit\/bureau-professionnel-bralco-n38\/"]}]},{"@type":"ImageObject","inLanguage":"en-US","@id":"https:\/\/myntwork.com\/fr-ch\/produit\/bureau-professionnel-bralco-n38\/#primaryimage","url":"https:\/\/myntwork.com\/wp-content\/uploads\/2026\/08\/b8e6553b0d8c4f9497dc6320940e0c50.jpg","contentUrl":"https:\/\/myntwork.com\/wp-content\/uploads\/2026\/08\/b8e6553b0d8c4f9497dc6320940e0c50.jpg","caption":"Bralco N38 Straight Corner Top Office Desk"},{"@type":"BreadcrumbList","@id":"https:\/\/myntwork.com\/fr-ch\/produit\/bureau-professionnel-bralco-n38\/#breadcrumb","itemListElement":[{"@type":"ListItem","position":1,"name":"Home","item":"https:\/\/myntwork.com\/fr-ch\/"},{"@type":"ListItem","position":2,"name":"Cat\u00e9gories","item":"https:\/\/myntwork.com\/fr-ch\/categories\/"},{"@type":"ListItem","position":3,"name":"Bureau professionnel Bralco N38"}]},{"@type":"WebSite","@id":"https:\/\/myntwork.com\/fr-ch\/#website","url":"https:\/\/myntwork.com\/fr-ch\/","name":"Myntwork","description":"Lease de mobilier de bureau neuf | \u00c0 partir de 3.95 par poste de travail","publisher":{"@id":"https:\/\/myntwork.com\/fr-ch\/#organization"},"potentialAction":[{"@type":"SearchAction","target":{"@type":"EntryPoint","urlTemplate":"https:\/\/myntwork.com\/fr-ch\/?s={search_term_string}"},"query-input":{"@type":"PropertyValueSpecification","valueRequired":true,"valueName":"search_term_string"}}],"inLanguage":"en-US"},{"@type":"Organization","@id":"https:\/\/myntwork.com\/fr-ch\/#organization","name":"Myntwork","url":"https:\/\/myntwork.com\/fr-ch\/","logo":{"@type":"ImageObject","inLanguage":"en-US","@id":"https:\/\/myntwork.com\/fr-ch\/#\/schema\/logo\/image\/","url":"https:\/\/myntwork.com\/wp-content\/uploads\/2025\/08\/myntwork.png","contentUrl":"https:\/\/myntwork.com\/wp-content\/uploads\/2025\/08\/myntwork.png","width":696,"height":696,"caption":"Myntwork"},"image":{"@id":"https:\/\/myntwork.com\/fr-ch\/#\/schema\/logo\/image\/"},"description":"Myntwork is een Nederlands bedrijf, gespecialiseerd in het leasen van kantoormeubilair. Het concept draait om flexibiliteit, eenvoud en duurzaamheid, waarbij bedrijven hoogwaardige meubels kunnen huren zonder grote upfront investeringen.","email":"contact@myntwork.com","telephone":"+31854017823","legalName":"Myntwork B.V.","foundingDate":"2024-01-26","vatID":"NL861015290B01","numberOfEmployees":{"@type":"QuantitativeValue","minValue":"1","maxValue":"10"}}]},"product_brand":"Bralco","product_price_amount":"719.00","product_price_currency":"CHF","og_availability":"instock","product_availability":"instock","product_retailer_item_id":"GROUP-84BBF3D20C77","product_condition":"new"},"_links":{"self":[{"href":"https:\/\/myntwork.com\/fr-ch\/wp-json\/wp\/v2\/product\/30982","targetHints":{"allow":["GET"]}}],"collection":[{"href":"https:\/\/myntwork.com\/fr-ch\/wp-json\/wp\/v2\/product"}],"about":[{"href":"https:\/\/myntwork.com\/fr-ch\/wp-json\/wp\/v2\/types\/product"}],"replies":[{"embeddable":true,"href":"https:\/\/myntwork.com\/fr-ch\/wp-json\/wp\/v2\/comments?post=30982"}],"wp:featuredmedia":[{"embeddable":true,"href":"https:\/\/myntwork.com\/fr-ch\/wp-json\/wp\/v2\/media\/12062"}],"wp:attachment":[{"href":"https:\/\/myntwork.com\/fr-ch\/wp-json\/wp\/v2\/media?parent=30982"}],"wp:term":[{"taxonomy":"product_brand","embeddable":true,"href":"https:\/\/myntwork.com\/fr-ch\/wp-json\/wp\/v2\/product_brand?post=30982"},{"taxonomy":"product_cat","embeddable":true,"href":"https:\/\/myntwork.com\/fr-ch\/wp-json\/wp\/v2\/product_cat?post=30982"},{"taxonomy":"product_tag","embeddable":true,"href":"https:\/\/myntwork.com\/fr-ch\/wp-json\/wp\/v2\/product_tag?post=30982"}],"curies":[{"name":"wp","href":"https:\/\/api.w.org\/{rel}","templated":true}]}}