{"id":31187,"date":"2026-08-27T05:35:51","date_gmt":"2026-08-27T05:35:51","guid":{"rendered":"https:\/\/myntwork.com\/fr-ch\/product\/canape-modulable-kusch-co-creva\/"},"modified":"2026-08-27T05:35:51","modified_gmt":"2026-08-27T05:35:51","slug":"canape-modulable-kusch-co-creva","status":"publish","type":"product","link":"https:\/\/myntwork.com\/fr-ch\/produit\/canape-modulable-kusch-co-creva\/","title":{"rendered":"Canap\u00e9 modulable Kusch + Co Creva"},"content":{"rendered":"<h2>Assises modulables pour les espaces partag\u00e9s<\/h2>\n<p>Creva est con\u00e7u pour les espaces de travail et les environnements commerciaux qui n\u00e9cessitent des assises rembourr\u00e9es confortables sans s\u2019engager dans une configuration fixe. La collection comprend des canap\u00e9s compacts pour les conversations cibl\u00e9es, les r\u00e9unions informelles, les espaces d\u2019attente et les zones de d\u00e9tente.<\/p>\n<p>Tous les mod\u00e8les propos\u00e9s sont dot\u00e9s d\u2019un rev\u00eatement en tissu et d\u2019une base en bois et en acier. Les coloris de rev\u00eatement vont du noir, du bleu et du gris au vert, \u00e0 l\u2019orange, au rose, au violet, au rouge et \u00e0 d\u2019autres teintes disponibles, tandis que les bases sont propos\u00e9es en noir, gris, beige et bois.<\/p>\n<h2>Comparez les configurations et les profils de panneaux<\/h2>\n<p>Les trois configurations Creva se distinguent principalement par leurs dimensions, leur orientation et leur niveau d\u2019intimit\u00e9. La collection comprend un canap\u00e9 bas double face, un canap\u00e9 d\u2019angle en L version gauche avec des panneaux bas sur un seul c\u00f4t\u00e9, ainsi qu\u2019un mod\u00e8le en L deux places avec un panneau bas \u00e0 gauche.<\/p>\n<p>Les largeurs varient de 148 cm \u00e0 225 cm, tandis que la hauteur d\u2019assise indiqu\u00e9e est de 46 cm. Comme les mod\u00e8les ne disposent d\u2019aucun m\u00e9canisme ni r\u00e9glage de l\u2019assise, du dossier ou de la profondeur d\u2019assise, le choix essentiel consiste \u00e0 s\u00e9lectionner la configuration qui s\u2019int\u00e8gre le mieux \u00e0 votre am\u00e9nagement et \u00e0 vos besoins en mati\u00e8re d\u2019assises.<\/p>\n","protected":false},"excerpt":{"rendered":"<p>Voir tous les mod\u00e8les de canap\u00e9s modulables Kusch + Co Creva.<\/p>\n","protected":false},"featured_media":15770,"comment_status":"open","ping_status":"closed","template":"","meta":{"_acf_changed":false},"product_brand":[3394],"product_cat":[16,45],"product_tag":[],"class_list":["post-31187","product","type-product","status-publish","has-post-thumbnail","product_brand-kusch-co","product_cat-canapes-fauteuils-lounge","product_cat-canapes-et-sieges-modulaires","pa_avec-appuie-tete-no","pa_avec-soutien-lombaire-no","pa_certifications-fsc-certified","pa_collection-creva","pa_couleur-du-pietement-beige","pa_couleur-du-pietement-wood","pa_couleur-du-pietement-grey","pa_couleur-du-pietement-black","pa_couleur-du-revetement-silver","pa_couleur-du-revetement-blue","pa_couleur-du-revetement-grey","pa_couleur-du-revetement-brown","pa_couleur-du-revetement-black","pa_couleur-du-revetement-gold","pa_couleur-du-revetement-orange","pa_couleur-du-revetement-pink","pa_couleur-du-revetement-red","pa_couleur-du-revetement-green","pa_couleur-du-revetement-purple","pa_garantie-2-year","pa_hauteur-dassise-maximale-1917","pa_hauteur-dassise-minimale-2434","pa_hauteur-dassise-reglable-no","pa_hauteur-du-dossier-reglable-no","pa_largeur-maximale-2026","pa_largeur-maximale-2111","pa_largeur-maximale-2112","pa_largeur-minimale-2546","pa_largeur-minimale-2631","pa_largeur-minimale-2632","pa_lest-maximal-135-kg","pa_marque-kusch-co","pa_materiau-du-pietement-steel","pa_materiau-du-pietement-wood","pa_materiau-du-revetement-fabric","pa_mecanisme-no-mechanism","pa_profondeur-dassise-reglable-no","pa_standardisation-not-specified","first","instock","virtual","sold-individually","product-type-mynt_group"],"acf":[],"yoast_head":"<!-- This site is optimized with the Yoast SEO Premium plugin v25.6 (Yoast SEO v28.3) - https:\/\/yoast.com\/product\/yoast-seo-premium-wordpress\/ -->\n<title>Myntwork | Canap\u00e9s modulables Kusch + Co Creva<\/title>\n<meta name=\"description\" content=\"D\u00e9couvrez les canap\u00e9s modulables Kusch + Co Creva sur lease mensuel aupr\u00e8s de Myntwork. Comparez les configurations, les styles de panneaux, les coloris de\u2026\" \/>\n<meta name=\"robots\" content=\"index, follow, max-snippet:-1, max-image-preview:large, max-video-preview:-1\" \/>\n<link rel=\"canonical\" href=\"https:\/\/myntwork.com\/fr-ch\/produit\/canape-modulable-kusch-co-creva\/\" \/>\n<meta property=\"og:locale\" content=\"en_US\" \/>\n<meta property=\"og:type\" content=\"article\" \/>\n<meta property=\"og:title\" content=\"Canap\u00e9 modulable Kusch + Co Creva\" \/>\n<meta property=\"og:description\" content=\"D\u00e9couvrez les canap\u00e9s modulables Kusch + Co Creva sur lease mensuel aupr\u00e8s de Myntwork. Comparez les configurations, les styles de panneaux, les coloris de rev\u00eatement et les dimensions compactes.\" \/>\n<meta property=\"og:url\" content=\"https:\/\/myntwork.com\/fr-ch\/produit\/canape-modulable-kusch-co-creva\/\" \/>\n<meta property=\"og:site_name\" content=\"Myntwork Suisse\" \/>\n<meta property=\"og:image\" content=\"https:\/\/myntwork.com\/wp-content\/uploads\/2026\/08\/c8bea1714f0f44369b5f56fb637914a3.jpg\" \/>\n\t<meta property=\"og:image:width\" content=\"1200\" \/>\n\t<meta property=\"og:image:height\" content=\"1200\" \/>\n\t<meta property=\"og:image:type\" content=\"image\/jpeg\" \/>\n<meta name=\"twitter:card\" content=\"summary_large_image\" \/>\n<meta name=\"twitter:label1\" content=\"Price\" \/>\n\t<meta name=\"twitter:data1\" content=\"&#067;&#072;&#070;&nbsp;2,267.00\" \/>\n\t<meta name=\"twitter:label2\" content=\"Availability\" \/>\n\t<meta name=\"twitter:data2\" content=\"In stock\" \/>\n<script type=\"application\/ld+json\" class=\"yoast-schema-graph\">{\"@context\":\"https:\\\/\\\/schema.org\",\"@graph\":[{\"@type\":\"WebPage\",\"@id\":\"https:\\\/\\\/myntwork.com\\\/fr-ch\\\/produit\\\/canape-modulable-kusch-co-creva\\\/\",\"url\":\"https:\\\/\\\/myntwork.com\\\/fr-ch\\\/produit\\\/canape-modulable-kusch-co-creva\\\/\",\"name\":\"Myntwork | Canap\u00e9s modulables Kusch + Co Creva\",\"isPartOf\":{\"@id\":\"https:\\\/\\\/myntwork.com\\\/fr-ch\\\/#website\"},\"primaryImageOfPage\":{\"@id\":\"https:\\\/\\\/myntwork.com\\\/fr-ch\\\/produit\\\/canape-modulable-kusch-co-creva\\\/#primaryimage\"},\"image\":{\"@id\":\"https:\\\/\\\/myntwork.com\\\/fr-ch\\\/produit\\\/canape-modulable-kusch-co-creva\\\/#primaryimage\"},\"thumbnailUrl\":\"https:\\\/\\\/myntwork.com\\\/wp-content\\\/uploads\\\/2026\\\/08\\\/c8bea1714f0f44369b5f56fb637914a3.jpg\",\"datePublished\":\"2026-08-27T05:35:51+00:00\",\"description\":\"D\u00e9couvrez les canap\u00e9s modulables Kusch + Co Creva sur lease mensuel aupr\u00e8s de Myntwork. Comparez les configurations, les styles de panneaux, les coloris de rev\u00eatement et les dimensions compactes.\",\"breadcrumb\":{\"@id\":\"https:\\\/\\\/myntwork.com\\\/fr-ch\\\/produit\\\/canape-modulable-kusch-co-creva\\\/#breadcrumb\"},\"inLanguage\":\"en-US\",\"potentialAction\":[{\"@type\":\"ReadAction\",\"target\":[\"https:\\\/\\\/myntwork.com\\\/fr-ch\\\/produit\\\/canape-modulable-kusch-co-creva\\\/\"]}]},{\"@type\":\"ImageObject\",\"inLanguage\":\"en-US\",\"@id\":\"https:\\\/\\\/myntwork.com\\\/fr-ch\\\/produit\\\/canape-modulable-kusch-co-creva\\\/#primaryimage\",\"url\":\"https:\\\/\\\/myntwork.com\\\/wp-content\\\/uploads\\\/2026\\\/08\\\/c8bea1714f0f44369b5f56fb637914a3.jpg\",\"contentUrl\":\"https:\\\/\\\/myntwork.com\\\/wp-content\\\/uploads\\\/2026\\\/08\\\/c8bea1714f0f44369b5f56fb637914a3.jpg\",\"caption\":\"Kusch + Co Creva Landscape 2 3 LS OS Int L-Shaped One-Sided Panels Modular Sofa\"},{\"@type\":\"BreadcrumbList\",\"@id\":\"https:\\\/\\\/myntwork.com\\\/fr-ch\\\/produit\\\/canape-modulable-kusch-co-creva\\\/#breadcrumb\",\"itemListElement\":[{\"@type\":\"ListItem\",\"position\":1,\"name\":\"Home\",\"item\":\"https:\\\/\\\/myntwork.com\\\/fr-ch\\\/\"},{\"@type\":\"ListItem\",\"position\":2,\"name\":\"Cat\u00e9gories\",\"item\":\"https:\\\/\\\/myntwork.com\\\/fr-ch\\\/categories\\\/\"},{\"@type\":\"ListItem\",\"position\":3,\"name\":\"Canap\u00e9 modulable Kusch + Co Creva\"}]},{\"@type\":\"WebSite\",\"@id\":\"https:\\\/\\\/myntwork.com\\\/fr-ch\\\/#website\",\"url\":\"https:\\\/\\\/myntwork.com\\\/fr-ch\\\/\",\"name\":\"Myntwork\",\"description\":\"Lease de mobilier de bureau neuf | \u00c0 partir de 3.95 par poste de travail\",\"publisher\":{\"@id\":\"https:\\\/\\\/myntwork.com\\\/fr-ch\\\/#organization\"},\"potentialAction\":[{\"@type\":\"SearchAction\",\"target\":{\"@type\":\"EntryPoint\",\"urlTemplate\":\"https:\\\/\\\/myntwork.com\\\/fr-ch\\\/?s={search_term_string}\"},\"query-input\":{\"@type\":\"PropertyValueSpecification\",\"valueRequired\":true,\"valueName\":\"search_term_string\"}}],\"inLanguage\":\"en-US\"},{\"@type\":\"Organization\",\"@id\":\"https:\\\/\\\/myntwork.com\\\/fr-ch\\\/#organization\",\"name\":\"Myntwork\",\"url\":\"https:\\\/\\\/myntwork.com\\\/fr-ch\\\/\",\"logo\":{\"@type\":\"ImageObject\",\"inLanguage\":\"en-US\",\"@id\":\"https:\\\/\\\/myntwork.com\\\/fr-ch\\\/#\\\/schema\\\/logo\\\/image\\\/\",\"url\":\"https:\\\/\\\/myntwork.com\\\/wp-content\\\/uploads\\\/2025\\\/08\\\/myntwork.png\",\"contentUrl\":\"https:\\\/\\\/myntwork.com\\\/wp-content\\\/uploads\\\/2025\\\/08\\\/myntwork.png\",\"width\":696,\"height\":696,\"caption\":\"Myntwork\"},\"image\":{\"@id\":\"https:\\\/\\\/myntwork.com\\\/fr-ch\\\/#\\\/schema\\\/logo\\\/image\\\/\"},\"description\":\"Myntwork is een Nederlands bedrijf, gespecialiseerd in het leasen van kantoormeubilair. Het concept draait om flexibiliteit, eenvoud en duurzaamheid, waarbij bedrijven hoogwaardige meubels kunnen huren zonder grote upfront investeringen.\",\"email\":\"contact@myntwork.com\",\"telephone\":\"+31854017823\",\"legalName\":\"Myntwork B.V.\",\"foundingDate\":\"2024-01-26\",\"vatID\":\"NL861015290B01\",\"numberOfEmployees\":{\"@type\":\"QuantitativeValue\",\"minValue\":\"1\",\"maxValue\":\"10\"}}]}<\/script>\n<meta property=\"product:brand\" content=\"Kusch + Co\" \/>\n<meta property=\"product:price:amount\" content=\"2267.00\" \/>\n<meta property=\"product:price:currency\" content=\"CHF\" \/>\n<meta property=\"og:availability\" content=\"instock\" \/>\n<meta property=\"product:availability\" content=\"instock\" \/>\n<meta property=\"product:retailer_item_id\" content=\"GROUP-6DEF83030430\" \/>\n<meta property=\"product:condition\" content=\"new\" \/>\n<!-- \/ Yoast SEO Premium plugin. -->","yoast_head_json":{"title":"Myntwork | Canap\u00e9s modulables Kusch + Co Creva","description":"D\u00e9couvrez les canap\u00e9s modulables Kusch + Co Creva sur lease mensuel aupr\u00e8s de Myntwork. Comparez les configurations, les styles de panneaux, les coloris de\u2026","robots":{"index":"index","follow":"follow","max-snippet":"max-snippet:-1","max-image-preview":"max-image-preview:large","max-video-preview":"max-video-preview:-1"},"canonical":"https:\/\/myntwork.com\/fr-ch\/produit\/canape-modulable-kusch-co-creva\/","og_locale":"en_US","og_type":"article","og_title":"Canap\u00e9 modulable Kusch + Co Creva","og_description":"D\u00e9couvrez les canap\u00e9s modulables Kusch + Co Creva sur lease mensuel aupr\u00e8s de Myntwork. Comparez les configurations, les styles de panneaux, les coloris de rev\u00eatement et les dimensions compactes.","og_url":"https:\/\/myntwork.com\/fr-ch\/produit\/canape-modulable-kusch-co-creva\/","og_site_name":"Myntwork Suisse","og_image":[{"url":"https:\/\/myntwork.com\/wp-content\/uploads\/2026\/08\/c8bea1714f0f44369b5f56fb637914a3.jpg","width":1200,"height":1200,"type":"image\/jpeg"}],"twitter_card":"summary_large_image","twitter_misc":{"Price":"&#67;&#72;&#70;&nbsp;2,267.00","Availability":"In stock"},"schema":{"@context":"https:\/\/schema.org","@graph":[{"@type":"WebPage","@id":"https:\/\/myntwork.com\/fr-ch\/produit\/canape-modulable-kusch-co-creva\/","url":"https:\/\/myntwork.com\/fr-ch\/produit\/canape-modulable-kusch-co-creva\/","name":"Myntwork | Canap\u00e9s modulables Kusch + Co Creva","isPartOf":{"@id":"https:\/\/myntwork.com\/fr-ch\/#website"},"primaryImageOfPage":{"@id":"https:\/\/myntwork.com\/fr-ch\/produit\/canape-modulable-kusch-co-creva\/#primaryimage"},"image":{"@id":"https:\/\/myntwork.com\/fr-ch\/produit\/canape-modulable-kusch-co-creva\/#primaryimage"},"thumbnailUrl":"https:\/\/myntwork.com\/wp-content\/uploads\/2026\/08\/c8bea1714f0f44369b5f56fb637914a3.jpg","datePublished":"2026-08-27T05:35:51+00:00","description":"D\u00e9couvrez les canap\u00e9s modulables Kusch + Co Creva sur lease mensuel aupr\u00e8s de Myntwork. Comparez les configurations, les styles de panneaux, les coloris de rev\u00eatement et les dimensions compactes.","breadcrumb":{"@id":"https:\/\/myntwork.com\/fr-ch\/produit\/canape-modulable-kusch-co-creva\/#breadcrumb"},"inLanguage":"en-US","potentialAction":[{"@type":"ReadAction","target":["https:\/\/myntwork.com\/fr-ch\/produit\/canape-modulable-kusch-co-creva\/"]}]},{"@type":"ImageObject","inLanguage":"en-US","@id":"https:\/\/myntwork.com\/fr-ch\/produit\/canape-modulable-kusch-co-creva\/#primaryimage","url":"https:\/\/myntwork.com\/wp-content\/uploads\/2026\/08\/c8bea1714f0f44369b5f56fb637914a3.jpg","contentUrl":"https:\/\/myntwork.com\/wp-content\/uploads\/2026\/08\/c8bea1714f0f44369b5f56fb637914a3.jpg","caption":"Kusch + Co Creva Landscape 2 3 LS OS Int L-Shaped One-Sided Panels Modular Sofa"},{"@type":"BreadcrumbList","@id":"https:\/\/myntwork.com\/fr-ch\/produit\/canape-modulable-kusch-co-creva\/#breadcrumb","itemListElement":[{"@type":"ListItem","position":1,"name":"Home","item":"https:\/\/myntwork.com\/fr-ch\/"},{"@type":"ListItem","position":2,"name":"Cat\u00e9gories","item":"https:\/\/myntwork.com\/fr-ch\/categories\/"},{"@type":"ListItem","position":3,"name":"Canap\u00e9 modulable Kusch + Co Creva"}]},{"@type":"WebSite","@id":"https:\/\/myntwork.com\/fr-ch\/#website","url":"https:\/\/myntwork.com\/fr-ch\/","name":"Myntwork","description":"Lease de mobilier de bureau neuf | \u00c0 partir de 3.95 par poste de travail","publisher":{"@id":"https:\/\/myntwork.com\/fr-ch\/#organization"},"potentialAction":[{"@type":"SearchAction","target":{"@type":"EntryPoint","urlTemplate":"https:\/\/myntwork.com\/fr-ch\/?s={search_term_string}"},"query-input":{"@type":"PropertyValueSpecification","valueRequired":true,"valueName":"search_term_string"}}],"inLanguage":"en-US"},{"@type":"Organization","@id":"https:\/\/myntwork.com\/fr-ch\/#organization","name":"Myntwork","url":"https:\/\/myntwork.com\/fr-ch\/","logo":{"@type":"ImageObject","inLanguage":"en-US","@id":"https:\/\/myntwork.com\/fr-ch\/#\/schema\/logo\/image\/","url":"https:\/\/myntwork.com\/wp-content\/uploads\/2025\/08\/myntwork.png","contentUrl":"https:\/\/myntwork.com\/wp-content\/uploads\/2025\/08\/myntwork.png","width":696,"height":696,"caption":"Myntwork"},"image":{"@id":"https:\/\/myntwork.com\/fr-ch\/#\/schema\/logo\/image\/"},"description":"Myntwork is een Nederlands bedrijf, gespecialiseerd in het leasen van kantoormeubilair. Het concept draait om flexibiliteit, eenvoud en duurzaamheid, waarbij bedrijven hoogwaardige meubels kunnen huren zonder grote upfront investeringen.","email":"contact@myntwork.com","telephone":"+31854017823","legalName":"Myntwork B.V.","foundingDate":"2024-01-26","vatID":"NL861015290B01","numberOfEmployees":{"@type":"QuantitativeValue","minValue":"1","maxValue":"10"}}]},"product_brand":"Kusch + Co","product_price_amount":"2267.00","product_price_currency":"CHF","og_availability":"instock","product_availability":"instock","product_retailer_item_id":"GROUP-6DEF83030430","product_condition":"new"},"_links":{"self":[{"href":"https:\/\/myntwork.com\/fr-ch\/wp-json\/wp\/v2\/product\/31187","targetHints":{"allow":["GET"]}}],"collection":[{"href":"https:\/\/myntwork.com\/fr-ch\/wp-json\/wp\/v2\/product"}],"about":[{"href":"https:\/\/myntwork.com\/fr-ch\/wp-json\/wp\/v2\/types\/product"}],"replies":[{"embeddable":true,"href":"https:\/\/myntwork.com\/fr-ch\/wp-json\/wp\/v2\/comments?post=31187"}],"wp:featuredmedia":[{"embeddable":true,"href":"https:\/\/myntwork.com\/fr-ch\/wp-json\/wp\/v2\/media\/15770"}],"wp:attachment":[{"href":"https:\/\/myntwork.com\/fr-ch\/wp-json\/wp\/v2\/media?parent=31187"}],"wp:term":[{"taxonomy":"product_brand","embeddable":true,"href":"https:\/\/myntwork.com\/fr-ch\/wp-json\/wp\/v2\/product_brand?post=31187"},{"taxonomy":"product_cat","embeddable":true,"href":"https:\/\/myntwork.com\/fr-ch\/wp-json\/wp\/v2\/product_cat?post=31187"},{"taxonomy":"product_tag","embeddable":true,"href":"https:\/\/myntwork.com\/fr-ch\/wp-json\/wp\/v2\/product_tag?post=31187"}],"curies":[{"name":"wp","href":"https:\/\/api.w.org\/{rel}","templated":true}]}}