{"id":31311,"date":"2026-08-27T15:20:45","date_gmt":"2026-08-27T15:20:45","guid":{"rendered":"https:\/\/myntwork.com\/fr-ch\/product\/table-de-reunion-kusch-co-embla\/"},"modified":"2026-08-27T15:20:45","modified_gmt":"2026-08-27T15:20:45","slug":"table-de-reunion-kusch-co-embla","status":"publish","type":"product","link":"https:\/\/myntwork.com\/fr-ch\/produit\/table-de-reunion-kusch-co-embla\/","title":{"rendered":"Table de r\u00e9union Kusch + Co Embla"},"content":{"rendered":"<h2>Tables de r\u00e9union pour une collaboration cibl\u00e9e<\/h2>\n<p>Les tables de r\u00e9union Embla sont con\u00e7ues pour les bureaux, les salles de r\u00e9union et les espaces de travail partag\u00e9s qui n\u00e9cessitent une surface fiable pour les \u00e9changes, la planification et le travail en \u00e9quipe. La collection comprend des tables pour deux, quatre ou six personnes, ce qui permet d&#8217;adapter plus facilement le format \u00e0 la pi\u00e8ce et au mode de r\u00e9union de votre \u00e9quipe.<\/p>\n<p>Tous les mod\u00e8les ont une hauteur fixe de 74 cm, avec des pi\u00e8tements \u00e0 colonne et des v\u00e9rins de mise \u00e0 niveau. Leur conception non r\u00e9glable simplifie le choix lorsque la constance de la hauteur de r\u00e9union est plus importante que la flexibilit\u00e9 assis-debout.<\/p>\n<h2>Choisissez la forme et le format du pi\u00e8tement<\/h2>\n<p>La famille associe des tables rondes et carr\u00e9es pour les r\u00e9unions compactes \u00e0 des mod\u00e8les rectangulaires pour les groupes plus importants. Les pi\u00e8tements \u00e0 deux colonnes et deux plateaux soutiennent les mod\u00e8les de tables de conf\u00e9rence rectangulaires, tandis que les tables plus petites utilisent un pi\u00e8tement central \u00e0 une colonne et un plateau.<\/p>\n<p>Plusieurs mod\u00e8les sont compatibles avec un chemin de c\u00e2bles, mais celui-ci n&#8217;est pas inclus. Selon le mod\u00e8le, les plateaux sont disponibles en m\u00e9lamin\u00e9 ou en HPL, avec des coloris de surface et de pi\u00e8tement pouvant \u00eatre coordonn\u00e9s avec l&#8217;ensemble de l&#8217;espace de travail.<\/p>\n","protected":false},"excerpt":{"rendered":"<p>Voir tous les mod\u00e8les de tables de r\u00e9union Kusch + Co Embla.<\/p>\n","protected":false},"featured_media":16968,"comment_status":"open","ping_status":"closed","template":"","meta":{"_acf_changed":false},"product_brand":[3394],"product_cat":[143,176],"product_tag":[],"class_list":["post-31311","product","type-product","status-publish","has-post-thumbnail","product_brand-kusch-co","product_cat-tables-de-conference","product_cat-tables-de-reunion-de-collaboration","pa_adapte-au-chemin-de-cables-yes","pa_chemin-de-cables-inclus-no","pa_collection-embla","pa_commande-bluetooth-no","pa_connectable-no","pa_couleur-de-surface-beige","pa_couleur-de-surface-white","pa_couleur-de-surface-blue","pa_couleur-de-surface-wood","pa_couleur-de-surface-grey","pa_couleur-de-surface-brown","pa_couleur-de-surface-black","pa_couleur-du-pietement-silver","pa_couleur-du-pietement-beige","pa_couleur-du-pietement-white","pa_couleur-du-pietement-blue","pa_couleur-du-pietement-wood","pa_couleur-du-pietement-grey","pa_couleur-du-pietement-yellow","pa_couleur-du-pietement-brown","pa_couleur-du-pietement-black","pa_couleur-du-pietement-red","pa_couleur-du-pietement-green","pa_couleur-du-pietement-purple","pa_forme-du-plateau-square","pa_forme-du-plateau-rectangular","pa_forme-du-plateau-round","pa_garantie-2-year","pa_hauteur-maximale-1845","pa_largeur-3037","pa_largeur-3057","pa_largeur-3077","pa_largeur-3096","pa_largeur-3371","pa_largeur-3298","pa_largeur-3304","pa_largeur-3381","pa_largeur-3317","pa_marque-kusch-co","pa_materiau-du-pietement-steel","pa_materiau-du-pietement-wood","pa_materiau-du-plateau-hpl","pa_materiau-du-plateau-melamine","pa_nombre-de-personnes-2-people","pa_nombre-de-personnes-4-people","pa_nombre-de-personnes-6-people","pa_profondeur-1307","pa_profondeur-1376","pa_profondeur-1377","pa_reglable-no","pa_type-de-cadre-column","first","instock","virtual","sold-individually","product-type-mynt_group"],"acf":[],"yoast_head":"<!-- This site is optimized with the Yoast SEO Premium plugin v25.6 (Yoast SEO v28.3) - https:\/\/yoast.com\/product\/yoast-seo-premium-wordpress\/ -->\n<title>Tables de r\u00e9union Kusch + Co Embla | Myntwork<\/title>\n<meta name=\"description\" content=\"D\u00e9couvrez les tables de r\u00e9union Kusch + Co Embla pour deux \u00e0 six personnes, avec des plateaux ronds, carr\u00e9s ou rectangulaires, des pi\u00e8tements \u00e0 hauteur fixe\u2026\" \/>\n<meta name=\"robots\" content=\"index, follow, max-snippet:-1, max-image-preview:large, max-video-preview:-1\" \/>\n<link rel=\"canonical\" href=\"https:\/\/myntwork.com\/fr-ch\/produit\/table-de-reunion-kusch-co-embla\/\" \/>\n<meta property=\"og:locale\" content=\"en_US\" \/>\n<meta property=\"og:type\" content=\"article\" \/>\n<meta property=\"og:title\" content=\"Table de r\u00e9union Kusch + Co Embla\" \/>\n<meta property=\"og:description\" content=\"D\u00e9couvrez les tables de r\u00e9union Kusch + Co Embla pour deux \u00e0 six personnes, avec des plateaux ronds, carr\u00e9s ou rectangulaires, des pi\u00e8tements \u00e0 hauteur fixe et des options compatibles avec un chemin de c\u00e2bles.\" \/>\n<meta property=\"og:url\" content=\"https:\/\/myntwork.com\/fr-ch\/produit\/table-de-reunion-kusch-co-embla\/\" \/>\n<meta property=\"og:site_name\" content=\"Myntwork Suisse\" \/>\n<meta property=\"og:image\" content=\"https:\/\/myntwork.com\/wp-content\/uploads\/2026\/08\/283e647365a742e0a17804500940b666.jpg\" \/>\n\t<meta property=\"og:image:width\" content=\"1200\" \/>\n\t<meta property=\"og:image:height\" content=\"1200\" \/>\n\t<meta property=\"og:image:type\" content=\"image\/jpeg\" \/>\n<meta name=\"twitter:card\" content=\"summary_large_image\" \/>\n<meta name=\"twitter:label1\" content=\"Price\" \/>\n\t<meta name=\"twitter:data1\" content=\"&#067;&#072;&#070;&nbsp;250.00\" \/>\n\t<meta name=\"twitter:label2\" content=\"Availability\" \/>\n\t<meta name=\"twitter:data2\" content=\"In stock\" \/>\n<script type=\"application\/ld+json\" class=\"yoast-schema-graph\">{\"@context\":\"https:\\\/\\\/schema.org\",\"@graph\":[{\"@type\":\"WebPage\",\"@id\":\"https:\\\/\\\/myntwork.com\\\/fr-ch\\\/produit\\\/table-de-reunion-kusch-co-embla\\\/\",\"url\":\"https:\\\/\\\/myntwork.com\\\/fr-ch\\\/produit\\\/table-de-reunion-kusch-co-embla\\\/\",\"name\":\"Tables de r\u00e9union Kusch + Co Embla | Myntwork\",\"isPartOf\":{\"@id\":\"https:\\\/\\\/myntwork.com\\\/fr-ch\\\/#website\"},\"primaryImageOfPage\":{\"@id\":\"https:\\\/\\\/myntwork.com\\\/fr-ch\\\/produit\\\/table-de-reunion-kusch-co-embla\\\/#primaryimage\"},\"image\":{\"@id\":\"https:\\\/\\\/myntwork.com\\\/fr-ch\\\/produit\\\/table-de-reunion-kusch-co-embla\\\/#primaryimage\"},\"thumbnailUrl\":\"https:\\\/\\\/myntwork.com\\\/wp-content\\\/uploads\\\/2026\\\/08\\\/283e647365a742e0a17804500940b666.jpg\",\"datePublished\":\"2026-08-27T15:20:45+00:00\",\"description\":\"D\u00e9couvrez les tables de r\u00e9union Kusch + Co Embla pour deux \u00e0 six personnes, avec des plateaux ronds, carr\u00e9s ou rectangulaires, des pi\u00e8tements \u00e0 hauteur fixe et des options compatibles avec un chemin de c\u00e2bles.\",\"breadcrumb\":{\"@id\":\"https:\\\/\\\/myntwork.com\\\/fr-ch\\\/produit\\\/table-de-reunion-kusch-co-embla\\\/#breadcrumb\"},\"inLanguage\":\"en-US\",\"potentialAction\":[{\"@type\":\"ReadAction\",\"target\":[\"https:\\\/\\\/myntwork.com\\\/fr-ch\\\/produit\\\/table-de-reunion-kusch-co-embla\\\/\"]}]},{\"@type\":\"ImageObject\",\"inLanguage\":\"en-US\",\"@id\":\"https:\\\/\\\/myntwork.com\\\/fr-ch\\\/produit\\\/table-de-reunion-kusch-co-embla\\\/#primaryimage\",\"url\":\"https:\\\/\\\/myntwork.com\\\/wp-content\\\/uploads\\\/2026\\\/08\\\/283e647365a742e0a17804500940b666.jpg\",\"contentUrl\":\"https:\\\/\\\/myntwork.com\\\/wp-content\\\/uploads\\\/2026\\\/08\\\/283e647365a742e0a17804500940b666.jpg\",\"caption\":\"Kusch + Co Embla Table One-Column One-Plate Lwm Base Pedestal Round Square\"},{\"@type\":\"BreadcrumbList\",\"@id\":\"https:\\\/\\\/myntwork.com\\\/fr-ch\\\/produit\\\/table-de-reunion-kusch-co-embla\\\/#breadcrumb\",\"itemListElement\":[{\"@type\":\"ListItem\",\"position\":1,\"name\":\"Home\",\"item\":\"https:\\\/\\\/myntwork.com\\\/fr-ch\\\/\"},{\"@type\":\"ListItem\",\"position\":2,\"name\":\"Cat\u00e9gories\",\"item\":\"https:\\\/\\\/myntwork.com\\\/fr-ch\\\/categories\\\/\"},{\"@type\":\"ListItem\",\"position\":3,\"name\":\"Table de r\u00e9union Kusch + Co Embla\"}]},{\"@type\":\"WebSite\",\"@id\":\"https:\\\/\\\/myntwork.com\\\/fr-ch\\\/#website\",\"url\":\"https:\\\/\\\/myntwork.com\\\/fr-ch\\\/\",\"name\":\"Myntwork\",\"description\":\"Lease de mobilier de bureau neuf | \u00c0 partir de 3.95 par poste de travail\",\"publisher\":{\"@id\":\"https:\\\/\\\/myntwork.com\\\/fr-ch\\\/#organization\"},\"potentialAction\":[{\"@type\":\"SearchAction\",\"target\":{\"@type\":\"EntryPoint\",\"urlTemplate\":\"https:\\\/\\\/myntwork.com\\\/fr-ch\\\/?s={search_term_string}\"},\"query-input\":{\"@type\":\"PropertyValueSpecification\",\"valueRequired\":true,\"valueName\":\"search_term_string\"}}],\"inLanguage\":\"en-US\"},{\"@type\":\"Organization\",\"@id\":\"https:\\\/\\\/myntwork.com\\\/fr-ch\\\/#organization\",\"name\":\"Myntwork\",\"url\":\"https:\\\/\\\/myntwork.com\\\/fr-ch\\\/\",\"logo\":{\"@type\":\"ImageObject\",\"inLanguage\":\"en-US\",\"@id\":\"https:\\\/\\\/myntwork.com\\\/fr-ch\\\/#\\\/schema\\\/logo\\\/image\\\/\",\"url\":\"https:\\\/\\\/myntwork.com\\\/wp-content\\\/uploads\\\/2025\\\/08\\\/myntwork.png\",\"contentUrl\":\"https:\\\/\\\/myntwork.com\\\/wp-content\\\/uploads\\\/2025\\\/08\\\/myntwork.png\",\"width\":696,\"height\":696,\"caption\":\"Myntwork\"},\"image\":{\"@id\":\"https:\\\/\\\/myntwork.com\\\/fr-ch\\\/#\\\/schema\\\/logo\\\/image\\\/\"},\"description\":\"Myntwork is een Nederlands bedrijf, gespecialiseerd in het leasen van kantoormeubilair. Het concept draait om flexibiliteit, eenvoud en duurzaamheid, waarbij bedrijven hoogwaardige meubels kunnen huren zonder grote upfront investeringen.\",\"email\":\"contact@myntwork.com\",\"telephone\":\"+31854017823\",\"legalName\":\"Myntwork B.V.\",\"foundingDate\":\"2024-01-26\",\"vatID\":\"NL861015290B01\",\"numberOfEmployees\":{\"@type\":\"QuantitativeValue\",\"minValue\":\"1\",\"maxValue\":\"10\"}}]}<\/script>\n<meta property=\"product:brand\" content=\"Kusch + Co\" \/>\n<meta property=\"product:price:amount\" content=\"250.00\" \/>\n<meta property=\"product:price:currency\" content=\"CHF\" \/>\n<meta property=\"og:availability\" content=\"instock\" \/>\n<meta property=\"product:availability\" content=\"instock\" \/>\n<meta property=\"product:retailer_item_id\" content=\"GROUP-9075D620AD6F\" \/>\n<meta property=\"product:condition\" content=\"new\" \/>\n<!-- \/ Yoast SEO Premium plugin. -->","yoast_head_json":{"title":"Tables de r\u00e9union Kusch + Co Embla | Myntwork","description":"D\u00e9couvrez les tables de r\u00e9union Kusch + Co Embla pour deux \u00e0 six personnes, avec des plateaux ronds, carr\u00e9s ou rectangulaires, des pi\u00e8tements \u00e0 hauteur fixe\u2026","robots":{"index":"index","follow":"follow","max-snippet":"max-snippet:-1","max-image-preview":"max-image-preview:large","max-video-preview":"max-video-preview:-1"},"canonical":"https:\/\/myntwork.com\/fr-ch\/produit\/table-de-reunion-kusch-co-embla\/","og_locale":"en_US","og_type":"article","og_title":"Table de r\u00e9union Kusch + Co Embla","og_description":"D\u00e9couvrez les tables de r\u00e9union Kusch + Co Embla pour deux \u00e0 six personnes, avec des plateaux ronds, carr\u00e9s ou rectangulaires, des pi\u00e8tements \u00e0 hauteur fixe et des options compatibles avec un chemin de c\u00e2bles.","og_url":"https:\/\/myntwork.com\/fr-ch\/produit\/table-de-reunion-kusch-co-embla\/","og_site_name":"Myntwork Suisse","og_image":[{"url":"https:\/\/myntwork.com\/wp-content\/uploads\/2026\/08\/283e647365a742e0a17804500940b666.jpg","width":1200,"height":1200,"type":"image\/jpeg"}],"twitter_card":"summary_large_image","twitter_misc":{"Price":"&#67;&#72;&#70;&nbsp;250.00","Availability":"In stock"},"schema":{"@context":"https:\/\/schema.org","@graph":[{"@type":"WebPage","@id":"https:\/\/myntwork.com\/fr-ch\/produit\/table-de-reunion-kusch-co-embla\/","url":"https:\/\/myntwork.com\/fr-ch\/produit\/table-de-reunion-kusch-co-embla\/","name":"Tables de r\u00e9union Kusch + Co Embla | Myntwork","isPartOf":{"@id":"https:\/\/myntwork.com\/fr-ch\/#website"},"primaryImageOfPage":{"@id":"https:\/\/myntwork.com\/fr-ch\/produit\/table-de-reunion-kusch-co-embla\/#primaryimage"},"image":{"@id":"https:\/\/myntwork.com\/fr-ch\/produit\/table-de-reunion-kusch-co-embla\/#primaryimage"},"thumbnailUrl":"https:\/\/myntwork.com\/wp-content\/uploads\/2026\/08\/283e647365a742e0a17804500940b666.jpg","datePublished":"2026-08-27T15:20:45+00:00","description":"D\u00e9couvrez les tables de r\u00e9union Kusch + Co Embla pour deux \u00e0 six personnes, avec des plateaux ronds, carr\u00e9s ou rectangulaires, des pi\u00e8tements \u00e0 hauteur fixe et des options compatibles avec un chemin de c\u00e2bles.","breadcrumb":{"@id":"https:\/\/myntwork.com\/fr-ch\/produit\/table-de-reunion-kusch-co-embla\/#breadcrumb"},"inLanguage":"en-US","potentialAction":[{"@type":"ReadAction","target":["https:\/\/myntwork.com\/fr-ch\/produit\/table-de-reunion-kusch-co-embla\/"]}]},{"@type":"ImageObject","inLanguage":"en-US","@id":"https:\/\/myntwork.com\/fr-ch\/produit\/table-de-reunion-kusch-co-embla\/#primaryimage","url":"https:\/\/myntwork.com\/wp-content\/uploads\/2026\/08\/283e647365a742e0a17804500940b666.jpg","contentUrl":"https:\/\/myntwork.com\/wp-content\/uploads\/2026\/08\/283e647365a742e0a17804500940b666.jpg","caption":"Kusch + Co Embla Table One-Column One-Plate Lwm Base Pedestal Round Square"},{"@type":"BreadcrumbList","@id":"https:\/\/myntwork.com\/fr-ch\/produit\/table-de-reunion-kusch-co-embla\/#breadcrumb","itemListElement":[{"@type":"ListItem","position":1,"name":"Home","item":"https:\/\/myntwork.com\/fr-ch\/"},{"@type":"ListItem","position":2,"name":"Cat\u00e9gories","item":"https:\/\/myntwork.com\/fr-ch\/categories\/"},{"@type":"ListItem","position":3,"name":"Table de r\u00e9union Kusch + Co Embla"}]},{"@type":"WebSite","@id":"https:\/\/myntwork.com\/fr-ch\/#website","url":"https:\/\/myntwork.com\/fr-ch\/","name":"Myntwork","description":"Lease de mobilier de bureau neuf | \u00c0 partir de 3.95 par poste de travail","publisher":{"@id":"https:\/\/myntwork.com\/fr-ch\/#organization"},"potentialAction":[{"@type":"SearchAction","target":{"@type":"EntryPoint","urlTemplate":"https:\/\/myntwork.com\/fr-ch\/?s={search_term_string}"},"query-input":{"@type":"PropertyValueSpecification","valueRequired":true,"valueName":"search_term_string"}}],"inLanguage":"en-US"},{"@type":"Organization","@id":"https:\/\/myntwork.com\/fr-ch\/#organization","name":"Myntwork","url":"https:\/\/myntwork.com\/fr-ch\/","logo":{"@type":"ImageObject","inLanguage":"en-US","@id":"https:\/\/myntwork.com\/fr-ch\/#\/schema\/logo\/image\/","url":"https:\/\/myntwork.com\/wp-content\/uploads\/2025\/08\/myntwork.png","contentUrl":"https:\/\/myntwork.com\/wp-content\/uploads\/2025\/08\/myntwork.png","width":696,"height":696,"caption":"Myntwork"},"image":{"@id":"https:\/\/myntwork.com\/fr-ch\/#\/schema\/logo\/image\/"},"description":"Myntwork is een Nederlands bedrijf, gespecialiseerd in het leasen van kantoormeubilair. Het concept draait om flexibiliteit, eenvoud en duurzaamheid, waarbij bedrijven hoogwaardige meubels kunnen huren zonder grote upfront investeringen.","email":"contact@myntwork.com","telephone":"+31854017823","legalName":"Myntwork B.V.","foundingDate":"2024-01-26","vatID":"NL861015290B01","numberOfEmployees":{"@type":"QuantitativeValue","minValue":"1","maxValue":"10"}}]},"product_brand":"Kusch + Co","product_price_amount":"250.00","product_price_currency":"CHF","og_availability":"instock","product_availability":"instock","product_retailer_item_id":"GROUP-9075D620AD6F","product_condition":"new"},"_links":{"self":[{"href":"https:\/\/myntwork.com\/fr-ch\/wp-json\/wp\/v2\/product\/31311","targetHints":{"allow":["GET"]}}],"collection":[{"href":"https:\/\/myntwork.com\/fr-ch\/wp-json\/wp\/v2\/product"}],"about":[{"href":"https:\/\/myntwork.com\/fr-ch\/wp-json\/wp\/v2\/types\/product"}],"replies":[{"embeddable":true,"href":"https:\/\/myntwork.com\/fr-ch\/wp-json\/wp\/v2\/comments?post=31311"}],"wp:featuredmedia":[{"embeddable":true,"href":"https:\/\/myntwork.com\/fr-ch\/wp-json\/wp\/v2\/media\/16968"}],"wp:attachment":[{"href":"https:\/\/myntwork.com\/fr-ch\/wp-json\/wp\/v2\/media?parent=31311"}],"wp:term":[{"taxonomy":"product_brand","embeddable":true,"href":"https:\/\/myntwork.com\/fr-ch\/wp-json\/wp\/v2\/product_brand?post=31311"},{"taxonomy":"product_cat","embeddable":true,"href":"https:\/\/myntwork.com\/fr-ch\/wp-json\/wp\/v2\/product_cat?post=31311"},{"taxonomy":"product_tag","embeddable":true,"href":"https:\/\/myntwork.com\/fr-ch\/wp-json\/wp\/v2\/product_tag?post=31311"}],"curies":[{"name":"wp","href":"https:\/\/api.w.org\/{rel}","templated":true}]}}