{"id":8469,"date":"2026-08-14T00:52:09","date_gmt":"2026-08-14T00:52:09","guid":{"rendered":"https:\/\/myntwork.com\/fr-ch\/product\/table-de-conference-bralco-tono\/"},"modified":"2026-08-14T00:52:09","modified_gmt":"2026-08-14T00:52:09","slug":"table-de-conference-bralco-tono","status":"publish","type":"product","link":"https:\/\/myntwork.com\/fr-ch\/produit\/table-de-conference-bralco-tono\/","title":{"rendered":"Table de conf\u00e9rence Bralco Tono"},"content":{"rendered":"<h2>Table de conf\u00e9rence Bralco Tono<\/h2>\n<p>La table de r\u00e9union et de conf\u00e9rence Bralco Tono est con\u00e7ue comme une surface centrale pour les discussions professionnelles, le travail collaboratif et les r\u00e9unions avec les clients. Pouvant accueillir jusqu\u2019\u00e0 huit personnes, elle associe un plateau arrondi et un pi\u00e8tement colonne dans un format \u00e9pur\u00e9 et pratique pour les salles de r\u00e9union et de conf\u00e9rence.<\/p>\n<p>Le plateau en m\u00e9lamine de 25 mm offre une surface adapt\u00e9e au bureau pour les documents, les ordinateurs portables et les activit\u00e9s quotidiennes de r\u00e9union. Un pi\u00e8tement colonne en acier soutient la table et cr\u00e9e une configuration autonome clairement d\u00e9finie pour les \u00e9quipes qui ont besoin d\u2019un espace commun pour se r\u00e9unir. Sa conception non combinable est destin\u00e9e \u00e0 une utilisation comme table individuelle plut\u00f4t qu\u2019\u00e0 une configuration assembl\u00e9e avec d\u2019autres tables.<\/p>\n<p><strong>Bords arrondis des deux c\u00f4t\u00e9s<\/strong> donnent \u00e0 la table un profil plus doux et cr\u00e9ent un pourtour accueillant pour les participants assis. Cette forme favorise les \u00e9changes et les t\u00e2ches partag\u00e9es en maintenant chacun autour d\u2019une m\u00eame surface de travail centrale. Son design circulaire convient particuli\u00e8rement aux am\u00e9nagements de salles de r\u00e9union o\u00f9 les participants doivent pouvoir interagir facilement les uns avec les autres.<\/p>\n<p>Les coloris disponibles pour le plateau comprennent le blanc, le gris, le noir, le marron et le beige, tandis que le pi\u00e8tement est propos\u00e9 en blanc, argent ou noir. Ces choix facilitent l\u2019harmonisation de la table avec diff\u00e9rents int\u00e9rieurs professionnels, des pi\u00e8ces claires et neutres aux environnements de bureau plus sombres.<\/p>\n<p>La table de r\u00e9union et de conf\u00e9rence Bralco Tono est compatible avec un passe-c\u00e2bles, permettant aux am\u00e9nageurs de cr\u00e9er une installation plus ordonn\u00e9e pour les \u00e9quipements de r\u00e9union connect\u00e9s. Le passe-c\u00e2bles n\u2019est pas inclus et doit \u00eatre s\u00e9lectionn\u00e9 s\u00e9par\u00e9ment si n\u00e9cessaire. La commande Bluetooth n\u2019est pas incluse, afin de conserver \u00e0 la table son r\u00f4le essentiel de surface fiable pour les r\u00e9unions en pr\u00e9sentiel.<\/p>\n<p>Avec une capacit\u00e9 de huit personnes, cette table constitue un choix pratique pour les salles de conf\u00e9rence, les espaces de r\u00e9union d\u00e9di\u00e9s et les bureaux collaboratifs. Son plateau en m\u00e9lamine, son pi\u00e8tement en acier et ses coloris soigneusement s\u00e9lectionn\u00e9s offrent une solution de mobilier simple et fonctionnelle pour une utilisation quotidienne au travail. La table est fournie avec une garantie de deux ans, pour une plus grande tranquillit\u00e9 d\u2019esprit lors de l\u2019achat de mobilier professionnel.<\/p>\n","protected":false},"excerpt":{"rendered":"<p>Table de conf\u00e9rence Bralco Tono La table de r\u00e9union et de conf\u00e9rence Bralco Tono est une table de r\u00e9union circulaire avec plateau en m\u00e9lamine pour huit personnes, dot\u00e9e d\u2019un pi\u00e8tement colonne en acier et compatible avec un passe-c\u00e2bles.<\/p>\n","protected":false},"featured_media":8463,"comment_status":"open","ping_status":"closed","template":"","meta":{"_acf_changed":false},"product_brand":[76],"product_cat":[143,176],"product_tag":[],"class_list":["post-8469","product","type-product","status-publish","has-post-thumbnail","product_brand-bralco","product_cat-tables-de-conference","product_cat-tables-de-reunion-de-collaboration","pa_adapte-au-chemin-de-cables-yes","pa_chemin-de-cables-inclus-no","pa_commande-bluetooth-no","pa_connectable-no","pa_couleur-de-surface-beige","pa_couleur-de-surface-white","pa_couleur-de-surface-grey","pa_couleur-de-surface-brown","pa_couleur-de-surface-black","pa_couleur-du-pietement-silver","pa_couleur-du-pietement-white","pa_couleur-du-pietement-black","pa_forme-du-plateau-rounded-both-sides","pa_garantie-2-year","pa_marque-bralco","pa_materiau-du-pietement-steel","pa_materiau-du-plateau-melamine","pa_nombre-de-personnes-8-people","pa_standardisation-not-specified","pa_type-de-cadre-column","first","instock","shipping-taxable","purchasable","product-type-simple"],"acf":[],"yoast_head":"<!-- This site is optimized with the Yoast SEO Premium plugin v25.6 (Yoast SEO v28.3) - https:\/\/yoast.com\/product\/yoast-seo-premium-wordpress\/ -->\n<title>Table de conf\u00e9rence Bralco Tono | Myntwork Suisse<\/title>\n<meta name=\"description\" content=\"La table de conf\u00e9rence Bralco Tono am\u00e9liore l\u2019espace de travail gr\u00e2ce \u00e0 un design bien pens\u00e9 et une fonctionnalit\u00e9 fiable au quotidien.\" \/>\n<meta name=\"robots\" content=\"index, follow, max-snippet:-1, max-image-preview:large, max-video-preview:-1\" \/>\n<link rel=\"canonical\" href=\"https:\/\/myntwork.com\/fr-ch\/produit\/table-de-conference-bralco-tono\/\" \/>\n<meta property=\"og:locale\" content=\"en_US\" \/>\n<meta property=\"og:type\" content=\"article\" \/>\n<meta property=\"og:title\" content=\"Table de conf\u00e9rence Bralco Tono\" \/>\n<meta property=\"og:description\" content=\"La table de conf\u00e9rence Bralco Tono am\u00e9liore l\u2019espace de travail gr\u00e2ce \u00e0 un design bien pens\u00e9 et une fonctionnalit\u00e9 fiable au quotidien. D\u00e9couvrez toutes les caract\u00e9ristiques et options.\" \/>\n<meta property=\"og:url\" content=\"https:\/\/myntwork.com\/fr-ch\/produit\/table-de-conference-bralco-tono\/\" \/>\n<meta property=\"og:site_name\" content=\"Myntwork Suisse\" \/>\n<meta property=\"og:image\" content=\"https:\/\/myntwork.com\/wp-content\/uploads\/2026\/08\/1ad42027dfce4a38865abc4e788be952.jpg\" \/>\n\t<meta property=\"og:image:width\" content=\"1200\" \/>\n\t<meta property=\"og:image:height\" content=\"1200\" \/>\n\t<meta property=\"og:image:type\" content=\"image\/jpeg\" \/>\n<meta name=\"twitter:card\" content=\"summary_large_image\" \/>\n<meta name=\"twitter:label1\" content=\"Price\" \/>\n\t<meta name=\"twitter:data1\" content=\"&#067;&#072;&#070;&nbsp;1,183.00\" \/>\n\t<meta name=\"twitter:label2\" content=\"Availability\" \/>\n\t<meta name=\"twitter:data2\" content=\"In stock\" \/>\n<script type=\"application\/ld+json\" class=\"yoast-schema-graph\">{\"@context\":\"https:\\\/\\\/schema.org\",\"@graph\":[{\"@type\":\"WebPage\",\"@id\":\"https:\\\/\\\/myntwork.com\\\/fr-ch\\\/produit\\\/table-de-conference-bralco-tono\\\/\",\"url\":\"https:\\\/\\\/myntwork.com\\\/fr-ch\\\/produit\\\/table-de-conference-bralco-tono\\\/\",\"name\":\"Table de conf\u00e9rence Bralco Tono | Myntwork Suisse\",\"isPartOf\":{\"@id\":\"https:\\\/\\\/myntwork.com\\\/fr-ch\\\/#website\"},\"primaryImageOfPage\":{\"@id\":\"https:\\\/\\\/myntwork.com\\\/fr-ch\\\/produit\\\/table-de-conference-bralco-tono\\\/#primaryimage\"},\"image\":{\"@id\":\"https:\\\/\\\/myntwork.com\\\/fr-ch\\\/produit\\\/table-de-conference-bralco-tono\\\/#primaryimage\"},\"thumbnailUrl\":\"https:\\\/\\\/myntwork.com\\\/wp-content\\\/uploads\\\/2026\\\/08\\\/1ad42027dfce4a38865abc4e788be952.jpg\",\"datePublished\":\"2026-08-14T00:52:09+00:00\",\"description\":\"La table de conf\u00e9rence Bralco Tono am\u00e9liore l\u2019espace de travail gr\u00e2ce \u00e0 un design bien pens\u00e9 et une fonctionnalit\u00e9 fiable au quotidien. D\u00e9couvrez toutes les caract\u00e9ristiques et options.\",\"breadcrumb\":{\"@id\":\"https:\\\/\\\/myntwork.com\\\/fr-ch\\\/produit\\\/table-de-conference-bralco-tono\\\/#breadcrumb\"},\"inLanguage\":\"en-US\",\"potentialAction\":[{\"@type\":\"ReadAction\",\"target\":[\"https:\\\/\\\/myntwork.com\\\/fr-ch\\\/produit\\\/table-de-conference-bralco-tono\\\/\"]}]},{\"@type\":\"ImageObject\",\"inLanguage\":\"en-US\",\"@id\":\"https:\\\/\\\/myntwork.com\\\/fr-ch\\\/produit\\\/table-de-conference-bralco-tono\\\/#primaryimage\",\"url\":\"https:\\\/\\\/myntwork.com\\\/wp-content\\\/uploads\\\/2026\\\/08\\\/1ad42027dfce4a38865abc4e788be952.jpg\",\"contentUrl\":\"https:\\\/\\\/myntwork.com\\\/wp-content\\\/uploads\\\/2026\\\/08\\\/1ad42027dfce4a38865abc4e788be952.jpg\",\"caption\":\"Bralco Tono Meeting Table Conference Table\"},{\"@type\":\"BreadcrumbList\",\"@id\":\"https:\\\/\\\/myntwork.com\\\/fr-ch\\\/produit\\\/table-de-conference-bralco-tono\\\/#breadcrumb\",\"itemListElement\":[{\"@type\":\"ListItem\",\"position\":1,\"name\":\"Home\",\"item\":\"https:\\\/\\\/myntwork.com\\\/fr-ch\\\/\"},{\"@type\":\"ListItem\",\"position\":2,\"name\":\"Cat\u00e9gories\",\"item\":\"https:\\\/\\\/myntwork.com\\\/fr-ch\\\/categories\\\/\"},{\"@type\":\"ListItem\",\"position\":3,\"name\":\"Table de conf\u00e9rence Bralco Tono\"}]},{\"@type\":\"WebSite\",\"@id\":\"https:\\\/\\\/myntwork.com\\\/fr-ch\\\/#website\",\"url\":\"https:\\\/\\\/myntwork.com\\\/fr-ch\\\/\",\"name\":\"Myntwork\",\"description\":\"Lease de mobilier de bureau neuf | \u00c0 partir de 3.95 par poste de travail\",\"publisher\":{\"@id\":\"https:\\\/\\\/myntwork.com\\\/fr-ch\\\/#organization\"},\"potentialAction\":[{\"@type\":\"SearchAction\",\"target\":{\"@type\":\"EntryPoint\",\"urlTemplate\":\"https:\\\/\\\/myntwork.com\\\/fr-ch\\\/?s={search_term_string}\"},\"query-input\":{\"@type\":\"PropertyValueSpecification\",\"valueRequired\":true,\"valueName\":\"search_term_string\"}}],\"inLanguage\":\"en-US\"},{\"@type\":\"Organization\",\"@id\":\"https:\\\/\\\/myntwork.com\\\/fr-ch\\\/#organization\",\"name\":\"Myntwork\",\"url\":\"https:\\\/\\\/myntwork.com\\\/fr-ch\\\/\",\"logo\":{\"@type\":\"ImageObject\",\"inLanguage\":\"en-US\",\"@id\":\"https:\\\/\\\/myntwork.com\\\/fr-ch\\\/#\\\/schema\\\/logo\\\/image\\\/\",\"url\":\"https:\\\/\\\/myntwork.com\\\/wp-content\\\/uploads\\\/2025\\\/08\\\/myntwork.png\",\"contentUrl\":\"https:\\\/\\\/myntwork.com\\\/wp-content\\\/uploads\\\/2025\\\/08\\\/myntwork.png\",\"width\":696,\"height\":696,\"caption\":\"Myntwork\"},\"image\":{\"@id\":\"https:\\\/\\\/myntwork.com\\\/fr-ch\\\/#\\\/schema\\\/logo\\\/image\\\/\"},\"description\":\"Myntwork is een Nederlands bedrijf, gespecialiseerd in het leasen van kantoormeubilair. Het concept draait om flexibiliteit, eenvoud en duurzaamheid, waarbij bedrijven hoogwaardige meubels kunnen huren zonder grote upfront investeringen.\",\"email\":\"contact@myntwork.com\",\"telephone\":\"+31854017823\",\"legalName\":\"Myntwork B.V.\",\"foundingDate\":\"2024-01-26\",\"vatID\":\"NL861015290B01\",\"numberOfEmployees\":{\"@type\":\"QuantitativeValue\",\"minValue\":\"1\",\"maxValue\":\"10\"}}]}<\/script>\n<meta property=\"product:brand\" content=\"Bralco\" \/>\n<meta property=\"product:price:amount\" content=\"1183.00\" \/>\n<meta property=\"product:price:currency\" content=\"CHF\" \/>\n<meta property=\"og:availability\" content=\"instock\" \/>\n<meta property=\"product:availability\" content=\"instock\" \/>\n<meta property=\"product:retailer_item_id\" content=\"TN2412FC\" \/>\n<meta property=\"product:condition\" content=\"new\" \/>\n<!-- \/ Yoast SEO Premium plugin. -->","yoast_head_json":{"title":"Table de conf\u00e9rence Bralco Tono | Myntwork Suisse","description":"La table de conf\u00e9rence Bralco Tono am\u00e9liore l\u2019espace de travail gr\u00e2ce \u00e0 un design bien pens\u00e9 et une fonctionnalit\u00e9 fiable au quotidien.","robots":{"index":"index","follow":"follow","max-snippet":"max-snippet:-1","max-image-preview":"max-image-preview:large","max-video-preview":"max-video-preview:-1"},"canonical":"https:\/\/myntwork.com\/fr-ch\/produit\/table-de-conference-bralco-tono\/","og_locale":"en_US","og_type":"article","og_title":"Table de conf\u00e9rence Bralco Tono","og_description":"La table de conf\u00e9rence Bralco Tono am\u00e9liore l\u2019espace de travail gr\u00e2ce \u00e0 un design bien pens\u00e9 et une fonctionnalit\u00e9 fiable au quotidien. D\u00e9couvrez toutes les caract\u00e9ristiques et options.","og_url":"https:\/\/myntwork.com\/fr-ch\/produit\/table-de-conference-bralco-tono\/","og_site_name":"Myntwork Suisse","og_image":[{"url":"https:\/\/myntwork.com\/wp-content\/uploads\/2026\/08\/1ad42027dfce4a38865abc4e788be952.jpg","width":1200,"height":1200,"type":"image\/jpeg"}],"twitter_card":"summary_large_image","twitter_misc":{"Price":"&#67;&#72;&#70;&nbsp;1,183.00","Availability":"In stock"},"schema":{"@context":"https:\/\/schema.org","@graph":[{"@type":"WebPage","@id":"https:\/\/myntwork.com\/fr-ch\/produit\/table-de-conference-bralco-tono\/","url":"https:\/\/myntwork.com\/fr-ch\/produit\/table-de-conference-bralco-tono\/","name":"Table de conf\u00e9rence Bralco Tono | Myntwork Suisse","isPartOf":{"@id":"https:\/\/myntwork.com\/fr-ch\/#website"},"primaryImageOfPage":{"@id":"https:\/\/myntwork.com\/fr-ch\/produit\/table-de-conference-bralco-tono\/#primaryimage"},"image":{"@id":"https:\/\/myntwork.com\/fr-ch\/produit\/table-de-conference-bralco-tono\/#primaryimage"},"thumbnailUrl":"https:\/\/myntwork.com\/wp-content\/uploads\/2026\/08\/1ad42027dfce4a38865abc4e788be952.jpg","datePublished":"2026-08-14T00:52:09+00:00","description":"La table de conf\u00e9rence Bralco Tono am\u00e9liore l\u2019espace de travail gr\u00e2ce \u00e0 un design bien pens\u00e9 et une fonctionnalit\u00e9 fiable au quotidien. D\u00e9couvrez toutes les caract\u00e9ristiques et options.","breadcrumb":{"@id":"https:\/\/myntwork.com\/fr-ch\/produit\/table-de-conference-bralco-tono\/#breadcrumb"},"inLanguage":"en-US","potentialAction":[{"@type":"ReadAction","target":["https:\/\/myntwork.com\/fr-ch\/produit\/table-de-conference-bralco-tono\/"]}]},{"@type":"ImageObject","inLanguage":"en-US","@id":"https:\/\/myntwork.com\/fr-ch\/produit\/table-de-conference-bralco-tono\/#primaryimage","url":"https:\/\/myntwork.com\/wp-content\/uploads\/2026\/08\/1ad42027dfce4a38865abc4e788be952.jpg","contentUrl":"https:\/\/myntwork.com\/wp-content\/uploads\/2026\/08\/1ad42027dfce4a38865abc4e788be952.jpg","caption":"Bralco Tono Meeting Table Conference Table"},{"@type":"BreadcrumbList","@id":"https:\/\/myntwork.com\/fr-ch\/produit\/table-de-conference-bralco-tono\/#breadcrumb","itemListElement":[{"@type":"ListItem","position":1,"name":"Home","item":"https:\/\/myntwork.com\/fr-ch\/"},{"@type":"ListItem","position":2,"name":"Cat\u00e9gories","item":"https:\/\/myntwork.com\/fr-ch\/categories\/"},{"@type":"ListItem","position":3,"name":"Table de conf\u00e9rence Bralco Tono"}]},{"@type":"WebSite","@id":"https:\/\/myntwork.com\/fr-ch\/#website","url":"https:\/\/myntwork.com\/fr-ch\/","name":"Myntwork","description":"Lease de mobilier de bureau neuf | \u00c0 partir de 3.95 par poste de travail","publisher":{"@id":"https:\/\/myntwork.com\/fr-ch\/#organization"},"potentialAction":[{"@type":"SearchAction","target":{"@type":"EntryPoint","urlTemplate":"https:\/\/myntwork.com\/fr-ch\/?s={search_term_string}"},"query-input":{"@type":"PropertyValueSpecification","valueRequired":true,"valueName":"search_term_string"}}],"inLanguage":"en-US"},{"@type":"Organization","@id":"https:\/\/myntwork.com\/fr-ch\/#organization","name":"Myntwork","url":"https:\/\/myntwork.com\/fr-ch\/","logo":{"@type":"ImageObject","inLanguage":"en-US","@id":"https:\/\/myntwork.com\/fr-ch\/#\/schema\/logo\/image\/","url":"https:\/\/myntwork.com\/wp-content\/uploads\/2025\/08\/myntwork.png","contentUrl":"https:\/\/myntwork.com\/wp-content\/uploads\/2025\/08\/myntwork.png","width":696,"height":696,"caption":"Myntwork"},"image":{"@id":"https:\/\/myntwork.com\/fr-ch\/#\/schema\/logo\/image\/"},"description":"Myntwork is een Nederlands bedrijf, gespecialiseerd in het leasen van kantoormeubilair. Het concept draait om flexibiliteit, eenvoud en duurzaamheid, waarbij bedrijven hoogwaardige meubels kunnen huren zonder grote upfront investeringen.","email":"contact@myntwork.com","telephone":"+31854017823","legalName":"Myntwork B.V.","foundingDate":"2024-01-26","vatID":"NL861015290B01","numberOfEmployees":{"@type":"QuantitativeValue","minValue":"1","maxValue":"10"}}]},"product_brand":"Bralco","product_price_amount":"1183.00","product_price_currency":"CHF","og_availability":"instock","product_availability":"instock","product_retailer_item_id":"TN2412FC","product_condition":"new"},"_links":{"self":[{"href":"https:\/\/myntwork.com\/fr-ch\/wp-json\/wp\/v2\/product\/8469","targetHints":{"allow":["GET"]}}],"collection":[{"href":"https:\/\/myntwork.com\/fr-ch\/wp-json\/wp\/v2\/product"}],"about":[{"href":"https:\/\/myntwork.com\/fr-ch\/wp-json\/wp\/v2\/types\/product"}],"replies":[{"embeddable":true,"href":"https:\/\/myntwork.com\/fr-ch\/wp-json\/wp\/v2\/comments?post=8469"}],"wp:featuredmedia":[{"embeddable":true,"href":"https:\/\/myntwork.com\/fr-ch\/wp-json\/wp\/v2\/media\/8463"}],"wp:attachment":[{"href":"https:\/\/myntwork.com\/fr-ch\/wp-json\/wp\/v2\/media?parent=8469"}],"wp:term":[{"taxonomy":"product_brand","embeddable":true,"href":"https:\/\/myntwork.com\/fr-ch\/wp-json\/wp\/v2\/product_brand?post=8469"},{"taxonomy":"product_cat","embeddable":true,"href":"https:\/\/myntwork.com\/fr-ch\/wp-json\/wp\/v2\/product_cat?post=8469"},{"taxonomy":"product_tag","embeddable":true,"href":"https:\/\/myntwork.com\/fr-ch\/wp-json\/wp\/v2\/product_tag?post=8469"}],"curies":[{"name":"wp","href":"https:\/\/api.w.org\/{rel}","templated":true}]}}