{"id":30400,"date":"2026-08-23T12:23:15","date_gmt":"2026-08-23T12:23:15","guid":{"rendered":"https:\/\/myntwork.com\/fr-fr\/product\/cadre-de-bureau-bralco-2\/"},"modified":"2026-08-23T12:23:15","modified_gmt":"2026-08-23T12:23:15","slug":"cadre-de-bureau-bralco-2","status":"publish","type":"product","link":"https:\/\/myntwork.com\/fr-fr\/produit\/cadre-de-bureau-bralco-2\/","title":{"rendered":"Cadre de bureau Bralco"},"content":{"rendered":"<h2>Cadres de bureau pour postes de travail individuels<\/h2>\n<p>Les cadres de bureau Bralco sont con\u00e7us pour une personne et constituent une base pratique pour un poste de travail individuel. Cette gamme convient aux bureaux, aux espaces de t\u00e9l\u00e9travail, aux salles de projet et aux autres configurations o\u00f9 chaque bureau n\u00e9cessite son propre cadre.<\/p>\n<p>Chaque cadre de cette collection poss\u00e8de une base noire et b\u00e9n\u00e9ficie d\u2019une garantie de deux ans. Les produits ne sont pas connectables et ne sont pas con\u00e7us pour recevoir un chemin de c\u00e2bles ; ces points doivent donc \u00eatre v\u00e9rifi\u00e9s en fonction de la configuration pr\u00e9vue de votre poste de travail.<\/p>\n<h2>Comparez les largeurs, les profondeurs et la construction<\/h2>\n<p>Les caract\u00e9ristiques disponibles indiquent des largeurs de 120, 140, 160 et 180 cm, avec des profondeurs allant de 60 \u00e0 124 cm. Vous pouvez ainsi adapter le cadre \u00e0 l\u2019espace au sol disponible et \u00e0 la surface de travail souhait\u00e9e.<\/p>\n<p>La construction repose sur de l\u2019acier peint ou du m\u00e9tal, certains mod\u00e8les \u00e9tant \u00e9galement identifi\u00e9s comme comportant des \u00e9l\u00e9ments en polycarbonate. Un mod\u00e8le est d\u00e9crit comme circulaire, tandis que les attributs de la gamme l\u2019identifient globalement comme circulaire. Consultez les caract\u00e9ristiques de chaque produit pour v\u00e9rifier la combinaison exacte dont vous avez besoin.<\/p>\n","protected":false},"excerpt":{"rendered":"<p>D\u00e9couvrez tous les mod\u00e8les de cadres de bureau Bralco.<\/p>\n","protected":false},"featured_media":4318,"comment_status":"open","ping_status":"closed","template":"","meta":{"_acf_changed":false},"product_brand":[76],"product_cat":[84,85],"product_tag":[],"class_list":["post-30400","product","type-product","status-publish","has-post-thumbnail","product_brand-bralco","product_cat-bureaux","product_cat-structures-pietements-de-bureaux","pa_adapte-au-chemin-de-cables-no","pa_chemin-de-cables-inclus-no","pa_commande-bluetooth-no","pa_connectable-no","pa_couleur-du-pietement-black","pa_garantie-2-year","pa_largeur-3037","pa_largeur-3057","pa_largeur-3077","pa_largeur-3096","pa_marque-bralco","pa_materiau-du-pietement-steel","pa_materiau-du-pietement-metal","pa_nombre-de-personnes-1-person","pa_profondeur-1343","pa_profondeur-1145","pa_profondeur-1307","pa_profondeur-1376","pa_profondeur-1377","first","instock","virtual","sold-individually","product-type-mynt_group"],"acf":[],"yoast_head":"<!-- This site is optimized with the Yoast SEO Premium plugin v25.6 (Yoast SEO v28.3) - https:\/\/yoast.com\/product\/yoast-seo-premium-wordpress\/ -->\n<title>Bralco Desk Frame | Desk Frames on Lease<\/title>\n<meta name=\"description\" content=\"D\u00e9couvrez les cadres de bureau Bralco pour postes de travail individuels, avec une structure m\u00e9tallique noire, diff\u00e9rentes largeurs et profondeurs, et une\u2026\" \/>\n<meta name=\"robots\" content=\"index, follow, max-snippet:-1, max-image-preview:large, max-video-preview:-1\" \/>\n<link rel=\"canonical\" href=\"https:\/\/myntwork.com\/fr-fr\/produit\/cadre-de-bureau-bralco-2\/\" \/>\n<meta property=\"og:locale\" content=\"fr_FR\" \/>\n<meta property=\"og:type\" content=\"article\" \/>\n<meta property=\"og:title\" content=\"Cadre de bureau Bralco\" \/>\n<meta property=\"og:description\" content=\"D\u00e9couvrez les cadres de bureau Bralco pour postes de travail individuels, avec une structure m\u00e9tallique noire, diff\u00e9rentes largeurs et profondeurs, et une formule de lease mensuelle propos\u00e9e par Myntwork.\" \/>\n<meta property=\"og:url\" content=\"https:\/\/myntwork.com\/fr-fr\/produit\/cadre-de-bureau-bralco-2\/\" \/>\n<meta property=\"og:site_name\" content=\"Myntwork Fran\u00e7ais\" \/>\n<meta property=\"og:image\" content=\"https:\/\/myntwork.com\/wp-content\/uploads\/2026\/08\/e92332e10a6b41f788d00b376a86eb18.jpg\" \/>\n\t<meta property=\"og:image:width\" content=\"1200\" \/>\n\t<meta property=\"og:image:height\" content=\"1200\" \/>\n\t<meta property=\"og:image:type\" content=\"image\/jpeg\" \/>\n<meta name=\"twitter:card\" content=\"summary_large_image\" \/>\n<meta name=\"twitter:label1\" content=\"Price\" \/>\n\t<meta name=\"twitter:data1\" content=\"&euro;134.00\" \/>\n\t<meta name=\"twitter:label2\" content=\"Availability\" \/>\n\t<meta name=\"twitter:data2\" content=\"In stock\" \/>\n<script type=\"application\/ld+json\" class=\"yoast-schema-graph\">{\"@context\":\"https:\\\/\\\/schema.org\",\"@graph\":[{\"@type\":\"WebPage\",\"@id\":\"https:\\\/\\\/myntwork.com\\\/fr-fr\\\/produit\\\/cadre-de-bureau-bralco-2\\\/\",\"url\":\"https:\\\/\\\/myntwork.com\\\/fr-fr\\\/produit\\\/cadre-de-bureau-bralco-2\\\/\",\"name\":\"Bralco Desk Frame | Desk Frames on Lease\",\"isPartOf\":{\"@id\":\"https:\\\/\\\/myntwork.com\\\/fr-fr\\\/#website\"},\"primaryImageOfPage\":{\"@id\":\"https:\\\/\\\/myntwork.com\\\/fr-fr\\\/produit\\\/cadre-de-bureau-bralco-2\\\/#primaryimage\"},\"image\":{\"@id\":\"https:\\\/\\\/myntwork.com\\\/fr-fr\\\/produit\\\/cadre-de-bureau-bralco-2\\\/#primaryimage\"},\"thumbnailUrl\":\"https:\\\/\\\/myntwork.com\\\/wp-content\\\/uploads\\\/2026\\\/08\\\/e92332e10a6b41f788d00b376a86eb18.jpg\",\"datePublished\":\"2026-08-23T12:23:15+00:00\",\"description\":\"D\u00e9couvrez les cadres de bureau Bralco pour postes de travail individuels, avec une structure m\u00e9tallique noire, diff\u00e9rentes largeurs et profondeurs, et une formule de lease mensuelle propos\u00e9e par Myntwork.\",\"breadcrumb\":{\"@id\":\"https:\\\/\\\/myntwork.com\\\/fr-fr\\\/produit\\\/cadre-de-bureau-bralco-2\\\/#breadcrumb\"},\"inLanguage\":\"fr-FR\",\"potentialAction\":[{\"@type\":\"ReadAction\",\"target\":[\"https:\\\/\\\/myntwork.com\\\/fr-fr\\\/produit\\\/cadre-de-bureau-bralco-2\\\/\"]}]},{\"@type\":\"ImageObject\",\"inLanguage\":\"fr-FR\",\"@id\":\"https:\\\/\\\/myntwork.com\\\/fr-fr\\\/produit\\\/cadre-de-bureau-bralco-2\\\/#primaryimage\",\"url\":\"https:\\\/\\\/myntwork.com\\\/wp-content\\\/uploads\\\/2026\\\/08\\\/e92332e10a6b41f788d00b376a86eb18.jpg\",\"contentUrl\":\"https:\\\/\\\/myntwork.com\\\/wp-content\\\/uploads\\\/2026\\\/08\\\/e92332e10a6b41f788d00b376a86eb18.jpg\",\"caption\":\"Bralco Frame Rails Desk Frame\"},{\"@type\":\"BreadcrumbList\",\"@id\":\"https:\\\/\\\/myntwork.com\\\/fr-fr\\\/produit\\\/cadre-de-bureau-bralco-2\\\/#breadcrumb\",\"itemListElement\":[{\"@type\":\"ListItem\",\"position\":1,\"name\":\"Home\",\"item\":\"https:\\\/\\\/myntwork.com\\\/fr-fr\\\/\"},{\"@type\":\"ListItem\",\"position\":2,\"name\":\"Cat\u00e9gories\",\"item\":\"https:\\\/\\\/myntwork.com\\\/fr-fr\\\/categories\\\/\"},{\"@type\":\"ListItem\",\"position\":3,\"name\":\"Cadre de bureau Bralco\"}]},{\"@type\":\"WebSite\",\"@id\":\"https:\\\/\\\/myntwork.com\\\/fr-fr\\\/#website\",\"url\":\"https:\\\/\\\/myntwork.com\\\/fr-fr\\\/\",\"name\":\"Myntwork\",\"description\":\"Lease de mobilier de bureau neuf | \u00c0 partir de 3.95 par poste de travail\",\"publisher\":{\"@id\":\"https:\\\/\\\/myntwork.com\\\/fr-fr\\\/#organization\"},\"potentialAction\":[{\"@type\":\"SearchAction\",\"target\":{\"@type\":\"EntryPoint\",\"urlTemplate\":\"https:\\\/\\\/myntwork.com\\\/fr-fr\\\/?s={search_term_string}\"},\"query-input\":{\"@type\":\"PropertyValueSpecification\",\"valueRequired\":true,\"valueName\":\"search_term_string\"}}],\"inLanguage\":\"fr-FR\"},{\"@type\":\"Organization\",\"@id\":\"https:\\\/\\\/myntwork.com\\\/fr-fr\\\/#organization\",\"name\":\"Myntwork\",\"url\":\"https:\\\/\\\/myntwork.com\\\/fr-fr\\\/\",\"logo\":{\"@type\":\"ImageObject\",\"inLanguage\":\"fr-FR\",\"@id\":\"https:\\\/\\\/myntwork.com\\\/fr-fr\\\/#\\\/schema\\\/logo\\\/image\\\/\",\"url\":\"https:\\\/\\\/myntwork.com\\\/wp-content\\\/uploads\\\/2025\\\/08\\\/myntwork.png\",\"contentUrl\":\"https:\\\/\\\/myntwork.com\\\/wp-content\\\/uploads\\\/2025\\\/08\\\/myntwork.png\",\"width\":696,\"height\":696,\"caption\":\"Myntwork\"},\"image\":{\"@id\":\"https:\\\/\\\/myntwork.com\\\/fr-fr\\\/#\\\/schema\\\/logo\\\/image\\\/\"},\"description\":\"Myntwork is een Nederlands bedrijf, gespecialiseerd in het leasen van kantoormeubilair. Het concept draait om flexibiliteit, eenvoud en duurzaamheid, waarbij bedrijven hoogwaardige meubels kunnen huren zonder grote upfront investeringen.\",\"email\":\"contact@myntwork.com\",\"telephone\":\"+31854017823\",\"legalName\":\"Myntwork B.V.\",\"foundingDate\":\"2024-01-26\",\"vatID\":\"NL861015290B01\",\"numberOfEmployees\":{\"@type\":\"QuantitativeValue\",\"minValue\":\"1\",\"maxValue\":\"10\"}}]}<\/script>\n<meta property=\"product:brand\" content=\"Bralco\" \/>\n<meta property=\"product:price:amount\" content=\"134.00\" \/>\n<meta property=\"product:price:currency\" content=\"EUR\" \/>\n<meta property=\"og:availability\" content=\"instock\" \/>\n<meta property=\"product:availability\" content=\"instock\" \/>\n<meta property=\"product:retailer_item_id\" content=\"GROUP-25B26B50F792\" \/>\n<meta property=\"product:condition\" content=\"new\" \/>\n<!-- \/ Yoast SEO Premium plugin. -->","yoast_head_json":{"title":"Bralco Desk Frame | Desk Frames on Lease","description":"D\u00e9couvrez les cadres de bureau Bralco pour postes de travail individuels, avec une structure m\u00e9tallique noire, diff\u00e9rentes largeurs et profondeurs, et une\u2026","robots":{"index":"index","follow":"follow","max-snippet":"max-snippet:-1","max-image-preview":"max-image-preview:large","max-video-preview":"max-video-preview:-1"},"canonical":"https:\/\/myntwork.com\/fr-fr\/produit\/cadre-de-bureau-bralco-2\/","og_locale":"fr_FR","og_type":"article","og_title":"Cadre de bureau Bralco","og_description":"D\u00e9couvrez les cadres de bureau Bralco pour postes de travail individuels, avec une structure m\u00e9tallique noire, diff\u00e9rentes largeurs et profondeurs, et une formule de lease mensuelle propos\u00e9e par Myntwork.","og_url":"https:\/\/myntwork.com\/fr-fr\/produit\/cadre-de-bureau-bralco-2\/","og_site_name":"Myntwork Fran\u00e7ais","og_image":[{"url":"https:\/\/myntwork.com\/wp-content\/uploads\/2026\/08\/e92332e10a6b41f788d00b376a86eb18.jpg","width":1200,"height":1200,"type":"image\/jpeg"}],"twitter_card":"summary_large_image","twitter_misc":{"Price":"&euro;134.00","Availability":"In stock"},"schema":{"@context":"https:\/\/schema.org","@graph":[{"@type":"WebPage","@id":"https:\/\/myntwork.com\/fr-fr\/produit\/cadre-de-bureau-bralco-2\/","url":"https:\/\/myntwork.com\/fr-fr\/produit\/cadre-de-bureau-bralco-2\/","name":"Bralco Desk Frame | Desk Frames on Lease","isPartOf":{"@id":"https:\/\/myntwork.com\/fr-fr\/#website"},"primaryImageOfPage":{"@id":"https:\/\/myntwork.com\/fr-fr\/produit\/cadre-de-bureau-bralco-2\/#primaryimage"},"image":{"@id":"https:\/\/myntwork.com\/fr-fr\/produit\/cadre-de-bureau-bralco-2\/#primaryimage"},"thumbnailUrl":"https:\/\/myntwork.com\/wp-content\/uploads\/2026\/08\/e92332e10a6b41f788d00b376a86eb18.jpg","datePublished":"2026-08-23T12:23:15+00:00","description":"D\u00e9couvrez les cadres de bureau Bralco pour postes de travail individuels, avec une structure m\u00e9tallique noire, diff\u00e9rentes largeurs et profondeurs, et une formule de lease mensuelle propos\u00e9e par Myntwork.","breadcrumb":{"@id":"https:\/\/myntwork.com\/fr-fr\/produit\/cadre-de-bureau-bralco-2\/#breadcrumb"},"inLanguage":"fr-FR","potentialAction":[{"@type":"ReadAction","target":["https:\/\/myntwork.com\/fr-fr\/produit\/cadre-de-bureau-bralco-2\/"]}]},{"@type":"ImageObject","inLanguage":"fr-FR","@id":"https:\/\/myntwork.com\/fr-fr\/produit\/cadre-de-bureau-bralco-2\/#primaryimage","url":"https:\/\/myntwork.com\/wp-content\/uploads\/2026\/08\/e92332e10a6b41f788d00b376a86eb18.jpg","contentUrl":"https:\/\/myntwork.com\/wp-content\/uploads\/2026\/08\/e92332e10a6b41f788d00b376a86eb18.jpg","caption":"Bralco Frame Rails Desk Frame"},{"@type":"BreadcrumbList","@id":"https:\/\/myntwork.com\/fr-fr\/produit\/cadre-de-bureau-bralco-2\/#breadcrumb","itemListElement":[{"@type":"ListItem","position":1,"name":"Home","item":"https:\/\/myntwork.com\/fr-fr\/"},{"@type":"ListItem","position":2,"name":"Cat\u00e9gories","item":"https:\/\/myntwork.com\/fr-fr\/categories\/"},{"@type":"ListItem","position":3,"name":"Cadre de bureau Bralco"}]},{"@type":"WebSite","@id":"https:\/\/myntwork.com\/fr-fr\/#website","url":"https:\/\/myntwork.com\/fr-fr\/","name":"Myntwork","description":"Lease de mobilier de bureau neuf | \u00c0 partir de 3.95 par poste de travail","publisher":{"@id":"https:\/\/myntwork.com\/fr-fr\/#organization"},"potentialAction":[{"@type":"SearchAction","target":{"@type":"EntryPoint","urlTemplate":"https:\/\/myntwork.com\/fr-fr\/?s={search_term_string}"},"query-input":{"@type":"PropertyValueSpecification","valueRequired":true,"valueName":"search_term_string"}}],"inLanguage":"fr-FR"},{"@type":"Organization","@id":"https:\/\/myntwork.com\/fr-fr\/#organization","name":"Myntwork","url":"https:\/\/myntwork.com\/fr-fr\/","logo":{"@type":"ImageObject","inLanguage":"fr-FR","@id":"https:\/\/myntwork.com\/fr-fr\/#\/schema\/logo\/image\/","url":"https:\/\/myntwork.com\/wp-content\/uploads\/2025\/08\/myntwork.png","contentUrl":"https:\/\/myntwork.com\/wp-content\/uploads\/2025\/08\/myntwork.png","width":696,"height":696,"caption":"Myntwork"},"image":{"@id":"https:\/\/myntwork.com\/fr-fr\/#\/schema\/logo\/image\/"},"description":"Myntwork is een Nederlands bedrijf, gespecialiseerd in het leasen van kantoormeubilair. Het concept draait om flexibiliteit, eenvoud en duurzaamheid, waarbij bedrijven hoogwaardige meubels kunnen huren zonder grote upfront investeringen.","email":"contact@myntwork.com","telephone":"+31854017823","legalName":"Myntwork B.V.","foundingDate":"2024-01-26","vatID":"NL861015290B01","numberOfEmployees":{"@type":"QuantitativeValue","minValue":"1","maxValue":"10"}}]},"product_brand":"Bralco","product_price_amount":"134.00","product_price_currency":"EUR","og_availability":"instock","product_availability":"instock","product_retailer_item_id":"GROUP-25B26B50F792","product_condition":"new"},"_links":{"self":[{"href":"https:\/\/myntwork.com\/fr-fr\/wp-json\/wp\/v2\/product\/30400","targetHints":{"allow":["GET"]}}],"collection":[{"href":"https:\/\/myntwork.com\/fr-fr\/wp-json\/wp\/v2\/product"}],"about":[{"href":"https:\/\/myntwork.com\/fr-fr\/wp-json\/wp\/v2\/types\/product"}],"replies":[{"embeddable":true,"href":"https:\/\/myntwork.com\/fr-fr\/wp-json\/wp\/v2\/comments?post=30400"}],"wp:featuredmedia":[{"embeddable":true,"href":"https:\/\/myntwork.com\/fr-fr\/wp-json\/wp\/v2\/media\/4318"}],"wp:attachment":[{"href":"https:\/\/myntwork.com\/fr-fr\/wp-json\/wp\/v2\/media?parent=30400"}],"wp:term":[{"taxonomy":"product_brand","embeddable":true,"href":"https:\/\/myntwork.com\/fr-fr\/wp-json\/wp\/v2\/product_brand?post=30400"},{"taxonomy":"product_cat","embeddable":true,"href":"https:\/\/myntwork.com\/fr-fr\/wp-json\/wp\/v2\/product_cat?post=30400"},{"taxonomy":"product_tag","embeddable":true,"href":"https:\/\/myntwork.com\/fr-fr\/wp-json\/wp\/v2\/product_tag?post=30400"}],"curies":[{"name":"wp","href":"https:\/\/api.w.org\/{rel}","templated":true}]}}