{"id":30407,"date":"2026-08-23T13:56:53","date_gmt":"2026-08-23T13:56:53","guid":{"rendered":"https:\/\/myntwork.com\/fr-fr\/product\/ecran-de-bureau-bralco-glt\/"},"modified":"2026-08-23T13:56:53","modified_gmt":"2026-08-23T13:56:53","slug":"ecran-de-bureau-bralco-glt","status":"publish","type":"product","link":"https:\/\/myntwork.com\/fr-fr\/produit\/ecran-de-bureau-bralco-glt\/","title":{"rendered":"\u00c9cran de bureau Bralco GLT"},"content":{"rendered":"<h2>\u00c9crans de bureau pour espaces de travail modulables<\/h2>\n<p>Les \u00e9crans de bureau Bralco GLT sont con\u00e7us pour les bureaux qui n\u00e9cessitent une d\u00e9finition plus claire des postes de travail et une s\u00e9paration acoustique, sans opter pour une division compl\u00e8te de la pi\u00e8ce. La collection comprend des solutions pour les bureaux individuels, les benchs partag\u00e9s et les configurations susceptibles d&rsquo;\u00e9voluer au fil du temps.<\/p>\n<p>Avec des mod\u00e8les disponibles en largeurs de 60 cm et 80 cm, la gamme s&rsquo;adapte \u00e0 diff\u00e9rentes proportions de bureaux et exigences d&rsquo;am\u00e9nagement. Les coloris disponibles dans la collection comprennent le beige, le noir, le gris, le marron, le rouge, le blanc, le vert, le rose et l&rsquo;argent\u00e9.<\/p>\n<h2>Comparez les options de fixation et de structure GLT<\/h2>\n<p>La famille GLT comprend des \u00e9crans fix\u00e9s par supports pour une installation plus permanente sur le bureau, notamment un mod\u00e8le avec une finition en m\u00e9lamin\u00e9 ch\u00eane naturel et un support en m\u00e9tal peint blanc. Une autre solution fix\u00e9e par supports associe une finition en m\u00e9lamin\u00e9 \u00e0 des supports en m\u00e9tal peint blanc.<\/p>\n<p>Pour une plus grande flexibilit\u00e9 d&rsquo;installation, le mod\u00e8le autoportant ZFH utilise une structure en aluminium peint \u00e9poxy et des composants en polycarbonate. Examiner en premier le type de fixation, la finition et la largeur disponibles permet de cibler plus facilement la collection adapt\u00e9e \u00e0 la configuration du poste de travail.<\/p>\n","protected":false},"excerpt":{"rendered":"<p>Voir tous les mod\u00e8les de l&rsquo;\u00e9cran de bureau Bralco GLT.<\/p>\n","protected":false},"featured_media":4076,"comment_status":"open","ping_status":"closed","template":"","meta":{"_acf_changed":false},"product_brand":[76],"product_cat":[146,160],"product_tag":[],"class_list":["post-30407","product","type-product","status-publish","has-post-thumbnail","product_brand-bralco","product_cat-acoustique","product_cat-ecrans-de-bureau-acoustiques","pa_collection-glt","pa_couleur-silver","pa_couleur-beige","pa_couleur-white","pa_couleur-grey","pa_couleur-brown","pa_couleur-black","pa_couleur-pink","pa_couleur-red","pa_couleur-green","pa_garantie-on-request","pa_largeur-3371","pa_largeur-3381","pa_marque-bralco","first","instock","virtual","sold-individually","product-type-mynt_group"],"acf":[],"yoast_head":"<!-- This site is optimized with the Yoast SEO Premium plugin v25.6 (Yoast SEO v28.3) - https:\/\/yoast.com\/product\/yoast-seo-premium-wordpress\/ -->\n<title>Collection d&#039;\u00e9crans de bureau Bralco GLT<\/title>\n<meta name=\"description\" content=\"D\u00e9couvrez les \u00e9crans de bureau Bralco GLT pour une s\u00e9paration acoustique. Comparez les mod\u00e8les fix\u00e9s par supports et autoportants, les finitions et les\u2026\" \/>\n<meta name=\"robots\" content=\"index, follow, max-snippet:-1, max-image-preview:large, max-video-preview:-1\" \/>\n<link rel=\"canonical\" href=\"https:\/\/myntwork.com\/fr-fr\/produit\/ecran-de-bureau-bralco-glt\/\" \/>\n<meta property=\"og:locale\" content=\"fr_FR\" \/>\n<meta property=\"og:type\" content=\"article\" \/>\n<meta property=\"og:title\" content=\"\u00c9cran de bureau Bralco GLT\" \/>\n<meta property=\"og:description\" content=\"D\u00e9couvrez les \u00e9crans de bureau Bralco GLT pour une s\u00e9paration acoustique. Comparez les mod\u00e8les fix\u00e9s par supports et autoportants, les finitions et les largeurs pour l&#039;am\u00e9nagement de vos bureaux.\" \/>\n<meta property=\"og:url\" content=\"https:\/\/myntwork.com\/fr-fr\/produit\/ecran-de-bureau-bralco-glt\/\" \/>\n<meta property=\"og:site_name\" content=\"Myntwork Fran\u00e7ais\" \/>\n<meta property=\"og:image\" content=\"https:\/\/myntwork.com\/wp-content\/uploads\/2026\/08\/f002fd094af147b2b58977649908b194.jpg\" \/>\n\t<meta property=\"og:image:width\" content=\"1200\" \/>\n\t<meta property=\"og:image:height\" content=\"1200\" \/>\n\t<meta property=\"og:image:type\" content=\"image\/jpeg\" \/>\n<meta name=\"twitter:card\" content=\"summary_large_image\" \/>\n<meta name=\"twitter:label1\" content=\"Price\" \/>\n\t<meta name=\"twitter:data1\" content=\"&euro;149.00\" \/>\n\t<meta name=\"twitter:label2\" content=\"Availability\" \/>\n\t<meta name=\"twitter:data2\" content=\"In stock\" \/>\n<script type=\"application\/ld+json\" class=\"yoast-schema-graph\">{\"@context\":\"https:\\\/\\\/schema.org\",\"@graph\":[{\"@type\":\"WebPage\",\"@id\":\"https:\\\/\\\/myntwork.com\\\/fr-fr\\\/produit\\\/ecran-de-bureau-bralco-glt\\\/\",\"url\":\"https:\\\/\\\/myntwork.com\\\/fr-fr\\\/produit\\\/ecran-de-bureau-bralco-glt\\\/\",\"name\":\"Collection d'\u00e9crans de bureau Bralco GLT\",\"isPartOf\":{\"@id\":\"https:\\\/\\\/myntwork.com\\\/fr-fr\\\/#website\"},\"primaryImageOfPage\":{\"@id\":\"https:\\\/\\\/myntwork.com\\\/fr-fr\\\/produit\\\/ecran-de-bureau-bralco-glt\\\/#primaryimage\"},\"image\":{\"@id\":\"https:\\\/\\\/myntwork.com\\\/fr-fr\\\/produit\\\/ecran-de-bureau-bralco-glt\\\/#primaryimage\"},\"thumbnailUrl\":\"https:\\\/\\\/myntwork.com\\\/wp-content\\\/uploads\\\/2026\\\/08\\\/f002fd094af147b2b58977649908b194.jpg\",\"datePublished\":\"2026-08-23T13:56:53+00:00\",\"description\":\"D\u00e9couvrez les \u00e9crans de bureau Bralco GLT pour une s\u00e9paration acoustique. Comparez les mod\u00e8les fix\u00e9s par supports et autoportants, les finitions et les largeurs pour l'am\u00e9nagement de vos bureaux.\",\"breadcrumb\":{\"@id\":\"https:\\\/\\\/myntwork.com\\\/fr-fr\\\/produit\\\/ecran-de-bureau-bralco-glt\\\/#breadcrumb\"},\"inLanguage\":\"fr-FR\",\"potentialAction\":[{\"@type\":\"ReadAction\",\"target\":[\"https:\\\/\\\/myntwork.com\\\/fr-fr\\\/produit\\\/ecran-de-bureau-bralco-glt\\\/\"]}]},{\"@type\":\"ImageObject\",\"inLanguage\":\"fr-FR\",\"@id\":\"https:\\\/\\\/myntwork.com\\\/fr-fr\\\/produit\\\/ecran-de-bureau-bralco-glt\\\/#primaryimage\",\"url\":\"https:\\\/\\\/myntwork.com\\\/wp-content\\\/uploads\\\/2026\\\/08\\\/f002fd094af147b2b58977649908b194.jpg\",\"contentUrl\":\"https:\\\/\\\/myntwork.com\\\/wp-content\\\/uploads\\\/2026\\\/08\\\/f002fd094af147b2b58977649908b194.jpg\",\"caption\":\"Bralco Glt Zfh Freestanding Aluminium Frame Desk Screen\"},{\"@type\":\"BreadcrumbList\",\"@id\":\"https:\\\/\\\/myntwork.com\\\/fr-fr\\\/produit\\\/ecran-de-bureau-bralco-glt\\\/#breadcrumb\",\"itemListElement\":[{\"@type\":\"ListItem\",\"position\":1,\"name\":\"Home\",\"item\":\"https:\\\/\\\/myntwork.com\\\/fr-fr\\\/\"},{\"@type\":\"ListItem\",\"position\":2,\"name\":\"Cat\u00e9gories\",\"item\":\"https:\\\/\\\/myntwork.com\\\/fr-fr\\\/categories\\\/\"},{\"@type\":\"ListItem\",\"position\":3,\"name\":\"\u00c9cran de bureau Bralco GLT\"}]},{\"@type\":\"WebSite\",\"@id\":\"https:\\\/\\\/myntwork.com\\\/fr-fr\\\/#website\",\"url\":\"https:\\\/\\\/myntwork.com\\\/fr-fr\\\/\",\"name\":\"Myntwork\",\"description\":\"Lease de mobilier de bureau neuf | \u00c0 partir de 3.95 par poste de travail\",\"publisher\":{\"@id\":\"https:\\\/\\\/myntwork.com\\\/fr-fr\\\/#organization\"},\"potentialAction\":[{\"@type\":\"SearchAction\",\"target\":{\"@type\":\"EntryPoint\",\"urlTemplate\":\"https:\\\/\\\/myntwork.com\\\/fr-fr\\\/?s={search_term_string}\"},\"query-input\":{\"@type\":\"PropertyValueSpecification\",\"valueRequired\":true,\"valueName\":\"search_term_string\"}}],\"inLanguage\":\"fr-FR\"},{\"@type\":\"Organization\",\"@id\":\"https:\\\/\\\/myntwork.com\\\/fr-fr\\\/#organization\",\"name\":\"Myntwork\",\"url\":\"https:\\\/\\\/myntwork.com\\\/fr-fr\\\/\",\"logo\":{\"@type\":\"ImageObject\",\"inLanguage\":\"fr-FR\",\"@id\":\"https:\\\/\\\/myntwork.com\\\/fr-fr\\\/#\\\/schema\\\/logo\\\/image\\\/\",\"url\":\"https:\\\/\\\/myntwork.com\\\/wp-content\\\/uploads\\\/2025\\\/08\\\/myntwork.png\",\"contentUrl\":\"https:\\\/\\\/myntwork.com\\\/wp-content\\\/uploads\\\/2025\\\/08\\\/myntwork.png\",\"width\":696,\"height\":696,\"caption\":\"Myntwork\"},\"image\":{\"@id\":\"https:\\\/\\\/myntwork.com\\\/fr-fr\\\/#\\\/schema\\\/logo\\\/image\\\/\"},\"description\":\"Myntwork is een Nederlands bedrijf, gespecialiseerd in het leasen van kantoormeubilair. Het concept draait om flexibiliteit, eenvoud en duurzaamheid, waarbij bedrijven hoogwaardige meubels kunnen huren zonder grote upfront investeringen.\",\"email\":\"contact@myntwork.com\",\"telephone\":\"+31854017823\",\"legalName\":\"Myntwork B.V.\",\"foundingDate\":\"2024-01-26\",\"vatID\":\"NL861015290B01\",\"numberOfEmployees\":{\"@type\":\"QuantitativeValue\",\"minValue\":\"1\",\"maxValue\":\"10\"}}]}<\/script>\n<meta property=\"product:brand\" content=\"Bralco\" \/>\n<meta property=\"product:price:amount\" content=\"149.00\" \/>\n<meta property=\"product:price:currency\" content=\"EUR\" \/>\n<meta property=\"og:availability\" content=\"instock\" \/>\n<meta property=\"product:availability\" content=\"instock\" \/>\n<meta property=\"product:retailer_item_id\" content=\"GROUP-9CEE16FDF46A\" \/>\n<meta property=\"product:condition\" content=\"new\" \/>\n<!-- \/ Yoast SEO Premium plugin. -->","yoast_head_json":{"title":"Collection d'\u00e9crans de bureau Bralco GLT","description":"D\u00e9couvrez les \u00e9crans de bureau Bralco GLT pour une s\u00e9paration acoustique. Comparez les mod\u00e8les fix\u00e9s par supports et autoportants, les finitions et les\u2026","robots":{"index":"index","follow":"follow","max-snippet":"max-snippet:-1","max-image-preview":"max-image-preview:large","max-video-preview":"max-video-preview:-1"},"canonical":"https:\/\/myntwork.com\/fr-fr\/produit\/ecran-de-bureau-bralco-glt\/","og_locale":"fr_FR","og_type":"article","og_title":"\u00c9cran de bureau Bralco GLT","og_description":"D\u00e9couvrez les \u00e9crans de bureau Bralco GLT pour une s\u00e9paration acoustique. Comparez les mod\u00e8les fix\u00e9s par supports et autoportants, les finitions et les largeurs pour l'am\u00e9nagement de vos bureaux.","og_url":"https:\/\/myntwork.com\/fr-fr\/produit\/ecran-de-bureau-bralco-glt\/","og_site_name":"Myntwork Fran\u00e7ais","og_image":[{"url":"https:\/\/myntwork.com\/wp-content\/uploads\/2026\/08\/f002fd094af147b2b58977649908b194.jpg","width":1200,"height":1200,"type":"image\/jpeg"}],"twitter_card":"summary_large_image","twitter_misc":{"Price":"&euro;149.00","Availability":"In stock"},"schema":{"@context":"https:\/\/schema.org","@graph":[{"@type":"WebPage","@id":"https:\/\/myntwork.com\/fr-fr\/produit\/ecran-de-bureau-bralco-glt\/","url":"https:\/\/myntwork.com\/fr-fr\/produit\/ecran-de-bureau-bralco-glt\/","name":"Collection d'\u00e9crans de bureau Bralco GLT","isPartOf":{"@id":"https:\/\/myntwork.com\/fr-fr\/#website"},"primaryImageOfPage":{"@id":"https:\/\/myntwork.com\/fr-fr\/produit\/ecran-de-bureau-bralco-glt\/#primaryimage"},"image":{"@id":"https:\/\/myntwork.com\/fr-fr\/produit\/ecran-de-bureau-bralco-glt\/#primaryimage"},"thumbnailUrl":"https:\/\/myntwork.com\/wp-content\/uploads\/2026\/08\/f002fd094af147b2b58977649908b194.jpg","datePublished":"2026-08-23T13:56:53+00:00","description":"D\u00e9couvrez les \u00e9crans de bureau Bralco GLT pour une s\u00e9paration acoustique. Comparez les mod\u00e8les fix\u00e9s par supports et autoportants, les finitions et les largeurs pour l'am\u00e9nagement de vos bureaux.","breadcrumb":{"@id":"https:\/\/myntwork.com\/fr-fr\/produit\/ecran-de-bureau-bralco-glt\/#breadcrumb"},"inLanguage":"fr-FR","potentialAction":[{"@type":"ReadAction","target":["https:\/\/myntwork.com\/fr-fr\/produit\/ecran-de-bureau-bralco-glt\/"]}]},{"@type":"ImageObject","inLanguage":"fr-FR","@id":"https:\/\/myntwork.com\/fr-fr\/produit\/ecran-de-bureau-bralco-glt\/#primaryimage","url":"https:\/\/myntwork.com\/wp-content\/uploads\/2026\/08\/f002fd094af147b2b58977649908b194.jpg","contentUrl":"https:\/\/myntwork.com\/wp-content\/uploads\/2026\/08\/f002fd094af147b2b58977649908b194.jpg","caption":"Bralco Glt Zfh Freestanding Aluminium Frame Desk Screen"},{"@type":"BreadcrumbList","@id":"https:\/\/myntwork.com\/fr-fr\/produit\/ecran-de-bureau-bralco-glt\/#breadcrumb","itemListElement":[{"@type":"ListItem","position":1,"name":"Home","item":"https:\/\/myntwork.com\/fr-fr\/"},{"@type":"ListItem","position":2,"name":"Cat\u00e9gories","item":"https:\/\/myntwork.com\/fr-fr\/categories\/"},{"@type":"ListItem","position":3,"name":"\u00c9cran de bureau Bralco GLT"}]},{"@type":"WebSite","@id":"https:\/\/myntwork.com\/fr-fr\/#website","url":"https:\/\/myntwork.com\/fr-fr\/","name":"Myntwork","description":"Lease de mobilier de bureau neuf | \u00c0 partir de 3.95 par poste de travail","publisher":{"@id":"https:\/\/myntwork.com\/fr-fr\/#organization"},"potentialAction":[{"@type":"SearchAction","target":{"@type":"EntryPoint","urlTemplate":"https:\/\/myntwork.com\/fr-fr\/?s={search_term_string}"},"query-input":{"@type":"PropertyValueSpecification","valueRequired":true,"valueName":"search_term_string"}}],"inLanguage":"fr-FR"},{"@type":"Organization","@id":"https:\/\/myntwork.com\/fr-fr\/#organization","name":"Myntwork","url":"https:\/\/myntwork.com\/fr-fr\/","logo":{"@type":"ImageObject","inLanguage":"fr-FR","@id":"https:\/\/myntwork.com\/fr-fr\/#\/schema\/logo\/image\/","url":"https:\/\/myntwork.com\/wp-content\/uploads\/2025\/08\/myntwork.png","contentUrl":"https:\/\/myntwork.com\/wp-content\/uploads\/2025\/08\/myntwork.png","width":696,"height":696,"caption":"Myntwork"},"image":{"@id":"https:\/\/myntwork.com\/fr-fr\/#\/schema\/logo\/image\/"},"description":"Myntwork is een Nederlands bedrijf, gespecialiseerd in het leasen van kantoormeubilair. Het concept draait om flexibiliteit, eenvoud en duurzaamheid, waarbij bedrijven hoogwaardige meubels kunnen huren zonder grote upfront investeringen.","email":"contact@myntwork.com","telephone":"+31854017823","legalName":"Myntwork B.V.","foundingDate":"2024-01-26","vatID":"NL861015290B01","numberOfEmployees":{"@type":"QuantitativeValue","minValue":"1","maxValue":"10"}}]},"product_brand":"Bralco","product_price_amount":"149.00","product_price_currency":"EUR","og_availability":"instock","product_availability":"instock","product_retailer_item_id":"GROUP-9CEE16FDF46A","product_condition":"new"},"_links":{"self":[{"href":"https:\/\/myntwork.com\/fr-fr\/wp-json\/wp\/v2\/product\/30407","targetHints":{"allow":["GET"]}}],"collection":[{"href":"https:\/\/myntwork.com\/fr-fr\/wp-json\/wp\/v2\/product"}],"about":[{"href":"https:\/\/myntwork.com\/fr-fr\/wp-json\/wp\/v2\/types\/product"}],"replies":[{"embeddable":true,"href":"https:\/\/myntwork.com\/fr-fr\/wp-json\/wp\/v2\/comments?post=30407"}],"wp:featuredmedia":[{"embeddable":true,"href":"https:\/\/myntwork.com\/fr-fr\/wp-json\/wp\/v2\/media\/4076"}],"wp:attachment":[{"href":"https:\/\/myntwork.com\/fr-fr\/wp-json\/wp\/v2\/media?parent=30407"}],"wp:term":[{"taxonomy":"product_brand","embeddable":true,"href":"https:\/\/myntwork.com\/fr-fr\/wp-json\/wp\/v2\/product_brand?post=30407"},{"taxonomy":"product_cat","embeddable":true,"href":"https:\/\/myntwork.com\/fr-fr\/wp-json\/wp\/v2\/product_cat?post=30407"},{"taxonomy":"product_tag","embeddable":true,"href":"https:\/\/myntwork.com\/fr-fr\/wp-json\/wp\/v2\/product_tag?post=30407"}],"curies":[{"name":"wp","href":"https:\/\/api.w.org\/{rel}","templated":true}]}}