{"id":5342,"date":"2026-08-13T23:10:13","date_gmt":"2026-08-13T23:10:13","guid":{"rendered":"https:\/\/myntwork.com\/fr-fr\/product\/ecran-melamine-pour-bureau-bench-frezza\/"},"modified":"2026-08-21T12:13:59","modified_gmt":"2026-08-21T12:13:59","slug":"ecran-melamine-pour-bureau-bench-frezza","status":"publish","type":"product","link":"https:\/\/myntwork.com\/fr-fr\/produit\/ecran-melamine-pour-bureau-bench-frezza\/","title":{"rendered":"\u00c9cran m\u00e9lamin\u00e9 pour bureau bench Frezza"},"content":{"rendered":"<h2>\u00c9cran m\u00e9lamin\u00e9 pour bureau bench Frezza<\/h2>\n<p>L\u2019\u00e9cran m\u00e9lamin\u00e9 pour bureau bench Frezza est un \u00e9cran acoustique destin\u00e9 aux postes de travail partag\u00e9s, aux bureaux et autres environnements de travail professionnels. Sa principale caract\u00e9ristique est l\u2019association d\u2019un panneau m\u00e9lamin\u00e9, d\u2019un profil\u00e9 m\u00e9tallique et de finitions en tissu, formant une s\u00e9paration fine et structur\u00e9e qui contribue \u00e0 d\u00e9finir des espaces individuels au sein d\u2019une configuration bench.<\/p>\n<h2>Design de l\u2019\u00e9cran m\u00e9lamin\u00e9<\/h2>\n<p>L\u2019\u00e9cran m\u00e9lamin\u00e9 offre une surface sobre et fonctionnelle qui s\u2019int\u00e8gre aux am\u00e9nagements de bureaux contemporains. Associ\u00e9 \u00e0 un profil\u00e9 m\u00e9tallique, il cr\u00e9e un bord clairement d\u00e9fini pour les bureaux bench et contribue \u00e0 s\u00e9parer les espaces de travail adjacents sans modifier la configuration des bureaux.<\/p>\n<p>Les mat\u00e9riaux disponibles comprennent <strong>le m\u00e9lamin\u00e9, le m\u00e9tal et le tissu<\/strong>, ce qui permet d\u2019associer l\u2019\u00e9cran \u00e0 diff\u00e9rentes finitions de postes de travail et palettes de couleurs de bureau. Les familles de couleurs disponibles comprennent le blanc, l\u2019argent\u00e9, le noir, le beige, le marron, le gris, les finitions bois, l\u2019orange, le rouge, le bleu et le vert. L\u2019\u00e9cran peut ainsi se fondre dans un int\u00e9rieur neutre ou apporter une touche de couleur plus visible.<\/p>\n<p>Sa conception fine pr\u00e9serve un profil visuellement discret tout en cr\u00e9ant une limite perceptible entre les utilisateurs. L\u2019\u00e9cran est con\u00e7u pour un bureau bench avec profil\u00e9 m\u00e9tallique, ce qui en fait un choix pertinent lors de la sp\u00e9cification ou de la modernisation d\u2019un syst\u00e8me de postes de travail partag\u00e9s, plut\u00f4t que pour un bureau individuel.<\/p>\n<h2>Fonction acoustique pour bureau bench<\/h2>\n<p>En tant qu\u2019\u00e9cran acoustique, cette solution Frezza favorise une organisation plus claire des postes de travail en attribuant \u00e0 chaque place du bench une zone visuelle d\u00e9finie. Elle peut aider les \u00e9quipes \u00e0 structurer les espaces de travail partag\u00e9s, notamment lorsque plusieurs personnes travaillent c\u00f4te \u00e0 c\u00f4te et qu\u2019un certain degr\u00e9 de s\u00e9paration est utile.<\/p>\n<p>L\u2019\u00e9cran est disponible en plusieurs largeurs, avec notamment des options adapt\u00e9es \u00e0 diff\u00e9rentes proportions de bureaux bench. Cette flexibilit\u00e9 vous permet de choisir un \u00e9cran correspondant plus pr\u00e9cis\u00e9ment \u00e0 l\u2019agencement de l\u2019espace de travail, que le projet pr\u00e9voie des places individuelles plus courtes ou de longues rang\u00e9es partag\u00e9es.<\/p>\n<p>Le choix de finitions m\u00e9lamin\u00e9es et en tissu r\u00e9pond \u00e9galement \u00e0 diff\u00e9rentes priorit\u00e9s d\u2019am\u00e9nagement. Le m\u00e9lamin\u00e9 offre une apparence nette, assortie au mobilier, tandis que le tissu est disponible dans la s\u00e9lection de mat\u00e9riaux pour les projets recherchant un rendu visuel plus chaleureux au sein de l\u2019espace de travail.<\/p>\n<h2>Applications pour les postes de travail de bureau Frezza<\/h2>\n<p>L\u2019\u00e9cran m\u00e9lamin\u00e9 pour bureau bench Frezza est con\u00e7u pour les <strong>environnements de bureau am\u00e9nag\u00e9s avec des bureaux bench<\/strong>, notamment les postes de travail partag\u00e9s o\u00f9 les utilisateurs ont besoin d\u2019espaces visuellement d\u00e9finis. L\u2019association de coloris neutres et plus soutenus convient aux int\u00e9rieurs professionnels coordonn\u00e9s, aux espaces d\u2019\u00e9quipe flexibles et aux bureaux proposant diff\u00e9rentes finitions de postes de travail.<\/p>\n<p>Il peut \u00e9galement \u00eatre envisag\u00e9 dans le cadre de projets de r\u00e9novation de bureaux lorsque les bureaux bench existants n\u00e9cessitent une s\u00e9paration plus claire entre les places. Le produit \u00e9tant con\u00e7u pour un bureau bench avec profil\u00e9 m\u00e9tallique, il convient de v\u00e9rifier sa compatibilit\u00e9 avec la structure de bureau concern\u00e9e avant la commande.<\/p>\n<p>Choisissez cet \u00e9cran acoustique pour bureau bench Frezza si vous recherchez une s\u00e9paration structur\u00e9e au design fin associant m\u00e9lamin\u00e9 et m\u00e9tal, plusieurs choix de largeur et une vaste s\u00e9lection de coloris. Vous obtenez ainsi un espace de travail partag\u00e9 organis\u00e9 avec soin, sans ajouter de cloison ind\u00e9pendante dans la pi\u00e8ce.<\/p>\n","protected":false},"excerpt":{"rendered":"<p>L\u2019\u00e9cran m\u00e9lamin\u00e9 pour bureau bench Frezza est un \u00e9cran de 200 cm avec profil\u00e9 m\u00e9tallique, disponible dans les finitions et coloris indiqu\u00e9s.<\/p>\n","protected":false},"featured_media":1278,"comment_status":"open","ping_status":"closed","template":"","meta":{"_acf_changed":false},"product_brand":[59],"product_cat":[146,160],"product_tag":[],"class_list":["post-5342","product","type-product","status-publish","has-post-thumbnail","product_brand-frezza","product_cat-acoustique","product_cat-ecrans-de-bureau-acoustiques","pa_couleur-silver","pa_couleur-beige","pa_couleur-white","pa_couleur-blue","pa_couleur-wood","pa_couleur-grey","pa_couleur-brown","pa_couleur-black","pa_couleur-orange","pa_couleur-red","pa_couleur-green","pa_largeur-3326","pa_largeur-3037","pa_largeur-3042","pa_largeur-3057","pa_largeur-3077","pa_largeur-3334","pa_largeur-3096","pa_largeur-3117","pa_marque-frezza","pa_profondeur-1206","first","instock","shipping-taxable","purchasable","product-type-simple"],"acf":[],"yoast_head":"<!-- This site is optimized with the Yoast SEO Premium plugin v25.6 (Yoast SEO v28.3) - https:\/\/yoast.com\/product\/yoast-seo-premium-wordpress\/ -->\n<title>\u00c9cran m\u00e9lamin\u00e9 pour bureau bench Frezza | Myntwork Fran\u00e7ais<\/title>\n<meta name=\"description\" content=\"Cr\u00e9ez des espaces de travail propices \u00e0 la concentration avec l\u2019\u00e9cran m\u00e9lamin\u00e9 pour bureau bench Frezza, qui associe des places partag\u00e9es et davantage\u2026\" \/>\n<meta name=\"robots\" content=\"index, follow, max-snippet:-1, max-image-preview:large, max-video-preview:-1\" \/>\n<link rel=\"canonical\" href=\"https:\/\/myntwork.com\/fr-fr\/produit\/ecran-melamine-pour-bureau-bench-frezza\/\" \/>\n<meta property=\"og:locale\" content=\"fr_FR\" \/>\n<meta property=\"og:type\" content=\"article\" \/>\n<meta property=\"og:title\" content=\"\u00c9cran m\u00e9lamin\u00e9 pour bureau bench Frezza\" \/>\n<meta property=\"og:description\" content=\"Cr\u00e9ez des espaces de travail propices \u00e0 la concentration avec l\u2019\u00e9cran m\u00e9lamin\u00e9 pour bureau bench Frezza, qui associe des places partag\u00e9es et davantage d\u2019intimit\u00e9. D\u00e9couvrez-le d\u00e8s aujourd\u2019hui.\" \/>\n<meta property=\"og:url\" content=\"https:\/\/myntwork.com\/fr-fr\/produit\/ecran-melamine-pour-bureau-bench-frezza\/\" \/>\n<meta property=\"og:site_name\" content=\"Myntwork Fran\u00e7ais\" \/>\n<meta property=\"article:modified_time\" content=\"2026-08-21T12:13:59+00:00\" \/>\n<meta property=\"og:image\" content=\"https:\/\/myntwork.com\/wp-content\/uploads\/2026\/08\/5e42d7e6c74242a9837655110601ae8f.jpg\" \/>\n\t<meta property=\"og:image:width\" content=\"1200\" \/>\n\t<meta property=\"og:image:height\" content=\"1200\" \/>\n\t<meta property=\"og:image:type\" content=\"image\/jpeg\" \/>\n<meta name=\"twitter:card\" content=\"summary_large_image\" \/>\n<meta name=\"twitter:label1\" content=\"Price\" \/>\n\t<meta name=\"twitter:data1\" content=\"&euro;176.00\" \/>\n\t<meta name=\"twitter:label2\" content=\"Availability\" \/>\n\t<meta name=\"twitter:data2\" content=\"In stock\" \/>\n<script type=\"application\/ld+json\" class=\"yoast-schema-graph\">{\"@context\":\"https:\\\/\\\/schema.org\",\"@graph\":[{\"@type\":\"WebPage\",\"@id\":\"https:\\\/\\\/myntwork.com\\\/fr-fr\\\/produit\\\/ecran-melamine-pour-bureau-bench-frezza\\\/\",\"url\":\"https:\\\/\\\/myntwork.com\\\/fr-fr\\\/produit\\\/ecran-melamine-pour-bureau-bench-frezza\\\/\",\"name\":\"\u00c9cran m\u00e9lamin\u00e9 pour bureau bench Frezza | Myntwork Fran\u00e7ais\",\"isPartOf\":{\"@id\":\"https:\\\/\\\/myntwork.com\\\/fr-fr\\\/#website\"},\"primaryImageOfPage\":{\"@id\":\"https:\\\/\\\/myntwork.com\\\/fr-fr\\\/produit\\\/ecran-melamine-pour-bureau-bench-frezza\\\/#primaryimage\"},\"image\":{\"@id\":\"https:\\\/\\\/myntwork.com\\\/fr-fr\\\/produit\\\/ecran-melamine-pour-bureau-bench-frezza\\\/#primaryimage\"},\"thumbnailUrl\":\"https:\\\/\\\/myntwork.com\\\/wp-content\\\/uploads\\\/2026\\\/08\\\/5e42d7e6c74242a9837655110601ae8f.jpg\",\"datePublished\":\"2026-08-13T23:10:13+00:00\",\"dateModified\":\"2026-08-21T12:13:59+00:00\",\"description\":\"Cr\u00e9ez des espaces de travail propices \u00e0 la concentration avec l\u2019\u00e9cran m\u00e9lamin\u00e9 pour bureau bench Frezza, qui associe des places partag\u00e9es et davantage d\u2019intimit\u00e9. D\u00e9couvrez-le d\u00e8s aujourd\u2019hui.\",\"breadcrumb\":{\"@id\":\"https:\\\/\\\/myntwork.com\\\/fr-fr\\\/produit\\\/ecran-melamine-pour-bureau-bench-frezza\\\/#breadcrumb\"},\"inLanguage\":\"fr-FR\",\"potentialAction\":[{\"@type\":\"ReadAction\",\"target\":[\"https:\\\/\\\/myntwork.com\\\/fr-fr\\\/produit\\\/ecran-melamine-pour-bureau-bench-frezza\\\/\"]}]},{\"@type\":\"ImageObject\",\"inLanguage\":\"fr-FR\",\"@id\":\"https:\\\/\\\/myntwork.com\\\/fr-fr\\\/produit\\\/ecran-melamine-pour-bureau-bench-frezza\\\/#primaryimage\",\"url\":\"https:\\\/\\\/myntwork.com\\\/wp-content\\\/uploads\\\/2026\\\/08\\\/5e42d7e6c74242a9837655110601ae8f.jpg\",\"contentUrl\":\"https:\\\/\\\/myntwork.com\\\/wp-content\\\/uploads\\\/2026\\\/08\\\/5e42d7e6c74242a9837655110601ae8f.jpg\",\"caption\":\"Frezza Bench Desk Melamine Screen Desk Screen\"},{\"@type\":\"BreadcrumbList\",\"@id\":\"https:\\\/\\\/myntwork.com\\\/fr-fr\\\/produit\\\/ecran-melamine-pour-bureau-bench-frezza\\\/#breadcrumb\",\"itemListElement\":[{\"@type\":\"ListItem\",\"position\":1,\"name\":\"Home\",\"item\":\"https:\\\/\\\/myntwork.com\\\/fr-fr\\\/\"},{\"@type\":\"ListItem\",\"position\":2,\"name\":\"Cat\u00e9gories\",\"item\":\"https:\\\/\\\/myntwork.com\\\/fr-fr\\\/categories\\\/\"},{\"@type\":\"ListItem\",\"position\":3,\"name\":\"\u00c9cran m\u00e9lamin\u00e9 pour bureau bench Frezza\"}]},{\"@type\":\"WebSite\",\"@id\":\"https:\\\/\\\/myntwork.com\\\/fr-fr\\\/#website\",\"url\":\"https:\\\/\\\/myntwork.com\\\/fr-fr\\\/\",\"name\":\"Myntwork\",\"description\":\"Lease de mobilier de bureau neuf | \u00c0 partir de 3.95 par poste de travail\",\"publisher\":{\"@id\":\"https:\\\/\\\/myntwork.com\\\/fr-fr\\\/#organization\"},\"potentialAction\":[{\"@type\":\"SearchAction\",\"target\":{\"@type\":\"EntryPoint\",\"urlTemplate\":\"https:\\\/\\\/myntwork.com\\\/fr-fr\\\/?s={search_term_string}\"},\"query-input\":{\"@type\":\"PropertyValueSpecification\",\"valueRequired\":true,\"valueName\":\"search_term_string\"}}],\"inLanguage\":\"fr-FR\"},{\"@type\":\"Organization\",\"@id\":\"https:\\\/\\\/myntwork.com\\\/fr-fr\\\/#organization\",\"name\":\"Myntwork\",\"url\":\"https:\\\/\\\/myntwork.com\\\/fr-fr\\\/\",\"logo\":{\"@type\":\"ImageObject\",\"inLanguage\":\"fr-FR\",\"@id\":\"https:\\\/\\\/myntwork.com\\\/fr-fr\\\/#\\\/schema\\\/logo\\\/image\\\/\",\"url\":\"https:\\\/\\\/myntwork.com\\\/wp-content\\\/uploads\\\/2025\\\/08\\\/myntwork.png\",\"contentUrl\":\"https:\\\/\\\/myntwork.com\\\/wp-content\\\/uploads\\\/2025\\\/08\\\/myntwork.png\",\"width\":696,\"height\":696,\"caption\":\"Myntwork\"},\"image\":{\"@id\":\"https:\\\/\\\/myntwork.com\\\/fr-fr\\\/#\\\/schema\\\/logo\\\/image\\\/\"},\"description\":\"Myntwork is een Nederlands bedrijf, gespecialiseerd in het leasen van kantoormeubilair. Het concept draait om flexibiliteit, eenvoud en duurzaamheid, waarbij bedrijven hoogwaardige meubels kunnen huren zonder grote upfront investeringen.\",\"email\":\"contact@myntwork.com\",\"telephone\":\"+31854017823\",\"legalName\":\"Myntwork B.V.\",\"foundingDate\":\"2024-01-26\",\"vatID\":\"NL861015290B01\",\"numberOfEmployees\":{\"@type\":\"QuantitativeValue\",\"minValue\":\"1\",\"maxValue\":\"10\"}}]}<\/script>\n<meta property=\"product:brand\" content=\"Frezza\" \/>\n<meta property=\"product:price:amount\" content=\"176.00\" \/>\n<meta property=\"product:price:currency\" content=\"EUR\" \/>\n<meta property=\"og:availability\" content=\"instock\" \/>\n<meta property=\"product:availability\" content=\"instock\" \/>\n<meta property=\"product:retailer_item_id\" content=\"PPS620M\" \/>\n<meta property=\"product:condition\" content=\"new\" \/>\n<!-- \/ Yoast SEO Premium plugin. -->","yoast_head_json":{"title":"\u00c9cran m\u00e9lamin\u00e9 pour bureau bench Frezza | Myntwork Fran\u00e7ais","description":"Cr\u00e9ez des espaces de travail propices \u00e0 la concentration avec l\u2019\u00e9cran m\u00e9lamin\u00e9 pour bureau bench Frezza, qui associe des places partag\u00e9es et davantage\u2026","robots":{"index":"index","follow":"follow","max-snippet":"max-snippet:-1","max-image-preview":"max-image-preview:large","max-video-preview":"max-video-preview:-1"},"canonical":"https:\/\/myntwork.com\/fr-fr\/produit\/ecran-melamine-pour-bureau-bench-frezza\/","og_locale":"fr_FR","og_type":"article","og_title":"\u00c9cran m\u00e9lamin\u00e9 pour bureau bench Frezza","og_description":"Cr\u00e9ez des espaces de travail propices \u00e0 la concentration avec l\u2019\u00e9cran m\u00e9lamin\u00e9 pour bureau bench Frezza, qui associe des places partag\u00e9es et davantage d\u2019intimit\u00e9. D\u00e9couvrez-le d\u00e8s aujourd\u2019hui.","og_url":"https:\/\/myntwork.com\/fr-fr\/produit\/ecran-melamine-pour-bureau-bench-frezza\/","og_site_name":"Myntwork Fran\u00e7ais","article_modified_time":"2026-08-21T12:13:59+00:00","og_image":[{"url":"https:\/\/myntwork.com\/wp-content\/uploads\/2026\/08\/5e42d7e6c74242a9837655110601ae8f.jpg","width":1200,"height":1200,"type":"image\/jpeg"}],"twitter_card":"summary_large_image","twitter_misc":{"Price":"&euro;176.00","Availability":"In stock"},"schema":{"@context":"https:\/\/schema.org","@graph":[{"@type":"WebPage","@id":"https:\/\/myntwork.com\/fr-fr\/produit\/ecran-melamine-pour-bureau-bench-frezza\/","url":"https:\/\/myntwork.com\/fr-fr\/produit\/ecran-melamine-pour-bureau-bench-frezza\/","name":"\u00c9cran m\u00e9lamin\u00e9 pour bureau bench Frezza | Myntwork Fran\u00e7ais","isPartOf":{"@id":"https:\/\/myntwork.com\/fr-fr\/#website"},"primaryImageOfPage":{"@id":"https:\/\/myntwork.com\/fr-fr\/produit\/ecran-melamine-pour-bureau-bench-frezza\/#primaryimage"},"image":{"@id":"https:\/\/myntwork.com\/fr-fr\/produit\/ecran-melamine-pour-bureau-bench-frezza\/#primaryimage"},"thumbnailUrl":"https:\/\/myntwork.com\/wp-content\/uploads\/2026\/08\/5e42d7e6c74242a9837655110601ae8f.jpg","datePublished":"2026-08-13T23:10:13+00:00","dateModified":"2026-08-21T12:13:59+00:00","description":"Cr\u00e9ez des espaces de travail propices \u00e0 la concentration avec l\u2019\u00e9cran m\u00e9lamin\u00e9 pour bureau bench Frezza, qui associe des places partag\u00e9es et davantage d\u2019intimit\u00e9. D\u00e9couvrez-le d\u00e8s aujourd\u2019hui.","breadcrumb":{"@id":"https:\/\/myntwork.com\/fr-fr\/produit\/ecran-melamine-pour-bureau-bench-frezza\/#breadcrumb"},"inLanguage":"fr-FR","potentialAction":[{"@type":"ReadAction","target":["https:\/\/myntwork.com\/fr-fr\/produit\/ecran-melamine-pour-bureau-bench-frezza\/"]}]},{"@type":"ImageObject","inLanguage":"fr-FR","@id":"https:\/\/myntwork.com\/fr-fr\/produit\/ecran-melamine-pour-bureau-bench-frezza\/#primaryimage","url":"https:\/\/myntwork.com\/wp-content\/uploads\/2026\/08\/5e42d7e6c74242a9837655110601ae8f.jpg","contentUrl":"https:\/\/myntwork.com\/wp-content\/uploads\/2026\/08\/5e42d7e6c74242a9837655110601ae8f.jpg","caption":"Frezza Bench Desk Melamine Screen Desk Screen"},{"@type":"BreadcrumbList","@id":"https:\/\/myntwork.com\/fr-fr\/produit\/ecran-melamine-pour-bureau-bench-frezza\/#breadcrumb","itemListElement":[{"@type":"ListItem","position":1,"name":"Home","item":"https:\/\/myntwork.com\/fr-fr\/"},{"@type":"ListItem","position":2,"name":"Cat\u00e9gories","item":"https:\/\/myntwork.com\/fr-fr\/categories\/"},{"@type":"ListItem","position":3,"name":"\u00c9cran m\u00e9lamin\u00e9 pour bureau bench Frezza"}]},{"@type":"WebSite","@id":"https:\/\/myntwork.com\/fr-fr\/#website","url":"https:\/\/myntwork.com\/fr-fr\/","name":"Myntwork","description":"Lease de mobilier de bureau neuf | \u00c0 partir de 3.95 par poste de travail","publisher":{"@id":"https:\/\/myntwork.com\/fr-fr\/#organization"},"potentialAction":[{"@type":"SearchAction","target":{"@type":"EntryPoint","urlTemplate":"https:\/\/myntwork.com\/fr-fr\/?s={search_term_string}"},"query-input":{"@type":"PropertyValueSpecification","valueRequired":true,"valueName":"search_term_string"}}],"inLanguage":"fr-FR"},{"@type":"Organization","@id":"https:\/\/myntwork.com\/fr-fr\/#organization","name":"Myntwork","url":"https:\/\/myntwork.com\/fr-fr\/","logo":{"@type":"ImageObject","inLanguage":"fr-FR","@id":"https:\/\/myntwork.com\/fr-fr\/#\/schema\/logo\/image\/","url":"https:\/\/myntwork.com\/wp-content\/uploads\/2025\/08\/myntwork.png","contentUrl":"https:\/\/myntwork.com\/wp-content\/uploads\/2025\/08\/myntwork.png","width":696,"height":696,"caption":"Myntwork"},"image":{"@id":"https:\/\/myntwork.com\/fr-fr\/#\/schema\/logo\/image\/"},"description":"Myntwork is een Nederlands bedrijf, gespecialiseerd in het leasen van kantoormeubilair. Het concept draait om flexibiliteit, eenvoud en duurzaamheid, waarbij bedrijven hoogwaardige meubels kunnen huren zonder grote upfront investeringen.","email":"contact@myntwork.com","telephone":"+31854017823","legalName":"Myntwork B.V.","foundingDate":"2024-01-26","vatID":"NL861015290B01","numberOfEmployees":{"@type":"QuantitativeValue","minValue":"1","maxValue":"10"}}]},"product_brand":"Frezza","product_price_amount":"176.00","product_price_currency":"EUR","og_availability":"instock","product_availability":"instock","product_retailer_item_id":"PPS620M","product_condition":"new"},"_links":{"self":[{"href":"https:\/\/myntwork.com\/fr-fr\/wp-json\/wp\/v2\/product\/5342","targetHints":{"allow":["GET"]}}],"collection":[{"href":"https:\/\/myntwork.com\/fr-fr\/wp-json\/wp\/v2\/product"}],"about":[{"href":"https:\/\/myntwork.com\/fr-fr\/wp-json\/wp\/v2\/types\/product"}],"replies":[{"embeddable":true,"href":"https:\/\/myntwork.com\/fr-fr\/wp-json\/wp\/v2\/comments?post=5342"}],"wp:featuredmedia":[{"embeddable":true,"href":"https:\/\/myntwork.com\/fr-fr\/wp-json\/wp\/v2\/media\/1278"}],"wp:attachment":[{"href":"https:\/\/myntwork.com\/fr-fr\/wp-json\/wp\/v2\/media?parent=5342"}],"wp:term":[{"taxonomy":"product_brand","embeddable":true,"href":"https:\/\/myntwork.com\/fr-fr\/wp-json\/wp\/v2\/product_brand?post=5342"},{"taxonomy":"product_cat","embeddable":true,"href":"https:\/\/myntwork.com\/fr-fr\/wp-json\/wp\/v2\/product_cat?post=5342"},{"taxonomy":"product_tag","embeddable":true,"href":"https:\/\/myntwork.com\/fr-fr\/wp-json\/wp\/v2\/product_tag?post=5342"}],"curies":[{"name":"wp","href":"https:\/\/api.w.org\/{rel}","templated":true}]}}