{"id":23933,"date":"2026-08-29T00:06:56","date_gmt":"2026-08-29T00:06:56","guid":{"rendered":"https:\/\/myntwork.com\/it-ch\/product\/sedia-da-ufficio-motion-pro\/"},"modified":"2026-08-29T00:06:56","modified_gmt":"2026-08-29T00:06:56","slug":"sedia-da-ufficio-motion-pro","status":"publish","type":"product","link":"https:\/\/myntwork.com\/it-ch\/prodotto\/sedia-da-ufficio-motion-pro\/","title":{"rendered":"Sedia da ufficio Motion Pro"},"content":{"rendered":"<h2>Sedia da ufficio Motion Pro: il modello migliore per il massimo comfort e l&#8217;ergonomia in un design elegante<\/h2>\n<p>La sedia da ufficio Motion Pro di Myntwork \u00e8 il modello ideale per chi cerca un equilibrio perfetto tra comfort, ergonomia e stile. Progettata per soddisfare gli standard pi\u00f9 elevati, questa sedia da ufficio avanzata offre una serie di caratteristiche eccezionali che miglioreranno la tua esperienza di lavoro:Supporto ergonomico avanzato: la sedia da ufficio Motion Pro \u00e8 dotata di caratteristiche ergonomiche avanzate, progettate per offrirti il miglior supporto possibile. Questa sedia \u00e8 conforme alla normativa in materia di salute e sicurezza sul lavoro secondo EN-1335 ed \u00e8 dotata di un meccanismo sincronizzato, supporto lombare regolabile, braccioli 4D e poggiatesta integrato per un&#8217;esperienza di seduta ottimale.Regolazioni personalizzabili: questa sedia da ufficio offre diverse possibilit\u00e0 di regolazione, consentendoti di adattarla alle tue esigenze individuali. Regola facilmente l&#8217;altezza e la profondit\u00e0 della seduta, lo schienale, i braccioli e il poggiatesta per trovare la posizione di seduta perfetta, contribuendo a mantenere una postura corretta.Comfort di seduta di lusso: la sedia da ufficio Motion Pro \u00e8 progettata pensando al lusso e al comfort. La seduta e lo schienale generosi sono imbottiti con schiuma di alta qualit\u00e0 che si adatta ai contorni del corpo, mantenendoti comodo per tutta la giornata.Design elegante e moderno:Questa sedia da ufficio presenta un design elegante e moderno, che conferisce un aspetto sofisticato a qualsiasi ambiente d&#8217;ufficio. I materiali di alta qualit\u00e0 e l&#8217;aspetto accattivante danno vita a una sedia elegante, che si integra perfettamente con l&#8217;immagine professionale del tuo ufficio. La sedia \u00e8 disponibile in un elegante colore, che aggiunge un tocco sofisticato al tuo spazio di lavoro.Robusta e durevole: la sedia da ufficio Motion Pro \u00e8 realizzata con materiali di alta qualit\u00e0 e durevoli, che garantiscono una lunga durata. La struttura robusta e la molla a gas affidabile offrono un&#8217;esperienza di seduta stabile e sicura.Scegli la sedia da ufficio Motion Pro di Myntwork e scopri il massimo comfort e l&#8217;ergonomia di una sedia progettata appositamente per i professionisti pi\u00f9 esigenti. Goditi un&#8217;esperienza di seduta ottimale mentre lavori al massimo delle tue prestazioni in un ambiente di lavoro elegante e piacevole.<\/p>\n","protected":false},"excerpt":{"rendered":"<p><span class=\"ourchoice_badge\">Ergonomia migliorata<\/span><span class=\"ourchoice_badge\">Supporto lombare integrato<\/span><\/p>\n","protected":false},"featured_media":23928,"comment_status":"open","ping_status":"closed","template":"","meta":{"_acf_changed":false},"product_brand":[2736],"product_cat":[16],"product_tag":[],"class_list":["post-23933","product","type-product","status-publish","has-post-thumbnail","product_brand-myntwork","product_cat-sedie-da-ufficio","pa_altezza-della-seduta-yes","pa_altezza-dello-schienale-yes","pa_altezza-massima-della-seduta-1301","pa_altezza-minima-della-seduta-1820","pa_braccioli-4d-armrests","pa_collezione-myntwork","pa_con-poggiatesta-no","pa_con-supporto-lombare-yes","pa_conforme-alla-en1335-yes","pa_garanzia-5-year","pa_larghezza-massima-1633","pa_larghezza-minima-2052","pa_marca-plexz","pa_materiale-del-rivestimento-mesh-covering","pa_materiale-della-base-aluminum","pa_meccanismo-synchro-mechanism","pa_profondita-della-seduta-yes","pa_profondita-massima-della-sed-1198","pa_profondita-minima-della-sedu-1685","pa_standardizzazione-nen-1335","pa_tipo-di-sedia-da-ufficio-ergonomic-office-chair","pa_zavorra-massima-135-kg","first","instock","sale","purchasable","product-type-simple"],"acf":[],"yoast_head":"<!-- This site is optimized with the Yoast SEO Premium plugin v25.6 (Yoast SEO v28.3) - https:\/\/yoast.com\/product\/yoast-seo-premium-wordpress\/ -->\n<title>Sedia da ufficio Motion Pro | Myntwork Svizzera<\/title>\n<meta name=\"robots\" content=\"index, follow, max-snippet:-1, max-image-preview:large, max-video-preview:-1\" \/>\n<link rel=\"canonical\" href=\"https:\/\/myntwork.com\/it-ch\/prodotto\/sedia-da-ufficio-motion-pro\/\" \/>\n<meta property=\"og:locale\" content=\"en_US\" \/>\n<meta property=\"og:type\" content=\"article\" \/>\n<meta property=\"og:title\" content=\"Sedia da ufficio Motion Pro\" \/>\n<meta property=\"og:description\" content=\"Ergonomia migliorataSupporto lombare integrato\" \/>\n<meta property=\"og:url\" content=\"https:\/\/myntwork.com\/it-ch\/prodotto\/sedia-da-ufficio-motion-pro\/\" \/>\n<meta property=\"og:site_name\" content=\"Myntwork Svizzera\" \/>\n<meta property=\"og:image\" content=\"https:\/\/myntwork.com\/wp-content\/uploads\/2025\/06\/Bureaustoel-Motion-Pro.jpg\" \/>\n\t<meta property=\"og:image:width\" content=\"1200\" \/>\n\t<meta property=\"og:image:height\" content=\"900\" \/>\n\t<meta property=\"og:image:type\" content=\"image\/jpeg\" \/>\n<meta name=\"twitter:card\" content=\"summary_large_image\" \/>\n<meta name=\"twitter:label1\" content=\"Price\" \/>\n\t<meta name=\"twitter:data1\" content=\"&#067;&#072;&#070;&nbsp;618.00\" \/>\n\t<meta name=\"twitter:label2\" content=\"Availability\" \/>\n\t<meta name=\"twitter:data2\" content=\"In stock\" \/>\n<script type=\"application\/ld+json\" class=\"yoast-schema-graph\">{\"@context\":\"https:\\\/\\\/schema.org\",\"@graph\":[{\"@type\":\"WebPage\",\"@id\":\"https:\\\/\\\/myntwork.com\\\/it-ch\\\/prodotto\\\/sedia-da-ufficio-motion-pro\\\/\",\"url\":\"https:\\\/\\\/myntwork.com\\\/it-ch\\\/prodotto\\\/sedia-da-ufficio-motion-pro\\\/\",\"name\":\"Sedia da ufficio Motion Pro | Myntwork Svizzera\",\"isPartOf\":{\"@id\":\"https:\\\/\\\/myntwork.com\\\/it-ch\\\/#website\"},\"primaryImageOfPage\":{\"@id\":\"https:\\\/\\\/myntwork.com\\\/it-ch\\\/prodotto\\\/sedia-da-ufficio-motion-pro\\\/#primaryimage\"},\"image\":{\"@id\":\"https:\\\/\\\/myntwork.com\\\/it-ch\\\/prodotto\\\/sedia-da-ufficio-motion-pro\\\/#primaryimage\"},\"thumbnailUrl\":\"https:\\\/\\\/myntwork.com\\\/wp-content\\\/uploads\\\/2025\\\/06\\\/Bureaustoel-Motion-Pro.jpg\",\"datePublished\":\"2026-08-29T00:06:56+00:00\",\"breadcrumb\":{\"@id\":\"https:\\\/\\\/myntwork.com\\\/it-ch\\\/prodotto\\\/sedia-da-ufficio-motion-pro\\\/#breadcrumb\"},\"inLanguage\":\"en-US\",\"potentialAction\":[{\"@type\":\"ReadAction\",\"target\":[\"https:\\\/\\\/myntwork.com\\\/it-ch\\\/prodotto\\\/sedia-da-ufficio-motion-pro\\\/\"]}]},{\"@type\":\"ImageObject\",\"inLanguage\":\"en-US\",\"@id\":\"https:\\\/\\\/myntwork.com\\\/it-ch\\\/prodotto\\\/sedia-da-ufficio-motion-pro\\\/#primaryimage\",\"url\":\"https:\\\/\\\/myntwork.com\\\/wp-content\\\/uploads\\\/2025\\\/06\\\/Bureaustoel-Motion-Pro.jpg\",\"contentUrl\":\"https:\\\/\\\/myntwork.com\\\/wp-content\\\/uploads\\\/2025\\\/06\\\/Bureaustoel-Motion-Pro.jpg\",\"caption\":\"Bureaustoel Motion Pro\"},{\"@type\":\"BreadcrumbList\",\"@id\":\"https:\\\/\\\/myntwork.com\\\/it-ch\\\/prodotto\\\/sedia-da-ufficio-motion-pro\\\/#breadcrumb\",\"itemListElement\":[{\"@type\":\"ListItem\",\"position\":1,\"name\":\"Home\",\"item\":\"https:\\\/\\\/myntwork.com\\\/it-ch\\\/myntwork-lease-nuovi-arredi-per-ufficio-a-partire-da-3-95-per-postazione\\\/\"},{\"@type\":\"ListItem\",\"position\":2,\"name\":\"Categorie\",\"item\":\"https:\\\/\\\/myntwork.com\\\/it-ch\\\/categorie\\\/\"},{\"@type\":\"ListItem\",\"position\":3,\"name\":\"Sedia da ufficio Motion Pro\"}]},{\"@type\":\"WebSite\",\"@id\":\"https:\\\/\\\/myntwork.com\\\/it-ch\\\/#website\",\"url\":\"https:\\\/\\\/myntwork.com\\\/it-ch\\\/\",\"name\":\"Myntwork\",\"description\":\"Lease di nuovi arredi per ufficio | A partire da 3.95 per postazione di lavoro\",\"publisher\":{\"@id\":\"https:\\\/\\\/myntwork.com\\\/it-ch\\\/#organization\"},\"potentialAction\":[{\"@type\":\"SearchAction\",\"target\":{\"@type\":\"EntryPoint\",\"urlTemplate\":\"https:\\\/\\\/myntwork.com\\\/it-ch\\\/?s={search_term_string}\"},\"query-input\":{\"@type\":\"PropertyValueSpecification\",\"valueRequired\":true,\"valueName\":\"search_term_string\"}}],\"inLanguage\":\"en-US\"},{\"@type\":\"Organization\",\"@id\":\"https:\\\/\\\/myntwork.com\\\/it-ch\\\/#organization\",\"name\":\"Myntwork\",\"url\":\"https:\\\/\\\/myntwork.com\\\/it-ch\\\/\",\"logo\":{\"@type\":\"ImageObject\",\"inLanguage\":\"en-US\",\"@id\":\"https:\\\/\\\/myntwork.com\\\/it-ch\\\/#\\\/schema\\\/logo\\\/image\\\/\",\"url\":\"https:\\\/\\\/myntwork.com\\\/wp-content\\\/uploads\\\/2025\\\/08\\\/myntwork.png\",\"contentUrl\":\"https:\\\/\\\/myntwork.com\\\/wp-content\\\/uploads\\\/2025\\\/08\\\/myntwork.png\",\"width\":696,\"height\":696,\"caption\":\"Myntwork\"},\"image\":{\"@id\":\"https:\\\/\\\/myntwork.com\\\/it-ch\\\/#\\\/schema\\\/logo\\\/image\\\/\"},\"description\":\"Myntwork is een Nederlands bedrijf, gespecialiseerd in het leasen van kantoormeubilair. Het concept draait om flexibiliteit, eenvoud en duurzaamheid, waarbij bedrijven hoogwaardige meubels kunnen huren zonder grote upfront investeringen.\",\"email\":\"contact@myntwork.com\",\"telephone\":\"+31854017823\",\"legalName\":\"Myntwork B.V.\",\"foundingDate\":\"2024-01-26\",\"vatID\":\"NL861015290B01\",\"numberOfEmployees\":{\"@type\":\"QuantitativeValue\",\"minValue\":\"1\",\"maxValue\":\"10\"}}]}<\/script>\n<meta property=\"product:brand\" content=\"Myntwork\" \/>\n<meta property=\"product:price:amount\" content=\"618.00\" \/>\n<meta property=\"product:price:currency\" content=\"CHF\" \/>\n<meta property=\"og:availability\" content=\"instock\" \/>\n<meta property=\"product:availability\" content=\"instock\" \/>\n<meta property=\"product:retailer_item_id\" content=\"VACA05\" \/>\n<meta property=\"product:condition\" content=\"new\" \/>\n<!-- \/ Yoast SEO Premium plugin. -->","yoast_head_json":{"title":"Sedia da ufficio Motion Pro | Myntwork Svizzera","robots":{"index":"index","follow":"follow","max-snippet":"max-snippet:-1","max-image-preview":"max-image-preview:large","max-video-preview":"max-video-preview:-1"},"canonical":"https:\/\/myntwork.com\/it-ch\/prodotto\/sedia-da-ufficio-motion-pro\/","og_locale":"en_US","og_type":"article","og_title":"Sedia da ufficio Motion Pro","og_description":"Ergonomia migliorataSupporto lombare integrato","og_url":"https:\/\/myntwork.com\/it-ch\/prodotto\/sedia-da-ufficio-motion-pro\/","og_site_name":"Myntwork Svizzera","og_image":[{"url":"https:\/\/myntwork.com\/wp-content\/uploads\/2025\/06\/Bureaustoel-Motion-Pro.jpg","width":1200,"height":900,"type":"image\/jpeg"}],"twitter_card":"summary_large_image","twitter_misc":{"Price":"&#67;&#72;&#70;&nbsp;618.00","Availability":"In stock"},"schema":{"@context":"https:\/\/schema.org","@graph":[{"@type":"WebPage","@id":"https:\/\/myntwork.com\/it-ch\/prodotto\/sedia-da-ufficio-motion-pro\/","url":"https:\/\/myntwork.com\/it-ch\/prodotto\/sedia-da-ufficio-motion-pro\/","name":"Sedia da ufficio Motion Pro | Myntwork Svizzera","isPartOf":{"@id":"https:\/\/myntwork.com\/it-ch\/#website"},"primaryImageOfPage":{"@id":"https:\/\/myntwork.com\/it-ch\/prodotto\/sedia-da-ufficio-motion-pro\/#primaryimage"},"image":{"@id":"https:\/\/myntwork.com\/it-ch\/prodotto\/sedia-da-ufficio-motion-pro\/#primaryimage"},"thumbnailUrl":"https:\/\/myntwork.com\/wp-content\/uploads\/2025\/06\/Bureaustoel-Motion-Pro.jpg","datePublished":"2026-08-29T00:06:56+00:00","breadcrumb":{"@id":"https:\/\/myntwork.com\/it-ch\/prodotto\/sedia-da-ufficio-motion-pro\/#breadcrumb"},"inLanguage":"en-US","potentialAction":[{"@type":"ReadAction","target":["https:\/\/myntwork.com\/it-ch\/prodotto\/sedia-da-ufficio-motion-pro\/"]}]},{"@type":"ImageObject","inLanguage":"en-US","@id":"https:\/\/myntwork.com\/it-ch\/prodotto\/sedia-da-ufficio-motion-pro\/#primaryimage","url":"https:\/\/myntwork.com\/wp-content\/uploads\/2025\/06\/Bureaustoel-Motion-Pro.jpg","contentUrl":"https:\/\/myntwork.com\/wp-content\/uploads\/2025\/06\/Bureaustoel-Motion-Pro.jpg","caption":"Bureaustoel Motion Pro"},{"@type":"BreadcrumbList","@id":"https:\/\/myntwork.com\/it-ch\/prodotto\/sedia-da-ufficio-motion-pro\/#breadcrumb","itemListElement":[{"@type":"ListItem","position":1,"name":"Home","item":"https:\/\/myntwork.com\/it-ch\/myntwork-lease-nuovi-arredi-per-ufficio-a-partire-da-3-95-per-postazione\/"},{"@type":"ListItem","position":2,"name":"Categorie","item":"https:\/\/myntwork.com\/it-ch\/categorie\/"},{"@type":"ListItem","position":3,"name":"Sedia da ufficio Motion Pro"}]},{"@type":"WebSite","@id":"https:\/\/myntwork.com\/it-ch\/#website","url":"https:\/\/myntwork.com\/it-ch\/","name":"Myntwork","description":"Lease di nuovi arredi per ufficio | A partire da 3.95 per postazione di lavoro","publisher":{"@id":"https:\/\/myntwork.com\/it-ch\/#organization"},"potentialAction":[{"@type":"SearchAction","target":{"@type":"EntryPoint","urlTemplate":"https:\/\/myntwork.com\/it-ch\/?s={search_term_string}"},"query-input":{"@type":"PropertyValueSpecification","valueRequired":true,"valueName":"search_term_string"}}],"inLanguage":"en-US"},{"@type":"Organization","@id":"https:\/\/myntwork.com\/it-ch\/#organization","name":"Myntwork","url":"https:\/\/myntwork.com\/it-ch\/","logo":{"@type":"ImageObject","inLanguage":"en-US","@id":"https:\/\/myntwork.com\/it-ch\/#\/schema\/logo\/image\/","url":"https:\/\/myntwork.com\/wp-content\/uploads\/2025\/08\/myntwork.png","contentUrl":"https:\/\/myntwork.com\/wp-content\/uploads\/2025\/08\/myntwork.png","width":696,"height":696,"caption":"Myntwork"},"image":{"@id":"https:\/\/myntwork.com\/it-ch\/#\/schema\/logo\/image\/"},"description":"Myntwork is een Nederlands bedrijf, gespecialiseerd in het leasen van kantoormeubilair. Het concept draait om flexibiliteit, eenvoud en duurzaamheid, waarbij bedrijven hoogwaardige meubels kunnen huren zonder grote upfront investeringen.","email":"contact@myntwork.com","telephone":"+31854017823","legalName":"Myntwork B.V.","foundingDate":"2024-01-26","vatID":"NL861015290B01","numberOfEmployees":{"@type":"QuantitativeValue","minValue":"1","maxValue":"10"}}]},"product_brand":"Myntwork","product_price_amount":"618.00","product_price_currency":"CHF","og_availability":"instock","product_availability":"instock","product_retailer_item_id":"VACA05","product_condition":"new"},"_links":{"self":[{"href":"https:\/\/myntwork.com\/it-ch\/wp-json\/wp\/v2\/product\/23933","targetHints":{"allow":["GET"]}}],"collection":[{"href":"https:\/\/myntwork.com\/it-ch\/wp-json\/wp\/v2\/product"}],"about":[{"href":"https:\/\/myntwork.com\/it-ch\/wp-json\/wp\/v2\/types\/product"}],"replies":[{"embeddable":true,"href":"https:\/\/myntwork.com\/it-ch\/wp-json\/wp\/v2\/comments?post=23933"}],"wp:featuredmedia":[{"embeddable":true,"href":"https:\/\/myntwork.com\/it-ch\/wp-json\/wp\/v2\/media\/23928"}],"wp:attachment":[{"href":"https:\/\/myntwork.com\/it-ch\/wp-json\/wp\/v2\/media?parent=23933"}],"wp:term":[{"taxonomy":"product_brand","embeddable":true,"href":"https:\/\/myntwork.com\/it-ch\/wp-json\/wp\/v2\/product_brand?post=23933"},{"taxonomy":"product_cat","embeddable":true,"href":"https:\/\/myntwork.com\/it-ch\/wp-json\/wp\/v2\/product_cat?post=23933"},{"taxonomy":"product_tag","embeddable":true,"href":"https:\/\/myntwork.com\/it-ch\/wp-json\/wp\/v2\/product_tag?post=23933"}],"curies":[{"name":"wp","href":"https:\/\/api.w.org\/{rel}","templated":true}]}}