{"id":4811,"date":"2026-08-18T16:44:15","date_gmt":"2026-08-18T16:44:15","guid":{"rendered":"https:\/\/myntwork.com\/it-ch\/product\/tavolo-da-conferenza-modulare-con-modulo-intermedio-frezza-alplus\/"},"modified":"2026-08-18T16:44:15","modified_gmt":"2026-08-18T16:44:15","slug":"tavolo-da-conferenza-modulare-con-modulo-intermedio-frezza-alplus","status":"publish","type":"product","link":"https:\/\/myntwork.com\/it-ch\/prodotto\/tavolo-da-conferenza-modulare-con-modulo-intermedio-frezza-alplus\/","title":{"rendered":"Tavolo da conferenza modulare con modulo intermedio Frezza Alplus"},"content":{"rendered":"<h2>Tavolo da conferenza modulare con modulo intermedio Frezza Alplus<\/h2>\n<p>Il tavolo da conferenza modulare con modulo intermedio Frezza Alplus offre una superficie d\u2019incontro ben definita per ambienti di lavoro professionali, sale progetto e aree dedicate alla collaborazione. Progettato come modulo intermedio della collezione Alplus, presenta una configurazione rettangolare strutturata per un massimo di sei persone. Il profilo essenziale favorisce conversazioni faccia a faccia, presentazioni, sessioni di pianificazione e riunioni quotidiane del team, mantenendo un aspetto ordinato e professionale dell\u2019ufficio.<\/p>\n<p>Il piano \u00e8 realizzato in melaminico, un materiale pratico per l\u2019uso quotidiano in ambienti di lavoro condivisi. La base con gambe a pannello in alluminio conferisce al tavolo un aspetto stabile e architettonico, contribuendo a creare un ambiente ordinato sotto il piano di lavoro. Il piano rettangolare favorisce una disposizione chiara dei posti a sedere e rende il tavolo particolarmente adatto agli spazi per riunioni in cui i team necessitano di una superficie centrale dedicata.<\/p>\n<p>Le finiture del piano disponibili includono Bianco, Grigio, Beige, Marrone, Nero e Legno, permettendo al tavolo di coordinarsi con diversi ambienti di lavoro. La base \u00e8 disponibile in Bianco, Nero o Beige. Queste opzioni essenziali facilitano la scelta di una combinazione in armonia con scrivanie, contenitori, sedute e finiture architettoniche circostanti, senza aggiungere una complessit\u00e0 visiva superflua.<\/p>\n<p>Il tavolo \u00e8 predisposto per l\u2019uso con un passacavi, consentendo ai progettisti di gestire le esigenze di alimentazione e connettivit\u00e0 dati negli ambienti per riunioni. L\u2019inclusione del passacavi pu\u00f2 variare in base alla configurazione; pertanto, la versione selezionata deve essere verificata al momento dell\u2019ordine. Il tavolo non include il controllo Bluetooth, una ribaltina o una canalina per cavi per FLAP.<\/p>\n<p>Grazie al formato modulare con modulo intermedio, il tavolo da conferenza modulare con modulo intermedio Frezza Alplus \u00e8 progettato come superficie dedicata alle riunioni, anzich\u00e9 come tavolo collegabile. \u00c8 disponibile in due opzioni dimensionali pressoch\u00e9 quadrate, consentendo di scegliere l\u2019ingombro pi\u00f9 adatto alla stanza mantenendo la funzione di tavolo per riunioni da sei persone. La combinazione di piano in melaminico, supporto con gambe a pannello in alluminio e scelta flessibile delle finiture lo rende una soluzione pratica per favorire una collaborazione organizzata sul luogo di lavoro.<\/p>\n","protected":false},"excerpt":{"rendered":"<p>Il tavolo da conferenza modulare con modulo intermedio Frezza Alplus \u00e8 un tavolo rettangolare modulare per sei persone, con piano in melaminico bianco, gambe a pannello in alluminio e predisposizione per passacavi.<\/p>\n","protected":false},"featured_media":4809,"comment_status":"open","ping_status":"closed","template":"","meta":{"_acf_changed":false},"product_brand":[2729],"product_cat":[53,38],"product_tag":[],"class_list":["post-4811","product","type-product","status-publish","has-post-thumbnail","product_brand-frezza","product_cat-tavoli-modulari-per-riunioni","product_cat-tavoli-per-conferenze","pa_adatto-per-canalina-passacav-yes","pa_certificazioni-tsca-title-vi-compliant","pa_collegabile-no","pa_collezione-alplus","pa_colore-della-base-beige","pa_colore-della-base-white","pa_colore-della-base-black","pa_colore-superficie-beige","pa_colore-superficie-white","pa_colore-superficie-grey","pa_colore-superficie-wood","pa_colore-superficie-brown","pa_colore-superficie-black","pa_controllo-bluetooth-no","pa_forma-del-piano-rectangular","pa_garanzia-2-year","pa_include-canalina-portacavi-no","pa_include-canalina-portacavi-yes","pa_larghezza-2412","pa_larghezza-2431","pa_marca-frezza","pa_materiale-del-piano-melamine","pa_materiale-della-base-aluminum","pa_numero-di-persone-6-people","pa_profondita-683","pa_profondita-684","pa_tipo-di-struttura-panel-leg","first","instock","shipping-taxable","purchasable","product-type-simple"],"acf":[],"yoast_head":"<!-- This site is optimized with the Yoast SEO Premium plugin v25.6 (Yoast SEO v28.3) - https:\/\/yoast.com\/product\/yoast-seo-premium-wordpress\/ -->\n<title>Tavolo da conferenza modulare con modulo intermedio Frezza Alplus | Myntwork Svizzera<\/title>\n<meta name=\"description\" content=\"Crea configurazioni flessibili per le riunioni con il tavolo da conferenza modulare con modulo intermedio Frezza Alplus, quindi amplia i posti a sedere\u2026\" \/>\n<meta name=\"robots\" content=\"index, follow, max-snippet:-1, max-image-preview:large, max-video-preview:-1\" \/>\n<link rel=\"canonical\" href=\"https:\/\/myntwork.com\/it-ch\/prodotto\/tavolo-da-conferenza-modulare-con-modulo-intermedio-frezza-alplus\/\" \/>\n<meta property=\"og:locale\" content=\"en_US\" \/>\n<meta property=\"og:type\" content=\"article\" \/>\n<meta property=\"og:title\" content=\"Tavolo da conferenza modulare con modulo intermedio Frezza Alplus\" \/>\n<meta property=\"og:description\" content=\"Crea configurazioni flessibili per le riunioni con il tavolo da conferenza modulare con modulo intermedio Frezza Alplus, quindi amplia i posti a sedere secondo necessit\u00e0. Scoprilo.\" \/>\n<meta property=\"og:url\" content=\"https:\/\/myntwork.com\/it-ch\/prodotto\/tavolo-da-conferenza-modulare-con-modulo-intermedio-frezza-alplus\/\" \/>\n<meta property=\"og:site_name\" content=\"Myntwork Svizzera\" \/>\n<meta property=\"og:image\" content=\"https:\/\/myntwork.com\/wp-content\/uploads\/2026\/08\/f847548246c640d3ae35f5bfd6880f62.jpg\" \/>\n\t<meta property=\"og:image:width\" content=\"1200\" \/>\n\t<meta property=\"og:image:height\" content=\"1200\" \/>\n\t<meta property=\"og:image:type\" content=\"image\/jpeg\" \/>\n<meta name=\"twitter:card\" content=\"summary_large_image\" \/>\n<meta name=\"twitter:label1\" content=\"Price\" \/>\n\t<meta name=\"twitter:data1\" content=\"&#067;&#072;&#070;&nbsp;1,520.00\" \/>\n\t<meta name=\"twitter:label2\" content=\"Availability\" \/>\n\t<meta name=\"twitter:data2\" content=\"In stock\" \/>\n<script type=\"application\/ld+json\" class=\"yoast-schema-graph\">{\"@context\":\"https:\\\/\\\/schema.org\",\"@graph\":[{\"@type\":\"WebPage\",\"@id\":\"https:\\\/\\\/myntwork.com\\\/it-ch\\\/prodotto\\\/tavolo-da-conferenza-modulare-con-modulo-intermedio-frezza-alplus\\\/\",\"url\":\"https:\\\/\\\/myntwork.com\\\/it-ch\\\/prodotto\\\/tavolo-da-conferenza-modulare-con-modulo-intermedio-frezza-alplus\\\/\",\"name\":\"Tavolo da conferenza modulare con modulo intermedio Frezza Alplus | Myntwork Svizzera\",\"isPartOf\":{\"@id\":\"https:\\\/\\\/myntwork.com\\\/it-ch\\\/#website\"},\"primaryImageOfPage\":{\"@id\":\"https:\\\/\\\/myntwork.com\\\/it-ch\\\/prodotto\\\/tavolo-da-conferenza-modulare-con-modulo-intermedio-frezza-alplus\\\/#primaryimage\"},\"image\":{\"@id\":\"https:\\\/\\\/myntwork.com\\\/it-ch\\\/prodotto\\\/tavolo-da-conferenza-modulare-con-modulo-intermedio-frezza-alplus\\\/#primaryimage\"},\"thumbnailUrl\":\"https:\\\/\\\/myntwork.com\\\/wp-content\\\/uploads\\\/2026\\\/08\\\/f847548246c640d3ae35f5bfd6880f62.jpg\",\"datePublished\":\"2026-08-18T16:44:15+00:00\",\"description\":\"Crea configurazioni flessibili per le riunioni con il tavolo da conferenza modulare con modulo intermedio Frezza Alplus, quindi amplia i posti a sedere secondo necessit\u00e0. Scoprilo.\",\"breadcrumb\":{\"@id\":\"https:\\\/\\\/myntwork.com\\\/it-ch\\\/prodotto\\\/tavolo-da-conferenza-modulare-con-modulo-intermedio-frezza-alplus\\\/#breadcrumb\"},\"inLanguage\":\"en-US\",\"potentialAction\":[{\"@type\":\"ReadAction\",\"target\":[\"https:\\\/\\\/myntwork.com\\\/it-ch\\\/prodotto\\\/tavolo-da-conferenza-modulare-con-modulo-intermedio-frezza-alplus\\\/\"]}]},{\"@type\":\"ImageObject\",\"inLanguage\":\"en-US\",\"@id\":\"https:\\\/\\\/myntwork.com\\\/it-ch\\\/prodotto\\\/tavolo-da-conferenza-modulare-con-modulo-intermedio-frezza-alplus\\\/#primaryimage\",\"url\":\"https:\\\/\\\/myntwork.com\\\/wp-content\\\/uploads\\\/2026\\\/08\\\/f847548246c640d3ae35f5bfd6880f62.jpg\",\"contentUrl\":\"https:\\\/\\\/myntwork.com\\\/wp-content\\\/uploads\\\/2026\\\/08\\\/f847548246c640d3ae35f5bfd6880f62.jpg\",\"caption\":\"Frezza Alplus Modular Intermediate Module Conference Table\"},{\"@type\":\"BreadcrumbList\",\"@id\":\"https:\\\/\\\/myntwork.com\\\/it-ch\\\/prodotto\\\/tavolo-da-conferenza-modulare-con-modulo-intermedio-frezza-alplus\\\/#breadcrumb\",\"itemListElement\":[{\"@type\":\"ListItem\",\"position\":1,\"name\":\"Home\",\"item\":\"https:\\\/\\\/myntwork.com\\\/it-ch\\\/\"},{\"@type\":\"ListItem\",\"position\":2,\"name\":\"Categorie\",\"item\":\"https:\\\/\\\/myntwork.com\\\/it-ch\\\/categorie\\\/\"},{\"@type\":\"ListItem\",\"position\":3,\"name\":\"Tavolo da conferenza modulare con modulo intermedio Frezza Alplus\"}]},{\"@type\":\"WebSite\",\"@id\":\"https:\\\/\\\/myntwork.com\\\/it-ch\\\/#website\",\"url\":\"https:\\\/\\\/myntwork.com\\\/it-ch\\\/\",\"name\":\"Myntwork\",\"description\":\"Lease di nuovi arredi per ufficio | A partire da 3.95 per postazione di lavoro\",\"publisher\":{\"@id\":\"https:\\\/\\\/myntwork.com\\\/it-ch\\\/#organization\"},\"potentialAction\":[{\"@type\":\"SearchAction\",\"target\":{\"@type\":\"EntryPoint\",\"urlTemplate\":\"https:\\\/\\\/myntwork.com\\\/it-ch\\\/?s={search_term_string}\"},\"query-input\":{\"@type\":\"PropertyValueSpecification\",\"valueRequired\":true,\"valueName\":\"search_term_string\"}}],\"inLanguage\":\"en-US\"},{\"@type\":\"Organization\",\"@id\":\"https:\\\/\\\/myntwork.com\\\/it-ch\\\/#organization\",\"name\":\"Myntwork\",\"url\":\"https:\\\/\\\/myntwork.com\\\/it-ch\\\/\",\"logo\":{\"@type\":\"ImageObject\",\"inLanguage\":\"en-US\",\"@id\":\"https:\\\/\\\/myntwork.com\\\/it-ch\\\/#\\\/schema\\\/logo\\\/image\\\/\",\"url\":\"https:\\\/\\\/myntwork.com\\\/wp-content\\\/uploads\\\/2025\\\/08\\\/myntwork.png\",\"contentUrl\":\"https:\\\/\\\/myntwork.com\\\/wp-content\\\/uploads\\\/2025\\\/08\\\/myntwork.png\",\"width\":696,\"height\":696,\"caption\":\"Myntwork\"},\"image\":{\"@id\":\"https:\\\/\\\/myntwork.com\\\/it-ch\\\/#\\\/schema\\\/logo\\\/image\\\/\"},\"description\":\"Myntwork is een Nederlands bedrijf, gespecialiseerd in het leasen van kantoormeubilair. Het concept draait om flexibiliteit, eenvoud en duurzaamheid, waarbij bedrijven hoogwaardige meubels kunnen huren zonder grote upfront investeringen.\",\"email\":\"contact@myntwork.com\",\"telephone\":\"+31854017823\",\"legalName\":\"Myntwork B.V.\",\"foundingDate\":\"2024-01-26\",\"vatID\":\"NL861015290B01\",\"numberOfEmployees\":{\"@type\":\"QuantitativeValue\",\"minValue\":\"1\",\"maxValue\":\"10\"}}]}<\/script>\n<meta property=\"product:brand\" content=\"Frezza\" \/>\n<meta property=\"product:price:amount\" content=\"1520.00\" \/>\n<meta property=\"product:price:currency\" content=\"CHF\" \/>\n<meta property=\"og:availability\" content=\"instock\" \/>\n<meta property=\"product:availability\" content=\"instock\" \/>\n<meta property=\"product:retailer_item_id\" content=\"AL1818I\" \/>\n<meta property=\"product:condition\" content=\"new\" \/>\n<!-- \/ Yoast SEO Premium plugin. -->","yoast_head_json":{"title":"Tavolo da conferenza modulare con modulo intermedio Frezza Alplus | Myntwork Svizzera","description":"Crea configurazioni flessibili per le riunioni con il tavolo da conferenza modulare con modulo intermedio Frezza Alplus, quindi amplia i posti a sedere\u2026","robots":{"index":"index","follow":"follow","max-snippet":"max-snippet:-1","max-image-preview":"max-image-preview:large","max-video-preview":"max-video-preview:-1"},"canonical":"https:\/\/myntwork.com\/it-ch\/prodotto\/tavolo-da-conferenza-modulare-con-modulo-intermedio-frezza-alplus\/","og_locale":"en_US","og_type":"article","og_title":"Tavolo da conferenza modulare con modulo intermedio Frezza Alplus","og_description":"Crea configurazioni flessibili per le riunioni con il tavolo da conferenza modulare con modulo intermedio Frezza Alplus, quindi amplia i posti a sedere secondo necessit\u00e0. Scoprilo.","og_url":"https:\/\/myntwork.com\/it-ch\/prodotto\/tavolo-da-conferenza-modulare-con-modulo-intermedio-frezza-alplus\/","og_site_name":"Myntwork Svizzera","og_image":[{"url":"https:\/\/myntwork.com\/wp-content\/uploads\/2026\/08\/f847548246c640d3ae35f5bfd6880f62.jpg","width":1200,"height":1200,"type":"image\/jpeg"}],"twitter_card":"summary_large_image","twitter_misc":{"Price":"&#67;&#72;&#70;&nbsp;1,520.00","Availability":"In stock"},"schema":{"@context":"https:\/\/schema.org","@graph":[{"@type":"WebPage","@id":"https:\/\/myntwork.com\/it-ch\/prodotto\/tavolo-da-conferenza-modulare-con-modulo-intermedio-frezza-alplus\/","url":"https:\/\/myntwork.com\/it-ch\/prodotto\/tavolo-da-conferenza-modulare-con-modulo-intermedio-frezza-alplus\/","name":"Tavolo da conferenza modulare con modulo intermedio Frezza Alplus | Myntwork Svizzera","isPartOf":{"@id":"https:\/\/myntwork.com\/it-ch\/#website"},"primaryImageOfPage":{"@id":"https:\/\/myntwork.com\/it-ch\/prodotto\/tavolo-da-conferenza-modulare-con-modulo-intermedio-frezza-alplus\/#primaryimage"},"image":{"@id":"https:\/\/myntwork.com\/it-ch\/prodotto\/tavolo-da-conferenza-modulare-con-modulo-intermedio-frezza-alplus\/#primaryimage"},"thumbnailUrl":"https:\/\/myntwork.com\/wp-content\/uploads\/2026\/08\/f847548246c640d3ae35f5bfd6880f62.jpg","datePublished":"2026-08-18T16:44:15+00:00","description":"Crea configurazioni flessibili per le riunioni con il tavolo da conferenza modulare con modulo intermedio Frezza Alplus, quindi amplia i posti a sedere secondo necessit\u00e0. Scoprilo.","breadcrumb":{"@id":"https:\/\/myntwork.com\/it-ch\/prodotto\/tavolo-da-conferenza-modulare-con-modulo-intermedio-frezza-alplus\/#breadcrumb"},"inLanguage":"en-US","potentialAction":[{"@type":"ReadAction","target":["https:\/\/myntwork.com\/it-ch\/prodotto\/tavolo-da-conferenza-modulare-con-modulo-intermedio-frezza-alplus\/"]}]},{"@type":"ImageObject","inLanguage":"en-US","@id":"https:\/\/myntwork.com\/it-ch\/prodotto\/tavolo-da-conferenza-modulare-con-modulo-intermedio-frezza-alplus\/#primaryimage","url":"https:\/\/myntwork.com\/wp-content\/uploads\/2026\/08\/f847548246c640d3ae35f5bfd6880f62.jpg","contentUrl":"https:\/\/myntwork.com\/wp-content\/uploads\/2026\/08\/f847548246c640d3ae35f5bfd6880f62.jpg","caption":"Frezza Alplus Modular Intermediate Module Conference Table"},{"@type":"BreadcrumbList","@id":"https:\/\/myntwork.com\/it-ch\/prodotto\/tavolo-da-conferenza-modulare-con-modulo-intermedio-frezza-alplus\/#breadcrumb","itemListElement":[{"@type":"ListItem","position":1,"name":"Home","item":"https:\/\/myntwork.com\/it-ch\/"},{"@type":"ListItem","position":2,"name":"Categorie","item":"https:\/\/myntwork.com\/it-ch\/categorie\/"},{"@type":"ListItem","position":3,"name":"Tavolo da conferenza modulare con modulo intermedio Frezza Alplus"}]},{"@type":"WebSite","@id":"https:\/\/myntwork.com\/it-ch\/#website","url":"https:\/\/myntwork.com\/it-ch\/","name":"Myntwork","description":"Lease di nuovi arredi per ufficio | A partire da 3.95 per postazione di lavoro","publisher":{"@id":"https:\/\/myntwork.com\/it-ch\/#organization"},"potentialAction":[{"@type":"SearchAction","target":{"@type":"EntryPoint","urlTemplate":"https:\/\/myntwork.com\/it-ch\/?s={search_term_string}"},"query-input":{"@type":"PropertyValueSpecification","valueRequired":true,"valueName":"search_term_string"}}],"inLanguage":"en-US"},{"@type":"Organization","@id":"https:\/\/myntwork.com\/it-ch\/#organization","name":"Myntwork","url":"https:\/\/myntwork.com\/it-ch\/","logo":{"@type":"ImageObject","inLanguage":"en-US","@id":"https:\/\/myntwork.com\/it-ch\/#\/schema\/logo\/image\/","url":"https:\/\/myntwork.com\/wp-content\/uploads\/2025\/08\/myntwork.png","contentUrl":"https:\/\/myntwork.com\/wp-content\/uploads\/2025\/08\/myntwork.png","width":696,"height":696,"caption":"Myntwork"},"image":{"@id":"https:\/\/myntwork.com\/it-ch\/#\/schema\/logo\/image\/"},"description":"Myntwork is een Nederlands bedrijf, gespecialiseerd in het leasen van kantoormeubilair. Het concept draait om flexibiliteit, eenvoud en duurzaamheid, waarbij bedrijven hoogwaardige meubels kunnen huren zonder grote upfront investeringen.","email":"contact@myntwork.com","telephone":"+31854017823","legalName":"Myntwork B.V.","foundingDate":"2024-01-26","vatID":"NL861015290B01","numberOfEmployees":{"@type":"QuantitativeValue","minValue":"1","maxValue":"10"}}]},"product_brand":"Frezza","product_price_amount":"1520.00","product_price_currency":"CHF","og_availability":"instock","product_availability":"instock","product_retailer_item_id":"AL1818I","product_condition":"new"},"_links":{"self":[{"href":"https:\/\/myntwork.com\/it-ch\/wp-json\/wp\/v2\/product\/4811","targetHints":{"allow":["GET"]}}],"collection":[{"href":"https:\/\/myntwork.com\/it-ch\/wp-json\/wp\/v2\/product"}],"about":[{"href":"https:\/\/myntwork.com\/it-ch\/wp-json\/wp\/v2\/types\/product"}],"replies":[{"embeddable":true,"href":"https:\/\/myntwork.com\/it-ch\/wp-json\/wp\/v2\/comments?post=4811"}],"wp:featuredmedia":[{"embeddable":true,"href":"https:\/\/myntwork.com\/it-ch\/wp-json\/wp\/v2\/media\/4809"}],"wp:attachment":[{"href":"https:\/\/myntwork.com\/it-ch\/wp-json\/wp\/v2\/media?parent=4811"}],"wp:term":[{"taxonomy":"product_brand","embeddable":true,"href":"https:\/\/myntwork.com\/it-ch\/wp-json\/wp\/v2\/product_brand?post=4811"},{"taxonomy":"product_cat","embeddable":true,"href":"https:\/\/myntwork.com\/it-ch\/wp-json\/wp\/v2\/product_cat?post=4811"},{"taxonomy":"product_tag","embeddable":true,"href":"https:\/\/myntwork.com\/it-ch\/wp-json\/wp\/v2\/product_tag?post=4811"}],"curies":[{"name":"wp","href":"https:\/\/api.w.org\/{rel}","templated":true}]}}