{"id":8227,"date":"2026-08-18T18:49:00","date_gmt":"2026-08-18T18:49:00","guid":{"rendered":"https:\/\/myntwork.com\/it-it\/product\/frezza-alplus-element-with-right-armrest-and-backrest-modulo-con-bracciolo-destro\/"},"modified":"2026-08-18T18:49:00","modified_gmt":"2026-08-18T18:49:00","slug":"frezza-alplus-element-with-right-armrest-and-backrest-modulo-con-bracciolo-destro","status":"publish","type":"product","link":"https:\/\/myntwork.com\/it-it\/prodotti\/frezza-alplus-element-with-right-armrest-and-backrest-modulo-con-bracciolo-destro\/","title":{"rendered":"Frezza Alplus Element with Right Armrest and Backrest Modulo con bracciolo destro"},"content":{"rendered":"<h2>Frezza Alplus Element with Right Armrest and Backrest Modulo con bracciolo destro<\/h2>\n<p>Frezza Alplus Element with Right Armrest and Backrest Modulo con bracciolo destro \u00e8 un modulo divano imbottito per creare configurazioni di seduta strutturate con un\u2019estremit\u00e0 destra ben definita. Lo schienale completo, la posizione di seduta fissa e la scelta di diversi colori del tessuto lo rendono un elemento di seduta Frezza pratico per gli ambienti professionali.<\/p>\n<h2>Design e materiali imbottiti<\/h2>\n<p>Alplus Element combina uno schienale completo con un rivestimento in tessuto Steelcut Trio 3, conferendo al modulo un aspetto rifinito dalla parte anteriore e una superficie tessile adatta all\u2019uso quotidiano. Il tessuto \u00e8 disponibile in grigio, rosso, rosa, marrone, blu, nero, verde e beige, permettendo al modulo con bracciolo destro di adattarsi a composizioni d\u2019interni neutre, calde o pi\u00f9 espressive.<\/p>\n<p><strong>La configurazione con bracciolo destro<\/strong> conferisce al modulo divano un orientamento definito quando viene posizionato accanto ad altri elementi di seduta o utilizzato come parte di una composizione pi\u00f9 ampia. I materiali della base, alluminio e legno, riuniscono due materiali strutturali specificati, preservando al contempo il carattere modulare della collezione Alplus.<\/p>\n<h2>Comfort della seduta fissa<\/h2>\n<p>Lo schienale completo offre un supporto continuo nella zona dorsale, facendo percepire il modulo come pi\u00f9 raccolto rispetto a una seduta priva di schienale. L\u2019altezza di seduta \u00e8 fissa e non regolabile, rendendo la posizione costante per gli utenti e mantenendo il prodotto semplice da specificare.<\/p>\n<p>Questo modello non dispone di regolazione dell\u2019altezza della seduta, dell\u2019altezza dello schienale o della profondit\u00e0 della seduta, n\u00e9 di meccanismo, supporto lombare o poggiatesta. \u00c8 quindi particolarmente adatto a chi cerca un semplice modulo divano imbottito anzich\u00e9 una sedia ergonomica regolabile individualmente; la portata massima specificata \u00e8 di 135 kg.<\/p>\n<p>Il prodotto dispone di un bracciolo destro, mentre i dati forniti non definiscono un ulteriore bracciolo sinistro. Di conseguenza, \u00e8 necessario considerare l\u2019orientamento durante la progettazione di una configurazione di sedute, soprattutto quando vengono combinati pi\u00f9 elementi Alplus.<\/p>\n<h2>Uso modulare e scelta pratica<\/h2>\n<p>Alplus Element \u00e8 identificato come modulo divano e modulo con bracciolo destro all\u2019interno della collezione Alplus, pertanto \u00e8 destinato a configurazioni di seduta progettate su misura, anzich\u00e9 all\u2019uso indipendente come sedia operativa. La larghezza pu\u00f2 variare da una dimensione pi\u00f9 compatta a una configurazione pi\u00f9 ampia, consentendo alla categoria di prodotto di adattarsi a diverse composizioni di sedute disponibili senza introdurre meccanismi o componenti regolabili.<\/p>\n<p><strong>La sua classificazione circolare<\/strong> offre agli acquirenti un\u2019informazione rilevante sulla sostenibilit\u00e0 quando i criteri di circolarit\u00e0 fanno parte delle specifiche di un arredo. L\u2019origine \u00e8 disponibile su richiesta e il prodotto \u00e8 coperto da una garanzia di 2 anni, fornendo informazioni chiare per la pianificazione degli acquisti e le aspettative relative al servizio post-vendita.<\/p>\n<p>Scegli Frezza Alplus Element with Right Armrest and Backrest Modulo con bracciolo destro quando cerchi un elemento di seduta rivestito in tessuto, con schienale completo, bracciolo destro ben definito e posizione di seduta fissa. La combinazione di colori selezionabili, rivestimento Steelcut Trio 3 e formato di divano modulare lo rende una soluzione mirata per configurazioni di sedute Frezza coordinate.<\/p>\n","protected":false},"excerpt":{"rendered":"<p>Frezza Alplus Element with Right Armrest and Backrest Modulo con bracciolo destro \u00e8 un modulo divano Alplus imbottito con schienale completo, bracciolo destro, tessuto Steelcut Trio 3 e larghezza di 160 cm.<\/p>\n","protected":false},"featured_media":8226,"comment_status":"open","ping_status":"closed","template":"","meta":{"_acf_changed":false},"product_brand":[288],"product_cat":[64,24],"product_tag":[],"class_list":["post-8227","product","type-product","status-publish","has-post-thumbnail","product_brand-frezza","product_cat-divani-sedute-modulari","product_cat-divani-e-lounge","pa_altezza-della-seduta-no","pa_altezza-dello-schienale-no","pa_braccioli-no","pa_braccioli-yes","pa_colore-del-rivestimento-beige","pa_colore-del-rivestimento-blue","pa_colore-del-rivestimento-grey","pa_colore-del-rivestimento-brown","pa_colore-del-rivestimento-black","pa_colore-del-rivestimento-pink","pa_colore-del-rivestimento-red","pa_colore-del-rivestimento-green","pa_con-poggiatesta-no","pa_con-supporto-lombare-no","pa_garanzia-2-year","pa_marca-frezza","pa_materiale-del-rivestimento-fabric","pa_materiale-della-base-aluminum","pa_materiale-della-base-wood","pa_meccanismo-no-mechanism","pa_profondita-della-seduta-no","pa_standardizzazione-not-specified","pa_zavorra-massima-135-kg","first","instock","shipping-taxable","purchasable","product-type-simple"],"acf":[],"yoast_head":"<!-- This site is optimized with the Yoast SEO Premium plugin v25.6 (Yoast SEO v28.3) - https:\/\/yoast.com\/product\/yoast-seo-premium-wordpress\/ -->\n<title>Frezza Alplus Element with Right Armrest and Backrest Modulo con bracciolo destro | Myntwork Italia<\/title>\n<meta name=\"description\" content=\"Crea configurazioni di seduta flessibili con Frezza Alplus Element with Right Armrest and Backrest Modulo con bracciolo destro per ambienti ufficio modulari.\" \/>\n<meta name=\"robots\" content=\"index, follow, max-snippet:-1, max-image-preview:large, max-video-preview:-1\" \/>\n<link rel=\"canonical\" href=\"https:\/\/myntwork.com\/it-it\/prodotti\/frezza-alplus-element-with-right-armrest-and-backrest-modulo-con-bracciolo-destro\/\" \/>\n<meta property=\"og:locale\" content=\"en_US\" \/>\n<meta property=\"og:type\" content=\"article\" \/>\n<meta property=\"og:title\" content=\"Frezza Alplus Element with Right Armrest and Backrest Modulo con bracciolo destro\" \/>\n<meta property=\"og:description\" content=\"Crea configurazioni di seduta flessibili con Frezza Alplus Element with Right Armrest and Backrest Modulo con bracciolo destro per ambienti ufficio modulari. Scoprilo.\" \/>\n<meta property=\"og:url\" content=\"https:\/\/myntwork.com\/it-it\/prodotti\/frezza-alplus-element-with-right-armrest-and-backrest-modulo-con-bracciolo-destro\/\" \/>\n<meta property=\"og:site_name\" content=\"Myntwork Italia\" \/>\n<meta property=\"og:image\" content=\"https:\/\/myntwork.com\/wp-content\/uploads\/2026\/08\/be4a85b0e98b42a99c7562cb9b69bd4f.jpg\" \/>\n\t<meta property=\"og:image:width\" content=\"1200\" \/>\n\t<meta property=\"og:image:height\" content=\"1200\" \/>\n\t<meta property=\"og:image:type\" content=\"image\/jpeg\" \/>\n<meta name=\"twitter:card\" content=\"summary_large_image\" \/>\n<meta name=\"twitter:label1\" content=\"Price\" \/>\n\t<meta name=\"twitter:data1\" content=\"&euro;3,557.00\" \/>\n\t<meta name=\"twitter:label2\" content=\"Availability\" \/>\n\t<meta name=\"twitter:data2\" content=\"In stock\" \/>\n<script type=\"application\/ld+json\" class=\"yoast-schema-graph\">{\"@context\":\"https:\\\/\\\/schema.org\",\"@graph\":[{\"@type\":\"WebPage\",\"@id\":\"https:\\\/\\\/myntwork.com\\\/it-it\\\/prodotti\\\/frezza-alplus-element-with-right-armrest-and-backrest-modulo-con-bracciolo-destro\\\/\",\"url\":\"https:\\\/\\\/myntwork.com\\\/it-it\\\/prodotti\\\/frezza-alplus-element-with-right-armrest-and-backrest-modulo-con-bracciolo-destro\\\/\",\"name\":\"Frezza Alplus Element with Right Armrest and Backrest Modulo con bracciolo destro | Myntwork Italia\",\"isPartOf\":{\"@id\":\"https:\\\/\\\/myntwork.com\\\/it-it\\\/#website\"},\"primaryImageOfPage\":{\"@id\":\"https:\\\/\\\/myntwork.com\\\/it-it\\\/prodotti\\\/frezza-alplus-element-with-right-armrest-and-backrest-modulo-con-bracciolo-destro\\\/#primaryimage\"},\"image\":{\"@id\":\"https:\\\/\\\/myntwork.com\\\/it-it\\\/prodotti\\\/frezza-alplus-element-with-right-armrest-and-backrest-modulo-con-bracciolo-destro\\\/#primaryimage\"},\"thumbnailUrl\":\"https:\\\/\\\/myntwork.com\\\/wp-content\\\/uploads\\\/2026\\\/08\\\/be4a85b0e98b42a99c7562cb9b69bd4f.jpg\",\"datePublished\":\"2026-08-18T18:49:00+00:00\",\"description\":\"Crea configurazioni di seduta flessibili con Frezza Alplus Element with Right Armrest and Backrest Modulo con bracciolo destro per ambienti ufficio modulari. Scoprilo.\",\"breadcrumb\":{\"@id\":\"https:\\\/\\\/myntwork.com\\\/it-it\\\/prodotti\\\/frezza-alplus-element-with-right-armrest-and-backrest-modulo-con-bracciolo-destro\\\/#breadcrumb\"},\"inLanguage\":\"en-US\",\"potentialAction\":[{\"@type\":\"ReadAction\",\"target\":[\"https:\\\/\\\/myntwork.com\\\/it-it\\\/prodotti\\\/frezza-alplus-element-with-right-armrest-and-backrest-modulo-con-bracciolo-destro\\\/\"]}]},{\"@type\":\"ImageObject\",\"inLanguage\":\"en-US\",\"@id\":\"https:\\\/\\\/myntwork.com\\\/it-it\\\/prodotti\\\/frezza-alplus-element-with-right-armrest-and-backrest-modulo-con-bracciolo-destro\\\/#primaryimage\",\"url\":\"https:\\\/\\\/myntwork.com\\\/wp-content\\\/uploads\\\/2026\\\/08\\\/be4a85b0e98b42a99c7562cb9b69bd4f.jpg\",\"contentUrl\":\"https:\\\/\\\/myntwork.com\\\/wp-content\\\/uploads\\\/2026\\\/08\\\/be4a85b0e98b42a99c7562cb9b69bd4f.jpg\",\"caption\":\"Frezza Alplus Element With Right Armrest And Backrest Right-Arm Module\"},{\"@type\":\"BreadcrumbList\",\"@id\":\"https:\\\/\\\/myntwork.com\\\/it-it\\\/prodotti\\\/frezza-alplus-element-with-right-armrest-and-backrest-modulo-con-bracciolo-destro\\\/#breadcrumb\",\"itemListElement\":[{\"@type\":\"ListItem\",\"position\":1,\"name\":\"Home\",\"item\":\"https:\\\/\\\/myntwork.com\\\/it-it\\\/\"},{\"@type\":\"ListItem\",\"position\":2,\"name\":\"Categorie\",\"item\":\"https:\\\/\\\/myntwork.com\\\/it-it\\\/categorie\\\/\"},{\"@type\":\"ListItem\",\"position\":3,\"name\":\"Frezza Alplus Element with Right Armrest and Backrest Modulo con bracciolo destro\"}]},{\"@type\":\"WebSite\",\"@id\":\"https:\\\/\\\/myntwork.com\\\/it-it\\\/#website\",\"url\":\"https:\\\/\\\/myntwork.com\\\/it-it\\\/\",\"name\":\"Myntwork\",\"description\":\"Lease nuovi arredi per ufficio | A partire da 3.95 per postazione di lavoro\",\"publisher\":{\"@id\":\"https:\\\/\\\/myntwork.com\\\/it-it\\\/#organization\"},\"potentialAction\":[{\"@type\":\"SearchAction\",\"target\":{\"@type\":\"EntryPoint\",\"urlTemplate\":\"https:\\\/\\\/myntwork.com\\\/it-it\\\/?s={search_term_string}\"},\"query-input\":{\"@type\":\"PropertyValueSpecification\",\"valueRequired\":true,\"valueName\":\"search_term_string\"}}],\"inLanguage\":\"en-US\"},{\"@type\":\"Organization\",\"@id\":\"https:\\\/\\\/myntwork.com\\\/it-it\\\/#organization\",\"name\":\"Myntwork\",\"url\":\"https:\\\/\\\/myntwork.com\\\/it-it\\\/\",\"logo\":{\"@type\":\"ImageObject\",\"inLanguage\":\"en-US\",\"@id\":\"https:\\\/\\\/myntwork.com\\\/it-it\\\/#\\\/schema\\\/logo\\\/image\\\/\",\"url\":\"https:\\\/\\\/myntwork.com\\\/wp-content\\\/uploads\\\/2025\\\/08\\\/myntwork.png\",\"contentUrl\":\"https:\\\/\\\/myntwork.com\\\/wp-content\\\/uploads\\\/2025\\\/08\\\/myntwork.png\",\"width\":696,\"height\":696,\"caption\":\"Myntwork\"},\"image\":{\"@id\":\"https:\\\/\\\/myntwork.com\\\/it-it\\\/#\\\/schema\\\/logo\\\/image\\\/\"},\"description\":\"Myntwork is een Nederlands bedrijf, gespecialiseerd in het leasen van kantoormeubilair. Het concept draait om flexibiliteit, eenvoud en duurzaamheid, waarbij bedrijven hoogwaardige meubels kunnen huren zonder grote upfront investeringen.\",\"email\":\"contact@myntwork.com\",\"telephone\":\"+31854017823\",\"legalName\":\"Myntwork B.V.\",\"foundingDate\":\"2024-01-26\",\"vatID\":\"NL861015290B01\",\"numberOfEmployees\":{\"@type\":\"QuantitativeValue\",\"minValue\":\"1\",\"maxValue\":\"10\"}}]}<\/script>\n<meta property=\"product:brand\" content=\"Frezza\" \/>\n<meta property=\"product:price:amount\" content=\"3557.00\" \/>\n<meta property=\"product:price:currency\" content=\"EUR\" \/>\n<meta property=\"og:availability\" content=\"instock\" \/>\n<meta property=\"product:availability\" content=\"instock\" \/>\n<meta property=\"product:retailer_item_id\" content=\"9ALUI00VTM\" \/>\n<meta property=\"product:condition\" content=\"new\" \/>\n<!-- \/ Yoast SEO Premium plugin. -->","yoast_head_json":{"title":"Frezza Alplus Element with Right Armrest and Backrest Modulo con bracciolo destro | Myntwork Italia","description":"Crea configurazioni di seduta flessibili con Frezza Alplus Element with Right Armrest and Backrest Modulo con bracciolo destro per ambienti ufficio modulari.","robots":{"index":"index","follow":"follow","max-snippet":"max-snippet:-1","max-image-preview":"max-image-preview:large","max-video-preview":"max-video-preview:-1"},"canonical":"https:\/\/myntwork.com\/it-it\/prodotti\/frezza-alplus-element-with-right-armrest-and-backrest-modulo-con-bracciolo-destro\/","og_locale":"en_US","og_type":"article","og_title":"Frezza Alplus Element with Right Armrest and Backrest Modulo con bracciolo destro","og_description":"Crea configurazioni di seduta flessibili con Frezza Alplus Element with Right Armrest and Backrest Modulo con bracciolo destro per ambienti ufficio modulari. Scoprilo.","og_url":"https:\/\/myntwork.com\/it-it\/prodotti\/frezza-alplus-element-with-right-armrest-and-backrest-modulo-con-bracciolo-destro\/","og_site_name":"Myntwork Italia","og_image":[{"url":"https:\/\/myntwork.com\/wp-content\/uploads\/2026\/08\/be4a85b0e98b42a99c7562cb9b69bd4f.jpg","width":1200,"height":1200,"type":"image\/jpeg"}],"twitter_card":"summary_large_image","twitter_misc":{"Price":"&euro;3,557.00","Availability":"In stock"},"schema":{"@context":"https:\/\/schema.org","@graph":[{"@type":"WebPage","@id":"https:\/\/myntwork.com\/it-it\/prodotti\/frezza-alplus-element-with-right-armrest-and-backrest-modulo-con-bracciolo-destro\/","url":"https:\/\/myntwork.com\/it-it\/prodotti\/frezza-alplus-element-with-right-armrest-and-backrest-modulo-con-bracciolo-destro\/","name":"Frezza Alplus Element with Right Armrest and Backrest Modulo con bracciolo destro | Myntwork Italia","isPartOf":{"@id":"https:\/\/myntwork.com\/it-it\/#website"},"primaryImageOfPage":{"@id":"https:\/\/myntwork.com\/it-it\/prodotti\/frezza-alplus-element-with-right-armrest-and-backrest-modulo-con-bracciolo-destro\/#primaryimage"},"image":{"@id":"https:\/\/myntwork.com\/it-it\/prodotti\/frezza-alplus-element-with-right-armrest-and-backrest-modulo-con-bracciolo-destro\/#primaryimage"},"thumbnailUrl":"https:\/\/myntwork.com\/wp-content\/uploads\/2026\/08\/be4a85b0e98b42a99c7562cb9b69bd4f.jpg","datePublished":"2026-08-18T18:49:00+00:00","description":"Crea configurazioni di seduta flessibili con Frezza Alplus Element with Right Armrest and Backrest Modulo con bracciolo destro per ambienti ufficio modulari. Scoprilo.","breadcrumb":{"@id":"https:\/\/myntwork.com\/it-it\/prodotti\/frezza-alplus-element-with-right-armrest-and-backrest-modulo-con-bracciolo-destro\/#breadcrumb"},"inLanguage":"en-US","potentialAction":[{"@type":"ReadAction","target":["https:\/\/myntwork.com\/it-it\/prodotti\/frezza-alplus-element-with-right-armrest-and-backrest-modulo-con-bracciolo-destro\/"]}]},{"@type":"ImageObject","inLanguage":"en-US","@id":"https:\/\/myntwork.com\/it-it\/prodotti\/frezza-alplus-element-with-right-armrest-and-backrest-modulo-con-bracciolo-destro\/#primaryimage","url":"https:\/\/myntwork.com\/wp-content\/uploads\/2026\/08\/be4a85b0e98b42a99c7562cb9b69bd4f.jpg","contentUrl":"https:\/\/myntwork.com\/wp-content\/uploads\/2026\/08\/be4a85b0e98b42a99c7562cb9b69bd4f.jpg","caption":"Frezza Alplus Element With Right Armrest And Backrest Right-Arm Module"},{"@type":"BreadcrumbList","@id":"https:\/\/myntwork.com\/it-it\/prodotti\/frezza-alplus-element-with-right-armrest-and-backrest-modulo-con-bracciolo-destro\/#breadcrumb","itemListElement":[{"@type":"ListItem","position":1,"name":"Home","item":"https:\/\/myntwork.com\/it-it\/"},{"@type":"ListItem","position":2,"name":"Categorie","item":"https:\/\/myntwork.com\/it-it\/categorie\/"},{"@type":"ListItem","position":3,"name":"Frezza Alplus Element with Right Armrest and Backrest Modulo con bracciolo destro"}]},{"@type":"WebSite","@id":"https:\/\/myntwork.com\/it-it\/#website","url":"https:\/\/myntwork.com\/it-it\/","name":"Myntwork","description":"Lease nuovi arredi per ufficio | A partire da 3.95 per postazione di lavoro","publisher":{"@id":"https:\/\/myntwork.com\/it-it\/#organization"},"potentialAction":[{"@type":"SearchAction","target":{"@type":"EntryPoint","urlTemplate":"https:\/\/myntwork.com\/it-it\/?s={search_term_string}"},"query-input":{"@type":"PropertyValueSpecification","valueRequired":true,"valueName":"search_term_string"}}],"inLanguage":"en-US"},{"@type":"Organization","@id":"https:\/\/myntwork.com\/it-it\/#organization","name":"Myntwork","url":"https:\/\/myntwork.com\/it-it\/","logo":{"@type":"ImageObject","inLanguage":"en-US","@id":"https:\/\/myntwork.com\/it-it\/#\/schema\/logo\/image\/","url":"https:\/\/myntwork.com\/wp-content\/uploads\/2025\/08\/myntwork.png","contentUrl":"https:\/\/myntwork.com\/wp-content\/uploads\/2025\/08\/myntwork.png","width":696,"height":696,"caption":"Myntwork"},"image":{"@id":"https:\/\/myntwork.com\/it-it\/#\/schema\/logo\/image\/"},"description":"Myntwork is een Nederlands bedrijf, gespecialiseerd in het leasen van kantoormeubilair. Het concept draait om flexibiliteit, eenvoud en duurzaamheid, waarbij bedrijven hoogwaardige meubels kunnen huren zonder grote upfront investeringen.","email":"contact@myntwork.com","telephone":"+31854017823","legalName":"Myntwork B.V.","foundingDate":"2024-01-26","vatID":"NL861015290B01","numberOfEmployees":{"@type":"QuantitativeValue","minValue":"1","maxValue":"10"}}]},"product_brand":"Frezza","product_price_amount":"3557.00","product_price_currency":"EUR","og_availability":"instock","product_availability":"instock","product_retailer_item_id":"9ALUI00VTM","product_condition":"new"},"_links":{"self":[{"href":"https:\/\/myntwork.com\/it-it\/wp-json\/wp\/v2\/product\/8227","targetHints":{"allow":["GET"]}}],"collection":[{"href":"https:\/\/myntwork.com\/it-it\/wp-json\/wp\/v2\/product"}],"about":[{"href":"https:\/\/myntwork.com\/it-it\/wp-json\/wp\/v2\/types\/product"}],"replies":[{"embeddable":true,"href":"https:\/\/myntwork.com\/it-it\/wp-json\/wp\/v2\/comments?post=8227"}],"wp:featuredmedia":[{"embeddable":true,"href":"https:\/\/myntwork.com\/it-it\/wp-json\/wp\/v2\/media\/8226"}],"wp:attachment":[{"href":"https:\/\/myntwork.com\/it-it\/wp-json\/wp\/v2\/media?parent=8227"}],"wp:term":[{"taxonomy":"product_brand","embeddable":true,"href":"https:\/\/myntwork.com\/it-it\/wp-json\/wp\/v2\/product_brand?post=8227"},{"taxonomy":"product_cat","embeddable":true,"href":"https:\/\/myntwork.com\/it-it\/wp-json\/wp\/v2\/product_cat?post=8227"},{"taxonomy":"product_tag","embeddable":true,"href":"https:\/\/myntwork.com\/it-it\/wp-json\/wp\/v2\/product_tag?post=8227"}],"curies":[{"name":"wp","href":"https:\/\/api.w.org\/{rel}","templated":true}]}}