{"id":29494,"date":"2026-08-26T12:16:56","date_gmt":"2026-08-26T12:16:56","guid":{"rendered":"https:\/\/myntwork.com\/nb-no\/product\/kusch-co-puffsett-genaya-2\/"},"modified":"2026-08-26T12:16:56","modified_gmt":"2026-08-26T12:16:56","slug":"kusch-co-puffsett-genaya-2","status":"publish","type":"product","link":"https:\/\/myntwork.com\/nb-no\/produkter\/kusch-co-puffsett-genaya-2\/","title":{"rendered":"Kusch + Co puffsett Genaya"},"content":{"rendered":"<h2>Fleksible sitteplasser for fellesomr\u00e5der<\/h2>\n<p>Genaya er en modul\u00e6r puffsettserie for kontorer og kommersielle interi\u00f8rer som trenger avslappede sitteplasser uten innebygd justeringsmekanisme. De Z-formede oppsettene kan brukes til uformelle samtaler, venteomr\u00e5der, samarbeid, korte pauser og uformelt arbeid.<\/p>\n<p>Med en sitteh\u00f8yde p\u00e5 45 cm gir puffene en velkjent sittestilling i mange arbeidsmilj\u00f8er. Serien egner seg ogs\u00e5 n\u00e5r du \u00f8nsker loungem\u00f8bler som kan avgrense et omr\u00e5de uten \u00e5 tilf\u00f8re armlener eller h\u00f8y rygg.<\/p>\n<h2>Sammenlign to Genaya-oppsett<\/h2>\n<p>Serien omfatter to beslektede modul\u00e6re design: GENPOUFFESETZSHAPE3 og GENPOUFFESETZSHAPE4. Begge er Z-formede puffsett med polstring, men konstruksjonsdetaljene varierer noe mellom modellene. Se derfor den individuelle produktinformasjonen f\u00f8r du spesifiserer en komplett l\u00f8sning.<\/p>\n<p>I hele serien er polstring tilgjengelig i stoff eller PU-skinn, med et bredt fargeutvalg. Elementer i st\u00e5l og pulverlakkert metall utgj\u00f8r den grunnleggende konstruksjonen, mens plastglidere f\u00f8lger med modellen GENPOUFFESETZSHAPE4.<\/p>\n","protected":false},"excerpt":{"rendered":"<p>Se alle modellene i Kusch + Co puffsett Genaya.<\/p>\n","protected":false},"featured_media":14371,"comment_status":"open","ping_status":"closed","template":"","meta":{"_acf_changed":false},"product_brand":[2683],"product_cat":[2739,2701],"product_tag":[],"class_list":["post-29494","product","type-product","status-publish","has-post-thumbnail","product_brand-kusch-co","product_cat-poufs-ottomans","product_cat-sofaer-lounge","pa_armlener-no","pa_garanti-2-year","pa_justerbar-rygghoyde-no","pa_justerbar-setedybde-no","pa_justerbar-setehoyde-no","pa_kolleksjon-genaya","pa_kontorstoltype-lounge-chair","pa_maksimal-ballast-135-kg","pa_maksimal-bredde-1451","pa_maksimal-sittehoyde-1252","pa_med-korsryggstotte-no","pa_med-nakkestotte-no","pa_mekanisme-no-mechanism","pa_merke-kusch-co","pa_minimal-bredde-1967","pa_minimal-setehoyde-1771","pa_polstringsfarge-blue","pa_polstringsfarge-brown","pa_polstringsfarge-gold","pa_polstringsfarge-grey","pa_polstringsfarge-green","pa_polstringsfarge-orange","pa_polstringsfarge-pink","pa_polstringsfarge-purple","pa_polstringsfarge-red","pa_polstringsfarge-silver","pa_polstringsfarge-black","pa_polstringsmateriale-pu-leather","pa_polstringsmateriale-fabric","pa_sertifiseringer-fsc-certified","pa_standardisering-not-specified","pa_understellfarge-beige","pa_understellfarge-blue","pa_understellfarge-brown","pa_understellfarge-grey","pa_understellfarge-green","pa_understellfarge-yellow","pa_understellfarge-purple","pa_understellfarge-red","pa_understellfarge-silver","pa_understellfarge-black","pa_understellfarge-white","pa_understellmateriale-metal","pa_understellmateriale-steel","first","instock","virtual","sold-individually","product-type-mynt_group"],"acf":[],"yoast_head":"<!-- This site is optimized with the Yoast SEO Premium plugin v25.6 (Yoast SEO v28.3) - https:\/\/yoast.com\/product\/yoast-seo-premium-wordpress\/ -->\n<title>Kusch + Co Genaya puffsett | Myntwork<\/title>\n<meta name=\"description\" content=\"Utforsk Kusch + Co Genaya puffsettserie for fleksible sitteplasser p\u00e5 arbeidsplassen, med modul\u00e6re Z-formede design og polstring i stoff eller PU-skinn.\" \/>\n<meta name=\"robots\" content=\"index, follow, max-snippet:-1, max-image-preview:large, max-video-preview:-1\" \/>\n<link rel=\"canonical\" href=\"https:\/\/myntwork.com\/nb-no\/produkter\/kusch-co-puffsett-genaya-2\/\" \/>\n<meta property=\"og:locale\" content=\"nb_NO\" \/>\n<meta property=\"og:type\" content=\"article\" \/>\n<meta property=\"og:title\" content=\"Kusch + Co puffsett Genaya\" \/>\n<meta property=\"og:description\" content=\"Utforsk Kusch + Co Genaya puffsettserie for fleksible sitteplasser p\u00e5 arbeidsplassen, med modul\u00e6re Z-formede design og polstring i stoff eller PU-skinn.\" \/>\n<meta property=\"og:url\" content=\"https:\/\/myntwork.com\/nb-no\/produkter\/kusch-co-puffsett-genaya-2\/\" \/>\n<meta property=\"og:site_name\" content=\"Myntwork Norge\" \/>\n<meta property=\"og:image\" content=\"https:\/\/myntwork.com\/wp-content\/uploads\/2026\/08\/6a0eff01716541cbb7538c12b5762cfd.jpg\" \/>\n\t<meta property=\"og:image:width\" content=\"1200\" \/>\n\t<meta property=\"og:image:height\" content=\"1200\" \/>\n\t<meta property=\"og:image:type\" content=\"image\/jpeg\" \/>\n<meta name=\"twitter:card\" content=\"summary_large_image\" \/>\n<meta name=\"twitter:label1\" content=\"Price\" \/>\n\t<meta name=\"twitter:data1\" content=\"45,410.00&nbsp;&#107;&#114;\" \/>\n\t<meta name=\"twitter:label2\" content=\"Availability\" \/>\n\t<meta name=\"twitter:data2\" content=\"In stock\" \/>\n<script type=\"application\/ld+json\" class=\"yoast-schema-graph\">{\"@context\":\"https:\\\/\\\/schema.org\",\"@graph\":[{\"@type\":\"WebPage\",\"@id\":\"https:\\\/\\\/myntwork.com\\\/nb-no\\\/produkter\\\/kusch-co-puffsett-genaya-2\\\/\",\"url\":\"https:\\\/\\\/myntwork.com\\\/nb-no\\\/produkter\\\/kusch-co-puffsett-genaya-2\\\/\",\"name\":\"Kusch + Co Genaya puffsett | Myntwork\",\"isPartOf\":{\"@id\":\"https:\\\/\\\/myntwork.com\\\/nb-no\\\/#website\"},\"primaryImageOfPage\":{\"@id\":\"https:\\\/\\\/myntwork.com\\\/nb-no\\\/produkter\\\/kusch-co-puffsett-genaya-2\\\/#primaryimage\"},\"image\":{\"@id\":\"https:\\\/\\\/myntwork.com\\\/nb-no\\\/produkter\\\/kusch-co-puffsett-genaya-2\\\/#primaryimage\"},\"thumbnailUrl\":\"https:\\\/\\\/myntwork.com\\\/wp-content\\\/uploads\\\/2026\\\/08\\\/6a0eff01716541cbb7538c12b5762cfd.jpg\",\"datePublished\":\"2026-08-26T12:16:56+00:00\",\"description\":\"Utforsk Kusch + Co Genaya puffsettserie for fleksible sitteplasser p\u00e5 arbeidsplassen, med modul\u00e6re Z-formede design og polstring i stoff eller PU-skinn.\",\"breadcrumb\":{\"@id\":\"https:\\\/\\\/myntwork.com\\\/nb-no\\\/produkter\\\/kusch-co-puffsett-genaya-2\\\/#breadcrumb\"},\"inLanguage\":\"nb-NO\",\"potentialAction\":[{\"@type\":\"ReadAction\",\"target\":[\"https:\\\/\\\/myntwork.com\\\/nb-no\\\/produkter\\\/kusch-co-puffsett-genaya-2\\\/\"]}]},{\"@type\":\"ImageObject\",\"inLanguage\":\"nb-NO\",\"@id\":\"https:\\\/\\\/myntwork.com\\\/nb-no\\\/produkter\\\/kusch-co-puffsett-genaya-2\\\/#primaryimage\",\"url\":\"https:\\\/\\\/myntwork.com\\\/wp-content\\\/uploads\\\/2026\\\/08\\\/6a0eff01716541cbb7538c12b5762cfd.jpg\",\"contentUrl\":\"https:\\\/\\\/myntwork.com\\\/wp-content\\\/uploads\\\/2026\\\/08\\\/6a0eff01716541cbb7538c12b5762cfd.jpg\",\"caption\":\"Kusch + Co Genaya GENPOUFFESETZSHAPE3 Modular Upholstered Pouffe Set\"},{\"@type\":\"BreadcrumbList\",\"@id\":\"https:\\\/\\\/myntwork.com\\\/nb-no\\\/produkter\\\/kusch-co-puffsett-genaya-2\\\/#breadcrumb\",\"itemListElement\":[{\"@type\":\"ListItem\",\"position\":1,\"name\":\"Home\",\"item\":\"https:\\\/\\\/myntwork.com\\\/nb-no\\\/\"},{\"@type\":\"ListItem\",\"position\":2,\"name\":\"Kategorier\",\"item\":\"https:\\\/\\\/myntwork.com\\\/nb-no\\\/kategorier\\\/\"},{\"@type\":\"ListItem\",\"position\":3,\"name\":\"Kusch + Co puffsett Genaya\"}]},{\"@type\":\"WebSite\",\"@id\":\"https:\\\/\\\/myntwork.com\\\/nb-no\\\/#website\",\"url\":\"https:\\\/\\\/myntwork.com\\\/nb-no\\\/\",\"name\":\"Myntwork\",\"description\":\"Lease nye kontorm\u00f8bler | Fra 3.95 per arbeidsstasjon\",\"publisher\":{\"@id\":\"https:\\\/\\\/myntwork.com\\\/nb-no\\\/#organization\"},\"potentialAction\":[{\"@type\":\"SearchAction\",\"target\":{\"@type\":\"EntryPoint\",\"urlTemplate\":\"https:\\\/\\\/myntwork.com\\\/nb-no\\\/?s={search_term_string}\"},\"query-input\":{\"@type\":\"PropertyValueSpecification\",\"valueRequired\":true,\"valueName\":\"search_term_string\"}}],\"inLanguage\":\"nb-NO\"},{\"@type\":\"Organization\",\"@id\":\"https:\\\/\\\/myntwork.com\\\/nb-no\\\/#organization\",\"name\":\"Myntwork\",\"url\":\"https:\\\/\\\/myntwork.com\\\/nb-no\\\/\",\"logo\":{\"@type\":\"ImageObject\",\"inLanguage\":\"nb-NO\",\"@id\":\"https:\\\/\\\/myntwork.com\\\/nb-no\\\/#\\\/schema\\\/logo\\\/image\\\/\",\"url\":\"https:\\\/\\\/myntwork.com\\\/wp-content\\\/uploads\\\/2025\\\/08\\\/myntwork.png\",\"contentUrl\":\"https:\\\/\\\/myntwork.com\\\/wp-content\\\/uploads\\\/2025\\\/08\\\/myntwork.png\",\"width\":696,\"height\":696,\"caption\":\"Myntwork\"},\"image\":{\"@id\":\"https:\\\/\\\/myntwork.com\\\/nb-no\\\/#\\\/schema\\\/logo\\\/image\\\/\"},\"description\":\"Myntwork is een Nederlands bedrijf, gespecialiseerd in het leasen van kantoormeubilair. Het concept draait om flexibiliteit, eenvoud en duurzaamheid, waarbij bedrijven hoogwaardige meubels kunnen huren zonder grote upfront investeringen.\",\"email\":\"contact@myntwork.com\",\"telephone\":\"+31854017823\",\"legalName\":\"Myntwork B.V.\",\"foundingDate\":\"2024-01-26\",\"vatID\":\"NL861015290B01\",\"numberOfEmployees\":{\"@type\":\"QuantitativeValue\",\"minValue\":\"1\",\"maxValue\":\"10\"}}]}<\/script>\n<meta property=\"product:brand\" content=\"Kusch + Co\" \/>\n<meta property=\"product:price:amount\" content=\"45410.00\" \/>\n<meta property=\"product:price:currency\" content=\"NOK\" \/>\n<meta property=\"og:availability\" content=\"instock\" \/>\n<meta property=\"product:availability\" content=\"instock\" \/>\n<meta property=\"product:retailer_item_id\" content=\"GROUP-B71F337F62F1\" \/>\n<meta property=\"product:condition\" content=\"new\" \/>\n<!-- \/ Yoast SEO Premium plugin. -->","yoast_head_json":{"title":"Kusch + Co Genaya puffsett | Myntwork","description":"Utforsk Kusch + Co Genaya puffsettserie for fleksible sitteplasser p\u00e5 arbeidsplassen, med modul\u00e6re Z-formede design og polstring i stoff eller PU-skinn.","robots":{"index":"index","follow":"follow","max-snippet":"max-snippet:-1","max-image-preview":"max-image-preview:large","max-video-preview":"max-video-preview:-1"},"canonical":"https:\/\/myntwork.com\/nb-no\/produkter\/kusch-co-puffsett-genaya-2\/","og_locale":"nb_NO","og_type":"article","og_title":"Kusch + Co puffsett Genaya","og_description":"Utforsk Kusch + Co Genaya puffsettserie for fleksible sitteplasser p\u00e5 arbeidsplassen, med modul\u00e6re Z-formede design og polstring i stoff eller PU-skinn.","og_url":"https:\/\/myntwork.com\/nb-no\/produkter\/kusch-co-puffsett-genaya-2\/","og_site_name":"Myntwork Norge","og_image":[{"url":"https:\/\/myntwork.com\/wp-content\/uploads\/2026\/08\/6a0eff01716541cbb7538c12b5762cfd.jpg","width":1200,"height":1200,"type":"image\/jpeg"}],"twitter_card":"summary_large_image","twitter_misc":{"Price":"45,410.00&nbsp;&#107;&#114;","Availability":"In stock"},"schema":{"@context":"https:\/\/schema.org","@graph":[{"@type":"WebPage","@id":"https:\/\/myntwork.com\/nb-no\/produkter\/kusch-co-puffsett-genaya-2\/","url":"https:\/\/myntwork.com\/nb-no\/produkter\/kusch-co-puffsett-genaya-2\/","name":"Kusch + Co Genaya puffsett | Myntwork","isPartOf":{"@id":"https:\/\/myntwork.com\/nb-no\/#website"},"primaryImageOfPage":{"@id":"https:\/\/myntwork.com\/nb-no\/produkter\/kusch-co-puffsett-genaya-2\/#primaryimage"},"image":{"@id":"https:\/\/myntwork.com\/nb-no\/produkter\/kusch-co-puffsett-genaya-2\/#primaryimage"},"thumbnailUrl":"https:\/\/myntwork.com\/wp-content\/uploads\/2026\/08\/6a0eff01716541cbb7538c12b5762cfd.jpg","datePublished":"2026-08-26T12:16:56+00:00","description":"Utforsk Kusch + Co Genaya puffsettserie for fleksible sitteplasser p\u00e5 arbeidsplassen, med modul\u00e6re Z-formede design og polstring i stoff eller PU-skinn.","breadcrumb":{"@id":"https:\/\/myntwork.com\/nb-no\/produkter\/kusch-co-puffsett-genaya-2\/#breadcrumb"},"inLanguage":"nb-NO","potentialAction":[{"@type":"ReadAction","target":["https:\/\/myntwork.com\/nb-no\/produkter\/kusch-co-puffsett-genaya-2\/"]}]},{"@type":"ImageObject","inLanguage":"nb-NO","@id":"https:\/\/myntwork.com\/nb-no\/produkter\/kusch-co-puffsett-genaya-2\/#primaryimage","url":"https:\/\/myntwork.com\/wp-content\/uploads\/2026\/08\/6a0eff01716541cbb7538c12b5762cfd.jpg","contentUrl":"https:\/\/myntwork.com\/wp-content\/uploads\/2026\/08\/6a0eff01716541cbb7538c12b5762cfd.jpg","caption":"Kusch + Co Genaya GENPOUFFESETZSHAPE3 Modular Upholstered Pouffe Set"},{"@type":"BreadcrumbList","@id":"https:\/\/myntwork.com\/nb-no\/produkter\/kusch-co-puffsett-genaya-2\/#breadcrumb","itemListElement":[{"@type":"ListItem","position":1,"name":"Home","item":"https:\/\/myntwork.com\/nb-no\/"},{"@type":"ListItem","position":2,"name":"Kategorier","item":"https:\/\/myntwork.com\/nb-no\/kategorier\/"},{"@type":"ListItem","position":3,"name":"Kusch + Co puffsett Genaya"}]},{"@type":"WebSite","@id":"https:\/\/myntwork.com\/nb-no\/#website","url":"https:\/\/myntwork.com\/nb-no\/","name":"Myntwork","description":"Lease nye kontorm\u00f8bler | Fra 3.95 per arbeidsstasjon","publisher":{"@id":"https:\/\/myntwork.com\/nb-no\/#organization"},"potentialAction":[{"@type":"SearchAction","target":{"@type":"EntryPoint","urlTemplate":"https:\/\/myntwork.com\/nb-no\/?s={search_term_string}"},"query-input":{"@type":"PropertyValueSpecification","valueRequired":true,"valueName":"search_term_string"}}],"inLanguage":"nb-NO"},{"@type":"Organization","@id":"https:\/\/myntwork.com\/nb-no\/#organization","name":"Myntwork","url":"https:\/\/myntwork.com\/nb-no\/","logo":{"@type":"ImageObject","inLanguage":"nb-NO","@id":"https:\/\/myntwork.com\/nb-no\/#\/schema\/logo\/image\/","url":"https:\/\/myntwork.com\/wp-content\/uploads\/2025\/08\/myntwork.png","contentUrl":"https:\/\/myntwork.com\/wp-content\/uploads\/2025\/08\/myntwork.png","width":696,"height":696,"caption":"Myntwork"},"image":{"@id":"https:\/\/myntwork.com\/nb-no\/#\/schema\/logo\/image\/"},"description":"Myntwork is een Nederlands bedrijf, gespecialiseerd in het leasen van kantoormeubilair. Het concept draait om flexibiliteit, eenvoud en duurzaamheid, waarbij bedrijven hoogwaardige meubels kunnen huren zonder grote upfront investeringen.","email":"contact@myntwork.com","telephone":"+31854017823","legalName":"Myntwork B.V.","foundingDate":"2024-01-26","vatID":"NL861015290B01","numberOfEmployees":{"@type":"QuantitativeValue","minValue":"1","maxValue":"10"}}]},"product_brand":"Kusch + Co","product_price_amount":"45410.00","product_price_currency":"NOK","og_availability":"instock","product_availability":"instock","product_retailer_item_id":"GROUP-B71F337F62F1","product_condition":"new"},"_links":{"self":[{"href":"https:\/\/myntwork.com\/nb-no\/wp-json\/wp\/v2\/product\/29494","targetHints":{"allow":["GET"]}}],"collection":[{"href":"https:\/\/myntwork.com\/nb-no\/wp-json\/wp\/v2\/product"}],"about":[{"href":"https:\/\/myntwork.com\/nb-no\/wp-json\/wp\/v2\/types\/product"}],"replies":[{"embeddable":true,"href":"https:\/\/myntwork.com\/nb-no\/wp-json\/wp\/v2\/comments?post=29494"}],"wp:featuredmedia":[{"embeddable":true,"href":"https:\/\/myntwork.com\/nb-no\/wp-json\/wp\/v2\/media\/14371"}],"wp:attachment":[{"href":"https:\/\/myntwork.com\/nb-no\/wp-json\/wp\/v2\/media?parent=29494"}],"wp:term":[{"taxonomy":"product_brand","embeddable":true,"href":"https:\/\/myntwork.com\/nb-no\/wp-json\/wp\/v2\/product_brand?post=29494"},{"taxonomy":"product_cat","embeddable":true,"href":"https:\/\/myntwork.com\/nb-no\/wp-json\/wp\/v2\/product_cat?post=29494"},{"taxonomy":"product_tag","embeddable":true,"href":"https:\/\/myntwork.com\/nb-no\/wp-json\/wp\/v2\/product_tag?post=29494"}],"curies":[{"name":"wp","href":"https:\/\/api.w.org\/{rel}","templated":true}]}}