{"id":26423,"date":"2026-08-30T02:04:11","date_gmt":"2026-08-30T02:04:11","guid":{"rendered":"https:\/\/myntwork.com\/pl-pl\/product\/stol-icf\/"},"modified":"2026-08-30T02:04:11","modified_gmt":"2026-08-30T02:04:11","slug":"stol-icf","status":"publish","type":"product","link":"https:\/\/myntwork.com\/pl-pl\/produkt\/stol-icf\/","title":{"rendered":"St\u00f3\u0142 ICF"},"content":{"rendered":"<h2>St\u00f3\u0142 ICF<\/h2>\n<p>St\u00f3\u0142 ICF to st\u00f3\u0142 ICF przeznaczony do profesjonalnych miejsc pracy, \u0142\u0105cz\u0105cy owalny melaminowy blat ze stalow\u0105 podstaw\u0105 kolumnow\u0105. Jego wyr\u00f3\u017cniaj\u0105c\u0105 cech\u0105 praktyczn\u0105 jest kompatybilno\u015b\u0107 z korytkiem kablowym, kt\u00f3re mo\u017cna doda\u0107 w razie potrzeby, natomiast sta\u0142a wysoko\u015b\u0107 74.4 cm i szeroki wyb\u00f3r kolor\u00f3w u\u0142atwiaj\u0105 stworzenie sp\u00f3jnej, harmonijnej aran\u017cacji.<\/p>\n<h2>Owalny kszta\u0142t i materia\u0142y<\/h2>\n<p>Owalny blat nadaje sto\u0142owi ICF \u0142agodniejsz\u0105 form\u0119 ni\u017c prostok\u0105tna powierzchnia robocza, co mo\u017ce pom\u00f3c w stworzeniu bardziej przyjaznej aran\u017cacji wok\u00f3\u0142 sto\u0142u. Wykonany z melaminy blat zapewnia praktyczn\u0105 powierzchni\u0119 do codziennego u\u017cytkowania i jest dost\u0119pny w kolorze szarym, bia\u0142ym, czarnym, br\u0105zowym, niebieskim lub zielonym.<\/p>\n<p>Stalowa podstawa kolumnowa zapewnia stabiln\u0105 konstrukcj\u0119 pod blatem, a dopasowane opcje kolorystyczne podstawy pozwalaj\u0105 stworzy\u0107 zar\u00f3wno sp\u00f3jn\u0105 monochromatyczn\u0105 aran\u017cacj\u0119, jak i bardziej wyraziste po\u0142\u0105czenie. Dost\u0119pne wyko\u0144czenie jest jasnoszare, dzi\u0119ki czemu st\u00f3\u0142 zyskuje neutralny wygl\u0105d, odpowiedni w przypadku preferowania stonowanej estetyki.<\/p>\n<h2>Zarz\u0105dzanie kablami i konfiguracja<\/h2>\n<p>St\u00f3\u0142 ICF jest przystosowany do korytka kablowego, dzi\u0119ki czemu w razie potrzeby mo\u017cna zaplanowa\u0107 uporz\u0105dkowane prowadzenie przewod\u00f3w pod powierzchni\u0105 robocz\u0105. Korytko kablowe nie jest do\u0142\u0105czone, co pozwala kupuj\u0105cym wybra\u0107 preferowane rozwi\u0105zanie do zarz\u0105dzania kablami zamiast otrzymywa\u0107 niesprecyzowan\u0105 konfiguracj\u0119.<\/p>\n<p>Dzi\u0119ki sta\u0142ej wysoko\u015bci 74.4 cm, przeznaczonej do blatu melaminowego lub Fenix, st\u00f3\u0142 zapewnia okre\u015blon\u0105 pozycj\u0119 robocz\u0105 zamiast regulowanej ergonomii. Sprawdzi si\u0119 wi\u0119c tam, gdzie sta\u0142a wysoko\u015b\u0107 sto\u0142u jest wa\u017cniejsza ni\u017c mo\u017cliwo\u015b\u0107 dopasowania jej do r\u00f3\u017cnych u\u017cytkownik\u00f3w lub zada\u0144.<\/p>\n<h2>Praktyczne szczeg\u00f3\u0142y konfiguracji<\/h2>\n<p>Sto\u0142u nie mo\u017cna \u0142\u0105czy\u0107 z innymi sto\u0142ami, dlatego jest przeznaczony do u\u017cytkowania jako niezale\u017cna jednostka, a nie do bezpo\u015bredniego zestawiania z pasuj\u0105cymi sto\u0142ami. Upraszcza to aran\u017cacje wymagaj\u0105ce oddzielnych sto\u0142\u00f3w, jednak osoby planuj\u0105ce ci\u0105g\u0142\u0105 konfiguracj\u0119 po\u0142\u0105czonych sto\u0142\u00f3w powinny uwzgl\u0119dni\u0107 to ograniczenie.<\/p>\n<p>Sterowanie Bluetooth nie jest dost\u0119pne, poniewa\u017c st\u00f3\u0142 nie ma funkcji sterowania Bluetooth. Specyfikacja koncentruje si\u0119 na fizycznej konstrukcji sto\u0142u, doborze materia\u0142\u00f3w i opcjonalnej kompatybilno\u015bci z korytkiem kablowym, zapewniaj\u0105c nieskomplikowane u\u017cytkowanie w miejscach, w kt\u00f3rych regulacja elektroniczna nie jest wymagana.<\/p>\n<p>St\u00f3\u0142 ICF jest obj\u0119ty dwuletni\u0105 gwarancj\u0105, co zapewnia kupuj\u0105cym jasno okre\u015blony okres ochrony producenta. Produkt zosta\u0142 r\u00f3wnie\u017c oznaczony jako cyrkularny \u2014 to wa\u017cny atrybut dla os\u00f3b, kt\u00f3re bior\u0105 pod uwag\u0119 gospodark\u0119 obiegu zamkni\u0119tego przy por\u00f3wnywaniu sto\u0142\u00f3w biurowych i rozwi\u0105za\u0144 wyposa\u017cenia.<\/p>\n<p>Jako st\u00f3\u0142 ICF model PFL8V \u0142\u0105czy sta\u0142y owalny blat melaminowy ze stalow\u0105 podstaw\u0105 kolumnow\u0105 i oferuje wiele mo\u017cliwo\u015bci kolorystycznych. Wybierz go, je\u015bli potrzebujesz wolnostoj\u0105cego sto\u0142u o sta\u0142ej wysoko\u015bci, owalnym kszta\u0142cie oraz mo\u017cliwo\u015bci dodania systemu zarz\u0105dzania kablami bez standardowo do\u0142\u0105czonego korytka kablowego.<\/p>\n","protected":false},"excerpt":{"rendered":"<p>St\u00f3\u0142 ICF to nieregulowany st\u00f3\u0142 o owalnym blacie, stalowej podstawie kolumnowej, melaminowym blacie, kompatybilny z korytkiem kablowym i obj\u0119ty dwuletni\u0105 gwarancj\u0105.<\/p>\n","protected":false},"featured_media":26422,"comment_status":"open","ping_status":"closed","template":"","meta":{"_acf_changed":false},"product_brand":[2731],"product_cat":[38],"product_tag":[],"class_list":["post-26423","product","type-product","status-publish","has-post-thumbnail","product_brand-icf","product_cat-stoly-konferencyjne","pa_gwarancja-2-year","pa_kolor-podstawy-white","pa_kolor-podstawy-brown","pa_kolor-podstawy-black","pa_kolor-podstawy-blue","pa_kolor-podstawy-grey","pa_kolor-podstawy-green","pa_kolor-powierzchni-white","pa_kolor-powierzchni-brown","pa_kolor-powierzchni-black","pa_kolor-powierzchni-blue","pa_kolor-powierzchni-grey","pa_kolor-powierzchni-green","pa_ksztalt-blatu-oval","pa_marka-icf","pa_material-blatu-melamine","pa_material-podstawy-steel","pa_mozliwosc-laczenia-no","pa_przystosowane-do-korytka-kab-yes","pa_regulowany-no","pa_standaryzacja-not-specified","pa_sterowanie-bluetooth-no","pa_typ-stelaza-column","pa_zawiera-kanal-kablowy-no","first","instock","shipping-taxable","purchasable","product-type-simple"],"acf":[],"yoast_head":"<!-- This site is optimized with the Yoast SEO Premium plugin v25.6 (Yoast SEO v28.3) - https:\/\/yoast.com\/product\/yoast-seo-premium-wordpress\/ -->\n<title>St\u00f3\u0142 ICF | Myntwork Polska<\/title>\n<meta name=\"description\" content=\"Stw\u00f3rz elastyczne przestrzenie do spotka\u0144 ze sto\u0142em ICF \u2014 praktycznym sto\u0142em biurowym do pracy zespo\u0142owej. Odkryj rozwi\u0105zanie dopasowane do swoich potrzeb.\" \/>\n<meta name=\"robots\" content=\"index, follow, max-snippet:-1, max-image-preview:large, max-video-preview:-1\" \/>\n<link rel=\"canonical\" href=\"https:\/\/myntwork.com\/pl-pl\/produkt\/stol-icf\/\" \/>\n<meta property=\"og:locale\" content=\"en_US\" \/>\n<meta property=\"og:type\" content=\"article\" \/>\n<meta property=\"og:title\" content=\"St\u00f3\u0142 ICF\" \/>\n<meta property=\"og:description\" content=\"Stw\u00f3rz elastyczne przestrzenie do spotka\u0144 ze sto\u0142em ICF \u2014 praktycznym sto\u0142em biurowym do pracy zespo\u0142owej. Odkryj rozwi\u0105zanie dopasowane do swoich potrzeb.\" \/>\n<meta property=\"og:url\" content=\"https:\/\/myntwork.com\/pl-pl\/produkt\/stol-icf\/\" \/>\n<meta property=\"og:site_name\" content=\"Myntwork Polska\" \/>\n<meta property=\"og:image\" content=\"https:\/\/myntwork.com\/wp-content\/uploads\/2026\/08\/c0e9501077464d51bf25fffedc3e4453.jpg\" \/>\n\t<meta property=\"og:image:width\" content=\"1200\" \/>\n\t<meta property=\"og:image:height\" content=\"1200\" \/>\n\t<meta property=\"og:image:type\" content=\"image\/jpeg\" \/>\n<meta name=\"twitter:card\" content=\"summary_large_image\" \/>\n<meta name=\"twitter:label1\" content=\"Price\" \/>\n\t<meta name=\"twitter:data1\" content=\"2,293.00&nbsp;&#122;&#322;\" \/>\n\t<meta name=\"twitter:label2\" content=\"Availability\" \/>\n\t<meta name=\"twitter:data2\" content=\"In stock\" \/>\n<script type=\"application\/ld+json\" class=\"yoast-schema-graph\">{\"@context\":\"https:\\\/\\\/schema.org\",\"@graph\":[{\"@type\":\"WebPage\",\"@id\":\"https:\\\/\\\/myntwork.com\\\/pl-pl\\\/produkt\\\/stol-icf\\\/\",\"url\":\"https:\\\/\\\/myntwork.com\\\/pl-pl\\\/produkt\\\/stol-icf\\\/\",\"name\":\"St\u00f3\u0142 ICF | Myntwork Polska\",\"isPartOf\":{\"@id\":\"https:\\\/\\\/myntwork.com\\\/pl-pl\\\/#website\"},\"primaryImageOfPage\":{\"@id\":\"https:\\\/\\\/myntwork.com\\\/pl-pl\\\/produkt\\\/stol-icf\\\/#primaryimage\"},\"image\":{\"@id\":\"https:\\\/\\\/myntwork.com\\\/pl-pl\\\/produkt\\\/stol-icf\\\/#primaryimage\"},\"thumbnailUrl\":\"https:\\\/\\\/myntwork.com\\\/wp-content\\\/uploads\\\/2026\\\/08\\\/c0e9501077464d51bf25fffedc3e4453.jpg\",\"datePublished\":\"2026-08-30T02:04:11+00:00\",\"description\":\"Stw\u00f3rz elastyczne przestrzenie do spotka\u0144 ze sto\u0142em ICF \u2014 praktycznym sto\u0142em biurowym do pracy zespo\u0142owej. Odkryj rozwi\u0105zanie dopasowane do swoich potrzeb.\",\"breadcrumb\":{\"@id\":\"https:\\\/\\\/myntwork.com\\\/pl-pl\\\/produkt\\\/stol-icf\\\/#breadcrumb\"},\"inLanguage\":\"en-US\",\"potentialAction\":[{\"@type\":\"ReadAction\",\"target\":[\"https:\\\/\\\/myntwork.com\\\/pl-pl\\\/produkt\\\/stol-icf\\\/\"]}]},{\"@type\":\"ImageObject\",\"inLanguage\":\"en-US\",\"@id\":\"https:\\\/\\\/myntwork.com\\\/pl-pl\\\/produkt\\\/stol-icf\\\/#primaryimage\",\"url\":\"https:\\\/\\\/myntwork.com\\\/wp-content\\\/uploads\\\/2026\\\/08\\\/c0e9501077464d51bf25fffedc3e4453.jpg\",\"contentUrl\":\"https:\\\/\\\/myntwork.com\\\/wp-content\\\/uploads\\\/2026\\\/08\\\/c0e9501077464d51bf25fffedc3e4453.jpg\",\"caption\":\"ICF Table\"},{\"@type\":\"BreadcrumbList\",\"@id\":\"https:\\\/\\\/myntwork.com\\\/pl-pl\\\/produkt\\\/stol-icf\\\/#breadcrumb\",\"itemListElement\":[{\"@type\":\"ListItem\",\"position\":1,\"name\":\"Home\",\"item\":\"https:\\\/\\\/myntwork.com\\\/pl-pl\\\/myntwork-lease-nowe-meble-biurowe-od-3-95-za-stanowisko\\\/\"},{\"@type\":\"ListItem\",\"position\":2,\"name\":\"Kategorie\",\"item\":\"https:\\\/\\\/myntwork.com\\\/pl-pl\\\/kategorie\\\/\"},{\"@type\":\"ListItem\",\"position\":3,\"name\":\"St\u00f3\u0142 ICF\"}]},{\"@type\":\"WebSite\",\"@id\":\"https:\\\/\\\/myntwork.com\\\/pl-pl\\\/#website\",\"url\":\"https:\\\/\\\/myntwork.com\\\/pl-pl\\\/\",\"name\":\"Myntwork\",\"description\":\"Lease nowych mebli biurowych | Ju\u017c od 3.95 za stanowisko pracy\",\"publisher\":{\"@id\":\"https:\\\/\\\/myntwork.com\\\/pl-pl\\\/#organization\"},\"potentialAction\":[{\"@type\":\"SearchAction\",\"target\":{\"@type\":\"EntryPoint\",\"urlTemplate\":\"https:\\\/\\\/myntwork.com\\\/pl-pl\\\/?s={search_term_string}\"},\"query-input\":{\"@type\":\"PropertyValueSpecification\",\"valueRequired\":true,\"valueName\":\"search_term_string\"}}],\"inLanguage\":\"en-US\"},{\"@type\":\"Organization\",\"@id\":\"https:\\\/\\\/myntwork.com\\\/pl-pl\\\/#organization\",\"name\":\"Myntwork\",\"url\":\"https:\\\/\\\/myntwork.com\\\/pl-pl\\\/\",\"logo\":{\"@type\":\"ImageObject\",\"inLanguage\":\"en-US\",\"@id\":\"https:\\\/\\\/myntwork.com\\\/pl-pl\\\/#\\\/schema\\\/logo\\\/image\\\/\",\"url\":\"https:\\\/\\\/myntwork.com\\\/wp-content\\\/uploads\\\/2025\\\/08\\\/myntwork.png\",\"contentUrl\":\"https:\\\/\\\/myntwork.com\\\/wp-content\\\/uploads\\\/2025\\\/08\\\/myntwork.png\",\"width\":696,\"height\":696,\"caption\":\"Myntwork\"},\"image\":{\"@id\":\"https:\\\/\\\/myntwork.com\\\/pl-pl\\\/#\\\/schema\\\/logo\\\/image\\\/\"},\"description\":\"Myntwork is een Nederlands bedrijf, gespecialiseerd in het leasen van kantoormeubilair. Het concept draait om flexibiliteit, eenvoud en duurzaamheid, waarbij bedrijven hoogwaardige meubels kunnen huren zonder grote upfront investeringen.\",\"email\":\"contact@myntwork.com\",\"telephone\":\"+31854017823\",\"legalName\":\"Myntwork B.V.\",\"foundingDate\":\"2024-01-26\",\"vatID\":\"NL861015290B01\",\"numberOfEmployees\":{\"@type\":\"QuantitativeValue\",\"minValue\":\"1\",\"maxValue\":\"10\"}}]}<\/script>\n<meta property=\"product:brand\" content=\"ICF\" \/>\n<meta property=\"product:price:amount\" content=\"2293.00\" \/>\n<meta property=\"product:price:currency\" content=\"PLN\" \/>\n<meta property=\"og:availability\" content=\"instock\" \/>\n<meta property=\"product:availability\" content=\"instock\" \/>\n<meta property=\"product:retailer_item_id\" content=\"PFL8V\" \/>\n<meta property=\"product:condition\" content=\"new\" \/>\n<!-- \/ Yoast SEO Premium plugin. -->","yoast_head_json":{"title":"St\u00f3\u0142 ICF | Myntwork Polska","description":"Stw\u00f3rz elastyczne przestrzenie do spotka\u0144 ze sto\u0142em ICF \u2014 praktycznym sto\u0142em biurowym do pracy zespo\u0142owej. Odkryj rozwi\u0105zanie dopasowane do swoich potrzeb.","robots":{"index":"index","follow":"follow","max-snippet":"max-snippet:-1","max-image-preview":"max-image-preview:large","max-video-preview":"max-video-preview:-1"},"canonical":"https:\/\/myntwork.com\/pl-pl\/produkt\/stol-icf\/","og_locale":"en_US","og_type":"article","og_title":"St\u00f3\u0142 ICF","og_description":"Stw\u00f3rz elastyczne przestrzenie do spotka\u0144 ze sto\u0142em ICF \u2014 praktycznym sto\u0142em biurowym do pracy zespo\u0142owej. Odkryj rozwi\u0105zanie dopasowane do swoich potrzeb.","og_url":"https:\/\/myntwork.com\/pl-pl\/produkt\/stol-icf\/","og_site_name":"Myntwork Polska","og_image":[{"url":"https:\/\/myntwork.com\/wp-content\/uploads\/2026\/08\/c0e9501077464d51bf25fffedc3e4453.jpg","width":1200,"height":1200,"type":"image\/jpeg"}],"twitter_card":"summary_large_image","twitter_misc":{"Price":"2,293.00&nbsp;&#122;&#322;","Availability":"In stock"},"schema":{"@context":"https:\/\/schema.org","@graph":[{"@type":"WebPage","@id":"https:\/\/myntwork.com\/pl-pl\/produkt\/stol-icf\/","url":"https:\/\/myntwork.com\/pl-pl\/produkt\/stol-icf\/","name":"St\u00f3\u0142 ICF | Myntwork Polska","isPartOf":{"@id":"https:\/\/myntwork.com\/pl-pl\/#website"},"primaryImageOfPage":{"@id":"https:\/\/myntwork.com\/pl-pl\/produkt\/stol-icf\/#primaryimage"},"image":{"@id":"https:\/\/myntwork.com\/pl-pl\/produkt\/stol-icf\/#primaryimage"},"thumbnailUrl":"https:\/\/myntwork.com\/wp-content\/uploads\/2026\/08\/c0e9501077464d51bf25fffedc3e4453.jpg","datePublished":"2026-08-30T02:04:11+00:00","description":"Stw\u00f3rz elastyczne przestrzenie do spotka\u0144 ze sto\u0142em ICF \u2014 praktycznym sto\u0142em biurowym do pracy zespo\u0142owej. Odkryj rozwi\u0105zanie dopasowane do swoich potrzeb.","breadcrumb":{"@id":"https:\/\/myntwork.com\/pl-pl\/produkt\/stol-icf\/#breadcrumb"},"inLanguage":"en-US","potentialAction":[{"@type":"ReadAction","target":["https:\/\/myntwork.com\/pl-pl\/produkt\/stol-icf\/"]}]},{"@type":"ImageObject","inLanguage":"en-US","@id":"https:\/\/myntwork.com\/pl-pl\/produkt\/stol-icf\/#primaryimage","url":"https:\/\/myntwork.com\/wp-content\/uploads\/2026\/08\/c0e9501077464d51bf25fffedc3e4453.jpg","contentUrl":"https:\/\/myntwork.com\/wp-content\/uploads\/2026\/08\/c0e9501077464d51bf25fffedc3e4453.jpg","caption":"ICF Table"},{"@type":"BreadcrumbList","@id":"https:\/\/myntwork.com\/pl-pl\/produkt\/stol-icf\/#breadcrumb","itemListElement":[{"@type":"ListItem","position":1,"name":"Home","item":"https:\/\/myntwork.com\/pl-pl\/myntwork-lease-nowe-meble-biurowe-od-3-95-za-stanowisko\/"},{"@type":"ListItem","position":2,"name":"Kategorie","item":"https:\/\/myntwork.com\/pl-pl\/kategorie\/"},{"@type":"ListItem","position":3,"name":"St\u00f3\u0142 ICF"}]},{"@type":"WebSite","@id":"https:\/\/myntwork.com\/pl-pl\/#website","url":"https:\/\/myntwork.com\/pl-pl\/","name":"Myntwork","description":"Lease nowych mebli biurowych | Ju\u017c od 3.95 za stanowisko pracy","publisher":{"@id":"https:\/\/myntwork.com\/pl-pl\/#organization"},"potentialAction":[{"@type":"SearchAction","target":{"@type":"EntryPoint","urlTemplate":"https:\/\/myntwork.com\/pl-pl\/?s={search_term_string}"},"query-input":{"@type":"PropertyValueSpecification","valueRequired":true,"valueName":"search_term_string"}}],"inLanguage":"en-US"},{"@type":"Organization","@id":"https:\/\/myntwork.com\/pl-pl\/#organization","name":"Myntwork","url":"https:\/\/myntwork.com\/pl-pl\/","logo":{"@type":"ImageObject","inLanguage":"en-US","@id":"https:\/\/myntwork.com\/pl-pl\/#\/schema\/logo\/image\/","url":"https:\/\/myntwork.com\/wp-content\/uploads\/2025\/08\/myntwork.png","contentUrl":"https:\/\/myntwork.com\/wp-content\/uploads\/2025\/08\/myntwork.png","width":696,"height":696,"caption":"Myntwork"},"image":{"@id":"https:\/\/myntwork.com\/pl-pl\/#\/schema\/logo\/image\/"},"description":"Myntwork is een Nederlands bedrijf, gespecialiseerd in het leasen van kantoormeubilair. Het concept draait om flexibiliteit, eenvoud en duurzaamheid, waarbij bedrijven hoogwaardige meubels kunnen huren zonder grote upfront investeringen.","email":"contact@myntwork.com","telephone":"+31854017823","legalName":"Myntwork B.V.","foundingDate":"2024-01-26","vatID":"NL861015290B01","numberOfEmployees":{"@type":"QuantitativeValue","minValue":"1","maxValue":"10"}}]},"product_brand":"ICF","product_price_amount":"2293.00","product_price_currency":"PLN","og_availability":"instock","product_availability":"instock","product_retailer_item_id":"PFL8V","product_condition":"new"},"_links":{"self":[{"href":"https:\/\/myntwork.com\/pl-pl\/wp-json\/wp\/v2\/product\/26423","targetHints":{"allow":["GET"]}}],"collection":[{"href":"https:\/\/myntwork.com\/pl-pl\/wp-json\/wp\/v2\/product"}],"about":[{"href":"https:\/\/myntwork.com\/pl-pl\/wp-json\/wp\/v2\/types\/product"}],"replies":[{"embeddable":true,"href":"https:\/\/myntwork.com\/pl-pl\/wp-json\/wp\/v2\/comments?post=26423"}],"wp:featuredmedia":[{"embeddable":true,"href":"https:\/\/myntwork.com\/pl-pl\/wp-json\/wp\/v2\/media\/26422"}],"wp:attachment":[{"href":"https:\/\/myntwork.com\/pl-pl\/wp-json\/wp\/v2\/media?parent=26423"}],"wp:term":[{"taxonomy":"product_brand","embeddable":true,"href":"https:\/\/myntwork.com\/pl-pl\/wp-json\/wp\/v2\/product_brand?post=26423"},{"taxonomy":"product_cat","embeddable":true,"href":"https:\/\/myntwork.com\/pl-pl\/wp-json\/wp\/v2\/product_cat?post=26423"},{"taxonomy":"product_tag","embeddable":true,"href":"https:\/\/myntwork.com\/pl-pl\/wp-json\/wp\/v2\/product_tag?post=26423"}],"curies":[{"name":"wp","href":"https:\/\/api.w.org\/{rel}","templated":true}]}}