{"id":961,"date":"2026-08-18T13:11:45","date_gmt":"2026-08-18T13:11:45","guid":{"rendered":"https:\/\/myntwork.com\/pl-pl\/product\/diemme-cisha-sofa-modulowa\/"},"modified":"2026-08-18T13:11:45","modified_gmt":"2026-08-18T13:11:45","slug":"diemme-cisha-sofa-modulowa","status":"publish","type":"product","link":"https:\/\/myntwork.com\/pl-pl\/produkt\/diemme-cisha-sofa-modulowa\/","title":{"rendered":"Diemme CISHA \u2013 sofa modu\u0142owa"},"content":{"rendered":"<h2>Diemme CISHA \u2013 sofa modu\u0142owa<\/h2>\n<p>Sofa modu\u0142owa Diemme CISHA to modu\u0142owa sofa Diemme przeznaczona do biurowych stref wypoczynku i innych profesjonalnych przestrzeni do siedzenia. Modu\u0142owa forma umo\u017cliwia tworzenie konfiguracji \u2014 od kompaktowych po bardziej przestronne \u2014 a tapicerka materia\u0142owa jest dost\u0119pna w szerokiej gamie kolor\u00f3w. Jej kluczowym wyr\u00f3\u017cnikiem jest mo\u017cliwo\u015b\u0107 wyboru wariantu pod\u0142okietnik\u00f3w, bez mechanizmu i regulacji siedziska.<\/p>\n<h2>Modu\u0142owa sofa \u2014 design i tapicerka materia\u0142owa<\/h2>\n<p>Kolekcja CISHA \u0142\u0105czy <strong>form\u0119 modu\u0142owego fotela wypoczynkowego<\/strong> z prostym oparciem i jednolit\u0105 poduszk\u0105. Taka konfiguracja nadaje meblowi wyrazisty, uporz\u0105dkowany wygl\u0105d, a pojedyncza poduszka tworzy sp\u00f3jn\u0105 wizualnie powierzchni\u0119 siedziska, odpowiedni\u0105 do stref recepcyjnych, przestrzeni do pracy zespo\u0142owej i nieformalnych miejsc do siedzenia w biurze.<\/p>\n<p>Tapicerka materia\u0142owa pozwala dopasowa\u0107 sof\u0119 modu\u0142ow\u0105 Diemme CISHA do r\u00f3\u017cnych palet kolorystycznych wn\u0119trza. Dost\u0119pne rodziny kolor\u00f3w obejmuj\u0105 bia\u0142y, szary, czerwony, be\u017cowy, \u017c\u00f3\u0142ty, br\u0105zowy, niebieski, pomara\u0144czowy, zielony, fioletowy i czarny, dzi\u0119ki czemu fotel mo\u017ce harmonijnie wpisywa\u0107 si\u0119 w stonowan\u0105 aran\u017cacj\u0119 biura lub wprowadza\u0107 wyrazisty akcent.<\/p>\n<p>Modu\u0142owa konstrukcja sprawdza si\u0119 przy zmieniaj\u0105cych si\u0119 uk\u0142adach miejsc do siedzenia, poniewa\u017c produkt jest dost\u0119pny w r\u00f3\u017cnych proporcjach \u2014 od w\u0119\u017cszych po szersze. U\u0142atwia to wyb\u00f3r konfiguracji odpowiedniej do dost\u0119pnej powierzchni pod\u0142ogi, bez traktowania ka\u017cdej strefy wypoczynku jako przestrzeni o takim samym rozmiarze.<\/p>\n<h2>Komfort sta\u0142ego fotela wypoczynkowego<\/h2>\n<p>Jest to sta\u0142y fotel wypoczynkowy, a nie regulowany fotel do pracy. Nie ma mechanizmu, regulacji wysoko\u015bci siedziska, wysoko\u015bci oparcia ani g\u0142\u0119boko\u015bci siedziska, zapewnia wi\u0119c proste i wygodne miejsce do siedzenia, bez element\u00f3w steruj\u0105cych wymagaj\u0105cych obs\u0142ugi lub konserwacji.<\/p>\n<p>Proste oparcie zapewnia wyra\u017anie zarysowane podparcie, a jednolita poduszka zachowuje wizualn\u0105 ci\u0105g\u0142o\u015b\u0107 siedziska. Poniewa\u017c fotel nie ma podparcia l\u0119d\u017awiowego ani zag\u0142\u00f3wka, najlepiej sprawdza si\u0119 jako nieformalne siedzisko wypoczynkowe, a nie fotel do pracy przy biurku przeznaczony do precyzyjnej regulacji pozycji.<\/p>\n<p>Konfiguracj\u0119 pod\u0142okietnik\u00f3w mo\u017cna wybra\u0107 w zale\u017cno\u015bci od oczekiwanego poziomu otwarto\u015bci i podparcia: dane produktu dopuszczaj\u0105 wariant z pod\u0142okietnikami lub bez nich. Daje to projektantom wi\u0119ksz\u0105 kontrol\u0119 nad funkcjonowaniem fotela w grupie siedzisk przeznaczonej do rozm\u00f3w, a wariant otwarty pozwala unikn\u0105\u0107 zamykania ka\u017cdej konfiguracji bocznymi podparciami.<\/p>\n<h2>Konfiguracja i zastosowanie w przestrzeni biurowej<\/h2>\n<p>Sofa modu\u0142owa Diemme CISHA pasuje do biurowych stref wypoczynku, w kt\u00f3rych potrzebne jest dedykowane miejsce do siedzenia z dala od tradycyjnego biurka. Klasyfikacja jako fotel wypoczynkowy sprawia r\u00f3wnie\u017c, \u017ce produkt nadaje si\u0119 do recepcji i nieformalnych poczekalni, pod warunkiem \u017ce jego sta\u0142y profil ergonomiczny odpowiada planowanemu zastosowaniu.<\/p>\n<p>Dopuszczalne obci\u0105\u017cenie wynosi do 135 kg, co zapewnia kupuj\u0105cym jasny punkt odniesienia przy wyborze siedzisk do wsp\u00f3lnych przestrzeni profesjonalnych. Dwuletnia gwarancja okre\u015bla okres ochrony produktu, a oznaczenie Circular wspiera uwzgl\u0119dnienie fotela w bardziej zasobooszcz\u0119dnym planowaniu wyposa\u017cenia.<\/p>\n<p>Produkt jest oznaczony mark\u0105 Diemme i nale\u017cy do kolekcji CISHA. Informacje o pochodzeniu s\u0105 dost\u0119pne na \u017c\u0105danie, dzi\u0119ki czemu kupuj\u0105cy mog\u0105 uzyska\u0107 te dane, je\u015bli s\u0105 one cz\u0119\u015bci\u0105 wymaga\u0144 zakupowych.<\/p>\n","protected":false},"excerpt":{"rendered":"<p>Sofa modu\u0142owa Diemme CISHA z tapicerk\u0105 materia\u0142ow\u0105, prostym oparciem, jednolit\u0105 poduszk\u0105, opcjonalnymi pod\u0142okietnikami i szeroko\u015bci\u0105 od 79 do 134 cm.<\/p>\n","protected":false},"featured_media":960,"comment_status":"open","ping_status":"closed","template":"","meta":{"_acf_changed":false},"product_brand":[2728],"product_cat":[62,48],"product_tag":[],"class_list":["post-961","product","type-product","status-publish","has-post-thumbnail","product_brand-diemme","product_cat-sofy-siedziska-modulowe","product_cat-sofy-i-strefy-lounge","pa_gwarancja-2-year","pa_kolor-tapicerki-beige","pa_kolor-tapicerki-white","pa_kolor-tapicerki-brown","pa_kolor-tapicerki-black","pa_kolor-tapicerki-red","pa_kolor-tapicerki-purple","pa_kolor-tapicerki-blue","pa_kolor-tapicerki-orange","pa_kolor-tapicerki-grey","pa_kolor-tapicerki-green","pa_kolor-tapicerki-yellow","pa_maksymalna-szerokosc-1346","pa_maksymalne-obciazenie-135-kg","pa_marka-diemme","pa_material-tapicerki-fabric","pa_mechanizm-no-mechanism","pa_minimalna-szerokosc-2097","pa_podlokietniki-no","pa_podlokietniki-yes","pa_regulowana-glebokosc-siedzis-no","pa_regulowana-wysokosc-oparcia-no","pa_regulowana-wysokosc-siedzisk-no","pa_standaryzacja-not-specified","pa_z-podparciem-ledzwiowym-no","pa_z-zaglowkiem-no","first","instock","shipping-taxable","purchasable","product-type-simple"],"acf":[],"yoast_head":"<!-- This site is optimized with the Yoast SEO Premium plugin v25.6 (Yoast SEO v28.3) - https:\/\/yoast.com\/product\/yoast-seo-premium-wordpress\/ -->\n<title>Diemme CISHA \u2013 sofa modu\u0142owa | Myntwork Polska<\/title>\n<meta name=\"description\" content=\"Stw\u00f3rz elastyczne przestrzenie do pracy zespo\u0142owej z sof\u0105 modu\u0142ow\u0105 Diemme CISHA, \u0142\u0105cz\u0105c\u0105 konfigurowalne siedziska z wyrafinowanym komfortem.\" \/>\n<meta name=\"robots\" content=\"index, follow, max-snippet:-1, max-image-preview:large, max-video-preview:-1\" \/>\n<link rel=\"canonical\" href=\"https:\/\/myntwork.com\/pl-pl\/produkt\/diemme-cisha-sofa-modulowa\/\" \/>\n<meta property=\"og:locale\" content=\"en_US\" \/>\n<meta property=\"og:type\" content=\"article\" \/>\n<meta property=\"og:title\" content=\"Diemme CISHA \u2013 sofa modu\u0142owa\" \/>\n<meta property=\"og:description\" content=\"Stw\u00f3rz elastyczne przestrzenie do pracy zespo\u0142owej z sof\u0105 modu\u0142ow\u0105 Diemme CISHA, \u0142\u0105cz\u0105c\u0105 konfigurowalne siedziska z wyrafinowanym komfortem. Poznaj dost\u0119pne opcje.\" \/>\n<meta property=\"og:url\" content=\"https:\/\/myntwork.com\/pl-pl\/produkt\/diemme-cisha-sofa-modulowa\/\" \/>\n<meta property=\"og:site_name\" content=\"Myntwork Polska\" \/>\n<meta property=\"og:image\" content=\"https:\/\/myntwork.com\/wp-content\/uploads\/2026\/08\/d6b0697433f246229644d15dc3d7a6d0.jpg\" \/>\n\t<meta property=\"og:image:width\" content=\"1200\" \/>\n\t<meta property=\"og:image:height\" content=\"1200\" \/>\n\t<meta property=\"og:image:type\" content=\"image\/jpeg\" \/>\n<meta name=\"twitter:card\" content=\"summary_large_image\" \/>\n<meta name=\"twitter:label1\" content=\"Price\" \/>\n\t<meta name=\"twitter:data1\" content=\"3,271.00&nbsp;&#122;&#322;\" \/>\n\t<meta name=\"twitter:label2\" content=\"Availability\" \/>\n\t<meta name=\"twitter:data2\" content=\"In stock\" \/>\n<script type=\"application\/ld+json\" class=\"yoast-schema-graph\">{\"@context\":\"https:\\\/\\\/schema.org\",\"@graph\":[{\"@type\":\"WebPage\",\"@id\":\"https:\\\/\\\/myntwork.com\\\/pl-pl\\\/produkt\\\/diemme-cisha-sofa-modulowa\\\/\",\"url\":\"https:\\\/\\\/myntwork.com\\\/pl-pl\\\/produkt\\\/diemme-cisha-sofa-modulowa\\\/\",\"name\":\"Diemme CISHA \u2013 sofa modu\u0142owa | Myntwork Polska\",\"isPartOf\":{\"@id\":\"https:\\\/\\\/myntwork.com\\\/pl-pl\\\/#website\"},\"primaryImageOfPage\":{\"@id\":\"https:\\\/\\\/myntwork.com\\\/pl-pl\\\/produkt\\\/diemme-cisha-sofa-modulowa\\\/#primaryimage\"},\"image\":{\"@id\":\"https:\\\/\\\/myntwork.com\\\/pl-pl\\\/produkt\\\/diemme-cisha-sofa-modulowa\\\/#primaryimage\"},\"thumbnailUrl\":\"https:\\\/\\\/myntwork.com\\\/wp-content\\\/uploads\\\/2026\\\/08\\\/d6b0697433f246229644d15dc3d7a6d0.jpg\",\"datePublished\":\"2026-08-18T13:11:45+00:00\",\"description\":\"Stw\u00f3rz elastyczne przestrzenie do pracy zespo\u0142owej z sof\u0105 modu\u0142ow\u0105 Diemme CISHA, \u0142\u0105cz\u0105c\u0105 konfigurowalne siedziska z wyrafinowanym komfortem. Poznaj dost\u0119pne opcje.\",\"breadcrumb\":{\"@id\":\"https:\\\/\\\/myntwork.com\\\/pl-pl\\\/produkt\\\/diemme-cisha-sofa-modulowa\\\/#breadcrumb\"},\"inLanguage\":\"en-US\",\"potentialAction\":[{\"@type\":\"ReadAction\",\"target\":[\"https:\\\/\\\/myntwork.com\\\/pl-pl\\\/produkt\\\/diemme-cisha-sofa-modulowa\\\/\"]}]},{\"@type\":\"ImageObject\",\"inLanguage\":\"en-US\",\"@id\":\"https:\\\/\\\/myntwork.com\\\/pl-pl\\\/produkt\\\/diemme-cisha-sofa-modulowa\\\/#primaryimage\",\"url\":\"https:\\\/\\\/myntwork.com\\\/wp-content\\\/uploads\\\/2026\\\/08\\\/d6b0697433f246229644d15dc3d7a6d0.jpg\",\"contentUrl\":\"https:\\\/\\\/myntwork.com\\\/wp-content\\\/uploads\\\/2026\\\/08\\\/d6b0697433f246229644d15dc3d7a6d0.jpg\",\"caption\":\"Diemme Cisha Modular Sofa\"},{\"@type\":\"BreadcrumbList\",\"@id\":\"https:\\\/\\\/myntwork.com\\\/pl-pl\\\/produkt\\\/diemme-cisha-sofa-modulowa\\\/#breadcrumb\",\"itemListElement\":[{\"@type\":\"ListItem\",\"position\":1,\"name\":\"Home\",\"item\":\"https:\\\/\\\/myntwork.com\\\/pl-pl\\\/\"},{\"@type\":\"ListItem\",\"position\":2,\"name\":\"Kategorie\",\"item\":\"https:\\\/\\\/myntwork.com\\\/pl-pl\\\/kategorie\\\/\"},{\"@type\":\"ListItem\",\"position\":3,\"name\":\"Diemme CISHA \u2013 sofa modu\u0142owa\"}]},{\"@type\":\"WebSite\",\"@id\":\"https:\\\/\\\/myntwork.com\\\/pl-pl\\\/#website\",\"url\":\"https:\\\/\\\/myntwork.com\\\/pl-pl\\\/\",\"name\":\"Myntwork\",\"description\":\"Lease nowych mebli biurowych | Ju\u017c od 3.95 za stanowisko pracy\",\"publisher\":{\"@id\":\"https:\\\/\\\/myntwork.com\\\/pl-pl\\\/#organization\"},\"potentialAction\":[{\"@type\":\"SearchAction\",\"target\":{\"@type\":\"EntryPoint\",\"urlTemplate\":\"https:\\\/\\\/myntwork.com\\\/pl-pl\\\/?s={search_term_string}\"},\"query-input\":{\"@type\":\"PropertyValueSpecification\",\"valueRequired\":true,\"valueName\":\"search_term_string\"}}],\"inLanguage\":\"en-US\"},{\"@type\":\"Organization\",\"@id\":\"https:\\\/\\\/myntwork.com\\\/pl-pl\\\/#organization\",\"name\":\"Myntwork\",\"url\":\"https:\\\/\\\/myntwork.com\\\/pl-pl\\\/\",\"logo\":{\"@type\":\"ImageObject\",\"inLanguage\":\"en-US\",\"@id\":\"https:\\\/\\\/myntwork.com\\\/pl-pl\\\/#\\\/schema\\\/logo\\\/image\\\/\",\"url\":\"https:\\\/\\\/myntwork.com\\\/wp-content\\\/uploads\\\/2025\\\/08\\\/myntwork.png\",\"contentUrl\":\"https:\\\/\\\/myntwork.com\\\/wp-content\\\/uploads\\\/2025\\\/08\\\/myntwork.png\",\"width\":696,\"height\":696,\"caption\":\"Myntwork\"},\"image\":{\"@id\":\"https:\\\/\\\/myntwork.com\\\/pl-pl\\\/#\\\/schema\\\/logo\\\/image\\\/\"},\"description\":\"Myntwork is een Nederlands bedrijf, gespecialiseerd in het leasen van kantoormeubilair. Het concept draait om flexibiliteit, eenvoud en duurzaamheid, waarbij bedrijven hoogwaardige meubels kunnen huren zonder grote upfront investeringen.\",\"email\":\"contact@myntwork.com\",\"telephone\":\"+31854017823\",\"legalName\":\"Myntwork B.V.\",\"foundingDate\":\"2024-01-26\",\"vatID\":\"NL861015290B01\",\"numberOfEmployees\":{\"@type\":\"QuantitativeValue\",\"minValue\":\"1\",\"maxValue\":\"10\"}}]}<\/script>\n<meta property=\"product:brand\" content=\"Diemme\" \/>\n<meta property=\"product:price:amount\" content=\"3271.00\" \/>\n<meta property=\"product:price:currency\" content=\"PLN\" \/>\n<meta property=\"og:availability\" content=\"instock\" \/>\n<meta property=\"product:availability\" content=\"instock\" \/>\n<meta property=\"product:retailer_item_id\" content=\"CISHA1340\" \/>\n<meta property=\"product:condition\" content=\"new\" \/>\n<!-- \/ Yoast SEO Premium plugin. -->","yoast_head_json":{"title":"Diemme CISHA \u2013 sofa modu\u0142owa | Myntwork Polska","description":"Stw\u00f3rz elastyczne przestrzenie do pracy zespo\u0142owej z sof\u0105 modu\u0142ow\u0105 Diemme CISHA, \u0142\u0105cz\u0105c\u0105 konfigurowalne siedziska z wyrafinowanym komfortem.","robots":{"index":"index","follow":"follow","max-snippet":"max-snippet:-1","max-image-preview":"max-image-preview:large","max-video-preview":"max-video-preview:-1"},"canonical":"https:\/\/myntwork.com\/pl-pl\/produkt\/diemme-cisha-sofa-modulowa\/","og_locale":"en_US","og_type":"article","og_title":"Diemme CISHA \u2013 sofa modu\u0142owa","og_description":"Stw\u00f3rz elastyczne przestrzenie do pracy zespo\u0142owej z sof\u0105 modu\u0142ow\u0105 Diemme CISHA, \u0142\u0105cz\u0105c\u0105 konfigurowalne siedziska z wyrafinowanym komfortem. Poznaj dost\u0119pne opcje.","og_url":"https:\/\/myntwork.com\/pl-pl\/produkt\/diemme-cisha-sofa-modulowa\/","og_site_name":"Myntwork Polska","og_image":[{"url":"https:\/\/myntwork.com\/wp-content\/uploads\/2026\/08\/d6b0697433f246229644d15dc3d7a6d0.jpg","width":1200,"height":1200,"type":"image\/jpeg"}],"twitter_card":"summary_large_image","twitter_misc":{"Price":"3,271.00&nbsp;&#122;&#322;","Availability":"In stock"},"schema":{"@context":"https:\/\/schema.org","@graph":[{"@type":"WebPage","@id":"https:\/\/myntwork.com\/pl-pl\/produkt\/diemme-cisha-sofa-modulowa\/","url":"https:\/\/myntwork.com\/pl-pl\/produkt\/diemme-cisha-sofa-modulowa\/","name":"Diemme CISHA \u2013 sofa modu\u0142owa | Myntwork Polska","isPartOf":{"@id":"https:\/\/myntwork.com\/pl-pl\/#website"},"primaryImageOfPage":{"@id":"https:\/\/myntwork.com\/pl-pl\/produkt\/diemme-cisha-sofa-modulowa\/#primaryimage"},"image":{"@id":"https:\/\/myntwork.com\/pl-pl\/produkt\/diemme-cisha-sofa-modulowa\/#primaryimage"},"thumbnailUrl":"https:\/\/myntwork.com\/wp-content\/uploads\/2026\/08\/d6b0697433f246229644d15dc3d7a6d0.jpg","datePublished":"2026-08-18T13:11:45+00:00","description":"Stw\u00f3rz elastyczne przestrzenie do pracy zespo\u0142owej z sof\u0105 modu\u0142ow\u0105 Diemme CISHA, \u0142\u0105cz\u0105c\u0105 konfigurowalne siedziska z wyrafinowanym komfortem. Poznaj dost\u0119pne opcje.","breadcrumb":{"@id":"https:\/\/myntwork.com\/pl-pl\/produkt\/diemme-cisha-sofa-modulowa\/#breadcrumb"},"inLanguage":"en-US","potentialAction":[{"@type":"ReadAction","target":["https:\/\/myntwork.com\/pl-pl\/produkt\/diemme-cisha-sofa-modulowa\/"]}]},{"@type":"ImageObject","inLanguage":"en-US","@id":"https:\/\/myntwork.com\/pl-pl\/produkt\/diemme-cisha-sofa-modulowa\/#primaryimage","url":"https:\/\/myntwork.com\/wp-content\/uploads\/2026\/08\/d6b0697433f246229644d15dc3d7a6d0.jpg","contentUrl":"https:\/\/myntwork.com\/wp-content\/uploads\/2026\/08\/d6b0697433f246229644d15dc3d7a6d0.jpg","caption":"Diemme Cisha Modular Sofa"},{"@type":"BreadcrumbList","@id":"https:\/\/myntwork.com\/pl-pl\/produkt\/diemme-cisha-sofa-modulowa\/#breadcrumb","itemListElement":[{"@type":"ListItem","position":1,"name":"Home","item":"https:\/\/myntwork.com\/pl-pl\/"},{"@type":"ListItem","position":2,"name":"Kategorie","item":"https:\/\/myntwork.com\/pl-pl\/kategorie\/"},{"@type":"ListItem","position":3,"name":"Diemme CISHA \u2013 sofa modu\u0142owa"}]},{"@type":"WebSite","@id":"https:\/\/myntwork.com\/pl-pl\/#website","url":"https:\/\/myntwork.com\/pl-pl\/","name":"Myntwork","description":"Lease nowych mebli biurowych | Ju\u017c od 3.95 za stanowisko pracy","publisher":{"@id":"https:\/\/myntwork.com\/pl-pl\/#organization"},"potentialAction":[{"@type":"SearchAction","target":{"@type":"EntryPoint","urlTemplate":"https:\/\/myntwork.com\/pl-pl\/?s={search_term_string}"},"query-input":{"@type":"PropertyValueSpecification","valueRequired":true,"valueName":"search_term_string"}}],"inLanguage":"en-US"},{"@type":"Organization","@id":"https:\/\/myntwork.com\/pl-pl\/#organization","name":"Myntwork","url":"https:\/\/myntwork.com\/pl-pl\/","logo":{"@type":"ImageObject","inLanguage":"en-US","@id":"https:\/\/myntwork.com\/pl-pl\/#\/schema\/logo\/image\/","url":"https:\/\/myntwork.com\/wp-content\/uploads\/2025\/08\/myntwork.png","contentUrl":"https:\/\/myntwork.com\/wp-content\/uploads\/2025\/08\/myntwork.png","width":696,"height":696,"caption":"Myntwork"},"image":{"@id":"https:\/\/myntwork.com\/pl-pl\/#\/schema\/logo\/image\/"},"description":"Myntwork is een Nederlands bedrijf, gespecialiseerd in het leasen van kantoormeubilair. Het concept draait om flexibiliteit, eenvoud en duurzaamheid, waarbij bedrijven hoogwaardige meubels kunnen huren zonder grote upfront investeringen.","email":"contact@myntwork.com","telephone":"+31854017823","legalName":"Myntwork B.V.","foundingDate":"2024-01-26","vatID":"NL861015290B01","numberOfEmployees":{"@type":"QuantitativeValue","minValue":"1","maxValue":"10"}}]},"product_brand":"Diemme","product_price_amount":"3271.00","product_price_currency":"PLN","og_availability":"instock","product_availability":"instock","product_retailer_item_id":"CISHA1340","product_condition":"new"},"_links":{"self":[{"href":"https:\/\/myntwork.com\/pl-pl\/wp-json\/wp\/v2\/product\/961","targetHints":{"allow":["GET"]}}],"collection":[{"href":"https:\/\/myntwork.com\/pl-pl\/wp-json\/wp\/v2\/product"}],"about":[{"href":"https:\/\/myntwork.com\/pl-pl\/wp-json\/wp\/v2\/types\/product"}],"replies":[{"embeddable":true,"href":"https:\/\/myntwork.com\/pl-pl\/wp-json\/wp\/v2\/comments?post=961"}],"wp:featuredmedia":[{"embeddable":true,"href":"https:\/\/myntwork.com\/pl-pl\/wp-json\/wp\/v2\/media\/960"}],"wp:attachment":[{"href":"https:\/\/myntwork.com\/pl-pl\/wp-json\/wp\/v2\/media?parent=961"}],"wp:term":[{"taxonomy":"product_brand","embeddable":true,"href":"https:\/\/myntwork.com\/pl-pl\/wp-json\/wp\/v2\/product_brand?post=961"},{"taxonomy":"product_cat","embeddable":true,"href":"https:\/\/myntwork.com\/pl-pl\/wp-json\/wp\/v2\/product_cat?post=961"},{"taxonomy":"product_tag","embeddable":true,"href":"https:\/\/myntwork.com\/pl-pl\/wp-json\/wp\/v2\/product_tag?post=961"}],"curies":[{"name":"wp","href":"https:\/\/api.w.org\/{rel}","templated":true}]}}