{"id":24574,"date":"2026-08-28T23:54:38","date_gmt":"2026-08-28T23:54:38","guid":{"rendered":"https:\/\/myntwork.com\/pt-pt\/product\/cadeira-de-escritorio-flexi\/"},"modified":"2026-08-28T23:54:38","modified_gmt":"2026-08-28T23:54:38","slug":"cadeira-de-escritorio-flexi","status":"publish","type":"product","link":"https:\/\/myntwork.com\/pt-pt\/produto\/cadeira-de-escritorio-flexi\/","title":{"rendered":"Cadeira de escrit\u00f3rio Flexi"},"content":{"rendered":"<h2>Cadeira de escrit\u00f3rio Flexi: conforto, ergonomia e estilo numa s\u00f3 cadeira vers\u00e1til<\/h2>\n<p>A cadeira de escrit\u00f3rio Flexi da Myntwork foi concebida para lhe proporcionar uma experi\u00eancia de sentado confort\u00e1vel e ergon\u00f3mica durante o seu dia de trabalho. Um complemento perfeito para qualquer espa\u00e7o de trabalho, esta cadeira elegante e vers\u00e1til oferece o suporte adequado para promover a produtividade e o bem-estar. Descubra as principais caracter\u00edsticas desta cadeira de escrit\u00f3rio de alta qualidade:Ergon\u00f3mica e confort\u00e1vel: A cadeira de escrit\u00f3rio Flexi foi concebida com especial aten\u00e7\u00e3o \u00e0 ergonomia e ao conforto, permitindo-lhe manter uma postura ideal ao longo do dia. A cadeira est\u00e1 equipada com um mecanismo sincronizado, para que o encosto e o assento se ajustem aos seus movimentos.Caracter\u00edsticas ajust\u00e1veis: A cadeira de escrit\u00f3rio Flexi oferece v\u00e1rias possibilidades de ajuste para responder \u00e0s suas necessidades pessoais. A altura da cadeira, a profundidade do assento, a altura dos apoios de bra\u00e7os e o encosto podem ser facilmente ajustados para encontrar a posi\u00e7\u00e3o de sentado perfeita. Estas caracter\u00edsticas ajust\u00e1veis proporcionam um ajuste personalizado e ajudam-no a manter uma postura saud\u00e1vel ao longo do dia.Design elegante: Esta cadeira de escrit\u00f3rio combina funcionalidade com um design elegante e moderno. O visual elegante e os materiais de alta qualidade criam um aspeto atrativo que se adapta a qualquer ambiente de escrit\u00f3rio. Escolha entre v\u00e1rias op\u00e7\u00f5es de cores para encontrar a cadeira que combina perfeitamente com o seu estilo e prefer\u00eancias pessoais.Robusta e duradoura: A cadeira de escrit\u00f3rio Flexi \u00e9 fabricada com materiais de alta qualidade e duradouros, que garantem uma longa vida \u00fatil. A estrutura robusta e o amortecedor a g\u00e1s fi\u00e1vel proporcionam uma experi\u00eancia de sentado est\u00e1vel e segura.<\/p>\n","protected":false},"excerpt":{"rendered":"<p><span class=\"ourchoice_badge\">Assento flex\u00edvel<\/span><span class=\"ourchoice_badge\">Encosto em rede respir\u00e1vel<\/span><\/p>\n","protected":false},"featured_media":24569,"comment_status":"open","ping_status":"closed","template":"","meta":{"_acf_changed":false},"product_brand":[2736],"product_cat":[2087],"product_tag":[],"class_list":["post-24574","product","type-product","status-publish","has-post-thumbnail","product_brand-myntwork","product_cat-cadeiras-de-escritorio","pa_altura-do-assento-ajustavel-yes","pa_altura-do-encosto-ajustavel-yes","pa_altura-maxima-do-assento-1204","pa_altura-minima-do-assento-1721","pa_apoios-de-bracos-4d-armrests","pa_carga-maxima-135-kg","pa_colecao-myntwork","pa_com-apoio-de-cabeca-no","pa_com-apoio-lombar-yes","pa_conforme-en1335-yes","pa_cor-black","pa_garantia-5-year","pa_largura-maxima-1530","pa_largura-minima-2015","pa_marca-plexz","pa_material-da-base-plastic","pa_material-do-estofamento-mesh-covering","pa_mecanismo-synchro-mechanism","pa_normalizacao-nen-1335","pa_profundidade-do-assento-ajus-no","pa_profundidade-maxima-do-assen-1149","pa_profundidade-minima-do-assen-1640","pa_tipo-de-cadeira-de-escritori-ergonomic-office-chair","first","instock","sale","purchasable","product-type-simple"],"acf":[],"yoast_head":"<!-- This site is optimized with the Yoast SEO Premium plugin v25.6 (Yoast SEO v28.3) - https:\/\/yoast.com\/product\/yoast-seo-premium-wordpress\/ -->\n<title>Cadeira de escrit\u00f3rio Flexi | Myntwork Portugal<\/title>\n<meta name=\"robots\" content=\"index, follow, max-snippet:-1, max-image-preview:large, max-video-preview:-1\" \/>\n<link rel=\"canonical\" href=\"https:\/\/myntwork.com\/pt-pt\/produto\/cadeira-de-escritorio-flexi\/\" \/>\n<meta property=\"og:locale\" content=\"en_US\" \/>\n<meta property=\"og:type\" content=\"article\" \/>\n<meta property=\"og:title\" content=\"Cadeira de escrit\u00f3rio Flexi\" \/>\n<meta property=\"og:description\" content=\"Assento flex\u00edvelEncosto em rede respir\u00e1vel\" \/>\n<meta property=\"og:url\" content=\"https:\/\/myntwork.com\/pt-pt\/produto\/cadeira-de-escritorio-flexi\/\" \/>\n<meta property=\"og:site_name\" content=\"Myntwork Portugal\" \/>\n<meta property=\"og:image\" content=\"https:\/\/myntwork.com\/wp-content\/uploads\/2025\/06\/Bureaustoel-Flexi-e1678812125851.jpg\" \/>\n\t<meta property=\"og:image:width\" content=\"780\" \/>\n\t<meta property=\"og:image:height\" content=\"725\" \/>\n\t<meta property=\"og:image:type\" content=\"image\/jpeg\" \/>\n<meta name=\"twitter:card\" content=\"summary_large_image\" \/>\n<meta name=\"twitter:label1\" content=\"Price\" \/>\n\t<meta name=\"twitter:data1\" content=\"&euro;219.00\" \/>\n\t<meta name=\"twitter:label2\" content=\"Availability\" \/>\n\t<meta name=\"twitter:data2\" content=\"In stock\" \/>\n<script type=\"application\/ld+json\" class=\"yoast-schema-graph\">{\"@context\":\"https:\\\/\\\/schema.org\",\"@graph\":[{\"@type\":\"WebPage\",\"@id\":\"https:\\\/\\\/myntwork.com\\\/pt-pt\\\/produto\\\/cadeira-de-escritorio-flexi\\\/\",\"url\":\"https:\\\/\\\/myntwork.com\\\/pt-pt\\\/produto\\\/cadeira-de-escritorio-flexi\\\/\",\"name\":\"Cadeira de escrit\u00f3rio Flexi | Myntwork Portugal\",\"isPartOf\":{\"@id\":\"https:\\\/\\\/myntwork.com\\\/pt-pt\\\/#website\"},\"primaryImageOfPage\":{\"@id\":\"https:\\\/\\\/myntwork.com\\\/pt-pt\\\/produto\\\/cadeira-de-escritorio-flexi\\\/#primaryimage\"},\"image\":{\"@id\":\"https:\\\/\\\/myntwork.com\\\/pt-pt\\\/produto\\\/cadeira-de-escritorio-flexi\\\/#primaryimage\"},\"thumbnailUrl\":\"https:\\\/\\\/myntwork.com\\\/wp-content\\\/uploads\\\/2025\\\/06\\\/Bureaustoel-Flexi-e1678812125851.jpg\",\"datePublished\":\"2026-08-28T23:54:38+00:00\",\"breadcrumb\":{\"@id\":\"https:\\\/\\\/myntwork.com\\\/pt-pt\\\/produto\\\/cadeira-de-escritorio-flexi\\\/#breadcrumb\"},\"inLanguage\":\"en-US\",\"potentialAction\":[{\"@type\":\"ReadAction\",\"target\":[\"https:\\\/\\\/myntwork.com\\\/pt-pt\\\/produto\\\/cadeira-de-escritorio-flexi\\\/\"]}]},{\"@type\":\"ImageObject\",\"inLanguage\":\"en-US\",\"@id\":\"https:\\\/\\\/myntwork.com\\\/pt-pt\\\/produto\\\/cadeira-de-escritorio-flexi\\\/#primaryimage\",\"url\":\"https:\\\/\\\/myntwork.com\\\/wp-content\\\/uploads\\\/2025\\\/06\\\/Bureaustoel-Flexi-e1678812125851.jpg\",\"contentUrl\":\"https:\\\/\\\/myntwork.com\\\/wp-content\\\/uploads\\\/2025\\\/06\\\/Bureaustoel-Flexi-e1678812125851.jpg\",\"caption\":\"Bureaustoel Flexi\"},{\"@type\":\"BreadcrumbList\",\"@id\":\"https:\\\/\\\/myntwork.com\\\/pt-pt\\\/produto\\\/cadeira-de-escritorio-flexi\\\/#breadcrumb\",\"itemListElement\":[{\"@type\":\"ListItem\",\"position\":1,\"name\":\"Home\",\"item\":\"https:\\\/\\\/myntwork.com\\\/pt-pt\\\/\"},{\"@type\":\"ListItem\",\"position\":2,\"name\":\"Categorias\",\"item\":\"https:\\\/\\\/myntwork.com\\\/pt-pt\\\/categorias\\\/\"},{\"@type\":\"ListItem\",\"position\":3,\"name\":\"Cadeira de escrit\u00f3rio Flexi\"}]},{\"@type\":\"WebSite\",\"@id\":\"https:\\\/\\\/myntwork.com\\\/pt-pt\\\/#website\",\"url\":\"https:\\\/\\\/myntwork.com\\\/pt-pt\\\/\",\"name\":\"Myntwork\",\"description\":\"Lease de mobili\u00e1rio de escrit\u00f3rio novo | A partir de 3.95 por posto de trabalho\",\"publisher\":{\"@id\":\"https:\\\/\\\/myntwork.com\\\/pt-pt\\\/#organization\"},\"potentialAction\":[{\"@type\":\"SearchAction\",\"target\":{\"@type\":\"EntryPoint\",\"urlTemplate\":\"https:\\\/\\\/myntwork.com\\\/pt-pt\\\/?s={search_term_string}\"},\"query-input\":{\"@type\":\"PropertyValueSpecification\",\"valueRequired\":true,\"valueName\":\"search_term_string\"}}],\"inLanguage\":\"en-US\"},{\"@type\":\"Organization\",\"@id\":\"https:\\\/\\\/myntwork.com\\\/pt-pt\\\/#organization\",\"name\":\"Myntwork\",\"url\":\"https:\\\/\\\/myntwork.com\\\/pt-pt\\\/\",\"logo\":{\"@type\":\"ImageObject\",\"inLanguage\":\"en-US\",\"@id\":\"https:\\\/\\\/myntwork.com\\\/pt-pt\\\/#\\\/schema\\\/logo\\\/image\\\/\",\"url\":\"https:\\\/\\\/myntwork.com\\\/wp-content\\\/uploads\\\/2025\\\/08\\\/myntwork.png\",\"contentUrl\":\"https:\\\/\\\/myntwork.com\\\/wp-content\\\/uploads\\\/2025\\\/08\\\/myntwork.png\",\"width\":696,\"height\":696,\"caption\":\"Myntwork\"},\"image\":{\"@id\":\"https:\\\/\\\/myntwork.com\\\/pt-pt\\\/#\\\/schema\\\/logo\\\/image\\\/\"},\"description\":\"Myntwork is een Nederlands bedrijf, gespecialiseerd in het leasen van kantoormeubilair. Het concept draait om flexibiliteit, eenvoud en duurzaamheid, waarbij bedrijven hoogwaardige meubels kunnen huren zonder grote upfront investeringen.\",\"email\":\"contact@myntwork.com\",\"telephone\":\"+31854017823\",\"legalName\":\"Myntwork B.V.\",\"foundingDate\":\"2024-01-26\",\"vatID\":\"NL861015290B01\",\"numberOfEmployees\":{\"@type\":\"QuantitativeValue\",\"minValue\":\"1\",\"maxValue\":\"10\"}}]}<\/script>\n<meta property=\"product:brand\" content=\"Myntwork\" \/>\n<meta property=\"product:price:amount\" content=\"219.00\" \/>\n<meta property=\"product:price:currency\" content=\"EUR\" \/>\n<meta property=\"og:availability\" content=\"instock\" \/>\n<meta property=\"product:availability\" content=\"instock\" \/>\n<meta property=\"product:retailer_item_id\" content=\"VACA07-Z\" \/>\n<meta property=\"product:condition\" content=\"new\" \/>\n<!-- \/ Yoast SEO Premium plugin. -->","yoast_head_json":{"title":"Cadeira de escrit\u00f3rio Flexi | Myntwork Portugal","robots":{"index":"index","follow":"follow","max-snippet":"max-snippet:-1","max-image-preview":"max-image-preview:large","max-video-preview":"max-video-preview:-1"},"canonical":"https:\/\/myntwork.com\/pt-pt\/produto\/cadeira-de-escritorio-flexi\/","og_locale":"en_US","og_type":"article","og_title":"Cadeira de escrit\u00f3rio Flexi","og_description":"Assento flex\u00edvelEncosto em rede respir\u00e1vel","og_url":"https:\/\/myntwork.com\/pt-pt\/produto\/cadeira-de-escritorio-flexi\/","og_site_name":"Myntwork Portugal","og_image":[{"url":"https:\/\/myntwork.com\/wp-content\/uploads\/2025\/06\/Bureaustoel-Flexi-e1678812125851.jpg","width":780,"height":725,"type":"image\/jpeg"}],"twitter_card":"summary_large_image","twitter_misc":{"Price":"&euro;219.00","Availability":"In stock"},"schema":{"@context":"https:\/\/schema.org","@graph":[{"@type":"WebPage","@id":"https:\/\/myntwork.com\/pt-pt\/produto\/cadeira-de-escritorio-flexi\/","url":"https:\/\/myntwork.com\/pt-pt\/produto\/cadeira-de-escritorio-flexi\/","name":"Cadeira de escrit\u00f3rio Flexi | Myntwork Portugal","isPartOf":{"@id":"https:\/\/myntwork.com\/pt-pt\/#website"},"primaryImageOfPage":{"@id":"https:\/\/myntwork.com\/pt-pt\/produto\/cadeira-de-escritorio-flexi\/#primaryimage"},"image":{"@id":"https:\/\/myntwork.com\/pt-pt\/produto\/cadeira-de-escritorio-flexi\/#primaryimage"},"thumbnailUrl":"https:\/\/myntwork.com\/wp-content\/uploads\/2025\/06\/Bureaustoel-Flexi-e1678812125851.jpg","datePublished":"2026-08-28T23:54:38+00:00","breadcrumb":{"@id":"https:\/\/myntwork.com\/pt-pt\/produto\/cadeira-de-escritorio-flexi\/#breadcrumb"},"inLanguage":"en-US","potentialAction":[{"@type":"ReadAction","target":["https:\/\/myntwork.com\/pt-pt\/produto\/cadeira-de-escritorio-flexi\/"]}]},{"@type":"ImageObject","inLanguage":"en-US","@id":"https:\/\/myntwork.com\/pt-pt\/produto\/cadeira-de-escritorio-flexi\/#primaryimage","url":"https:\/\/myntwork.com\/wp-content\/uploads\/2025\/06\/Bureaustoel-Flexi-e1678812125851.jpg","contentUrl":"https:\/\/myntwork.com\/wp-content\/uploads\/2025\/06\/Bureaustoel-Flexi-e1678812125851.jpg","caption":"Bureaustoel Flexi"},{"@type":"BreadcrumbList","@id":"https:\/\/myntwork.com\/pt-pt\/produto\/cadeira-de-escritorio-flexi\/#breadcrumb","itemListElement":[{"@type":"ListItem","position":1,"name":"Home","item":"https:\/\/myntwork.com\/pt-pt\/"},{"@type":"ListItem","position":2,"name":"Categorias","item":"https:\/\/myntwork.com\/pt-pt\/categorias\/"},{"@type":"ListItem","position":3,"name":"Cadeira de escrit\u00f3rio Flexi"}]},{"@type":"WebSite","@id":"https:\/\/myntwork.com\/pt-pt\/#website","url":"https:\/\/myntwork.com\/pt-pt\/","name":"Myntwork","description":"Lease de mobili\u00e1rio de escrit\u00f3rio novo | A partir de 3.95 por posto de trabalho","publisher":{"@id":"https:\/\/myntwork.com\/pt-pt\/#organization"},"potentialAction":[{"@type":"SearchAction","target":{"@type":"EntryPoint","urlTemplate":"https:\/\/myntwork.com\/pt-pt\/?s={search_term_string}"},"query-input":{"@type":"PropertyValueSpecification","valueRequired":true,"valueName":"search_term_string"}}],"inLanguage":"en-US"},{"@type":"Organization","@id":"https:\/\/myntwork.com\/pt-pt\/#organization","name":"Myntwork","url":"https:\/\/myntwork.com\/pt-pt\/","logo":{"@type":"ImageObject","inLanguage":"en-US","@id":"https:\/\/myntwork.com\/pt-pt\/#\/schema\/logo\/image\/","url":"https:\/\/myntwork.com\/wp-content\/uploads\/2025\/08\/myntwork.png","contentUrl":"https:\/\/myntwork.com\/wp-content\/uploads\/2025\/08\/myntwork.png","width":696,"height":696,"caption":"Myntwork"},"image":{"@id":"https:\/\/myntwork.com\/pt-pt\/#\/schema\/logo\/image\/"},"description":"Myntwork is een Nederlands bedrijf, gespecialiseerd in het leasen van kantoormeubilair. Het concept draait om flexibiliteit, eenvoud en duurzaamheid, waarbij bedrijven hoogwaardige meubels kunnen huren zonder grote upfront investeringen.","email":"contact@myntwork.com","telephone":"+31854017823","legalName":"Myntwork B.V.","foundingDate":"2024-01-26","vatID":"NL861015290B01","numberOfEmployees":{"@type":"QuantitativeValue","minValue":"1","maxValue":"10"}}]},"product_brand":"Myntwork","product_price_amount":"219.00","product_price_currency":"EUR","og_availability":"instock","product_availability":"instock","product_retailer_item_id":"VACA07-Z","product_condition":"new"},"_links":{"self":[{"href":"https:\/\/myntwork.com\/pt-pt\/wp-json\/wp\/v2\/product\/24574","targetHints":{"allow":["GET"]}}],"collection":[{"href":"https:\/\/myntwork.com\/pt-pt\/wp-json\/wp\/v2\/product"}],"about":[{"href":"https:\/\/myntwork.com\/pt-pt\/wp-json\/wp\/v2\/types\/product"}],"replies":[{"embeddable":true,"href":"https:\/\/myntwork.com\/pt-pt\/wp-json\/wp\/v2\/comments?post=24574"}],"wp:featuredmedia":[{"embeddable":true,"href":"https:\/\/myntwork.com\/pt-pt\/wp-json\/wp\/v2\/media\/24569"}],"wp:attachment":[{"href":"https:\/\/myntwork.com\/pt-pt\/wp-json\/wp\/v2\/media?parent=24574"}],"wp:term":[{"taxonomy":"product_brand","embeddable":true,"href":"https:\/\/myntwork.com\/pt-pt\/wp-json\/wp\/v2\/product_brand?post=24574"},{"taxonomy":"product_cat","embeddable":true,"href":"https:\/\/myntwork.com\/pt-pt\/wp-json\/wp\/v2\/product_cat?post=24574"},{"taxonomy":"product_tag","embeddable":true,"href":"https:\/\/myntwork.com\/pt-pt\/wp-json\/wp\/v2\/product_tag?post=24574"}],"curies":[{"name":"wp","href":"https:\/\/api.w.org\/{rel}","templated":true}]}}