{"id":24614,"date":"2026-08-29T00:07:22","date_gmt":"2026-08-29T00:07:22","guid":{"rendered":"https:\/\/myntwork.com\/pt-pt\/product\/cadeira-de-escritorio-motion-pro\/"},"modified":"2026-08-29T00:07:22","modified_gmt":"2026-08-29T00:07:22","slug":"cadeira-de-escritorio-motion-pro","status":"publish","type":"product","link":"https:\/\/myntwork.com\/pt-pt\/produto\/cadeira-de-escritorio-motion-pro\/","title":{"rendered":"Cadeira de escrit\u00f3rio Motion Pro"},"content":{"rendered":"<h2>Cadeira de escrit\u00f3rio Motion Pro: o melhor modelo para um conforto e uma ergonomia excecionais num design elegante<\/h2>\n<p>A cadeira de escrit\u00f3rio Motion Pro da Myntwork \u00e9 o melhor modelo para quem procura o equil\u00edbrio perfeito entre conforto, ergonomia e estilo. Concebida para cumprir os mais elevados padr\u00f5es, esta cadeira de escrit\u00f3rio avan\u00e7ada oferece uma s\u00e9rie de funcionalidades impressionantes que ir\u00e3o melhorar a sua experi\u00eancia de trabalho:Suporte ergon\u00f3mico avan\u00e7ado: A cadeira de escrit\u00f3rio Motion Pro est\u00e1 equipada com funcionalidades ergon\u00f3micas avan\u00e7adas, concebidas para lhe proporcionar o melhor suporte poss\u00edvel. Esta cadeira cumpre a legisla\u00e7\u00e3o de sa\u00fade e seguran\u00e7a no trabalho em conformidade com a norma EN-1335 e est\u00e1 equipada com um mecanismo s\u00edncrono, suporte lombar ajust\u00e1vel, apoios de bra\u00e7os 4D e um apoio de cabe\u00e7a integrado, para uma experi\u00eancia de assento ideal.Ajustabilidade para um ajuste personalizado: Esta cadeira de escrit\u00f3rio oferece v\u00e1rias funcionalidades ajust\u00e1veis, permitindo-lhe adapt\u00e1-la \u00e0s suas necessidades individuais. Ajuste facilmente a altura do assento, a profundidade do assento, o encosto, os apoios de bra\u00e7os e o apoio de cabe\u00e7a para encontrar a posi\u00e7\u00e3o de assento perfeita, que contribui para uma postura saud\u00e1vel.Conforto de assento luxuoso: A cadeira de escrit\u00f3rio Motion Pro foi concebida a pensar no luxo e no conforto. O assento generoso e o encosto s\u00e3o acolchoados com espuma premium, que se adapta aos contornos do seu corpo, mantendo-o confort\u00e1vel durante todo o dia.Design elegante e moderno:Esta cadeira de escrit\u00f3rio apresenta um design elegante e moderno, que confere um aspeto sofisticado a qualquer ambiente de escrit\u00f3rio. Os materiais de alta qualidade e a apar\u00eancia atrativa resultam numa cadeira elegante, que complementa na perfei\u00e7\u00e3o o visual profissional do seu escrit\u00f3rio. A cadeira est\u00e1 dispon\u00edvel numa cor elegante, que acrescenta um toque sofisticado ao seu espa\u00e7o de trabalho.Robusta e duradoura: A cadeira de escrit\u00f3rio Motion Pro \u00e9 fabricada com materiais de alta qualidade e duradouros, que garantem uma longa vida \u00fatil. A estrutura robusta e a mola a g\u00e1s fi\u00e1vel proporcionam uma experi\u00eancia de assento est\u00e1vel e segura.Escolha a cadeira de escrit\u00f3rio Motion Pro da Myntwork e desfrute do m\u00e1ximo conforto e ergonomia de uma cadeira concebida especificamente para profissionais exigentes. Desfrute de uma experi\u00eancia de assento ideal enquanto trabalha ao mais alto n\u00edvel num ambiente de trabalho elegante e agrad\u00e1vel.<\/p>\n","protected":false},"excerpt":{"rendered":"<p><span class=\"ourchoice_badge\">Ergonomia melhorada<\/span><span class=\"ourchoice_badge\">Suporte lombar integrado<\/span><\/p>\n","protected":false},"featured_media":24609,"comment_status":"open","ping_status":"closed","template":"","meta":{"_acf_changed":false},"product_brand":[2736],"product_cat":[2087],"product_tag":[],"class_list":["post-24614","product","type-product","status-publish","has-post-thumbnail","product_brand-myntwork","product_cat-cadeiras-de-escritorio","pa_altura-do-assento-ajustavel-yes","pa_altura-do-encosto-ajustavel-yes","pa_altura-maxima-do-assento-1252","pa_altura-minima-do-assento-1771","pa_apoios-de-bracos-4d-armrests","pa_carga-maxima-135-kg","pa_colecao-myntwork","pa_com-apoio-de-cabeca-no","pa_com-apoio-lombar-yes","pa_conforme-en1335-yes","pa_garantia-5-year","pa_largura-maxima-1584","pa_largura-minima-2003","pa_marca-plexz","pa_material-da-base-aluminum","pa_material-do-estofamento-mesh-covering","pa_mecanismo-synchro-mechanism","pa_normalizacao-nen-1335","pa_profundidade-do-assento-ajus-yes","pa_profundidade-maxima-do-assen-1149","pa_profundidade-minima-do-assen-1636","pa_tipo-de-cadeira-de-escritori-ergonomic-office-chair","first","instock","sale","purchasable","product-type-simple"],"acf":[],"yoast_head":"<!-- This site is optimized with the Yoast SEO Premium plugin v25.6 (Yoast SEO v28.3) - https:\/\/yoast.com\/product\/yoast-seo-premium-wordpress\/ -->\n<title>Cadeira de escrit\u00f3rio Motion Pro | Myntwork Portugal<\/title>\n<meta name=\"robots\" content=\"index, follow, max-snippet:-1, max-image-preview:large, max-video-preview:-1\" \/>\n<link rel=\"canonical\" href=\"https:\/\/myntwork.com\/pt-pt\/produto\/cadeira-de-escritorio-motion-pro\/\" \/>\n<meta property=\"og:locale\" content=\"en_US\" \/>\n<meta property=\"og:type\" content=\"article\" \/>\n<meta property=\"og:title\" content=\"Cadeira de escrit\u00f3rio Motion Pro\" \/>\n<meta property=\"og:description\" content=\"Ergonomia melhoradaSuporte lombar integrado\" \/>\n<meta property=\"og:url\" content=\"https:\/\/myntwork.com\/pt-pt\/produto\/cadeira-de-escritorio-motion-pro\/\" \/>\n<meta property=\"og:site_name\" content=\"Myntwork Portugal\" \/>\n<meta property=\"og:image\" content=\"https:\/\/myntwork.com\/wp-content\/uploads\/2025\/06\/Bureaustoel-Motion-Pro.jpg\" \/>\n\t<meta property=\"og:image:width\" content=\"1200\" \/>\n\t<meta property=\"og:image:height\" content=\"900\" \/>\n\t<meta property=\"og:image:type\" content=\"image\/jpeg\" \/>\n<meta name=\"twitter:card\" content=\"summary_large_image\" \/>\n<meta name=\"twitter:label1\" content=\"Price\" \/>\n\t<meta name=\"twitter:data1\" content=\"&euro;659.00\" \/>\n\t<meta name=\"twitter:label2\" content=\"Availability\" \/>\n\t<meta name=\"twitter:data2\" content=\"In stock\" \/>\n<script type=\"application\/ld+json\" class=\"yoast-schema-graph\">{\"@context\":\"https:\\\/\\\/schema.org\",\"@graph\":[{\"@type\":\"WebPage\",\"@id\":\"https:\\\/\\\/myntwork.com\\\/pt-pt\\\/produto\\\/cadeira-de-escritorio-motion-pro\\\/\",\"url\":\"https:\\\/\\\/myntwork.com\\\/pt-pt\\\/produto\\\/cadeira-de-escritorio-motion-pro\\\/\",\"name\":\"Cadeira de escrit\u00f3rio Motion Pro | Myntwork Portugal\",\"isPartOf\":{\"@id\":\"https:\\\/\\\/myntwork.com\\\/pt-pt\\\/#website\"},\"primaryImageOfPage\":{\"@id\":\"https:\\\/\\\/myntwork.com\\\/pt-pt\\\/produto\\\/cadeira-de-escritorio-motion-pro\\\/#primaryimage\"},\"image\":{\"@id\":\"https:\\\/\\\/myntwork.com\\\/pt-pt\\\/produto\\\/cadeira-de-escritorio-motion-pro\\\/#primaryimage\"},\"thumbnailUrl\":\"https:\\\/\\\/myntwork.com\\\/wp-content\\\/uploads\\\/2025\\\/06\\\/Bureaustoel-Motion-Pro.jpg\",\"datePublished\":\"2026-08-29T00:07:22+00:00\",\"breadcrumb\":{\"@id\":\"https:\\\/\\\/myntwork.com\\\/pt-pt\\\/produto\\\/cadeira-de-escritorio-motion-pro\\\/#breadcrumb\"},\"inLanguage\":\"en-US\",\"potentialAction\":[{\"@type\":\"ReadAction\",\"target\":[\"https:\\\/\\\/myntwork.com\\\/pt-pt\\\/produto\\\/cadeira-de-escritorio-motion-pro\\\/\"]}]},{\"@type\":\"ImageObject\",\"inLanguage\":\"en-US\",\"@id\":\"https:\\\/\\\/myntwork.com\\\/pt-pt\\\/produto\\\/cadeira-de-escritorio-motion-pro\\\/#primaryimage\",\"url\":\"https:\\\/\\\/myntwork.com\\\/wp-content\\\/uploads\\\/2025\\\/06\\\/Bureaustoel-Motion-Pro.jpg\",\"contentUrl\":\"https:\\\/\\\/myntwork.com\\\/wp-content\\\/uploads\\\/2025\\\/06\\\/Bureaustoel-Motion-Pro.jpg\",\"caption\":\"Bureaustoel Motion Pro\"},{\"@type\":\"BreadcrumbList\",\"@id\":\"https:\\\/\\\/myntwork.com\\\/pt-pt\\\/produto\\\/cadeira-de-escritorio-motion-pro\\\/#breadcrumb\",\"itemListElement\":[{\"@type\":\"ListItem\",\"position\":1,\"name\":\"Home\",\"item\":\"https:\\\/\\\/myntwork.com\\\/pt-pt\\\/\"},{\"@type\":\"ListItem\",\"position\":2,\"name\":\"Categorias\",\"item\":\"https:\\\/\\\/myntwork.com\\\/pt-pt\\\/categorias\\\/\"},{\"@type\":\"ListItem\",\"position\":3,\"name\":\"Cadeira de escrit\u00f3rio Motion Pro\"}]},{\"@type\":\"WebSite\",\"@id\":\"https:\\\/\\\/myntwork.com\\\/pt-pt\\\/#website\",\"url\":\"https:\\\/\\\/myntwork.com\\\/pt-pt\\\/\",\"name\":\"Myntwork\",\"description\":\"Lease de mobili\u00e1rio de escrit\u00f3rio novo | A partir de 3.95 por posto de trabalho\",\"publisher\":{\"@id\":\"https:\\\/\\\/myntwork.com\\\/pt-pt\\\/#organization\"},\"potentialAction\":[{\"@type\":\"SearchAction\",\"target\":{\"@type\":\"EntryPoint\",\"urlTemplate\":\"https:\\\/\\\/myntwork.com\\\/pt-pt\\\/?s={search_term_string}\"},\"query-input\":{\"@type\":\"PropertyValueSpecification\",\"valueRequired\":true,\"valueName\":\"search_term_string\"}}],\"inLanguage\":\"en-US\"},{\"@type\":\"Organization\",\"@id\":\"https:\\\/\\\/myntwork.com\\\/pt-pt\\\/#organization\",\"name\":\"Myntwork\",\"url\":\"https:\\\/\\\/myntwork.com\\\/pt-pt\\\/\",\"logo\":{\"@type\":\"ImageObject\",\"inLanguage\":\"en-US\",\"@id\":\"https:\\\/\\\/myntwork.com\\\/pt-pt\\\/#\\\/schema\\\/logo\\\/image\\\/\",\"url\":\"https:\\\/\\\/myntwork.com\\\/wp-content\\\/uploads\\\/2025\\\/08\\\/myntwork.png\",\"contentUrl\":\"https:\\\/\\\/myntwork.com\\\/wp-content\\\/uploads\\\/2025\\\/08\\\/myntwork.png\",\"width\":696,\"height\":696,\"caption\":\"Myntwork\"},\"image\":{\"@id\":\"https:\\\/\\\/myntwork.com\\\/pt-pt\\\/#\\\/schema\\\/logo\\\/image\\\/\"},\"description\":\"Myntwork is een Nederlands bedrijf, gespecialiseerd in het leasen van kantoormeubilair. Het concept draait om flexibiliteit, eenvoud en duurzaamheid, waarbij bedrijven hoogwaardige meubels kunnen huren zonder grote upfront investeringen.\",\"email\":\"contact@myntwork.com\",\"telephone\":\"+31854017823\",\"legalName\":\"Myntwork B.V.\",\"foundingDate\":\"2024-01-26\",\"vatID\":\"NL861015290B01\",\"numberOfEmployees\":{\"@type\":\"QuantitativeValue\",\"minValue\":\"1\",\"maxValue\":\"10\"}}]}<\/script>\n<meta property=\"product:brand\" content=\"Myntwork\" \/>\n<meta property=\"product:price:amount\" content=\"659.00\" \/>\n<meta property=\"product:price:currency\" content=\"EUR\" \/>\n<meta property=\"og:availability\" content=\"instock\" \/>\n<meta property=\"product:availability\" content=\"instock\" \/>\n<meta property=\"product:retailer_item_id\" content=\"VACA05\" \/>\n<meta property=\"product:condition\" content=\"new\" \/>\n<!-- \/ Yoast SEO Premium plugin. -->","yoast_head_json":{"title":"Cadeira de escrit\u00f3rio Motion Pro | Myntwork Portugal","robots":{"index":"index","follow":"follow","max-snippet":"max-snippet:-1","max-image-preview":"max-image-preview:large","max-video-preview":"max-video-preview:-1"},"canonical":"https:\/\/myntwork.com\/pt-pt\/produto\/cadeira-de-escritorio-motion-pro\/","og_locale":"en_US","og_type":"article","og_title":"Cadeira de escrit\u00f3rio Motion Pro","og_description":"Ergonomia melhoradaSuporte lombar integrado","og_url":"https:\/\/myntwork.com\/pt-pt\/produto\/cadeira-de-escritorio-motion-pro\/","og_site_name":"Myntwork Portugal","og_image":[{"url":"https:\/\/myntwork.com\/wp-content\/uploads\/2025\/06\/Bureaustoel-Motion-Pro.jpg","width":1200,"height":900,"type":"image\/jpeg"}],"twitter_card":"summary_large_image","twitter_misc":{"Price":"&euro;659.00","Availability":"In stock"},"schema":{"@context":"https:\/\/schema.org","@graph":[{"@type":"WebPage","@id":"https:\/\/myntwork.com\/pt-pt\/produto\/cadeira-de-escritorio-motion-pro\/","url":"https:\/\/myntwork.com\/pt-pt\/produto\/cadeira-de-escritorio-motion-pro\/","name":"Cadeira de escrit\u00f3rio Motion Pro | Myntwork Portugal","isPartOf":{"@id":"https:\/\/myntwork.com\/pt-pt\/#website"},"primaryImageOfPage":{"@id":"https:\/\/myntwork.com\/pt-pt\/produto\/cadeira-de-escritorio-motion-pro\/#primaryimage"},"image":{"@id":"https:\/\/myntwork.com\/pt-pt\/produto\/cadeira-de-escritorio-motion-pro\/#primaryimage"},"thumbnailUrl":"https:\/\/myntwork.com\/wp-content\/uploads\/2025\/06\/Bureaustoel-Motion-Pro.jpg","datePublished":"2026-08-29T00:07:22+00:00","breadcrumb":{"@id":"https:\/\/myntwork.com\/pt-pt\/produto\/cadeira-de-escritorio-motion-pro\/#breadcrumb"},"inLanguage":"en-US","potentialAction":[{"@type":"ReadAction","target":["https:\/\/myntwork.com\/pt-pt\/produto\/cadeira-de-escritorio-motion-pro\/"]}]},{"@type":"ImageObject","inLanguage":"en-US","@id":"https:\/\/myntwork.com\/pt-pt\/produto\/cadeira-de-escritorio-motion-pro\/#primaryimage","url":"https:\/\/myntwork.com\/wp-content\/uploads\/2025\/06\/Bureaustoel-Motion-Pro.jpg","contentUrl":"https:\/\/myntwork.com\/wp-content\/uploads\/2025\/06\/Bureaustoel-Motion-Pro.jpg","caption":"Bureaustoel Motion Pro"},{"@type":"BreadcrumbList","@id":"https:\/\/myntwork.com\/pt-pt\/produto\/cadeira-de-escritorio-motion-pro\/#breadcrumb","itemListElement":[{"@type":"ListItem","position":1,"name":"Home","item":"https:\/\/myntwork.com\/pt-pt\/"},{"@type":"ListItem","position":2,"name":"Categorias","item":"https:\/\/myntwork.com\/pt-pt\/categorias\/"},{"@type":"ListItem","position":3,"name":"Cadeira de escrit\u00f3rio Motion Pro"}]},{"@type":"WebSite","@id":"https:\/\/myntwork.com\/pt-pt\/#website","url":"https:\/\/myntwork.com\/pt-pt\/","name":"Myntwork","description":"Lease de mobili\u00e1rio de escrit\u00f3rio novo | A partir de 3.95 por posto de trabalho","publisher":{"@id":"https:\/\/myntwork.com\/pt-pt\/#organization"},"potentialAction":[{"@type":"SearchAction","target":{"@type":"EntryPoint","urlTemplate":"https:\/\/myntwork.com\/pt-pt\/?s={search_term_string}"},"query-input":{"@type":"PropertyValueSpecification","valueRequired":true,"valueName":"search_term_string"}}],"inLanguage":"en-US"},{"@type":"Organization","@id":"https:\/\/myntwork.com\/pt-pt\/#organization","name":"Myntwork","url":"https:\/\/myntwork.com\/pt-pt\/","logo":{"@type":"ImageObject","inLanguage":"en-US","@id":"https:\/\/myntwork.com\/pt-pt\/#\/schema\/logo\/image\/","url":"https:\/\/myntwork.com\/wp-content\/uploads\/2025\/08\/myntwork.png","contentUrl":"https:\/\/myntwork.com\/wp-content\/uploads\/2025\/08\/myntwork.png","width":696,"height":696,"caption":"Myntwork"},"image":{"@id":"https:\/\/myntwork.com\/pt-pt\/#\/schema\/logo\/image\/"},"description":"Myntwork is een Nederlands bedrijf, gespecialiseerd in het leasen van kantoormeubilair. Het concept draait om flexibiliteit, eenvoud en duurzaamheid, waarbij bedrijven hoogwaardige meubels kunnen huren zonder grote upfront investeringen.","email":"contact@myntwork.com","telephone":"+31854017823","legalName":"Myntwork B.V.","foundingDate":"2024-01-26","vatID":"NL861015290B01","numberOfEmployees":{"@type":"QuantitativeValue","minValue":"1","maxValue":"10"}}]},"product_brand":"Myntwork","product_price_amount":"659.00","product_price_currency":"EUR","og_availability":"instock","product_availability":"instock","product_retailer_item_id":"VACA05","product_condition":"new"},"_links":{"self":[{"href":"https:\/\/myntwork.com\/pt-pt\/wp-json\/wp\/v2\/product\/24614","targetHints":{"allow":["GET"]}}],"collection":[{"href":"https:\/\/myntwork.com\/pt-pt\/wp-json\/wp\/v2\/product"}],"about":[{"href":"https:\/\/myntwork.com\/pt-pt\/wp-json\/wp\/v2\/types\/product"}],"replies":[{"embeddable":true,"href":"https:\/\/myntwork.com\/pt-pt\/wp-json\/wp\/v2\/comments?post=24614"}],"wp:featuredmedia":[{"embeddable":true,"href":"https:\/\/myntwork.com\/pt-pt\/wp-json\/wp\/v2\/media\/24609"}],"wp:attachment":[{"href":"https:\/\/myntwork.com\/pt-pt\/wp-json\/wp\/v2\/media?parent=24614"}],"wp:term":[{"taxonomy":"product_brand","embeddable":true,"href":"https:\/\/myntwork.com\/pt-pt\/wp-json\/wp\/v2\/product_brand?post=24614"},{"taxonomy":"product_cat","embeddable":true,"href":"https:\/\/myntwork.com\/pt-pt\/wp-json\/wp\/v2\/product_cat?post=24614"},{"taxonomy":"product_tag","embeddable":true,"href":"https:\/\/myntwork.com\/pt-pt\/wp-json\/wp\/v2\/product_tag?post=24614"}],"curies":[{"name":"wp","href":"https:\/\/api.w.org\/{rel}","templated":true}]}}