{"id":28957,"date":"2026-08-26T05:59:51","date_gmt":"2026-08-26T05:59:51","guid":{"rendered":"https:\/\/myntwork.com\/sv-se\/product\/frezza-sofa-aft\/"},"modified":"2026-08-26T05:59:51","modified_gmt":"2026-08-26T05:59:51","slug":"frezza-sofa-aft","status":"publish","type":"product","link":"https:\/\/myntwork.com\/sv-se\/produkt\/frezza-sofa-aft\/","title":{"rendered":"Frezza Sofa AFT"},"content":{"rendered":"<h2>Frezza AFT-soffor f\u00f6r gemensamma utrymmen<\/h2>\n<p>Frezza AFT \u00e4r utformad f\u00f6r avslappnade arbetsmilj\u00f6er d\u00e4r bekv\u00e4ma, tydligt definierade sittplatser bidrar till att forma rummet. Kollektionen passar i receptioner, v\u00e4ntrum, pausutrymmen och informella m\u00f6tesplatser som beh\u00f6ver ett mer v\u00e4lkomnande alternativ till arbetsstolar.<\/p>\n<p>B\u00e5da modellerna \u00e4r loungeinriktade soffor med tygkl\u00e4dsel, fasta armst\u00f6d och svart underrede. Serien saknar mekanism, justerbar sits eller rygg, svankst\u00f6d och nackst\u00f6d, vilket h\u00e5ller designen fokuserad p\u00e5 enkel anv\u00e4ndning med f\u00e5 komplexa funktioner.<\/p>\n<h2>V\u00e4lj mellan tv\u00e5 sittformat<\/h2>\n<p>AFT 2-Seater Sofa With Armrests erbjuder en komplett l\u00f6sning f\u00f6r tv\u00e5 personer med full rygg och fasta armst\u00f6d. Den \u00e4r 172 cm bred och har en klassisk soffprofil f\u00f6r tydligt avgr\u00e4nsade sittplatser.<\/p>\n<p>AFT Modular Backrest Left Sofa har en modul\u00e4r utformning med ryggst\u00f6d och v\u00e4nster armst\u00f6d. Den \u00e4r kl\u00e4dd i tyget Steelcut Trio 3 och \u00e4r ett praktiskt alternativ n\u00e4r en mer sektionerad loungel\u00f6sning prioriteras.<\/p>\n","protected":false},"excerpt":{"rendered":"<p>Se alla modeller i Frezza Sofa AFT.<\/p>\n","protected":false},"featured_media":8714,"comment_status":"open","ping_status":"closed","template":"","meta":{"_acf_changed":false},"product_brand":[2680],"product_cat":[2701,2741],"product_tag":[],"class_list":["post-28957","product","type-product","status-publish","has-post-thumbnail","product_brand-frezza","product_cat-soffor-lounge","product_cat-soffor-modulara-sittmobler","pa_armstod-fixed-armrests","pa_armstod-yes","pa_basfarg-black","pa_garanti-2-year","pa_justerbar-rygghojd-no","pa_justerbar-sitthojd-no","pa_justerbart-sittdjup-no","pa_kladselfarg-beige","pa_kladselfarg-blue","pa_kladselfarg-brown","pa_kladselfarg-grey","pa_kladselfarg-green","pa_kladselfarg-red","pa_kladselfarg-pink","pa_kladselmaterial-fabric","pa_kontorsstolstyp-lounge-chair","pa_maxbelastning-135-kg","pa_maximal-bredd-1339","pa_med-landryggsstod-no","pa_med-nackstod-no","pa_mekanism-no-mechanism","pa_minimal-bredd-1859","pa_standardisering-not-specified","pa_varumarke-frezza","first","instock","virtual","sold-individually","product-type-mynt_group"],"acf":[],"yoast_head":"<!-- This site is optimized with the Yoast SEO Premium plugin v25.6 (Yoast SEO v28.3) - https:\/\/yoast.com\/product\/yoast-seo-premium-wordpress\/ -->\n<title>Frezza AFT soffkollektion | Myntwork<\/title>\n<meta name=\"description\" content=\"J\u00e4mf\u00f6r Frezza AFT-soffor f\u00f6r kontor och receptioner. Se \u00f6ver tv\u00e5sitsiga och modul\u00e4ra format med tygkl\u00e4dsel och lease genom Myntwork m\u00e5nadsvis.\" \/>\n<meta name=\"robots\" content=\"index, follow, max-snippet:-1, max-image-preview:large, max-video-preview:-1\" \/>\n<link rel=\"canonical\" href=\"https:\/\/myntwork.com\/sv-se\/produkt\/frezza-sofa-aft\/\" \/>\n<meta property=\"og:locale\" content=\"sv_SE\" \/>\n<meta property=\"og:type\" content=\"article\" \/>\n<meta property=\"og:title\" content=\"Frezza Sofa AFT\" \/>\n<meta property=\"og:description\" content=\"J\u00e4mf\u00f6r Frezza AFT-soffor f\u00f6r kontor och receptioner. Se \u00f6ver tv\u00e5sitsiga och modul\u00e4ra format med tygkl\u00e4dsel och lease genom Myntwork m\u00e5nadsvis.\" \/>\n<meta property=\"og:url\" content=\"https:\/\/myntwork.com\/sv-se\/produkt\/frezza-sofa-aft\/\" \/>\n<meta property=\"og:site_name\" content=\"Myntwork Sverige\" \/>\n<meta property=\"og:image\" content=\"https:\/\/myntwork.com\/wp-content\/uploads\/2026\/08\/d6e025690cfe4f2b92ae7a575e462778.jpg\" \/>\n\t<meta property=\"og:image:width\" content=\"1200\" \/>\n\t<meta property=\"og:image:height\" content=\"1200\" \/>\n\t<meta property=\"og:image:type\" content=\"image\/jpeg\" \/>\n<meta name=\"twitter:card\" content=\"summary_large_image\" \/>\n<meta name=\"twitter:label1\" content=\"Price\" \/>\n\t<meta name=\"twitter:data1\" content=\"48,880.00&nbsp;&#107;&#114;\" \/>\n\t<meta name=\"twitter:label2\" content=\"Availability\" \/>\n\t<meta name=\"twitter:data2\" content=\"In stock\" \/>\n<script type=\"application\/ld+json\" class=\"yoast-schema-graph\">{\"@context\":\"https:\\\/\\\/schema.org\",\"@graph\":[{\"@type\":\"WebPage\",\"@id\":\"https:\\\/\\\/myntwork.com\\\/sv-se\\\/produkt\\\/frezza-sofa-aft\\\/\",\"url\":\"https:\\\/\\\/myntwork.com\\\/sv-se\\\/produkt\\\/frezza-sofa-aft\\\/\",\"name\":\"Frezza AFT soffkollektion | Myntwork\",\"isPartOf\":{\"@id\":\"https:\\\/\\\/myntwork.com\\\/sv-se\\\/#website\"},\"primaryImageOfPage\":{\"@id\":\"https:\\\/\\\/myntwork.com\\\/sv-se\\\/produkt\\\/frezza-sofa-aft\\\/#primaryimage\"},\"image\":{\"@id\":\"https:\\\/\\\/myntwork.com\\\/sv-se\\\/produkt\\\/frezza-sofa-aft\\\/#primaryimage\"},\"thumbnailUrl\":\"https:\\\/\\\/myntwork.com\\\/wp-content\\\/uploads\\\/2026\\\/08\\\/d6e025690cfe4f2b92ae7a575e462778.jpg\",\"datePublished\":\"2026-08-26T05:59:51+00:00\",\"description\":\"J\u00e4mf\u00f6r Frezza AFT-soffor f\u00f6r kontor och receptioner. Se \u00f6ver tv\u00e5sitsiga och modul\u00e4ra format med tygkl\u00e4dsel och lease genom Myntwork m\u00e5nadsvis.\",\"breadcrumb\":{\"@id\":\"https:\\\/\\\/myntwork.com\\\/sv-se\\\/produkt\\\/frezza-sofa-aft\\\/#breadcrumb\"},\"inLanguage\":\"sv-SE\",\"potentialAction\":[{\"@type\":\"ReadAction\",\"target\":[\"https:\\\/\\\/myntwork.com\\\/sv-se\\\/produkt\\\/frezza-sofa-aft\\\/\"]}]},{\"@type\":\"ImageObject\",\"inLanguage\":\"sv-SE\",\"@id\":\"https:\\\/\\\/myntwork.com\\\/sv-se\\\/produkt\\\/frezza-sofa-aft\\\/#primaryimage\",\"url\":\"https:\\\/\\\/myntwork.com\\\/wp-content\\\/uploads\\\/2026\\\/08\\\/d6e025690cfe4f2b92ae7a575e462778.jpg\",\"contentUrl\":\"https:\\\/\\\/myntwork.com\\\/wp-content\\\/uploads\\\/2026\\\/08\\\/d6e025690cfe4f2b92ae7a575e462778.jpg\",\"caption\":\"Frezza Aft Modular Backrest Left Sofa\"},{\"@type\":\"BreadcrumbList\",\"@id\":\"https:\\\/\\\/myntwork.com\\\/sv-se\\\/produkt\\\/frezza-sofa-aft\\\/#breadcrumb\",\"itemListElement\":[{\"@type\":\"ListItem\",\"position\":1,\"name\":\"Home\",\"item\":\"https:\\\/\\\/myntwork.com\\\/sv-se\\\/\"},{\"@type\":\"ListItem\",\"position\":2,\"name\":\"Kategorier\",\"item\":\"https:\\\/\\\/myntwork.com\\\/sv-se\\\/kategorier\\\/\"},{\"@type\":\"ListItem\",\"position\":3,\"name\":\"Frezza Sofa AFT\"}]},{\"@type\":\"WebSite\",\"@id\":\"https:\\\/\\\/myntwork.com\\\/sv-se\\\/#website\",\"url\":\"https:\\\/\\\/myntwork.com\\\/sv-se\\\/\",\"name\":\"Myntwork\",\"description\":\"Lease nya kontorsm\u00f6bler | Fr\u00e5n 3.95 per arbetsplats\",\"publisher\":{\"@id\":\"https:\\\/\\\/myntwork.com\\\/sv-se\\\/#organization\"},\"potentialAction\":[{\"@type\":\"SearchAction\",\"target\":{\"@type\":\"EntryPoint\",\"urlTemplate\":\"https:\\\/\\\/myntwork.com\\\/sv-se\\\/?s={search_term_string}\"},\"query-input\":{\"@type\":\"PropertyValueSpecification\",\"valueRequired\":true,\"valueName\":\"search_term_string\"}}],\"inLanguage\":\"sv-SE\"},{\"@type\":\"Organization\",\"@id\":\"https:\\\/\\\/myntwork.com\\\/sv-se\\\/#organization\",\"name\":\"Myntwork\",\"url\":\"https:\\\/\\\/myntwork.com\\\/sv-se\\\/\",\"logo\":{\"@type\":\"ImageObject\",\"inLanguage\":\"sv-SE\",\"@id\":\"https:\\\/\\\/myntwork.com\\\/sv-se\\\/#\\\/schema\\\/logo\\\/image\\\/\",\"url\":\"https:\\\/\\\/myntwork.com\\\/wp-content\\\/uploads\\\/2025\\\/08\\\/myntwork.png\",\"contentUrl\":\"https:\\\/\\\/myntwork.com\\\/wp-content\\\/uploads\\\/2025\\\/08\\\/myntwork.png\",\"width\":696,\"height\":696,\"caption\":\"Myntwork\"},\"image\":{\"@id\":\"https:\\\/\\\/myntwork.com\\\/sv-se\\\/#\\\/schema\\\/logo\\\/image\\\/\"},\"description\":\"Myntwork is een Nederlands bedrijf, gespecialiseerd in het leasen van kantoormeubilair. Het concept draait om flexibiliteit, eenvoud en duurzaamheid, waarbij bedrijven hoogwaardige meubels kunnen huren zonder grote upfront investeringen.\",\"email\":\"contact@myntwork.com\",\"telephone\":\"+31854017823\",\"legalName\":\"Myntwork B.V.\",\"foundingDate\":\"2024-01-26\",\"vatID\":\"NL861015290B01\",\"numberOfEmployees\":{\"@type\":\"QuantitativeValue\",\"minValue\":\"1\",\"maxValue\":\"10\"}}]}<\/script>\n<meta property=\"product:brand\" content=\"Frezza\" \/>\n<meta property=\"product:price:amount\" content=\"48880.00\" \/>\n<meta property=\"product:price:currency\" content=\"SEK\" \/>\n<meta property=\"og:availability\" content=\"instock\" \/>\n<meta property=\"product:availability\" content=\"instock\" \/>\n<meta property=\"product:retailer_item_id\" content=\"GROUP-4FF5BC9B5078\" \/>\n<meta property=\"product:condition\" content=\"new\" \/>\n<!-- \/ Yoast SEO Premium plugin. -->","yoast_head_json":{"title":"Frezza AFT soffkollektion | Myntwork","description":"J\u00e4mf\u00f6r Frezza AFT-soffor f\u00f6r kontor och receptioner. Se \u00f6ver tv\u00e5sitsiga och modul\u00e4ra format med tygkl\u00e4dsel och lease genom Myntwork m\u00e5nadsvis.","robots":{"index":"index","follow":"follow","max-snippet":"max-snippet:-1","max-image-preview":"max-image-preview:large","max-video-preview":"max-video-preview:-1"},"canonical":"https:\/\/myntwork.com\/sv-se\/produkt\/frezza-sofa-aft\/","og_locale":"sv_SE","og_type":"article","og_title":"Frezza Sofa AFT","og_description":"J\u00e4mf\u00f6r Frezza AFT-soffor f\u00f6r kontor och receptioner. Se \u00f6ver tv\u00e5sitsiga och modul\u00e4ra format med tygkl\u00e4dsel och lease genom Myntwork m\u00e5nadsvis.","og_url":"https:\/\/myntwork.com\/sv-se\/produkt\/frezza-sofa-aft\/","og_site_name":"Myntwork Sverige","og_image":[{"url":"https:\/\/myntwork.com\/wp-content\/uploads\/2026\/08\/d6e025690cfe4f2b92ae7a575e462778.jpg","width":1200,"height":1200,"type":"image\/jpeg"}],"twitter_card":"summary_large_image","twitter_misc":{"Price":"48,880.00&nbsp;&#107;&#114;","Availability":"In stock"},"schema":{"@context":"https:\/\/schema.org","@graph":[{"@type":"WebPage","@id":"https:\/\/myntwork.com\/sv-se\/produkt\/frezza-sofa-aft\/","url":"https:\/\/myntwork.com\/sv-se\/produkt\/frezza-sofa-aft\/","name":"Frezza AFT soffkollektion | Myntwork","isPartOf":{"@id":"https:\/\/myntwork.com\/sv-se\/#website"},"primaryImageOfPage":{"@id":"https:\/\/myntwork.com\/sv-se\/produkt\/frezza-sofa-aft\/#primaryimage"},"image":{"@id":"https:\/\/myntwork.com\/sv-se\/produkt\/frezza-sofa-aft\/#primaryimage"},"thumbnailUrl":"https:\/\/myntwork.com\/wp-content\/uploads\/2026\/08\/d6e025690cfe4f2b92ae7a575e462778.jpg","datePublished":"2026-08-26T05:59:51+00:00","description":"J\u00e4mf\u00f6r Frezza AFT-soffor f\u00f6r kontor och receptioner. Se \u00f6ver tv\u00e5sitsiga och modul\u00e4ra format med tygkl\u00e4dsel och lease genom Myntwork m\u00e5nadsvis.","breadcrumb":{"@id":"https:\/\/myntwork.com\/sv-se\/produkt\/frezza-sofa-aft\/#breadcrumb"},"inLanguage":"sv-SE","potentialAction":[{"@type":"ReadAction","target":["https:\/\/myntwork.com\/sv-se\/produkt\/frezza-sofa-aft\/"]}]},{"@type":"ImageObject","inLanguage":"sv-SE","@id":"https:\/\/myntwork.com\/sv-se\/produkt\/frezza-sofa-aft\/#primaryimage","url":"https:\/\/myntwork.com\/wp-content\/uploads\/2026\/08\/d6e025690cfe4f2b92ae7a575e462778.jpg","contentUrl":"https:\/\/myntwork.com\/wp-content\/uploads\/2026\/08\/d6e025690cfe4f2b92ae7a575e462778.jpg","caption":"Frezza Aft Modular Backrest Left Sofa"},{"@type":"BreadcrumbList","@id":"https:\/\/myntwork.com\/sv-se\/produkt\/frezza-sofa-aft\/#breadcrumb","itemListElement":[{"@type":"ListItem","position":1,"name":"Home","item":"https:\/\/myntwork.com\/sv-se\/"},{"@type":"ListItem","position":2,"name":"Kategorier","item":"https:\/\/myntwork.com\/sv-se\/kategorier\/"},{"@type":"ListItem","position":3,"name":"Frezza Sofa AFT"}]},{"@type":"WebSite","@id":"https:\/\/myntwork.com\/sv-se\/#website","url":"https:\/\/myntwork.com\/sv-se\/","name":"Myntwork","description":"Lease nya kontorsm\u00f6bler | Fr\u00e5n 3.95 per arbetsplats","publisher":{"@id":"https:\/\/myntwork.com\/sv-se\/#organization"},"potentialAction":[{"@type":"SearchAction","target":{"@type":"EntryPoint","urlTemplate":"https:\/\/myntwork.com\/sv-se\/?s={search_term_string}"},"query-input":{"@type":"PropertyValueSpecification","valueRequired":true,"valueName":"search_term_string"}}],"inLanguage":"sv-SE"},{"@type":"Organization","@id":"https:\/\/myntwork.com\/sv-se\/#organization","name":"Myntwork","url":"https:\/\/myntwork.com\/sv-se\/","logo":{"@type":"ImageObject","inLanguage":"sv-SE","@id":"https:\/\/myntwork.com\/sv-se\/#\/schema\/logo\/image\/","url":"https:\/\/myntwork.com\/wp-content\/uploads\/2025\/08\/myntwork.png","contentUrl":"https:\/\/myntwork.com\/wp-content\/uploads\/2025\/08\/myntwork.png","width":696,"height":696,"caption":"Myntwork"},"image":{"@id":"https:\/\/myntwork.com\/sv-se\/#\/schema\/logo\/image\/"},"description":"Myntwork is een Nederlands bedrijf, gespecialiseerd in het leasen van kantoormeubilair. Het concept draait om flexibiliteit, eenvoud en duurzaamheid, waarbij bedrijven hoogwaardige meubels kunnen huren zonder grote upfront investeringen.","email":"contact@myntwork.com","telephone":"+31854017823","legalName":"Myntwork B.V.","foundingDate":"2024-01-26","vatID":"NL861015290B01","numberOfEmployees":{"@type":"QuantitativeValue","minValue":"1","maxValue":"10"}}]},"product_brand":"Frezza","product_price_amount":"48880.00","product_price_currency":"SEK","og_availability":"instock","product_availability":"instock","product_retailer_item_id":"GROUP-4FF5BC9B5078","product_condition":"new"},"_links":{"self":[{"href":"https:\/\/myntwork.com\/sv-se\/wp-json\/wp\/v2\/product\/28957","targetHints":{"allow":["GET"]}}],"collection":[{"href":"https:\/\/myntwork.com\/sv-se\/wp-json\/wp\/v2\/product"}],"about":[{"href":"https:\/\/myntwork.com\/sv-se\/wp-json\/wp\/v2\/types\/product"}],"replies":[{"embeddable":true,"href":"https:\/\/myntwork.com\/sv-se\/wp-json\/wp\/v2\/comments?post=28957"}],"wp:featuredmedia":[{"embeddable":true,"href":"https:\/\/myntwork.com\/sv-se\/wp-json\/wp\/v2\/media\/8714"}],"wp:attachment":[{"href":"https:\/\/myntwork.com\/sv-se\/wp-json\/wp\/v2\/media?parent=28957"}],"wp:term":[{"taxonomy":"product_brand","embeddable":true,"href":"https:\/\/myntwork.com\/sv-se\/wp-json\/wp\/v2\/product_brand?post=28957"},{"taxonomy":"product_cat","embeddable":true,"href":"https:\/\/myntwork.com\/sv-se\/wp-json\/wp\/v2\/product_cat?post=28957"},{"taxonomy":"product_tag","embeddable":true,"href":"https:\/\/myntwork.com\/sv-se\/wp-json\/wp\/v2\/product_tag?post=28957"}],"curies":[{"name":"wp","href":"https:\/\/api.w.org\/{rel}","templated":true}]}}