{"id":29910,"date":"2026-08-27T00:48:40","date_gmt":"2026-08-27T00:48:40","guid":{"rendered":"https:\/\/myntwork.com\/sv-se\/product\/icf-konferensstol-alba\/"},"modified":"2026-08-27T00:48:40","modified_gmt":"2026-08-27T00:48:40","slug":"icf-konferensstol-alba","status":"publish","type":"product","link":"https:\/\/myntwork.com\/sv-se\/produkt\/icf-konferensstol-alba\/","title":{"rendered":"ICF konferensstol Alba"},"content":{"rendered":"<h2>Konferensstolar f\u00f6r m\u00f6ten och samarbete<\/h2>\n<p>ICF Alba konferensstolar \u00e4r utformade f\u00f6r professionella milj\u00f6er som beh\u00f6ver bekv\u00e4ma, enhetliga sittplatser runt m\u00f6tesbord. Kollektionen passar styrelserum, projektrum, receptionsomr\u00e5den och andra samarbetsmilj\u00f6er d\u00e4r ett enhetligt uttryck \u00e4r viktigt.<\/p>\n<p>Alla modeller har tygkl\u00e4dsel och fasta armst\u00f6d, utan justeringsmekanism, justerbar sitth\u00f6jd, l\u00e4ndryggsst\u00f6d eller nackst\u00f6d. Det g\u00f6r serien enkel att specificera n\u00e4r du beh\u00f6ver enhetliga m\u00f6tesstolar snarare \u00e4n funktionalitet fr\u00e5n arbetsstolar.<\/p>\n<h2>V\u00e4lj stativ och ryggprofil<\/h2>\n<p>Alba-serien omfattar modeller med fyra ben och antingen st\u00e5l- eller tr\u00e4stativ, samt medar modeller med kromade metallstativ. Stolar med fyra ben ger ett konventionellt och stabilt uttryck, medan medarstativ skapar en l\u00e4ttare profil runt bordet.<\/p>\n<p>Alternativ med l\u00e5g och mellanh\u00f6g rygg finns tillg\u00e4ngliga, med sitth\u00f6jder p\u00e5 46 eller 47 cm och en enhetlig bredd p\u00e5 61 cm f\u00f6r de listade modellerna. Tygf\u00e4rgerna omfattar neutrala och starkare accentnyanser, vilket g\u00f6r det enkelt att anpassa kollektionen till olika inredningskoncept.<\/p>\n","protected":false},"excerpt":{"rendered":"<p>Se alla modeller i ICF konferensstol Alba.<\/p>\n","protected":false},"featured_media":27356,"comment_status":"open","ping_status":"closed","template":"","meta":{"_acf_changed":false},"product_brand":[2682],"product_cat":[2706,2696],"product_tag":[],"class_list":["post-29910","product","type-product","status-publish","has-post-thumbnail","product_brand-icf","product_cat-konferensstolar","product_cat-stolar","pa_armstod-fixed-armrests","pa_armstod-yes","pa_basfarg-beige","pa_basfarg-brown","pa_basfarg-grey","pa_basfarg-silver","pa_basfarg-black","pa_basfarg-white","pa_basmaterial-metal","pa_basmaterial-steel","pa_basmaterial-wood","pa_brandmotstand-bs-5852-crib-5","pa_brandmotstand-bs-7176-medium-hazard","pa_brandmotstand-cal-tb117-2013","pa_brandmotstand-en-1021-1","pa_brandmotstand-fire-retardant-class-1-im","pa_brandmotstand-nfpa-260","pa_garanti-2-year","pa_justerbar-rygghojd-no","pa_justerbar-sitthojd-no","pa_justerbart-sittdjup-no","pa_kladselfarg-beige","pa_kladselfarg-blue","pa_kladselfarg-brown","pa_kladselfarg-grey","pa_kladselfarg-green","pa_kladselfarg-yellow","pa_kladselfarg-gold","pa_kladselfarg-purple","pa_kladselfarg-orange","pa_kladselfarg-red","pa_kladselfarg-pink","pa_kladselfarg-black","pa_kladselfarg-white","pa_kladselmaterial-fabric","pa_kontorsstolstyp-meeting-chair","pa_maxbelastning-135-kg","pa_maximal-bredd-1531","pa_maximal-sitthojd-1203","pa_maximal-sitthojd-1204","pa_med-landryggsstod-no","pa_med-nackstod-no","pa_mekanism-no-mechanism","pa_minimal-bredd-2029","pa_minimal-sitthojd-1720","pa_minimal-sitthojd-1721","pa_standardisering-en-16139-level-1","pa_varumarke-icf","first","instock","virtual","sold-individually","product-type-mynt_group"],"acf":[],"yoast_head":"<!-- This site is optimized with the Yoast SEO Premium plugin v25.6 (Yoast SEO v28.3) - https:\/\/yoast.com\/product\/yoast-seo-premium-wordpress\/ -->\n<title>ICF Alba konferensstolar | Myntwork<\/title>\n<meta name=\"description\" content=\"J\u00e4mf\u00f6r kl\u00e4dda ICF Alba-konferensstolar med stativ p\u00e5 fyra ben eller medarstativ, fasta armst\u00f6d och olika tygf\u00e4rger f\u00f6r m\u00f6tesrum.\" \/>\n<meta name=\"robots\" content=\"index, follow, max-snippet:-1, max-image-preview:large, max-video-preview:-1\" \/>\n<link rel=\"canonical\" href=\"https:\/\/myntwork.com\/sv-se\/produkt\/icf-konferensstol-alba\/\" \/>\n<meta property=\"og:locale\" content=\"sv_SE\" \/>\n<meta property=\"og:type\" content=\"article\" \/>\n<meta property=\"og:title\" content=\"ICF konferensstol Alba\" \/>\n<meta property=\"og:description\" content=\"J\u00e4mf\u00f6r kl\u00e4dda ICF Alba-konferensstolar med stativ p\u00e5 fyra ben eller medarstativ, fasta armst\u00f6d och olika tygf\u00e4rger f\u00f6r m\u00f6tesrum.\" \/>\n<meta property=\"og:url\" content=\"https:\/\/myntwork.com\/sv-se\/produkt\/icf-konferensstol-alba\/\" \/>\n<meta property=\"og:site_name\" content=\"Myntwork Sverige\" \/>\n<meta property=\"og:image\" content=\"https:\/\/myntwork.com\/wp-content\/uploads\/2026\/07\/cbd00a687f9742c28617b4a65dff8aa9.jpg\" \/>\n\t<meta property=\"og:image:width\" content=\"1200\" \/>\n\t<meta property=\"og:image:height\" content=\"1200\" \/>\n\t<meta property=\"og:image:type\" content=\"image\/jpeg\" \/>\n<meta name=\"twitter:card\" content=\"summary_large_image\" \/>\n<meta name=\"twitter:label1\" content=\"Price\" \/>\n\t<meta name=\"twitter:data1\" content=\"10,410.00&nbsp;&#107;&#114;\" \/>\n\t<meta name=\"twitter:label2\" content=\"Availability\" \/>\n\t<meta name=\"twitter:data2\" content=\"In stock\" \/>\n<script type=\"application\/ld+json\" class=\"yoast-schema-graph\">{\"@context\":\"https:\\\/\\\/schema.org\",\"@graph\":[{\"@type\":\"WebPage\",\"@id\":\"https:\\\/\\\/myntwork.com\\\/sv-se\\\/produkt\\\/icf-konferensstol-alba\\\/\",\"url\":\"https:\\\/\\\/myntwork.com\\\/sv-se\\\/produkt\\\/icf-konferensstol-alba\\\/\",\"name\":\"ICF Alba konferensstolar | Myntwork\",\"isPartOf\":{\"@id\":\"https:\\\/\\\/myntwork.com\\\/sv-se\\\/#website\"},\"primaryImageOfPage\":{\"@id\":\"https:\\\/\\\/myntwork.com\\\/sv-se\\\/produkt\\\/icf-konferensstol-alba\\\/#primaryimage\"},\"image\":{\"@id\":\"https:\\\/\\\/myntwork.com\\\/sv-se\\\/produkt\\\/icf-konferensstol-alba\\\/#primaryimage\"},\"thumbnailUrl\":\"https:\\\/\\\/myntwork.com\\\/wp-content\\\/uploads\\\/2026\\\/07\\\/cbd00a687f9742c28617b4a65dff8aa9.jpg\",\"datePublished\":\"2026-08-27T00:48:40+00:00\",\"description\":\"J\u00e4mf\u00f6r kl\u00e4dda ICF Alba-konferensstolar med stativ p\u00e5 fyra ben eller medarstativ, fasta armst\u00f6d och olika tygf\u00e4rger f\u00f6r m\u00f6tesrum.\",\"breadcrumb\":{\"@id\":\"https:\\\/\\\/myntwork.com\\\/sv-se\\\/produkt\\\/icf-konferensstol-alba\\\/#breadcrumb\"},\"inLanguage\":\"sv-SE\",\"potentialAction\":[{\"@type\":\"ReadAction\",\"target\":[\"https:\\\/\\\/myntwork.com\\\/sv-se\\\/produkt\\\/icf-konferensstol-alba\\\/\"]}]},{\"@type\":\"ImageObject\",\"inLanguage\":\"sv-SE\",\"@id\":\"https:\\\/\\\/myntwork.com\\\/sv-se\\\/produkt\\\/icf-konferensstol-alba\\\/#primaryimage\",\"url\":\"https:\\\/\\\/myntwork.com\\\/wp-content\\\/uploads\\\/2026\\\/07\\\/cbd00a687f9742c28617b4a65dff8aa9.jpg\",\"contentUrl\":\"https:\\\/\\\/myntwork.com\\\/wp-content\\\/uploads\\\/2026\\\/07\\\/cbd00a687f9742c28617b4a65dff8aa9.jpg\",\"caption\":\"ICF Alba Chair 4-Leg Upholstered Conference Chair\"},{\"@type\":\"BreadcrumbList\",\"@id\":\"https:\\\/\\\/myntwork.com\\\/sv-se\\\/produkt\\\/icf-konferensstol-alba\\\/#breadcrumb\",\"itemListElement\":[{\"@type\":\"ListItem\",\"position\":1,\"name\":\"Home\",\"item\":\"https:\\\/\\\/myntwork.com\\\/sv-se\\\/\"},{\"@type\":\"ListItem\",\"position\":2,\"name\":\"Kategorier\",\"item\":\"https:\\\/\\\/myntwork.com\\\/sv-se\\\/kategorier\\\/\"},{\"@type\":\"ListItem\",\"position\":3,\"name\":\"ICF konferensstol Alba\"}]},{\"@type\":\"WebSite\",\"@id\":\"https:\\\/\\\/myntwork.com\\\/sv-se\\\/#website\",\"url\":\"https:\\\/\\\/myntwork.com\\\/sv-se\\\/\",\"name\":\"Myntwork\",\"description\":\"Lease nya kontorsm\u00f6bler | Fr\u00e5n 3.95 per arbetsplats\",\"publisher\":{\"@id\":\"https:\\\/\\\/myntwork.com\\\/sv-se\\\/#organization\"},\"potentialAction\":[{\"@type\":\"SearchAction\",\"target\":{\"@type\":\"EntryPoint\",\"urlTemplate\":\"https:\\\/\\\/myntwork.com\\\/sv-se\\\/?s={search_term_string}\"},\"query-input\":{\"@type\":\"PropertyValueSpecification\",\"valueRequired\":true,\"valueName\":\"search_term_string\"}}],\"inLanguage\":\"sv-SE\"},{\"@type\":\"Organization\",\"@id\":\"https:\\\/\\\/myntwork.com\\\/sv-se\\\/#organization\",\"name\":\"Myntwork\",\"url\":\"https:\\\/\\\/myntwork.com\\\/sv-se\\\/\",\"logo\":{\"@type\":\"ImageObject\",\"inLanguage\":\"sv-SE\",\"@id\":\"https:\\\/\\\/myntwork.com\\\/sv-se\\\/#\\\/schema\\\/logo\\\/image\\\/\",\"url\":\"https:\\\/\\\/myntwork.com\\\/wp-content\\\/uploads\\\/2025\\\/08\\\/myntwork.png\",\"contentUrl\":\"https:\\\/\\\/myntwork.com\\\/wp-content\\\/uploads\\\/2025\\\/08\\\/myntwork.png\",\"width\":696,\"height\":696,\"caption\":\"Myntwork\"},\"image\":{\"@id\":\"https:\\\/\\\/myntwork.com\\\/sv-se\\\/#\\\/schema\\\/logo\\\/image\\\/\"},\"description\":\"Myntwork is een Nederlands bedrijf, gespecialiseerd in het leasen van kantoormeubilair. Het concept draait om flexibiliteit, eenvoud en duurzaamheid, waarbij bedrijven hoogwaardige meubels kunnen huren zonder grote upfront investeringen.\",\"email\":\"contact@myntwork.com\",\"telephone\":\"+31854017823\",\"legalName\":\"Myntwork B.V.\",\"foundingDate\":\"2024-01-26\",\"vatID\":\"NL861015290B01\",\"numberOfEmployees\":{\"@type\":\"QuantitativeValue\",\"minValue\":\"1\",\"maxValue\":\"10\"}}]}<\/script>\n<meta property=\"product:brand\" content=\"ICF\" \/>\n<meta property=\"product:price:amount\" content=\"10410.00\" \/>\n<meta property=\"product:price:currency\" content=\"SEK\" \/>\n<meta property=\"og:availability\" content=\"instock\" \/>\n<meta property=\"product:availability\" content=\"instock\" \/>\n<meta property=\"product:retailer_item_id\" content=\"GROUP-F7C67F765CE0\" \/>\n<meta property=\"product:condition\" content=\"new\" \/>\n<!-- \/ Yoast SEO Premium plugin. -->","yoast_head_json":{"title":"ICF Alba konferensstolar | Myntwork","description":"J\u00e4mf\u00f6r kl\u00e4dda ICF Alba-konferensstolar med stativ p\u00e5 fyra ben eller medarstativ, fasta armst\u00f6d och olika tygf\u00e4rger f\u00f6r m\u00f6tesrum.","robots":{"index":"index","follow":"follow","max-snippet":"max-snippet:-1","max-image-preview":"max-image-preview:large","max-video-preview":"max-video-preview:-1"},"canonical":"https:\/\/myntwork.com\/sv-se\/produkt\/icf-konferensstol-alba\/","og_locale":"sv_SE","og_type":"article","og_title":"ICF konferensstol Alba","og_description":"J\u00e4mf\u00f6r kl\u00e4dda ICF Alba-konferensstolar med stativ p\u00e5 fyra ben eller medarstativ, fasta armst\u00f6d och olika tygf\u00e4rger f\u00f6r m\u00f6tesrum.","og_url":"https:\/\/myntwork.com\/sv-se\/produkt\/icf-konferensstol-alba\/","og_site_name":"Myntwork Sverige","og_image":[{"url":"https:\/\/myntwork.com\/wp-content\/uploads\/2026\/07\/cbd00a687f9742c28617b4a65dff8aa9.jpg","width":1200,"height":1200,"type":"image\/jpeg"}],"twitter_card":"summary_large_image","twitter_misc":{"Price":"10,410.00&nbsp;&#107;&#114;","Availability":"In stock"},"schema":{"@context":"https:\/\/schema.org","@graph":[{"@type":"WebPage","@id":"https:\/\/myntwork.com\/sv-se\/produkt\/icf-konferensstol-alba\/","url":"https:\/\/myntwork.com\/sv-se\/produkt\/icf-konferensstol-alba\/","name":"ICF Alba konferensstolar | Myntwork","isPartOf":{"@id":"https:\/\/myntwork.com\/sv-se\/#website"},"primaryImageOfPage":{"@id":"https:\/\/myntwork.com\/sv-se\/produkt\/icf-konferensstol-alba\/#primaryimage"},"image":{"@id":"https:\/\/myntwork.com\/sv-se\/produkt\/icf-konferensstol-alba\/#primaryimage"},"thumbnailUrl":"https:\/\/myntwork.com\/wp-content\/uploads\/2026\/07\/cbd00a687f9742c28617b4a65dff8aa9.jpg","datePublished":"2026-08-27T00:48:40+00:00","description":"J\u00e4mf\u00f6r kl\u00e4dda ICF Alba-konferensstolar med stativ p\u00e5 fyra ben eller medarstativ, fasta armst\u00f6d och olika tygf\u00e4rger f\u00f6r m\u00f6tesrum.","breadcrumb":{"@id":"https:\/\/myntwork.com\/sv-se\/produkt\/icf-konferensstol-alba\/#breadcrumb"},"inLanguage":"sv-SE","potentialAction":[{"@type":"ReadAction","target":["https:\/\/myntwork.com\/sv-se\/produkt\/icf-konferensstol-alba\/"]}]},{"@type":"ImageObject","inLanguage":"sv-SE","@id":"https:\/\/myntwork.com\/sv-se\/produkt\/icf-konferensstol-alba\/#primaryimage","url":"https:\/\/myntwork.com\/wp-content\/uploads\/2026\/07\/cbd00a687f9742c28617b4a65dff8aa9.jpg","contentUrl":"https:\/\/myntwork.com\/wp-content\/uploads\/2026\/07\/cbd00a687f9742c28617b4a65dff8aa9.jpg","caption":"ICF Alba Chair 4-Leg Upholstered Conference Chair"},{"@type":"BreadcrumbList","@id":"https:\/\/myntwork.com\/sv-se\/produkt\/icf-konferensstol-alba\/#breadcrumb","itemListElement":[{"@type":"ListItem","position":1,"name":"Home","item":"https:\/\/myntwork.com\/sv-se\/"},{"@type":"ListItem","position":2,"name":"Kategorier","item":"https:\/\/myntwork.com\/sv-se\/kategorier\/"},{"@type":"ListItem","position":3,"name":"ICF konferensstol Alba"}]},{"@type":"WebSite","@id":"https:\/\/myntwork.com\/sv-se\/#website","url":"https:\/\/myntwork.com\/sv-se\/","name":"Myntwork","description":"Lease nya kontorsm\u00f6bler | Fr\u00e5n 3.95 per arbetsplats","publisher":{"@id":"https:\/\/myntwork.com\/sv-se\/#organization"},"potentialAction":[{"@type":"SearchAction","target":{"@type":"EntryPoint","urlTemplate":"https:\/\/myntwork.com\/sv-se\/?s={search_term_string}"},"query-input":{"@type":"PropertyValueSpecification","valueRequired":true,"valueName":"search_term_string"}}],"inLanguage":"sv-SE"},{"@type":"Organization","@id":"https:\/\/myntwork.com\/sv-se\/#organization","name":"Myntwork","url":"https:\/\/myntwork.com\/sv-se\/","logo":{"@type":"ImageObject","inLanguage":"sv-SE","@id":"https:\/\/myntwork.com\/sv-se\/#\/schema\/logo\/image\/","url":"https:\/\/myntwork.com\/wp-content\/uploads\/2025\/08\/myntwork.png","contentUrl":"https:\/\/myntwork.com\/wp-content\/uploads\/2025\/08\/myntwork.png","width":696,"height":696,"caption":"Myntwork"},"image":{"@id":"https:\/\/myntwork.com\/sv-se\/#\/schema\/logo\/image\/"},"description":"Myntwork is een Nederlands bedrijf, gespecialiseerd in het leasen van kantoormeubilair. Het concept draait om flexibiliteit, eenvoud en duurzaamheid, waarbij bedrijven hoogwaardige meubels kunnen huren zonder grote upfront investeringen.","email":"contact@myntwork.com","telephone":"+31854017823","legalName":"Myntwork B.V.","foundingDate":"2024-01-26","vatID":"NL861015290B01","numberOfEmployees":{"@type":"QuantitativeValue","minValue":"1","maxValue":"10"}}]},"product_brand":"ICF","product_price_amount":"10410.00","product_price_currency":"SEK","og_availability":"instock","product_availability":"instock","product_retailer_item_id":"GROUP-F7C67F765CE0","product_condition":"new"},"_links":{"self":[{"href":"https:\/\/myntwork.com\/sv-se\/wp-json\/wp\/v2\/product\/29910","targetHints":{"allow":["GET"]}}],"collection":[{"href":"https:\/\/myntwork.com\/sv-se\/wp-json\/wp\/v2\/product"}],"about":[{"href":"https:\/\/myntwork.com\/sv-se\/wp-json\/wp\/v2\/types\/product"}],"replies":[{"embeddable":true,"href":"https:\/\/myntwork.com\/sv-se\/wp-json\/wp\/v2\/comments?post=29910"}],"wp:featuredmedia":[{"embeddable":true,"href":"https:\/\/myntwork.com\/sv-se\/wp-json\/wp\/v2\/media\/27356"}],"wp:attachment":[{"href":"https:\/\/myntwork.com\/sv-se\/wp-json\/wp\/v2\/media?parent=29910"}],"wp:term":[{"taxonomy":"product_brand","embeddable":true,"href":"https:\/\/myntwork.com\/sv-se\/wp-json\/wp\/v2\/product_brand?post=29910"},{"taxonomy":"product_cat","embeddable":true,"href":"https:\/\/myntwork.com\/sv-se\/wp-json\/wp\/v2\/product_cat?post=29910"},{"taxonomy":"product_tag","embeddable":true,"href":"https:\/\/myntwork.com\/sv-se\/wp-json\/wp\/v2\/product_tag?post=29910"}],"curies":[{"name":"wp","href":"https:\/\/api.w.org\/{rel}","templated":true}]}}